    
{"id":4533,"date":"2017-08-25T14:49:42","date_gmt":"2017-08-25T12:49:42","guid":{"rendered":"https:\/\/praha7.cz\/?page_id=4533"},"modified":"2026-01-06T13:44:21","modified_gmt":"2026-01-06T12:44:21","slug":"kulturni-instituce","status":"publish","type":"page","link":"https:\/\/www.praha7.cz\/volny-cas-prehled\/kultura\/kulturni-instituce\/","title":{"rendered":"Kulturn\u00ed akt\u00e9\u0159i"},"content":{"rendered":"<p><iframe loading=\"lazy\" width=\"640\" height=\"480\" src=\"https:\/\/www.google.com\/maps\/d\/embed?mid=1Tux9HeT8I_tYC1XdyXotNDjRCVAv6RHk\"><\/iframe><\/p>\r\n<p>&nbsp;<\/p>\r\n<h2>Divadla<\/h2>\r\n        <div class=\"collapse-block\">\r\n            <div class=\"card-header\" role=\"tab\" id=\"headingfb4433913f6dbb8251e176db7488bea2368f56e3\">\r\n                                        <p data-toggle=\"collapse\" href=\"#collapsefb4433913f6dbb8251e176db7488bea2368f56e3\" aria-controls=\"collapsefb4433913f6dbb8251e176db7488bea2368f56e3\">\r\n                            Alfred ve dvo\u0159e                            <i class=\"fa fa-2x fa-angle-down\" aria-hidden=\"true\"><\/i>\r\n                        <\/p>\r\n                                \r\n            <\/div>\r\n\r\n            <div id=\"collapsefb4433913f6dbb8251e176db7488bea2368f56e3\" class=\"collapse\" data-id=\"fb4433913f6dbb8251e176db7488bea2368f56e3\" role=\"tabpanel\" aria-labelledby=\"headingfb4433913f6dbb8251e176db7488bea2368f56e3\">\r\n                <div class=\"card-block\">\r\n    \r\n<p>Divadlo Alfred ve dvo\u0159e je provozov\u00e1no nez\u00e1vislou organizac\u00ed mlad\u00fdch um\u011blc\u016f, producent\u016f a&nbsp;promot\u00e9r\u016f\u00a0 Motus, kter\u00e1 podporuje nez\u00e1visl\u00e9 um\u011blce a&nbsp;projekty. Sna\u017e\u00ed se o&nbsp;kontinu\u00e1ln\u00ed zlep\u0161ov\u00e1n\u00ed podm\u00ednek pro tvorbu nez\u00e1visl\u00fdch tv\u016frc\u016f, o&nbsp;prosazov\u00e1n\u00ed zm\u011bn a&nbsp;o&nbsp;porozum\u011bn\u00ed sou\u010dasn\u00fdm trend\u016fm ve v\u00fdvoji \u010desk\u00e9ho kulturn\u00edho prost\u0159ed\u00ed, s&nbsp;v\u011bdom\u00edm neodd\u011blitelnosti aktivit od sm\u011b\u0159ov\u00e1n\u00ed evropsk\u00e9 kulturn\u00ed praxe.<\/p>\r\n<p>P\u0159edstavuje platformu, kolem kter\u00e9 se od roku 2001 postupn\u011b zformovala \u0159ada v\u00fdznamn\u00fdch um\u011bleck\u00fdch skupin. Pat\u0159\u00ed mezi n\u011b nap\u0159\u00edklad: Krepsko, Envoi, Stage Code, Secondhand Women, Handa Gote Research and Development, Wariot Ideal, Boca Loca Lab a&nbsp;DoMA\/At Home.<\/p>\r\n<p>Franti\u0161ka K\u0159\u00ed\u017eka 36<br \/>\r\n<a href=\"http:\/\/www.alfredvedvore.cz\/\">www.alfredvedvore.cz<\/a><br \/>\r\n<a href=\"https:\/\/www.facebook.com\/MotusPrague\">Alfred ve dvo\u0159e \/ Motus | Facebook<\/a><\/p>\r\n                <\/div>\r\n            <\/div>\r\n        <\/div>\r\n    \r\n        <div class=\"collapse-block\">\r\n            <div class=\"card-header\" role=\"tab\" id=\"heading3d1d131b354cb16a35c78ab5bca903f4e5a8f7ba\">\r\n                                        <p data-toggle=\"collapse\" href=\"#collapse3d1d131b354cb16a35c78ab5bca903f4e5a8f7ba\" aria-controls=\"collapse3d1d131b354cb16a35c78ab5bca903f4e5a8f7ba\">\r\n                            CROSS ATTIC                            <i class=\"fa fa-2x fa-angle-down\" aria-hidden=\"true\"><\/i>\r\n                        <\/p>\r\n                                \r\n            <\/div>\r\n\r\n            <div id=\"collapse3d1d131b354cb16a35c78ab5bca903f4e5a8f7ba\" class=\"collapse\" data-id=\"3d1d131b354cb16a35c78ab5bca903f4e5a8f7ba\" role=\"tabpanel\" aria-labelledby=\"heading3d1d131b354cb16a35c78ab5bca903f4e5a8f7ba\">\r\n                <div class=\"card-block\">\r\n    \r\n<p>Prostor pro performativn\u00ed um\u011bn\u00ed, site- specific a&nbsp;alternativn\u00ed divadlo.<\/p>\r\n<p>Plyn\u00e1rn\u00ed 23<br \/>\r\n<a href=\"http:\/\/www.crossattic.com\">www.crossattic.com<\/a><br \/>\r\n<a href=\"https:\/\/www.facebook.com\/CrossAttic\">Cross Attic | Facebook<\/a><\/p>\r\n                <\/div>\r\n            <\/div>\r\n        <\/div>\r\n    \r\n        <div class=\"collapse-block\">\r\n            <div class=\"card-header\" role=\"tab\" id=\"headingcdd035686af648871d9464a7499e4382ecb5d2b5\">\r\n                                        <p data-toggle=\"collapse\" href=\"#collapsecdd035686af648871d9464a7499e4382ecb5d2b5\" aria-controls=\"collapsecdd035686af648871d9464a7499e4382ecb5d2b5\">\r\n                            Divadeln\u00ed klub Letka                            <i class=\"fa fa-2x fa-angle-down\" aria-hidden=\"true\"><\/i>\r\n                        <\/p>\r\n                                \r\n            <\/div>\r\n\r\n            <div id=\"collapsecdd035686af648871d9464a7499e4382ecb5d2b5\" class=\"collapse\" data-id=\"cdd035686af648871d9464a7499e4382ecb5d2b5\" role=\"tabpanel\" aria-labelledby=\"headingcdd035686af648871d9464a7499e4382ecb5d2b5\">\r\n                <div class=\"card-block\">\r\n    \r\n<p>Klub Letka je nov\u00fd multifunk\u010dn\u00ed kulturn\u00ed prostor na Letn\u00e9. M\u016f\u017eete se zde t\u011b\u0161it na divadeln\u00ed p\u0159edstaven\u00ed pro d\u011bti i&nbsp;dosp\u011bl\u00e9, komorn\u00ed koncerty, p\u0159edn\u00e1\u0161ky, workshopy, prom\u00edt\u00e1n\u00ed a&nbsp;dal\u0161\u00ed kulturn\u00ed i&nbsp;sousedsk\u00e9 akce.<\/p>\r\n<p>Letohradsk\u00e1 44<br \/>\r\n<a href=\"http:\/\/www.klubletka.cz\/\">www.klubletka.cz<\/a><br \/>\r\n<a href=\"https:\/\/www.facebook.com\/klubletka\">Klub Letka | Facebook<\/a><\/p>\r\n                <\/div>\r\n            <\/div>\r\n        <\/div>\r\n    \r\n        <div class=\"collapse-block\">\r\n            <div class=\"card-header\" role=\"tab\" id=\"heading01f5c3e32221789ad696e0c2d24e4141be751958\">\r\n                                        <p data-toggle=\"collapse\" href=\"#collapse01f5c3e32221789ad696e0c2d24e4141be751958\" aria-controls=\"collapse01f5c3e32221789ad696e0c2d24e4141be751958\">\r\n                            Divadlo Na Manin\u00e1ch                            <i class=\"fa fa-2x fa-angle-down\" aria-hidden=\"true\"><\/i>\r\n                        <\/p>\r\n                                \r\n            <\/div>\r\n\r\n            <div id=\"collapse01f5c3e32221789ad696e0c2d24e4141be751958\" class=\"collapse\" data-id=\"01f5c3e32221789ad696e0c2d24e4141be751958\" role=\"tabpanel\" aria-labelledby=\"heading01f5c3e32221789ad696e0c2d24e4141be751958\">\r\n                <div class=\"card-block\">\r\n    \r\n<p>Divadlo Na Manin\u00e1ch<\/p>\r\n<p><a href=\"http:\/\/www.divadlonamaninach.cz\" target=\"_blank\" rel=\"noopener\">www.divadlonamaninach.cz<\/a><\/p>\r\n                <\/div>\r\n            <\/div>\r\n        <\/div>\r\n    \r\n        <div class=\"collapse-block\">\r\n            <div class=\"card-header\" role=\"tab\" id=\"heading76867d01937cbd8d1adec016bde7f6307e3740ec\">\r\n                                        <p data-toggle=\"collapse\" href=\"#collapse76867d01937cbd8d1adec016bde7f6307e3740ec\" aria-controls=\"collapse76867d01937cbd8d1adec016bde7f6307e3740ec\">\r\n                            Divadlo Radar                            <i class=\"fa fa-2x fa-angle-down\" aria-hidden=\"true\"><\/i>\r\n                        <\/p>\r\n                                \r\n            <\/div>\r\n\r\n            <div id=\"collapse76867d01937cbd8d1adec016bde7f6307e3740ec\" class=\"collapse\" data-id=\"76867d01937cbd8d1adec016bde7f6307e3740ec\" role=\"tabpanel\" aria-labelledby=\"heading76867d01937cbd8d1adec016bde7f6307e3740ec\">\r\n                <div class=\"card-block\">\r\n    \r\n<p>Divadlo Radar funguj\u00edc\u00ed pod divadeln\u00edm souborem Ty-j\u00e1-tr<\/p>\r\n<p>P\u0159edm\u011btem \u010dinnosti Divadla RADAR je p\u0159edev\u0161\u00edm dramatick\u00e1 v\u00fdchova a&nbsp;v&nbsp;p\u0159\u00edm\u00e9 n\u00e1vaznosti na n\u00ed d\u011btsk\u00e9 divadlo jako sv\u00e9bytn\u00fd um\u011bleck\u00fd obor. Na veden\u00ed souboru spolupracuje patn\u00e1ct pedagogick\u00fdch a&nbsp;um\u011bleck\u00fdch pracovn\u00edk\u016f, v\u011bt\u0161inou absolvent\u016f a&nbsp;student\u016f vysok\u00fdch a&nbsp;um\u011bleck\u00fdch \u0161kol (DAMU, St\u00e1tn\u00ed konzervato\u0159, PFUK, FFUK, VO\u0160H), kte\u0159\u00ed prost\u0159ednictv\u00edm tvo\u0159iv\u00e9 dramatiky usiluj\u00ed o&nbsp;optim\u00e1ln\u00ed rozvoj d\u011btsk\u00e9 osobnosti.<\/p>\r\n<p>Dramatick\u00e1 v\u00fdchova vede d\u011bti nejen k&nbsp;um\u011bleck\u00e9 \u010dinnosti, ale tak\u00e9 k&nbsp;samostatn\u00e9mu uva\u017eov\u00e1n\u00ed a&nbsp;dovednosti sv\u016fj n\u00e1zor na \u00farovni formulovat, k&nbsp;demokracii, k&nbsp;p\u0159irozen\u00e9mu vystupov\u00e1n\u00ed na ve\u0159ejnosti. U\u010d\u00ed d\u011bti kultu\u0159e \u0159e\u010di a&nbsp;pohybu, vede je k&nbsp;vytvo\u0159en\u00ed spr\u00e1vn\u00e9ho \u017eeb\u0159\u00ed\u010dku kulturn\u00edch a&nbsp;etick\u00fdch hodnot. V&nbsp;pedagogick\u00e9m programu nechyb\u00ed ani hudebn\u00ed, liter\u00e1rn\u00ed, v\u00fdtvarn\u00e1, pohybov\u00e1 a&nbsp;hlasov\u00e1 v\u00fdchova, um\u011bleck\u00fd p\u0159ednes \u010di struktur\u00e1ln\u00ed drama.<\/p>\r\n<p>Pplk. Sochora 9<br \/>\r\n<a href=\"http:\/\/www.divadloradar.cz\">www.divadloradar.cz<\/a><br \/>\r\n<a href=\"https:\/\/www.facebook.com\/pages\/Divadlo Radar\/187745147934292\/\">Divadlo Radar | Facebook<\/a><\/p>\r\n                <\/div>\r\n            <\/div>\r\n        <\/div>\r\n    \r\n        <div class=\"collapse-block\">\r\n            <div class=\"card-header\" role=\"tab\" id=\"headinge4c33f1ddc417309948a915e9f16e038505c7d23\">\r\n                                        <p data-toggle=\"collapse\" href=\"#collapsee4c33f1ddc417309948a915e9f16e038505c7d23\" aria-controls=\"collapsee4c33f1ddc417309948a915e9f16e038505c7d23\">\r\n                            Divadlo VILA \u0160tvanice                            <i class=\"fa fa-2x fa-angle-down\" aria-hidden=\"true\"><\/i>\r\n                        <\/p>\r\n                                \r\n            <\/div>\r\n\r\n            <div id=\"collapsee4c33f1ddc417309948a915e9f16e038505c7d23\" class=\"collapse\" data-id=\"e4c33f1ddc417309948a915e9f16e038505c7d23\" role=\"tabpanel\" aria-labelledby=\"headinge4c33f1ddc417309948a915e9f16e038505c7d23\">\r\n                <div class=\"card-block\">\r\n    \r\n<p>VILA \u0160tvanice \u2013 ojedin\u011bl\u00e1 ostrovn\u00ed sc\u00e9na v&nbsp;centru Prahy. Je domovem \u010dty\u0159ech nez\u00e1visl\u00fdch divadel: Tygr v&nbsp;t\u00edsni, Geisslers Hofcomoedianten, Divadla LET\u00cd a&nbsp;nov\u011b Divadla Bufet. Nab\u00edz\u00ed div\u00e1k\u016fm reperto\u00e1r rozkro\u010den\u00fd od baroka p\u0159es literaturu 20.&nbsp;stolet\u00ed a\u017e po sou\u010dasnost; od zapomenut\u00fdch divadeln\u00edch kuriozit, p\u0159es liter\u00e1rn\u00ed adaptace po novou dramatiku. VILA je tak\u00e9 m\u00edstem kon\u00e1n\u00ed um\u011bleck\u00fdch workshop\u016f cyklu Ateli\u00e9ry Vil\u00e9ma \u0160tvan\u00e9ho a&nbsp;koncert\u016f VILA LIVE.<\/p>\r\n<p>Ostrov \u0160tvanice, \u010d.p. 858<br \/>\r\n<a href=\"http:\/\/www.vilastvanice.cz\">www.vilastvanice.cz<\/a><br \/>\r\n<a href=\"https:\/\/www.facebook.com\/VILAStvanice\">Divadlo VILA \u0160tvanice | Facebook<\/a><\/p>\r\n                <\/div>\r\n            <\/div>\r\n        <\/div>\r\n    \r\n<p>        <div class=\"collapse-block\">\r\n            <div class=\"card-header\" role=\"tab\" id=\"heading0235974fccef5ebce9390bb1fe3e9d9247cc9083\">\r\n                                        <p data-toggle=\"collapse\" href=\"#collapse0235974fccef5ebce9390bb1fe3e9d9247cc9083\" aria-controls=\"collapse0235974fccef5ebce9390bb1fe3e9d9247cc9083\">\r\n                            Farma v jeskyni                            <i class=\"fa fa-2x fa-angle-down\" aria-hidden=\"true\"><\/i>\r\n                        <\/p>\r\n                                \r\n            <\/div>\r\n\r\n            <div id=\"collapse0235974fccef5ebce9390bb1fe3e9d9247cc9083\" class=\"collapse\" data-id=\"0235974fccef5ebce9390bb1fe3e9d9247cc9083\" role=\"tabpanel\" aria-labelledby=\"heading0235974fccef5ebce9390bb1fe3e9d9247cc9083\">\r\n                <div class=\"card-block\">\r\n    <br \/>\r\nFarma v&nbsp;jeskyni, z.s., je mezin\u00e1rodn\u00ed divadeln\u00ed studio s&nbsp;dvacetiletou histori\u00ed zam\u011b\u0159en\u00e9 na tvorbu, v\u00fdvoj a&nbsp;v\u00fdzkum lidsk\u00e9ho v\u00fdrazu.<\/p>\r\n<p>Modern\u00ed tvorba souboru p\u0159ekra\u010duje hranice \u017e\u00e1nr\u016f fyzick\u00e9ho, tane\u010dn\u00edho nebo hudebn\u00edho divadla. P\u0159edstaven\u00ed Farmy v&nbsp;jeskyni vznikaj\u00ed na z\u00e1klad\u011b dlouhodob\u00e9ho v\u00fdzkumu, kter\u00fd je zam\u011b\u0159en\u00fd na p\u0159enos lidsk\u00e9 zku\u0161enosti mimo slovo a&nbsp;limity b\u011b\u017en\u00e9ho porozum\u011bn\u00ed. Nach\u00e1z\u00ed ho nap\u0159\u00edklad v&nbsp;odkazech minoritn\u00edch kultur, hudby, fyzick\u00e9ho projevu, atmosf\u00e9ry a&nbsp;fakt\u016f, spojen\u00fdch se specifick\u00fdm m\u00edstem.\u00a0 V&nbsp;inscenac\u00edch se konfrontuje osobn\u00ed a&nbsp;soci\u00e1ln\u00ed vn\u00edm\u00e1n\u00ed sv\u011bta a&nbsp;doch\u00e1z\u00ed p\u0159i nich k&nbsp;siln\u00e9mu sd\u00edlen\u00ed z\u00e1\u017eitku ze zku\u0161enosti mezi performery a&nbsp;div\u00e1ky. Z\u00e1rove\u0148 sv\u00fdmi projekty iniciuj\u00ed ve\u0159ejnou diskuzi o&nbsp;\u010dasto opom\u00edjen\u00fdch spole\u010densk\u00fdch t\u00e9matech. Od roku 2018 je soubor v&nbsp;rezidenci Centra sou\u010dasn\u00e9ho um\u011bn\u00ed DOX.<br \/>\r\n<br \/>\r\nV\u0161echna p\u0159edstaven\u00ed jsou p\u0159\u00edstupn\u00e1 v\u00a0anglick\u00e9m jazyce.<\/p>\r\n<p>DOX+, Poup\u011btova 3<br \/>\r\n<a href=\"https:\/\/farminthecave.com\/\">farminthecave.com<\/a><br \/>\r\n<a href=\"https:\/\/www.facebook.com\/farmavjeskyni\">Farma v&nbsp;jeskyni | Facebook<\/a><br \/>\r\n<br \/>\r\n                <\/div>\r\n            <\/div>\r\n        <\/div>\r\n    <\/p>\r\n        <div class=\"collapse-block\">\r\n            <div class=\"card-header\" role=\"tab\" id=\"heading040abe41c8c926bf89d1be6df06a96ac0388b257\">\r\n                                        <p data-toggle=\"collapse\" href=\"#collapse040abe41c8c926bf89d1be6df06a96ac0388b257\" aria-controls=\"collapse040abe41c8c926bf89d1be6df06a96ac0388b257\">\r\n                            Goja Music Hall                            <i class=\"fa fa-2x fa-angle-down\" aria-hidden=\"true\"><\/i>\r\n                        <\/p>\r\n                                \r\n            <\/div>\r\n\r\n            <div id=\"collapse040abe41c8c926bf89d1be6df06a96ac0388b257\" class=\"collapse\" data-id=\"040abe41c8c926bf89d1be6df06a96ac0388b257\" role=\"tabpanel\" aria-labelledby=\"heading040abe41c8c926bf89d1be6df06a96ac0388b257\">\r\n                <div class=\"card-block\">\r\n    \r\n<p>Divadlo GoJa (agentura Gott-Jane\u010dek) se orientuje p\u0159ev\u00e1\u017en\u011b na muzik\u00e1lov\u00e1 p\u0159edstaven\u00ed a&nbsp;uv\u00e1d\u00ed i&nbsp;proslul\u00e9 muzik\u00e1ly sv\u011btov\u00e9ho reperto\u00e1ru jako nap\u0159. B\u00eddn\u00edky \u010di Fantoma opery. Agentura byla zalo\u017eena v&nbsp;roce 1993 producentem Franti\u0161kem Jane\u010dkem a&nbsp;zp\u011bv\u00e1kem Karlem Gottem. Nejprve se zam\u011b\u0159ovala na produkci koncert\u016f a&nbsp;vyd\u00e1v\u00e1n\u00ed audio nahr\u00e1vek, kter\u00fdch vydala ji\u017e stovky.<\/p>\r\n<p>V\u00fdstavi\u0161t\u011b Praha<br \/>\r\n<a href=\"http:\/\/www.goja.cz\/\">www.goja.cz<\/a><br \/>\r\n<a href=\"https:\/\/www.facebook.com\/pages\/Goja Music Hall\/133100256763193\/\">Goja Music Hall | Facebook<\/a><\/p>\r\n                <\/div>\r\n            <\/div>\r\n        <\/div>\r\n    \r\n        <div class=\"collapse-block\">\r\n            <div class=\"card-header\" role=\"tab\" id=\"heading1f2b22820ff0fd20bc0c63694c174502557f60de\">\r\n                                        <p data-toggle=\"collapse\" href=\"#collapse1f2b22820ff0fd20bc0c63694c174502557f60de\" aria-controls=\"collapse1f2b22820ff0fd20bc0c63694c174502557f60de\">\r\n                            Jatka78                            <i class=\"fa fa-2x fa-angle-down\" aria-hidden=\"true\"><\/i>\r\n                        <\/p>\r\n                                \r\n            <\/div>\r\n\r\n            <div id=\"collapse1f2b22820ff0fd20bc0c63694c174502557f60de\" class=\"collapse\" data-id=\"1f2b22820ff0fd20bc0c63694c174502557f60de\" role=\"tabpanel\" aria-labelledby=\"heading1f2b22820ff0fd20bc0c63694c174502557f60de\">\r\n                <div class=\"card-block\">\r\n    \r\n<p>Multifunk\u010dn\u00ed divadeln\u00ed s\u00e1l, Mal\u00e1 sc\u00e9na, tr\u00e9ninkov\u00e1 hala, zku\u0161ebna, galerie, bar &amp; bistro. M\u00edsto s&nbsp;ide\u00e1ln\u00edmi podm\u00ednkami pro nov\u00fd cirkus, tanec, nonverb\u00e1ln\u00ed, alternativn\u00ed a&nbsp;loutkov\u00e9 divadlo, domovsk\u00e1 sc\u00e9na Cirku La Putyka, DEKKADANCERS \u010di Divadla 6-16. Mezi hostuj\u00edc\u00ed soubory pat\u0159\u00ed na p\u0159\u00edklad Vosto5, Brat\u0159i v&nbsp;tricku, V\u00edt Neznal &amp; kol. \u010di Spitfire Company. Jsme otev\u0159eni \u010desk\u00fdm i&nbsp;zahrani\u010dn\u00edm soubor\u016fm, uzp\u016fsobeni pro reziden\u010dn\u00ed projekty a&nbsp;p\u0159edstaven\u00ed, workshopy, konference, diskuze, p\u0159edn\u00e1\u0161ky, v\u00fdstavy a&nbsp;happeningy.\u00a0<\/p>\r\n<p>Pra\u017esk\u00e1 tr\u017enice, haly \u010d. 7 a&nbsp;8, Bubensk\u00e9 n\u00e1b\u0159e\u017e\u00ed 206\/13<br \/>\r\n<a href=\"http:\/\/www.jatka78.cz\/\">www.jatka78.cz<\/a><br \/>\r\n<a href=\"https:\/\/www.facebook.com\/jatka78\">Jatka78 | Facebook<\/a><\/p>\r\n                <\/div>\r\n            <\/div>\r\n        <\/div>\r\n    \r\n        <div class=\"collapse-block\">\r\n            <div class=\"card-header\" role=\"tab\" id=\"heading23f24c9d6e6e888a52b165081ccc8ea029be9549\">\r\n                                        <p data-toggle=\"collapse\" href=\"#collapse23f24c9d6e6e888a52b165081ccc8ea029be9549\" aria-controls=\"collapse23f24c9d6e6e888a52b165081ccc8ea029be9549\">\r\n                            La Fabrika                            <i class=\"fa fa-2x fa-angle-down\" aria-hidden=\"true\"><\/i>\r\n                        <\/p>\r\n                                \r\n            <\/div>\r\n\r\n            <div id=\"collapse23f24c9d6e6e888a52b165081ccc8ea029be9549\" class=\"collapse\" data-id=\"23f24c9d6e6e888a52b165081ccc8ea029be9549\" role=\"tabpanel\" aria-labelledby=\"heading23f24c9d6e6e888a52b165081ccc8ea029be9549\">\r\n                <div class=\"card-block\">\r\n    \r\n<p>La Fabrika je kulturn\u00ed centrum v&nbsp;pra\u017esk\u00fdch Hole\u0161ovic\u00edch. Ji\u017e od po\u010d\u00e1tku byla koncipov\u00e1na jako v\u00edce\u00fa\u010delov\u00fd prostor, vhodn\u00fd pro vznik a&nbsp;prezentaci audiovizu\u00e1ln\u00edch projekt\u016f, divadeln\u00edch a&nbsp;tane\u010dn\u00edch forem vy\u017eaduj\u00edc\u00edch netradi\u010dn\u00ed prostorov\u00e9 \u0159e\u0161en\u00ed, multimedi\u00e1ln\u00ed expozice, performance, p\u0159edn\u00e1\u0161ky, workshopy, ale i&nbsp;spole\u010densk\u00e1 setk\u00e1n\u00ed, v\u00fdstavy, koncerty i&nbsp;divadeln\u00ed p\u0159edstaven\u00ed klasick\u00e9ho typu.<\/p>\r\n<p>Komunard\u016f 28<br \/>\r\n<a href=\"http:\/\/www.lafabrika.cz\/\">www.lafabrika.cz<\/a><br \/>\r\n<a href=\"https:\/\/www.facebook.com\/lafabrika\">La Fabrika | Facebook<\/a><\/p>\r\n                <\/div>\r\n            <\/div>\r\n        <\/div>\r\n    \r\n        <div class=\"collapse-block\">\r\n            <div class=\"card-header\" role=\"tab\" id=\"heading468eddb7d77db9ef8ae3de4ab91e5dd1c859acb3\">\r\n                                        <p data-toggle=\"collapse\" href=\"#collapse468eddb7d77db9ef8ae3de4ab91e5dd1c859acb3\" aria-controls=\"collapse468eddb7d77db9ef8ae3de4ab91e5dd1c859acb3\">\r\n                            Nov\u00e1 s\u00ed\u0165                            <i class=\"fa fa-2x fa-angle-down\" aria-hidden=\"true\"><\/i>\r\n                        <\/p>\r\n                                \r\n            <\/div>\r\n\r\n            <div id=\"collapse468eddb7d77db9ef8ae3de4ab91e5dd1c859acb3\" class=\"collapse\" data-id=\"468eddb7d77db9ef8ae3de4ab91e5dd1c859acb3\" role=\"tabpanel\" aria-labelledby=\"heading468eddb7d77db9ef8ae3de4ab91e5dd1c859acb3\">\r\n                <div class=\"card-block\">\r\n    \r\n<p>Nov\u00e1 s\u00ed\u0165 podporuje \u017eiv\u00e9 um\u011bn\u00ed a&nbsp;spolupr\u00e1ci v&nbsp;kultu\u0159e. Jako otev\u0159en\u00e1 kulturn\u00ed organizace propojuje regiony \u010cR s&nbsp;Prahou i&nbsp;zahrani\u010d\u00edm, posiluje komunikaci mezi ve\u0159ejnou spr\u00e1vou a&nbsp;jednotliv\u00fdmi akt\u00e9ry kulturn\u00edho \u017eivota, usiluje o&nbsp;decentralizaci, rozvoj a&nbsp;kultivaci ob\u010dansk\u00e9 spole\u010dnosti v&nbsp;\u010cR. Hlavn\u00edmi projekty Nov\u00e9 s\u00edt\u011b jsou \u010cESK\u00dd KULTURN\u00cd NETWORK NOV\u00c1 S\u00cd\u0164, festival nov\u00e9ho divadla MAL\u00c1 INVENTURA, komunika\u010dn\u00ed platforma mezi Prahou a&nbsp;Berl\u00ednem PRALIN a&nbsp;nov\u00fd projekt na podporu reziden\u010dn\u00edch pobyt\u016f ART-IN-RES.<\/p>\r\n<p>Osadn\u00ed 26<br \/>\r\n<a href=\"http:\/\/www.novasit.cz\/\">www.novasit.cz<\/a><br \/>\r\n<a href=\"https:\/\/www.facebook.com\/novasitcr\">NOV\u00c1 S\u00cd\u0164 | Facebook<\/a><\/p>\r\n                <\/div>\r\n            <\/div>\r\n        <\/div>\r\n    \r\n        <div class=\"collapse-block\">\r\n            <div class=\"card-header\" role=\"tab\" id=\"headingb7e31be81ecc33f5d4d2719a8da1211b6b78e91a\">\r\n                                        <p data-toggle=\"collapse\" href=\"#collapseb7e31be81ecc33f5d4d2719a8da1211b6b78e91a\" aria-controls=\"collapseb7e31be81ecc33f5d4d2719a8da1211b6b78e91a\">\r\n                            Nov\u00e1 Spir\u00e1la                            <i class=\"fa fa-2x fa-angle-down\" aria-hidden=\"true\"><\/i>\r\n                        <\/p>\r\n                                \r\n            <\/div>\r\n\r\n            <div id=\"collapseb7e31be81ecc33f5d4d2719a8da1211b6b78e91a\" class=\"collapse\" data-id=\"b7e31be81ecc33f5d4d2719a8da1211b6b78e91a\" role=\"tabpanel\" aria-labelledby=\"headingb7e31be81ecc33f5d4d2719a8da1211b6b78e91a\">\r\n                <div class=\"card-block\">\r\n    \r\n<p>Nov\u00e1 Spir\u00e1la je multi\u017e\u00e1nrov\u00fd kulturn\u00ed prostor, kter\u00fd vznikl rekonstrukc\u00ed p\u016fvodn\u00edho divadla Spir\u00e1la, kde se odehr\u00e1vala p\u0159edstaven\u00ed jako Jesus Christ Superstar, Evita nebo Romeo a&nbsp;Julie. Nach\u00e1z\u00ed se zde Velk\u00fd s\u00e1l s&nbsp;unik\u00e1tn\u00edm kruhov\u00fdm pohybliv\u00fdm jevi\u0161t\u011bm a&nbsp;360\u00b0 hledi\u0161t\u011bm a&nbsp;tak\u00e9 nov\u00fd Mal\u00fd s\u00e1l jako klubov\u00e1 sc\u00e9na.<\/p>\r\n<p>Nov\u00e1 Spir\u00e1la nab\u00edz\u00ed program nap\u0159\u00ed\u010d \u017e\u00e1nry ve \u010dty\u0159ech hlavn\u00edch kategori\u00edch: divadlo, show, hudba a&nbsp;event. Vedle vlastn\u00edho programu a&nbsp;hostuj\u00edc\u00edch um\u011bleck\u00fdch spolk\u016f je otev\u0159en\u00e1 tak\u00e9 komer\u010dn\u00edm pron\u00e1jm\u016fm pro workshopy, konference, p\u0159edn\u00e1\u0161ky, ve\u010d\u00edrky, veletrhy a&nbsp;dal\u0161\u00ed aktivity.<\/p>\r\n<p>Ve vlastn\u00edm programu Nov\u00e9 Spir\u00e1ly si p\u0159ijdou na sv\u00e9 fanou\u0161ci hudebn\u00edch show i&nbsp;klasick\u00e9 \u010dinohry v&nbsp;nov\u00e9m a&nbsp;modern\u00edm pojet\u00ed s&nbsp;vyu\u017eit\u00edm technologi\u00ed Nov\u00e9 Spir\u00e1ly.<\/p>\r\n<p>V\u00fdstavi\u0161t\u011b Praha<br \/>\r\n<a href=\"https:\/\/novaspirala.cz\/\">www.novaspirala.cz<\/a><br \/>\r\n<a href=\"https:\/\/www.facebook.com\/profile.php?id=61557094859439\">Nov\u00e1 Spir\u00e1la | Facebook<\/a><br \/>\r\n<a href=\"https:\/\/www.instagram.com\/novaspirala\/\">Nov\u00e1 Spir\u00e1la | Instagram<\/a><\/p>\r\n                <\/div>\r\n            <\/div>\r\n        <\/div>\r\n    \r\n        <div class=\"collapse-block\">\r\n            <div class=\"card-header\" role=\"tab\" id=\"heading7c7af723c46ffa08fd59a515214853fc06cd9214\">\r\n                                        <p data-toggle=\"collapse\" href=\"#collapse7c7af723c46ffa08fd59a515214853fc06cd9214\" aria-controls=\"collapse7c7af723c46ffa08fd59a515214853fc06cd9214\">\r\n                            RockOpera Praha                            <i class=\"fa fa-2x fa-angle-down\" aria-hidden=\"true\"><\/i>\r\n                        <\/p>\r\n                                \r\n            <\/div>\r\n\r\n            <div id=\"collapse7c7af723c46ffa08fd59a515214853fc06cd9214\" class=\"collapse\" data-id=\"7c7af723c46ffa08fd59a515214853fc06cd9214\" role=\"tabpanel\" aria-labelledby=\"heading7c7af723c46ffa08fd59a515214853fc06cd9214\">\r\n                <div class=\"card-block\">\r\n    \r\n<p>RockOpera je novodob\u00e9 pra\u017esk\u00e9 divadlo. Zam\u011b\u0159uje se p\u0159edev\u0161\u00edm na netradi\u010dn\u00ed opern\u00ed p\u0159edstaven\u00ed, ve kter\u00fdch rockov\u00ed zp\u011bv\u00e1ci kombinuj\u00ed zp\u011bv s&nbsp;divadlem, akrobaci\u00ed, rockovou hudbou a&nbsp;dal\u0161\u00edmi prvky, kter\u00e9 si obvykle s&nbsp;operou nespoj\u00edte. Jedn\u00e1 se o&nbsp;jedinou podobnou sc\u00e9nu v&nbsp;\u010cesk\u00e9 republice.<\/p>\r\n<p>Komunard\u016f 306\/1<br \/>\r\n<a href=\"http:\/\/www.rockopera.cz\/\">www.rockopera.cz<\/a><br \/>\r\n<a href=\"https:\/\/www.facebook.com\/rockopera.cz\">RockOpera Praha | Facebook<\/a><\/p>\r\n                <\/div>\r\n            <\/div>\r\n        <\/div>\r\n    \r\n        <div class=\"collapse-block\">\r\n            <div class=\"card-header\" role=\"tab\" id=\"heading8d86a760fced327d3715b9c90e4fe9ca2d871093\">\r\n                                        <p data-toggle=\"collapse\" href=\"#collapse8d86a760fced327d3715b9c90e4fe9ca2d871093\" aria-controls=\"collapse8d86a760fced327d3715b9c90e4fe9ca2d871093\">\r\n                            Studio Hrdin\u016f                            <i class=\"fa fa-2x fa-angle-down\" aria-hidden=\"true\"><\/i>\r\n                        <\/p>\r\n                                \r\n            <\/div>\r\n\r\n            <div id=\"collapse8d86a760fced327d3715b9c90e4fe9ca2d871093\" class=\"collapse\" data-id=\"8d86a760fced327d3715b9c90e4fe9ca2d871093\" role=\"tabpanel\" aria-labelledby=\"heading8d86a760fced327d3715b9c90e4fe9ca2d871093\">\r\n                <div class=\"card-block\">\r\n    \r\n<p>Studio Hrdin\u016f je otev\u0159en\u00e1 divadeln\u00ed sc\u00e9na s&nbsp;jasn\u00fdm dramaturgick\u00fdm z\u00e1m\u011brem a&nbsp;v\u00fdrazn\u00fdm okruhem divadeln\u00edch spolupracovn\u00edk\u016f. Ve sv\u00e9 hlavn\u00ed dramaturgick\u00e9 linii se zam\u011b\u0159uje p\u0159ev\u00e1\u017en\u011b na autorsk\u00e9, re\u017eis\u00e9rsk\u00e9 projekty s&nbsp;d\u016frazem na spolupr\u00e1ci zahrani\u010dn\u00edch a&nbsp;dom\u00e1c\u00edch divadeln\u00edch tv\u016frc\u016f a&nbsp;na \u017e\u00e1nrov\u00e9 a&nbsp;oborov\u00e9 p\u0159esahy. C\u00edlem je n\u00e1ro\u010dn\u00e1, ale vst\u0159\u00edcn\u00e1 um\u011bleck\u00e1 dramaturgie. Form\u00e1ln\u011b jsou inscenace Studia Hrdin\u016f \u010dinohrou s&nbsp;akcentem na experiment a&nbsp;v\u00fdtvarnou str\u00e1nku.<\/p>\r\n<p>Kontinu\u00e1ln\u011b se v\u011bnuje smyslupln\u00e9mu nach\u00e1zen\u00ed progresivn\u00edch v\u00fdrazov\u00fdch divadeln\u00edch forem. D\u00edky propojov\u00e1n\u00ed profesion\u00e1ln\u00edch divadeln\u00edch tv\u016frc\u016f s&nbsp;v\u00fdtvarn\u00edky nap\u0159\u00ed\u010d \u017e\u00e1nry vytv\u00e1\u0159\u00ed jasn\u011b definovanou v\u00fdtvarnou tv\u00e1\u0159 nov\u00e9ho prostoru, kter\u00e1 tak v&nbsp;oblasti sc\u00e9nografie, grafiky a&nbsp;konceptu\u00e1ln\u00edho um\u011bn\u00ed dr\u017e\u00ed krok s&nbsp;evropsk\u00fdmi divadeln\u00edmi sc\u00e9nami. Za \u00fa\u010delem o\u017eiven\u00ed v\u00fdrazov\u00fdch mo\u017enost\u00ed \u010dinohern\u00edho divadla poskytuje vizu\u00e1ln\u00edm um\u011blc\u016fm v\u011bt\u0161\u00ed m\u00edru spolu\u00fa\u010dasti na vzniku jednotliv\u00fdch divadeln\u00edch inscenac\u00ed.<\/p>\r\n<p>Dukelsk\u00fdch hrdin\u016f 47<br \/>\r\n<a href=\"http:\/\/www.studiohrdinu.cz\/\">www.studiohrdinu.cz<\/a><br \/>\r\n<a href=\"http:\/\/Studio Hrdin\u016f | Facebook\">Studio Hrdin\u016f | Facebook<\/a><\/p>\r\n                <\/div>\r\n            <\/div>\r\n        <\/div>\r\n    \r\n<p>&nbsp;<\/p>\r\n<p><span style=\"text-decoration: underline;\">Divadeln\u00ed festivaly<\/span><br \/>\r\nPraha&nbsp;7 je d\u011bji\u0161t\u011bm hned n\u011bkolika v\u00fdznamn\u00fdch divadeln\u00edch festival\u016f s\u00a0dlouholetou tradic\u00ed. Mezi n\u011b se \u0159ad\u00ed festival nov\u00e9ho cirkusu, divadla, hudby a&nbsp;vizu\u00e1ln\u00edho um\u011bn\u00ed <a href=\"http:\/\/www.letniletna.cz\">Letn\u00ed Letn\u00e1<\/a>, festival nov\u00e9ho divadla <a href=\"http:\/\/www.malainventura.cz\">Mal\u00e1 inventura<\/a>, festival pouli\u010dn\u00edho divadla <a href=\"http:\/\/www.zadvermi.cz\">Za dve\u0159mi<\/a>, mezin\u00e1rodn\u00ed festival zam\u011b\u0159uj\u00edc\u00ed se na performance art a&nbsp;p\u0159\u00edbuzn\u00e9 um\u011bleck\u00e9 formy <a href=\"http:\/\/www.performancecrossings.com\">Performance Crossings<\/a>, n\u011bkolik dal\u0161\u00edch divadeln\u00edch a&nbsp;tane\u010dn\u00edch festival\u016f <a href=\"http:\/\/www.bazaarfestival.cz\">Bazaar Festival<\/a>, <a href=\"http:\/\/www.tanecpraha.cz\">Tanec Praha<\/a>, festival francouzsk\u00e9ho divadla <a href=\"http:\/\/www.sneztuzabu.cz\">Sn\u011bz tu \u017e\u00e1bu<\/a> ad.<\/p>\r\n<p>&nbsp;<\/p>\r\n<h2>Galerie<\/h2>\r\n        <div class=\"collapse-block\">\r\n            <div class=\"card-header\" role=\"tab\" id=\"headingbaec15d9ffe7969dcf9249ae03806cf40b90a29b\">\r\n                                        <p data-toggle=\"collapse\" href=\"#collapsebaec15d9ffe7969dcf9249ae03806cf40b90a29b\" aria-controls=\"collapsebaec15d9ffe7969dcf9249ae03806cf40b90a29b\">\r\n                            Artwall                            <i class=\"fa fa-2x fa-angle-down\" aria-hidden=\"true\"><\/i>\r\n                        <\/p>\r\n                                \r\n            <\/div>\r\n\r\n            <div id=\"collapsebaec15d9ffe7969dcf9249ae03806cf40b90a29b\" class=\"collapse\" data-id=\"baec15d9ffe7969dcf9249ae03806cf40b90a29b\" role=\"tabpanel\" aria-labelledby=\"headingbaec15d9ffe7969dcf9249ae03806cf40b90a29b\">\r\n                <div class=\"card-block\">\r\n    \r\n<p>Galerie Artwall um\u00edst\u011bn\u00e1 na op\u011brn\u00e9 zdi pra\u017esk\u00fdch Letensk\u00fdch sad\u016f na n\u00e1b\u0159e\u017e\u00ed kpt. Jaro\u0161e vznikla s&nbsp;c\u00edlem o\u017eivit ve\u0159ejn\u00fd prostor Prahy a&nbsp;z\u00e1rove\u0148 podn\u00edtit dialog um\u011blc\u016f s&nbsp;ve\u0159ejnost\u00ed. Od roku 2005 se prostor pod veden\u00edm Centra pro sou\u010dasn\u00e9 um\u011bn\u00ed Praha prom\u011bnil v&nbsp;galerii pod \u0161ir\u00fdm nebem, kter\u00e1 ka\u017edoro\u010dn\u011b konfrontuje kolemjdouc\u00ed \u010di jedouc\u00ed Pra\u017eany a&nbsp;n\u00e1v\u0161t\u011bvn\u00edky m\u011bsta s&nbsp;r\u016fzn\u00fdmi podobami ve\u0159ejn\u00e9ho um\u011bn\u00ed. V&nbsp;roce 2008 byl ov\u0161em jej\u00ed provoz nucen\u011b ukon\u010den a&nbsp;v&nbsp;listopadu 2011 se Artwall op\u011bt otev\u0159el ve\u0159ejnosti, nov\u011b pod spr\u00e1vou C2C Kruhu kur\u00e1tor\u016f a&nbsp;kritik\u016f, o.s. Program galerie Artwall se tematicky v\u011bnuje um\u011bleck\u00e9 tvorb\u011b zam\u011b\u0159en\u00e9 na spole\u010densk\u00e9 a&nbsp;politick\u00e9 ot\u00e1zky. Klade za c\u00edl podporovat pronik\u00e1n\u00ed sou\u010dasn\u00e9ho um\u011bn\u00ed do mimogalerijn\u00edho prost\u0159ed\u00ed. Tento c\u00edl vych\u00e1z\u00ed z&nbsp;povahy m\u00edsta, kter\u00e9 svou dominantn\u00ed polohou zaru\u010duje \u00fa\u010dinnou komunikaci s&nbsp;ve\u0159ejnost\u00ed. Z&nbsp;vystavuj\u00edc\u00edch um\u011blc\u016f: Luk\u00e1\u0161 Houdek, Alma Lily Rayner, Tom\u00e1\u0161 Posp\u011bch, Ad\u00e9la Sou\u010dkov\u00e1 a&nbsp;dal\u0161\u00ed.<\/p>\r\n<p>N\u00e1b\u0159e\u017e\u00ed kpt. Jaro\u0161e a&nbsp;Edvarda Bene\u0161e<br \/>\r\n<a href=\"http:\/\/www.artwallgallery.cz\/\">www.artwallgallery.cz<\/a><br \/>\r\n<a href=\"https:\/\/www.facebook.com\/artwallgallery\">ARTWALL | Facebook<\/a><\/p>\r\n                <\/div>\r\n            <\/div>\r\n        <\/div>\r\n    \r\n        <div class=\"collapse-block\">\r\n            <div class=\"card-header\" role=\"tab\" id=\"heading87af0022e6345ea31e4962fcd89463a7348a0cb8\">\r\n                                        <p data-toggle=\"collapse\" href=\"#collapse87af0022e6345ea31e4962fcd89463a7348a0cb8\" aria-controls=\"collapse87af0022e6345ea31e4962fcd89463a7348a0cb8\">\r\n                            Ateli\u00e9r radostn\u00e9 tvorby \/ ALT\u00c1N ART                            <i class=\"fa fa-2x fa-angle-down\" aria-hidden=\"true\"><\/i>\r\n                        <\/p>\r\n                                \r\n            <\/div>\r\n\r\n            <div id=\"collapse87af0022e6345ea31e4962fcd89463a7348a0cb8\" class=\"collapse\" data-id=\"87af0022e6345ea31e4962fcd89463a7348a0cb8\" role=\"tabpanel\" aria-labelledby=\"heading87af0022e6345ea31e4962fcd89463a7348a0cb8\">\r\n                <div class=\"card-block\">\r\n    \r\n<p>V\u00fdtvarn\u00fd Ateli\u00e9r radostn\u00e9 tvorby je iniciativou spolku ALT\u00c1N ART. Ateli\u00e9r je ur\u010den pro um\u011blce, jejich\u017e ch\u00e1pan\u00ed sv\u011bta a&nbsp;komunikace s&nbsp;okol\u00edm jsou jin\u00e9, nestandardn\u00ed, a&nbsp;kte\u0159\u00ed jsou majoritn\u00ed spole\u010dnost\u00ed ozna\u010dov\u00e1ni jako hendikepovan\u00ed, posti\u017een\u00ed nebo du\u0161evn\u011b nemocn\u00ed. Smyslem je vytv\u00e1\u0159et pro tyto tv\u016frce kreativn\u00ed prost\u0159ed\u00ed, kde panuje svoboda, v\u00fdtvarn\u00e1 pr\u00e1ce je radost\u00ed a&nbsp;je prost\u0159ed\u00edm pro tvorbu, kterou lze posuzovat podle p\u0159\u00edsn\u00fdch um\u011bleck\u00fdch krit\u00e9ri\u00ed. Ta b\u00fdv\u00e1 za\u0159azov\u00e1na do art brut \u2013 um\u011bn\u00ed v&nbsp;surov\u00e9m stavu, kter\u00e9 v&nbsp;posledn\u00ed dob\u011b st\u00e1le v\u00edce spl\u00fdv\u00e1 se sou\u010dasn\u00fdm um\u011bn\u00edm.<\/p>\r\n<p>Nad Kr\u00e1lovskou oborou 55<br \/>\r\n<a href=\"http:\/\/www.atelierradostnetvorby.cz\/\">www.atelierradostnetvorby.cz<\/a><br \/>\r\n<a href=\"https:\/\/www.facebook.com\/atelierradostnetvorby\">Ateli\u00e9r radostn\u00e9 tvorby | Facebook<\/a><\/p>\r\n                <\/div>\r\n            <\/div>\r\n        <\/div>\r\n    \r\n        <div class=\"collapse-block\">\r\n            <div class=\"card-header\" role=\"tab\" id=\"headingdb752ee4973d6a7cd9537b53ad2637e436ff2ff3\">\r\n                                        <p data-toggle=\"collapse\" href=\"#collapsedb752ee4973d6a7cd9537b53ad2637e436ff2ff3\" aria-controls=\"collapsedb752ee4973d6a7cd9537b53ad2637e436ff2ff3\">\r\n                            Berlinskej model                            <i class=\"fa fa-2x fa-angle-down\" aria-hidden=\"true\"><\/i>\r\n                        <\/p>\r\n                                \r\n            <\/div>\r\n\r\n            <div id=\"collapsedb752ee4973d6a7cd9537b53ad2637e436ff2ff3\" class=\"collapse\" data-id=\"db752ee4973d6a7cd9537b53ad2637e436ff2ff3\" role=\"tabpanel\" aria-labelledby=\"headingdb752ee4973d6a7cd9537b53ad2637e436ff2ff3\">\r\n                <div class=\"card-block\">\r\n    \r\n<p>Berlinskej Model je nekomer\u010dn\u00ed off space galerie, kter\u00e1 je od b\u0159ezna 2013 vedena ob\u010dansk\u00fdm sdru\u017een\u00edm Berlinskej Model. C\u00edlem galerie je poskytnout neform\u00e1ln\u00ed komunitn\u00ed prostor, zam\u011b\u0159uj\u00edc\u00ed se na mlad\u0161\u00ed a&nbsp;nejmlad\u0161\u00ed generace um\u011blc\u016f. V\u00fdtvarn\u00e9 um\u011bn\u00ed, hudba a&nbsp;gastronomie zde nejsou ch\u00e1p\u00e1ny jako vz\u00e1jemn\u011b odcizen\u00e9 discipl\u00edny. Galerie Berlinskej Model chce aktivn\u011b fungovat v&nbsp;kontextu sv\u00e9 \u010dtvrti i&nbsp;v&nbsp;kontextu dal\u0161\u00edch galeri\u00ed, kter\u00e9 zde p\u016fsob\u00ed. Jej\u00edm c\u00edlem je budovat nadstandardn\u00ed sousedsk\u00e9 vztahy nejen mezi hole\u0161ovick\u00fdmi galeriemi a&nbsp;m\u00edstn\u00edmi rezidenty, mj. vyd\u00e1v\u00e1n\u00edm \u010dtvrtletn\u00edku Rajon (\u201eum\u011bn\u00ed nejen ve Va\u0161\u00ed \u010dtvrti\u201c, spoluvyd\u00e1v\u00e1no s&nbsp;galeri\u00ed Laboratorio), ale i&nbsp;vztahem mezi obdobn\u00fdmi \u017eiv\u00fdmi off space galeriemi situovan\u00fdmi v&nbsp;p\u0159ilehl\u00fdch evropsk\u00fdch metropol\u00edch. Berlinskej Model usiluje o&nbsp;za\u010dlen\u011bn\u00ed \u010desk\u00e9ho um\u011bn\u00ed do mezin\u00e1rodn\u00edho kontextu. Jednou z&nbsp;priorit Berlinsk\u00fdho Modelu je prov\u00e1zanost s&nbsp;mladou um\u011bleckou sc\u00e9nu Berl\u00edna, Lipska, V\u00eddn\u011b a&nbsp;dal\u0161\u00edch Praze snadno dostupn\u00fdch center sou\u010dasn\u00e9ho um\u011bn\u00ed. Spolupr\u00e1ce se zahrani\u010dn\u00edmi kur\u00e1tory, teoretiky, nez\u00e1visl\u00fdmi galeriemi a&nbsp;\u0159editeli kulturn\u00edch instituc\u00ed umo\u017e\u0148uje galerii nav\u00e1zat mezin\u00e1rodn\u00ed spolupr\u00e1ce a&nbsp;zejm\u00e9na prezentovat \u010desk\u00e9 um\u011blce v&nbsp;zahrani\u010d\u00ed.<\/p>\r\n<p>Pplk. Sochora 9<br \/>\r\n<a href=\"http:\/\/www.berlinskejmodel.cz\/\">www.berlinskejmodel.cz<\/a><br \/>\r\n<a href=\"https:\/\/www.facebook.com\/berlinskejmodel\">Berlinskej model | Facebook<\/a><\/p>\r\n                <\/div>\r\n            <\/div>\r\n        <\/div>\r\n    \r\n        <div class=\"collapse-block\">\r\n            <div class=\"card-header\" role=\"tab\" id=\"heading29949e1b4982a2e55909a2de9f4d5c344da5f9d2\">\r\n                                        <p data-toggle=\"collapse\" href=\"#collapse29949e1b4982a2e55909a2de9f4d5c344da5f9d2\" aria-controls=\"collapse29949e1b4982a2e55909a2de9f4d5c344da5f9d2\">\r\n                            Bold Gallery                            <i class=\"fa fa-2x fa-angle-down\" aria-hidden=\"true\"><\/i>\r\n                        <\/p>\r\n                                \r\n            <\/div>\r\n\r\n            <div id=\"collapse29949e1b4982a2e55909a2de9f4d5c344da5f9d2\" class=\"collapse\" data-id=\"29949e1b4982a2e55909a2de9f4d5c344da5f9d2\" role=\"tabpanel\" aria-labelledby=\"heading29949e1b4982a2e55909a2de9f4d5c344da5f9d2\">\r\n                <div class=\"card-block\">\r\n    \r\n<p>Galerie v&nbsp;hole\u0161ovick\u00e9m art districtu zastupuj\u00edc\u00ed mlad\u00e9 um\u011blce nadch\u00e1zej\u00edc\u00ed generace. Nov\u00fd prostor nevznikl n\u00e1hodou. Pravdivost r\u010den\u00ed o&nbsp;zm\u011bn\u011b, kter\u00e1 znamen\u00e1 \u017eivot, tu dokazuje renomovan\u00fd galerista a&nbsp;majitel Galerie a&nbsp;auk\u010dn\u00edho domu Arcimboldo Old\u0159ich Hejtm\u00e1nek. Ten se rozhodl projektem Bold Gallery posunout t\u011b\u017ei\u0161t\u011b aktivit sv\u00e9 respektovan\u00e9 v\u00fdstavn\u00ed instituce sm\u011brem k&nbsp;aktu\u00e1ln\u00edmu um\u011bn\u00ed.<\/p>\r\n<p>U M\u011b\u0161\u0165ansk\u00e9ho pivovaru 6a<br \/>\r\n<a href=\"http:\/\/www.boldgallery.art\/\">www.boldgallery.art<\/a><br \/>\r\n<a href=\"https:\/\/www.facebook.com\/boldgalleryprague\/?ref=page_internal\">Bold Gallery | Facebook<\/a><\/p>\r\n                <\/div>\r\n            <\/div>\r\n        <\/div>\r\n    \r\n        <div class=\"collapse-block\">\r\n            <div class=\"card-header\" role=\"tab\" id=\"heading0e43bfefd73f36d3a526b957755b79e3db4494a0\">\r\n                                        <p data-toggle=\"collapse\" href=\"#collapse0e43bfefd73f36d3a526b957755b79e3db4494a0\" aria-controls=\"collapse0e43bfefd73f36d3a526b957755b79e3db4494a0\">\r\n                            DOX                            <i class=\"fa fa-2x fa-angle-down\" aria-hidden=\"true\"><\/i>\r\n                        <\/p>\r\n                                \r\n            <\/div>\r\n\r\n            <div id=\"collapse0e43bfefd73f36d3a526b957755b79e3db4494a0\" class=\"collapse\" data-id=\"0e43bfefd73f36d3a526b957755b79e3db4494a0\" role=\"tabpanel\" aria-labelledby=\"heading0e43bfefd73f36d3a526b957755b79e3db4494a0\">\r\n                <div class=\"card-block\">\r\n    \r\n<p>Centrum sou\u010dasn\u00e9ho um\u011bn\u00ed DOX je multifunk\u010dn\u00ed prostor, kter\u00fd vznikl d\u00edky soukrom\u00e9 iniciativ\u011b p\u0159estavbou b\u00fdval\u00e9 tov\u00e1rny v&nbsp;pra\u017esk\u00e9 \u010dtvrti Hole\u0161ovice.\u00a0<\/p>\r\n<p>Programov\u00e9 zam\u011b\u0159en\u00ed DOXu se od v\u00fdstavn\u00edch instituc\u00ed podobn\u00e9ho form\u00e1tu (spojen\u00ed \u201ekunsthalle\u201c s&nbsp;multifunk\u010dn\u00edm kulturn\u00edm centrem) odli\u0161uje p\u0159edev\u0161\u00edm um\u011bleck\u00fdmi projekty, jejich sou\u010d\u00e1st\u00ed je kritick\u00e1 reflexe aktu\u00e1ln\u00edch spole\u010densk\u00fdch t\u00e9mat a&nbsp;ot\u00e1zek, kter\u00e1 zahrnuje p\u0159esah do dal\u0161\u00edch \u201emimoum\u011bleck\u00fdch\u201c oblast\u00ed a&nbsp;discipl\u00edn jako psychologie, filozofie, historie, sociologie, politologie, atd.<\/p>\r\n<p>Prost\u0159ednictv\u00edm v\u00fdstav sou\u010dasn\u00e9ho mezin\u00e1rodn\u00edho a&nbsp;\u010desk\u00e9ho um\u011bn\u00ed otev\u00edr\u00e1 DOX aktu\u00e1ln\u00ed t\u00e9mata a&nbsp;diskuzi o&nbsp;nich d\u00e1l rozv\u00edj\u00ed prost\u0159ednictv\u00edm r\u016fzn\u00fdch form\u00e1t\u016f doprovodn\u00fdch program\u016f a&nbsp;akc\u00ed pro \u0161irokou ve\u0159ejnost od konferenc\u00ed a&nbsp;panelov\u00fdch diskuz\u00ed po filmov\u00e9 projekce, interaktivn\u00ed workshopy a&nbsp;ve\u0159ejn\u00e9 happeningy. D\u016fle\u017eitou sou\u010d\u00e1st\u00ed jsou vzd\u011bl\u00e1vac\u00ed programy pro studenty z\u00e1kladn\u00edch a&nbsp;st\u0159edn\u00edch \u0161kol, kter\u00e9 kladou d\u016fraz p\u0159edev\u0161\u00edm na rozv\u00edjen\u00ed schopnosti kritick\u00e9ho my\u0161len\u00ed. DOX nab\u00edz\u00ed tak\u00e9 programy pro d\u011bti.<\/p>\r\n<p>Poup\u011btova 1<br \/>\r\n<a href=\"http:\/\/www.dox.cz\/\">www.dox.cz<\/a><br \/>\r\n<a href=\"https:\/\/www.facebook.com\/DOXPrague\">DOX | Facebook<\/a><\/p>\r\n                <\/div>\r\n            <\/div>\r\n        <\/div>\r\n    \r\n        <div class=\"collapse-block\">\r\n            <div class=\"card-header\" role=\"tab\" id=\"headinga67de9b67b3aae38ca4af2b77b417dbdcb29dd8c\">\r\n                                        <p data-toggle=\"collapse\" href=\"#collapsea67de9b67b3aae38ca4af2b77b417dbdcb29dd8c\" aria-controls=\"collapsea67de9b67b3aae38ca4af2b77b417dbdcb29dd8c\">\r\n                            Galerie AVU                            <i class=\"fa fa-2x fa-angle-down\" aria-hidden=\"true\"><\/i>\r\n                        <\/p>\r\n                                \r\n            <\/div>\r\n\r\n            <div id=\"collapsea67de9b67b3aae38ca4af2b77b417dbdcb29dd8c\" class=\"collapse\" data-id=\"a67de9b67b3aae38ca4af2b77b417dbdcb29dd8c\" role=\"tabpanel\" aria-labelledby=\"headinga67de9b67b3aae38ca4af2b77b417dbdcb29dd8c\">\r\n                <div class=\"card-block\">\r\n    \r\n<p>Galerie prezentuje formou v\u00fdstav a&nbsp;doprovodn\u00fdch program\u016f p\u0159edev\u0161\u00edm sou\u010dasnou tvorbu student\u016f a&nbsp;studentek, absolvent\u016f a&nbsp;absolventek \u010di pedagog\u016f a&nbsp;pedago\u017eek AVU. Pravideln\u011b jsou realizov\u00e1ny tak\u00e9 v\u00fdstavy ve spolupr\u00e1ci se zahrani\u010dn\u00edmi um\u011bleck\u00fdmi \u0161kolami. Pro zas\u00edl\u00e1n\u00ed v\u00fdstavn\u00edch projekt\u016f je ka\u017edoro\u010dn\u011b vyhl\u00e1\u0161ena otev\u0159en\u00e1 v\u00fdzva. V\u00fdstavy pro realizaci vyb\u00edr\u00e1 V\u00fdstavn\u00ed komise (jmenovan\u00e1 rektorkou na dvoulet\u00e9 obdob\u00ed). GAVU usiluje o&nbsp;p\u0159edstaven\u00ed aktu\u00e1ln\u00edch p\u0159\u00edstup\u016f a&nbsp;t\u00e9mat v&nbsp;sou\u010dasn\u00e9m um\u011bn\u00ed v&nbsp;\u0161ir\u0161\u00edm kontextu a&nbsp;v&nbsp;r\u00e1mci galerijn\u00edho provozu. Od roku 2024 po\u0159\u00e1d\u00e1 GAVU v&nbsp;prostor\u00e1ch AVU Veletr\u017en\u00ed projek\u010dn\u00ed program prezentuj\u00edc\u00ed um\u011bn\u00ed pohybliv\u00e9ho obrazu pod n\u00e1zvem Kino GAVU.<\/p>\r\n<p>Veletr\u017en\u00ed 61-63<br \/>\r\nwww.avu.cz\/oddeleni\/galerie-avu<br \/>\r\nwww.facebook.com\/avuvpraze<\/p>\r\n                <\/div>\r\n            <\/div>\r\n        <\/div>\r\n    \r\n        <div class=\"collapse-block\">\r\n            <div class=\"card-header\" role=\"tab\" id=\"heading86b6faf0d3e52dd0b040be404e4d4952689cf68d\">\r\n                                        <p data-toggle=\"collapse\" href=\"#collapse86b6faf0d3e52dd0b040be404e4d4952689cf68d\" aria-controls=\"collapse86b6faf0d3e52dd0b040be404e4d4952689cf68d\">\r\n                            Galerie Budoart                            <i class=\"fa fa-2x fa-angle-down\" aria-hidden=\"true\"><\/i>\r\n                        <\/p>\r\n                                \r\n            <\/div>\r\n\r\n            <div id=\"collapse86b6faf0d3e52dd0b040be404e4d4952689cf68d\" class=\"collapse\" data-id=\"86b6faf0d3e52dd0b040be404e4d4952689cf68d\" role=\"tabpanel\" aria-labelledby=\"heading86b6faf0d3e52dd0b040be404e4d4952689cf68d\">\r\n                <div class=\"card-block\">\r\n    \r\n<p>V\u00fdstavn\u011b-ateli\u00e9rov\u00fd prostor v&nbsp;Havansk\u00e9 ulici vytvo\u0159en\u00fd s&nbsp;duem architekt\u016f Abtsmolen. Galerie Budoart je soukrom\u00e1 galerie p\u0159edstavuj\u00edc\u00ed sou\u010dasn\u00e9 \u010desk\u00e9 um\u011bn\u00ed.<\/p>\r\n<p>Havansk\u00e1 3a<br \/>\r\n<a href=\"http:\/\/www.budoart.cz\/\">www.budoart.cz<\/a><br \/>\r\n<a href=\"http:\/\/Galerie budoart | Facebook\">Galerie budoart | Facebook<\/a><\/p>\r\n                <\/div>\r\n            <\/div>\r\n        <\/div>\r\n    \r\n        <div class=\"collapse-block\">\r\n            <div class=\"card-header\" role=\"tab\" id=\"headingaa890eba576ec3782962555b8fcde3dada0725fe\">\r\n                                        <p data-toggle=\"collapse\" href=\"#collapseaa890eba576ec3782962555b8fcde3dada0725fe\" aria-controls=\"collapseaa890eba576ec3782962555b8fcde3dada0725fe\">\r\n                            Galerie Jelen\u00ed                            <i class=\"fa fa-2x fa-angle-down\" aria-hidden=\"true\"><\/i>\r\n                        <\/p>\r\n                                \r\n            <\/div>\r\n\r\n            <div id=\"collapseaa890eba576ec3782962555b8fcde3dada0725fe\" class=\"collapse\" data-id=\"aa890eba576ec3782962555b8fcde3dada0725fe\" role=\"tabpanel\" aria-labelledby=\"headingaa890eba576ec3782962555b8fcde3dada0725fe\">\r\n                <div class=\"card-block\">\r\n    \r\n<p>Galerie Jelen\u00ed vznikla v&nbsp;roce 1999 jako sou\u010d\u00e1st aktivit Centra pro sou\u010dasn\u00e9 um\u011bn\u00ed Praha. Ve sv\u00e9m programu se dlouhodob\u011b zam\u011b\u0159uje na podporu sou\u010dasn\u00fdch mlad\u00fdch \u010desk\u00fdch um\u011blc\u016f, kte\u0159\u00ed v&nbsp;galerii mnohdy m\u00edvaj\u00ed jednu ze sv\u00fdch prvn\u00edch samostatn\u00fdch v\u00fdstav. Program galerie je zalo\u017een na soustavn\u00e9m mapov\u00e1n\u00ed pra\u017esk\u00e9 um\u011bleck\u00e9 sc\u00e9ny, ale i&nbsp;ostatn\u00edch region\u016f \u2013 spolupracujeme s&nbsp;profesory um\u011bleck\u00fdch \u0161kol v&nbsp;Brn\u011b, Ostrav\u011b, \u00dast\u00ed nad Labem a&nbsp;Plzni. V&nbsp;men\u0161\u00edm po\u010dtu jsou v&nbsp;galerii p\u0159ipravov\u00e1ny v\u00fdstavy i&nbsp;zku\u0161en\u011bj\u0161\u00edm autor\u016fm, kte\u0159\u00ed podle na\u0161eho n\u00e1zoru maj\u00ed v&nbsp;ur\u010dit\u00e9 dob\u011b nejv\u011bt\u0161\u00ed vliv na mladou generaci. Galerie m\u00e1 sv\u00e9 st\u00e1l\u00e9 kur\u00e1tory, kte\u0159\u00ed v\u0161ak pravideln\u011b spolupracuj\u00ed i&nbsp;s&nbsp;nejmlad\u0161\u00edmi kur\u00e1tory, kter\u00fdm umo\u017e\u0148uj\u00ed p\u0159ipravit monografickou nebo tematickou, skupinovou v\u00fdstavu.<\/p>\r\n<p>Galerii provozuje Nadace a&nbsp;Centrum pro sou\u010dasn\u00e9 um\u011bn\u00ed Praha. D\u016fvodem vzniku a&nbsp;c\u00edlem aktivity t\u011bchto instituc\u00ed je podpora rozvoje sou\u010dasn\u00e9ho v\u00fdtvarn\u00e9ho um\u011bn\u00ed, kter\u00e9 je ch\u00e1p\u00e1no jako nezastupiteln\u00e1 slo\u017eka harmonicky funguj\u00edc\u00ed demokratick\u00e9 spole\u010dnosti. \u010cinnost instituce sm\u011b\u0159uje k&nbsp;podpo\u0159e kvalitn\u00edch um\u011bleck\u00fdch projekt\u016f a&nbsp;jejich prezentace ve\u0159ejnosti.<\/p>\r\n<p>Dukelsk\u00fdch hrdin\u016f 500\/25a<br \/>\r\n<a href=\"http:\/\/www.fcca.cz\/\">www.fcca.cz<\/a><br \/>\r\n<a href=\"https:\/\/www.facebook.com\/NCSUPraha\">Nadace a&nbsp;Centrum pro sou\u010dasn\u00e9 um\u011bn\u00ed Praha | Facebook<\/a><\/p>\r\n                <\/div>\r\n            <\/div>\r\n        <\/div>\r\n    \r\n        <div class=\"collapse-block\">\r\n            <div class=\"card-header\" role=\"tab\" id=\"headingfc81f6685695e08accaf44958c7f270f8f170bed\">\r\n                                        <p data-toggle=\"collapse\" href=\"#collapsefc81f6685695e08accaf44958c7f270f8f170bed\" aria-controls=\"collapsefc81f6685695e08accaf44958c7f270f8f170bed\">\r\n                            Galerie Josefa Adamce                            <i class=\"fa fa-2x fa-angle-down\" aria-hidden=\"true\"><\/i>\r\n                        <\/p>\r\n                                \r\n            <\/div>\r\n\r\n            <div id=\"collapsefc81f6685695e08accaf44958c7f270f8f170bed\" class=\"collapse\" data-id=\"fc81f6685695e08accaf44958c7f270f8f170bed\" role=\"tabpanel\" aria-labelledby=\"headingfc81f6685695e08accaf44958c7f270f8f170bed\">\r\n                <div class=\"card-block\">\r\n    \r\n<p>Ran\u011b modernistick\u00e1 vila, v&nbsp;n\u00ed\u017e galerie s\u00eddl\u00ed, byla postavena roku 1905 podle n\u00e1vrhu architekta Josefa Zascheho na objedn\u00e1vku socha\u0159e Karla Wilferta.<\/p>\r\n<p>Galerie tak\u00e9 ob\u010dasn\u011b slou\u017e\u00ed k&nbsp;charitativn\u011b zam\u011b\u0159en\u00fdm akc\u00edm \u2013 kurzy pro pracovn\u00edky v&nbsp;t\u011bchto oblastech, konference zab\u00fdvaj\u00edc\u00ed se soci\u00e1ln\u00ed a&nbsp;rozvojovou pomoc\u00ed apod.<\/p>\r\n<p>Na \u0160pejcharu 3<br \/>\r\n<a href=\"http:\/\/www.gja.cz\/\">www.gja.cz<\/a><\/p>\r\n                <\/div>\r\n            <\/div>\r\n        <\/div>\r\n    \r\n        <div class=\"collapse-block\">\r\n            <div class=\"card-header\" role=\"tab\" id=\"heading4e862a2d8ab0c635f70a3bed423d89de814091de\">\r\n                                        <p data-toggle=\"collapse\" href=\"#collapse4e862a2d8ab0c635f70a3bed423d89de814091de\" aria-controls=\"collapse4e862a2d8ab0c635f70a3bed423d89de814091de\">\r\n                            Galerie Kurzor                            <i class=\"fa fa-2x fa-angle-down\" aria-hidden=\"true\"><\/i>\r\n                        <\/p>\r\n                                \r\n            <\/div>\r\n\r\n            <div id=\"collapse4e862a2d8ab0c635f70a3bed423d89de814091de\" class=\"collapse\" data-id=\"4e862a2d8ab0c635f70a3bed423d89de814091de\" role=\"tabpanel\" aria-labelledby=\"heading4e862a2d8ab0c635f70a3bed423d89de814091de\">\r\n                <div class=\"card-block\">\r\n    \r\n<p>Galerie Kurzor, prostor pro hostuj\u00edc\u00ed kur\u00e1tory, je nov\u00fdm projektem Nadace a&nbsp;Centra pro sou\u010dasn\u00e9 um\u011bn\u00ed.\u00a0 Jeho c\u00edlem je poskytnout po dobu jednoho roku vybran\u00e9mu kur\u00e1torovi \u010di kur\u00e1torce z\u00e1zem\u00ed a&nbsp;zdroje etablovan\u00e9 um\u011bleck\u00e9 organizace (institucion\u00e1ln\u00ed, produk\u010dn\u00ed, v\u00fdzkumn\u00e9, finan\u010dn\u00ed) a&nbsp;rozs\u00e1hl\u00fd v\u00fdstavn\u00ed prostor, pro kter\u00fd bude moci p\u0159ipravit \u2013 nez\u0159\u00eddka poprv\u00e9 ve sv\u00e9 kari\u00e9\u0159e \u2013 ucelenou v\u00fdstavn\u00ed dramaturgii v\u010detn\u011b doprovodn\u00fdch aktivit (p\u0159edn\u00e1\u0161ek, panel\u016f) a&nbsp;v\u00fdro\u010dn\u00ed publikace. Form\u00e1t, p\u0159\u00edstup i&nbsp;t\u00e9ma jsou pln\u011b v&nbsp;gesci vybran\u00e9ho hostuj\u00edc\u00edho kur\u00e1tora. Ka\u017ed\u00fdm rokem bude Nadac\u00ed a&nbsp;Centrem pro sou\u010dasn\u00e9 um\u011bn\u00ed Praha osloven nov\u00fd kur\u00e1tor, kter\u00fd se tohoto projektu ujme.<\/p>\r\n<p>Galerii provozuje Nadace a&nbsp;Centrum pro sou\u010dasn\u00e9 um\u011bn\u00ed Praha. D\u016fvodem vzniku a&nbsp;c\u00edlem aktivity t\u011bchto instituc\u00ed je podpora rozvoje sou\u010dasn\u00e9ho v\u00fdtvarn\u00e9ho um\u011bn\u00ed, kter\u00e9 je ch\u00e1p\u00e1no jako nezastupiteln\u00e1 slo\u017eka harmonicky funguj\u00edc\u00ed demokratick\u00e9 spole\u010dnosti. \u010cinnost instituce sm\u011b\u0159uje k&nbsp;podpo\u0159e kvalitn\u00edch um\u011bleck\u00fdch projekt\u016f a&nbsp;jejich prezentace ve\u0159ejnosti.<\/p>\r\n<p>Dukelsk\u00fdch hrdin\u016f 500\/25a<br \/>\r\n<a href=\"http:\/\/www.fcca.cz\/\">www.fcca.cz<\/a><br \/>\r\n<a href=\"https:\/\/www.facebook.com\/NCSUPraha\">Nadace a&nbsp;Centrum pro sou\u010dasn\u00e9 um\u011bn\u00ed Praha | Facebook<\/a><\/p>\r\n                <\/div>\r\n            <\/div>\r\n        <\/div>\r\n    \r\n        <div class=\"collapse-block\">\r\n            <div class=\"card-header\" role=\"tab\" id=\"heading44407ede0dbc5df7cc1e24b3137bc31fd7d09fcc\">\r\n                                        <p data-toggle=\"collapse\" href=\"#collapse44407ede0dbc5df7cc1e24b3137bc31fd7d09fcc\" aria-controls=\"collapse44407ede0dbc5df7cc1e24b3137bc31fd7d09fcc\">\r\n                            Galerie na Milad\u011b                            <i class=\"fa fa-2x fa-angle-down\" aria-hidden=\"true\"><\/i>\r\n                        <\/p>\r\n                                \r\n            <\/div>\r\n\r\n            <div id=\"collapse44407ede0dbc5df7cc1e24b3137bc31fd7d09fcc\" class=\"collapse\" data-id=\"44407ede0dbc5df7cc1e24b3137bc31fd7d09fcc\" role=\"tabpanel\" aria-labelledby=\"heading44407ede0dbc5df7cc1e24b3137bc31fd7d09fcc\">\r\n                <div class=\"card-block\">\r\n    \r\n<p>Galerie na Milad\u011b je nevelik\u00fd v\u00fdstavn\u00ed prostor nach\u00e1zej\u00edc\u00ed se v&nbsp;pat\u0159e informa\u010dn\u00edho centra Milady Hor\u00e1kov\u00e9 2. Prim\u00e1rn\u011b se zam\u011b\u0159uje na prezentaci prac\u00ed student\u016f Akademie v\u00fdtvarn\u00fdch um\u011bn\u00ed v&nbsp;Praze. Za dobu sv\u00e9 existence zde vystavovalo mnoho za\u010d\u00ednaj\u00edc\u00edch um\u011blc\u016f, kte\u0159\u00ed se postupem doby \u00fasp\u011b\u0161n\u011b etablovaly na trhu sou\u010dasn\u00e9ho v\u00fdtvarn\u00e9ho um\u011bn\u00ed.<\/p>\r\n<p>Informa\u010dn\u00ed centrum Milady Hor\u00e1kov\u00e9 2<br \/>\r\n<a href=\"http:\/\/www.praha7.cz\/\">www.praha7.cz<\/a><br \/>\r\n<a href=\"https:\/\/www.facebook.com\/artdistrictpraha7\">Art District 7 | Facebook<\/a><\/p>\r\n                <\/div>\r\n            <\/div>\r\n        <\/div>\r\n    \r\n        <div class=\"collapse-block\">\r\n            <div class=\"card-header\" role=\"tab\" id=\"headingc3dfb76e1e37bcd52297adf3b6aa8e1ee8a73cb7\">\r\n                                        <p data-toggle=\"collapse\" href=\"#collapsec3dfb76e1e37bcd52297adf3b6aa8e1ee8a73cb7\" aria-controls=\"collapsec3dfb76e1e37bcd52297adf3b6aa8e1ee8a73cb7\">\r\n                            Galerie Petr Novotn\u00fd                            <i class=\"fa fa-2x fa-angle-down\" aria-hidden=\"true\"><\/i>\r\n                        <\/p>\r\n                                \r\n            <\/div>\r\n\r\n            <div id=\"collapsec3dfb76e1e37bcd52297adf3b6aa8e1ee8a73cb7\" class=\"collapse\" data-id=\"c3dfb76e1e37bcd52297adf3b6aa8e1ee8a73cb7\" role=\"tabpanel\" aria-labelledby=\"headingc3dfb76e1e37bcd52297adf3b6aa8e1ee8a73cb7\">\r\n                <div class=\"card-block\">\r\n    \r\n<p>Galerie je zam\u011b\u0159ena na prezentaci sou\u010dasn\u00e9ho vizu\u00e1ln\u00edho um\u011bn\u00ed s&nbsp;d\u016frazem na malbu. Zastupuje, prezentuje prost\u0159ednictv\u00edm pravideln\u00fdch v\u00fdstav a&nbsp;nab\u00edz\u00ed k&nbsp;prodeji \u0161pi\u010dkov\u00e9 autory zejm\u00e9na st\u0159edn\u00ed generace. V\u011bnujeme se t\u00e9\u017e podpo\u0159e v\u00fdrazn\u00fdch talent\u016f generace nejmlad\u0161\u00ed, kte\u0159\u00ed t\u00e9\u017e dost\u00e1vaj\u00ed m\u00edsto ve v\u00fdstavn\u00edm programu galerie.<\/p>\r\n<p>He\u0159manova 35<br \/>\r\n<a href=\"http:\/\/www.galeriepn.cz\/\">www.galeriepn.cz<\/a><br \/>\r\n<a href=\"https:\/\/www.facebook.com\/pages\/Galerie Petr Novotn%C3%BD\/1916009035374877\/\">Galerie Petr Novotn\u00fd | Facebook<\/a><\/p>\r\n                <\/div>\r\n            <\/div>\r\n        <\/div>\r\n    \r\n        <div class=\"collapse-block\">\r\n            <div class=\"card-header\" role=\"tab\" id=\"headingbd3f1674ae78a8747ae44eaeec588f482837b4fd\">\r\n                                        <p data-toggle=\"collapse\" href=\"#collapsebd3f1674ae78a8747ae44eaeec588f482837b4fd\" aria-controls=\"collapsebd3f1674ae78a8747ae44eaeec588f482837b4fd\">\r\n                            Galerie Scarabeus                            <i class=\"fa fa-2x fa-angle-down\" aria-hidden=\"true\"><\/i>\r\n                        <\/p>\r\n                                \r\n            <\/div>\r\n\r\n            <div id=\"collapsebd3f1674ae78a8747ae44eaeec588f482837b4fd\" class=\"collapse\" data-id=\"bd3f1674ae78a8747ae44eaeec588f482837b4fd\" role=\"tabpanel\" aria-labelledby=\"headingbd3f1674ae78a8747ae44eaeec588f482837b4fd\">\r\n                <div class=\"card-block\">\r\n    \r\n<p>Z\u00e1kladem galerijn\u00edho konceptu jsou autorsk\u00e9 individu\u00e1ln\u00ed a&nbsp;skupinov\u00e9 v\u00fdstavy. Ve Scarabeu ka\u017edoro\u010dn\u011b prob\u00edh\u00e1 monotematick\u00e1 expozice zam\u011b\u0159en\u00e1 na ur\u010dit\u00fd um\u011bleck\u00fd obor nebo techniku, mezi kter\u00e9 pat\u0159\u00ed: Historie ex libris I, II, Fotografick\u00e9 konfrontace, Pali\u010dkovan\u00e1 krajka, Kanafas \u2013 historie a&nbsp;sou\u010dasn\u00fd design, Smaltovan\u00fd \u0161perk, Autorsk\u00e1 hra\u010dka, Masopustn\u00ed a&nbsp;karnevalov\u00e9 masky, Rodinn\u00e1 loutkov\u00e1 divadla. Jednou za rok maj\u00ed mo\u017enost v&nbsp;galerii Scarabeus p\u0159edstavit svoji tvorbu studenti a&nbsp;mlad\u00ed absolventi um\u011bleck\u00fdch \u0161kol.<\/p>\r\n<p>Sou\u010d\u00e1st\u00ed prohl\u00eddky galerie Scarabeus je tak\u00e9 MUZEUM K\u00c1VY ALCHYMISTA, kter\u00e9 se v\u011bnuje fenom\u00e9nu k\u00e1vy z&nbsp;historick\u00e9ho, designov\u00e9ho i&nbsp;kulturn\u011b spole\u010densk\u00e9ho hlediska. V\u00fdstava fotografi\u00ed \u201ePra\u017esk\u00e9 kav\u00e1rny a&nbsp;jejich sv\u011bt\u201c dokumentuje vysokou um\u011bleckou \u00farove\u0148 prvorepublikov\u00fdch interi\u00e9r\u016f. Image novodob\u00e9ho \u201eLetensk\u00e9ho Montmartru\u201c dotv\u00e1\u0159\u00ed retro KAV\u00c1RNA A&nbsp;CUKR\u00c1RNA ALCHYMISTA.<\/p>\r\n<p>Jana Zaj\u00edce 7<br \/>\r\n<a href=\"http:\/\/www.galeriescarabeus.cz\/\">www.galeriescarabeus.cz<\/a><br \/>\r\n<a href=\"https:\/\/www.facebook.com\/Zahrada-Galerie-Scarabeus-264592051082441\">Zahrada Galerie Scarabeus | Facebook<\/a><\/p>\r\n                <\/div>\r\n            <\/div>\r\n        <\/div>\r\n    \r\n        <div class=\"collapse-block\">\r\n            <div class=\"card-header\" role=\"tab\" id=\"headingee445e20b391b81d8eb87cce0f1e5a6e5f2d59c7\">\r\n                                        <p data-toggle=\"collapse\" href=\"#collapseee445e20b391b81d8eb87cce0f1e5a6e5f2d59c7\" aria-controls=\"collapseee445e20b391b81d8eb87cce0f1e5a6e5f2d59c7\">\r\n                            Kresl\u00edrna                            <i class=\"fa fa-2x fa-angle-down\" aria-hidden=\"true\"><\/i>\r\n                        <\/p>\r\n                                \r\n            <\/div>\r\n\r\n            <div id=\"collapseee445e20b391b81d8eb87cce0f1e5a6e5f2d59c7\" class=\"collapse\" data-id=\"ee445e20b391b81d8eb87cce0f1e5a6e5f2d59c7\" role=\"tabpanel\" aria-labelledby=\"headingee445e20b391b81d8eb87cce0f1e5a6e5f2d59c7\">\r\n                <div class=\"card-block\">\r\n    \r\n<p>Kresl\u00edrna je v\u00fdtvarn\u00fd ateli\u00e9r, kter\u00fd nab\u00edz\u00ed z\u00e1zem\u00ed pro um\u011blce. Po\u0159\u00e1daj\u00ed zde r\u016fzn\u00e9 kurzy a&nbsp;workshopy, ale tak\u00e9 p\u0159\u00edpravy na p\u0159ij\u00edmac\u00ed zkou\u0161ky pro studenty um\u011bn\u00ed a&nbsp;mnoho dal\u0161\u00edho.<\/p>\r\n<p>V Kresl\u00edrn\u011b vych\u00e1z\u00edme jak z&nbsp;pedagogick\u00e9 teorie a&nbsp;praxe, tak z&nbsp;vlastn\u00ed tvorby v&nbsp;oblasti voln\u00e9ho um\u011bn\u00ed. Pohybujeme se v&nbsp;\u00fazk\u00e9m kruhu v\u00fdtvarn\u00edk\u016f p\u016fsob\u00edc\u00edch na sou\u010dasn\u00e9 um\u011bleck\u00e9 sc\u00e9n\u011b a&nbsp;reagujeme na trendy \u010desk\u00e9 i&nbsp;zahrani\u010dn\u00ed kultury. Z\u00e1rove\u0148 db\u00e1me na osvojen\u00ed tradi\u010dn\u00edch z\u00e1klad\u016f v\u00fdtvarn\u00e9 tvorby a&nbsp;teoretick\u00fdch poznatk\u016f z&nbsp;d\u011bjin v\u00fdtvarn\u00e9ho um\u011bn\u00ed.<\/p>\r\n<p>Jana Zaj\u00edce 929\/10<br \/>\r\n<a href=\"http:\/\/www.kreslirna.cz\/\">www.kreslirna.cz<\/a><br \/>\r\n<a href=\"https:\/\/www.facebook.com\/Kreslirna.cz\">Kresl\u00edrna v\u00fdtvarn\u00fd ateli\u00e9r | Facebook<\/a><\/p>\r\n                <\/div>\r\n            <\/div>\r\n        <\/div>\r\n    \r\n        <div class=\"collapse-block\">\r\n            <div class=\"card-header\" role=\"tab\" id=\"heading9a14a0621738dc455d439c3b927fc60738f61bfb\">\r\n                                        <p data-toggle=\"collapse\" href=\"#collapse9a14a0621738dc455d439c3b927fc60738f61bfb\" aria-controls=\"collapse9a14a0621738dc455d439c3b927fc60738f61bfb\">\r\n                            Kulturn\u00ed a \u0159emesln\u00ed prostor Znak                            <i class=\"fa fa-2x fa-angle-down\" aria-hidden=\"true\"><\/i>\r\n                        <\/p>\r\n                                \r\n            <\/div>\r\n\r\n            <div id=\"collapse9a14a0621738dc455d439c3b927fc60738f61bfb\" class=\"collapse\" data-id=\"9a14a0621738dc455d439c3b927fc60738f61bfb\" role=\"tabpanel\" aria-labelledby=\"heading9a14a0621738dc455d439c3b927fc60738f61bfb\">\r\n                <div class=\"card-block\">\r\n    \r\n<p>Kulturn\u00ed prostor na Letn\u00e9 zam\u011b\u0159uj\u00edc\u00ed se na \u0159emesln\u00e9 a&nbsp;um\u011bleck\u00e9 workshopy a&nbsp;d\u00edlny. Sou\u010d\u00e1st\u00ed programu jsou tak\u00e9 v\u00fdstavy, koncerty a&nbsp;filmov\u00e9 projekce.<\/p>\r\n<p>Letohradsk\u00e1 10<br \/>\r\n<a href=\"http:\/\/www.znak-letohradska.cz\/\">www.znak-letohradska.cz<\/a><br \/>\r\n<a href=\"https:\/\/www.facebook.com\/Linhartovanadace\">Linhartova nadace \/ Linhart Foundation | Facebook<\/a><\/p>\r\n                <\/div>\r\n            <\/div>\r\n        <\/div>\r\n    \r\n        <div class=\"collapse-block\">\r\n            <div class=\"card-header\" role=\"tab\" id=\"headingc1da1b0d871712b12fa610fed8964ce7d25bf3cc\">\r\n                                        <p data-toggle=\"collapse\" href=\"#collapsec1da1b0d871712b12fa610fed8964ce7d25bf3cc\" aria-controls=\"collapsec1da1b0d871712b12fa610fed8964ce7d25bf3cc\">\r\n                            Maroldovo panor\u00e1ma                            <i class=\"fa fa-2x fa-angle-down\" aria-hidden=\"true\"><\/i>\r\n                        <\/p>\r\n                                \r\n            <\/div>\r\n\r\n            <div id=\"collapsec1da1b0d871712b12fa610fed8964ce7d25bf3cc\" class=\"collapse\" data-id=\"c1da1b0d871712b12fa610fed8964ce7d25bf3cc\" role=\"tabpanel\" aria-labelledby=\"headingc1da1b0d871712b12fa610fed8964ce7d25bf3cc\">\r\n                <div class=\"card-block\">\r\n    \r\n<p>Maroldovo panor\u00e1ma je kruhov\u00e1 budova ve spodn\u00ed \u010d\u00e1sti V\u00fdstavi\u0161t\u011b, kter\u00e1 skr\u00fdv\u00e1 nejv\u011bt\u0161\u00ed panoramatick\u00fd obraz v&nbsp;\u010cesk\u00e9 republice. Pozoruhodn\u00e9 d\u00edlo \u010desk\u00e9ho mal\u00ed\u0159e Lu\u010fka Marolda z&nbsp;let 1897\u20131898 je v\u011bnov\u00e1no vyobrazen\u00ed Bitvy u&nbsp;Lipan, kter\u00e1 se odehr\u00e1la 30.&nbsp;kv\u011btna 1434 mezi kali\u0161nick\u00fdmi vojsky bratrstva a&nbsp;panskou jednotou. Jedin\u00e1 bitva, kdy bojovali \u010ce\u0161i proti \u010cech\u016fm! Pop\u0159ed\u00ed unik\u00e1tn\u00edho obrazu, kter\u00fd je 11 metr\u016f vysok\u00fd a&nbsp;95 metr\u016f dlouh\u00fd, je dopln\u011bno re\u00e1ln\u00fdmi p\u0159edm\u011bty, jako je nap\u0159\u00edklad husitsk\u00fd v\u016fz a&nbsp;vytv\u00e1\u0159\u00ed tak iluzi trojrozm\u011brn\u00e9ho prostoru.<\/p>\r\n<p>Ji\u017e p\u0159i vstupu se sezn\u00e1m\u00edte s&nbsp;n\u011bkolika postavami t\u00e9to bitvy \u2013 Janem ze \u0160vamberka, Divi\u0161em Bo\u0159kem z&nbsp;Milet\u00ednka nebo Prokopem Hol\u00fdm. \u017de v\u00e1m tato jm\u00e9na nic ne\u0159\u00edkaj\u00ed? Nejvy\u0161\u0161\u00ed \u010das p\u0159ij\u00edt k&nbsp;n\u00e1m na n\u00e1v\u0161t\u011bvu! Maroldovo panor\u00e1ma je otev\u0159eno od dubna do \u0159\u00edjna.<br \/>\r\n<br \/>\r\nAre\u00e1l V\u00fdstavi\u0161t\u011b Praha<br \/>\r\n<a href=\"https:\/\/navystavisti.cz\/areal\/maroldovo-panorama\/\">www.navystavisti.cz\/areal\/maroldovo-panorama<\/a><\/p>\r\n                <\/div>\r\n            <\/div>\r\n        <\/div>\r\n    \r\n        <div class=\"collapse-block\">\r\n            <div class=\"card-header\" role=\"tab\" id=\"heading71caad0e605640f7c10873cce55b5cd2bf7c5346\">\r\n                                        <p data-toggle=\"collapse\" href=\"#collapse71caad0e605640f7c10873cce55b5cd2bf7c5346\" aria-controls=\"collapse71caad0e605640f7c10873cce55b5cd2bf7c5346\">\r\n                            N\u00e1rodn\u00ed galerie \u2013 Veletr\u017en\u00ed pal\u00e1c                            <i class=\"fa fa-2x fa-angle-down\" aria-hidden=\"true\"><\/i>\r\n                        <\/p>\r\n                                \r\n            <\/div>\r\n\r\n            <div id=\"collapse71caad0e605640f7c10873cce55b5cd2bf7c5346\" class=\"collapse\" data-id=\"71caad0e605640f7c10873cce55b5cd2bf7c5346\" role=\"tabpanel\" aria-labelledby=\"heading71caad0e605640f7c10873cce55b5cd2bf7c5346\">\r\n                <div class=\"card-block\">\r\n    \r\n<p>Veletr\u017en\u00ed pal\u00e1c, klenot \u010desk\u00e9 funkcionalistick\u00e9 architektury p\u016fvodn\u011b ur\u010den\u00fd pro kon\u00e1n\u00ed veletrh\u016f, je s\u00eddlem N\u00e1rodn\u00ed galerie v&nbsp;Praze od roku 1976. Pal\u00e1c byl postaven v&nbsp;letech 1925 a\u017e 1928 podle n\u00e1vrhu architekt\u016f Josefa Fuchse a&nbsp;Old\u0159icha Tyla \u2013 v&nbsp;t\u00e9 dob\u011b jako nejv\u011bt\u0161\u00ed stavba sv\u00e9ho druhu na sv\u011bt\u011b. Tehdy slou\u017eil spole\u010dnosti Pra\u017esk\u00e9 vzorkov\u00e9 veletrhy, po druh\u00e9 sv\u011btov\u00e9 v\u00e1lce se pak stal pal\u00e1c s\u00eddlem n\u011bkolika spole\u010dnost\u00ed zab\u00fdvaj\u00edc\u00edch se zahrani\u010dn\u00edm obchodem. Do historie budovy se v\u00fdrazn\u011b zapsal 14.&nbsp;srpen 1974, kdy byla t\u00e9m\u011b\u0159 zni\u010dena obrovsk\u00fdm po\u017e\u00e1rem, jeho\u017e likvidace trvala a\u017e do 20.&nbsp;srpna. V&nbsp;roce 1976 bylo rozhodnuto o&nbsp;jeho rekonstrukci, kter\u00e1 trvala velmi dlouho \u2013 kompletn\u00ed oprava budovy byla dokon\u010dena a\u017e v&nbsp;90.&nbsp;letech.<\/p>\r\n<p>Veletr\u017en\u00ed pal\u00e1c je domovem unik\u00e1tn\u00edho souboru \u010desk\u00e9ho i&nbsp;zahrani\u010dn\u00edho modern\u00edho a&nbsp;sou\u010dasn\u00e9ho um\u011bn\u00ed. Plocha o&nbsp;velikosti 13&nbsp;500 m2 p\u0159edstavuje v\u00edce jak dva tis\u00edce um\u011bleck\u00fdch d\u011bl.<\/p>\r\n<p>Dukelsk\u00fdch hrdin\u016f 47<br \/>\r\n<a href=\"http:\/\/www.ngprague.cz\/\">www.ngprague.cz<\/a><br \/>\r\n<a href=\"https:\/\/www.facebook.com\/NGPrague\">N\u00e1rodn\u00ed galerie Praha | Facebook<\/a><\/p>\r\n                <\/div>\r\n            <\/div>\r\n        <\/div>\r\n    \r\n        <div class=\"collapse-block\">\r\n            <div class=\"card-header\" role=\"tab\" id=\"heading406de3a5f7814273c71fbb8421d5d97e916f52b5\">\r\n                                        <p data-toggle=\"collapse\" href=\"#collapse406de3a5f7814273c71fbb8421d5d97e916f52b5\" aria-controls=\"collapse406de3a5f7814273c71fbb8421d5d97e916f52b5\">\r\n                            Polansky Gallery                            <i class=\"fa fa-2x fa-angle-down\" aria-hidden=\"true\"><\/i>\r\n                        <\/p>\r\n                                \r\n            <\/div>\r\n\r\n            <div id=\"collapse406de3a5f7814273c71fbb8421d5d97e916f52b5\" class=\"collapse\" data-id=\"406de3a5f7814273c71fbb8421d5d97e916f52b5\" role=\"tabpanel\" aria-labelledby=\"heading406de3a5f7814273c71fbb8421d5d97e916f52b5\">\r\n                <div class=\"card-block\">\r\n    \r\n<p>Polansky Gallery je mlad\u00e1 progresivn\u00ed galerie pracuj\u00edc\u00ed mezin\u00e1rodn\u011b na vysok\u00e9 \u00farovni. Nen\u00ed programov\u011b vyhran\u011bna, zastupuje jak \u010desk\u00e9, tak i&nbsp;zahrani\u010dn\u00ed, mlad\u00e9 i&nbsp;zaveden\u00e9 um\u011blce, pracuj\u00edc\u00ed s&nbsp;libovoln\u00fdmi m\u00e9dii.<\/p>\r\n<p>Veletr\u017en\u00ed 45<br \/>\r\n<a href=\"http:\/\/www.polanskygallery.com\/\">www.polanskygallery.com<\/a><br \/>\r\n<a href=\"https:\/\/www.facebook.com\/PolanskyGallery\">Polansky Gallery | Facebook<\/a><\/p>\r\n                <\/div>\r\n            <\/div>\r\n        <\/div>\r\n    \r\n        <div class=\"collapse-block\">\r\n            <div class=\"card-header\" role=\"tab\" id=\"headingd1670003e321f1734f27eb49904033cbf6522851\">\r\n                                        <p data-toggle=\"collapse\" href=\"#collapsed1670003e321f1734f27eb49904033cbf6522851\" aria-controls=\"collapsed1670003e321f1734f27eb49904033cbf6522851\">\r\n                            SKLAD M1                            <i class=\"fa fa-2x fa-angle-down\" aria-hidden=\"true\"><\/i>\r\n                        <\/p>\r\n                                \r\n            <\/div>\r\n\r\n            <div id=\"collapsed1670003e321f1734f27eb49904033cbf6522851\" class=\"collapse\" data-id=\"d1670003e321f1734f27eb49904033cbf6522851\" role=\"tabpanel\" aria-labelledby=\"headingd1670003e321f1734f27eb49904033cbf6522851\">\r\n                <div class=\"card-block\">\r\n    \r\n<p>Studentsk\u00e1 galerie nach\u00e1zej\u00edc\u00ed se v&nbsp;prostorech skladu Malby 1 v&nbsp;prvn\u00edm pat\u0159e Akademie v\u00fdtvarn\u00fdch um\u011bn\u00ed v&nbsp;Praze. Cel\u00fd projekt vznikl jako mo\u017enost d\u00e1t student\u016fm i&nbsp;\u010derstv\u00fdm absolvent\u016fm z&nbsp;AVU a&nbsp;odjinud vyzkou\u0161et si vystavov\u00e1n\u00ed ve specifick\u00e9m prostoru stejn\u011b jako obohatit kulturn\u00ed \u017eivot na Akademii.\u00a0<\/p>\r\n<p>U Akademie 4<br \/>\r\n<a href=\"https:\/\/www.facebook.com\/skladM1galerie\">SKLAD M1 | Facebook<\/a><\/p>\r\n                <\/div>\r\n            <\/div>\r\n        <\/div>\r\n    \r\n        <div class=\"collapse-block\">\r\n            <div class=\"card-header\" role=\"tab\" id=\"heading430aea03f093f32815ae8c98bee0214fd31be529\">\r\n                                        <p data-toggle=\"collapse\" href=\"#collapse430aea03f093f32815ae8c98bee0214fd31be529\" aria-controls=\"collapse430aea03f093f32815ae8c98bee0214fd31be529\">\r\n                            \u0160achta                            <i class=\"fa fa-2x fa-angle-down\" aria-hidden=\"true\"><\/i>\r\n                        <\/p>\r\n                                \r\n            <\/div>\r\n\r\n            <div id=\"collapse430aea03f093f32815ae8c98bee0214fd31be529\" class=\"collapse\" data-id=\"430aea03f093f32815ae8c98bee0214fd31be529\" role=\"tabpanel\" aria-labelledby=\"heading430aea03f093f32815ae8c98bee0214fd31be529\">\r\n                <div class=\"card-block\">\r\n    \r\n<p>Prostor pro kreativitu, kulturu, komunitu a&nbsp;v\u016fbec v\u0161echno pro um\u011bn\u00ed a&nbsp;sport. \u0160achta nab\u00edz\u00ed dva atypick\u00e9 galerijn\u00ed prostory, \u017e\u00e1nrov\u00fd sklep a&nbsp;multifunk\u010dn\u00ed dv\u016fr. Vystavuj\u00ed zde pravideln\u011b studenti z&nbsp;AVU, UMPRUM a&nbsp;FAMU.<\/p>\r\n<p>Bubensk\u00e1 14<br \/>\r\n<a href=\"http:\/\/www.holesovickasachta.cz\/\">www.holesovickasachta.cz<\/a><br \/>\r\n<a href=\"https:\/\/www.facebook.com\/HolesovickaSachta\">\u0160achta | Facebook<\/a><\/p>\r\n                <\/div>\r\n            <\/div>\r\n        <\/div>\r\n    \r\n        <div class=\"collapse-block\">\r\n            <div class=\"card-header\" role=\"tab\" id=\"heading1a892aa9bfaf0b1c5afecf663edb8d59f3760c9b\">\r\n                                        <p data-toggle=\"collapse\" href=\"#collapse1a892aa9bfaf0b1c5afecf663edb8d59f3760c9b\" aria-controls=\"collapse1a892aa9bfaf0b1c5afecf663edb8d59f3760c9b\">\r\n                            The Chemistry Gallery                            <i class=\"fa fa-2x fa-angle-down\" aria-hidden=\"true\"><\/i>\r\n                        <\/p>\r\n                                \r\n            <\/div>\r\n\r\n            <div id=\"collapse1a892aa9bfaf0b1c5afecf663edb8d59f3760c9b\" class=\"collapse\" data-id=\"1a892aa9bfaf0b1c5afecf663edb8d59f3760c9b\" role=\"tabpanel\" aria-labelledby=\"heading1a892aa9bfaf0b1c5afecf663edb8d59f3760c9b\">\r\n                <div class=\"card-block\">\r\n    \r\n<p>The Chemistry Gallery je mlad\u00e1 dynamick\u00e1 kreativn\u00ed instituce ur\u010den\u00e1 pro seri\u00f3zn\u00ed komer\u010dn\u00ed a&nbsp;odbornou prezentaci d\u011bl sou\u010dasn\u00fdch mlad\u00fdch um\u011blc\u016f jak z&nbsp;\u010cesk\u00e9 republiky, tak ze zahrani\u010d\u00ed. C\u00edlem The Chemistry Gallery je p\u0159isp\u011bt k&nbsp;vz\u00e1jemn\u00e9mu porozum\u011bn\u00ed a&nbsp;interakci mezi sv\u011btem sou\u010dasn\u00e9ho vizu\u00e1ln\u00edho um\u011bn\u00ed a&nbsp;ve\u0159ejnost\u00ed a&nbsp;vyvolat tak z\u00e1jem o&nbsp;mlad\u00e9 modern\u00ed um\u011bn\u00ed a&nbsp;nov\u00e9 um\u011bleck\u00e9 trendy, hnut\u00ed \u010di tv\u016fr\u010d\u00ed koncepty.<\/p>\r\n<p>Hala 40, Hole\u0161ovick\u00e1 tr\u017enice<br \/>\r\n<a href=\"http:\/\/www.thechemistry.art\">www.thechemistry.art<\/a> <br \/>\r\n<a href=\"https:\/\/www.facebook.com\/ChemistryGallery\">The Chemistry Gallery | Facebook<\/a><\/p>\r\n                <\/div>\r\n            <\/div>\r\n        <\/div>\r\n    \r\n        <div class=\"collapse-block\">\r\n            <div class=\"card-header\" role=\"tab\" id=\"heading455596dd42e8b4bb12fa43a5932726e6050feb54\">\r\n                                        <p data-toggle=\"collapse\" href=\"#collapse455596dd42e8b4bb12fa43a5932726e6050feb54\" aria-controls=\"collapse455596dd42e8b4bb12fa43a5932726e6050feb54\">\r\n                            Trafo Gallery                            <i class=\"fa fa-2x fa-angle-down\" aria-hidden=\"true\"><\/i>\r\n                        <\/p>\r\n                                \r\n            <\/div>\r\n\r\n            <div id=\"collapse455596dd42e8b4bb12fa43a5932726e6050feb54\" class=\"collapse\" data-id=\"455596dd42e8b4bb12fa43a5932726e6050feb54\" role=\"tabpanel\" aria-labelledby=\"heading455596dd42e8b4bb12fa43a5932726e6050feb54\">\r\n                <div class=\"card-block\">\r\n    \r\n<p>Trafo Gallery je soukrom\u00e1 v\u00fdstavn\u00ed s\u00ed\u0148 v&nbsp;prostor\u00e1ch b\u00fdval\u00fdch jatek, jej\u00edm\u017e c\u00edlem je vystavovat v\u00fdrazn\u00e9 um\u011blce nejen z&nbsp;generace sv\u00fdch zakladatel\u016f. U&nbsp;zrodu dnes ji\u017e b\u00fdval\u00e9 Trafa\u010dky st\u00e1l Jan Kal\u00e1b, Jakub Nepra\u0161, Michal Cimala a&nbsp;Blanka \u010cerm\u00e1kov\u00e1, kte\u0159\u00ed od konce roku 2006 dodnes spole\u010dn\u011b utv\u00e1\u0159ej\u00ed v\u00fdstavn\u00ed program. Ve spolupr\u00e1ci s&nbsp;p\u0159edn\u00edmi \u010desk\u00fdmi kur\u00e1tory (Otto M. Urban, Petr Va\u0148ous, Radek Wohlmuth a&nbsp;dal\u0161\u00ed) a&nbsp;\u010desk\u00fdmi a&nbsp;zahrani\u010dn\u00edmi um\u011blci p\u0159ipravuje Trafo Gallery \u0161est v\u00fdstav ro\u010dn\u011b.<\/p>\r\n<p>Hole\u0161ovick\u00e1 tr\u017enice \u2013 hala 14<br \/>\r\n<a href=\"http:\/\/www.trafogallery.cz\/\">www.trafogallery.cz<\/a><br \/>\r\n<a href=\"https:\/\/www.facebook.com\/trafogalerie\">Trafo Gallery | Facebook<\/a><\/p>\r\n                <\/div>\r\n            <\/div>\r\n        <\/div>\r\n    \r\n<p>&nbsp;<\/p>\r\n<h2>Kina<\/h2>\r\n        <div class=\"collapse-block\">\r\n            <div class=\"card-header\" role=\"tab\" id=\"heading6c28b2456a6a59227c51bf0caaa01865dc3e3bf6\">\r\n                                        <p data-toggle=\"collapse\" href=\"#collapse6c28b2456a6a59227c51bf0caaa01865dc3e3bf6\" aria-controls=\"collapse6c28b2456a6a59227c51bf0caaa01865dc3e3bf6\">\r\n                            Bio Oko                            <i class=\"fa fa-2x fa-angle-down\" aria-hidden=\"true\"><\/i>\r\n                        <\/p>\r\n                                \r\n            <\/div>\r\n\r\n            <div id=\"collapse6c28b2456a6a59227c51bf0caaa01865dc3e3bf6\" class=\"collapse\" data-id=\"6c28b2456a6a59227c51bf0caaa01865dc3e3bf6\" role=\"tabpanel\" aria-labelledby=\"heading6c28b2456a6a59227c51bf0caaa01865dc3e3bf6\">\r\n                <div class=\"card-block\">\r\n    \r\n<p>Bio Oko je jedn\u00edm z&nbsp;dosud zachovan\u00fdch a&nbsp;provozovan\u00fdch kinos\u00e1l\u016f z&nbsp;doby p\u0159ed rokem 1990, kter\u00e9 se od roku 2007 zam\u011b\u0159uje na artovou produkci. Podobn\u011b jako kina Aero a&nbsp;Sv\u011btozor sleduje nez\u00e1visl\u00e9 hran\u00e9, dokument\u00e1rn\u00ed i&nbsp;animovan\u00e9 filmy z&nbsp;cel\u00e9ho sv\u011bta. Bio Oko po\u0159\u00e1d\u00e1 i&nbsp;\u0159adu besed, setk\u00e1n\u00ed \u010di v\u00fdstav, provozuje tak\u00e9 obl\u00edbenou kav\u00e1rnu a&nbsp;letn\u00ed kino na V\u00fdstavi\u0161ti.<\/p>\r\n<p>Franti\u0161ka K\u0159i\u017e\u00edka 460\/15<br \/>\r\n<a href=\"http:\/\/www.biooko.net\/\">www.biooko.net<\/a><br \/>\r\n<a href=\"https:\/\/www.facebook.com\/biooko\">BIO | OKO | Facebook<\/a><\/p>\r\n                <\/div>\r\n            <\/div>\r\n        <\/div>\r\n    \r\n<p>&nbsp;<\/p>\r\n<p><span style=\"text-decoration: underline;\">Letn\u00ed kina<\/span><br \/>\r\nLetn\u00ed kina v&nbsp;Praze 7: <a href=\"http:\/\/www.facebook.com\/letnikinocross\">Letn\u00ed kino p\u0159ed Crossem,<\/a> <a href=\"https:\/\/www.dox.cz\/program\/letni-kino-dox\">Letn\u00ed kino DOX<\/a>.<\/p>\r\n<p>&nbsp;<\/p>\r\n<h2>Knihovny, knihkupectv\u00ed a&nbsp;antikvari\u00e1ty<\/h2>\r\n        <div class=\"collapse-block\">\r\n            <div class=\"card-header\" role=\"tab\" id=\"heading9b5de600f6e8d23f376043b484ebf6947338dcc9\">\r\n                                        <p data-toggle=\"collapse\" href=\"#collapse9b5de600f6e8d23f376043b484ebf6947338dcc9\" aria-controls=\"collapse9b5de600f6e8d23f376043b484ebf6947338dcc9\">\r\n                            Antikvari\u00e1t D\u011blnick\u00e1                            <i class=\"fa fa-2x fa-angle-down\" aria-hidden=\"true\"><\/i>\r\n                        <\/p>\r\n                                \r\n            <\/div>\r\n\r\n            <div id=\"collapse9b5de600f6e8d23f376043b484ebf6947338dcc9\" class=\"collapse\" data-id=\"9b5de600f6e8d23f376043b484ebf6947338dcc9\" role=\"tabpanel\" aria-labelledby=\"heading9b5de600f6e8d23f376043b484ebf6947338dcc9\">\r\n                <div class=\"card-block\">\r\n    \r\n<p>Jeden z\u00a0nejpozoruhodn\u011bj\u0161\u00edch antikvari\u00e1t\u016f v\u00a0\u010cesku najdete v\u00a0D\u011blnick\u00e9 ulici 336\/45, kter\u00fd provozuje knihkupec Ji\u0159\u00ed Nov\u00e1k. P\u0159es vyskl\u00e1dan\u00e9 knihy zde nen\u00ed prakticky vid\u011bt p\u0159es v\u00fdlohu vid\u011bt dovnit\u0159. Uvnit\u0159 lze mezi kn\u00ed\u017ekami v\u00a0kom\u00ednc\u00edch sahaj\u00edc\u00edch a\u017e do stropu pohybovat jen \u00fazk\u00fdmi uli\u010dkami. Tento antikvari\u00e1t nab\u00edz\u00ed n\u011bco, co jinde nenajdete \u2013 jedine\u010dnou atmosf\u00e9ru.<\/p>\r\n<p>D\u011blnick\u00e1 336\/45<\/p>\r\n                <\/div>\r\n            <\/div>\r\n        <\/div>\r\n    \r\n        <div class=\"collapse-block\">\r\n            <div class=\"card-header\" role=\"tab\" id=\"headingdf1b37c1bbef9fb097182885291dc8b8b2e9f84e\">\r\n                                        <p data-toggle=\"collapse\" href=\"#collapsedf1b37c1bbef9fb097182885291dc8b8b2e9f84e\" aria-controls=\"collapsedf1b37c1bbef9fb097182885291dc8b8b2e9f84e\">\r\n                            Antikvari\u00e1t Valentinsk\u00e1                            <i class=\"fa fa-2x fa-angle-down\" aria-hidden=\"true\"><\/i>\r\n                        <\/p>\r\n                                \r\n            <\/div>\r\n\r\n            <div id=\"collapsedf1b37c1bbef9fb097182885291dc8b8b2e9f84e\" class=\"collapse\" data-id=\"df1b37c1bbef9fb097182885291dc8b8b2e9f84e\" role=\"tabpanel\" aria-labelledby=\"headingdf1b37c1bbef9fb097182885291dc8b8b2e9f84e\">\r\n                <div class=\"card-block\">\r\n    \r\n<p>Antikvari\u00e1t s\u00a0bohatou histori\u00ed, kter\u00fd na Sedmi\u010dce p\u016fsob\u00ed teprve od za\u010d\u00e1tku roku 2020.<\/p>\r\n<p>D\u011blnick\u00e1 313\/20<br \/>\r\n<a href=\"http:\/\/www.valentinska.cz\/\">www.valentinska.cz<\/a><br \/>\r\n<a href=\"https:\/\/www.facebook.com\/valentinska.cz\">ANTIKVARIAT VALENTINSKA | Facebook<\/a><\/p>\r\n                <\/div>\r\n            <\/div>\r\n        <\/div>\r\n    \r\n        <div class=\"collapse-block\">\r\n            <div class=\"card-header\" role=\"tab\" id=\"headinga1bda5a613e4adb02af378976b2fe957cf95d6ba\">\r\n                                        <p data-toggle=\"collapse\" href=\"#collapsea1bda5a613e4adb02af378976b2fe957cf95d6ba\" aria-controls=\"collapsea1bda5a613e4adb02af378976b2fe957cf95d6ba\">\r\n                            Bendox books                            <i class=\"fa fa-2x fa-angle-down\" aria-hidden=\"true\"><\/i>\r\n                        <\/p>\r\n                                \r\n            <\/div>\r\n\r\n            <div id=\"collapsea1bda5a613e4adb02af378976b2fe957cf95d6ba\" class=\"collapse\" data-id=\"a1bda5a613e4adb02af378976b2fe957cf95d6ba\" role=\"tabpanel\" aria-labelledby=\"headinga1bda5a613e4adb02af378976b2fe957cf95d6ba\">\r\n                <div class=\"card-block\">\r\n    \r\n<p>Jedine\u010dn\u00e9 knihkupectv\u00ed s\u00a0rozs\u00e1hlou nab\u00eddkou knih o&nbsp;modern\u00edm um\u011bn\u00ed, architektu\u0159e, designu a&nbsp;\u017eivotn\u00edm stylu. Na sv\u00e9 si zde p\u0159ijdou i&nbsp;d\u011bti, pro kter\u00e9 Bendox books nab\u00edz\u00ed knihy s\u00a0origin\u00e1ln\u00edmi n\u00e1m\u011bty a&nbsp;ilustracemi.<\/p>\r\n<p>Poup\u011btova 1<br \/>\r\n<a href=\"http:\/\/www.bendox.cz\/\">www.bendox.cz<\/a><br \/>\r\n<a href=\"https:\/\/www.facebook.com\/bendoxbookshop\">Knihkupectv\u00ed Bendox | Facebook<\/a><\/p>\r\n                <\/div>\r\n            <\/div>\r\n        <\/div>\r\n    \r\n        <div class=\"collapse-block\">\r\n            <div class=\"card-header\" role=\"tab\" id=\"headingb1dce336154ee84a29fec5aadb00c257e455bd47\">\r\n                                        <p data-toggle=\"collapse\" href=\"#collapseb1dce336154ee84a29fec5aadb00c257e455bd47\" aria-controls=\"collapseb1dce336154ee84a29fec5aadb00c257e455bd47\">\r\n                            Kanzelsberger \u2013 OC Stromovka                            <i class=\"fa fa-2x fa-angle-down\" aria-hidden=\"true\"><\/i>\r\n                        <\/p>\r\n                                \r\n            <\/div>\r\n\r\n            <div id=\"collapseb1dce336154ee84a29fec5aadb00c257e455bd47\" class=\"collapse\" data-id=\"b1dce336154ee84a29fec5aadb00c257e455bd47\" role=\"tabpanel\" aria-labelledby=\"headingb1dce336154ee84a29fec5aadb00c257e455bd47\">\r\n                <div class=\"card-block\">\r\n    \r\n<p>Jeden z\u00a0nejv\u011bt\u0161\u00edch \u010desk\u00fdch kni\u017en\u00edch \u0159et\u011bzc\u016f provozuj\u00edc\u00edch v\u00a0sou\u010dasnosti 64 knihkupectv\u00ed v&nbsp;Praze a&nbsp;dal\u0161\u00edch m\u011bstech \u010cesk\u00e9 republiky.<\/p>\r\n<p>Veletr\u017en\u00ed 24<br \/>\r\n<a href=\"https:\/\/firma.kanzelsberger.cz\/\">kanzelsberger | knihy po v\u0161ech str\u00e1nk\u00e1ch<\/a><br \/>\r\n<a href=\"https:\/\/www.facebook.com\/knihy.kanzelsberger\">Knihy Kanzelsberger &#8211; knihkupectv\u00ed, dumknihy.cz | Facebook<\/a><\/p>\r\n                <\/div>\r\n            <\/div>\r\n        <\/div>\r\n    \r\n        <div class=\"collapse-block\">\r\n            <div class=\"card-header\" role=\"tab\" id=\"headinga61f4e7f34dc79e588cd30664539424471b20a19\">\r\n                                        <p data-toggle=\"collapse\" href=\"#collapsea61f4e7f34dc79e588cd30664539424471b20a19\" aria-controls=\"collapsea61f4e7f34dc79e588cd30664539424471b20a19\">\r\n                            Knihkopec                            <i class=\"fa fa-2x fa-angle-down\" aria-hidden=\"true\"><\/i>\r\n                        <\/p>\r\n                                \r\n            <\/div>\r\n\r\n            <div id=\"collapsea61f4e7f34dc79e588cd30664539424471b20a19\" class=\"collapse\" data-id=\"a61f4e7f34dc79e588cd30664539424471b20a19\" role=\"tabpanel\" aria-labelledby=\"headinga61f4e7f34dc79e588cd30664539424471b20a19\">\r\n                <div class=\"card-block\">\r\n    \r\n<p>V\u00fdb\u011brov\u00e9 knihkupectv\u00ed a&nbsp;pidiantikvari\u00e1t, kter\u00fd je z\u00e1rove\u0148 barem a&nbsp;hospodou.<\/p>\r\n<p>Tusarova 1545\/25A<br \/>\r\n<a href=\"https:\/\/www.facebook.com\/Knihkopec\" target=\"_blank\" rel=\"noopener\">Knihkopec | Facebook<\/a><\/p>\r\n                <\/div>\r\n            <\/div>\r\n        <\/div>\r\n    \r\n        <div class=\"collapse-block\">\r\n            <div class=\"card-header\" role=\"tab\" id=\"headinge0048d1a56ccb9091650eaa2ab3f08fd7403148f\">\r\n                                        <p data-toggle=\"collapse\" href=\"#collapsee0048d1a56ccb9091650eaa2ab3f08fd7403148f\" aria-controls=\"collapsee0048d1a56ccb9091650eaa2ab3f08fd7403148f\">\r\n                            Knihkupectv\u00ed 2 veverky                            <i class=\"fa fa-2x fa-angle-down\" aria-hidden=\"true\"><\/i>\r\n                        <\/p>\r\n                                \r\n            <\/div>\r\n\r\n            <div id=\"collapsee0048d1a56ccb9091650eaa2ab3f08fd7403148f\" class=\"collapse\" data-id=\"e0048d1a56ccb9091650eaa2ab3f08fd7403148f\" role=\"tabpanel\" aria-labelledby=\"headinge0048d1a56ccb9091650eaa2ab3f08fd7403148f\">\r\n                <div class=\"card-block\">\r\n    \r\n<p>Kni\u017en\u00ed lah\u016fdk\u00e1\u0159stv\u00ed nejen pro d\u011bti.\u00a0Zam\u011b\u0159uje se na produkci men\u0161\u00edch nakladatel\u016f.<\/p>\r\n<p>U Pr\u016fhonu 17<\/p>\r\n<p><a href=\"https:\/\/www.2veverky.cz\/\" target=\"_blank\" rel=\"noopener\">www.2veverky.cz<\/a><br \/>\r\n<a href=\"https:\/\/www.facebook.com\/2veverky.cz\/\" target=\"_blank\" rel=\"noopener\">2veverky | Facebook<\/a><\/p>\r\n                <\/div>\r\n            <\/div>\r\n        <\/div>\r\n    \r\n        <div class=\"collapse-block\">\r\n            <div class=\"card-header\" role=\"tab\" id=\"heading859c5e5611d85a1c353f04ef9d28e828bdf08444\">\r\n                                        <p data-toggle=\"collapse\" href=\"#collapse859c5e5611d85a1c353f04ef9d28e828bdf08444\" aria-controls=\"collapse859c5e5611d85a1c353f04ef9d28e828bdf08444\">\r\n                            Knihobot                            <i class=\"fa fa-2x fa-angle-down\" aria-hidden=\"true\"><\/i>\r\n                        <\/p>\r\n                                \r\n            <\/div>\r\n\r\n            <div id=\"collapse859c5e5611d85a1c353f04ef9d28e828bdf08444\" class=\"collapse\" data-id=\"859c5e5611d85a1c353f04ef9d28e828bdf08444\" role=\"tabpanel\" aria-labelledby=\"heading859c5e5611d85a1c353f04ef9d28e828bdf08444\">\r\n                <div class=\"card-block\">\r\n    \r\n<p>Jeden z\u00a0nejv\u011bt\u0161\u00edch \u010desk\u00fdch on-line antikvari\u00e1t\u016f.<\/p>\r\n<p>Dukelsk\u00fdch hrdin\u016f 359\/21<br \/>\r\n<a href=\"http:\/\/www.knihobot.cz\">www.knihobot.cz<\/a><br \/>\r\n<a href=\"https:\/\/www.facebook.com\/knihobot.cz\">Knihobot | Facebook<\/a><\/p>\r\n                <\/div>\r\n            <\/div>\r\n        <\/div>\r\n    \r\n        <div class=\"collapse-block\">\r\n            <div class=\"card-header\" role=\"tab\" id=\"headingc1028b006dc123ea01f8854a03953cf49c0e4aea\">\r\n                                        <p data-toggle=\"collapse\" href=\"#collapsec1028b006dc123ea01f8854a03953cf49c0e4aea\" aria-controls=\"collapsec1028b006dc123ea01f8854a03953cf49c0e4aea\">\r\n                            Koenigs Books                            <i class=\"fa fa-2x fa-angle-down\" aria-hidden=\"true\"><\/i>\r\n                        <\/p>\r\n                                \r\n            <\/div>\r\n\r\n            <div id=\"collapsec1028b006dc123ea01f8854a03953cf49c0e4aea\" class=\"collapse\" data-id=\"c1028b006dc123ea01f8854a03953cf49c0e4aea\" role=\"tabpanel\" aria-labelledby=\"headingc1028b006dc123ea01f8854a03953cf49c0e4aea\">\r\n                <div class=\"card-block\">\r\n    \r\n<p>Monument\u00e1ln\u00ed prostory Mal\u00e9 dvorany Veletr\u017en\u00edho pal\u00e1ce host\u00ed vlajkovou lo\u010f galerijn\u00edch obchod\u016f N\u00e1rodn\u00ed galerie Praha. Knihkupectv\u00ed NGP \u2060\u2013\u2060 Koenig Books nab\u00edz\u00ed jak publikace a&nbsp;sortiment z&nbsp;produkce N\u00e1rodn\u00ed galerie Praha, tak v\u00fdb\u011br z&nbsp;Walter Koenig Books, jednoho z&nbsp;nejv\u011bt\u0161\u00edch nez\u00e1visl\u00fdch knihkupectv\u00ed s&nbsp;um\u011bleckou literaturou v&nbsp;Evrop\u011b.<\/p>\r\n<p>Dukelsk\u00fdch hrdin\u016f 47<br \/>\r\n<a href=\"https:\/\/www.ngprague.cz\/\">N\u00e1rodn\u00ed galerie Praha<\/a><br \/>\r\n<a href=\"https:\/\/www.facebook.com\/NGPrague\">N\u00e1rodn\u00ed galerie Praha | Facebook<\/a><\/p>\r\n                <\/div>\r\n            <\/div>\r\n        <\/div>\r\n    \r\n        <div class=\"collapse-block\">\r\n            <div class=\"card-header\" role=\"tab\" id=\"heading85b506359f930f85ce2488e1553f24dbc52f3a85\">\r\n                                        <p data-toggle=\"collapse\" href=\"#collapse85b506359f930f85ce2488e1553f24dbc52f3a85\" aria-controls=\"collapse85b506359f930f85ce2488e1553f24dbc52f3a85\">\r\n                            Kosmas Letn\u00e1                            <i class=\"fa fa-2x fa-angle-down\" aria-hidden=\"true\"><\/i>\r\n                        <\/p>\r\n                                \r\n            <\/div>\r\n\r\n            <div id=\"collapse85b506359f930f85ce2488e1553f24dbc52f3a85\" class=\"collapse\" data-id=\"85b506359f930f85ce2488e1553f24dbc52f3a85\" role=\"tabpanel\" aria-labelledby=\"heading85b506359f930f85ce2488e1553f24dbc52f3a85\">\r\n                <div class=\"card-block\">\r\n    \r\n<p>Pestr\u00e1 a&nbsp;nutri\u010dn\u011b vyv\u00e1\u017een\u00e1 strava pro v\u0161echny knihomoly.<\/p>\r\n<p>Veverkova 16\/1407<br \/>\r\n<a href=\"http:\/\/www.kosmas.cz\/\">www.kosmas.cz<\/a><br \/>\r\n<a href=\"https:\/\/www.facebook.com\/Kosmas.cz\">Kosmas.cz | Facebook<\/a><\/p>\r\n                <\/div>\r\n            <\/div>\r\n        <\/div>\r\n    \r\n        <div class=\"collapse-block\">\r\n            <div class=\"card-header\" role=\"tab\" id=\"heading13e105535fa90c3e25f4eef26a1a9b8ecddeaa72\">\r\n                                        <p data-toggle=\"collapse\" href=\"#collapse13e105535fa90c3e25f4eef26a1a9b8ecddeaa72\" aria-controls=\"collapse13e105535fa90c3e25f4eef26a1a9b8ecddeaa72\">\r\n                            Levn\u00e9 knihy                            <i class=\"fa fa-2x fa-angle-down\" aria-hidden=\"true\"><\/i>\r\n                        <\/p>\r\n                                \r\n            <\/div>\r\n\r\n            <div id=\"collapse13e105535fa90c3e25f4eef26a1a9b8ecddeaa72\" class=\"collapse\" data-id=\"13e105535fa90c3e25f4eef26a1a9b8ecddeaa72\" role=\"tabpanel\" aria-labelledby=\"heading13e105535fa90c3e25f4eef26a1a9b8ecddeaa72\">\r\n                <div class=\"card-block\">\r\n    \r\n<p>Nov\u011b otev\u0159en\u00e1 prodejna na Sedmi\u010dce. V&nbsp;nab\u00eddce najdete \u0161irok\u00fd sortiment titul\u016f v\u0161ech \u017e\u00e1nr\u016f &#8211; od kucha\u0159ek p\u0159es d\u011btsk\u00e9 knihy, nau\u010dnou literaturu a&nbsp;encyklopedie a\u017e po literaturu faktu, detektivky, sci-fi, pov\u00eddky a&nbsp;rom\u00e1ny v\u0161eho druhu. Nechyb\u00ed ani z\u00e1kladn\u00ed nab\u00eddka pap\u00edrensk\u00e9ho zbo\u017e\u00ed.<\/p>\r\n<p>Dukelsk\u00fdch hrdin\u016f 967\/10<br \/>\r\n<a href=\"http:\/\/www.levneknihy.cz\/\">www.levneknihy.cz<\/a><br \/>\r\n<a href=\"https:\/\/www.facebook.com\/levneknihy.cz\">Levn\u00e9 knihy | Facebook<\/a><\/p>\r\n                <\/div>\r\n            <\/div>\r\n        <\/div>\r\n    \r\n        <div class=\"collapse-block\">\r\n            <div class=\"card-header\" role=\"tab\" id=\"heading13693f8a0cac21e2c569360135e168bc6370923a\">\r\n                                        <p data-toggle=\"collapse\" href=\"#collapse13693f8a0cac21e2c569360135e168bc6370923a\" aria-controls=\"collapse13693f8a0cac21e2c569360135e168bc6370923a\">\r\n                            M\u011bstsk\u00e1 knihovna v Praze \u2013 Letn\u00e1                             <i class=\"fa fa-2x fa-angle-down\" aria-hidden=\"true\"><\/i>\r\n                        <\/p>\r\n                                \r\n            <\/div>\r\n\r\n            <div id=\"collapse13693f8a0cac21e2c569360135e168bc6370923a\" class=\"collapse\" data-id=\"13693f8a0cac21e2c569360135e168bc6370923a\" role=\"tabpanel\" aria-labelledby=\"heading13693f8a0cac21e2c569360135e168bc6370923a\">\r\n                <div class=\"card-block\">\r\n    \r\n<p>V roce 2018 se na Letnou vr\u00e1tila obl\u00edben\u00e9 pobo\u010dka M\u011bstsk\u00e9 knihovny v&nbsp;Praze \u2013 zam\u011b\u0159ena je na d\u011btsk\u00e9 \u010dten\u00e1\u0159e.<\/p>\r\n<p>Milady Hor\u00e1kov\u00e9 56\/387<br \/>\r\n<a href=\"http:\/\/www.mlp.cz\/cz\/kontakty\/pobocky\/letna\/\">www.mlp.cz\/cz\/kontakty\/pobocky\/letna\/<\/a><br \/>\r\n<a href=\"http:\/\/M\u011bstsk\u00e1 knihovna v Praze | Facebook\">M\u011bstsk\u00e1 knihovna v&nbsp;Praze | Facebook<\/a><\/p>\r\n                <\/div>\r\n            <\/div>\r\n        <\/div>\r\n    \r\n        <div class=\"collapse-block\">\r\n            <div class=\"card-header\" role=\"tab\" id=\"headinga745e9b296a50b97aa097c71567fbdc529c8fed0\">\r\n                                        <p data-toggle=\"collapse\" href=\"#collapsea745e9b296a50b97aa097c71567fbdc529c8fed0\" aria-controls=\"collapsea745e9b296a50b97aa097c71567fbdc529c8fed0\">\r\n                            M\u011bstsk\u00e1 knihovna v Praze \u2013 Sedmi\u010dka                            <i class=\"fa fa-2x fa-angle-down\" aria-hidden=\"true\"><\/i>\r\n                        <\/p>\r\n                                \r\n            <\/div>\r\n\r\n            <div id=\"collapsea745e9b296a50b97aa097c71567fbdc529c8fed0\" class=\"collapse\" data-id=\"a745e9b296a50b97aa097c71567fbdc529c8fed0\" role=\"tabpanel\" aria-labelledby=\"headinga745e9b296a50b97aa097c71567fbdc529c8fed0\">\r\n                <div class=\"card-block\">\r\n    \r\n<p>Pobo\u010dka M\u011bstsk\u00e9 knihovny Praha. Stejn\u011b jako v&nbsp;ostatn\u00edch pobo\u010dk\u00e1ch je zde mo\u017en\u00e9 zap\u016fj\u010dit nejr\u016fzn\u011bj\u0161\u00ed knihy, hudebn\u00ed nahr\u00e1vky, filmy i&nbsp;obrazy ze sklad\u016f nejv\u011bt\u0161\u00ed pra\u017esk\u00e9 knihovny.<\/p>\r\n<p>Tusarova 429\/35<br \/>\r\n<a href=\"http:\/\/www.mlp.cz\/cz\/kontakty\/pobocky\/sedmicka\">www.mlp.cz\/cz\/kontakty\/pobocky\/sedmicka<\/a><br \/>\r\n<a href=\"https:\/\/www.facebook.com\/knihovna\">M\u011bstsk\u00e1 knihovna v&nbsp;Praze | Facebook<\/a><\/p>\r\n                <\/div>\r\n            <\/div>\r\n        <\/div>\r\n    \r\n        <div class=\"collapse-block\">\r\n            <div class=\"card-header\" role=\"tab\" id=\"heading0a2e68031fde5703ea542047a1e49a540915a26d\">\r\n                                        <p data-toggle=\"collapse\" href=\"#collapse0a2e68031fde5703ea542047a1e49a540915a26d\" aria-controls=\"collapse0a2e68031fde5703ea542047a1e49a540915a26d\">\r\n                            NO-WOMEN                            <i class=\"fa fa-2x fa-angle-down\" aria-hidden=\"true\"><\/i>\r\n                        <\/p>\r\n                                \r\n            <\/div>\r\n\r\n            <div id=\"collapse0a2e68031fde5703ea542047a1e49a540915a26d\" class=\"collapse\" data-id=\"0a2e68031fde5703ea542047a1e49a540915a26d\" role=\"tabpanel\" aria-labelledby=\"heading0a2e68031fde5703ea542047a1e49a540915a26d\">\r\n                <div class=\"card-block\">\r\n    \r\n<p>Mal\u00e9 nez\u00e1visl\u00e9 nakladatelstv\u00ed orientuj\u00edc\u00ed se na um\u011bleck\u00e9 liter\u00e1rn\u011b-fotografick\u00e9 dokument\u00e1rn\u00ed knihy s&nbsp;genderov\u00fdm zam\u011b\u0159en\u00edm.<\/p>\r\n<p>\u010cechova 23<br \/>\r\n<a href=\"http:\/\/www.by-wo-men.com\/\">www.by-wo-men.com<\/a><br \/>\r\n<a href=\"https:\/\/www.facebook.com\/nakladatelstviwomen\">Nakladatelstv\u00ed wo-men | Facebook<\/a><\/p>\r\n                <\/div>\r\n            <\/div>\r\n        <\/div>\r\n    \r\n        <div class=\"collapse-block\">\r\n            <div class=\"card-header\" role=\"tab\" id=\"heading26f8e71a2f2375515c3765535b6b4317693caaf2\">\r\n                                        <p data-toggle=\"collapse\" href=\"#collapse26f8e71a2f2375515c3765535b6b4317693caaf2\" aria-controls=\"collapse26f8e71a2f2375515c3765535b6b4317693caaf2\">\r\n                            Page Five                            <i class=\"fa fa-2x fa-angle-down\" aria-hidden=\"true\"><\/i>\r\n                        <\/p>\r\n                                \r\n            <\/div>\r\n\r\n            <div id=\"collapse26f8e71a2f2375515c3765535b6b4317693caaf2\" class=\"collapse\" data-id=\"26f8e71a2f2375515c3765535b6b4317693caaf2\" role=\"tabpanel\" aria-labelledby=\"heading26f8e71a2f2375515c3765535b6b4317693caaf2\">\r\n                <div class=\"card-block\">\r\n    \r\n<p>Mlad\u00e9 knihkupectv\u00ed a&nbsp;vydavatelstv\u00ed specializuj\u00edc\u00ed se na prodej a&nbsp;produkci v\u00fdtvarn\u00fdch publikac\u00ed, autorsk\u00fdch tisk\u016f a&nbsp;um\u011bleck\u00fdch periodik.<\/p>\r\n<p>Veverkova 5<br \/>\r\n<a href=\"http:\/\/www.pagefive.com\/\">www.pagefive.com<\/a><br \/>\r\n<a href=\"https:\/\/www.facebook.com\/pagefive.cz\">Page Five | Facebook<\/a><\/p>\r\n                <\/div>\r\n            <\/div>\r\n        <\/div>\r\n    \r\n        <div class=\"collapse-block\">\r\n            <div class=\"card-header\" role=\"tab\" id=\"headingae0b9222bbd6a22685244d27a51618ed8c18c44d\">\r\n                                        <p data-toggle=\"collapse\" href=\"#collapseae0b9222bbd6a22685244d27a51618ed8c18c44d\" aria-controls=\"collapseae0b9222bbd6a22685244d27a51618ed8c18c44d\">\r\n                            Trigon \u2013 nakladatelstv\u00ed, knihkpectv\u00ed, antikvari\u00e1t                            <i class=\"fa fa-2x fa-angle-down\" aria-hidden=\"true\"><\/i>\r\n                        <\/p>\r\n                                \r\n            <\/div>\r\n\r\n            <div id=\"collapseae0b9222bbd6a22685244d27a51618ed8c18c44d\" class=\"collapse\" data-id=\"ae0b9222bbd6a22685244d27a51618ed8c18c44d\" role=\"tabpanel\" aria-labelledby=\"headingae0b9222bbd6a22685244d27a51618ed8c18c44d\">\r\n                <div class=\"card-block\">\r\n    \r\n<p>Nakladatelstv\u00ed vyd\u00e1v\u00e1 knihy p\u0159edev\u0161\u00edm z&nbsp;oblasti hermetismu, magie a&nbsp;alchymie. Knihkupectv\u00ed nab\u00edz\u00ed kompletn\u00ed produkci nakladatelstv\u00ed Trigon a&nbsp;podobn\u011b zam\u011b\u0159en\u00e9 knihy jin\u00fdch nakladatel\u016f. Antikvari\u00e1t &#8211; bohat\u00e1 nab\u00eddka knih z&nbsp;humanitn\u00edch obor\u016f.<\/p>\r\n<p>Bubensk\u00e1 3<br \/>\r\n<a href=\"http:\/\/www.trigon-knihy.cz\/\">www.trigon-knihy.cz<\/a><br \/>\r\n<a href=\"https:\/\/www.facebook.com\/trigon.knihy\">Trigon &#8211; nakladatelstv\u00ed, knihkupectv\u00ed, antikvari\u00e1t | Facebook<\/a><\/p>\r\n                <\/div>\r\n            <\/div>\r\n        <\/div>\r\n    \r\n<p>&nbsp;<\/p>\r\n<h2>Muzea<\/h2>\r\n        <div class=\"collapse-block\">\r\n            <div class=\"card-header\" role=\"tab\" id=\"heading0f7cdfd34e56e4594bf72d30fc3cc43ea61d2e03\">\r\n                                        <p data-toggle=\"collapse\" href=\"#collapse0f7cdfd34e56e4594bf72d30fc3cc43ea61d2e03\" aria-controls=\"collapse0f7cdfd34e56e4594bf72d30fc3cc43ea61d2e03\">\r\n                            Lapid\u00e1rium N\u00e1rodn\u00edho muzea                            <i class=\"fa fa-2x fa-angle-down\" aria-hidden=\"true\"><\/i>\r\n                        <\/p>\r\n                                \r\n            <\/div>\r\n\r\n            <div id=\"collapse0f7cdfd34e56e4594bf72d30fc3cc43ea61d2e03\" class=\"collapse\" data-id=\"0f7cdfd34e56e4594bf72d30fc3cc43ea61d2e03\" role=\"tabpanel\" aria-labelledby=\"heading0f7cdfd34e56e4594bf72d30fc3cc43ea61d2e03\">\r\n                <div class=\"card-block\">\r\n    \r\n<p>Lapid\u00e1rium N\u00e1rodn\u00edho muzea v&nbsp;Praze disponuje sb\u00edrkou kamenn\u00fdch soch a&nbsp;architektonick\u00fdch fragment\u016f st\u0159edov\u011bk\u00e9ho i&nbsp;novov\u011bk\u00e9ho p\u016fvodu. V&nbsp;dne\u0161n\u00ed podob\u011b sest\u00e1v\u00e1 kolekce Lapid\u00e1ria N\u00e1rodn\u00edho muzea asi ze dvou tis\u00edc sb\u00edrkov\u00fdch p\u0159edm\u011bt\u016f, z&nbsp;nich\u017e p\u0159es \u010dty\u0159i sta nejlep\u0161\u00edch kus\u016f je vystaveno, zat\u00edmco ostatn\u00ed jsou ulo\u017eeny v&nbsp;depozit\u00e1\u0159\u00edch. Obecn\u011b lze \u0159\u00edci, \u017ee jde o&nbsp;doklady kamenick\u00e9ho \u0159emesla a&nbsp;socha\u0159sk\u00fdch prac\u00ed v&nbsp;kameni z&nbsp;\u010desk\u00fdch zem\u00ed, zejm\u00e9na v\u0161ak z&nbsp;Prahy, v&nbsp;\u010dasov\u00e9m rozsahu 11.&nbsp;a\u017e 19.&nbsp;stolet\u00ed, v\u00fdjime\u010dn\u011b i&nbsp;z&nbsp;po\u010d\u00e1tku 20.&nbsp;stolet\u00ed.<\/p>\r\n<p>V\u00fdstavi\u0161t\u011b 422<br \/>\r\n<a href=\"http:\/\/www.nm.cz\/\">www.nm.cz<\/a><br \/>\r\n<a href=\"https:\/\/www.facebook.com\/narodnimuzeum\">N\u00e1rodn\u00ed muzeum | Facebook<\/a><\/p>\r\n                <\/div>\r\n            <\/div>\r\n        <\/div>\r\n    \r\n        <div class=\"collapse-block\">\r\n            <div class=\"card-header\" role=\"tab\" id=\"headingb75d685114b831e85bbb0b166a472af02fb752d5\">\r\n                                        <p data-toggle=\"collapse\" href=\"#collapseb75d685114b831e85bbb0b166a472af02fb752d5\" aria-controls=\"collapseb75d685114b831e85bbb0b166a472af02fb752d5\">\r\n                            Muzeum k\u00e1vy Alchymista                            <i class=\"fa fa-2x fa-angle-down\" aria-hidden=\"true\"><\/i>\r\n                        <\/p>\r\n                                \r\n            <\/div>\r\n\r\n            <div id=\"collapseb75d685114b831e85bbb0b166a472af02fb752d5\" class=\"collapse\" data-id=\"b75d685114b831e85bbb0b166a472af02fb752d5\" role=\"tabpanel\" aria-labelledby=\"headingb75d685114b831e85bbb0b166a472af02fb752d5\">\r\n                <div class=\"card-block\">\r\n    \r\n<p>Expozice pra\u017esk\u00e9ho Muzea k\u00e1vy je poklonou tradici k\u00e1vov\u00e9 kultury od jej\u00edch po\u010d\u00e1tk\u016f p\u0159es cestu stalet\u00edmi kolem sv\u011bta. Sama expozice je jednoduch\u00e1, srozumiteln\u00e1 a&nbsp;barevn\u00e1 jako k\u00e1va ve svy\u0301ch subtropicky\u0301ch domovech. Ve sb\u00edrce Muzea najdete kuri\u00f3zn\u00ed, u\u017e d\u00e1vno zapomenut\u00e9 expon\u00e1ty jako strojky pro p\u0159\u00edpravu, pra\u017een\u00ed, mlet\u00ed a&nbsp;serv\u00edrov\u00e1n\u00ed k\u00e1vy. Vypr\u00e1v\u011bn\u00ed o&nbsp;k\u00e1v\u011b sleduje zrnka z&nbsp;plant\u00e1\u017ee a\u017e do \u0161\u00e1lku v&nbsp;kav\u00e1rn\u011b.<\/p>\r\n<p>Jana Zaj\u00edce 7<br \/>\r\n<a href=\"http:\/\/www.coffeemuseum.cz\/\">www.coffeemuseum.cz<\/a><br \/>\r\n<a href=\"https:\/\/www.facebook.com\/cukrarna.alchymista\">Cukr\u00e1rna Alchymista | Facebook<\/a><\/p>\r\n                <\/div>\r\n            <\/div>\r\n        <\/div>\r\n    \r\n        <div class=\"collapse-block\">\r\n            <div class=\"card-header\" role=\"tab\" id=\"heading4d79568ec531d03653002995fffe544aea6c89de\">\r\n                                        <p data-toggle=\"collapse\" href=\"#collapse4d79568ec531d03653002995fffe544aea6c89de\" aria-controls=\"collapse4d79568ec531d03653002995fffe544aea6c89de\">\r\n                            Muzeum PRE                            <i class=\"fa fa-2x fa-angle-down\" aria-hidden=\"true\"><\/i>\r\n                        <\/p>\r\n                                \r\n            <\/div>\r\n\r\n            <div id=\"collapse4d79568ec531d03653002995fffe544aea6c89de\" class=\"collapse\" data-id=\"4d79568ec531d03653002995fffe544aea6c89de\" role=\"tabpanel\" aria-labelledby=\"heading4d79568ec531d03653002995fffe544aea6c89de\">\r\n                <div class=\"card-block\">\r\n    \r\n<p>Technick\u00e9 a&nbsp;dokumenta\u010dn\u00ed muzeum pra\u017esk\u00e9 energetiky mapuje bohatou historii v\u00fdroby, rozvodu a&nbsp;distribuce elekt\u0159iny od po\u010d\u00e1tku 20.&nbsp;stolet\u00ed a\u017e po sou\u010dasnost. V&nbsp;rozs\u00e1hl\u00e9 expozici na plo\u0161e t\u00e9m\u011b\u0159 500 m2 najdou p\u0159\u00edznivci z&nbsp;\u0159ad odborn\u00e9 i&nbsp;laick\u00e9 ve\u0159ejnosti v\u0161e od za\u0159\u00edzen\u00ed vysok\u00e9ho a&nbsp;n\u00edzk\u00e9ho nap\u011bt\u00ed a\u017e po p\u00edsemnosti dokumentuj\u00edc\u00ed historii elektrifikace Prahy. Muzeum PRE s\u00eddl\u00ed od roku 2009 v&nbsp;prostor\u00e1ch are\u00e1lu rozvodny 110 kV v&nbsp;pra\u017esk\u00fdch Hole\u0161ovic\u00edch.<\/p>\r\n<p>Jankovcova 960\/40<br \/>\r\n<a href=\"http:\/\/www.pre.cz\/muzeum\">www.pre.cz\/muzeum<\/a><\/p>\r\n                <\/div>\r\n            <\/div>\r\n        <\/div>\r\n    \r\n        <div class=\"collapse-block\">\r\n            <div class=\"card-header\" role=\"tab\" id=\"heading054add0f0c8b13a46a6a7b40a6ec605db641370e\">\r\n                                        <p data-toggle=\"collapse\" href=\"#collapse054add0f0c8b13a46a6a7b40a6ec605db641370e\" aria-controls=\"collapse054add0f0c8b13a46a6a7b40a6ec605db641370e\">\r\n                            N\u00e1rodn\u00ed technick\u00e9 muzeum                            <i class=\"fa fa-2x fa-angle-down\" aria-hidden=\"true\"><\/i>\r\n                        <\/p>\r\n                                \r\n            <\/div>\r\n\r\n            <div id=\"collapse054add0f0c8b13a46a6a7b40a6ec605db641370e\" class=\"collapse\" data-id=\"054add0f0c8b13a46a6a7b40a6ec605db641370e\" role=\"tabpanel\" aria-labelledby=\"heading054add0f0c8b13a46a6a7b40a6ec605db641370e\">\r\n                <div class=\"card-block\">\r\n    \r\n<p>Za v\u00edce ne\u017e sto let zde byly vybudov\u00e1ny rozs\u00e1hl\u00e9 sb\u00edrky dokumentuj\u00edc\u00ed v\u00fdvoj mnoha technick\u00fdch obor\u016f, p\u0159\u00edrodn\u00edch a&nbsp;exaktn\u00edch v\u011bd a&nbsp;pr\u016fmyslu na \u00fazem\u00ed dne\u0161n\u00ed \u010cesk\u00e9 republiky. Nejzaj\u00edmav\u011bj\u0161\u00ed sb\u00edrkov\u00e9 p\u0159edm\u011bty si m\u016f\u017eete prohl\u00e9dnout ve st\u00e1l\u00fdch expozic\u00edch i&nbsp;kr\u00e1tkodob\u00fdch v\u00fdstav\u00e1ch. Z\u00e1jemci o&nbsp;d\u016fkladn\u011bj\u0161\u00ed pozn\u00e1n\u00ed d\u011bjin techniky a&nbsp;\u0161ir\u0161\u00edch souvislost\u00ed maj\u00ed k&nbsp;dispozici tak\u00e9 bohatou knihovnu a&nbsp;archiv d\u011bjin techniky a&nbsp;pr\u016fmyslu. P\u0159edev\u0161\u00edm \u0161kol\u00e1m ni\u017e\u0161\u00edch a&nbsp;st\u0159edn\u00edch stup\u0148\u016f, ale tak\u00e9 p\u0159edem ohl\u00e1\u0161en\u00fdm skupin\u00e1m n\u00e1v\u0161t\u011bvn\u00edk\u016f, p\u0159ipravuje n\u00e1zorn\u00e9 a&nbsp;interaktivn\u00ed vzd\u011bl\u00e1vac\u00ed programy odd\u011blen\u00ed muzejn\u00ed pedagogiky nazvan\u00e9 ENTER. N\u00e1rodn\u00ed technick\u00e9 muzeum m\u00e1 tak\u00e9 vlastn\u00ed v\u00fdzkumn\u00e9 pracovi\u0161t\u011b se svou publika\u010dn\u00ed a&nbsp;vzd\u011bl\u00e1vac\u00ed \u010dinnost\u00ed z&nbsp;oblasti d\u011bjin v\u011bd a&nbsp;techniky.<\/p>\r\n<p>V budov\u011b NTM na Letn\u00e9 je v&nbsp;sou\u010dasn\u00e9 dob\u011b zp\u0159\u00edstupn\u011bno 14 st\u00e1l\u00fdch expozic \u2013 Architektura, stavitelstv\u00ed a&nbsp;design, Astronomie, Doprava, Fotografick\u00fd ateli\u00e9r, Hornictv\u00ed, Hutnictv\u00ed, Herna Merkur, Chemie kolem n\u00e1s, Interkamera, M\u011b\u0159en\u00ed \u010dasu, Tiska\u0159stv\u00ed, Technika v&nbsp;dom\u00e1cnosti, Technika hrou a&nbsp;Televizn\u00ed studio.<\/p>\r\n<p>Kosteln\u00ed 42<br \/>\r\n<a href=\"http:\/\/www.ntm.cz\/\">www.ntm.cz<\/a><br \/>\r\n<a href=\"https:\/\/www.facebook.com\/NarodniTechnickeMuzeum\">N\u00e1rodn\u00ed technick\u00e9 muzeum | Facebook<\/a><\/p>\r\n                <\/div>\r\n            <\/div>\r\n        <\/div>\r\n    \r\n        <div class=\"collapse-block\">\r\n            <div class=\"card-header\" role=\"tab\" id=\"heading443360a69e72a1857d1fd52b2b78df59ac58f789\">\r\n                                        <p data-toggle=\"collapse\" href=\"#collapse443360a69e72a1857d1fd52b2b78df59ac58f789\" aria-controls=\"collapse443360a69e72a1857d1fd52b2b78df59ac58f789\">\r\n                            N\u00e1rodn\u00ed zem\u011bd\u011blsk\u00e9 muzeum                            <i class=\"fa fa-2x fa-angle-down\" aria-hidden=\"true\"><\/i>\r\n                        <\/p>\r\n                                \r\n            <\/div>\r\n\r\n            <div id=\"collapse443360a69e72a1857d1fd52b2b78df59ac58f789\" class=\"collapse\" data-id=\"443360a69e72a1857d1fd52b2b78df59ac58f789\" role=\"tabpanel\" aria-labelledby=\"heading443360a69e72a1857d1fd52b2b78df59ac58f789\">\r\n                <div class=\"card-block\">\r\n    \r\n<p>Muzeum nab\u00edz\u00ed unik\u00e1tn\u00ed seznam expozic s&nbsp;p\u0159\u00edrodn\u00ed a&nbsp;zem\u011bd\u011blskou t\u00e9matikou. C\u00edlem muzea je uk\u00e1zat ve\u0159ejnosti kr\u00e1su zem\u011bd\u011blstv\u00ed a&nbsp;pr\u00e1ci samotn\u00fdch zem\u011bd\u011blc\u016f, d\u00e1le tak\u00e9 nau\u010dit n\u00e1v\u0161t\u011bvn\u00edky recyklovat atd.<\/p>\r\n<p>Aktu\u00e1ln\u00ed expozice: Expozice Gastronomie, \u017div\u00e1 zahrada, Voda v&nbsp;krajin\u011b, Objevovna, Myslivost, Ryb\u00e1\u0159stv\u00ed, Laborato\u0159 ticha a&nbsp;Jede traktor.<\/p>\r\n<p>Budova muzea na Letn\u00e9, kter\u00e1 je v\u00fdznamnou pam\u00e1tkou novodob\u00e9 \u010desk\u00e9 architektury \u2013 funkcionalismu, byla postavena v&nbsp;letech 1937\u201339, spole\u010dn\u011b se sousedn\u00edm objektem N\u00e1rodn\u00edho technick\u00e9ho muzea, podle projektu architekta Milana Babu\u0161ky.<\/p>\r\n<p>Kosteln\u00ed 44<br \/>\r\n<a href=\"http:\/\/www.nzm.cz\/praha\">www.nzm.cz\/praha<\/a><br \/>\r\n<a href=\"https:\/\/www.facebook.com\/zemedelskemuzeum\">N\u00e1rodn\u00ed zem\u011bd\u011blsk\u00e9 muzeum Praha | Facebook<\/a><\/p>\r\n                <\/div>\r\n            <\/div>\r\n        <\/div>\r\n    \r\n<p>&nbsp;<\/p>\r\n<h2>P\u011bveck\u00e9 sbory<\/h2>\r\n        <div class=\"collapse-block\">\r\n            <div class=\"card-header\" role=\"tab\" id=\"heading4fb8577cd9fe60c121f55f66a60e831b72ae3aae\">\r\n                                        <p data-toggle=\"collapse\" href=\"#collapse4fb8577cd9fe60c121f55f66a60e831b72ae3aae\" aria-controls=\"collapse4fb8577cd9fe60c121f55f66a60e831b72ae3aae\">\r\n                            GAUDIUM PRAHA                            <i class=\"fa fa-2x fa-angle-down\" aria-hidden=\"true\"><\/i>\r\n                        <\/p>\r\n                                \r\n            <\/div>\r\n\r\n            <div id=\"collapse4fb8577cd9fe60c121f55f66a60e831b72ae3aae\" class=\"collapse\" data-id=\"4fb8577cd9fe60c121f55f66a60e831b72ae3aae\" role=\"tabpanel\" aria-labelledby=\"heading4fb8577cd9fe60c121f55f66a60e831b72ae3aae\">\r\n                <div class=\"card-block\">\r\n    \r\n<p>Sm\u00ed\u0161en\u00fd p\u011bveck\u00fd sbor byl zalo\u017een v&nbsp;roce 1988 sbormistry Vladislavem a&nbsp;Zdenou Sou\u010dkov\u00fdmi, kte\u0159\u00ed ho po celou dobu jeho trv\u00e1n\u00ed tak\u00e9 um\u011blecky i&nbsp;organiza\u010dn\u011b vedou. Po\u010det \u010dlen\u016f se nyn\u00ed pohybuje kolem 50 osob. Sm\u00ed\u0161en\u00fd p\u011bveck\u00fd sbor GAUDIUM PRAHA pravideln\u011b koncertuje v&nbsp;Praze i&nbsp;na dal\u0161\u00edch m\u00edstech \u010cR, \u00fa\u010dastn\u00ed se festival\u016f p\u011bveck\u00fdch sbor\u016f, \u010dasto vyj\u00ed\u017ed\u00ed na um\u011bleck\u00e9 z\u00e1jezdy do zahrani\u010d\u00ed a&nbsp;v&nbsp;Praze po\u0159\u00e1d\u00e1 koncerty se zahrani\u010dn\u00edmi p\u011bveck\u00fdmi sbory. Zp\u00edv\u00e1 skladby nejr\u016fzn\u011bj\u0161\u00edch \u017e\u00e1nr\u016f od d\u011bl duchovn\u00edch a&nbsp;klasick\u00e9 polyfonie z&nbsp;obdob\u00ed baroka a&nbsp;renesance a\u017e po sou\u010dasn\u00e9 autory. Na reperto\u00e1ru jsou t\u00e9\u017e standardn\u00ed p\u00edsn\u011b klasick\u00e9 sborov\u00e9 tvorby, \u010derno\u0161sk\u00e9 spiritu\u00e1ly a&nbsp;p\u00edsn\u011b lidov\u00e9.<\/p>\r\n<p>Jankovcova 37<br \/>\r\n<a href=\"http:\/\/www.gaudiumpraha.org\/\">www.gaudiumpraha.org<\/a><\/p>\r\n                <\/div>\r\n            <\/div>\r\n        <\/div>\r\n    \r\n        <div class=\"collapse-block\">\r\n            <div class=\"card-header\" role=\"tab\" id=\"heading2c1d4a2a574d05f8bd62652a5bad168c8a52b093\">\r\n                                        <p data-toggle=\"collapse\" href=\"#collapse2c1d4a2a574d05f8bd62652a5bad168c8a52b093\" aria-controls=\"collapse2c1d4a2a574d05f8bd62652a5bad168c8a52b093\">\r\n                            K\u00fchn\u016fv d\u011btsk\u00fd sbor                            <i class=\"fa fa-2x fa-angle-down\" aria-hidden=\"true\"><\/i>\r\n                        <\/p>\r\n                                \r\n            <\/div>\r\n\r\n            <div id=\"collapse2c1d4a2a574d05f8bd62652a5bad168c8a52b093\" class=\"collapse\" data-id=\"2c1d4a2a574d05f8bd62652a5bad168c8a52b093\" role=\"tabpanel\" aria-labelledby=\"heading2c1d4a2a574d05f8bd62652a5bad168c8a52b093\">\r\n                <div class=\"card-block\">\r\n    \r\n<p>Sbor dnes pat\u0159\u00ed k&nbsp;nejv\u00fdznamn\u011bj\u0161\u00edm \u010desk\u00fdm um\u011bleck\u00fdm kolektiv\u016fm, zn\u00e1m\u00fdm nejen v&nbsp;Evrop\u011b, ale ji\u017e na v\u0161ech p\u011bti kontinentech. Vystoupil v&nbsp;Japonsku, Spojen\u00fdch st\u00e1tech americk\u00fdch, Kanad\u011b, Mexiku, Singapuru, Malajsii, Jihoafrick\u00e9 republice \u010di Austr\u00e1lii a&nbsp;na Nov\u00e9m Z\u00e9landu. Za dobu sv\u00e9 existence vychoval tis\u00edce talentovan\u00fdch d\u011bt\u00ed a&nbsp;nau\u010dil je l\u00e1sce k&nbsp;hudb\u011b a&nbsp;um\u011bn\u00ed. Z&nbsp;jeho nejnadan\u011bj\u0161\u00edch \u010dlen\u016f vyrostli v\u00fdznamn\u00ed um\u011blci a&nbsp;um\u011blkyn\u011b \u2013 dirigenti, re\u017eis\u00e9\u0159i, skladatel\u00e9, p\u011bvci i&nbsp;instrumentalist\u00e9. Svou tradic\u00ed a&nbsp;\u0161\u00ed\u0159\u00ed sv\u00e9ho um\u011bleck\u00e9ho z\u00e1b\u011bru je ojedin\u011blou um\u011bleckou instituc\u00ed sv\u00e9ho druhu nejen v&nbsp;\u010cesk\u00e9 republice, ale i&nbsp;v&nbsp;Evrop\u011b.<\/p>\r\n<p>K\u00fchn\u016fv d\u011btsk\u00fd sbor m\u00e1 sv\u016fj v\u00fdjime\u010dn\u00fd zvuk, kter\u00fd u\u017e na prvn\u00ed poslech zaujme p\u0159irozenost\u00ed d\u011btsk\u00fdch hlas\u016f, \u010distotou a&nbsp;vyt\u0159\u00edbenost\u00ed. Tyto vlastnosti jsou od sam\u00e9ho vzniku sboru inspirac\u00ed pro \u0159adu vynikaj\u00edc\u00edch \u010desk\u00fdch skladatel\u016f k&nbsp;tvorb\u011b p\u0159\u00edmo pro K\u00fchn\u016fv d\u011btsk\u00fd sbor. V&nbsp;sou\u010dasnosti sbor nav\u0161t\u011bvuje p\u0159es dev\u011bt set \u010dlen\u016f, co\u017e z&nbsp;n\u011bj d\u011bl\u00e1 nejv\u011bt\u0161\u00ed sbor v&nbsp;\u010cesk\u00e9 republice. \u010clensk\u00e1 z\u00e1kladna sboru je opravdu \u0161irok\u00e1, d\u011bti jej nav\u0161t\u011bvuj\u00ed u\u017e od 3 let. Nejlep\u0161\u00ed koncertn\u00ed odd\u011blen\u00ed sboru u\u017e se pak bl\u00ed\u017e\u00ed v\u011bkem a&nbsp;zvukem sp\u00ed\u0161e ml\u00e1de\u017enick\u00e9mu sboru.<\/p>\r\n<p>Ortenovo n\u00e1m\u011bst\u00ed 34<br \/>\r\n<a href=\"http:\/\/www.kuhnata.cz\/\">www.kuhnata.cz<\/a><br \/>\r\n<a href=\"https:\/\/www.facebook.com\/KuhnuvDetskySbor\">K\u00fchn\u016fv d\u011btsk\u00fd sbor | Facebook<\/a><\/p>\r\n                <\/div>\r\n            <\/div>\r\n        <\/div>\r\n    \r\n        <div class=\"collapse-block\">\r\n            <div class=\"card-header\" role=\"tab\" id=\"headingb335e0ca6c46b62a67849208923fde0dc65de742\">\r\n                                        <p data-toggle=\"collapse\" href=\"#collapseb335e0ca6c46b62a67849208923fde0dc65de742\" aria-controls=\"collapseb335e0ca6c46b62a67849208923fde0dc65de742\">\r\n                            Pueri gaudentes                            <i class=\"fa fa-2x fa-angle-down\" aria-hidden=\"true\"><\/i>\r\n                        <\/p>\r\n                                \r\n            <\/div>\r\n\r\n            <div id=\"collapseb335e0ca6c46b62a67849208923fde0dc65de742\" class=\"collapse\" data-id=\"b335e0ca6c46b62a67849208923fde0dc65de742\" role=\"tabpanel\" aria-labelledby=\"headingb335e0ca6c46b62a67849208923fde0dc65de742\">\r\n                <div class=\"card-block\">\r\n    \r\n<p>Chlapeck\u00fd sbor Pueri gaudentes pracuje p\u0159i Z\u00e1kladn\u00ed um\u011bleck\u00e9 \u0161kole v&nbsp;Praze 7 a&nbsp;nyn\u00ed sdru\u017euje okolo 200 d\u011btsk\u00fdch i&nbsp;\u201et\u00e9m\u011b\u0159\u201c dosp\u011bl\u00fdch zp\u011bv\u00e1k\u016f. Je jedn\u00edm ze \u010dty\u0159 existuj\u00edc\u00edch \u010desk\u00fdch chlapeck\u00fdch sbor\u016f.<\/p>\r\n<p>Sbor m\u00e1 \u010dty\u0159i odd\u011blen\u00ed. V&nbsp;koncertn\u00edm odd\u011blen\u00ed dnes zp\u00edv\u00e1 cca 50 chlapc\u016f 11 a\u017e 14let\u00fdch a&nbsp;cca 30 mlad\u00fdch mu\u017e\u016f 15 a\u017e 19let\u00fdch, ve t\u0159ech p\u0159\u00edpravn\u00fdch odd\u011blen\u00edch zp\u00edv\u00e1 cca 110 chlapc\u016f 7 a\u017e 12let\u00fdch. C\u00edlem pr\u00e1ce v&nbsp;t\u011bchto odd\u011blen\u00edch je nau\u010dit kluky z\u00e1klad\u016fm zp\u011bvu i&nbsp;hudebn\u00ed teorie a&nbsp;p\u0159ipravit je tak na budouc\u00ed \u010dinnost v&nbsp;koncertn\u00edm odd\u011blen\u00ed. Na zkou\u0161ky chlapci doj\u00ed\u017ed\u011bj\u00ed z&nbsp;cel\u00e9 Prahy, n\u011bkolik i&nbsp;z&nbsp;bl\u00edzk\u00e9ho okol\u00ed.<\/p>\r\n<p>Pueri gaudentes ji\u017e dlouhou dobu \u00fa\u010dinkuj\u00ed ve v\u0161ech p\u0159edstaven\u00edch opery Carmen ve St\u00e1tn\u00ed ope\u0159e Praha. Tato spolupr\u00e1ce byla pozd\u011bji roz\u0161\u00ed\u0159ena i&nbsp;na opery Turandot, Boris Godunov, Bubu z&nbsp;Montparnassu a&nbsp;\u010ceskou m\u0161i v\u00e1no\u010dn\u00ed, ad. \u010clenov\u00e9 sboru \u00fa\u010dinkuj\u00ed ve vystoupen\u00edch s&nbsp;p\u0159edn\u00edmi \u010desk\u00fdmi hudebn\u00edmi t\u011blesy a&nbsp;zp\u011bv\u00e1ky. Chlapci nat\u00e1\u010dej\u00ed r\u016fzn\u00e9 po\u0159ady pro r\u00e1dio i&nbsp;televizi. Sbor tak\u00e9 spolupracuje s&nbsp;hudebn\u00edmi skladateli Pavlem Jurkovi\u010dem a&nbsp;Emilem Hradeck\u00fdm, kte\u0159\u00ed mu v\u011bnovali n\u011bkolik vlastn\u00edch skladeb.<\/p>\r\n<p>\u0160im\u00e1\u010dkova 16<br \/>\r\n<a href=\"http:\/\/www.pueri.cz\/\">www.pueri.cz<\/a><br \/>\r\n<a href=\"https:\/\/www.facebook.com\/puerigaudentes\">Pueri gaudentes | Facebook<\/a><\/p>\r\n                <\/div>\r\n            <\/div>\r\n        <\/div>\r\n    \r\n        <div class=\"collapse-block\">\r\n            <div class=\"card-header\" role=\"tab\" id=\"heading12201608079a48a1105959fecdbdb5df35fae668\">\r\n                                        <p data-toggle=\"collapse\" href=\"#collapse12201608079a48a1105959fecdbdb5df35fae668\" aria-controls=\"collapse12201608079a48a1105959fecdbdb5df35fae668\">\r\n                            Radost Praha                            <i class=\"fa fa-2x fa-angle-down\" aria-hidden=\"true\"><\/i>\r\n                        <\/p>\r\n                                \r\n            <\/div>\r\n\r\n            <div id=\"collapse12201608079a48a1105959fecdbdb5df35fae668\" class=\"collapse\" data-id=\"12201608079a48a1105959fecdbdb5df35fae668\" role=\"tabpanel\" aria-labelledby=\"heading12201608079a48a1105959fecdbdb5df35fae668\">\r\n                <div class=\"card-block\">\r\n    \r\n<p>D\u011btsk\u00fd p\u011bveck\u00fd sbor Radost Praha byl zalo\u017een v&nbsp;roce 1961 sbormistrem Vladislavem Sou\u010dkem, od roku 1994 p\u016fsob\u00ed v&nbsp;Z\u00e1kladn\u00ed um\u011bleck\u00e9 \u0161kole v&nbsp;\u0160im\u00e1\u010dkov\u011b ulici v&nbsp;Praze 7. Jeho reperto\u00e1r zahrnuje v\u0161echna slohov\u00e1 obdob\u00ed a&nbsp;r\u016fzn\u00e9 hudebn\u00ed \u017e\u00e1nry. D\u011bti z&nbsp;Radosti zp\u00edvaly v&nbsp;\u0159ad\u011b evropsk\u00fdch zem\u00ed, v&nbsp;letech 1994 a&nbsp;1997 nav\u0161t\u00edvily Kanadu. T\u011bleso se pravideln\u011b \u00fa\u010dastn\u00ed mezin\u00e1rodn\u00edch sout\u011b\u017e\u00ed, z&nbsp;nich\u017e si odv\u00e1\u017e\u00ed v\u00fdznamn\u00e1 ocen\u011bn\u00ed (Cantonigr\u00f2s, Celje, Llangollen, Montreux, Neerpelt, Tours ad.), spolupracuje s&nbsp;\u010cesk\u00fdm rozhlasem, \u010ceskou televiz\u00ed a&nbsp;St\u00e1tn\u00ed operou v&nbsp;Praze. V&nbsp;uplynul\u00fdch letech vystoupilo na Pra\u017esk\u00e9m jaru a&nbsp;Pra\u017esk\u00e9m podzimu a&nbsp;spolupracovalo se Symfonick\u00fdm orchestrem hlavn\u00edho m\u011bsta Prahy FOK. D\u011btsk\u00fd koncertn\u00ed sbor vedou sbormist\u0159i Jan Pirner a&nbsp;Vladislav Sou\u010dek, klav\u00edristkou je Jitka Ne\u0161verov\u00e1.<\/p>\r\n<p>\u0160im\u00e1\u010dkova 16<br \/>\r\n<a href=\"http:\/\/www.radostpraha.cz\/\">www.radostpraha.cz<\/a><br \/>\r\n<a href=\"https:\/\/www.facebook.com\/radostpraha\">Radost Praha | Facebook<\/a><\/p>\r\n                <\/div>\r\n            <\/div>\r\n        <\/div>\r\n    \r\n<p>&nbsp;<\/p>\r\n<h2>Um\u011bleck\u00e9 \u0161koly<\/h2>\r\n        <div class=\"collapse-block\">\r\n            <div class=\"card-header\" role=\"tab\" id=\"headinga758a4cf2576ebd7ad8d02944489a2d22b033ffb\">\r\n                                        <p data-toggle=\"collapse\" href=\"#collapsea758a4cf2576ebd7ad8d02944489a2d22b033ffb\" aria-controls=\"collapsea758a4cf2576ebd7ad8d02944489a2d22b033ffb\">\r\n                            Akademie v\u00fdtvarn\u00fdch um\u011bn\u00ed v Praze                            <i class=\"fa fa-2x fa-angle-down\" aria-hidden=\"true\"><\/i>\r\n                        <\/p>\r\n                                \r\n            <\/div>\r\n\r\n            <div id=\"collapsea758a4cf2576ebd7ad8d02944489a2d22b033ffb\" class=\"collapse\" data-id=\"a758a4cf2576ebd7ad8d02944489a2d22b033ffb\" role=\"tabpanel\" aria-labelledby=\"headinga758a4cf2576ebd7ad8d02944489a2d22b033ffb\">\r\n                <div class=\"card-block\">\r\n    \r\n<p>Akademie v\u00fdtvarn\u00fdch um\u011bn\u00ed v&nbsp;Praze je nejstar\u0161\u00ed um\u011bleckou \u0161kolou v&nbsp;\u010desk\u00fdch zem\u00edch. \u0160kola se v&nbsp;90.&nbsp;letech otev\u0159ela pln\u00e9 \u0161k\u00e1le v\u00fdtvarn\u00fdch p\u0159\u00edstup\u016f charakteristick\u00fdch pro sou\u010dasn\u00e9 um\u011bn\u00ed, a&nbsp;kter\u00e1 potvrdila postaven\u00ed AVU jako excelentn\u00ed instituce pro v\u00fduku obor\u016f voln\u00e9ho um\u011bn\u00ed, architektury a&nbsp;restaur\u00e1torstv\u00ed.<\/p>\r\n<p>AVU uskute\u010d\u0148uje magistersk\u00e9 a&nbsp;doktorsk\u00e9 studijn\u00ed programy v&nbsp;oblasti v\u00fdtvarn\u00e9ho um\u011bn\u00ed a&nbsp;poskytuje vysoko\u0161kolsk\u00e9 vzd\u011bl\u00e1n\u00ed v&nbsp;oborech mal\u00ed\u0159stv\u00ed, socha\u0159stv\u00ed, kresby a&nbsp;grafiky, intermedi\u00e1ln\u00ed tvorby, nov\u00fdch m\u00e9di\u00ed, restaurov\u00e1n\u00ed um\u011bleck\u00fdch d\u011bl mal\u00ed\u0159sk\u00fdch a&nbsp;socha\u0159sk\u00fdch a&nbsp;architektonick\u00e9 tvorby. V&nbsp;souvislosti s&nbsp;t\u00edm rozv\u00edj\u00ed um\u011bleckou, v\u011bdeckou a&nbsp;v\u00fdzkumnou, v\u00fdvojovou a&nbsp;dal\u0161\u00ed tv\u016fr\u010d\u00ed \u010dinnost a&nbsp;pod\u00edl\u00ed se na celo\u017eivotn\u00edm vzd\u011bl\u00e1v\u00e1n\u00ed. AVU je z\u00e1rove\u0148 i&nbsp;v\u00fdznamnou kulturn\u00ed instituc\u00ed, kter\u00e1 se v&nbsp;duchu tradic spolupod\u00edl\u00ed na formov\u00e1n\u00ed a&nbsp;rozvoji kultury a&nbsp;spole\u010dnosti.<\/p>\r\n<p>Akademie nab\u00edz\u00ed spoustu kurz\u016f pro sv\u00e9 studenty v&nbsp;r\u00e1mci jejich studia, ale tak\u00e9 pom\u011brn\u011b zna\u010dn\u00e9 mno\u017estv\u00ed kurz\u016f pro ve\u0159ejnost, kde se m\u016f\u017ee i&nbsp;laik o&nbsp;um\u011bn\u00ed leccos p\u0159iu\u010dit.<\/p>\r\n<p>U Akademie 4<br \/>\r\n<a href=\"http:\/\/www.avu.cz\/\">www.avu.cz<\/a><br \/>\r\n<a href=\"https:\/\/www.facebook.com\/avuvpraze\">Akademie v\u00fdtvarn\u00fdch um\u011bn\u00ed v&nbsp;Praze | Facebook<\/a><\/p>\r\n                <\/div>\r\n            <\/div>\r\n        <\/div>\r\n    \r\n        <div class=\"collapse-block\">\r\n            <div class=\"card-header\" role=\"tab\" id=\"headingb902d7f6e1f9ef01fdcbf1f0c34ffbcabdeec1d8\">\r\n                                        <p data-toggle=\"collapse\" href=\"#collapseb902d7f6e1f9ef01fdcbf1f0c34ffbcabdeec1d8\" aria-controls=\"collapseb902d7f6e1f9ef01fdcbf1f0c34ffbcabdeec1d8\">\r\n                            VO\u0160 od\u011bvn\u00edho n\u00e1vrh\u00e1\u0159stv\u00ed a St\u0159edn\u00ed pr\u016fmyslov\u00e1 \u0161kola od\u011bvn\u00ed                            <i class=\"fa fa-2x fa-angle-down\" aria-hidden=\"true\"><\/i>\r\n                        <\/p>\r\n                                \r\n            <\/div>\r\n\r\n            <div id=\"collapseb902d7f6e1f9ef01fdcbf1f0c34ffbcabdeec1d8\" class=\"collapse\" data-id=\"b902d7f6e1f9ef01fdcbf1f0c34ffbcabdeec1d8\" role=\"tabpanel\" aria-labelledby=\"headingb902d7f6e1f9ef01fdcbf1f0c34ffbcabdeec1d8\">\r\n                <div class=\"card-block\">\r\n    \r\n<p>Vy\u0161\u0161\u00ed odborn\u00e1 \u0161kola od\u011bvn\u00edho n\u00e1vrh\u00e1\u0159stv\u00ed \/VO\u0160ON\/ a&nbsp;St\u0159edn\u00ed pr\u016fmyslov\u00e1 \u0161kola od\u011bvn\u00ed \/SP\u0160O\/ propojuje dv\u011b \u00farovn\u011b studia zam\u011b\u0159en\u00e9ho na n\u00e1vrh, tvorbu a&nbsp;prezentaci od\u011bv\u016f a&nbsp;dopl\u0148k\u016f na st\u0159edo\u0161kolsk\u00e9 maturitn\u00ed a&nbsp;vy\u0161\u0161\u00ed odborn\u00e9 \u00farovni.<\/p>\r\n<p>Jablonsk\u00e9ho 3<br \/>\r\n<a href=\"http:\/\/www.vosonspso.cz\/\">www.vosonspso.cz<\/a><br \/>\r\n<a href=\"https:\/\/www.facebook.com\/vosonspso\">Vy\u0161\u0161\u00ed odborn\u00e1 \u0161kola od\u011bvn\u00edho n\u00e1vrh\u00e1\u0159stv\u00ed a&nbsp;St\u0159edn\u00ed pr\u016fmyslov\u00e1 \u0161kola od\u011bvn\u00ed | Facebook<\/a><\/p>\r\n                <\/div>\r\n            <\/div>\r\n        <\/div>\r\n    \r\n        <div class=\"collapse-block\">\r\n            <div class=\"card-header\" role=\"tab\" id=\"headinga94acae7477a9eef2ab35a2003b744f6ffa8e201\">\r\n                                        <p data-toggle=\"collapse\" href=\"#collapsea94acae7477a9eef2ab35a2003b744f6ffa8e201\" aria-controls=\"collapsea94acae7477a9eef2ab35a2003b744f6ffa8e201\">\r\n                            Z\u00e1kladn\u00ed um\u011bleck\u00e1 \u0161kola Praha 7                            <i class=\"fa fa-2x fa-angle-down\" aria-hidden=\"true\"><\/i>\r\n                        <\/p>\r\n                                \r\n            <\/div>\r\n\r\n            <div id=\"collapsea94acae7477a9eef2ab35a2003b744f6ffa8e201\" class=\"collapse\" data-id=\"a94acae7477a9eef2ab35a2003b744f6ffa8e201\" role=\"tabpanel\" aria-labelledby=\"headinga94acae7477a9eef2ab35a2003b744f6ffa8e201\">\r\n                <div class=\"card-block\">\r\n    \r\n<p>\u0160kola poskytuje z\u00e1klady vzd\u011bl\u00e1n\u00ed v&nbsp;um\u011bleck\u00fdch oborech, a&nbsp;tak\u00e9 p\u0159ipravuje \u017e\u00e1ky ke studiu na st\u0159edn\u00edch a&nbsp;vysok\u00fdch \u0161kol\u00e1ch um\u011bleck\u00e9ho zam\u011b\u0159en\u00ed.<\/p>\r\n<p>V hudebn\u00edm oboru se vyu\u010duje p\u0159\u00edpravn\u00e9 hudebn\u00ed v\u00fdchov\u011b, s\u00f3lov\u00e9mu a&nbsp;sborov\u00e9mu zp\u011bvu a&nbsp;h\u0159e na hudebn\u00ed n\u00e1stroje (kl\u00e1vesov\u00e9, smy\u010dcov\u00e9, strunn\u00e9, dechov\u00e9), mimo jin\u00e9 tak\u00e9 h\u0159e na varhany, cembalo, harfu, cimb\u00e1l, akordeon, bic\u00ed n\u00e1stroje atd. \u0160kola po mnoho let organizuje i&nbsp;v\u00fduku jazzov\u00e9 interpretace a&nbsp;z\u00e1klad\u016f skladby. Ve \u0161kole p\u016fsob\u00ed \u0159ada komorn\u00edch soubor\u016f nejr\u016fzn\u011bj\u0161\u00edho obsazen\u00ed, jazzov\u00e1 tria, dva v\u00fdznamn\u00e9 p\u011bveck\u00e9 sbory: d\u011btsk\u00fd p\u011bveck\u00fd Radost Praha a&nbsp;chlapeck\u00fd Pueri gaudentes.<\/p>\r\n<p>Studium ve v\u00fdtvarn\u00e9m oboru zahrnuje zvl\u00e1dnut\u00ed v\u0161ech v\u00fdtvarn\u00fdch technik. \u017d\u00e1ci se v\u011bnuj\u00ed kresb\u011b, malb\u011b, grafice, enkaustice, vitr\u00e1\u017ei, kombinovan\u00fdm technik\u00e1m aj.<\/p>\r\n<p>Na hodin\u00e1ch tane\u010dn\u00edho oboru se \u017e\u00e1ci sezn\u00e1m\u00ed s&nbsp;principy zdrav\u00e9ho dr\u017een\u00ed t\u011bla a&nbsp;pohybu. Z\u00e1klady klasick\u00e9 tane\u010dn\u00ed techniky i&nbsp;sou\u010dasn\u00e9ho tance dovol\u00ed d\u011btem rozv\u00edjet jejich p\u0159irozen\u00e9 fyzick\u00e9 dispozice. Hravou formou budou \u017e\u00e1ci vedeni k&nbsp;vlastn\u00edmu pohybov\u00e9mu vyj\u00e1d\u0159en\u00ed, fantazii a&nbsp;tvorb\u011b.<\/p>\r\n<p>Liter\u00e1rn\u011b-dramatick\u00fd obor nab\u00edz\u00ed \u017e\u00e1k\u016fm v\u00fduku dramatiky a&nbsp;jevi\u0161tn\u00ed praxe a&nbsp;z\u00e1klad\u016f mluven\u00e9ho projevu.<\/p>\r\n<p>\u0160im\u00e1\u010dkova 1452\/16<br \/>\r\n<a href=\"http:\/\/www.zuss.cz\/\">www.zuss.cz<\/a><br \/>\r\n<a href=\"https:\/\/www.facebook.com\/zuss.cz\">Z\u00e1kladn\u00ed um\u011bleck\u00e1 \u0161kola, Praha&nbsp;7, \u0160im\u00e1\u010dkova 16 | Facebook<\/a><\/p>\r\n                <\/div>\r\n            <\/div>\r\n        <\/div>\r\n    \r\n<p>&nbsp;<\/p>\r\n<h2>Hudebn\u00ed kluby a&nbsp;festivaly<\/h2>\r\n        <div class=\"collapse-block\">\r\n            <div class=\"card-header\" role=\"tab\" id=\"heading0f56f2686ae7e36046d5203f73759a09a467ebb0\">\r\n                                        <p data-toggle=\"collapse\" href=\"#collapse0f56f2686ae7e36046d5203f73759a09a467ebb0\" aria-controls=\"collapse0f56f2686ae7e36046d5203f73759a09a467ebb0\">\r\n                            Altenburg 1964                            <i class=\"fa fa-2x fa-angle-down\" aria-hidden=\"true\"><\/i>\r\n                        <\/p>\r\n                                \r\n            <\/div>\r\n\r\n            <div id=\"collapse0f56f2686ae7e36046d5203f73759a09a467ebb0\" class=\"collapse\" data-id=\"0f56f2686ae7e36046d5203f73759a09a467ebb0\" role=\"tabpanel\" aria-labelledby=\"heading0f56f2686ae7e36046d5203f73759a09a467ebb0\">\r\n                <div class=\"card-block\">\r\n    \r\n<p>N\u00e1kladn\u00ed lo\u010f Altenburg, neboli ATG, byla postavena v&nbsp;roce 1964 n\u011bmeck\u00e9 lod\u011bnici Boizengurg a&nbsp;v&nbsp;roce 1989 naposledy proplula \u017eeleznou oponou. V&nbsp;\u00fanoru 2017 byla zachr\u00e1n\u011bna cestou na \u0161roti\u0161t\u011b. Nyn\u00ed kotv\u00ed u&nbsp;Trojsk\u00e9ho mostu v&nbsp;pra\u017esk\u00fdch Hole\u0161ovic\u00edch a&nbsp;m\u00e1 slou\u017eit jako z\u00e1kladna pro kulturn\u00ed sc\u00e9nu. V&nbsp;roce 2018 vznikl na palub\u011b ATG hudebn\u00ed klub. Od sez\u00f3ny 2021 funguje ATG jako otev\u0159en\u00e1 platforma nab\u00edzej\u00edc\u00ed spolupr\u00e1ci \u0161irok\u00e9mu spektru partner\u016f na poli nez\u00e1visl\u00e9 kultury. Platforma pro koncerty, p\u00e1rty, firemn\u00ed ve\u010d\u00edrky, filmov\u00e1 nat\u00e1\u010den\u00ed, divadlo, festivaly a&nbsp;dal\u0161\u00ed pop-up akce. Sou\u010d\u00e1st\u00ed je i&nbsp;venkovn\u00ed platforma s&nbsp;barem, nab\u00edzej\u00edc\u00ed zejm\u00e9na v&nbsp;letn\u00edch m\u011bs\u00edc\u00edch outdoorov\u00fd prostor.<\/p>\r\n<p>Partyz\u00e1nsk\u00e1 18\/23<br \/>\r\n<a href=\"http:\/\/www.altenburg1964.cz\">www.altenburg1964.cz<\/a><br \/>\r\n<a href=\"http:\/\/www.facebook.com\/altenburg1964\">www.facebook.com\/altenburg1964<\/a><\/p>\r\n                <\/div>\r\n            <\/div>\r\n        <\/div>\r\n    \r\n        <div class=\"collapse-block\">\r\n            <div class=\"card-header\" role=\"tab\" id=\"heading67374817cc2510e5f5a3cd4708b7db428a5a4e9c\">\r\n                                        <p data-toggle=\"collapse\" href=\"#collapse67374817cc2510e5f5a3cd4708b7db428a5a4e9c\" aria-controls=\"collapse67374817cc2510e5f5a3cd4708b7db428a5a4e9c\">\r\n                            Containall Stalin                            <i class=\"fa fa-2x fa-angle-down\" aria-hidden=\"true\"><\/i>\r\n                        <\/p>\r\n                                \r\n            <\/div>\r\n\r\n            <div id=\"collapse67374817cc2510e5f5a3cd4708b7db428a5a4e9c\" class=\"collapse\" data-id=\"67374817cc2510e5f5a3cd4708b7db428a5a4e9c\" role=\"tabpanel\" aria-labelledby=\"heading67374817cc2510e5f5a3cd4708b7db428a5a4e9c\">\r\n                <div class=\"card-block\">\r\n    \r\n<p>Hlavn\u00ed \u010dinnost\u00ed kulturn\u00edho centra Stalin je prezentace lok\u00e1ln\u00ed mlad\u00e9 kultury, kterou pod kyvadlem od kv\u011btna do z\u00e1\u0159\u00ed dost\u00e1v\u00e1 prostor v&nbsp;r\u00e1mci multi\u017e\u00e1nrov\u00e9ho projektu Monument festival. V&nbsp;r\u00e1mci Monument festivalu tak \u201eNa Stalinu\u201c uv\u00e1d\u00edme zejm\u00e9na \u017eiv\u00e9 projekty pra\u017esk\u00e9 hudebn\u00ed sc\u00e9ny, zaj\u00edmav\u00e9 dokumenty a&nbsp;hran\u00e9 filmy z&nbsp;\u010desk\u00e9 i&nbsp;zahrani\u010dn\u00ed produkce, nejnov\u011bj\u0161\u00ed trendy v&nbsp;elektronick\u00e9 hudb\u011b, sportovn\u00ed akce \u010di v\u00fdtvarn\u00e9 projekty, kter\u00e9 se formou workshop\u016f v\u011bnuj\u00ed rozvoji manu\u00e1ln\u00ed \u010dinnosti d\u011bt\u00ed i&nbsp;dosp\u011bl\u00fdch.<\/p>\r\n<p>Letensk\u00e9 sady, \u201epod kyvadlem\u201c<br \/>\r\n<a href=\"http:\/\/www.containall.cz\/\">www.containall.cz<\/a><br \/>\r\n<a href=\"https:\/\/www.facebook.com\/StalinContainall\">Stalin | Facebook<\/a><\/p>\r\n                <\/div>\r\n            <\/div>\r\n        <\/div>\r\n    \r\n        <div class=\"collapse-block\">\r\n            <div class=\"card-header\" role=\"tab\" id=\"heading95c106fdd8b30fccf4c3114da36cc19c847a53f2\">\r\n                                        <p data-toggle=\"collapse\" href=\"#collapse95c106fdd8b30fccf4c3114da36cc19c847a53f2\" aria-controls=\"collapse95c106fdd8b30fccf4c3114da36cc19c847a53f2\">\r\n                            Cross Club                            <i class=\"fa fa-2x fa-angle-down\" aria-hidden=\"true\"><\/i>\r\n                        <\/p>\r\n                                \r\n            <\/div>\r\n\r\n            <div id=\"collapse95c106fdd8b30fccf4c3114da36cc19c847a53f2\" class=\"collapse\" data-id=\"95c106fdd8b30fccf4c3114da36cc19c847a53f2\" role=\"tabpanel\" aria-labelledby=\"heading95c106fdd8b30fccf4c3114da36cc19c847a53f2\">\r\n                <div class=\"card-block\">\r\n    \r\n<p>Cross Club, kter\u00fd se rozprost\u00edr\u00e1 na n\u011bkolika patrech \u010din\u017eovn\u00edho domu nedaleko Hole\u0161ovick\u00e9ho n\u00e1dra\u017e\u00ed, je jedine\u010dn\u00fdm futuristicky ztv\u00e1rn\u011bn\u00fdm pra\u017esk\u00fdm podnikem. Tvo\u0159\u00ed ho jednak kav\u00e1rna s&nbsp;galeri\u00ed, men\u0161\u00ed kinos\u00e1l, kde jsou prom\u00edt\u00e1ny p\u0159ev\u00e1\u017en\u011b filmy za\u010d\u00ednaj\u00edc\u00edch filma\u0159\u016f, a&nbsp;p\u0159edev\u0161\u00edm hudebn\u00ed klub. Prostor klubu je propracov\u00e1n a\u017e do neuv\u011b\u0159iteln\u00fdch detail\u016f. Ka\u017ed\u00e9mu koutu zde byla v\u011bnov\u00e1na extr\u00e9mn\u00ed p\u00e9\u010de. I&nbsp;pokud nem\u00e1te zrovna v&nbsp;oblib\u011b elektronickou hudbu nebo alternativn\u00ed filmy, stoj\u00ed tento podnik za n\u00e1v\u0161t\u011bvu.<\/p>\r\n<p>Plyn\u00e1rn\u00ed 23<br \/>\r\n<a href=\"http:\/\/www.crossclub.cz\/\">www.crossclub.cz<\/a><br \/>\r\n<a href=\"https:\/\/www.facebook.com\/crossclubpraguecz\">cross][club | Facebook<\/a><\/p>\r\n                <\/div>\r\n            <\/div>\r\n        <\/div>\r\n    \r\n        <div class=\"collapse-block\">\r\n            <div class=\"card-header\" role=\"tab\" id=\"headingc7e5b03c5b612cab5cfd11801be2e659afba42ff\">\r\n                                        <p data-toggle=\"collapse\" href=\"#collapsec7e5b03c5b612cab5cfd11801be2e659afba42ff\" aria-controls=\"collapsec7e5b03c5b612cab5cfd11801be2e659afba42ff\">\r\n                            Fuchs2                            <i class=\"fa fa-2x fa-angle-down\" aria-hidden=\"true\"><\/i>\r\n                        <\/p>\r\n                                \r\n            <\/div>\r\n\r\n            <div id=\"collapsec7e5b03c5b612cab5cfd11801be2e659afba42ff\" class=\"collapse\" data-id=\"c7e5b03c5b612cab5cfd11801be2e659afba42ff\" role=\"tabpanel\" aria-labelledby=\"headingc7e5b03c5b612cab5cfd11801be2e659afba42ff\">\r\n                <div class=\"card-block\">\r\n    \r\n<p>Ve\u0159ejn\u00fd prostor pro nez\u00e1vislou kulturu. Fuchs2 je v\u00fdsledkem unik\u00e1tn\u00ed spolupr\u00e1ce \u010dty\u0159 kolektiv\u016f, kter\u00e9 sd\u00edlej\u00ed podobn\u00fd pohled na ve\u0159ejn\u00fd prostor a&nbsp;nez\u00e1vislou kulturu: Altenburg1964, Containall, P\u0159\u00edstav 18600 a&nbsp;Vila \u0160tvanice.<\/p>\r\n<p>Ostrov \u0160tvanice<br \/>\r\n<a href=\"http:\/\/www.fuchs2.cz\/\">www.fuchs2.cz<\/a><br \/>\r\n<a href=\"https:\/\/www.facebook.com\/fuchs2fuchs2\">Fuchs2 | Facebook<\/a><\/p>\r\n                <\/div>\r\n            <\/div>\r\n        <\/div>\r\n    \r\n        <div class=\"collapse-block\">\r\n            <div class=\"card-header\" role=\"tab\" id=\"heading1020a057e073be9a0497433c7e3d0af9c835221b\">\r\n                                        <p data-toggle=\"collapse\" href=\"#collapse1020a057e073be9a0497433c7e3d0af9c835221b\" aria-controls=\"collapse1020a057e073be9a0497433c7e3d0af9c835221b\">\r\n                            Gau\u010d na V\u00fdstavi\u0161ti                            <i class=\"fa fa-2x fa-angle-down\" aria-hidden=\"true\"><\/i>\r\n                        <\/p>\r\n                                \r\n            <\/div>\r\n\r\n            <div id=\"collapse1020a057e073be9a0497433c7e3d0af9c835221b\" class=\"collapse\" data-id=\"1020a057e073be9a0497433c7e3d0af9c835221b\" role=\"tabpanel\" aria-labelledby=\"heading1020a057e073be9a0497433c7e3d0af9c835221b\">\r\n                <div class=\"card-block\">\r\n    \r\n<p>Gau\u010d ve Stromovce je letn\u00ed sc\u00e9na pra\u017esk\u00e9ho kulturn\u00edho a&nbsp;spole\u010densk\u00e9ho \u017eivota, kde se m\u011bsto potk\u00e1v\u00e1 s&nbsp;p\u0159\u00edrodou. Prostor slou\u017e\u00ed pro po\u0159\u00e1d\u00e1n\u00ed koncert\u016f, divadel, letn\u00edho kina.<\/p>\r\n<p>V\u00fdstavi\u0161t\u011b 415<br \/>\r\n<a href=\"http:\/\/www.gaucnavystavisti.cz\">www.gaucnavystavisti.cz<\/a><br \/>\r\n<a href=\"https:\/\/www.facebook.com\/gaucnavystavisti\">Gau\u010d na V\u00fdstavi\u0161ti| Facebook<\/a><\/p>\r\n                <\/div>\r\n            <\/div>\r\n        <\/div>\r\n    \r\n        <div class=\"collapse-block\">\r\n            <div class=\"card-header\" role=\"tab\" id=\"heading6ea69b34e30130a4d83d0aabd5d3e7ce7fed735c\">\r\n                                        <p data-toggle=\"collapse\" href=\"#collapse6ea69b34e30130a4d83d0aabd5d3e7ce7fed735c\" aria-controls=\"collapse6ea69b34e30130a4d83d0aabd5d3e7ce7fed735c\">\r\n                            Lunchmeat Festival                             <i class=\"fa fa-2x fa-angle-down\" aria-hidden=\"true\"><\/i>\r\n                        <\/p>\r\n                                \r\n            <\/div>\r\n\r\n            <div id=\"collapse6ea69b34e30130a4d83d0aabd5d3e7ce7fed735c\" class=\"collapse\" data-id=\"6ea69b34e30130a4d83d0aabd5d3e7ce7fed735c\" role=\"tabpanel\" aria-labelledby=\"heading6ea69b34e30130a4d83d0aabd5d3e7ce7fed735c\">\r\n                <div class=\"card-block\">\r\n    \r\n<p>Lunchmeat Festival je ka\u017edoro\u010dn\u00ed p\u0159ehl\u00eddka aktu\u00e1ln\u00ed nez\u00e1visl\u00e9 elektronick\u00e9 hudby a&nbsp;digit\u00e1ln\u00edho um\u011bn\u00ed odehr\u00e1vaj\u00edc\u00ed se v&nbsp;Praze.<\/p>\r\n<p>Veletr\u017en\u00ed pal\u00e1c a&nbsp;r\u016fzn\u00e9 dal\u0161\u00ed pra\u017esk\u00e9 sc\u00e9ny<br \/>\r\n<a href=\"http:\/\/www.lunchmeatfestival.cz\/\">www.lunchmeatfestival.cz<\/a><br \/>\r\n<a href=\"https:\/\/www.facebook.com\/LunchmeatFestival\">Lunchmeat Festival | Facebook<\/a><\/p>\r\n                <\/div>\r\n            <\/div>\r\n        <\/div>\r\n    \r\n        <div class=\"collapse-block\">\r\n            <div class=\"card-header\" role=\"tab\" id=\"heading92249b0d260fca5cf7cf29b0f7da507753854408\">\r\n                                        <p data-toggle=\"collapse\" href=\"#collapse92249b0d260fca5cf7cf29b0f7da507753854408\" aria-controls=\"collapse92249b0d260fca5cf7cf29b0f7da507753854408\">\r\n                            Mecca Club Prague                            <i class=\"fa fa-2x fa-angle-down\" aria-hidden=\"true\"><\/i>\r\n                        <\/p>\r\n                                \r\n            <\/div>\r\n\r\n            <div id=\"collapse92249b0d260fca5cf7cf29b0f7da507753854408\" class=\"collapse\" data-id=\"92249b0d260fca5cf7cf29b0f7da507753854408\" role=\"tabpanel\" aria-labelledby=\"heading92249b0d260fca5cf7cf29b0f7da507753854408\">\r\n                <div class=\"card-block\">\r\n    \r\n<p>Klub Mecca je popul\u00e1rn\u00ed tane\u010dn\u00ed klub s&nbsp;bohatou histori\u00ed, kter\u00fd je vyhled\u00e1v\u00e1n \u0161irokou \u010deskou klubovou sc\u00e9nou, zahrani\u010dn\u00edmi producenty a&nbsp;DJi. Za dobu sv\u00e9 existence se Mecca stala pojmem i&nbsp;v&nbsp;zahrani\u010d\u00ed a&nbsp;c\u00edlen\u011b ji nav\u0161t\u011bvuj\u00ed fanou\u0161ci tane\u010dn\u00ed hudby z&nbsp;cel\u00e9ho sv\u011bta.<\/p>\r\n<p>U Pr\u016fhonu 799\/3<br \/>\r\n<a href=\"http:\/\/www.mecca.cz\/\">www.mecca.cz<\/a><br \/>\r\n<a href=\"https:\/\/www.facebook.com\/mecca.club\">Mecca Club Prague | Facebook<\/a><\/p>\r\n                <\/div>\r\n            <\/div>\r\n        <\/div>\r\n    \r\n        <div class=\"collapse-block\">\r\n            <div class=\"card-header\" role=\"tab\" id=\"heading8aa1ac67e40cd331f247f2e052513cbdb65097f0\">\r\n                                        <p data-toggle=\"collapse\" href=\"#collapse8aa1ac67e40cd331f247f2e052513cbdb65097f0\" aria-controls=\"collapse8aa1ac67e40cd331f247f2e052513cbdb65097f0\">\r\n                            Metronome Festival Prague                            <i class=\"fa fa-2x fa-angle-down\" aria-hidden=\"true\"><\/i>\r\n                        <\/p>\r\n                                \r\n            <\/div>\r\n\r\n            <div id=\"collapse8aa1ac67e40cd331f247f2e052513cbdb65097f0\" class=\"collapse\" data-id=\"8aa1ac67e40cd331f247f2e052513cbdb65097f0\" role=\"tabpanel\" aria-labelledby=\"heading8aa1ac67e40cd331f247f2e052513cbdb65097f0\">\r\n                <div class=\"card-block\">\r\n    \r\n<p>Mezin\u00e1rodn\u00ed hudebn\u00ed a&nbsp;um\u011bleck\u00fd festival v&nbsp;Praze, kter\u00fd se odehr\u00e1v\u00e1 v&nbsp;are\u00e1lu V\u00fdstavi\u0161t\u011b Praha. Dramaturgie festivalu se zam\u011b\u0159uje jak na mezin\u00e1rodn\u00ed, tak i&nbsp;tuzemsk\u00e9 um\u011blce &#8211; s&nbsp;c\u00edlem oslovit v\u0161echny v\u011bkov\u00e9 i&nbsp;\u017e\u00e1nrov\u00e9 poslucha\u010dsk\u00e9 vrstvy.<\/p>\r\n<p>V\u00fdstavi\u0161t\u011b Praha<br \/>\r\n<a href=\"https:\/\/metronomefestival.cz\/\">metronomefestival.cz<\/a><br \/>\r\n<a href=\"https:\/\/www.facebook.com\/metronomeprague\">Metronome Prague | Facebook<\/a><\/p>\r\n                <\/div>\r\n            <\/div>\r\n        <\/div>\r\n    \r\n        <div class=\"collapse-block\">\r\n            <div class=\"card-header\" role=\"tab\" id=\"headingc99d940485504ff323596577ac826868483e550a\">\r\n                                        <p data-toggle=\"collapse\" href=\"#collapsec99d940485504ff323596577ac826868483e550a\" aria-controls=\"collapsec99d940485504ff323596577ac826868483e550a\">\r\n                            Respect Festival                            <i class=\"fa fa-2x fa-angle-down\" aria-hidden=\"true\"><\/i>\r\n                        <\/p>\r\n                                \r\n            <\/div>\r\n\r\n            <div id=\"collapsec99d940485504ff323596577ac826868483e550a\" class=\"collapse\" data-id=\"c99d940485504ff323596577ac826868483e550a\" role=\"tabpanel\" aria-labelledby=\"headingc99d940485504ff323596577ac826868483e550a\">\r\n                <div class=\"card-block\">\r\n    \r\n<p>Pravideln\u00e1 p\u0159ehl\u00eddka world music s&nbsp;nejdel\u0161\u00ed histori\u00ed u&nbsp;n\u00e1s. Tradi\u010dn\u011b nab\u00eddne vystoupen\u00ed soubor\u016f z&nbsp;r\u016fzn\u00fdch kout\u016f sv\u011bta, kter\u00e9 skl\u00edzej\u00ed ovace na zahrani\u010dn\u00edch festivalech a&nbsp;v&nbsp;\u010cesk\u00e9 republice vystoup\u00ed poprv\u00e9.<\/p>\r\n<p><a href=\"https:\/\/rachot.cz\/respect-festival\/\">rachot.cz\/respect-festival<\/a><br \/>\r\n<a href=\"https:\/\/www.facebook.com\/rachotcz\">Rachot | Facebook<\/a><\/p>\r\n                <\/div>\r\n            <\/div>\r\n        <\/div>\r\n    \r\n        <div class=\"collapse-block\">\r\n            <div class=\"card-header\" role=\"tab\" id=\"headingb0d353df70f48170f8910d7ec736d2474873f402\">\r\n                                        <p data-toggle=\"collapse\" href=\"#collapseb0d353df70f48170f8910d7ec736d2474873f402\" aria-controls=\"collapseb0d353df70f48170f8910d7ec736d2474873f402\">\r\n                            SaSaZu                            <i class=\"fa fa-2x fa-angle-down\" aria-hidden=\"true\"><\/i>\r\n                        <\/p>\r\n                                \r\n            <\/div>\r\n\r\n            <div id=\"collapseb0d353df70f48170f8910d7ec736d2474873f402\" class=\"collapse\" data-id=\"b0d353df70f48170f8910d7ec736d2474873f402\" role=\"tabpanel\" aria-labelledby=\"headingb0d353df70f48170f8910d7ec736d2474873f402\">\r\n                <div class=\"card-block\">\r\n    \r\n<p>Stejn\u011b jako \u0159ada vyhl\u00e1\u0161en\u00fdch klub\u016f v&nbsp;New Yorku byly i&nbsp;p\u016fvodn\u00ed prostory Sasazu m\u00edstem pro por\u00e1\u017eku dobytka. V&nbsp;nyn\u011bj\u0161\u00ed dob\u011b ji\u017e budova slou\u017e\u00ed pro po\u0159\u00e1d\u00e1n\u00ed velkolep\u00fdch koncert\u016f a&nbsp;party. B\u011bhem nep\u0159\u00edli\u0161 dlouh\u00e9 historie klubu Sasazu se zde uskute\u010dnily koncerty takov\u00fdch hv\u011bzd jako jsou nap\u0159. Macy Gray, Lily Allen, Kosheen, Paul Van Dyk, Fedde Le Grande, Eric Morillo a&nbsp;mnoh\u00fdch dal\u0161\u00edch. Klub je schopen pojmout a\u017e dva a&nbsp;p\u016fl tis\u00edce lid\u00ed.<\/p>\r\n<p>Bubensk\u00e9 n\u00e1b\u0159e\u017e\u00ed 306<br \/>\r\n<a href=\"http:\/\/www.sasazu.com\/\">www.sasazu.com<\/a><br \/>\r\n<a href=\"https:\/\/www.facebook.com\/CheckInSaSaZu\">SaSaZu | Facebook<\/a><\/p>\r\n                <\/div>\r\n            <\/div>\r\n        <\/div>\r\n    \r\n        <div class=\"collapse-block\">\r\n            <div class=\"card-header\" role=\"tab\" id=\"heading7f2ed5ffd847c062019961433f440caa234de488\">\r\n                                        <p data-toggle=\"collapse\" href=\"#collapse7f2ed5ffd847c062019961433f440caa234de488\" aria-controls=\"collapse7f2ed5ffd847c062019961433f440caa234de488\">\r\n                            Are\u00e1l 7                            <i class=\"fa fa-2x fa-angle-down\" aria-hidden=\"true\"><\/i>\r\n                        <\/p>\r\n                                \r\n            <\/div>\r\n\r\n            <div id=\"collapse7f2ed5ffd847c062019961433f440caa234de488\" class=\"collapse\" data-id=\"7f2ed5ffd847c062019961433f440caa234de488\" role=\"tabpanel\" aria-labelledby=\"heading7f2ed5ffd847c062019961433f440caa234de488\">\r\n                <div class=\"card-block\">\r\n    \r\n<p>V\u00edce\u00fa\u010delov\u00fd venkovn\u00ed are\u00e1l pro kon\u00e1n\u00ed jednor\u00e1zov\u00fdch kulturn\u00edch a&nbsp;spole\u010densk\u00fdch akc\u00ed vedle V\u00fdstavi\u0161t\u011b v&nbsp;ulici Za Elektr\u00e1rnou nab\u00edz\u00ed b\u011bhem letn\u00ed sez\u00f3ny pestr\u00fd letn\u00ed program zam\u011b\u0159en\u00fd na mluven\u00e9 slovo &#8211; Standupy, Slam Poetry, ale tak\u00e9 koncerty a&nbsp;dal\u0161\u00ed kulturn\u00ed akce. Pln\u011b vybaven\u00fd are\u00e1l v&nbsp;industri\u00e1ln\u00edm are\u00e1lu b\u00fdval\u00e9 tepl\u00e1rny poskytuje dokonal\u00fd playground pro kulturu.<\/p>\r\n<p><a href=\"https:\/\/www.areal7.cz\/\">www.areal7.cz<\/a><br \/>\r\n<a href=\"https:\/\/www.instagram.com\/areal7.cz\">Are\u00e1l 7 (@areal7.cz) \u2022 Instagram<\/a><\/p>\r\n                <\/div>\r\n            <\/div>\r\n        <\/div>\r\n    \r\n<h2>Dal\u0161\u00ed volno\u010dasov\u00e9 instituce<\/h2>\r\n        <div class=\"collapse-block\">\r\n            <div class=\"card-header\" role=\"tab\" id=\"heading672b98fc6ed0ad7aaa132024c5357f43f4b33f0c\">\r\n                                        <p data-toggle=\"collapse\" href=\"#collapse672b98fc6ed0ad7aaa132024c5357f43f4b33f0c\" aria-controls=\"collapse672b98fc6ed0ad7aaa132024c5357f43f4b33f0c\">\r\n                            Botanick\u00e1 zahrada Praha                            <i class=\"fa fa-2x fa-angle-down\" aria-hidden=\"true\"><\/i>\r\n                        <\/p>\r\n                                \r\n            <\/div>\r\n\r\n            <div id=\"collapse672b98fc6ed0ad7aaa132024c5357f43f4b33f0c\" class=\"collapse\" data-id=\"672b98fc6ed0ad7aaa132024c5357f43f4b33f0c\" role=\"tabpanel\" aria-labelledby=\"heading672b98fc6ed0ad7aaa132024c5357f43f4b33f0c\">\r\n                <div class=\"card-block\">\r\n    \r\n<p>Botanick\u00e1 zahrada nen\u00ed jen instituce pro p\u011bstov\u00e1n\u00ed rostlin \u2013 je m\u00edstem odpo\u010dinku v&nbsp;p\u0159\u00edrod\u011b, pou\u010den\u00ed, z\u00e1bavy a&nbsp;pot\u011b\u0161en\u00ed v\u0161ech smysl\u016f.<br \/>\r\nVenkovn\u00ed expozice jsou ide\u00e1ln\u00edm prostorem pro relaxaci a&nbsp;odpo\u010dinek uprost\u0159ed 15&nbsp;000 druh\u016f strom\u016f a&nbsp;kv\u011btin. Medita\u010dn\u00ed Japonsk\u00e1 zahrada v\u00e1s na ja\u0159e okouzl\u00ed kv\u011bty rododendron\u016f, pivon\u011bk \u010di n\u011b\u017en\u00fdch sakur, v&nbsp;hork\u00e9m l\u00e9t\u011b zde najdete vlah\u00fd st\u00edn a&nbsp;na podzim po\u0161mourn\u00e9 po\u010das\u00ed rozz\u00e1\u0159\u00ed pestrobarevn\u00e9 listy japonsk\u00fdch javor\u016f. Pivo\u0148kov\u00e1 louka, Severoamerick\u00e1 pr\u00e9rie, Ornament\u00e1ln\u00ed zahrada \u010di Mediter\u00e1n jsou jen zlomkem toho, kam se m\u016f\u017eete v&nbsp;ka\u017ed\u00e9m ro\u010dn\u00edm obdob\u00ed vypravit obdivovat poklady rostlinn\u00e9 \u0159\u00ed\u0161e.<br \/>\r\nVydejte se na cestu kolem sv\u011bta b\u011bhem jedn\u00e9 hodiny ve sklen\u00edku Fata Morgana. Poznejte exotick\u00e9 skvosty tropick\u00fdch de\u0161tn\u00fdch les\u016f, vysokohorsk\u00e9ho ml\u017en\u00e9ho lesa a&nbsp;nejsu\u0161\u0161\u00edch oblast\u00ed sv\u011bta. Cestou se sezn\u00e1m\u00edte s&nbsp;rybami tropick\u00fdch \u0159ek i&nbsp;jezer a&nbsp;zaposlouch\u00e1te do \u0161umu divok\u00e9ho vodop\u00e1du.<\/p>\r\n<p>Trojsk\u00e1 800\/196<br \/>\r\n<a href=\"http:\/\/www.botanicka.cz\/\">www.botanicka.cz<\/a><br \/>\r\n<a href=\"https:\/\/www.facebook.com\/BotanickaZahradaPraha\">Botanick\u00e1 zahrada Praha | Facebook<\/a><\/p>\r\n                <\/div>\r\n            <\/div>\r\n        <\/div>\r\n    \r\n        <div class=\"collapse-block\">\r\n            <div class=\"card-header\" role=\"tab\" id=\"heading745458f202e52ca7b1a42d1e2f3553e10a7400bf\">\r\n                                        <p data-toggle=\"collapse\" href=\"#collapse745458f202e52ca7b1a42d1e2f3553e10a7400bf\" aria-controls=\"collapse745458f202e52ca7b1a42d1e2f3553e10a7400bf\">\r\n                            Hole\u0161ovick\u00e1 tr\u017enice                            <i class=\"fa fa-2x fa-angle-down\" aria-hidden=\"true\"><\/i>\r\n                        <\/p>\r\n                                \r\n            <\/div>\r\n\r\n            <div id=\"collapse745458f202e52ca7b1a42d1e2f3553e10a7400bf\" class=\"collapse\" data-id=\"745458f202e52ca7b1a42d1e2f3553e10a7400bf\" role=\"tabpanel\" aria-labelledby=\"heading745458f202e52ca7b1a42d1e2f3553e10a7400bf\">\r\n                <div class=\"card-block\">\r\n    \r\n<p>Hole\u0161ovick\u00e1 tr\u017enice je multifunk\u010dn\u00ed are\u00e1l v&nbsp;historick\u00e9m prostoru b\u00fdval\u00fdch jatek. Najdete u&nbsp;n\u00e1s nejv\u011bt\u0161\u00ed zeleninov\u00e9 tr\u017ei\u0161t\u011b otev\u0159en\u00e9 po cel\u00fd rok, obchody a&nbsp;slu\u017eby, kulturn\u00ed vy\u017eit\u00ed i&nbsp;gastronomii.\u00a0<\/p>\r\n<p>V l\u00e9t\u011b si m\u016f\u017eete odpo\u010dinout v&nbsp;otev\u0159en\u00e9 food truck z\u00f3n\u011b vedle Haly 22, kde pravideln\u011b po\u0159\u00e1d\u00e1me letn\u00ed kina a&nbsp;ve\u010dery s&nbsp;Djs. Korza Tr\u017enice o\u017eivuj\u00ed food pop-upy a&nbsp;kulturou se hem\u017e\u00ed i&nbsp;dal\u0161\u00ed Haly v&nbsp;are\u00e1lu jako Jatka78, Trafo gallery \u010di Chemistry Gallery. Za dobr\u00fdm j\u00eddlem vyra\u017ete i&nbsp;do restaurac\u00ed Trang An \u010di Sasazu. Sledujte na\u0161e soci\u00e1ln\u00ed s\u00edt\u011b, a\u0165 v\u00e1m neuniknou \u010derstv\u00e9 novinky z&nbsp;are\u00e1lu.<\/p>\r\n<p>Bubensk\u00e9 n\u00e1b\u0159. 306<br \/>\r\n<a href=\"https:\/\/www.holesovickatrznice.cz\">www.holesovickatrznice.cz<\/a><br \/>\r\n<a href=\"https:\/\/www.facebook.com\/holesovickatrznice.cz\">Hole\u0161ovick\u00e1 tr\u017enice | Facebook<\/a><br \/>\r\n<a href=\"https:\/\/www.instagram.com\/holesovickatrznice\">Hole\u0161ovick\u00e1 tr\u017enice | Instagram<\/a><\/p>\r\n                <\/div>\r\n            <\/div>\r\n        <\/div>\r\n    \r\n        <div class=\"collapse-block\">\r\n            <div class=\"card-header\" role=\"tab\" id=\"heading1a655b6f133e2873352b34b1aa945742ec3a24a5\">\r\n                                        <p data-toggle=\"collapse\" href=\"#collapse1a655b6f133e2873352b34b1aa945742ec3a24a5\" aria-controls=\"collapse1a655b6f133e2873352b34b1aa945742ec3a24a5\">\r\n                            Planet\u00e1rium Praha                            <i class=\"fa fa-2x fa-angle-down\" aria-hidden=\"true\"><\/i>\r\n                        <\/p>\r\n                                \r\n            <\/div>\r\n\r\n            <div id=\"collapse1a655b6f133e2873352b34b1aa945742ec3a24a5\" class=\"collapse\" data-id=\"1a655b6f133e2873352b34b1aa945742ec3a24a5\" role=\"tabpanel\" aria-labelledby=\"heading1a655b6f133e2873352b34b1aa945742ec3a24a5\">\r\n                <div class=\"card-block\">\r\n    \r\n<p>Planet\u00e1rium chce p\u0159edev\u0161\u00edm uk\u00e1zat \u0161irok\u00e9 ve\u0159ejnosti, a&nbsp;to p\u0159ednostn\u011b d\u011btem, kr\u00e1sy vesm\u00edru a&nbsp;pr\u00e1ci hv\u011bzd\u00e1\u0159\u016f a&nbsp;astronom\u016f. Krom toho se zde po\u0159\u00e1daj\u00ed r\u016fzn\u00e9 programy a&nbsp;akce, kter\u00e9 je\u0161t\u011b v\u00edce vt\u00e1hnou n\u00e1v\u0161t\u011bvn\u00edka do kr\u00e1s vesm\u00edru. V&nbsp;planet\u00e1riu se nach\u00e1z\u00ed prom\u00edtac\u00ed s\u00e1l se sf\u00e9rick\u00fdm stropem (kopul\u00ed), kter\u00fd napodobuje pomyslnou nebeskou klenbu. Na tento strop planet\u00e1rium prom\u00edt\u00e1 vesm\u00edrn\u00e9 objekty. Div\u00e1ci jsou podobn\u011b jako v&nbsp;divadle \u010di kin\u011b usazeni v&nbsp;pohodln\u00fdch seda\u010dk\u00e1ch a&nbsp;na strop\u011b nad sebou sleduj\u00ed dokonalou iluzi denn\u00ed \u010di no\u010dn\u00ed oblohy.<\/p>\r\n<p>Kr\u00e1lovsk\u00e1 obora 233<br \/>\r\n<a href=\"http:\/\/www.planetarium.cz\/\">www.planetarium.cz<\/a><br \/>\r\n<a href=\"https:\/\/www.facebook.com\/planetariumpraha\">Planetum | Facebook<\/a><\/p>\r\n                <\/div>\r\n            <\/div>\r\n        <\/div>\r\n    \r\n        <div class=\"collapse-block\">\r\n            <div class=\"card-header\" role=\"tab\" id=\"headingbc35835aae960f7530e58a4c947f848e85d3818a\">\r\n                                        <p data-toggle=\"collapse\" href=\"#collapsebc35835aae960f7530e58a4c947f848e85d3818a\" aria-controls=\"collapsebc35835aae960f7530e58a4c947f848e85d3818a\">\r\n                            St\u0159\u00edda\u010dka                            <i class=\"fa fa-2x fa-angle-down\" aria-hidden=\"true\"><\/i>\r\n                        <\/p>\r\n                                \r\n            <\/div>\r\n\r\n            <div id=\"collapsebc35835aae960f7530e58a4c947f848e85d3818a\" class=\"collapse\" data-id=\"bc35835aae960f7530e58a4c947f848e85d3818a\" role=\"tabpanel\" aria-labelledby=\"headingbc35835aae960f7530e58a4c947f848e85d3818a\">\r\n                <div class=\"card-block\">\r\n    \r\n<p>St\u0159\u00edda\u010dka je \u00fatuln\u00fd sv\u011btl\u00fd prostor v&nbsp;Mal\u00e9 sportovn\u00ed hale na hole\u0161ovick\u00e9m V\u00fdstavi\u0161ti. B\u011bhem \u0161koln\u00edho roku se tu v&nbsp;t\u00fddnu odehr\u00e1vaj\u00ed odpoledn\u00ed krou\u017eky pro d\u011bti r\u016fzn\u00fdch v\u011bkov\u00fdch kategori\u00ed. Sv\u00e9 z\u00e1zem\u00ed na\u0161la na St\u0159\u00edda\u010dce obl\u00edben\u00e1 dvojice Karol a&nbsp;Kv\u00eddo, jej\u00ed\u017e Studio pat\u0159\u00ed k&nbsp;t\u011bm nejobl\u00edben\u011bj\u0161\u00edm, stejn\u011b jako kurzy novocirkusov\u00e9 akademie souboru Cirk La Putyka.\u00a0<\/p>\r\n<p>V\u00edkendy na St\u0159\u00edda\u010dce pat\u0159\u00ed kreativn\u00edm workshop\u016fm pro d\u011bti i&nbsp;dosp\u011bl\u00e9. Ka\u017ed\u00fd m\u011bs\u00edc tu m\u016f\u017eete nav\u0161t\u00edvit keramickou d\u00edlnu, dvakr\u00e1t ro\u010dn\u011b spole\u010dn\u011b s&nbsp;Aero\u0161kolou po\u0159\u00e1d\u00e1me workshop klasick\u00e9 ru\u010dn\u00ed animace, svou oblibu z\u00edskaly i&nbsp;kurzy floristiky.\u00a0<\/p>\r\n<p>K prostoru St\u0159\u00edda\u010dky pat\u0159\u00ed i&nbsp;p\u0159\u00edjemn\u011b zast\u00edn\u011bn\u00e1 venkovn\u00ed terasa. Prostor lze pronajmout pro dopoledn\u00ed program d\u011btsk\u00fdch i&nbsp;seniorsk\u00fdch skupin, ve\u010dern\u00ed debaty a&nbsp;talkshow, komorn\u00ed koncerty nebo pop up akce.\u00a0<\/p>\r\n<p>Are\u00e1l V\u00fdstavi\u0161t\u011b Praha<br \/>\r\n<a href=\"https:\/\/navystavisti.cz\/stridacka\/\">www.navystavisti.cz\/stridacka<\/a><br \/>\r\n<a href=\"https:\/\/www.facebook.com\/PrahaVystaviste\">V\u00fdstavi\u0161t\u011b Praha | Facebook<\/a><br \/>\r\n<a href=\"https:\/\/www.instagram.com\/stridackanavystavisti\/\">St\u0159\u00edda\u010dka | Instagram<\/a><\/p>\r\n                <\/div>\r\n            <\/div>\r\n        <\/div>\r\n    \r\n        <div class=\"collapse-block\">\r\n            <div class=\"card-header\" role=\"tab\" id=\"headingd5300cc66e9abc6f17a289882c075ec755731997\">\r\n                                        <p data-toggle=\"collapse\" href=\"#collapsed5300cc66e9abc6f17a289882c075ec755731997\" aria-controls=\"collapsed5300cc66e9abc6f17a289882c075ec755731997\">\r\n                            V\u00fdstavi\u0161t\u011b Praha                            <i class=\"fa fa-2x fa-angle-down\" aria-hidden=\"true\"><\/i>\r\n                        <\/p>\r\n                                \r\n            <\/div>\r\n\r\n            <div id=\"collapsed5300cc66e9abc6f17a289882c075ec755731997\" class=\"collapse\" data-id=\"d5300cc66e9abc6f17a289882c075ec755731997\" role=\"tabpanel\" aria-labelledby=\"headingd5300cc66e9abc6f17a289882c075ec755731997\">\r\n                <div class=\"card-block\">\r\n    \r\n<p>V\u00fdstavi\u0161t\u011b Praha je multifunk\u010dn\u00edm prostorem s&nbsp;dlouholetou tradic\u00ed. Rozkl\u00e1d\u00e1 se na plo\u0161e 36 hektar\u016f a&nbsp;jeho dominantou je secesn\u00ed Pr\u016fmyslov\u00fd pal\u00e1c. Pro sv\u00e9 zna\u010dn\u00e9 interi\u00e9rov\u00e9 i&nbsp;exteri\u00e9rov\u00e9 mo\u017enosti je skv\u011blou a&nbsp;vyhled\u00e1vanou p\u0159\u00edle\u017eitost\u00ed pro po\u0159\u00e1d\u00e1n\u00ed \u0159ady kulturn\u00edch, spole\u010densk\u00fdch a&nbsp;z\u00e1bavn\u00edch akc\u00ed v&nbsp;pr\u016fb\u011bhu cel\u00e9ho roku. D\u00edky sv\u00e9mu um\u00edst\u011bn\u00ed v&nbsp;bl\u00edzkosti centra a&nbsp;parkovac\u00edm kapacit\u00e1m je v\u00fdstavi\u0161t\u011b velmi dob\u0159e dostupn\u00e9. Na v\u00fdstavi\u0161ti najdete tak\u00e9 Lapid\u00e1rium N\u00e1rodn\u00edho muzea, Maroldovo Panorama bitvy u&nbsp;Lipan, K\u0159i\u017e\u00edkovu sv\u011btelnou font\u00e1nu \u010di akv\u00e1rium Mo\u0159sk\u00fd sv\u011bt. V&nbsp;t\u011bsn\u00e9m okol\u00ed v\u00fdstavi\u0161t\u011b se na z\u00e1padn\u00ed stran\u011b nach\u00e1z\u00ed rozlehl\u00fd park Stromovka a&nbsp;Planet\u00e1rium Praha. Severn\u00ed \u010d\u00e1st are\u00e1lu zauj\u00edm\u00e1 lunapark, dnes m\u00edsto, kde se kon\u00e1v\u00e1 Mat\u011bjsk\u00e1 pou\u0165.<br \/>\r\nAre\u00e1l V\u00fdstavi\u0161t\u011b nab\u00edz\u00ed tak\u00e9 sportovn\u00ed vy\u017eit\u00ed. Lid\u00e9 mohou chodit pravideln\u011b plavat do baz\u00e9nu ve spodn\u00ed \u010d\u00e1sti are\u00e1lu a&nbsp;v&nbsp;zimn\u00ed sez\u00f3n\u011b si zabruslit v&nbsp;Mal\u00e9 sportovn\u00ed hale, v&nbsp;K\u0159i\u017e\u00edkov\u00fdch pavilonech si lze pronajmout kurt na badminton nebo st\u016fl na ping pong.<\/p>\r\n<p>Are\u00e1l V\u00fdstavi\u0161t\u011b Praha<br \/>\r\n<a href=\"https:\/\/navystavisti.cz\/\">www.navystavisti.cz<\/a><br \/>\r\n<a href=\"https:\/\/www.facebook.com\/PrahaVystaviste\">V\u00fdstavi\u0161t\u011b Praha | Facebook<\/a><br \/>\r\n<a href=\"https:\/\/www.instagram.com\/vystavistepraha\/\">V\u00fdstavi\u0161t\u011b Praha | Instagram<\/a><\/p>\r\n                <\/div>\r\n            <\/div>\r\n        <\/div>\r\n    \r\n        <div class=\"collapse-block\">\r\n            <div class=\"card-header\" role=\"tab\" id=\"heading4e0e3590893a7e4dc19b49c151196b558ec4309b\">\r\n                                        <p data-toggle=\"collapse\" href=\"#collapse4e0e3590893a7e4dc19b49c151196b558ec4309b\" aria-controls=\"collapse4e0e3590893a7e4dc19b49c151196b558ec4309b\">\r\n                            Zoologick\u00e1 zahrada hl. m. Prahy                            <i class=\"fa fa-2x fa-angle-down\" aria-hidden=\"true\"><\/i>\r\n                        <\/p>\r\n                                \r\n            <\/div>\r\n\r\n            <div id=\"collapse4e0e3590893a7e4dc19b49c151196b558ec4309b\" class=\"collapse\" data-id=\"4e0e3590893a7e4dc19b49c151196b558ec4309b\" role=\"tabpanel\" aria-labelledby=\"heading4e0e3590893a7e4dc19b49c151196b558ec4309b\">\r\n                <div class=\"card-block\">\r\n    \r\n<p>Pra\u017esk\u00e1 zoologick\u00e1 zahrada se nach\u00e1z\u00ed bl\u00edzko centra \u010desk\u00e9 metropole a&nbsp;z\u00e1rove\u0148 v&nbsp;jedine\u010dn\u00e9 \u010dlenit\u00e9 krajin\u011b na b\u0159ehu \u0159eky Vltavy. Otev\u0159ena byla v&nbsp;roce 1931 a&nbsp;b\u011bhem sv\u00e9 v\u00edce ne\u017e osmdes\u00e1tilet\u00e9 existence se vypracovala mezi nejpresti\u017en\u011bj\u0161\u00ed zoo sv\u011bta. Dnes je po Pra\u017esk\u00e9m hradu druh\u00fdm nejnav\u0161t\u011bvovan\u011bj\u0161\u00edm turistick\u00fdm c\u00edlem v&nbsp;\u010cesku.<\/p>\r\n<p>V Zoo Praha \u017eije 4&nbsp;600 zv\u00ed\u0159at n\u00e1le\u017e\u00edc\u00edch k&nbsp;680 druh\u016fm. Na 58 hektarech plochy m\u016f\u017eete proj\u00edt 12 unik\u00e1tn\u00edch pavilon\u016f a&nbsp;v\u00edce ne\u017e 150 expozic. D\u011bti pot\u011b\u0161\u00ed Rezervace Bororo, rozhledna Obora, lanovka, tramvajka, vl\u00e1\u010dek, brouzdali\u0161t\u011b i&nbsp;D\u011btsk\u00e1 zoo.<\/p>\r\n<p>P\u00fdchou pra\u017esk\u00e9 zoo je \u00dadol\u00ed slon\u016f, ve kter\u00e9m mohou n\u00e1v\u0161t\u011bvn\u00edci sledovat po\u010detn\u00e9 st\u00e1do slon\u016f indick\u00fdch. V\u00fdjime\u010dn\u00e9 je tak\u00e9 Velemlok\u00e1rium, ve kter\u00e9m lze spat\u0159it nejv\u011bt\u0161\u00ed oboj\u017eiveln\u00edky sv\u011bta \u2013 kriticky ohro\u017een\u00e9 velemloky \u010d\u00ednsk\u00e9 \u2013 a&nbsp;za pozornost stoj\u00ed Africk\u00fd d\u016fm s&nbsp;p\u0159ilehlou rozlehlou loukou ob\u00fdvanou st\u00e1dy antilop a&nbsp;\u017eiraf.<\/p>\r\n<p>Zoo Praha v\u0161ak nab\u00edz\u00ed i&nbsp;dal\u0161\u00ed poutav\u00e1 m\u00edsta. Mezi nimi nap\u0159\u00edklad Pavilon goril s&nbsp;jedinou rozmno\u017euj\u00edc\u00ed se skupinou goril v&nbsp;\u010cR, \u010cambal p\u0159edstavuj\u00edc\u00ed jedny z&nbsp;nejohro\u017een\u011bj\u0161\u00edch krokod\u00fdl\u016f sv\u011bta \u2013 gavi\u00e1ly, nebo ob\u0159\u00ed sklen\u00edk s&nbsp;uk\u00e1zkou jihov\u00fdchodoasijsk\u00e9ho de\u0161tn\u00e9ho lesa a&nbsp;jeho obyvatel \u2013 pavilon Indon\u00e9sk\u00e1 d\u017eungle.<\/p>\r\n<p>U Trojsk\u00e9ho z\u00e1mku 120\/3<br \/>\r\n<a href=\"http:\/\/www.zoopraha.cz\/\">www.zoopraha.cz<\/a><br \/>\r\n<a href=\"https:\/\/www.facebook.com\/zoopraha\">Zoo Praha | Facebook<\/a><\/p>\r\n                <\/div>\r\n            <\/div>\r\n        <\/div>\r\n    \r\n        <div class=\"collapse-block\">\r\n            <div class=\"card-header\" role=\"tab\" id=\"heading20c1b725a51bfa9b6a28d41becb975d145633df1\">\r\n                                        <p data-toggle=\"collapse\" href=\"#collapse20c1b725a51bfa9b6a28d41becb975d145633df1\" aria-controls=\"collapse20c1b725a51bfa9b6a28d41becb975d145633df1\">\r\n                            P\u0159\u00edstav 7                            <i class=\"fa fa-2x fa-angle-down\" aria-hidden=\"true\"><\/i>\r\n                        <\/p>\r\n                                \r\n            <\/div>\r\n\r\n            <div id=\"collapse20c1b725a51bfa9b6a28d41becb975d145633df1\" class=\"collapse\" data-id=\"20c1b725a51bfa9b6a28d41becb975d145633df1\" role=\"tabpanel\" aria-labelledby=\"heading20c1b725a51bfa9b6a28d41becb975d145633df1\">\r\n                <div class=\"card-block\">\r\n    \r\n<p>Vzd\u011bl\u00e1vac\u00ed a&nbsp;kulturn\u00ed centrum pro aktivn\u00ed seniory nejen z&nbsp;Prahy&nbsp;7.<\/p>\r\n<p>Jankovcova 8b<br \/>\r\n<a href=\"http:\/\/www.elpida.cz\/\">www.elpida.cz<\/a><br \/>\r\n<a href=\"https:\/\/www.facebook.com\/elpidaproseniory\">Elpida | Facebook<\/a><\/p>\r\n                <\/div>\r\n            <\/div>\r\n        <\/div>\r\n    \r\n<p>&nbsp;<\/p>\r\n<h2>C\u00edrkve a&nbsp;charity<\/h2>\r\n        <div class=\"collapse-block\">\r\n            <div class=\"card-header\" role=\"tab\" id=\"headingd12fde5636db24198c1241071ffaaf4982cf7ddd\">\r\n                                        <p data-toggle=\"collapse\" href=\"#collapsed12fde5636db24198c1241071ffaaf4982cf7ddd\" aria-controls=\"collapsed12fde5636db24198c1241071ffaaf4982cf7ddd\">\r\n                            Farnost sv. Anton\u00edna                            <i class=\"fa fa-2x fa-angle-down\" aria-hidden=\"true\"><\/i>\r\n                        <\/p>\r\n                                \r\n            <\/div>\r\n\r\n            <div id=\"collapsed12fde5636db24198c1241071ffaaf4982cf7ddd\" class=\"collapse\" data-id=\"d12fde5636db24198c1241071ffaaf4982cf7ddd\" role=\"tabpanel\" aria-labelledby=\"headingd12fde5636db24198c1241071ffaaf4982cf7ddd\">\r\n                <div class=\"card-block\">\r\n    \r\n<p>Farnost svat\u00e9ho Anton\u00edna s&nbsp;majest\u00e1tn\u00edm novogotick\u00fdm kostelem na Strossmayerov\u011b n\u00e1m\u011bst\u00ed je \u0158\u00edmskokatolickou farnost\u00ed spravuj\u00edc\u00ed Hole\u0161ovice.<\/p>\r\n<p>V kostele m\u016f\u017eete p\u0159ij\u00edt na bohoslu\u017eby a&nbsp;dal\u0161\u00ed c\u00edrkevn\u00ed ud\u00e1losti.<\/p>\r\n<p>Strossmayerovo n\u00e1m\u011bst\u00ed<br \/>\r\n<a href=\"http:\/\/www.svatyantonin.cz\/\">www.svatyantonin.cz<\/a><br \/>\r\n<a href=\"https:\/\/www.facebook.com\/SvatyAntonin\">Farnost u&nbsp;kostela sv. Anton\u00edna Praha&nbsp;7 &#8211; Hole\u0161ovice | Facebook<\/a><\/p>\r\n                <\/div>\r\n            <\/div>\r\n        <\/div>\r\n    \r\n        <div class=\"collapse-block\">\r\n            <div class=\"card-header\" role=\"tab\" id=\"heading98fcab752849162bf352445136af3b4f244b94ba\">\r\n                                        <p data-toggle=\"collapse\" href=\"#collapse98fcab752849162bf352445136af3b4f244b94ba\" aria-controls=\"collapse98fcab752849162bf352445136af3b4f244b94ba\">\r\n                            C\u00edrkev \u010deskoslovensk\u00e1 husitsk\u00e1                            <i class=\"fa fa-2x fa-angle-down\" aria-hidden=\"true\"><\/i>\r\n                        <\/p>\r\n                                \r\n            <\/div>\r\n\r\n            <div id=\"collapse98fcab752849162bf352445136af3b4f244b94ba\" class=\"collapse\" data-id=\"98fcab752849162bf352445136af3b4f244b94ba\" role=\"tabpanel\" aria-labelledby=\"heading98fcab752849162bf352445136af3b4f244b94ba\">\r\n                <div class=\"card-block\">\r\n    \r\n<p>Fara husitsk\u00e1 na t\u00e9to adrese pe\u010duje o&nbsp;husitsk\u00e9 v\u011b\u0159\u00edc\u00ed na \u00fazem\u00ed Prahy&nbsp;7.<\/p>\r\n<p>V kostele prob\u00edhaj\u00ed tradi\u010dn\u011b m\u0161e a&nbsp;c\u00edrkevn\u00ed ud\u00e1losti. Ke kostelu pat\u0159\u00ed tak\u00e9 kolumb\u00e1rium um\u00edst\u011bn\u00e9 v&nbsp;suter\u00e9nn\u00edch patrech.<\/p>\r\n<p>Farsk\u00e9ho 1386\/3<br \/>\r\n<a href=\"http:\/\/www.husiteholesovice.cz\/\">www.husiteholesovice.cz<\/a><br \/>\r\n<a href=\"https:\/\/www.facebook.com\/ccsh.cz\">C\u00edrkev \u010deskoslovensk\u00e1 husitsk\u00e1 (C\u010cSH) | Facebook<\/a><\/p>\r\n                <\/div>\r\n            <\/div>\r\n        <\/div>\r\n    \r\n        <div class=\"collapse-block\">\r\n            <div class=\"card-header\" role=\"tab\" id=\"heading8543cabaf435157fee2420d2f7917fc5ccd73aff\">\r\n                                        <p data-toggle=\"collapse\" href=\"#collapse8543cabaf435157fee2420d2f7917fc5ccd73aff\" aria-controls=\"collapse8543cabaf435157fee2420d2f7917fc5ccd73aff\">\r\n                            Farn\u00ed charita Hole\u0161ovice                            <i class=\"fa fa-2x fa-angle-down\" aria-hidden=\"true\"><\/i>\r\n                        <\/p>\r\n                                \r\n            <\/div>\r\n\r\n            <div id=\"collapse8543cabaf435157fee2420d2f7917fc5ccd73aff\" class=\"collapse\" data-id=\"8543cabaf435157fee2420d2f7917fc5ccd73aff\" role=\"tabpanel\" aria-labelledby=\"heading8543cabaf435157fee2420d2f7917fc5ccd73aff\">\r\n                <div class=\"card-block\">\r\n    \r\n<p>Farn\u00ed charita Hole\u0161ovice je nest\u00e1tn\u00ed zdravotnick\u00e9 za\u0159\u00edzen\u00ed s&nbsp;pr\u00e1vn\u00ed subjektivitou a&nbsp;statutem C\u00edrkevn\u00ed pr\u00e1vnick\u00e9 osoby z\u0159\u00edzen\u00e9 na z\u00e1klad\u011b z\u00e1kona \u010d. 308\/1991.<\/p>\r\n<p>Organizace poskytuje ter\u00e9nn\u00ed pe\u010dovatelsk\u00e9, odleh\u010dovac\u00ed a&nbsp;o\u0161et\u0159ovatelsk\u00e9 slu\u017eby v&nbsp;dom\u00e1c\u00edm prost\u0159ed\u00ed klient\u016f (pacient\u016f).<\/p>\r\n<p>Tyto slu\u017eby nab\u00edz\u00ed ob\u010dan\u016fm Prahy ji\u017e od roku 1993. Farn\u00ed charita tak\u00e9 spoluzakl\u00e1dala nada\u010dn\u00ed fond Osvojme si st\u00e1\u0159\u00ed a&nbsp;od z\u00e1\u0159\u00ed 2017 se spolu se spole\u010dnost\u00ed Elpida pod\u00edl\u00ed na \u010dinnosti (konkr\u00e9tn\u011b zaji\u0161\u0165uje mas\u00e9rsk\u00e9 slu\u017eby) nov\u00e9ho vzd\u011bl\u00e1vac\u00edho a&nbsp;kulturn\u00edho centra pro seniory P\u0159\u00edstav 7 v&nbsp;Jankovcov\u011b 8b.<\/p>\r\n<p>Dukelsk\u00fdch hrdin\u016f 16<br \/>\r\n<a href=\"http:\/\/www.charitap7.cz\/\">www.charitap7.cz<\/a><br \/>\r\n<a href=\"https:\/\/www.facebook.com\/charitaholesovice\">Charita Praha &#8211; Hole\u0161ovice | Facebook<\/a><\/p>\r\n                <\/div>\r\n            <\/div>\r\n        <\/div>\r\n    \r\n<p>&nbsp;<\/p>\r\n<p>P\u0159ehl\u00e9dli jsme n\u011bco? Kontaktujte pros\u00edm\u00a0<a href=\"https:\/\/www.praha7.cz\/radnice\/organizacni-struktura\/odbor-kancelar-starosty-a-tajemnika\/oddeleni-komunikace\/\">odd\u011blen\u00ed komunikace<\/a>. D\u011bkujeme za spolupr\u00e1ci.<\/p>","protected":false},"excerpt":{"rendered":"&nbsp; Divadla Divadlo Alfred ve dvo\u0159e je provozov\u00e1no nez\u00e1vislou organizac\u00ed mlad\u00fdch um\u011blc\u016f, producent\u016f a&nbsp;promot\u00e9r\u016f\u00a0 Motus, kter\u00e1 podporuje nez\u00e1visl\u00e9 um\u011blce a&nbsp;projekty. Sna\u017e\u00ed se o&nbsp;kontinu\u00e1ln\u00ed zlep\u0161ov\u00e1n\u00ed podm\u00ednek pro tvorbu nez\u00e1visl\u00fdch tv\u016frc\u016f, o&nbsp;prosazov\u00e1n\u00ed zm\u011bn a&nbsp;o&nbsp;porozum\u011bn\u00ed sou\u010dasn\u00fdm trend\u016fm ve v\u00fdvoji \u010desk\u00e9ho kulturn\u00edho prost\u0159ed\u00ed, s&nbsp;v\u011bdom\u00edm neodd\u011blitelnosti aktivit od sm\u011b\u0159ov\u00e1n\u00ed evropsk\u00e9 kulturn\u00ed praxe. P\u0159edstavuje platformu, kolem kter\u00e9 se od roku 2001 [&hellip;]","protected":false},"author":2,"featured_media":0,"parent":1313,"menu_order":0,"comment_status":"closed","ping_status":"closed","template":"","meta":[],"_links":{"self":[{"href":"https:\/\/www.praha7.cz\/api\/wp\/v2\/pages\/4533"}],"collection":[{"href":"https:\/\/www.praha7.cz\/api\/wp\/v2\/pages"}],"about":[{"href":"https:\/\/www.praha7.cz\/api\/wp\/v2\/types\/page"}],"author":[{"embeddable":true,"href":"https:\/\/www.praha7.cz\/api\/wp\/v2\/users\/2"}],"replies":[{"embeddable":true,"href":"https:\/\/www.praha7.cz\/api\/wp\/v2\/comments?post=4533"}],"version-history":[{"count":131,"href":"https:\/\/www.praha7.cz\/api\/wp\/v2\/pages\/4533\/revisions"}],"predecessor-version":[{"id":88841,"href":"https:\/\/www.praha7.cz\/api\/wp\/v2\/pages\/4533\/revisions\/88841"}],"up":[{"embeddable":true,"href":"https:\/\/www.praha7.cz\/api\/wp\/v2\/pages\/1313"}],"wp:attachment":[{"href":"https:\/\/www.praha7.cz\/api\/wp\/v2\/media?parent=4533"}],"curies":[{"name":"wp","href":"https:\/\/api.w.org\/{rel}","templated":true}]}}