    
{"id":44358,"date":"2020-12-15T14:42:31","date_gmt":"2020-12-15T13:42:31","guid":{"rendered":"https:\/\/www.praha7.cz\/?page_id=44358"},"modified":"2023-10-20T11:28:22","modified_gmt":"2023-10-20T09:28:22","slug":"letensky-muzejni-distrikt","status":"publish","type":"page","link":"https:\/\/www.praha7.cz\/potrebuji-zaridit\/planujte-sedmicku-s-nami\/revitalizace-verejnych-prostranstvi\/letensky-muzejni-distrikt\/","title":{"rendered":"Letensk\u00fd muzejn\u00ed distrikt"},"content":{"rendered":"<p>[perex]<\/p>\r\n<p>Pohodln\u011b z\u00a0parku do parku. Praha&nbsp;7 postupn\u011b zkr\u00e1\u0161luje p\u011b\u0161\u00ed vazby mezi velk\u00fdmi parky na Letn\u00e9. P\u0159ipravovan\u00fd projekt Letensk\u00fd muzejn\u00ed distrikt m\u00e1 za c\u00edl zp\u0159\u00edjemnit cestu chodc\u016fm ulicemi <a href=\"https:\/\/www.praha7.cz\/studie-korunovacni\/\"><strong>Korunova\u010dn\u00ed<\/strong><\/a>, <strong>Nad \u0160tolou<\/strong> a&nbsp;naj\u00edt kvality ve\u0159ejn\u00e9ho prostoru okol\u00ed <strong>N\u00e1rodn\u00edho technick\u00e9ho (NTM) a&nbsp;zem\u011bd\u011blsk\u00e9ho muzea (NZM)<\/strong>.\u00a0<\/p>\r\n<p>[\/perex]<\/p>\r\n<p><iframe loading=\"lazy\" width=\"560\" height=\"315\" src=\"https:\/\/www.youtube.com\/embed\/O8oLgBefOv0\" title=\"YouTube video player\" frameborder=\"0\" allow=\"accelerometer; autoplay; clipboard-write; encrypted-media; gyroscope; picture-in-picture\" allowfullscreen=\"allowfullscreen\"><\/iframe><\/p>\r\n<p><strong>Spole\u010dn\u00e9 pl\u00e1nov\u00e1n\u00ed<\/strong><\/p>\r\n<p>M\u010c Praha&nbsp;7 p\u0159ipravila ve spolupr\u00e1ci s&nbsp;Institutem pl\u00e1nov\u00e1n\u00ed a&nbsp;rozvoje hl. m. Prahy prom\u011bnu okol\u00ed N\u00e1rodn\u00edho technick\u00e9ho a&nbsp;N\u00e1rodn\u00edho zem\u011bd\u011blsk\u00e9ho muzea spole\u010dn\u011b se zlep\u0161en\u00edm ve\u0159ejn\u00e9ho prostoru navazuj\u00edc\u00ed ulice Nad \u0160tolou. Pro \u0159e\u0161en\u00ed tohoto \u00fazem\u00ed Sedmi\u010dky se po\u010d\u00edt\u00e1 s&nbsp;vyhl\u00e1\u0161en\u00edm architektonick\u00e9 sout\u011b\u017ee. D\u016fle\u017eitou sou\u010d\u00e1st\u00ed p\u0159\u00edpravy projektu je tak\u00e9 proces <strong>participace<\/strong> neboli zapojen\u00ed ve\u0159ejnosti. Obyvatel\u00e9 Prahy&nbsp;7 m\u011bli b\u011bhem podzimu 2021 hned n\u011bkolik p\u0159\u00edle\u017eitost\u00ed pod\u011blit se o&nbsp;zku\u0161enosti a&nbsp;podn\u011bty, jak okol\u00ed muze\u00ed vyu\u017e\u00edvaj\u00ed, jak se v&nbsp;n\u011bm c\u00edt\u00ed, co oce\u0148uj\u00ed nebo jim zde naopak chyb\u00ed. Jednou z&nbsp;nich byla n\u00e1v\u0161t\u011bva <strong>pl\u00e1novac\u00edho kontejneru<\/strong>, kter\u00fd byl v&nbsp;t\u00e9to lokalit\u011b um\u00edst\u011bn v&nbsp;term\u00ednu od 11.&nbsp;do 17.&nbsp;\u0159\u00edjna 2021. D\u00e1le prob\u011bhly dv\u011b <strong>komentovan\u00e9 vych\u00e1zky<\/strong> s&nbsp;architekty a&nbsp;sociology, kte\u0159\u00ed od n\u00e1v\u0161t\u011bvn\u00edk\u016f sb\u00edrali podn\u011bty p\u0159\u00edmo v&nbsp;ter\u00e9nu, aby je mohli prom\u00edtnout do zad\u00e1n\u00ed sout\u011b\u017ee.\u00a0<\/p>\r\n<p>&nbsp;<\/p>\r\n<hr \/>\r\n<p><strong>Spole\u010dn\u011b po Letn\u00e9 \u2013 v\u00fdsledky ankety<\/strong><\/p>\r\n<p>V\u00a0r\u00e1mci projektu\u00a0Letensk\u00fd muzejn\u00ed distrikt\u00a0prob\u00edhala od 1.\u00a0do 21.\u00a0b\u0159ezna 2021 anketa Spole\u010dn\u011b po Letn\u00e9, kde jsme se ptali na n\u00e1zory ob\u010dan\u016f ohledn\u011b pl\u00e1novan\u00e9 revitalizace ulice Korunova\u010dn\u00ed, ulice Nad \u0160tolou a\u00a0oblasti letensk\u00fdch muze\u00ed.<\/p>\r\n<p>Anketa prob\u00edhala p\u0159ev\u00e1\u017en\u011b online, ale byla dostupn\u00e1 i\u00a0v\u00a0ti\u0161t\u011bn\u00e9 verzi v\u00a0budov\u011b radnice, v\u00a0infocentru a\u00a0ve vybran\u00fdch podnic\u00edch v\u00a0lokalit\u011b. Dohromady se z\u00fa\u010dastnilo 801 respondent\u016f. D\u011bkujeme v\u0161em, kte\u0159\u00ed se do ankety zapojili a\u00a0sd\u00edleli s\u00a0n\u00e1mi sv\u016fj n\u00e1zor na \u0159e\u0161enou oblast. V\u00fdsledky ankety poslou\u017e\u00ed jako podklad pro tvorbu n\u00e1vrhu.<\/p>\r\n<p>&nbsp;<\/p>\r\n\n    <div class=\"container-fluid guidelist text-center\">\n        <div class=\"row\">\n            <div class=\"col-xs-12 col-md-6 guidelist-container\">\n                <a href=\"https:\/\/www.praha7.cz\/potrebuji-zaridit\/planujte-sedmicku-s-nami\/revitalizace-verejnych-prostranstvi\/letensky-muzejni-distrikt\/spolecne-po-letne-vysledky-ankety\/\" class=\"btn btn-block\">V\u00fdsledky ankety<\/a>\n            <\/div>\n        <\/div>\n    <\/div>\n\n\r\n<hr \/>\r\n<p>Dne 29.\u00a0\u010dervna 2021 Praha&nbsp;7 uspo\u0159\u00e1dala ve\u0159ejn\u00e9 projedn\u00e1n\u00ed n\u00e1vrhu revitalizace ulice Korunova\u010dn\u00ed ve Vod\u00e1rensk\u00e9 v\u011b\u017ei na Letn\u00e9. Na akci byli p\u0159\u00edtomni projektanti i\u00a0z\u00e1stupci radnice. Z\u00e1pis z&nbsp;akce <a href=\"https:\/\/www.praha7.cz\/wp-content\/uploads\/2021\/07\/KONCEPT-29062021-ve\u0159ejn\u00e9-projedn\u00e1n\u00ed-Korunova\u010dn\u00ed.docx\" target=\"_blank\" rel=\"noopener\">zde<\/a>.<\/p>\r\n<hr \/>\r\n<p><img loading=\"lazy\" src=\"https:\/\/www.praha7.cz\/wp-content\/uploads\/2020\/12\/NTM_LMD.png\" alt=\"\" width=\"1388\" height=\"921\" class=\"alignnone wp-image-44472 size-full\" srcset=\"https:\/\/www.praha7.cz\/wp-content\/uploads\/2020\/12\/NTM_LMD.png 1388w, https:\/\/www.praha7.cz\/wp-content\/uploads\/2020\/12\/NTM_LMD-600x398.png 600w, https:\/\/www.praha7.cz\/wp-content\/uploads\/2020\/12\/NTM_LMD-768x510.png 768w\" sizes=\"(max-width: 1388px) 100vw, 1388px\" \/><\/p>\r\n<p>Sou\u010dasn\u00fd stav vymezen\u00e9ho \u00fazem\u00ed neodpov\u00edd\u00e1 sv\u00e9mu v\u00fdznamu. Ob\u011b ulice sv\u00fdm velkorys\u00fdm \u0161\u00ed\u0159kov\u00fdm zalo\u017een\u00edm a&nbsp;vzhledem k&nbsp;um\u00edst\u011bn\u00ed mno\u017estv\u00ed d\u016fle\u017eit\u00fdch budov, stejn\u011b jako plochy kolem muze\u00ed republikov\u00e9ho v\u00fdznamu, maj\u00ed potenci\u00e1l transformace na p\u0159\u00edv\u011btiv\u011bj\u0161\u00ed a&nbsp;v\u00edce reprezentativn\u00ed ve\u0159ejn\u00e9 prostory. M\u00edsto nese velk\u00e9 dopravn\u00ed zat\u00ed\u017een\u00ed tranzitn\u00ed dopravou sm\u011b\u0159uj\u00edc\u00ed ulic\u00ed Korunova\u010dn\u00ed k&nbsp;Letensk\u00e9mu tunelu v\u00a0ulici Nad \u0160tolou.\u00a0<\/p>\r\n<p>Projekt si klade za c\u00edl celkov\u00e9 zlep\u0161en\u00ed estetiky uli\u010dn\u00edho interi\u00e9ru a&nbsp;kultivovan\u011bj\u0161\u00ed vymezen\u00ed p\u0159edprostor ve\u0159ejn\u00fdch budov. M\u011bstsk\u00e1 \u010d\u00e1st chce pos\u00edlit lidsk\u00e9 m\u011b\u0159\u00edtko a&nbsp;zv\u00fd\u0161it komfort pro nemotorovou dopravu. Prov\u011b\u0159\u00ed mo\u017enosti dopln\u011bn\u00ed nov\u00fdch stromo\u0159ad\u00ed a&nbsp;hospod\u00e1rn\u011b zkoordinuje pl\u00e1novan\u00e9 investi\u010dn\u00ed akce obnov infrastruktur. Bezprost\u0159edn\u00ed okol\u00ed muze\u00ed se l\u00e9pe propoj\u00ed s&nbsp;Letensk\u00fdmi sady zapojen\u00edm are\u00e1l\u016f p\u0159ilehl\u00fdch sportovi\u0161\u0165.<\/p>\r\n<p>Projekt je spolufinancov\u00e1n hlavn\u00edm m\u011bstem Prahou a&nbsp;m\u011bstskou \u010d\u00e1st\u00ed Praha&nbsp;7, je sou\u010d\u00e1st\u00ed <strong>pilotn\u00edho programu koordin\u00e1tor\u016f participativn\u00edho pl\u00e1nov\u00e1n\u00ed hl. m. Prahy<\/strong>, jeho\u017e garantem je Institut pl\u00e1nov\u00e1n\u00ed a&nbsp;rozvoje hl. m. Prahy.\u00a0<\/p>\r\n<p>&nbsp;<\/p>\r\n<p><a href=\"https:\/\/www.praha7.cz\/wp-content\/uploads\/2020\/12\/Letensky-muzejni-distrikt-uzemi.jpg\" target=\"_blank\" rel=\"noopener\"><img loading=\"lazy\" src=\"https:\/\/www.praha7.cz\/wp-content\/uploads\/2020\/12\/Letensky-muzejni-distrikt-uzemi.jpg\" alt=\"\" width=\"5272\" height=\"3190\" class=\"alignnone wp-image-44567 size-full\" srcset=\"https:\/\/www.praha7.cz\/wp-content\/uploads\/2020\/12\/Letensky-muzejni-distrikt-uzemi.jpg 5272w, https:\/\/www.praha7.cz\/wp-content\/uploads\/2020\/12\/Letensky-muzejni-distrikt-uzemi-600x363.jpg 600w, https:\/\/www.praha7.cz\/wp-content\/uploads\/2020\/12\/Letensky-muzejni-distrikt-uzemi-768x465.jpg 768w, https:\/\/www.praha7.cz\/wp-content\/uploads\/2020\/12\/Letensky-muzejni-distrikt-uzemi-1500x908.jpg 1500w\" sizes=\"(max-width: 5272px) 100vw, 5272px\" \/><\/a><\/p>\r\n<p>&nbsp;<\/p>\r\n<p>&nbsp;<\/p>\r\n<p>&nbsp;<\/p>\r\n<hr \/>\r\n<p><em><strong>\u010cl\u00e1nky:<\/strong><\/em><\/p>\r\n<ul>\r\n\t<li><a href=\"https:\/\/www.praha7.cz\/studie-predstavuje-budouci-podobu-letenske-tridy-korunovacni\/\">Studie p\u0159edstavuje budouc\u00ed podobu letensk\u00e9 t\u0159\u00eddy Korunova\u010dn\u00ed<\/a><\/li>\r\n\t<li><a href=\"https:\/\/www.praha7.cz\/prijemne-a-pohodlne-z-parku-do-parku-planujte-s-nami-letensky-muzejni-distrikt\/\" target=\"_blank\" rel=\"noopener\">P\u0159\u00edjemn\u011b a\u00a0pohodln\u011b z\u00a0parku do parku. Pl\u00e1nujte s\u00a0n\u00e1mi Letensk\u00fd muzejn\u00ed distrikt<\/a><\/li>\r\n\t<li><a href=\"https:\/\/www.praha7.cz\/verejne-projednani-promeny-ulice-korunovacni\/\" target=\"_blank\" rel=\"noopener\">Ve\u0159ejn\u00e9 projedn\u00e1n\u00ed prom\u011bny ulice Korunova\u010dn\u00ed<\/a><\/li>\r\n\t<li><a href=\"https:\/\/www.praha7.cz\/potrebuji-zaridit\/stavba-rekonstrukce\/planujte-sedmicku-s-nami\/letensky-muzejni-distrikt\/spolecne-po-letne-vysledky-ankety\/\" target=\"_blank\" rel=\"noopener\">Spole\u010dn\u011b po Letn\u00e9 \u2013 v\u00fdsledky ankety<\/a><\/li>\r\n<\/ul>","protected":false},"excerpt":{"rendered":"[perex] Pohodln\u011b z\u00a0parku do parku. Praha&nbsp;7 postupn\u011b zkr\u00e1\u0161luje p\u011b\u0161\u00ed vazby mezi velk\u00fdmi parky na Letn\u00e9. P\u0159ipravovan\u00fd projekt Letensk\u00fd muzejn\u00ed distrikt m\u00e1 za c\u00edl zp\u0159\u00edjemnit cestu chodc\u016fm ulicemi Korunova\u010dn\u00ed, Nad \u0160tolou a&nbsp;naj\u00edt kvality ve\u0159ejn\u00e9ho prostoru okol\u00ed N\u00e1rodn\u00edho technick\u00e9ho (NTM) a&nbsp;zem\u011bd\u011blsk\u00e9ho muzea (NZM).\u00a0 [\/perex] Spole\u010dn\u00e9 pl\u00e1nov\u00e1n\u00ed M\u010c Praha&nbsp;7 p\u0159ipravila ve spolupr\u00e1ci s&nbsp;Institutem pl\u00e1nov\u00e1n\u00ed a&nbsp;rozvoje hl. m. Prahy [&hellip;]","protected":false},"author":76,"featured_media":0,"parent":47700,"menu_order":0,"comment_status":"closed","ping_status":"closed","template":"","meta":[],"_links":{"self":[{"href":"https:\/\/www.praha7.cz\/api\/wp\/v2\/pages\/44358"}],"collection":[{"href":"https:\/\/www.praha7.cz\/api\/wp\/v2\/pages"}],"about":[{"href":"https:\/\/www.praha7.cz\/api\/wp\/v2\/types\/page"}],"author":[{"embeddable":true,"href":"https:\/\/www.praha7.cz\/api\/wp\/v2\/users\/76"}],"replies":[{"embeddable":true,"href":"https:\/\/www.praha7.cz\/api\/wp\/v2\/comments?post=44358"}],"version-history":[{"count":38,"href":"https:\/\/www.praha7.cz\/api\/wp\/v2\/pages\/44358\/revisions"}],"predecessor-version":[{"id":46198,"href":"https:\/\/www.praha7.cz\/api\/wp\/v2\/pages\/44358\/revisions\/46198"}],"up":[{"embeddable":true,"href":"https:\/\/www.praha7.cz\/api\/wp\/v2\/pages\/47700"}],"wp:attachment":[{"href":"https:\/\/www.praha7.cz\/api\/wp\/v2\/media?parent=44358"}],"curies":[{"name":"wp","href":"https:\/\/api.w.org\/{rel}","templated":true}]}}