    
{"id":43852,"date":"2020-12-01T12:56:46","date_gmt":"2020-12-01T11:56:46","guid":{"rendered":"https:\/\/www.praha7.cz\/?page_id=43852"},"modified":"2024-12-17T13:30:42","modified_gmt":"2024-12-17T12:30:42","slug":"umeni-ve-verejnem-prostoru","status":"publish","type":"page","link":"https:\/\/www.praha7.cz\/temata\/art-district-7\/umeni-ve-verejnem-prostoru\/","title":{"rendered":"Um\u011bn\u00ed ve ve\u0159ejn\u00e9m prostoru"},"content":{"rendered":"<p><iframe loading=\"lazy\" width=\"640\" height=\"480\" src=\"https:\/\/www.google.com\/maps\/d\/u\/1\/embed?mid=1bxTxdDKLNy34i7RlB9gIb-pwPQPIyocL\"><\/iframe><\/p>\r\n<p>&nbsp;<\/p>\r\n<p><span style=\"font-size: 20px;\"><strong>Um\u011bn\u00ed ve ve\u0159ejn\u00e9m prostoru<\/strong><\/span><\/p>\r\n<p>&nbsp;<\/p>\r\n        <div class=\"collapse-block\">\r\n            <div class=\"card-header\" role=\"tab\" id=\"headinge6a0c6816328c142afef69338b8ca05299cf630d\">\r\n                                        <p data-toggle=\"collapse\" href=\"#collapsee6a0c6816328c142afef69338b8ca05299cf630d\" aria-controls=\"collapsee6a0c6816328c142afef69338b8ca05299cf630d\">\r\n                            Ztracen\u00fd p\u011b\u0161ec \u0161achov\u00e9 hry | Stanislav Hanz\u00edk                            <i class=\"fa fa-2x fa-angle-down\" aria-hidden=\"true\"><\/i>\r\n                        <\/p>\r\n                                \r\n            <\/div>\r\n\r\n            <div id=\"collapsee6a0c6816328c142afef69338b8ca05299cf630d\" class=\"collapse\" data-id=\"e6a0c6816328c142afef69338b8ca05299cf630d\" role=\"tabpanel\" aria-labelledby=\"headinge6a0c6816328c142afef69338b8ca05299cf630d\">\r\n                <div class=\"card-block\">\r\n    \r\n<p><em>1971, osazeno 2009, diorit <\/em><br \/>\r\n<em>Letensk\u00e9 sady<\/em><\/p>\r\n<p>Socha z\u00a0dioritu byla na sv\u00e9 st\u00e1vaj\u00edc\u00ed m\u00edsto v\u00a0Letensk\u00fdch sadech osazena v\u00a0roce 2009. Odkazuje na nevypo\u010d\u00edtatelnost doby, na skryt\u00e9 schopnosti, kter\u00e9 se mohou i&nbsp;nemusej\u00ed v\u00a0pr\u016fb\u011bhu lidsk\u00e9ho usilov\u00e1n\u00ed rozvinout.<\/p>\r\n<p><a href=\"https:\/\/www.praha7.cz\/temata\/art-district-7\/umeni-ve-verejnem-prostoru\/ztraceny-pesec-sachove-hry-_-stanislav-hanzik-i\/\" rel=\"attachment wp-att-44165\"><img loading=\"lazy\" src=\"https:\/\/www.praha7.cz\/wp-content\/uploads\/2020\/12\/Ztraceny\u0301-pe\u030cs\u030cec-s\u030cachove\u0301-hry-_-Stanislav-Hanzi\u0301k-I--200x200.jpg\" alt=\"\" width=\"200\" height=\"200\" class=\"alignnone wp-image-44165 size-thumbnail\" srcset=\"https:\/\/www.praha7.cz\/wp-content\/uploads\/2020\/12\/Ztraceny\u0301-pe\u030cs\u030cec-s\u030cachove\u0301-hry-_-Stanislav-Hanzi\u0301k-I--200x200.jpg 200w, https:\/\/www.praha7.cz\/wp-content\/uploads\/2020\/12\/Ztraceny\u0301-pe\u030cs\u030cec-s\u030cachove\u0301-hry-_-Stanislav-Hanzi\u0301k-I--400x400.jpg 400w, https:\/\/www.praha7.cz\/wp-content\/uploads\/2020\/12\/Ztraceny\u0301-pe\u030cs\u030cec-s\u030cachove\u0301-hry-_-Stanislav-Hanzi\u0301k-I--768x768.jpg 768w, https:\/\/www.praha7.cz\/wp-content\/uploads\/2020\/12\/Ztraceny\u0301-pe\u030cs\u030cec-s\u030cachove\u0301-hry-_-Stanislav-Hanzi\u0301k-I--1000x1000.jpg 1000w, https:\/\/www.praha7.cz\/wp-content\/uploads\/2020\/12\/Ztraceny\u0301-pe\u030cs\u030cec-s\u030cachove\u0301-hry-_-Stanislav-Hanzi\u0301k-I-.jpg 1080w\" sizes=\"(max-width: 200px) 100vw, 200px\" \/><\/a><\/p>\r\n                <\/div>\r\n            <\/div>\r\n        <\/div>\r\n    \r\n        <div class=\"collapse-block\">\r\n            <div class=\"card-header\" role=\"tab\" id=\"heading575028918f6463111adf8aa0b3d8cecd4679b85f\">\r\n                                        <p data-toggle=\"collapse\" href=\"#collapse575028918f6463111adf8aa0b3d8cecd4679b85f\" aria-controls=\"collapse575028918f6463111adf8aa0b3d8cecd4679b85f\">\r\n                            Sed\u00edc\u00ed \u017eena | Jan Kodet                             <i class=\"fa fa-2x fa-angle-down\" aria-hidden=\"true\"><\/i>\r\n                        <\/p>\r\n                                \r\n            <\/div>\r\n\r\n            <div id=\"collapse575028918f6463111adf8aa0b3d8cecd4679b85f\" class=\"collapse\" data-id=\"575028918f6463111adf8aa0b3d8cecd4679b85f\" role=\"tabpanel\" aria-labelledby=\"heading575028918f6463111adf8aa0b3d8cecd4679b85f\">\r\n                <div class=\"card-block\">\r\n    \r\n<p><em>1957, um\u00edst\u011bno 1977, na Letnou osazeno 1990, p\u00edskovec <\/em><br \/>\r\n<em>Letensk\u00e9 sady<\/em><\/p>\r\n<p><a href=\"https:\/\/www.praha7.cz\/temata\/art-district-7\/umeni-ve-verejnem-prostoru\/sedici-zena-_-jan-kodet\/\" rel=\"attachment wp-att-44167\"><img loading=\"lazy\" src=\"https:\/\/www.praha7.cz\/wp-content\/uploads\/2020\/12\/Sedi\u0301ci\u0301-z\u030cena-_-Jan-Kodet-200x200.jpg\" alt=\"\" width=\"200\" height=\"200\" class=\"alignnone wp-image-44167 size-thumbnail\" srcset=\"https:\/\/www.praha7.cz\/wp-content\/uploads\/2020\/12\/Sedi\u0301ci\u0301-z\u030cena-_-Jan-Kodet-200x200.jpg 200w, https:\/\/www.praha7.cz\/wp-content\/uploads\/2020\/12\/Sedi\u0301ci\u0301-z\u030cena-_-Jan-Kodet-400x400.jpg 400w, https:\/\/www.praha7.cz\/wp-content\/uploads\/2020\/12\/Sedi\u0301ci\u0301-z\u030cena-_-Jan-Kodet-768x768.jpg 768w, https:\/\/www.praha7.cz\/wp-content\/uploads\/2020\/12\/Sedi\u0301ci\u0301-z\u030cena-_-Jan-Kodet-1000x1000.jpg 1000w, https:\/\/www.praha7.cz\/wp-content\/uploads\/2020\/12\/Sedi\u0301ci\u0301-z\u030cena-_-Jan-Kodet.jpg 1080w\" sizes=\"(max-width: 200px) 100vw, 200px\" \/><\/a><\/p>\r\n                <\/div>\r\n            <\/div>\r\n        <\/div>\r\n    \r\n        <div class=\"collapse-block\">\r\n            <div class=\"card-header\" role=\"tab\" id=\"heading1bfe4d7eb0440e9c1a4a1f800040d24772713810\">\r\n                                        <p data-toggle=\"collapse\" href=\"#collapse1bfe4d7eb0440e9c1a4a1f800040d24772713810\" aria-controls=\"collapse1bfe4d7eb0440e9c1a4a1f800040d24772713810\">\r\n                            \u017dena | Jan Kodet                             <i class=\"fa fa-2x fa-angle-down\" aria-hidden=\"true\"><\/i>\r\n                        <\/p>\r\n                                \r\n            <\/div>\r\n\r\n            <div id=\"collapse1bfe4d7eb0440e9c1a4a1f800040d24772713810\" class=\"collapse\" data-id=\"1bfe4d7eb0440e9c1a4a1f800040d24772713810\" role=\"tabpanel\" aria-labelledby=\"heading1bfe4d7eb0440e9c1a4a1f800040d24772713810\">\r\n                <div class=\"card-block\">\r\n    \r\n<p><em>1957, p\u00edskovec <\/em><br \/>\r\n<em>Letensk\u00e9 sady<\/em><\/p>\r\n<p>P\u00edskovcov\u00e9 plastiky poch\u00e1zej\u00ed z\u00a0roku 1957 a&nbsp;jsou variac\u00ed na z\u00e1sadn\u00ed Kodetovo t\u00e9ma, kter\u00fdm byl \u017eensk\u00fd akt. Socha Sed\u00edc\u00ed \u017eena byla do letensk\u00e9ho parku p\u0159esunuta v\u00a0roce 1990.<\/p>\r\n<p><a href=\"https:\/\/www.praha7.cz\/temata\/art-district-7\/umeni-ve-verejnem-prostoru\/zena-_-jan-kodet\/\" rel=\"attachment wp-att-44168\"><img loading=\"lazy\" src=\"https:\/\/www.praha7.cz\/wp-content\/uploads\/2020\/12\/Z\u030cena-_-Jan-Kodet-200x200.jpeg\" alt=\"\" width=\"200\" height=\"200\" class=\"alignnone wp-image-44168 size-thumbnail\" srcset=\"https:\/\/www.praha7.cz\/wp-content\/uploads\/2020\/12\/Z\u030cena-_-Jan-Kodet-200x200.jpeg 200w, https:\/\/www.praha7.cz\/wp-content\/uploads\/2020\/12\/Z\u030cena-_-Jan-Kodet-400x400.jpeg 400w, https:\/\/www.praha7.cz\/wp-content\/uploads\/2020\/12\/Z\u030cena-_-Jan-Kodet.jpeg 640w\" sizes=\"(max-width: 200px) 100vw, 200px\" \/><\/a><\/p>\r\n                <\/div>\r\n            <\/div>\r\n        <\/div>\r\n    \r\n        <div class=\"collapse-block\">\r\n            <div class=\"card-header\" role=\"tab\" id=\"heading05abfd49c20f2538eabe08c9720d1884a09e9305\">\r\n                                        <p data-toggle=\"collapse\" href=\"#collapse05abfd49c20f2538eabe08c9720d1884a09e9305\" aria-controls=\"collapse05abfd49c20f2538eabe08c9720d1884a09e9305\">\r\n                            Keramick\u00e1 mozaika | Zden\u011bk S\u00fdkora                             <i class=\"fa fa-2x fa-angle-down\" aria-hidden=\"true\"><\/i>\r\n                        <\/p>\r\n                                \r\n            <\/div>\r\n\r\n            <div id=\"collapse05abfd49c20f2538eabe08c9720d1884a09e9305\" class=\"collapse\" data-id=\"05abfd49c20f2538eabe08c9720d1884a09e9305\" role=\"tabpanel\" aria-labelledby=\"heading05abfd49c20f2538eabe08c9720d1884a09e9305\">\r\n                <div class=\"card-block\">\r\n    \r\n<p><em>1967-1969, keramick\u00e9 dla\u017edice <\/em><br \/>\r\n<em>Letensk\u00e9 sady \u2013 odv\u011btr\u00e1vac\u00ed kom\u00edn tunelu<\/em><\/p>\r\n<p>Mo\u017en\u00e1 jste si tohoto d\u00edla nikdy nev\u0161imli, p\u0159esto\u017ee jej cestou do Letensk\u00fdch sad\u016f m\u00edj\u00edte ka\u017ed\u00fd den. Jde o&nbsp;keramickou mozaiku Zde\u0148ka S\u00fdkory, je\u017e zdob\u00ed \u010dty\u0159i odv\u011btr\u00e1vac\u00ed kom\u00edny Letensk\u00e9ho tunelu. Mozaika vznikla v&nbsp;letech 1967\u20131969 v&nbsp;n\u00e1rodn\u00edm podniku Sklen\u011bn\u00e1 bi\u017euterie v&nbsp;Jablonci nad Nisou a&nbsp;na kom\u00ednech je vyskl\u00e1d\u00e1no celkem 1&nbsp;200&nbsp;000 kam\u00ednk\u016f o&nbsp;celkov\u00e9 v\u00e1ze p\u011bti tun. P\u0159i realizaci d\u00edla nastala \u0159ada probl\u00e9m\u016f \u2013 nap\u0159\u00edklad se ztratil cel\u00fd jeden n\u00e1klad \u010dtverc\u016f, a&nbsp;tak se muselo slo\u017eit\u011b dohled\u00e1vat, jak\u00e1 \u010d\u00e1st mozaiky chyb\u00ed. Struktura mozaiky byla toti\u017e ur\u010dena pomoc\u00ed po\u010d\u00edta\u010dov\u00e9 grafiky. S\u00fdkora si nechal vygenerovat kombinace \u010d\u00edsel, kter\u00e9 p\u0159i\u0159azovaly jednotliv\u00fdm \u010dernob\u00edl\u00fdm obrazc\u016fm p\u0159esn\u00e9 pozice. Rastr mozaiky tak\u00e9 odhalil nerovnosti kom\u00edn\u016f a&nbsp;n\u011bkter\u00e9 z&nbsp;nich se tak musely znovu vyzd\u00edvat. S\u00fdkora je p\u0159edstavitelem \u010desk\u00e9ho pov\u00e1le\u010dn\u00e9ho konstruktivismu a&nbsp;tak\u00e9 pr\u016fkopn\u00edkem na\u0161eho po\u010d\u00edta\u010dov\u00e9ho um\u011bn\u00ed. Po v\u00e1lce studoval na Vysok\u00e9 \u0161kole architektury v\u00fdtvarnou v\u00fdchovu a&nbsp;deskriptivn\u00ed geometrii. Ve spolupr\u00e1ci s&nbsp;architektem Josefem Kalesem vytvo\u0159il v&nbsp;60.&nbsp;letech tak\u00e9 obklad st\u011bny v&nbsp;pas\u00e1\u017ei u&nbsp;v\u00fdchodu z\u00a0metra v&nbsp;Jind\u0159i\u0161sk\u00e9 ulici. Mal\u00ed\u0159 Cyril Bouda v&nbsp;jednom ze sv\u00fdch dopis\u016f Zde\u0148ku S\u00fdkorovi napsal: \u201e&#8230; kdykoli jdu Jind\u0159i\u0161skou ulic\u00ed nebo na Letn\u00e9, v\u017edy se zal\u00edben\u00edm prohl\u00ed\u017e\u00edm Tvoje kachl\u00ed\u010dky, \u0161koda, \u017ee Ti nedali ud\u011blat n\u011bco pro metro.\u201c V&nbsp;roce 2003 byla letensk\u00e1 mozaika jako jedna z&nbsp;m\u00e1la realizac\u00ed ve ve\u0159ejn\u00e9m prostoru prohl\u00e1\u0161ena Ministerstvem kultury \u010cR za kulturn\u00ed pam\u00e1tku.<\/p>\r\n<p><a href=\"https:\/\/www.praha7.cz\/temata\/art-district-7\/umeni-ve-verejnem-prostoru\/keramicka-mozaika-_-zdenek-sykora\/\" rel=\"attachment wp-att-44169\"><img loading=\"lazy\" src=\"https:\/\/www.praha7.cz\/wp-content\/uploads\/2020\/12\/Keramicka\u0301-mozaika-_-Zdene\u030ck-Sy\u0301kora-200x200.jpg\" alt=\"\" width=\"200\" height=\"200\" class=\"alignnone wp-image-44169 size-thumbnail\" srcset=\"https:\/\/www.praha7.cz\/wp-content\/uploads\/2020\/12\/Keramicka\u0301-mozaika-_-Zdene\u030ck-Sy\u0301kora-200x200.jpg 200w, https:\/\/www.praha7.cz\/wp-content\/uploads\/2020\/12\/Keramicka\u0301-mozaika-_-Zdene\u030ck-Sy\u0301kora-400x400.jpg 400w, https:\/\/www.praha7.cz\/wp-content\/uploads\/2020\/12\/Keramicka\u0301-mozaika-_-Zdene\u030ck-Sy\u0301kora-768x768.jpg 768w, https:\/\/www.praha7.cz\/wp-content\/uploads\/2020\/12\/Keramicka\u0301-mozaika-_-Zdene\u030ck-Sy\u0301kora-1000x1000.jpg 1000w, https:\/\/www.praha7.cz\/wp-content\/uploads\/2020\/12\/Keramicka\u0301-mozaika-_-Zdene\u030ck-Sy\u0301kora.jpg 1080w\" sizes=\"(max-width: 200px) 100vw, 200px\" \/><\/a><\/p>\r\n                <\/div>\r\n            <\/div>\r\n        <\/div>\r\n    \r\n        <div class=\"collapse-block\">\r\n            <div class=\"card-header\" role=\"tab\" id=\"headingdb34fe8d5ec232700bf3025b4af624ef748e4424\">\r\n                                        <p data-toggle=\"collapse\" href=\"#collapsedb34fe8d5ec232700bf3025b4af624ef748e4424\" aria-controls=\"collapsedb34fe8d5ec232700bf3025b4af624ef748e4424\">\r\n                            Reli\u00e9f na budov\u011b Gymn\u00e1zia Nad \u0160tolou | Valeri\u00e1n Karou\u0161ek                             <i class=\"fa fa-2x fa-angle-down\" aria-hidden=\"true\"><\/i>\r\n                        <\/p>\r\n                                \r\n            <\/div>\r\n\r\n            <div id=\"collapsedb34fe8d5ec232700bf3025b4af624ef748e4424\" class=\"collapse\" data-id=\"db34fe8d5ec232700bf3025b4af624ef748e4424\" role=\"tabpanel\" aria-labelledby=\"headingdb34fe8d5ec232700bf3025b4af624ef748e4424\">\r\n                <div class=\"card-block\">\r\n    \r\n<p><em>1964, beton a&nbsp;k\u00e1men <\/em><br \/>\r\n<em>Nad \u0160tolou 1510\/1<\/em><\/p>\r\n<p>Netypick\u00fd rohov\u00fd reli\u00e9f z\u00a0d\u00edlny socha\u0159e a&nbsp;horolezce, jeho\u017e \u017eivot p\u0159ed\u010dasn\u011b ukon\u010dilo ni\u010div\u00e9 zem\u011bt\u0159esen\u00ed p\u0159i expedici v\u00a0Peru. Hlavn\u00ed \u010d\u00e1st d\u00edla z\u00a0betonu a&nbsp;kamene tvo\u0159\u00ed figury dvou d\u00edvek s\u00a0vlaj\u00edc\u00edmi vlasy, jejich\u017e t\u011bla t\u00e9m\u011b\u0159 spl\u00fdvaj\u00ed v\u00a0jeden celek.<\/p>\r\n<p><a href=\"https:\/\/www.praha7.cz\/temata\/art-district-7\/umeni-ve-verejnem-prostoru\/relief-na-budove-gymnazia-nad-stolou-_-valerian-karousek\/\" rel=\"attachment wp-att-44170\"><img loading=\"lazy\" src=\"https:\/\/www.praha7.cz\/wp-content\/uploads\/2020\/12\/Relie\u0301f-na-budove\u030c-Gymna\u0301zia-Nad-S\u030ctolou-_-Valeria\u0301n-Karous\u030cek-200x200.jpg\" alt=\"\" width=\"200\" height=\"200\" class=\"alignnone wp-image-44170 size-thumbnail\" srcset=\"https:\/\/www.praha7.cz\/wp-content\/uploads\/2020\/12\/Relie\u0301f-na-budove\u030c-Gymna\u0301zia-Nad-S\u030ctolou-_-Valeria\u0301n-Karous\u030cek-200x200.jpg 200w, https:\/\/www.praha7.cz\/wp-content\/uploads\/2020\/12\/Relie\u0301f-na-budove\u030c-Gymna\u0301zia-Nad-S\u030ctolou-_-Valeria\u0301n-Karous\u030cek-400x400.jpg 400w, https:\/\/www.praha7.cz\/wp-content\/uploads\/2020\/12\/Relie\u0301f-na-budove\u030c-Gymna\u0301zia-Nad-S\u030ctolou-_-Valeria\u0301n-Karous\u030cek-768x768.jpg 768w, https:\/\/www.praha7.cz\/wp-content\/uploads\/2020\/12\/Relie\u0301f-na-budove\u030c-Gymna\u0301zia-Nad-S\u030ctolou-_-Valeria\u0301n-Karous\u030cek-1000x1000.jpg 1000w, https:\/\/www.praha7.cz\/wp-content\/uploads\/2020\/12\/Relie\u0301f-na-budove\u030c-Gymna\u0301zia-Nad-S\u030ctolou-_-Valeria\u0301n-Karous\u030cek.jpg 1080w\" sizes=\"(max-width: 200px) 100vw, 200px\" \/><\/a><\/p>\r\n                <\/div>\r\n            <\/div>\r\n        <\/div>\r\n    \r\n        <div class=\"collapse-block\">\r\n            <div class=\"card-header\" role=\"tab\" id=\"heading24f867494776804728b68e85c67719fbf255979e\">\r\n                                        <p data-toggle=\"collapse\" href=\"#collapse24f867494776804728b68e85c67719fbf255979e\" aria-controls=\"collapse24f867494776804728b68e85c67719fbf255979e\">\r\n                            Reli\u00e9f slune\u010dn\u00edch hodin | Richard Teschner                             <i class=\"fa fa-2x fa-angle-down\" aria-hidden=\"true\"><\/i>\r\n                        <\/p>\r\n                                \r\n            <\/div>\r\n\r\n            <div id=\"collapse24f867494776804728b68e85c67719fbf255979e\" class=\"collapse\" data-id=\"24f867494776804728b68e85c67719fbf255979e\" role=\"tabpanel\" aria-labelledby=\"heading24f867494776804728b68e85c67719fbf255979e\">\r\n                <div class=\"card-block\">\r\n    \r\n<p><em>1904-1905 <\/em><br \/>\r\n<em>Wilfertova vila &#8211; Na \u0160pejcharu 3<\/em><\/p>\r\n<p>Reli\u00e9f slune\u010dn\u00edch hodin s&nbsp;motivem um\u011blce-mal\u00ed\u0159e a&nbsp;jeho Bo\u017esk\u00e9 moudrosti Sofie zdob\u00ed pr\u016f\u010del\u00ed vily, kter\u00e1 byla postavena v&nbsp;letech 1904\u20131905 podle n\u00e1vrhu architekta Josefa Zasche v&nbsp;ulici Na \u0160pejcharu 3.<\/p>\r\n<p><a href=\"https:\/\/www.praha7.cz\/temata\/art-district-7\/umeni-ve-verejnem-prostoru\/relief-na-wilfertove-vile-_-richard-teschner\/\" rel=\"attachment wp-att-44172\"><img loading=\"lazy\" src=\"https:\/\/www.praha7.cz\/wp-content\/uploads\/2020\/12\/Relie\u0301f-na-Wilfertove\u030c-vile-_-Richard-Teschner-200x200.jpg\" alt=\"\" width=\"200\" height=\"200\" class=\"alignnone wp-image-44172 size-thumbnail\" srcset=\"https:\/\/www.praha7.cz\/wp-content\/uploads\/2020\/12\/Relie\u0301f-na-Wilfertove\u030c-vile-_-Richard-Teschner-200x200.jpg 200w, https:\/\/www.praha7.cz\/wp-content\/uploads\/2020\/12\/Relie\u0301f-na-Wilfertove\u030c-vile-_-Richard-Teschner-400x400.jpg 400w, https:\/\/www.praha7.cz\/wp-content\/uploads\/2020\/12\/Relie\u0301f-na-Wilfertove\u030c-vile-_-Richard-Teschner-768x768.jpg 768w, https:\/\/www.praha7.cz\/wp-content\/uploads\/2020\/12\/Relie\u0301f-na-Wilfertove\u030c-vile-_-Richard-Teschner-1000x1000.jpg 1000w, https:\/\/www.praha7.cz\/wp-content\/uploads\/2020\/12\/Relie\u0301f-na-Wilfertove\u030c-vile-_-Richard-Teschner.jpg 1080w\" sizes=\"(max-width: 200px) 100vw, 200px\" \/><\/a><\/p>\r\n                <\/div>\r\n            <\/div>\r\n        <\/div>\r\n    \r\n        <div class=\"collapse-block\">\r\n            <div class=\"card-header\" role=\"tab\" id=\"heading5d679c2e74c5c6fca9f3cb5717750b565fa592a4\">\r\n                                        <p data-toggle=\"collapse\" href=\"#collapse5d679c2e74c5c6fca9f3cb5717750b565fa592a4\" aria-controls=\"collapse5d679c2e74c5c6fca9f3cb5717750b565fa592a4\">\r\n                            Stoj\u00edc\u00ed hoch | Karel Dvo\u0159\u00e1k                              <i class=\"fa fa-2x fa-angle-down\" aria-hidden=\"true\"><\/i>\r\n                        <\/p>\r\n                                \r\n            <\/div>\r\n\r\n            <div id=\"collapse5d679c2e74c5c6fca9f3cb5717750b565fa592a4\" class=\"collapse\" data-id=\"5d679c2e74c5c6fca9f3cb5717750b565fa592a4\" role=\"tabpanel\" aria-labelledby=\"heading5d679c2e74c5c6fca9f3cb5717750b565fa592a4\">\r\n                <div class=\"card-block\">\r\n    \r\n<p><em>1930, osazeno 1960, bronz \u00a0<\/em><br \/>\r\n<em>Stromovka p\u0159ed M\u00edstodr\u017eitelsk\u00fdm letohr\u00e1dkem<\/em><\/p>\r\n<p>Lehce nad\u017eivotn\u00ed bronzov\u00e1 plastika stoj\u00edc\u00edho nah\u00e9ho chlapce poch\u00e1z\u00ed z\u00a0roku 1930. Na sou\u010dasn\u00e9 m\u00edsto p\u0159ed M\u00edstodr\u017eitelsk\u00fdm letohr\u00e1dkem bylo d\u00edlo osazeno o&nbsp;t\u0159icet let pozd\u011bji.<\/p>\r\n<p><a href=\"https:\/\/www.praha7.cz\/temata\/art-district-7\/umeni-ve-verejnem-prostoru\/stojici-hoch-_-karel-dvorak\/\" rel=\"attachment wp-att-44173\"><img loading=\"lazy\" src=\"https:\/\/www.praha7.cz\/wp-content\/uploads\/2020\/12\/Stoji\u0301ci\u0301-hoch-_-Karel-Dvor\u030ca\u0301k-200x200.jpg\" alt=\"\" width=\"200\" height=\"200\" class=\"alignnone wp-image-44173 size-thumbnail\" srcset=\"https:\/\/www.praha7.cz\/wp-content\/uploads\/2020\/12\/Stoji\u0301ci\u0301-hoch-_-Karel-Dvor\u030ca\u0301k-200x200.jpg 200w, https:\/\/www.praha7.cz\/wp-content\/uploads\/2020\/12\/Stoji\u0301ci\u0301-hoch-_-Karel-Dvor\u030ca\u0301k-400x400.jpg 400w, https:\/\/www.praha7.cz\/wp-content\/uploads\/2020\/12\/Stoji\u0301ci\u0301-hoch-_-Karel-Dvor\u030ca\u0301k-768x768.jpg 768w, https:\/\/www.praha7.cz\/wp-content\/uploads\/2020\/12\/Stoji\u0301ci\u0301-hoch-_-Karel-Dvor\u030ca\u0301k-1000x1000.jpg 1000w, https:\/\/www.praha7.cz\/wp-content\/uploads\/2020\/12\/Stoji\u0301ci\u0301-hoch-_-Karel-Dvor\u030ca\u0301k.jpg 1080w\" sizes=\"(max-width: 200px) 100vw, 200px\" \/><\/a><\/p>\r\n                <\/div>\r\n            <\/div>\r\n        <\/div>\r\n    \r\n        <div class=\"collapse-block\">\r\n            <div class=\"card-header\" role=\"tab\" id=\"heading4c534e668269e0228246e0429e608bb643aa7b73\">\r\n                                        <p data-toggle=\"collapse\" href=\"#collapse4c534e668269e0228246e0429e608bb643aa7b73\" aria-controls=\"collapse4c534e668269e0228246e0429e608bb643aa7b73\">\r\n                            Sed\u00edc\u00ed \u017eena | Petr \u0160turma                             <i class=\"fa fa-2x fa-angle-down\" aria-hidden=\"true\"><\/i>\r\n                        <\/p>\r\n                                \r\n            <\/div>\r\n\r\n            <div id=\"collapse4c534e668269e0228246e0429e608bb643aa7b73\" class=\"collapse\" data-id=\"4c534e668269e0228246e0429e608bb643aa7b73\" role=\"tabpanel\" aria-labelledby=\"heading4c534e668269e0228246e0429e608bb643aa7b73\">\r\n                <div class=\"card-block\">\r\n    \r\n<p><em>1967, p\u00edskovec <\/em><br \/>\r\n<em>Stromovka<\/em><\/p>\r\n<p>Mezi \u010dast\u00e1 t\u00e9mata socha\u0159e Petra \u0160turmy pat\u0159il \u017eensk\u00fd akt. Nejinak tomu bylo i&nbsp;u&nbsp;t\u00e9to plastiky, kter\u00e1 se na kr\u00e1tkou dobu z\u00a0ve\u0159ejn\u00e9ho prostranstv\u00ed ztratila, ale dnes u\u017e zrekonstruovan\u00e1 socha Sed\u00edc\u00ed \u017eeny z\u00a0roku 1967 op\u011bt odpo\u010d\u00edv\u00e1 v\u00a0louce tak, jak to autor p\u016fvodn\u011b zam\u00fd\u0161lel. \u00a0\u00a0<\/p>\r\n<p><a href=\"https:\/\/www.praha7.cz\/temata\/art-district-7\/umeni-ve-verejnem-prostoru\/sedici-zena-_-petr-sturma\/\" rel=\"attachment wp-att-44174\"><img loading=\"lazy\" src=\"https:\/\/www.praha7.cz\/wp-content\/uploads\/2020\/12\/Sedi\u0301ci\u0301-Z\u030cena-_-Petr-S\u030cturma-200x200.jpg\" alt=\"\" width=\"200\" height=\"200\" class=\"alignnone wp-image-44174 size-thumbnail\" srcset=\"https:\/\/www.praha7.cz\/wp-content\/uploads\/2020\/12\/Sedi\u0301ci\u0301-Z\u030cena-_-Petr-S\u030cturma-200x200.jpg 200w, https:\/\/www.praha7.cz\/wp-content\/uploads\/2020\/12\/Sedi\u0301ci\u0301-Z\u030cena-_-Petr-S\u030cturma-400x400.jpg 400w, https:\/\/www.praha7.cz\/wp-content\/uploads\/2020\/12\/Sedi\u0301ci\u0301-Z\u030cena-_-Petr-S\u030cturma-768x768.jpg 768w, https:\/\/www.praha7.cz\/wp-content\/uploads\/2020\/12\/Sedi\u0301ci\u0301-Z\u030cena-_-Petr-S\u030cturma-1000x1000.jpg 1000w, https:\/\/www.praha7.cz\/wp-content\/uploads\/2020\/12\/Sedi\u0301ci\u0301-Z\u030cena-_-Petr-S\u030cturma.jpg 1080w\" sizes=\"(max-width: 200px) 100vw, 200px\" \/><\/a><\/p>\r\n                <\/div>\r\n            <\/div>\r\n        <\/div>\r\n    \r\n        <div class=\"collapse-block\">\r\n            <div class=\"card-header\" role=\"tab\" id=\"heading2c1535546212264e7c6b8f45cf8a0e757489968a\">\r\n                                        <p data-toggle=\"collapse\" href=\"#collapse2c1535546212264e7c6b8f45cf8a0e757489968a\" aria-controls=\"collapse2c1535546212264e7c6b8f45cf8a0e757489968a\">\r\n                            Geometrick\u00e9 plastiky | Eva Kmentov\u00e1 a Olbram Zoubek                             <i class=\"fa fa-2x fa-angle-down\" aria-hidden=\"true\"><\/i>\r\n                        <\/p>\r\n                                \r\n            <\/div>\r\n\r\n            <div id=\"collapse2c1535546212264e7c6b8f45cf8a0e757489968a\" class=\"collapse\" data-id=\"2c1535546212264e7c6b8f45cf8a0e757489968a\" role=\"tabpanel\" aria-labelledby=\"heading2c1535546212264e7c6b8f45cf8a0e757489968a\">\r\n                <div class=\"card-block\">\r\n    \r\n<p><em>1961, beton a&nbsp;kov <\/em><br \/>\r\n<em>Nad Kr\u00e1lovskou oborou \/ park Stromovka <\/em><\/p>\r\n<p>D\u011btsk\u00e9 h\u0159i\u0161t\u011b ve Stromovce z&nbsp;roku 1961 je d\u00edlem socha\u0159\u016f Evy Kmentov\u00e9 a&nbsp;Olbrama Zoubka. H\u0159i\u0161t\u011b je jednou z&nbsp;m\u00e1la spole\u010dn\u00fdch prac\u00ed t\u00e9to man\u017eelsk\u00e9 dvojice. V&nbsp;d\u00edle je patrn\u00fd vliv bruselsk\u00e9ho stylu a&nbsp;obdiv k&nbsp;d\u00edl\u016fm \u0161pan\u011blsk\u00e9ho um\u011blce Joana Mir\u00f3a nebo Hanse Arpa. Socha\u0159i navrhli prol\u00e9zac\u00ed v\u011b\u017e a&nbsp;osm n\u00edzk\u00fdch prol\u00e9za\u010dek, kter\u00e9 doplnili \u010dty\u0159mi ty\u010demi na \u0161plh\u00e1n\u00ed. V\u011b\u017e a&nbsp;prol\u00e9za\u010dky vydusali z&nbsp;betonu, jako ty\u010de pou\u017eili le\u0161en\u00e1\u0159sk\u00e9 trubky, kter\u00e9 doplnili pomalovan\u00fdmi plechov\u00fdmi \u0161t\u00edty, kter\u00e9 se na ty\u010d\u00edch ot\u00e1\u010dely. N\u011bkter\u00e9 plochy v\u011b\u017ee a&nbsp;prol\u00e9za\u010dek nat\u0159eli b\u00edlou barvou a&nbsp;drobn\u00e9 detaily na boc\u00edch prol\u00e9za\u010dek zd\u016fraznili syt\u00fdmi barvami. Segmenty prol\u00e9zac\u00ed v\u011b\u017ee a&nbsp;prol\u00e9za\u010dky vyrobili na dvorku sv\u00e9ho prvn\u00edho ateli\u00e9ru na \u017di\u017ekov\u011b. H\u0159i\u0161t\u011b slou\u017eilo d\u011btem v\u00edce ne\u017e pades\u00e1t let v&nbsp;t\u00e9m\u011b\u0159 p\u016fvodn\u00ed podob\u011b. Dnes je pova\u017eov\u00e1no za doklad v\u00fdtvarn\u00e9ho c\u00edt\u011bn\u00ed ran\u00fdch \u0161edes\u00e1t\u00fdch let minul\u00e9ho stolet\u00ed, kdy v&nbsp;tvorb\u011b pro d\u011btsk\u00e1 h\u0159i\u0161t\u011b panovala podstatn\u011b v\u011bt\u0161\u00ed m\u00edra svobody ne\u017e ve v\u00fdstavn\u00edch s\u00edn\u00edch. H\u0159i\u0161t\u011b bylo ve spolupr\u00e1ci s&nbsp;Olbramem Zoubkem v&nbsp;roce 2017 zrekonstruov\u00e1no.<\/p>\r\n<p><a href=\"https:\/\/www.praha7.cz\/temata\/art-district-7\/umeni-ve-verejnem-prostoru\/detske-hriste-kastanek-_-eva-kmentova-a-olbram-zoubek\/\" rel=\"attachment wp-att-44175\"><img loading=\"lazy\" src=\"https:\/\/www.praha7.cz\/wp-content\/uploads\/2020\/12\/De\u030ctske\u0301-hr\u030cis\u030cte\u030c-Kas\u030cta\u0301nek-_-Eva-Kmentova\u0301-a-Olbram-Zoubek-200x200.jpg\" alt=\"\" width=\"200\" height=\"200\" class=\"alignnone wp-image-44175 size-thumbnail\" srcset=\"https:\/\/www.praha7.cz\/wp-content\/uploads\/2020\/12\/De\u030ctske\u0301-hr\u030cis\u030cte\u030c-Kas\u030cta\u0301nek-_-Eva-Kmentova\u0301-a-Olbram-Zoubek-200x200.jpg 200w, https:\/\/www.praha7.cz\/wp-content\/uploads\/2020\/12\/De\u030ctske\u0301-hr\u030cis\u030cte\u030c-Kas\u030cta\u0301nek-_-Eva-Kmentova\u0301-a-Olbram-Zoubek-400x400.jpg 400w, https:\/\/www.praha7.cz\/wp-content\/uploads\/2020\/12\/De\u030ctske\u0301-hr\u030cis\u030cte\u030c-Kas\u030cta\u0301nek-_-Eva-Kmentova\u0301-a-Olbram-Zoubek-768x768.jpg 768w, https:\/\/www.praha7.cz\/wp-content\/uploads\/2020\/12\/De\u030ctske\u0301-hr\u030cis\u030cte\u030c-Kas\u030cta\u0301nek-_-Eva-Kmentova\u0301-a-Olbram-Zoubek-1000x1000.jpg 1000w, https:\/\/www.praha7.cz\/wp-content\/uploads\/2020\/12\/De\u030ctske\u0301-hr\u030cis\u030cte\u030c-Kas\u030cta\u0301nek-_-Eva-Kmentova\u0301-a-Olbram-Zoubek.jpg 1080w\" sizes=\"(max-width: 200px) 100vw, 200px\" \/><\/a><\/p>\r\n                <\/div>\r\n            <\/div>\r\n        <\/div>\r\n    \r\n        <div class=\"collapse-block\">\r\n            <div class=\"card-header\" role=\"tab\" id=\"heading937c96f7f442cdae242cfea8255a19258f3512de\">\r\n                                        <p data-toggle=\"collapse\" href=\"#collapse937c96f7f442cdae242cfea8255a19258f3512de\" aria-controls=\"collapse937c96f7f442cdae242cfea8255a19258f3512de\">\r\n                            Um\u011blecky pojednan\u00fd v\u011btrac\u00ed kom\u00edn tunelu Blanka | Federico D\u00edaz                             <i class=\"fa fa-2x fa-angle-down\" aria-hidden=\"true\"><\/i>\r\n                        <\/p>\r\n                                \r\n            <\/div>\r\n\r\n            <div id=\"collapse937c96f7f442cdae242cfea8255a19258f3512de\" class=\"collapse\" data-id=\"937c96f7f442cdae242cfea8255a19258f3512de\" role=\"tabpanel\" aria-labelledby=\"heading937c96f7f442cdae242cfea8255a19258f3512de\">\r\n                <div class=\"card-block\">\r\n    \r\n<p><em>2020 \u00a0<\/em><br \/>\r\n<em>Nad Kr\u00e1lovskou oborou 51 <\/em><\/p>\r\n<p>Ob\u0159\u00ed v\u00fddech tunelu Blanka nedaleko stadionu Sparta prom\u011bnil \u010desko-argentinsk\u00fd v\u00fdtvarn\u00edk Federico D\u00edaz a&nbsp;jeho t\u00fdm v&nbsp;um\u011bleck\u00e9 d\u00edlo opl\u00e1\u0161t\u011bn\u00e9 deskami s&nbsp;plastick\u00fdmi heraldick\u00fdmi motivy. Reli\u00e9f byl vytvo\u0159en naprogramovan\u00fdm robotick\u00fdm ramenem. D\u00edlo se skl\u00e1d\u00e1 ze 176 um\u011blecky opracovan\u00fdch desek o&nbsp;rozm\u011brech 130 \u00d7 235 centimetr\u016f, z&nbsp;nich\u017e ka\u017ed\u00e1 je unik\u00e1tn\u00ed. V\u00fddech tunelu Blanka toti\u017e necitliv\u011b zas\u00e1hl do obytn\u00e9 \u010d\u00e1sti Sedmi\u010dky. Mezi m\u00edstn\u00edmi proto vzniklo ob\u010dansk\u00e9 sdru\u017een\u00ed, za n\u00edm\u017e stoj\u00ed mimo jin\u00e9 architekt Zden\u011bk Luke\u0161, kter\u00e9 vypsalo sout\u011b\u017e na v\u00fdtvarn\u00e9 pojet\u00ed v\u00fddechu a&nbsp;domluvilo se staviteli tunelu realizaci. Ta prob\u011bhla v&nbsp;letech 2018\u20132020.\u00a0<\/p>\r\n<p><a href=\"https:\/\/www.praha7.cz\/temata\/art-district-7\/umeni-ve-verejnem-prostoru\/vetraci-komin-tunelu-blanka-_-federico-diaz\/\" rel=\"attachment wp-att-44176\"><img loading=\"lazy\" src=\"https:\/\/www.praha7.cz\/wp-content\/uploads\/2020\/12\/Ve\u030ctraci\u0301-komi\u0301n-tunelu-Blanka-_-Federico-Di\u0301az-200x200.jpg\" alt=\"\" width=\"200\" height=\"200\" class=\"alignnone wp-image-44176 size-thumbnail\" srcset=\"https:\/\/www.praha7.cz\/wp-content\/uploads\/2020\/12\/Ve\u030ctraci\u0301-komi\u0301n-tunelu-Blanka-_-Federico-Di\u0301az-200x200.jpg 200w, https:\/\/www.praha7.cz\/wp-content\/uploads\/2020\/12\/Ve\u030ctraci\u0301-komi\u0301n-tunelu-Blanka-_-Federico-Di\u0301az-400x400.jpg 400w, https:\/\/www.praha7.cz\/wp-content\/uploads\/2020\/12\/Ve\u030ctraci\u0301-komi\u0301n-tunelu-Blanka-_-Federico-Di\u0301az-768x768.jpg 768w, https:\/\/www.praha7.cz\/wp-content\/uploads\/2020\/12\/Ve\u030ctraci\u0301-komi\u0301n-tunelu-Blanka-_-Federico-Di\u0301az-1000x1000.jpg 1000w, https:\/\/www.praha7.cz\/wp-content\/uploads\/2020\/12\/Ve\u030ctraci\u0301-komi\u0301n-tunelu-Blanka-_-Federico-Di\u0301az.jpg 1080w\" sizes=\"(max-width: 200px) 100vw, 200px\" \/><\/a><\/p>\r\n                <\/div>\r\n            <\/div>\r\n        <\/div>\r\n    \r\n        <div class=\"collapse-block\">\r\n            <div class=\"card-header\" role=\"tab\" id=\"headingce585231035c0b7e88005c812c1e02f5f227b783\">\r\n                                        <p data-toggle=\"collapse\" href=\"#collapsece585231035c0b7e88005c812c1e02f5f227b783\" aria-controls=\"collapsece585231035c0b7e88005c812c1e02f5f227b783\">\r\n                            Hokejista | Zden\u011bk N\u011bme\u010dek                             <i class=\"fa fa-2x fa-angle-down\" aria-hidden=\"true\"><\/i>\r\n                        <\/p>\r\n                                \r\n            <\/div>\r\n\r\n            <div id=\"collapsece585231035c0b7e88005c812c1e02f5f227b783\" class=\"collapse\" data-id=\"ce585231035c0b7e88005c812c1e02f5f227b783\" role=\"tabpanel\" aria-labelledby=\"headingce585231035c0b7e88005c812c1e02f5f227b783\">\r\n                <div class=\"card-block\">\r\n    \r\n<p><em>osazeno 1985, bronz \u00a0<\/em><br \/>\r\n<em>Za Elektr\u00e1rnou 1 \u2013 Zimn\u00ed stadion na V\u00fdstavi\u0161ti Praha \u00a0<\/em><\/p>\r\n<p>Bylo pozdn\u00ed \u00fanorov\u00e9 odpoledne roku 1969. Za socha\u0159em Zde\u0148kem N\u011bme\u010dkem za\u0161el do jeho pra\u017esk\u00e9ho ateli\u00e9ru na Libe\u0148sk\u00e9m ostrov\u011b spisovatel Ota Pavel. Pro t\u00fdden\u00edk G\u00f3l pak napsal report\u00e1\u017e, kterou nazval P\u00e1n se Zlatou hokejkou. \u201eBude to so\u0161ka pravideln\u011b ud\u011blovan\u00e1 \u2013 v&nbsp;mal\u00e9m nejlep\u0161\u00edmu hokejistovi roku \u2013 a&nbsp;ve velk\u00e9m bude st\u00e1t p\u0159ed Sportovn\u00ed halou,\u201c prozradil v\u00a0report\u00e1\u017ei. Ne\u017e se zrodila Zlat\u00e1 hokejka, vytvo\u0159il Zden\u011bk N\u011bme\u010dek b\u011bhem n\u011bkolika m\u011bs\u00edc\u016f p\u011bt r\u016fzn\u00fdch skulptur. Ta posledn\u00ed se mu zd\u00e1la nejlep\u0161\u00ed. Hr\u00e1\u010d pr\u00e1v\u011b vst\u0159elil g\u00f3l, m\u00e1 pootev\u0159en\u00e1 \u00fasta, jak k\u0159i\u010d\u00ed radost\u00ed, a&nbsp;chyst\u00e1 se zvednout ruce k&nbsp;nebi. H\u016fl dr\u017e\u00ed vzty\u010denou kolmo vzh\u016fru jako prapor. Bronzov\u00e1 plastika hokejisty na vysok\u00e9m podstavci byla p\u0159ed zimn\u00ed stadion pra\u017esk\u00e9 Sparty v&nbsp;Hole\u0161ovic\u00edch osazena a\u017e v&nbsp;roce 1985, p\u0159esto\u017ee jej\u00ed zmen\u0161enou variantu v&nbsp;podob\u011b so\u0161ky z\u00edsk\u00e1vaj\u00ed nejlep\u0161\u00ed \u010de\u0161t\u00ed hokejist\u00e9 v&nbsp;anket\u011b Zlat\u00e1 hokejka u\u017e od roku 1969. N\u011bkolik dal\u0161\u00edch N\u011bme\u010dkov\u00fdch plastik najdete p\u0159ed jeho n\u011bkdej\u0161\u00edm ateli\u00e9rem v&nbsp;sousedn\u00ed Libni, kde se dnes nach\u00e1z\u00ed design\u00e9rsk\u00e9 studio Olgoj Chorchoj, jeho\u017e zakladatelem je socha\u0159\u016fv syn Jan N\u011bme\u010dek.<\/p>\r\n<p><a href=\"https:\/\/www.praha7.cz\/temata\/art-district-7\/umeni-ve-verejnem-prostoru\/hokejista-_-zdenek-nemecek\/\" rel=\"attachment wp-att-44177\"><img loading=\"lazy\" src=\"https:\/\/www.praha7.cz\/wp-content\/uploads\/2020\/12\/Hokejista-_-Zdene\u030ck-Ne\u030cmec\u030cek-200x200.jpg\" alt=\"\" width=\"200\" height=\"200\" class=\"alignnone wp-image-44177 size-thumbnail\" srcset=\"https:\/\/www.praha7.cz\/wp-content\/uploads\/2020\/12\/Hokejista-_-Zdene\u030ck-Ne\u030cmec\u030cek-200x200.jpg 200w, https:\/\/www.praha7.cz\/wp-content\/uploads\/2020\/12\/Hokejista-_-Zdene\u030ck-Ne\u030cmec\u030cek-400x400.jpg 400w, https:\/\/www.praha7.cz\/wp-content\/uploads\/2020\/12\/Hokejista-_-Zdene\u030ck-Ne\u030cmec\u030cek-768x768.jpg 768w, https:\/\/www.praha7.cz\/wp-content\/uploads\/2020\/12\/Hokejista-_-Zdene\u030ck-Ne\u030cmec\u030cek-1000x1000.jpg 1000w, https:\/\/www.praha7.cz\/wp-content\/uploads\/2020\/12\/Hokejista-_-Zdene\u030ck-Ne\u030cmec\u030cek.jpg 1080w\" sizes=\"(max-width: 200px) 100vw, 200px\" \/><\/a><\/p>\r\n                <\/div>\r\n            <\/div>\r\n        <\/div>\r\n    \r\n        <div class=\"collapse-block\">\r\n            <div class=\"card-header\" role=\"tab\" id=\"headingadd8e1ae087638b716219fd2a5674c98a4ac5099\">\r\n                                        <p data-toggle=\"collapse\" href=\"#collapseadd8e1ae087638b716219fd2a5674c98a4ac5099\" aria-controls=\"collapseadd8e1ae087638b716219fd2a5674c98a4ac5099\">\r\n                            Socha\u0159sky pojednan\u00fd v\u011btrac\u00ed kom\u00edn kolektoru | Karel Kronych                             <i class=\"fa fa-2x fa-angle-down\" aria-hidden=\"true\"><\/i>\r\n                        <\/p>\r\n                                \r\n            <\/div>\r\n\r\n            <div id=\"collapseadd8e1ae087638b716219fd2a5674c98a4ac5099\" class=\"collapse\" data-id=\"add8e1ae087638b716219fd2a5674c98a4ac5099\" role=\"tabpanel\" aria-labelledby=\"headingadd8e1ae087638b716219fd2a5674c98a4ac5099\">\r\n                <div class=\"card-block\">\r\n    \r\n<p><em>1980, ocel a&nbsp;m\u011b\u010f <\/em><br \/>\r\n<em>Za Elektr\u00e1rnou 1 \u2013 p\u0159ed sportovn\u00ed halou na V\u00fdstavi\u0161ti Praha \u00a0<\/em><\/p>\r\n<p>Na parkovi\u0161ti u&nbsp;zimn\u00edho stadionu se od roku 1980 nach\u00e1z\u00ed v\u00fdtvarn\u011b pojednan\u00fd v\u011btrac\u00ed kom\u00edn kolektoru. Organick\u00e1 konstrukce je tvo\u0159en\u00e1 z\u00a0oceli a&nbsp;m\u011bdi.<\/p>\r\n<p><a href=\"https:\/\/www.praha7.cz\/temata\/art-district-7\/umeni-ve-verejnem-prostoru\/vetraci-komin-_-karel-kronych\/\" rel=\"attachment wp-att-44178\"><img loading=\"lazy\" src=\"https:\/\/www.praha7.cz\/wp-content\/uploads\/2020\/12\/Ve\u030ctraci\u0301-komi\u0301n-_-Karel-Kronych-200x200.jpg\" alt=\"\" width=\"200\" height=\"200\" class=\"alignnone wp-image-44178 size-thumbnail\" srcset=\"https:\/\/www.praha7.cz\/wp-content\/uploads\/2020\/12\/Ve\u030ctraci\u0301-komi\u0301n-_-Karel-Kronych-200x200.jpg 200w, https:\/\/www.praha7.cz\/wp-content\/uploads\/2020\/12\/Ve\u030ctraci\u0301-komi\u0301n-_-Karel-Kronych-400x400.jpg 400w, https:\/\/www.praha7.cz\/wp-content\/uploads\/2020\/12\/Ve\u030ctraci\u0301-komi\u0301n-_-Karel-Kronych-768x768.jpg 768w, https:\/\/www.praha7.cz\/wp-content\/uploads\/2020\/12\/Ve\u030ctraci\u0301-komi\u0301n-_-Karel-Kronych-1000x1000.jpg 1000w, https:\/\/www.praha7.cz\/wp-content\/uploads\/2020\/12\/Ve\u030ctraci\u0301-komi\u0301n-_-Karel-Kronych.jpg 1080w\" sizes=\"(max-width: 200px) 100vw, 200px\" \/><\/a><\/p>\r\n                <\/div>\r\n            <\/div>\r\n        <\/div>\r\n    \r\n        <div class=\"collapse-block\">\r\n            <div class=\"card-header\" role=\"tab\" id=\"headinga5ce7bcf494b67f67097d1b2feb3778d37a31ad5\">\r\n                                        <p data-toggle=\"collapse\" href=\"#collapsea5ce7bcf494b67f67097d1b2feb3778d37a31ad5\" aria-controls=\"collapsea5ce7bcf494b67f67097d1b2feb3778d37a31ad5\">\r\n                            R\u016fst \u2013 socha\u0159sky pojednan\u00e1 odv\u011btr\u00e1vac\u00ed \u0161achta metra | Milan V\u00e1cha                             <i class=\"fa fa-2x fa-angle-down\" aria-hidden=\"true\"><\/i>\r\n                        <\/p>\r\n                                \r\n            <\/div>\r\n\r\n            <div id=\"collapsea5ce7bcf494b67f67097d1b2feb3778d37a31ad5\" class=\"collapse\" data-id=\"a5ce7bcf494b67f67097d1b2feb3778d37a31ad5\" role=\"tabpanel\" aria-labelledby=\"headinga5ce7bcf494b67f67097d1b2feb3778d37a31ad5\">\r\n                <div class=\"card-block\">\r\n    \r\n<p><em>1978, p\u00edskovec <\/em><br \/>\r\n<em>V\u00fdstavi\u0161t\u011b Praha<\/em><\/p>\r\n<p>P\u00edskovcov\u00e1 plastika z\u00a0roku 1978 um\u00edst\u011bn\u00e1 pobl\u00ed\u017e plaveck\u00e9ho baz\u00e9nu na V\u00fdstavi\u0161ti slou\u017e\u00ed jako odv\u011btr\u00e1vac\u00ed \u0161achta metra.<\/p>\r\n<p><a href=\"https:\/\/www.praha7.cz\/temata\/art-district-7\/umeni-ve-verejnem-prostoru\/ru%cc%8ast-_-michal-vacha\/\" rel=\"attachment wp-att-44179\"><img loading=\"lazy\" src=\"https:\/\/www.praha7.cz\/wp-content\/uploads\/2020\/12\/Ru\u030ast-_-Michal-Va\u0301cha-200x200.jpg\" alt=\"\" width=\"200\" height=\"200\" class=\"alignnone wp-image-44179 size-thumbnail\" srcset=\"https:\/\/www.praha7.cz\/wp-content\/uploads\/2020\/12\/Ru\u030ast-_-Michal-Va\u0301cha-200x200.jpg 200w, https:\/\/www.praha7.cz\/wp-content\/uploads\/2020\/12\/Ru\u030ast-_-Michal-Va\u0301cha-400x400.jpg 400w, https:\/\/www.praha7.cz\/wp-content\/uploads\/2020\/12\/Ru\u030ast-_-Michal-Va\u0301cha-768x768.jpg 768w, https:\/\/www.praha7.cz\/wp-content\/uploads\/2020\/12\/Ru\u030ast-_-Michal-Va\u0301cha-1000x1000.jpg 1000w, https:\/\/www.praha7.cz\/wp-content\/uploads\/2020\/12\/Ru\u030ast-_-Michal-Va\u0301cha.jpg 1080w\" sizes=\"(max-width: 200px) 100vw, 200px\" \/><\/a><\/p>\r\n                <\/div>\r\n            <\/div>\r\n        <\/div>\r\n    \r\n        <div class=\"collapse-block\">\r\n            <div class=\"card-header\" role=\"tab\" id=\"headingf9bfb0e51816f268107b61f1c75350ae92fb8d72\">\r\n                                        <p data-toggle=\"collapse\" href=\"#collapsef9bfb0e51816f268107b61f1c75350ae92fb8d72\" aria-controls=\"collapsef9bfb0e51816f268107b61f1c75350ae92fb8d72\">\r\n                            Sgrafita | Karel Svolinsk\u00fd                             <i class=\"fa fa-2x fa-angle-down\" aria-hidden=\"true\"><\/i>\r\n                        <\/p>\r\n                                \r\n            <\/div>\r\n\r\n            <div id=\"collapsef9bfb0e51816f268107b61f1c75350ae92fb8d72\" class=\"collapse\" data-id=\"f9bfb0e51816f268107b61f1c75350ae92fb8d72\" role=\"tabpanel\" aria-labelledby=\"headingf9bfb0e51816f268107b61f1c75350ae92fb8d72\">\r\n                <div class=\"card-block\">\r\n    \r\n<p><em>Pr\u016fmyslov\u00fd pal\u00e1c V\u00fdstavi\u0161t\u011b Praha <\/em><\/p>\r\n<p>Autorem \u010dty\u0159 rozm\u011brn\u00fdch sgrafit um\u00edst\u011bn\u00fdch v&nbsp;prostoru hlavn\u00edho vchodu do budovy Pr\u016fmyslov\u00e9ho pal\u00e1ce je Karel Svolinsk\u00fd. Autor je vytvo\u0159il na za\u010d\u00e1tku 50.&nbsp;let, kdy are\u00e1l v\u00fdstavi\u0161t\u011b p\u0159ejmenovan\u00fd na Park kultury a&nbsp;oddechu Julia Fu\u010d\u00edka proch\u00e1zel v\u00fdznamn\u00fdmi architektonick\u00fdmi zm\u011bnami. Mezi n\u011b pat\u0159ila tak\u00e9 p\u0159\u00edstavba vstupn\u00ed haly v&nbsp;duchu socialistick\u00e9ho realismu, kter\u00e1 doplnila pr\u00e1v\u011b Svolinsk\u00e9ho sgrafita s&nbsp;n\u00e1m\u011bty lidov\u00fdch tanc\u016f. Svolinsk\u00fd byl um\u011blec se \u0161irok\u00fdm z\u00e1b\u011brem, v\u011bnoval se grafice, typografii, malb\u011b, ilustraci nebo t\u0159eba n\u00e1vrh\u016fm vitr\u00e1\u017e\u00ed. Jeho nejzn\u00e1m\u011bj\u0161\u00ed realizac\u00ed je v\u0161ak nekompromisn\u00ed rekonstrukce olomouck\u00e9ho orloje (1955) op\u011bt v&nbsp;duchu socialistick\u00e9 realismu. Sgrafita na V\u00fdstavi\u0161ti byla v&nbsp;polovin\u011b 70.&nbsp;let restaurov\u00e1na, v&nbsp;sou\u010dasn\u00e9 dob\u011b u\u017e v\u0161ak znovu jev\u00ed zn\u00e1mky po\u0161kozen\u00ed.\u00a0\u00a0<\/p>\r\n<p><a href=\"https:\/\/www.praha7.cz\/temata\/art-district-7\/umeni-ve-verejnem-prostoru\/sgrafita-_-karel-svolinsky\/\" rel=\"attachment wp-att-44182\"><img loading=\"lazy\" src=\"https:\/\/www.praha7.cz\/wp-content\/uploads\/2020\/12\/Sgrafita-_-Karel-Svolinsky\u0301-200x200.jpg\" alt=\"\" width=\"200\" height=\"200\" class=\"alignnone wp-image-44182 size-thumbnail\" srcset=\"https:\/\/www.praha7.cz\/wp-content\/uploads\/2020\/12\/Sgrafita-_-Karel-Svolinsky\u0301-200x200.jpg 200w, https:\/\/www.praha7.cz\/wp-content\/uploads\/2020\/12\/Sgrafita-_-Karel-Svolinsky\u0301-400x400.jpg 400w, https:\/\/www.praha7.cz\/wp-content\/uploads\/2020\/12\/Sgrafita-_-Karel-Svolinsky\u0301-768x768.jpg 768w, https:\/\/www.praha7.cz\/wp-content\/uploads\/2020\/12\/Sgrafita-_-Karel-Svolinsky\u0301-1000x1000.jpg 1000w, https:\/\/www.praha7.cz\/wp-content\/uploads\/2020\/12\/Sgrafita-_-Karel-Svolinsky\u0301.jpg 1080w\" sizes=\"(max-width: 200px) 100vw, 200px\" \/><\/a>\u00a0\u00a0\u00a0\u00a0\u00a0\u00a0\u00a0\u00a0\u00a0\u00a0\u00a0\u00a0\u00a0\u00a0\u00a0\u00a0\u00a0\u00a0\u00a0\u00a0\u00a0\u00a0\u00a0\u00a0\u00a0\u00a0\u00a0\u00a0\u00a0\u00a0\u00a0\u00a0\u00a0\u00a0\u00a0\u00a0\u00a0\u00a0\u00a0\u00a0\u00a0\u00a0\u00a0\u00a0\u00a0\u00a0\u00a0\u00a0\u00a0\u00a0\u00a0\u00a0\u00a0\u00a0\u00a0\u00a0\u00a0\u00a0\u00a0\u00a0\u00a0\u00a0\u00a0\u00a0\u00a0\u00a0\u00a0\u00a0\u00a0\u00a0\u00a0\u00a0\u00a0\u00a0\u00a0\u00a0\u00a0\u00a0\u00a0\u00a0\u00a0\u00a0\u00a0\u00a0\u00a0\u00a0\u00a0\u00a0\u00a0\u00a0\u00a0\u00a0\u00a0\u00a0\u00a0\u00a0\u00a0\u00a0\u00a0\u00a0\u00a0\u00a0\u00a0\u00a0\u00a0\u00a0\u00a0\u00a0\u00a0\u00a0\u00a0\u00a0\u00a0\u00a0\u00a0\u00a0\u00a0\u00a0\u00a0\u00a0\u00a0\u00a0\u00a0\u00a0\u00a0\u00a0\u00a0\u00a0\u00a0<\/p>\r\n                <\/div>\r\n            <\/div>\r\n        <\/div>\r\n    \r\n        <div class=\"collapse-block\">\r\n            <div class=\"card-header\" role=\"tab\" id=\"heading213d45714cd9e5f9d86f7861054206a0d7febf5e\">\r\n                                        <p data-toggle=\"collapse\" href=\"#collapse213d45714cd9e5f9d86f7861054206a0d7febf5e\" aria-controls=\"collapse213d45714cd9e5f9d86f7861054206a0d7febf5e\">\r\n                            Kikuchiyo | David Strauzz                             <i class=\"fa fa-2x fa-angle-down\" aria-hidden=\"true\"><\/i>\r\n                        <\/p>\r\n                                \r\n            <\/div>\r\n\r\n            <div id=\"collapse213d45714cd9e5f9d86f7861054206a0d7febf5e\" class=\"collapse\" data-id=\"213d45714cd9e5f9d86f7861054206a0d7febf5e\" role=\"tabpanel\" aria-labelledby=\"heading213d45714cd9e5f9d86f7861054206a0d7febf5e\">\r\n                <div class=\"card-block\">\r\n    \r\n<p><em>2020, mural art <\/em><br \/>\r\n<em>Partyz\u00e1nsk\u00e1 3\/1 \u00a0<\/em><\/p>\r\n<p>Velkoplo\u0161nou malbu vytvo\u0159il \u010desko-kanadsk\u00e9\u00fd street artov\u00fd um\u011blec v\u00a0roce 2020. Inspirovan\u00e1 je postavou Kikuchiyo z&nbsp;filmu Sedm samuraj\u016f re\u017eis\u00e9ra Akira Kurosawy. Najdete ji na vratech obchodu s\u00a0n\u00e1poji v\u00a0ulici Partyz\u00e1nsk\u00e1 3\/1.<\/p>\r\n<p><a href=\"https:\/\/www.praha7.cz\/temata\/art-district-7\/umeni-ve-verejnem-prostoru\/kikuchiyo-_-david-strauzz\/\" rel=\"attachment wp-att-44183\"><img loading=\"lazy\" src=\"https:\/\/www.praha7.cz\/wp-content\/uploads\/2020\/12\/Kikuchiyo-_-David-Strauzz-200x200.jpg\" alt=\"\" width=\"200\" height=\"200\" class=\"alignnone wp-image-44183 size-thumbnail\" srcset=\"https:\/\/www.praha7.cz\/wp-content\/uploads\/2020\/12\/Kikuchiyo-_-David-Strauzz-200x200.jpg 200w, https:\/\/www.praha7.cz\/wp-content\/uploads\/2020\/12\/Kikuchiyo-_-David-Strauzz-400x400.jpg 400w, https:\/\/www.praha7.cz\/wp-content\/uploads\/2020\/12\/Kikuchiyo-_-David-Strauzz-768x768.jpg 768w, https:\/\/www.praha7.cz\/wp-content\/uploads\/2020\/12\/Kikuchiyo-_-David-Strauzz-1000x1000.jpg 1000w, https:\/\/www.praha7.cz\/wp-content\/uploads\/2020\/12\/Kikuchiyo-_-David-Strauzz.jpg 1080w\" sizes=\"(max-width: 200px) 100vw, 200px\" \/><\/a><\/p>\r\n                <\/div>\r\n            <\/div>\r\n        <\/div>\r\n    \r\n        <div class=\"collapse-block\">\r\n            <div class=\"card-header\" role=\"tab\" id=\"headingc507d577c58cfcd35138494e763a65e65c500cee\">\r\n                                        <p data-toggle=\"collapse\" href=\"#collapsec507d577c58cfcd35138494e763a65e65c500cee\" aria-controls=\"collapsec507d577c58cfcd35138494e763a65e65c500cee\">\r\n                            Soubor plastik \u0158eka | Josef Klime\u0161                             <i class=\"fa fa-2x fa-angle-down\" aria-hidden=\"true\"><\/i>\r\n                        <\/p>\r\n                                \r\n            <\/div>\r\n\r\n            <div id=\"collapsec507d577c58cfcd35138494e763a65e65c500cee\" class=\"collapse\" data-id=\"c507d577c58cfcd35138494e763a65e65c500cee\" role=\"tabpanel\" aria-labelledby=\"headingc507d577c58cfcd35138494e763a65e65c500cee\">\r\n                <div class=\"card-block\">\r\n    \r\n<p><em>1984, mramor <\/em><br \/>\r\n<em>N\u00e1dra\u017e\u00ed Hole\u0161ovice<\/em><\/p>\r\n<p>V hluch\u00e9m prostoru mezi autobusovou zast\u00e1vkou a&nbsp;budovou metra N\u00e1dra\u017e\u00ed Hole\u0161ovice najdete skupinu mramorov\u00fdch objekt\u016f s&nbsp;n\u00e1zvem \u0158eka od socha\u0159e Josefa Klime\u0161e z&nbsp;roku 1984. Plastika je tvo\u0159en\u00e1 organick\u00fdm tvarem rozp\u016flen\u00e9ho vejce, z&nbsp;kter\u00e9ho p\u016fvodn\u011b vyt\u00e9kal dvoj\u00ed pramen vody, jej\u00ed\u017e hladina se dr\u017eela v&nbsp;m\u011blk\u00e9m \u017elabu. Klime\u0161 je tak\u00e9 autorem betonov\u00e9ho reli\u00e9fu pr\u016f\u010del\u00ed administrativn\u00ed budovy Rosmarin v&nbsp;D\u011blnick\u00e9 ulici, v&nbsp;n\u011bm\u017e vlnovka kop\u00edruje tok \u0159eky Vltavy. Pro \u010deskoslovensk\u00fd pavilon v&nbsp;r\u00e1mci sv\u011btov\u00e9 v\u00fdstavy Expo 58 v&nbsp;Bruselu tak\u00e9 navrhl kovovou plastiku, za kterou z\u00edskal presti\u017en\u00ed ocen\u011bn\u00ed Grand Prix. Kdy\u017e v&nbsp;roce 1990 zav\u00edtal poprv\u00e9 do Prahy pape\u017e Jan Pavel II., obdr\u017eel jako dar pr\u00e1v\u011b jednu z&nbsp;Klime\u0161ov\u00fdch bronzov\u00fdch soch \u2013 Poh\u00e1r.\u00a0<\/p>\r\n<p><a href=\"https:\/\/www.praha7.cz\/temata\/art-district-7\/umeni-ve-verejnem-prostoru\/reka-_-josef-klimes\/\" rel=\"attachment wp-att-44184\"><img loading=\"lazy\" src=\"https:\/\/www.praha7.cz\/wp-content\/uploads\/2020\/12\/R\u030ceka-_-Josef-Klimes\u030c-200x200.jpg\" alt=\"\" width=\"200\" height=\"200\" class=\"alignnone wp-image-44184 size-thumbnail\" srcset=\"https:\/\/www.praha7.cz\/wp-content\/uploads\/2020\/12\/R\u030ceka-_-Josef-Klimes\u030c-200x200.jpg 200w, https:\/\/www.praha7.cz\/wp-content\/uploads\/2020\/12\/R\u030ceka-_-Josef-Klimes\u030c-400x400.jpg 400w, https:\/\/www.praha7.cz\/wp-content\/uploads\/2020\/12\/R\u030ceka-_-Josef-Klimes\u030c-768x768.jpg 768w, https:\/\/www.praha7.cz\/wp-content\/uploads\/2020\/12\/R\u030ceka-_-Josef-Klimes\u030c-1000x1000.jpg 1000w, https:\/\/www.praha7.cz\/wp-content\/uploads\/2020\/12\/R\u030ceka-_-Josef-Klimes\u030c.jpg 1080w\" sizes=\"(max-width: 200px) 100vw, 200px\" \/><\/a><\/p>\r\n                <\/div>\r\n            <\/div>\r\n        <\/div>\r\n    \r\n        <div class=\"collapse-block\">\r\n            <div class=\"card-header\" role=\"tab\" id=\"heading2a208a0dee2af00db23dc24644330db45d54bfb6\">\r\n                                        <p data-toggle=\"collapse\" href=\"#collapse2a208a0dee2af00db23dc24644330db45d54bfb6\" aria-controls=\"collapse2a208a0dee2af00db23dc24644330db45d54bfb6\">\r\n                            Reli\u00e9f Julia Fu\u010d\u00edka | Stanislav Hanz\u00edk                             <i class=\"fa fa-2x fa-angle-down\" aria-hidden=\"true\"><\/i>\r\n                        <\/p>\r\n                                \r\n            <\/div>\r\n\r\n            <div id=\"collapse2a208a0dee2af00db23dc24644330db45d54bfb6\" class=\"collapse\" data-id=\"2a208a0dee2af00db23dc24644330db45d54bfb6\" role=\"tabpanel\" aria-labelledby=\"heading2a208a0dee2af00db23dc24644330db45d54bfb6\">\r\n                <div class=\"card-block\">\r\n    \r\n<p><em>1984, mramor <\/em><br \/>\r\n<em>N\u00e1dra\u017e\u00ed Hole\u0161ovice<\/em><\/p>\r\n<p>Ve vestibulu metra je na skosen\u00e9m pil\u00ed\u0159i um\u00edst\u011bn mramorov\u00fd reli\u00e9fn\u00ed portr\u00e9t Julia Fu\u010d\u00edka, jeho\u017e jm\u00e9no stanice nesla do roku 1990. Proti n\u011bmu je um\u00edst\u011bna deska s\u00a0parafr\u00e1z\u00ed textu Report\u00e1\u017ee psan\u00e9 na opr\u00e1tce.\u00a0<\/p>\r\n<p><a href=\"https:\/\/www.praha7.cz\/temata\/art-district-7\/umeni-ve-verejnem-prostoru\/relief-julia-fucika-_-stanislav-hanzik\/\" rel=\"attachment wp-att-44185\"><img loading=\"lazy\" src=\"https:\/\/www.praha7.cz\/wp-content\/uploads\/2020\/12\/Relie\u0301f-Julia-Fuc\u030ci\u0301ka-_-Stanislav-Hanzi\u0301k-200x200.jpg\" alt=\"\" width=\"200\" height=\"200\" class=\"alignnone wp-image-44185 size-thumbnail\" srcset=\"https:\/\/www.praha7.cz\/wp-content\/uploads\/2020\/12\/Relie\u0301f-Julia-Fuc\u030ci\u0301ka-_-Stanislav-Hanzi\u0301k-200x200.jpg 200w, https:\/\/www.praha7.cz\/wp-content\/uploads\/2020\/12\/Relie\u0301f-Julia-Fuc\u030ci\u0301ka-_-Stanislav-Hanzi\u0301k-400x400.jpg 400w, https:\/\/www.praha7.cz\/wp-content\/uploads\/2020\/12\/Relie\u0301f-Julia-Fuc\u030ci\u0301ka-_-Stanislav-Hanzi\u0301k-768x768.jpg 768w, https:\/\/www.praha7.cz\/wp-content\/uploads\/2020\/12\/Relie\u0301f-Julia-Fuc\u030ci\u0301ka-_-Stanislav-Hanzi\u0301k-1000x1000.jpg 1000w, https:\/\/www.praha7.cz\/wp-content\/uploads\/2020\/12\/Relie\u0301f-Julia-Fuc\u030ci\u0301ka-_-Stanislav-Hanzi\u0301k.jpg 1080w\" sizes=\"(max-width: 200px) 100vw, 200px\" \/><\/a><\/p>\r\n                <\/div>\r\n            <\/div>\r\n        <\/div>\r\n    \r\n        <div class=\"collapse-block\">\r\n            <div class=\"card-header\" role=\"tab\" id=\"headingeaa965da72fdc51685311200b46cfbc2d93a43c1\">\r\n                                        <p data-toggle=\"collapse\" href=\"#collapseeaa965da72fdc51685311200b46cfbc2d93a43c1\" aria-controls=\"collapseeaa965da72fdc51685311200b46cfbc2d93a43c1\">\r\n                            Reli\u00e9f | Josef Vajce                             <i class=\"fa fa-2x fa-angle-down\" aria-hidden=\"true\"><\/i>\r\n                        <\/p>\r\n                                \r\n            <\/div>\r\n\r\n            <div id=\"collapseeaa965da72fdc51685311200b46cfbc2d93a43c1\" class=\"collapse\" data-id=\"eaa965da72fdc51685311200b46cfbc2d93a43c1\" role=\"tabpanel\" aria-labelledby=\"headingeaa965da72fdc51685311200b46cfbc2d93a43c1\">\r\n                <div class=\"card-block\">\r\n    \r\n<p><em>1986, \u017eula<\/em><br \/>\r\n<em>N\u00e1dra\u017e\u00ed Hole\u0161ovice<\/em><\/p>\r\n<p>Abstraktn\u00ed \u017eulov\u00fd reli\u00e9f zdob\u00ed jednu ze st\u011bn vstupn\u00ed haly vlakov\u00e9ho N\u00e1dra\u017e\u00ed Hole\u0161ovice. Osazen zde byl po dokon\u010den\u00ed stavby v\u00a0roce 1986. Tvar reli\u00e9fu odkazuje k\u00a0pt\u00e1kovi s\u00a0rozta\u017een\u00fdmi k\u0159\u00eddly.<\/p>\r\n<p><a href=\"https:\/\/www.praha7.cz\/temata\/art-district-7\/umeni-ve-verejnem-prostoru\/relief-_-josef-vajce-i\/\" rel=\"attachment wp-att-44186\"><img loading=\"lazy\" src=\"https:\/\/www.praha7.cz\/wp-content\/uploads\/2020\/12\/Relie\u0301f-_-Josef-Vajce-I-200x200.jpg\" alt=\"\" width=\"200\" height=\"200\" class=\"alignnone wp-image-44186 size-thumbnail\" srcset=\"https:\/\/www.praha7.cz\/wp-content\/uploads\/2020\/12\/Relie\u0301f-_-Josef-Vajce-I-200x200.jpg 200w, https:\/\/www.praha7.cz\/wp-content\/uploads\/2020\/12\/Relie\u0301f-_-Josef-Vajce-I-400x400.jpg 400w, https:\/\/www.praha7.cz\/wp-content\/uploads\/2020\/12\/Relie\u0301f-_-Josef-Vajce-I-768x768.jpg 768w, https:\/\/www.praha7.cz\/wp-content\/uploads\/2020\/12\/Relie\u0301f-_-Josef-Vajce-I-1000x1000.jpg 1000w, https:\/\/www.praha7.cz\/wp-content\/uploads\/2020\/12\/Relie\u0301f-_-Josef-Vajce-I.jpg 1080w\" sizes=\"(max-width: 200px) 100vw, 200px\" \/><\/a><\/p>\r\n                <\/div>\r\n            <\/div>\r\n        <\/div>\r\n    \r\n        <div class=\"collapse-block\">\r\n            <div class=\"card-header\" role=\"tab\" id=\"headinga82ff527b5083b4a71afb502421cc3ef7d1c65e8\">\r\n                                        <p data-toggle=\"collapse\" href=\"#collapsea82ff527b5083b4a71afb502421cc3ef7d1c65e8\" aria-controls=\"collapsea82ff527b5083b4a71afb502421cc3ef7d1c65e8\">\r\n                            Vltava | Jan Fi\u0161ar a V\u00e1clav Zaj\u00edc                              <i class=\"fa fa-2x fa-angle-down\" aria-hidden=\"true\"><\/i>\r\n                        <\/p>\r\n                                \r\n            <\/div>\r\n\r\n            <div id=\"collapsea82ff527b5083b4a71afb502421cc3ef7d1c65e8\" class=\"collapse\" data-id=\"a82ff527b5083b4a71afb502421cc3ef7d1c65e8\" role=\"tabpanel\" aria-labelledby=\"headinga82ff527b5083b4a71afb502421cc3ef7d1c65e8\">\r\n                <div class=\"card-block\">\r\n    \r\n<p><em>1984, sklen\u011bn\u00e1 vitr\u00e1\u017e <\/em><br \/>\r\n<em>Metro Vltavsk\u00e1 <\/em><\/p>\r\n<p>Plastick\u00e1 sklen\u011bn\u00e1 kruhov\u00e1 vitr\u00e1\u017e zdob\u00ed vestibul stanice metra Vltavsk\u00e1 od roku 1984. Reli\u00e9f dynamicky zachycuj\u00edc\u00ed tok Vltavy vytvo\u0159il socha\u0159 Jan Fi\u0161ar spole\u010dn\u011b se skl\u00e1\u0159sk\u00fdm v\u00fdtvarn\u00edkem V\u00e1clavem Zaj\u00edcem. Od 90.&nbsp;let byla vitr\u00e1\u017e pravideln\u011b posprejovan\u00e1 a&nbsp;v&nbsp;roce 2008 byla p\u0159i leg\u00e1ln\u00ed graffiti akci s&nbsp;podporou Dopravn\u00edho podniku a&nbsp;Magistr\u00e1tu hl. m\u011bsta Prahy dokonce zcela p\u0159emalov\u00e1na. V&nbsp;roce 2014 za\u010dal Petr Zeman, zakladatel iniciativy Pr\u00e1zdn\u00e9 domy, spole\u010dn\u011b s&nbsp;dobrovoln\u00edky barvu ze sklen\u011bn\u00e9 plastiky se\u0161krab\u00e1vat a&nbsp;b\u011bhem sedmi setk\u00e1n\u00ed s&nbsp;n\u00e1zvem \u0160kr\u00e1b\u00e1n\u00edm za kulturn\u011bj\u0161\u00ed sou\u010dasnost se poda\u0159ilo sklo zcela vy\u010distit. N\u011bkolik sklen\u011bn\u00fdch plastik, ze kter\u00fdch je vitr\u00e1\u017e slo\u017eena, v\u0161ak bylo rozbit\u00fdch. Zeman se proto spojil s&nbsp;autory, kte\u0159\u00ed mu vyj\u00e1d\u0159ili podporu a&nbsp;Jan Fi\u0161ar plastiku nakonec doplnil i&nbsp;p\u016fvodn\u00edmi cihli\u010dkami. V&nbsp;dob\u011b jej\u00edho vzniku se jich toti\u017e vyrobilo v\u00edce a&nbsp;shodou okolnost\u00ed m\u011bl n\u011bkter\u00e9 z&nbsp;nich po celou dobu doma.<\/p>\r\n<p><a href=\"https:\/\/www.praha7.cz\/temata\/art-district-7\/umeni-ve-verejnem-prostoru\/vltava-_-jan-fisar-a-vaclav-zajic\/\" rel=\"attachment wp-att-44188\"><img loading=\"lazy\" src=\"https:\/\/www.praha7.cz\/wp-content\/uploads\/2020\/12\/Vltava-_-Jan-Fis\u030car-a-Va\u0301clav-Zaji\u0301c-200x200.jpg\" alt=\"\" width=\"200\" height=\"200\" class=\"alignnone wp-image-44188 size-thumbnail\" srcset=\"https:\/\/www.praha7.cz\/wp-content\/uploads\/2020\/12\/Vltava-_-Jan-Fis\u030car-a-Va\u0301clav-Zaji\u0301c-200x200.jpg 200w, https:\/\/www.praha7.cz\/wp-content\/uploads\/2020\/12\/Vltava-_-Jan-Fis\u030car-a-Va\u0301clav-Zaji\u0301c-400x400.jpg 400w, https:\/\/www.praha7.cz\/wp-content\/uploads\/2020\/12\/Vltava-_-Jan-Fis\u030car-a-Va\u0301clav-Zaji\u0301c-768x768.jpg 768w, https:\/\/www.praha7.cz\/wp-content\/uploads\/2020\/12\/Vltava-_-Jan-Fis\u030car-a-Va\u0301clav-Zaji\u0301c-1000x1000.jpg 1000w, https:\/\/www.praha7.cz\/wp-content\/uploads\/2020\/12\/Vltava-_-Jan-Fis\u030car-a-Va\u0301clav-Zaji\u0301c.jpg 1080w\" sizes=\"(max-width: 200px) 100vw, 200px\" \/><\/a><\/p>\r\n                <\/div>\r\n            <\/div>\r\n        <\/div>\r\n    \r\n        <div class=\"collapse-block\">\r\n            <div class=\"card-header\" role=\"tab\" id=\"headingd1e41a529a57c8c6c712005dc2ac8273b4bbb37c\">\r\n                                        <p data-toggle=\"collapse\" href=\"#collapsed1e41a529a57c8c6c712005dc2ac8273b4bbb37c\" aria-controls=\"collapsed1e41a529a57c8c6c712005dc2ac8273b4bbb37c\">\r\n                            Faun a Vltava | Olga a Miroslav Hude\u010dkovi                               <i class=\"fa fa-2x fa-angle-down\" aria-hidden=\"true\"><\/i>\r\n                        <\/p>\r\n                                \r\n            <\/div>\r\n\r\n            <div id=\"collapsed1e41a529a57c8c6c712005dc2ac8273b4bbb37c\" class=\"collapse\" data-id=\"d1e41a529a57c8c6c712005dc2ac8273b4bbb37c\" role=\"tabpanel\" aria-labelledby=\"headingd1e41a529a57c8c6c712005dc2ac8273b4bbb37c\">\r\n                <div class=\"card-block\">\r\n    \r\n<p><em>1984, font\u00e1na s\u00a0kameninov\u00fdmi plastikami \u00a0<\/em><br \/>\r\n<em>Metro Vltavsk\u00e1<\/em><\/p>\r\n<p>Monument\u00e1ln\u00ed souso\u0161\u00ed zdob\u00ed stanici metra od roku 1984. Dvoupodla\u017en\u00ed font\u00e1na p\u0159edstavuje Fauna hraj\u00edc\u00edho na fl\u00e9tnu a&nbsp;sed\u00edc\u00edho nad alegorickou postavou stoj\u00edc\u00ed \u017eeny, kter\u00e1 symbolizuje \u0159eku Vltavu.<\/p>\r\n<p><a href=\"https:\/\/www.praha7.cz\/temata\/art-district-7\/umeni-ve-verejnem-prostoru\/faun-a-vltava-_-olga-a-miroslav-hudeckovi\/\" rel=\"attachment wp-att-44189\"><img loading=\"lazy\" src=\"https:\/\/www.praha7.cz\/wp-content\/uploads\/2020\/12\/Faun-a-Vltava-_-Olga-a-Miroslav-Hudec\u030ckovi-200x200.jpg\" alt=\"\" width=\"200\" height=\"200\" class=\"alignnone wp-image-44189 size-thumbnail\" srcset=\"https:\/\/www.praha7.cz\/wp-content\/uploads\/2020\/12\/Faun-a-Vltava-_-Olga-a-Miroslav-Hudec\u030ckovi-200x200.jpg 200w, https:\/\/www.praha7.cz\/wp-content\/uploads\/2020\/12\/Faun-a-Vltava-_-Olga-a-Miroslav-Hudec\u030ckovi-400x400.jpg 400w, https:\/\/www.praha7.cz\/wp-content\/uploads\/2020\/12\/Faun-a-Vltava-_-Olga-a-Miroslav-Hudec\u030ckovi-768x768.jpg 768w, https:\/\/www.praha7.cz\/wp-content\/uploads\/2020\/12\/Faun-a-Vltava-_-Olga-a-Miroslav-Hudec\u030ckovi-1000x1000.jpg 1000w, https:\/\/www.praha7.cz\/wp-content\/uploads\/2020\/12\/Faun-a-Vltava-_-Olga-a-Miroslav-Hudec\u030ckovi.jpg 1080w\" sizes=\"(max-width: 200px) 100vw, 200px\" \/><\/a><\/p>\r\n                <\/div>\r\n            <\/div>\r\n        <\/div>\r\n    \r\n        <div class=\"collapse-block\">\r\n            <div class=\"card-header\" role=\"tab\" id=\"heading78d352d41de0a6d39a5f73cf9f8fe4d7c01a5455\">\r\n                                        <p data-toggle=\"collapse\" href=\"#collapse78d352d41de0a6d39a5f73cf9f8fe4d7c01a5455\" aria-controls=\"collapse78d352d41de0a6d39a5f73cf9f8fe4d7c01a5455\">\r\n                            Br\u00e1na nen\u00e1vratna | Ale\u0161 Vesel\u00fd                              <i class=\"fa fa-2x fa-angle-down\" aria-hidden=\"true\"><\/i>\r\n                        <\/p>\r\n                                \r\n            <\/div>\r\n\r\n            <div id=\"collapse78d352d41de0a6d39a5f73cf9f8fe4d7c01a5455\" class=\"collapse\" data-id=\"78d352d41de0a6d39a5f73cf9f8fe4d7c01a5455\" role=\"tabpanel\" aria-labelledby=\"heading78d352d41de0a6d39a5f73cf9f8fe4d7c01a5455\">\r\n                <div class=\"card-block\">\r\n    \r\n<p><em>2015, pomn\u00edk \u2013 \u017eelezni\u010dn\u00ed koleje spojen\u00e9 pra\u017eci (d\u0159evo, \u017eelezo) \u00a0<\/em><br \/>\r\n<em>N\u00e1dra\u017e\u00ed Bubny \u00a0<\/em><\/p>\r\n<p>Objekt Br\u00e1na nen\u00e1vratna socha\u0159e Ale\u0161e Vesel\u00e9ho byl vzty\u010den 9.&nbsp;b\u0159ezna 2015 u&nbsp;\u017eelezni\u010dn\u00edho n\u00e1dra\u017e\u00ed Bubny v&nbsp;m\u00edstech pl\u00e1novan\u00e9ho Pam\u00e1tn\u00edku ticha, odkud bylo za druh\u00e9 sv\u011btov\u00e9 v\u00e1lky deportov\u00e1no 50&nbsp;000 \u017eidovsk\u00fdch ob\u010dan\u016f \u010ceskoslovenska do ghett v&nbsp;Lod\u017ei a&nbsp;Terez\u00edn\u011b. Odhalen\u00ed pomn\u00edku bylo p\u0159ipom\u00ednkou noci z&nbsp;8.&nbsp;na 9.&nbsp;b\u0159ezna 1944, kdy v&nbsp;plynov\u00fdch komor\u00e1ch v&nbsp;Osv\u011btimi zahynulo t\u00e9m\u011b\u0159 4000 d\u011bt\u00ed, \u017een a&nbsp;mu\u017e\u016f z&nbsp;terez\u00ednsk\u00e9ho ghetta. Po tat\u00ednkovi byl Vesel\u00fd polovi\u010dn\u00ed \u017did, a&nbsp;proto nesm\u011bl za v\u00e1lky chodit do \u0161koly. Doma ho u\u010dil d\u011bde\u010dek, kter\u00fd byl p\u016fvodn\u011b u\u010ditel. Od \u0161esti let nav\u00edc musel viditeln\u011b nosit na\u0161itou \u017elutou hv\u011bzdu. Do transport\u016f za v\u00e1lky museli mezi dal\u0161\u00edmi odej\u00edt i&nbsp;jeho otec a&nbsp;\u010dtrn\u00e1ctilet\u00e1 sestra, v&nbsp;koncentra\u010dn\u00edch t\u00e1borech zahynulo jeho 42 nejbli\u017e\u0161\u00edch p\u0159\u00edbuzn\u00fdch. Pam\u00e1tn\u00edk, konstruovan\u00fd jako br\u00e1na k&nbsp;nebes\u016fm, je vytvo\u0159en vzty\u010den\u00fdmi dvacetimetrov\u00fdmi \u017eelezni\u010dn\u00edmi kolejemi spojen\u00fdmi 36 pra\u017eci a&nbsp;podep\u0159en\u00fdmi 12 vzp\u011brami. Inspirac\u00ed byl J\u00e1kob\u016fv \u017eeb\u0159\u00edk z&nbsp;biblick\u00e9ho textu z&nbsp;28.&nbsp;kapitoly knihy Genesis, ve kter\u00e9m je ps\u00e1no, \u017ee J\u00e1kob m\u011bl sen, v&nbsp;n\u011bm\u017e vid\u011bl \u017eeb\u0159\u00edk spojuj\u00edc\u00ed zemi s&nbsp;nebesy, po n\u011bm\u017e sestupovali a&nbsp;vystupovali poslov\u00e9 Bo\u017e\u00ed. Ale\u0161 Vesel\u00fd (1935\u20132015) pro\u017eil \u010d\u00e1st \u017eivota ve Veletr\u017en\u00ed 29 a&nbsp;jeho d\u00edla jsou dnes zastoupena v&nbsp;\u0159ad\u011b sv\u011btov\u00fdch um\u011bleck\u00fdch instituc\u00ed, jako je Solomon Guggenheim Museum v&nbsp;New Yorku, pa\u0159\u00ed\u017esk\u00e9 Centre Pompidou, n\u011bmeck\u00e9 Museum Bochum, Sculpture Collection v&nbsp;Olympijsk\u00e9m parku v\u00a0Soulu, a&nbsp;mnoha dal\u0161\u00edch.<\/p>\r\n<p><a href=\"https:\/\/www.praha7.cz\/temata\/art-district-7\/umeni-ve-verejnem-prostoru\/brana-nenavratna-_-ales-vesely-i\/\" rel=\"attachment wp-att-44192\"><img loading=\"lazy\" src=\"https:\/\/www.praha7.cz\/wp-content\/uploads\/2020\/12\/Bra\u0301na-nena\u0301vratna-_-Ales\u030c-Vesely\u0301-I-200x200.jpg\" alt=\"\" width=\"200\" height=\"200\" class=\"alignnone wp-image-44192 size-thumbnail\" srcset=\"https:\/\/www.praha7.cz\/wp-content\/uploads\/2020\/12\/Bra\u0301na-nena\u0301vratna-_-Ales\u030c-Vesely\u0301-I-200x200.jpg 200w, https:\/\/www.praha7.cz\/wp-content\/uploads\/2020\/12\/Bra\u0301na-nena\u0301vratna-_-Ales\u030c-Vesely\u0301-I-400x400.jpg 400w, https:\/\/www.praha7.cz\/wp-content\/uploads\/2020\/12\/Bra\u0301na-nena\u0301vratna-_-Ales\u030c-Vesely\u0301-I-768x768.jpg 768w, https:\/\/www.praha7.cz\/wp-content\/uploads\/2020\/12\/Bra\u0301na-nena\u0301vratna-_-Ales\u030c-Vesely\u0301-I-1000x1000.jpg 1000w, https:\/\/www.praha7.cz\/wp-content\/uploads\/2020\/12\/Bra\u0301na-nena\u0301vratna-_-Ales\u030c-Vesely\u0301-I.jpg 1080w\" sizes=\"(max-width: 200px) 100vw, 200px\" \/><\/a><\/p>\r\n                <\/div>\r\n            <\/div>\r\n        <\/div>\r\n    \r\n        <div class=\"collapse-block\">\r\n            <div class=\"card-header\" role=\"tab\" id=\"heading00e80bdf3af1cfd6daed887b552991e03f52651c\">\r\n                                        <p data-toggle=\"collapse\" href=\"#collapse00e80bdf3af1cfd6daed887b552991e03f52651c\" aria-controls=\"collapse00e80bdf3af1cfd6daed887b552991e03f52651c\">\r\n                            Pr\u00e1ce a Humanita | Jan \u0160tursa                            <i class=\"fa fa-2x fa-angle-down\" aria-hidden=\"true\"><\/i>\r\n                        <\/p>\r\n                                \r\n            <\/div>\r\n\r\n            <div id=\"collapse00e80bdf3af1cfd6daed887b552991e03f52651c\" class=\"collapse\" data-id=\"00e80bdf3af1cfd6daed887b552991e03f52651c\" role=\"tabpanel\" aria-labelledby=\"heading00e80bdf3af1cfd6daed887b552991e03f52651c\">\r\n                <div class=\"card-block\">\r\n    \r\n<p><em>1911-1913, osazena 1965, p\u00edskovec <\/em><br \/>\r\n<em>Hl\u00e1vk\u016fv most <\/em><\/p>\r\n<p>Alegorick\u00e1 souso\u0161\u00ed Pr\u00e1ce a&nbsp;Humanita, proveden\u00e1 v&nbsp;letech 1911\u20131913 z&nbsp;tvrd\u00e9ho boh\u00e1\u0148sk\u00e9ho p\u00edskovce, vytvo\u0159il pro p\u0159edmost\u00ed Hl\u00e1vkova mostu socha\u0159 Jan \u0160tursa ve spolupr\u00e1ci s&nbsp;Otakarem Velinsk\u00fdm a&nbsp;Franti\u0161kem \u0158eho\u0159em. Ka\u017ed\u00e9 souso\u0161\u00ed se skl\u00e1d\u00e1 z&nbsp;dvan\u00e1cti d\u00edl\u016f, kter\u00e9 dohromady v\u00e1\u017e\u00ed \u0161estn\u00e1ct tun. Souso\u0161\u00ed byla p\u016fvodn\u011b um\u00edst\u011bna na \u017el\u00e1bkovan\u00fdch v\u00fdb\u011br\u010d\u00edch budk\u00e1ch, nebo\u0165 v&nbsp;t\u00e9 dob\u011b se na mostech je\u0161t\u011b vyb\u00edralo m\u00fdtn\u00e9. Dnes stoj\u00ed na betonov\u00fdch podstavc\u00edch. Po rekonstrukci mostu byla vzd\u00e1lenost mezi nimi zv\u011bt\u0161ena z&nbsp;p\u016fvodn\u00edch 22 metr\u016f na dne\u0161n\u00edch 84. Souso\u0161\u00ed Pr\u00e1ce tvo\u0159\u00ed trojice akt\u016f mu\u017e\u016f r\u016fzn\u00e9ho v\u011bku s&nbsp;pracovn\u00edmi n\u00e1stroji a&nbsp;jeden \u017eensk\u00fd akt. Ve tv\u00e1\u0159i mu\u017ee s&nbsp;kamenick\u00fdm kladivem je spat\u0159ov\u00e1n \u0160turs\u016fv autoportr\u00e9t. Souso\u0161\u00ed Humanita je skupinou dvou \u017een a&nbsp;dvou mu\u017e\u016f. \u0160tursa se p\u0159i koncepci jednotliv\u00fdch postav uch\u00fdlil ke vzor\u016fm klasick\u00fdch alegori\u00ed. Mu\u017e se svitkem od\u011bn\u00fd v&nbsp;t\u00f3ze symbolizuje mecen\u00e1\u0161stv\u00ed a&nbsp;odkazuje na osobnost Josefa Hl\u00e1vky, po kter\u00e9m byl most pojmenov\u00e1n. Sed\u00edc\u00ed spoutan\u00fd mu\u017e je z\u0159ejm\u011b zpodobn\u011bn\u00edm Prom\u00e9thea, \u017eena s&nbsp;d\u00edt\u011btem symbolizuje Charitas, tedy l\u00e1sku, a&nbsp;dal\u0161\u00ed \u017eensk\u00fd akt byl z\u0159ejm\u011b inspirov\u00e1n t\u011bly antick\u00fdch Venu\u0161\u00ed.<\/p>\r\n<p><a href=\"https:\/\/www.praha7.cz\/temata\/art-district-7\/umeni-ve-verejnem-prostoru\/prace-a-humanita-_-jan-stursa-i\/\" rel=\"attachment wp-att-44194\"><img loading=\"lazy\" src=\"https:\/\/www.praha7.cz\/wp-content\/uploads\/2020\/12\/Pra\u0301ce-a-Humanita-_-Jan-S\u030ctursa-I-200x200.jpg\" alt=\"\" width=\"200\" height=\"200\" class=\"alignnone wp-image-44194 size-thumbnail\" srcset=\"https:\/\/www.praha7.cz\/wp-content\/uploads\/2020\/12\/Pra\u0301ce-a-Humanita-_-Jan-S\u030ctursa-I-200x200.jpg 200w, https:\/\/www.praha7.cz\/wp-content\/uploads\/2020\/12\/Pra\u0301ce-a-Humanita-_-Jan-S\u030ctursa-I-400x400.jpg 400w, https:\/\/www.praha7.cz\/wp-content\/uploads\/2020\/12\/Pra\u0301ce-a-Humanita-_-Jan-S\u030ctursa-I-768x768.jpg 768w, https:\/\/www.praha7.cz\/wp-content\/uploads\/2020\/12\/Pra\u0301ce-a-Humanita-_-Jan-S\u030ctursa-I-1000x1000.jpg 1000w, https:\/\/www.praha7.cz\/wp-content\/uploads\/2020\/12\/Pra\u0301ce-a-Humanita-_-Jan-S\u030ctursa-I.jpg 1080w\" sizes=\"(max-width: 200px) 100vw, 200px\" \/><\/a><\/p>\r\n                <\/div>\r\n            <\/div>\r\n        <\/div>\r\n    \r\n        <div class=\"collapse-block\">\r\n            <div class=\"card-header\" role=\"tab\" id=\"heading4dc55f2b727dea360c97f4edb23a28f774cf2725\">\r\n                                        <p data-toggle=\"collapse\" href=\"#collapse4dc55f2b727dea360c97f4edb23a28f774cf2725\" aria-controls=\"collapse4dc55f2b727dea360c97f4edb23a28f774cf2725\">\r\n                            Reli\u00e9fy na pil\u00ed\u0159\u00edch mostu - Sen, Rozvaha, Pr\u00e1ce, D\u00edkuvzd\u00e1n\u00ed | Bohumil Kafka                             <i class=\"fa fa-2x fa-angle-down\" aria-hidden=\"true\"><\/i>\r\n                        <\/p>\r\n                                \r\n            <\/div>\r\n\r\n            <div id=\"collapse4dc55f2b727dea360c97f4edb23a28f774cf2725\" class=\"collapse\" data-id=\"4dc55f2b727dea360c97f4edb23a28f774cf2725\" role=\"tabpanel\" aria-labelledby=\"heading4dc55f2b727dea360c97f4edb23a28f774cf2725\">\r\n                <div class=\"card-block\">\r\n    \r\n<p><em>1909-1911, beton <\/em><br \/>\r\n<em>Hl\u00e1vk\u016fv most<\/em><\/p>\r\n<p>\u010cty\u0159i betonov\u00e9 reli\u00e9fy jsou zpracov\u00e1ny personifikovan\u011b v\u00a0podob\u011b akt\u016f zn\u00e1zor\u0148uj\u00edc\u00ed \u010dinnosti mu\u017ee. V\u00fdzdobu pil\u00ed\u0159\u016f mostu je mo\u017en\u00e9 si prohl\u00e9dnout z\u00a0ostrova \u0160tvanice. Soubor byl vytvo\u0159en v\u00a0letech 1909\u20131911.<\/p>\r\n<p><a href=\"https:\/\/www.praha7.cz\/temata\/art-district-7\/umeni-ve-verejnem-prostoru\/dikuvzdani-_-bohumil-kafka\/\" rel=\"attachment wp-att-44195\"><img loading=\"lazy\" src=\"https:\/\/www.praha7.cz\/wp-content\/uploads\/2020\/12\/Di\u0301kuvzda\u0301ni\u0301-_-Bohumil-Kafka-200x200.jpg\" alt=\"\" width=\"200\" height=\"200\" class=\"alignnone wp-image-44195 size-thumbnail\" srcset=\"https:\/\/www.praha7.cz\/wp-content\/uploads\/2020\/12\/Di\u0301kuvzda\u0301ni\u0301-_-Bohumil-Kafka-200x200.jpg 200w, https:\/\/www.praha7.cz\/wp-content\/uploads\/2020\/12\/Di\u0301kuvzda\u0301ni\u0301-_-Bohumil-Kafka-400x400.jpg 400w, https:\/\/www.praha7.cz\/wp-content\/uploads\/2020\/12\/Di\u0301kuvzda\u0301ni\u0301-_-Bohumil-Kafka-768x768.jpg 768w, https:\/\/www.praha7.cz\/wp-content\/uploads\/2020\/12\/Di\u0301kuvzda\u0301ni\u0301-_-Bohumil-Kafka-1000x1000.jpg 1000w, https:\/\/www.praha7.cz\/wp-content\/uploads\/2020\/12\/Di\u0301kuvzda\u0301ni\u0301-_-Bohumil-Kafka.jpg 1080w\" sizes=\"(max-width: 200px) 100vw, 200px\" \/><\/a><\/p>\r\n                <\/div>\r\n            <\/div>\r\n        <\/div>\r\n    \r\n        <div class=\"collapse-block\">\r\n            <div class=\"card-header\" role=\"tab\" id=\"heading5eaa657388aa23536db81e4c9c1b673ce85320fe\">\r\n                                        <p data-toggle=\"collapse\" href=\"#collapse5eaa657388aa23536db81e4c9c1b673ce85320fe\" aria-controls=\"collapse5eaa657388aa23536db81e4c9c1b673ce85320fe\">\r\n                            Reli\u00e9fy na pil\u00ed\u0159\u00edch mostu | Ladislav Jan Kofr\u00e1nek                             <i class=\"fa fa-2x fa-angle-down\" aria-hidden=\"true\"><\/i>\r\n                        <\/p>\r\n                                \r\n            <\/div>\r\n\r\n            <div id=\"collapse5eaa657388aa23536db81e4c9c1b673ce85320fe\" class=\"collapse\" data-id=\"5eaa657388aa23536db81e4c9c1b673ce85320fe\" role=\"tabpanel\" aria-labelledby=\"heading5eaa657388aa23536db81e4c9c1b673ce85320fe\">\r\n                <div class=\"card-block\">\r\n    \r\n<p><em>1909-1911, beton <\/em><br \/>\r\n<em>Hl\u00e1vk\u016fv most <\/em><\/p>\r\n<p>\u010cty\u0159i reli\u00e9fy \u2013\u00a0Mu\u017e s&nbsp;p\u00e1dlem, Chlapec s&nbsp;rybou, D\u00edvka se zvednutou pa\u017e\u00ed, D\u00edvka \u2013 od Kofr\u00e1nka tvo\u0159\u00ed prot\u011bj\u0161ek reli\u00e9f\u016fm Bohumila Kafky. Reli\u00e9fy se v\u00e1\u017eou k&nbsp;t\u00e9matu \u0159eky a&nbsp;zn\u00e1zor\u0148uj\u00ed chlapce, dv\u011b \u017eeny a&nbsp;mu\u017ee. Soubor byl vytvo\u0159en tak\u00e9 v&nbsp;letech 1909\u20131911.<\/p>\r\n<p><a href=\"https:\/\/www.praha7.cz\/temata\/art-district-7\/umeni-ve-verejnem-prostoru\/reliefy-na-pilirich-mostu-_-ladislav-jan-kofranek\/\" rel=\"attachment wp-att-44444\"><img loading=\"lazy\" src=\"https:\/\/www.praha7.cz\/wp-content\/uploads\/2020\/12\/Reli\u00e9fy-na-pil\u00ed\u0159\u00edch-mostu-_-Ladislav-Jan-Kofr\u00e1nek-200x200.jpg\" alt=\"\" width=\"200\" height=\"200\" class=\"alignnone wp-image-44444 size-thumbnail\" srcset=\"https:\/\/www.praha7.cz\/wp-content\/uploads\/2020\/12\/Reli\u00e9fy-na-pil\u00ed\u0159\u00edch-mostu-_-Ladislav-Jan-Kofr\u00e1nek-200x200.jpg 200w, https:\/\/www.praha7.cz\/wp-content\/uploads\/2020\/12\/Reli\u00e9fy-na-pil\u00ed\u0159\u00edch-mostu-_-Ladislav-Jan-Kofr\u00e1nek-400x400.jpg 400w, https:\/\/www.praha7.cz\/wp-content\/uploads\/2020\/12\/Reli\u00e9fy-na-pil\u00ed\u0159\u00edch-mostu-_-Ladislav-Jan-Kofr\u00e1nek-768x768.jpg 768w, https:\/\/www.praha7.cz\/wp-content\/uploads\/2020\/12\/Reli\u00e9fy-na-pil\u00ed\u0159\u00edch-mostu-_-Ladislav-Jan-Kofr\u00e1nek-1000x1000.jpg 1000w, https:\/\/www.praha7.cz\/wp-content\/uploads\/2020\/12\/Reli\u00e9fy-na-pil\u00ed\u0159\u00edch-mostu-_-Ladislav-Jan-Kofr\u00e1nek.jpg 1163w\" sizes=\"(max-width: 200px) 100vw, 200px\" \/><\/a><\/p>\r\n                <\/div>\r\n            <\/div>\r\n        <\/div>\r\n    \r\n        <div class=\"collapse-block\">\r\n            <div class=\"card-header\" role=\"tab\" id=\"heading46da626dc3cba18763a8a980fe29faccce21e8b7\">\r\n                                        <p data-toggle=\"collapse\" href=\"#collapse46da626dc3cba18763a8a980fe29faccce21e8b7\" aria-controls=\"collapse46da626dc3cba18763a8a980fe29faccce21e8b7\">\r\n                            Medailon Josefa Hl\u00e1vky a Pavla Jan\u00e1ka | Franti\u0161ek H\u00e4ckel                            <i class=\"fa fa-2x fa-angle-down\" aria-hidden=\"true\"><\/i>\r\n                        <\/p>\r\n                                \r\n            <\/div>\r\n\r\n            <div id=\"collapse46da626dc3cba18763a8a980fe29faccce21e8b7\" class=\"collapse\" data-id=\"46da626dc3cba18763a8a980fe29faccce21e8b7\" role=\"tabpanel\" aria-labelledby=\"heading46da626dc3cba18763a8a980fe29faccce21e8b7\">\r\n                <div class=\"card-block\">\r\n    \r\n<p><em>1984, dusan\u00fd beton<\/em><br \/>\r\n<em>Hl\u00e1vk\u016fv most\u00a0<\/em><\/p>\r\n<p>Portr\u00e9tn\u00ed medailon Josefa Hl\u00e1vky byl osazen\u00fd na m\u00edsto Ma\u0159atkova zni\u010den\u00e9ho reli\u00e9fu J. Seiferta a&nbsp;medailon Pavla Janka na m\u00edsto Gutfreundova zni\u010den\u00e9ho reli\u00e9fu V. Bukovsk\u00e9ho. Medailony poch\u00e1zej\u00ed z\u00a0roku 1984 a&nbsp;jsou vytvo\u0159eny z\u00a0dusan\u00e9ho betonu.<\/p>\r\n<p><a href=\"https:\/\/www.praha7.cz\/temata\/art-district-7\/umeni-ve-verejnem-prostoru\/medailon-josefa-hlavky-a-pavla-janaka-_-frantisek-hackel\/\" rel=\"attachment wp-att-44445\"><img loading=\"lazy\" src=\"https:\/\/www.praha7.cz\/wp-content\/uploads\/2020\/12\/Medailon-Josefa-Hl\u00e1vky-a-Pavla-Jan\u00e1ka-_-Franti\u0161ek-H\u00e4ckel-200x200.jpg\" alt=\"\" width=\"200\" height=\"200\" class=\"alignnone wp-image-44445 size-thumbnail\" srcset=\"https:\/\/www.praha7.cz\/wp-content\/uploads\/2020\/12\/Medailon-Josefa-Hl\u00e1vky-a-Pavla-Jan\u00e1ka-_-Franti\u0161ek-H\u00e4ckel-200x200.jpg 200w, https:\/\/www.praha7.cz\/wp-content\/uploads\/2020\/12\/Medailon-Josefa-Hl\u00e1vky-a-Pavla-Jan\u00e1ka-_-Franti\u0161ek-H\u00e4ckel-400x400.jpg 400w, https:\/\/www.praha7.cz\/wp-content\/uploads\/2020\/12\/Medailon-Josefa-Hl\u00e1vky-a-Pavla-Jan\u00e1ka-_-Franti\u0161ek-H\u00e4ckel-768x768.jpg 768w, https:\/\/www.praha7.cz\/wp-content\/uploads\/2020\/12\/Medailon-Josefa-Hl\u00e1vky-a-Pavla-Jan\u00e1ka-_-Franti\u0161ek-H\u00e4ckel-1000x1000.jpg 1000w\" sizes=\"(max-width: 200px) 100vw, 200px\" \/><\/a><\/p>\r\n                <\/div>\r\n            <\/div>\r\n        <\/div>\r\n    \r\n        <div class=\"collapse-block\">\r\n            <div class=\"card-header\" role=\"tab\" id=\"heading04829e976fa359c89316baeb5eaf7363474fb43f\">\r\n                                        <p data-toggle=\"collapse\" href=\"#collapse04829e976fa359c89316baeb5eaf7363474fb43f\" aria-controls=\"collapse04829e976fa359c89316baeb5eaf7363474fb43f\">\r\n                            Medailon V\u00e1clava Kasalick\u00e9ho| Josef Ma\u0159atka                             <i class=\"fa fa-2x fa-angle-down\" aria-hidden=\"true\"><\/i>\r\n                        <\/p>\r\n                                \r\n            <\/div>\r\n\r\n            <div id=\"collapse04829e976fa359c89316baeb5eaf7363474fb43f\" class=\"collapse\" data-id=\"04829e976fa359c89316baeb5eaf7363474fb43f\" role=\"tabpanel\" aria-labelledby=\"heading04829e976fa359c89316baeb5eaf7363474fb43f\">\r\n                <div class=\"card-block\">\r\n    \r\n<p><em>1911-1913, um\u011bl\u00fd k\u00e1men <\/em><br \/>\r\n<em>Hl\u00e1vk\u016fv most<\/em><\/p>\r\n<p>Portr\u00e9tn\u00ed medailon z\u00a0let 1911\u20131913 z\u00a0um\u011bl\u00e9ho kamene.<\/p>\r\n<p><a href=\"https:\/\/www.praha7.cz\/temata\/art-district-7\/umeni-ve-verejnem-prostoru\/medailon-vaclava-kasalickeho-_-josef-maratka\/\" rel=\"attachment wp-att-44381\"><img loading=\"lazy\" src=\"https:\/\/www.praha7.cz\/wp-content\/uploads\/2020\/12\/Medailon-V\u00e1clava-Kasalick\u00e9ho-_-Josef-Ma\u0159atka-200x200.jpg\" alt=\"\" width=\"200\" height=\"200\" class=\"alignnone wp-image-44381 size-thumbnail\" srcset=\"https:\/\/www.praha7.cz\/wp-content\/uploads\/2020\/12\/Medailon-V\u00e1clava-Kasalick\u00e9ho-_-Josef-Ma\u0159atka-200x200.jpg 200w, https:\/\/www.praha7.cz\/wp-content\/uploads\/2020\/12\/Medailon-V\u00e1clava-Kasalick\u00e9ho-_-Josef-Ma\u0159atka-400x400.jpg 400w, https:\/\/www.praha7.cz\/wp-content\/uploads\/2020\/12\/Medailon-V\u00e1clava-Kasalick\u00e9ho-_-Josef-Ma\u0159atka-768x768.jpg 768w, https:\/\/www.praha7.cz\/wp-content\/uploads\/2020\/12\/Medailon-V\u00e1clava-Kasalick\u00e9ho-_-Josef-Ma\u0159atka-1000x1000.jpg 1000w, https:\/\/www.praha7.cz\/wp-content\/uploads\/2020\/12\/Medailon-V\u00e1clava-Kasalick\u00e9ho-_-Josef-Ma\u0159atka.jpg 1468w\" sizes=\"(max-width: 200px) 100vw, 200px\" \/><\/a><\/p>\r\n                <\/div>\r\n            <\/div>\r\n        <\/div>\r\n    \r\n        <div class=\"collapse-block\">\r\n            <div class=\"card-header\" role=\"tab\" id=\"heading6a4a171d28f8f7490de507e303c7e5c7e6af3269\">\r\n                                        <p data-toggle=\"collapse\" href=\"#collapse6a4a171d28f8f7490de507e303c7e5c7e6af3269\" aria-controls=\"collapse6a4a171d28f8f7490de507e303c7e5c7e6af3269\">\r\n                            Odpo\u010d\u00edvaj\u00edc\u00ed (Sed\u00edc\u00ed d\u00edvka) | Jaroslav Horejc                             <i class=\"fa fa-2x fa-angle-down\" aria-hidden=\"true\"><\/i>\r\n                        <\/p>\r\n                                \r\n            <\/div>\r\n\r\n            <div id=\"collapse6a4a171d28f8f7490de507e303c7e5c7e6af3269\" class=\"collapse\" data-id=\"6a4a171d28f8f7490de507e303c7e5c7e6af3269\" role=\"tabpanel\" aria-labelledby=\"heading6a4a171d28f8f7490de507e303c7e5c7e6af3269\">\r\n                <div class=\"card-block\">\r\n    \r\n<p><em>1939-1940, osazeno 1965, b\u00edl\u00fd mramor <\/em><br \/>\r\n<em>Ostrov \u0160tvanice<\/em><\/p>\r\n<p>Sochu z&nbsp;b\u00edl\u00e9ho mramoru vytvo\u0159il Horejc v&nbsp;letech 1939\u20131940. Zn\u00e1zor\u0148uje schoulenou sed\u00edc\u00ed \u017eenu, kter\u00e1 svou sklon\u011bnou hlavu sp\u00e1nkem op\u00edr\u00e1 o&nbsp;koleno pokr\u010den\u00e9 lev\u00e9 nohy. Na \u0160tvanici byla osazena v&nbsp;roce 1965, k\u00f3nick\u00fd podstavec navrhl architekt Jaroslav Duch\u00e1\u010dek.\u00a0<\/p>\r\n<p><a href=\"https:\/\/www.praha7.cz\/temata\/art-district-7\/umeni-ve-verejnem-prostoru\/odpocivajici-sedici-divka_jaroslav-horejc\/\" rel=\"attachment wp-att-44196\"><img loading=\"lazy\" src=\"https:\/\/www.praha7.cz\/wp-content\/uploads\/2020\/12\/Odpoc\u030ci\u0301vaji\u0301ci\u0301-Sedi\u0301ci\u0301-di\u0301vka_Jaroslav-Horejc--200x200.jpg\" alt=\"\" width=\"200\" height=\"200\" class=\"alignnone wp-image-44196 size-thumbnail\" srcset=\"https:\/\/www.praha7.cz\/wp-content\/uploads\/2020\/12\/Odpoc\u030ci\u0301vaji\u0301ci\u0301-Sedi\u0301ci\u0301-di\u0301vka_Jaroslav-Horejc--200x200.jpg 200w, https:\/\/www.praha7.cz\/wp-content\/uploads\/2020\/12\/Odpoc\u030ci\u0301vaji\u0301ci\u0301-Sedi\u0301ci\u0301-di\u0301vka_Jaroslav-Horejc--400x400.jpg 400w, https:\/\/www.praha7.cz\/wp-content\/uploads\/2020\/12\/Odpoc\u030ci\u0301vaji\u0301ci\u0301-Sedi\u0301ci\u0301-di\u0301vka_Jaroslav-Horejc--768x768.jpg 768w, https:\/\/www.praha7.cz\/wp-content\/uploads\/2020\/12\/Odpoc\u030ci\u0301vaji\u0301ci\u0301-Sedi\u0301ci\u0301-di\u0301vka_Jaroslav-Horejc--1000x1000.jpg 1000w, https:\/\/www.praha7.cz\/wp-content\/uploads\/2020\/12\/Odpoc\u030ci\u0301vaji\u0301ci\u0301-Sedi\u0301ci\u0301-di\u0301vka_Jaroslav-Horejc-.jpg 1080w\" sizes=\"(max-width: 200px) 100vw, 200px\" \/><\/a><\/p>\r\n                <\/div>\r\n            <\/div>\r\n        <\/div>\r\n    \r\n        <div class=\"collapse-block\">\r\n            <div class=\"card-header\" role=\"tab\" id=\"heading905f0d6d4ad99a5b11fa22a4400e05bd3ea5b92b\">\r\n                                        <p data-toggle=\"collapse\" href=\"#collapse905f0d6d4ad99a5b11fa22a4400e05bd3ea5b92b\" aria-controls=\"collapse905f0d6d4ad99a5b11fa22a4400e05bd3ea5b92b\">\r\n                            Tenista | Ladislav Janouch                             <i class=\"fa fa-2x fa-angle-down\" aria-hidden=\"true\"><\/i>\r\n                        <\/p>\r\n                                \r\n            <\/div>\r\n\r\n            <div id=\"collapse905f0d6d4ad99a5b11fa22a4400e05bd3ea5b92b\" class=\"collapse\" data-id=\"905f0d6d4ad99a5b11fa22a4400e05bd3ea5b92b\" role=\"tabpanel\" aria-labelledby=\"heading905f0d6d4ad99a5b11fa22a4400e05bd3ea5b92b\">\r\n                <div class=\"card-block\">\r\n    \r\n<p><em>osazena 1986, bronz <\/em><br \/>\r\n<em>Ostrov \u0160tvanice<\/em><\/p>\r\n<p>Bronzov\u00e1 socha byla odhalena p\u0159ed centr\u00e1ln\u00edm tenisov\u00fdm kurtem v\u00a0roce 1986 u&nbsp;p\u0159\u00edle\u017eitosti otev\u0159en\u00ed Tenisov\u00e9ho are\u00e1lu na \u0160tvanici. Na vysok\u00e9m betonov\u00e9m soklu je um\u00edst\u011bna pam\u011btn\u00ed deska s\u00a0v\u00fdznamn\u00fdmi daty spojen\u00fdmi s\u00a0b\u00edl\u00fdm sportem.<\/p>\r\n<p><a href=\"https:\/\/www.praha7.cz\/temata\/art-district-7\/umeni-ve-verejnem-prostoru\/tenista-_-ladislav-janouch\/\" rel=\"attachment wp-att-44443\"><img loading=\"lazy\" src=\"https:\/\/www.praha7.cz\/wp-content\/uploads\/2020\/12\/Tenista-_-Ladislav-Janouch-200x200.jpg\" alt=\"\" width=\"200\" height=\"200\" class=\"alignnone wp-image-44443 size-thumbnail\" srcset=\"https:\/\/www.praha7.cz\/wp-content\/uploads\/2020\/12\/Tenista-_-Ladislav-Janouch-200x200.jpg 200w, https:\/\/www.praha7.cz\/wp-content\/uploads\/2020\/12\/Tenista-_-Ladislav-Janouch-400x400.jpg 400w, https:\/\/www.praha7.cz\/wp-content\/uploads\/2020\/12\/Tenista-_-Ladislav-Janouch-768x768.jpg 768w, https:\/\/www.praha7.cz\/wp-content\/uploads\/2020\/12\/Tenista-_-Ladislav-Janouch-1000x1000.jpg 1000w, https:\/\/www.praha7.cz\/wp-content\/uploads\/2020\/12\/Tenista-_-Ladislav-Janouch.jpg 1991w\" sizes=\"(max-width: 200px) 100vw, 200px\" \/><\/a><\/p>\r\n                <\/div>\r\n            <\/div>\r\n        <\/div>\r\n    \r\n        <div class=\"collapse-block\">\r\n            <div class=\"card-header\" role=\"tab\" id=\"heading2c2e5bdff923d35547247d6b01dee74041853219\">\r\n                                        <p data-toggle=\"collapse\" href=\"#collapse2c2e5bdff923d35547247d6b01dee74041853219\" aria-controls=\"collapse2c2e5bdff923d35547247d6b01dee74041853219\">\r\n                            Chov a Apis (Mu\u017e s b\u00fdkem) | \u010cen\u011bk Vosm\u00edk a Bohuslav Schnirch                             <i class=\"fa fa-2x fa-angle-down\" aria-hidden=\"true\"><\/i>\r\n                        <\/p>\r\n                                \r\n            <\/div>\r\n\r\n            <div id=\"collapse2c2e5bdff923d35547247d6b01dee74041853219\" class=\"collapse\" data-id=\"2c2e5bdff923d35547247d6b01dee74041853219\" role=\"tabpanel\" aria-labelledby=\"heading2c2e5bdff923d35547247d6b01dee74041853219\">\r\n                <div class=\"card-block\">\r\n    \r\n<p><em>1894 (1893-1895), p\u00edskovec \u00a0<\/em><br \/>\r\n<em>Pra\u017esk\u00e1 tr\u017enice \u2013 vstupn\u00ed br\u00e1na<\/em><\/p>\r\n<p>Na v\u00fdzdobu hlavn\u00ed br\u00e1ny m\u011bstsk\u00fdch jatek (dnes Pra\u017esk\u00e1 tr\u017enice) byla vypsan\u00e1 sout\u011b\u017e. Hlavn\u00ed cena v\u00a0sout\u011b\u017ei ud\u011blena nebyla, o&nbsp;druhou cenu se pak d\u011blily t\u0159i zaslan\u00e9 n\u00e1vrhy: Vosm\u00edk\u016fv s&nbsp;n\u00e1zvem Chov, n\u00e1vrh se zna\u010dkou Z. O. autor\u016f Franti\u0161ka Hergesela a&nbsp;Anton\u00edna Proch\u00e1zky a&nbsp;n\u00e1vrh Apis Bohuslava Schnircha. V\u0161ichni t\u0159i auto\u0159i v\u00edt\u011bzn\u00fdch n\u00e1vrh\u016f zvolili podobnou kompozici pas\u00e1ka s&nbsp;b\u00fd\u010dkem. Kone\u010dn\u00e9 realizace v&nbsp;roce 1894 se do\u010dkal pouze n\u00e1vrh Vosm\u00edk\u016fv a&nbsp;Schnirch\u016fv.<\/p>\r\n<p><a href=\"https:\/\/www.praha7.cz\/temata\/art-district-7\/umeni-ve-verejnem-prostoru\/chov-a-apis_cenek-vosmik-a-bohuslav-schnirch\/\" rel=\"attachment wp-att-44197\"><img loading=\"lazy\" src=\"https:\/\/www.praha7.cz\/wp-content\/uploads\/2020\/12\/Chov-a-Apis_C\u030cene\u030ck-Vosmi\u0301k-a-Bohuslav-Schnirch-200x200.jpg\" alt=\"\" width=\"200\" height=\"200\" class=\"alignnone wp-image-44197 size-thumbnail\" srcset=\"https:\/\/www.praha7.cz\/wp-content\/uploads\/2020\/12\/Chov-a-Apis_C\u030cene\u030ck-Vosmi\u0301k-a-Bohuslav-Schnirch-200x200.jpg 200w, https:\/\/www.praha7.cz\/wp-content\/uploads\/2020\/12\/Chov-a-Apis_C\u030cene\u030ck-Vosmi\u0301k-a-Bohuslav-Schnirch-400x400.jpg 400w, https:\/\/www.praha7.cz\/wp-content\/uploads\/2020\/12\/Chov-a-Apis_C\u030cene\u030ck-Vosmi\u0301k-a-Bohuslav-Schnirch-768x768.jpg 768w, https:\/\/www.praha7.cz\/wp-content\/uploads\/2020\/12\/Chov-a-Apis_C\u030cene\u030ck-Vosmi\u0301k-a-Bohuslav-Schnirch-1000x1000.jpg 1000w, https:\/\/www.praha7.cz\/wp-content\/uploads\/2020\/12\/Chov-a-Apis_C\u030cene\u030ck-Vosmi\u0301k-a-Bohuslav-Schnirch.jpg 1080w\" sizes=\"(max-width: 200px) 100vw, 200px\" \/><\/a><\/p>\r\n                <\/div>\r\n            <\/div>\r\n        <\/div>\r\n    \r\n        <div class=\"collapse-block\">\r\n            <div class=\"card-header\" role=\"tab\" id=\"heading1806a3a3553fde04879b92d4343d044c44f60619\">\r\n                                        <p data-toggle=\"collapse\" href=\"#collapse1806a3a3553fde04879b92d4343d044c44f60619\" aria-controls=\"collapse1806a3a3553fde04879b92d4343d044c44f60619\">\r\n                            Trudi One | Michal Cimala                              <i class=\"fa fa-2x fa-angle-down\" aria-hidden=\"true\"><\/i>\r\n                        <\/p>\r\n                                \r\n            <\/div>\r\n\r\n            <div id=\"collapse1806a3a3553fde04879b92d4343d044c44f60619\" class=\"collapse\" data-id=\"1806a3a3553fde04879b92d4343d044c44f60619\" role=\"tabpanel\" aria-labelledby=\"heading1806a3a3553fde04879b92d4343d044c44f60619\">\r\n                <div class=\"card-block\">\r\n    \r\n<p><em>2019, nabarven\u00e1 ocel<\/em><br \/>\r\n<em>Pra\u017esk\u00e1 tr\u017enice \u2013 Hala \u010d. 14<\/em><\/p>\r\n<p><a href=\"https:\/\/www.praha7.cz\/temata\/art-district-7\/umeni-ve-verejnem-prostoru\/trudi-one-_-michal-cimala\/\" rel=\"attachment wp-att-44198\"><img loading=\"lazy\" src=\"https:\/\/www.praha7.cz\/wp-content\/uploads\/2020\/12\/Trudi-One-_-Michal-Cimala-200x200.jpg\" alt=\"\" width=\"200\" height=\"200\" class=\"alignnone wp-image-44198 size-thumbnail\" srcset=\"https:\/\/www.praha7.cz\/wp-content\/uploads\/2020\/12\/Trudi-One-_-Michal-Cimala-200x200.jpg 200w, https:\/\/www.praha7.cz\/wp-content\/uploads\/2020\/12\/Trudi-One-_-Michal-Cimala-400x400.jpg 400w, https:\/\/www.praha7.cz\/wp-content\/uploads\/2020\/12\/Trudi-One-_-Michal-Cimala-768x768.jpg 768w, https:\/\/www.praha7.cz\/wp-content\/uploads\/2020\/12\/Trudi-One-_-Michal-Cimala-1000x1000.jpg 1000w, https:\/\/www.praha7.cz\/wp-content\/uploads\/2020\/12\/Trudi-One-_-Michal-Cimala.jpg 1080w\" sizes=\"(max-width: 200px) 100vw, 200px\" \/><\/a><\/p>\r\n                <\/div>\r\n            <\/div>\r\n        <\/div>\r\n    \r\n        <div class=\"collapse-block\">\r\n            <div class=\"card-header\" role=\"tab\" id=\"headingebe1561cebc98879b93d599d6ffeddbcd540f201\">\r\n                                        <p data-toggle=\"collapse\" href=\"#collapseebe1561cebc98879b93d599d6ffeddbcd540f201\" aria-controls=\"collapseebe1561cebc98879b93d599d6ffeddbcd540f201\">\r\n                            Homo Ludens | Martin Mal\u00fd                             <i class=\"fa fa-2x fa-angle-down\" aria-hidden=\"true\"><\/i>\r\n                        <\/p>\r\n                                \r\n            <\/div>\r\n\r\n            <div id=\"collapseebe1561cebc98879b93d599d6ffeddbcd540f201\" class=\"collapse\" data-id=\"ebe1561cebc98879b93d599d6ffeddbcd540f201\" role=\"tabpanel\" aria-labelledby=\"headingebe1561cebc98879b93d599d6ffeddbcd540f201\">\r\n                <div class=\"card-block\">\r\n    \r\n<p><em>2019, podbarven\u00fd beton <\/em><br \/>\r\n<em>Pra\u017esk\u00e1 tr\u017enice \u2013 Hala \u010d. 14<\/em><\/p>\r\n<p>Nedaleko vstupu do Trafo Gallery (hala \u010d. 14) v\u00a0pra\u017esk\u00e9 tr\u017enici naleznete sochu od v\u00fdrazn\u00e9ho \u010desk\u00e9ho socha\u0159e, design\u00e9ra, mal\u00ed\u0159e a&nbsp;hudebn\u00edka Michala Cimaly. Vedle stoj\u00edc\u00ed objekt Homo Ludens z\u00a0podbarven\u00e9ho betonu je d\u00edlem p\u0159edstavitele mlad\u00e9 socha\u0159sk\u00e9 generace Martina Mal\u00e9ho.<\/p>\r\n<p><a href=\"https:\/\/www.praha7.cz\/temata\/art-district-7\/umeni-ve-verejnem-prostoru\/homo-ludens-_-martin-maly\/\" rel=\"attachment wp-att-44384\"><img loading=\"lazy\" src=\"https:\/\/www.praha7.cz\/wp-content\/uploads\/2020\/12\/Homo-Ludens-_-Martin-Mal\u00fd-200x200.jpg\" alt=\"\" width=\"200\" height=\"200\" class=\"alignnone wp-image-44384 size-thumbnail\" srcset=\"https:\/\/www.praha7.cz\/wp-content\/uploads\/2020\/12\/Homo-Ludens-_-Martin-Mal\u00fd-200x200.jpg 200w, https:\/\/www.praha7.cz\/wp-content\/uploads\/2020\/12\/Homo-Ludens-_-Martin-Mal\u00fd-400x400.jpg 400w, https:\/\/www.praha7.cz\/wp-content\/uploads\/2020\/12\/Homo-Ludens-_-Martin-Mal\u00fd-768x768.jpg 768w, https:\/\/www.praha7.cz\/wp-content\/uploads\/2020\/12\/Homo-Ludens-_-Martin-Mal\u00fd-1000x1000.jpg 1000w\" sizes=\"(max-width: 200px) 100vw, 200px\" \/><\/a><\/p>\r\n                <\/div>\r\n            <\/div>\r\n        <\/div>\r\n    \r\n        <div class=\"collapse-block\">\r\n            <div class=\"card-header\" role=\"tab\" id=\"heading506840e1868dd0a8e395d58881c1a5ee86f44879\">\r\n                                        <p data-toggle=\"collapse\" href=\"#collapse506840e1868dd0a8e395d58881c1a5ee86f44879\" aria-controls=\"collapse506840e1868dd0a8e395d58881c1a5ee86f44879\">\r\n                            Sv\u011btlono\u0161 | Martin \u0160kapa                             <i class=\"fa fa-2x fa-angle-down\" aria-hidden=\"true\"><\/i>\r\n                        <\/p>\r\n                                \r\n            <\/div>\r\n\r\n            <div id=\"collapse506840e1868dd0a8e395d58881c1a5ee86f44879\" class=\"collapse\" data-id=\"506840e1868dd0a8e395d58881c1a5ee86f44879\" role=\"tabpanel\" aria-labelledby=\"heading506840e1868dd0a8e395d58881c1a5ee86f44879\">\r\n                <div class=\"card-block\">\r\n    \r\n<p><em>2020, neon <\/em><br \/>\r\n<em>Pra\u017esk\u00e1 tr\u017enice \u2013 Hala \u010d. 5<\/em><\/p>\r\n<p>Neonov\u00fd Sv\u011btlono\u0161 vznikl v\u00a0r\u00e1mci lo\u0148sk\u00e9ho ro\u010dn\u00edku sv\u011bteln\u00e9ho Signal festivalu a&nbsp;oslav 125.&nbsp;let Pra\u017esk\u00e9 tr\u017enice. Rozm\u011brn\u00fd neonov\u00fd objekt je inspirovan\u00fd souso\u0161\u00edm u&nbsp;vstupu do tr\u017enice, k\u00a0vid\u011bn\u00ed je u&nbsp;haly \u010d. 5.<\/p>\r\n<p><a href=\"https:\/\/www.praha7.cz\/temata\/art-district-7\/umeni-ve-verejnem-prostoru\/svetlonos-_-martin-skapa\/\" rel=\"attachment wp-att-44441\"><img loading=\"lazy\" src=\"https:\/\/www.praha7.cz\/wp-content\/uploads\/2020\/12\/Sv\u011btlono\u0161-_-Martin-\u0160kapa-200x200.jpg\" alt=\"\" width=\"200\" height=\"200\" class=\"alignnone wp-image-44441 size-thumbnail\" srcset=\"https:\/\/www.praha7.cz\/wp-content\/uploads\/2020\/12\/Sv\u011btlono\u0161-_-Martin-\u0160kapa-200x200.jpg 200w, https:\/\/www.praha7.cz\/wp-content\/uploads\/2020\/12\/Sv\u011btlono\u0161-_-Martin-\u0160kapa-400x400.jpg 400w, https:\/\/www.praha7.cz\/wp-content\/uploads\/2020\/12\/Sv\u011btlono\u0161-_-Martin-\u0160kapa-768x768.jpg 768w, https:\/\/www.praha7.cz\/wp-content\/uploads\/2020\/12\/Sv\u011btlono\u0161-_-Martin-\u0160kapa-1000x1000.jpg 1000w\" sizes=\"(max-width: 200px) 100vw, 200px\" \/><\/a><\/p>\r\n                <\/div>\r\n            <\/div>\r\n        <\/div>\r\n    \r\n        <div class=\"collapse-block\">\r\n            <div class=\"card-header\" role=\"tab\" id=\"heading9f372ee5048fe9ce85ad3476dba5f8d2c0ab76ab\">\r\n                                        <p data-toggle=\"collapse\" href=\"#collapse9f372ee5048fe9ce85ad3476dba5f8d2c0ab76ab\" aria-controls=\"collapse9f372ee5048fe9ce85ad3476dba5f8d2c0ab76ab\">\r\n                            Monument\u00e1ln\u00ed sochy | Josef Ma\u0159atka                            <i class=\"fa fa-2x fa-angle-down\" aria-hidden=\"true\"><\/i>\r\n                        <\/p>\r\n                                \r\n            <\/div>\r\n\r\n            <div id=\"collapse9f372ee5048fe9ce85ad3476dba5f8d2c0ab76ab\" class=\"collapse\" data-id=\"9f372ee5048fe9ce85ad3476dba5f8d2c0ab76ab\" role=\"tabpanel\" aria-labelledby=\"heading9f372ee5048fe9ce85ad3476dba5f8d2c0ab76ab\">\r\n                <div class=\"card-block\">\r\n    \r\n<p><em>1927-1928, sliveneck\u00fd mramor <\/em><br \/>\r\n<em>N\u00e1b\u0159. Kpt. Jaro\u0161e 1000 \u2013 pr\u016f\u010del\u00ed b\u00fdval\u00e9 \u00darazov\u00e9 poji\u0161\u0165ovny v\u00a0Praze<\/em><\/p>\r\n<p>\u010ctve\u0159ice monument\u00e1ln\u00edch soch\u00a0ze sliveneck\u00e9ho mramoru se nach\u00e1z\u00ed nad hlavn\u00edm vstupem do budovy b\u00fdval\u00e9 \u00darazov\u00e9 poji\u0161\u0165ovny (n\u00e1b\u0159. Kpt. Jaro\u0161e 1000). Alegorick\u00e9 postavy s&nbsp;atributy dan\u00fdch profes\u00ed p\u0159edstavuj\u00ed Skl\u00e1\u0159stv\u00ed (skl\u00e1\u0159sk\u00e1 p\u00ed\u0161\u0165ala), Stavebnictv\u00ed (kladivo, cihly), Kovod\u011blnictv\u00ed (kovadlina, kladivo) a&nbsp;Hornictv\u00ed (lucerna, \u017eel\u00edzko). Sochy poch\u00e1z\u00ed z\u00a0let 1927\u20131928.<\/p>\r\n<p><a href=\"https:\/\/www.praha7.cz\/temata\/art-district-7\/umeni-ve-verejnem-prostoru\/monumentalni-sochy-_-josef-maratka\/\" rel=\"attachment wp-att-44306\"><img loading=\"lazy\" src=\"https:\/\/www.praha7.cz\/wp-content\/uploads\/2020\/12\/Monument\u00e1ln\u00ed-sochy-_-Josef-Ma\u0159atka-200x200.jpg\" alt=\"\" width=\"200\" height=\"200\" class=\"alignnone wp-image-44306 size-thumbnail\" srcset=\"https:\/\/www.praha7.cz\/wp-content\/uploads\/2020\/12\/Monument\u00e1ln\u00ed-sochy-_-Josef-Ma\u0159atka-200x200.jpg 200w, https:\/\/www.praha7.cz\/wp-content\/uploads\/2020\/12\/Monument\u00e1ln\u00ed-sochy-_-Josef-Ma\u0159atka-400x400.jpg 400w, https:\/\/www.praha7.cz\/wp-content\/uploads\/2020\/12\/Monument\u00e1ln\u00ed-sochy-_-Josef-Ma\u0159atka-768x768.jpg 768w, https:\/\/www.praha7.cz\/wp-content\/uploads\/2020\/12\/Monument\u00e1ln\u00ed-sochy-_-Josef-Ma\u0159atka-1000x1000.jpg 1000w, https:\/\/www.praha7.cz\/wp-content\/uploads\/2020\/12\/Monument\u00e1ln\u00ed-sochy-_-Josef-Ma\u0159atka.jpg 1740w\" sizes=\"(max-width: 200px) 100vw, 200px\" \/><\/a><\/p>\r\n                <\/div>\r\n            <\/div>\r\n        <\/div>\r\n    \r\n        <div class=\"collapse-block\">\r\n            <div class=\"card-header\" role=\"tab\" id=\"heading6a093295e7b29d180cf3dcd011ceecfe927d6f86\">\r\n                                        <p data-toggle=\"collapse\" href=\"#collapse6a093295e7b29d180cf3dcd011ceecfe927d6f86\" aria-controls=\"collapse6a093295e7b29d180cf3dcd011ceecfe927d6f86\">\r\n                            Humanita a Pr\u00e1ce | Karel Pokorn\u00fd                              <i class=\"fa fa-2x fa-angle-down\" aria-hidden=\"true\"><\/i>\r\n                        <\/p>\r\n                                \r\n            <\/div>\r\n\r\n            <div id=\"collapse6a093295e7b29d180cf3dcd011ceecfe927d6f86\" class=\"collapse\" data-id=\"6a093295e7b29d180cf3dcd011ceecfe927d6f86\" role=\"tabpanel\" aria-labelledby=\"heading6a093295e7b29d180cf3dcd011ceecfe927d6f86\">\r\n                <div class=\"card-block\">\r\n    \r\n<p><em>1928, mramor <\/em><br \/>\r\n<em>N\u00e1b\u0159. Kpt. Jaro\u0161e 1000 \u2013 budova b\u00fdvan\u00e9 \u00darazov\u00e9 poji\u0161\u0165ovny<\/em><\/p>\r\n<p>Dva nad\u017eivotn\u00ed mramorov\u00e9 reli\u00e9fy s&nbsp;t\u00e9matem humanity a&nbsp;pr\u00e1ce se vztahuj\u00ed k&nbsp;p\u016fvodn\u00edmu \u00fa\u010delu budovy \u00darazov\u00e9 poji\u0161\u0165ovny. Lev\u00fd reli\u00e9f Humanita zn\u00e1zor\u0148uje polopostavu milosrdn\u00e9 sestry a&nbsp;odkazuje k&nbsp;p\u00e9\u010di o&nbsp;nemocn\u00e9. Prav\u00fd reli\u00e9f personifikuje t\u00e9ma Pr\u00e1ce pomoc\u00ed polopostavy d\u011bln\u00edka u&nbsp;stroje. Oba reli\u00e9fy poch\u00e1zej\u00ed z\u00a0roku 1928.<\/p>\r\n<p><a href=\"https:\/\/www.praha7.cz\/temata\/art-district-7\/umeni-ve-verejnem-prostoru\/humanita-a-prace-_-karel-pokorny\/\" rel=\"attachment wp-att-44305\"><img loading=\"lazy\" src=\"https:\/\/www.praha7.cz\/wp-content\/uploads\/2020\/12\/Humanita-a-Pr\u00e1ce-_-Karel-Pokorn\u00fd-200x200.jpg\" alt=\"\" width=\"200\" height=\"200\" class=\"alignnone wp-image-44305 size-thumbnail\" srcset=\"https:\/\/www.praha7.cz\/wp-content\/uploads\/2020\/12\/Humanita-a-Pr\u00e1ce-_-Karel-Pokorn\u00fd-200x200.jpg 200w, https:\/\/www.praha7.cz\/wp-content\/uploads\/2020\/12\/Humanita-a-Pr\u00e1ce-_-Karel-Pokorn\u00fd-400x400.jpg 400w, https:\/\/www.praha7.cz\/wp-content\/uploads\/2020\/12\/Humanita-a-Pr\u00e1ce-_-Karel-Pokorn\u00fd-768x768.jpg 768w, https:\/\/www.praha7.cz\/wp-content\/uploads\/2020\/12\/Humanita-a-Pr\u00e1ce-_-Karel-Pokorn\u00fd-1000x1000.jpg 1000w\" sizes=\"(max-width: 200px) 100vw, 200px\" \/><\/a><\/p>\r\n                <\/div>\r\n            <\/div>\r\n        <\/div>\r\n    \r\n        <div class=\"collapse-block\">\r\n            <div class=\"card-header\" role=\"tab\" id=\"headingafb98b92103461ed7ad8b0647f9f88d328651677\">\r\n                                        <p data-toggle=\"collapse\" href=\"#collapseafb98b92103461ed7ad8b0647f9f88d328651677\" aria-controls=\"collapseafb98b92103461ed7ad8b0647f9f88d328651677\">\r\n                            Alegorick\u00e9 sochy Tesa\u0159, \u017dne\u010dka, Chemie a Tkadlena | Josef Pek\u00e1rek                            <i class=\"fa fa-2x fa-angle-down\" aria-hidden=\"true\"><\/i>\r\n                        <\/p>\r\n                                \r\n            <\/div>\r\n\r\n            <div id=\"collapseafb98b92103461ed7ad8b0647f9f88d328651677\" class=\"collapse\" data-id=\"afb98b92103461ed7ad8b0647f9f88d328651677\" role=\"tabpanel\" aria-labelledby=\"headingafb98b92103461ed7ad8b0647f9f88d328651677\">\r\n                <div class=\"card-block\">\r\n    \r\n<p><em>1928 <\/em><br \/>\r\n<em>N\u00e1b\u0159. Kpt. Jaro\u0161e 1000 \u2013 budova b\u00fdvan\u00e9 \u00darazov\u00e9 poji\u0161\u0165ovny \u00a0\u00a0\u00a0<\/em><\/p>\r\n<p>Alegorick\u00e9 sochy vznikl\u00e9 okolo roku 1928 jsou um\u00edst\u011bn\u00e9 na korunn\u00ed \u0159\u00edmse budovy b\u00fdval\u00e9 \u00darazov\u00e9 poji\u0161\u0165ovny. Na z\u00e1padn\u00edm pr\u016f\u010del\u00ed tvo\u0159\u00ed tesa\u0159 dvojici se sochou \u017ene\u010dky, na v\u00fdchodn\u00edm pr\u016f\u010del\u00ed dvojici tvo\u0159\u00ed chemik a&nbsp;tkadlena.\u00a0<\/p>\r\n<p><a href=\"https:\/\/www.praha7.cz\/temata\/art-district-7\/umeni-ve-verejnem-prostoru\/alegoricke-sochy-tesar-znecka-chemie-a-tkadlena-_-josef-pekarek\/\" rel=\"attachment wp-att-44304\"><img loading=\"lazy\" src=\"https:\/\/www.praha7.cz\/wp-content\/uploads\/2020\/12\/Alegorick\u00e9-sochy-Tesa\u0159-\u017dne\u010dka-Chemie-a-Tkadlena-_-Josef-Pek\u00e1rek-200x200.jpg\" alt=\"\" width=\"200\" height=\"200\" class=\"alignnone wp-image-44304 size-thumbnail\" srcset=\"https:\/\/www.praha7.cz\/wp-content\/uploads\/2020\/12\/Alegorick\u00e9-sochy-Tesa\u0159-\u017dne\u010dka-Chemie-a-Tkadlena-_-Josef-Pek\u00e1rek-200x200.jpg 200w, https:\/\/www.praha7.cz\/wp-content\/uploads\/2020\/12\/Alegorick\u00e9-sochy-Tesa\u0159-\u017dne\u010dka-Chemie-a-Tkadlena-_-Josef-Pek\u00e1rek-400x400.jpg 400w, https:\/\/www.praha7.cz\/wp-content\/uploads\/2020\/12\/Alegorick\u00e9-sochy-Tesa\u0159-\u017dne\u010dka-Chemie-a-Tkadlena-_-Josef-Pek\u00e1rek-768x768.jpg 768w, https:\/\/www.praha7.cz\/wp-content\/uploads\/2020\/12\/Alegorick\u00e9-sochy-Tesa\u0159-\u017dne\u010dka-Chemie-a-Tkadlena-_-Josef-Pek\u00e1rek-1000x1000.jpg 1000w\" sizes=\"(max-width: 200px) 100vw, 200px\" \/><\/a><\/p>\r\n                <\/div>\r\n            <\/div>\r\n        <\/div>\r\n    \r\n        <div class=\"collapse-block\">\r\n            <div class=\"card-header\" role=\"tab\" id=\"heading2960342ebe5840f1a65926bafe9f1b33f4afbf83\">\r\n                                        <p data-toggle=\"collapse\" href=\"#collapse2960342ebe5840f1a65926bafe9f1b33f4afbf83\" aria-controls=\"collapse2960342ebe5840f1a65926bafe9f1b33f4afbf83\">\r\n                            Sv. Jan Nepomuck\u00fd | autor nezn\u00e1m\u00fd                               <i class=\"fa fa-2x fa-angle-down\" aria-hidden=\"true\"><\/i>\r\n                        <\/p>\r\n                                \r\n            <\/div>\r\n\r\n            <div id=\"collapse2960342ebe5840f1a65926bafe9f1b33f4afbf83\" class=\"collapse\" data-id=\"2960342ebe5840f1a65926bafe9f1b33f4afbf83\" role=\"tabpanel\" aria-labelledby=\"heading2960342ebe5840f1a65926bafe9f1b33f4afbf83\">\r\n                <div class=\"card-block\">\r\n    \r\n<p><em>p\u00edskovcov\u00e1 socha \u00a0<\/em><br \/>\r\n<em>Kosteln\u00ed \u00a0\u00a0<\/em><\/p>\r\n<p>P\u00edskovcov\u00e1 socha sv. Jana Nepomuck\u00e9ho v\u00a0ulici Kosteln\u00ed nedaleko kostela svat\u00e9ho Klimenta v\u00a0Hole\u0161ovic\u00edch.\u00a0<\/p>\r\n<p><a href=\"https:\/\/www.praha7.cz\/temata\/art-district-7\/umeni-ve-verejnem-prostoru\/sv-jan-nepomucky-_-autor-neznamy\/\" rel=\"attachment wp-att-44199\"><img loading=\"lazy\" src=\"https:\/\/www.praha7.cz\/wp-content\/uploads\/2020\/12\/Sv.-Jan-Nepomucky\u0301-_-autor-nezna\u0301my\u0301-200x200.jpg\" alt=\"\" width=\"200\" height=\"200\" class=\"alignnone wp-image-44199 size-thumbnail\" srcset=\"https:\/\/www.praha7.cz\/wp-content\/uploads\/2020\/12\/Sv.-Jan-Nepomucky\u0301-_-autor-nezna\u0301my\u0301-200x200.jpg 200w, https:\/\/www.praha7.cz\/wp-content\/uploads\/2020\/12\/Sv.-Jan-Nepomucky\u0301-_-autor-nezna\u0301my\u0301-400x400.jpg 400w, https:\/\/www.praha7.cz\/wp-content\/uploads\/2020\/12\/Sv.-Jan-Nepomucky\u0301-_-autor-nezna\u0301my\u0301-768x768.jpg 768w, https:\/\/www.praha7.cz\/wp-content\/uploads\/2020\/12\/Sv.-Jan-Nepomucky\u0301-_-autor-nezna\u0301my\u0301-1000x1000.jpg 1000w, https:\/\/www.praha7.cz\/wp-content\/uploads\/2020\/12\/Sv.-Jan-Nepomucky\u0301-_-autor-nezna\u0301my\u0301.jpg 1080w\" sizes=\"(max-width: 200px) 100vw, 200px\" \/><\/a><\/p>\r\n                <\/div>\r\n            <\/div>\r\n        <\/div>\r\n    \r\n        <div class=\"collapse-block\">\r\n            <div class=\"card-header\" role=\"tab\" id=\"headingb810eca797d1c2f6746d844a43300a67e299dc0a\">\r\n                                        <p data-toggle=\"collapse\" href=\"#collapseb810eca797d1c2f6746d844a43300a67e299dc0a\" aria-controls=\"collapseb810eca797d1c2f6746d844a43300a67e299dc0a\">\r\n                            Bike to Heaven | Kri\u0161tof Kintera                             <i class=\"fa fa-2x fa-angle-down\" aria-hidden=\"true\"><\/i>\r\n                        <\/p>\r\n                                \r\n            <\/div>\r\n\r\n            <div id=\"collapseb810eca797d1c2f6746d844a43300a67e299dc0a\" class=\"collapse\" data-id=\"b810eca797d1c2f6746d844a43300a67e299dc0a\" role=\"tabpanel\" aria-labelledby=\"headingb810eca797d1c2f6746d844a43300a67e299dc0a\">\r\n                <div class=\"card-block\">\r\n    \r\n<p><em>2013, pomn\u00edk \u2013 lampa s\u00a0rotuj\u00edc\u00edm j\u00edzdn\u00edm kolem m\u00ed\u0159\u00edc\u00edm k\u00a0nebi (kov) <\/em><br \/>\r\n<em>Dukelsk\u00fdch hrdin\u016f<\/em><\/p>\r\n<p>Bike to Heaven (Kolo do nebe) vytvo\u0159il v&nbsp;roce 2013 um\u011blec Kri\u0161tof Kintera na pam\u00e1tku jednoho ze zakladatel\u016f iniciativy Auto*Mat a&nbsp;propag\u00e1tora m\u011bstsk\u00e9 cyklistiky Jana Bouchala, jen\u017e na k\u0159i\u017eovatce na n\u00e1b\u0159e\u017e\u00ed Kpt. Jaro\u0161e tragicky zem\u0159el p\u0159i autonehod\u011b. Pomn\u00edk, kter\u00fd je vzpom\u00ednkou i&nbsp;na v\u0161echny dal\u0161\u00ed cyklisty, kte\u0159\u00ed zahynuli v&nbsp;pra\u017esk\u00fdch ulic\u00edch, m\u00e1 podobu post\u0159\u00edb\u0159en\u00e9 pouli\u010dn\u00ed lampy s&nbsp;oto\u010dn\u00fdmi reflektory, v&nbsp;jej\u00ed\u017e horn\u00ed \u010d\u00e1sti rotuje j\u00edzdn\u00ed kolo m\u00ed\u0159\u00edc\u00ed k&nbsp;nebi. Vr\u0161ek lampy se v&nbsp;siln\u011bj\u0161\u00edm v\u011btru pomalu ot\u00e1\u010d\u00ed, stejn\u011b jako kolo. Sout\u011b\u017ee na realizaci d\u00edla se z\u00fa\u010dastnilo \u0161estn\u00e1ct autor\u016f. Vybr\u00e1n byl nejprve n\u00e1vrh Davida \u010cern\u00e9ho, jeho\u017e bronzov\u00fd reli\u00e9f sra\u017een\u00e9ho cyklisty m\u011bl b\u00fdt um\u00edst\u011bn do vozovky, p\u0159\u00edmo na m\u00edsto nehody, a&nbsp;slou\u017eit zde jako retard\u00e9r. P\u0159\u00edslu\u0161n\u00e9 org\u00e1ny v\u0161ak \u010cern\u00e9ho z\u00e1m\u011br z&nbsp;bezpe\u010dnostn\u00edch d\u016fvod\u016f zam\u00edtly. Realizov\u00e1n byl Kinter\u016fv n\u00e1vrh, kter\u00fd skon\u010dil na druh\u00e9m m\u00edst\u011b. V\u011bt\u0161inu financ\u00ed na realizaci z\u00edskal Auto*Mat darem, dal\u0161\u00ed \u010d\u00e1st p\u0159inesla ve\u0159ejn\u00e1 sb\u00edrka. Kintera pracoval bez n\u00e1roku na honor\u00e1\u0159. Bike to Heaven nen\u00ed Kinterova prvn\u00ed monument\u00e1ln\u00ed realizace v&nbsp;Praze. V&nbsp;roce 2011 byl pod Nuselsk\u00fdm mostem odhalen jeho pam\u00e1tn\u00edk sebevrah\u016f, kter\u00fd m\u00e1 podobu lampy oto\u010den\u00e9 k&nbsp;nebes\u016fm.<\/p>\r\n<p><a href=\"https:\/\/www.praha7.cz\/temata\/art-district-7\/umeni-ve-verejnem-prostoru\/bike-to-heaven-_-kristof-kintera\/\" rel=\"attachment wp-att-44200\"><img loading=\"lazy\" src=\"https:\/\/www.praha7.cz\/wp-content\/uploads\/2020\/12\/Bike-to-Heaven-_-Kris\u030ctof-Kintera-200x200.jpg\" alt=\"\" width=\"200\" height=\"200\" class=\"alignnone wp-image-44200 size-thumbnail\" srcset=\"https:\/\/www.praha7.cz\/wp-content\/uploads\/2020\/12\/Bike-to-Heaven-_-Kris\u030ctof-Kintera-200x200.jpg 200w, https:\/\/www.praha7.cz\/wp-content\/uploads\/2020\/12\/Bike-to-Heaven-_-Kris\u030ctof-Kintera-400x400.jpg 400w, https:\/\/www.praha7.cz\/wp-content\/uploads\/2020\/12\/Bike-to-Heaven-_-Kris\u030ctof-Kintera-768x768.jpg 768w, https:\/\/www.praha7.cz\/wp-content\/uploads\/2020\/12\/Bike-to-Heaven-_-Kris\u030ctof-Kintera-1000x1000.jpg 1000w, https:\/\/www.praha7.cz\/wp-content\/uploads\/2020\/12\/Bike-to-Heaven-_-Kris\u030ctof-Kintera.jpg 1080w\" sizes=\"(max-width: 200px) 100vw, 200px\" \/><\/a><\/p>\r\n                <\/div>\r\n            <\/div>\r\n        <\/div>\r\n    \r\n        <div class=\"collapse-block\">\r\n            <div class=\"card-header\" role=\"tab\" id=\"heading4b72b034ad0661e252f983fa0c8b292a55b90497\">\r\n                                        <p data-toggle=\"collapse\" href=\"#collapse4b72b034ad0661e252f983fa0c8b292a55b90497\" aria-controls=\"collapse4b72b034ad0661e252f983fa0c8b292a55b90497\">\r\n                            Vrata Veletr\u017en\u00edho pal\u00e1ce | Michal Gabriel                              <i class=\"fa fa-2x fa-angle-down\" aria-hidden=\"true\"><\/i>\r\n                        <\/p>\r\n                                \r\n            <\/div>\r\n\r\n            <div id=\"collapse4b72b034ad0661e252f983fa0c8b292a55b90497\" class=\"collapse\" data-id=\"4b72b034ad0661e252f983fa0c8b292a55b90497\" role=\"tabpanel\" aria-labelledby=\"heading4b72b034ad0661e252f983fa0c8b292a55b90497\">\r\n                <div class=\"card-block\">\r\n    \r\n<p><em>1994, nerezov\u00e1 ocel <\/em><br \/>\r\n<em>Dukelsk\u00fdch hrdin\u016f<\/em><\/p>\r\n<p>D\u00edlo vsazen\u00e9 do budovy funkcionalistick\u00e9ho Veletr\u017en\u00edho pal\u00e1ce v\u00a0roce 1994. Vrata vyroben\u00e9 z\u00a0nerezov\u00e9 oceli maj\u00ed na v\u00fd\u0161ku 5 metr\u016f a&nbsp;na \u0161\u00ed\u0159ku 9 metr\u016f.<\/p>\r\n<p><a href=\"https:\/\/www.praha7.cz\/temata\/art-district-7\/umeni-ve-verejnem-prostoru\/vrata-veletrzniho-palace-_-michal-gabriel\/\" rel=\"attachment wp-att-44201\"><img loading=\"lazy\" src=\"https:\/\/www.praha7.cz\/wp-content\/uploads\/2020\/12\/Vrata-Veletrz\u030cni\u0301ho-pala\u0301ce-_-Michal-Gabriel-200x200.jpg\" alt=\"\" width=\"200\" height=\"200\" class=\"alignnone wp-image-44201 size-thumbnail\" srcset=\"https:\/\/www.praha7.cz\/wp-content\/uploads\/2020\/12\/Vrata-Veletrz\u030cni\u0301ho-pala\u0301ce-_-Michal-Gabriel-200x200.jpg 200w, https:\/\/www.praha7.cz\/wp-content\/uploads\/2020\/12\/Vrata-Veletrz\u030cni\u0301ho-pala\u0301ce-_-Michal-Gabriel-400x400.jpg 400w, https:\/\/www.praha7.cz\/wp-content\/uploads\/2020\/12\/Vrata-Veletrz\u030cni\u0301ho-pala\u0301ce-_-Michal-Gabriel-768x768.jpg 768w, https:\/\/www.praha7.cz\/wp-content\/uploads\/2020\/12\/Vrata-Veletrz\u030cni\u0301ho-pala\u0301ce-_-Michal-Gabriel-1000x1000.jpg 1000w, https:\/\/www.praha7.cz\/wp-content\/uploads\/2020\/12\/Vrata-Veletrz\u030cni\u0301ho-pala\u0301ce-_-Michal-Gabriel.jpg 1080w\" sizes=\"(max-width: 200px) 100vw, 200px\" \/><\/a><\/p>\r\n                <\/div>\r\n            <\/div>\r\n        <\/div>\r\n    \r\n        <div class=\"collapse-block\">\r\n            <div class=\"card-header\" role=\"tab\" id=\"heading15526bf8c95f62d89588b0cfaee68ec0541e8fac\">\r\n                                        <p data-toggle=\"collapse\" href=\"#collapse15526bf8c95f62d89588b0cfaee68ec0541e8fac\" aria-controls=\"collapse15526bf8c95f62d89588b0cfaee68ec0541e8fac\">\r\n                            Sed\u00edc\u00ed \u017eena | V\u00e1clav Bej\u010dek                             <i class=\"fa fa-2x fa-angle-down\" aria-hidden=\"true\"><\/i>\r\n                        <\/p>\r\n                                \r\n            <\/div>\r\n\r\n            <div id=\"collapse15526bf8c95f62d89588b0cfaee68ec0541e8fac\" class=\"collapse\" data-id=\"15526bf8c95f62d89588b0cfaee68ec0541e8fac\" role=\"tabpanel\" aria-labelledby=\"heading15526bf8c95f62d89588b0cfaee68ec0541e8fac\">\r\n                <div class=\"card-block\">\r\n    \r\n<p><em>1967, travertin <\/em><br \/>\r\n<em>Veletr\u017en\u00ed 20 \u2013 p\u0159ed Parkhotelem (dnes Mama Shelter) \u00a0<\/em><\/p>\r\n<p>Travertinov\u00e1 skulptura z\u00a0roku 1967 je um\u00edst\u011bn\u00e1 v\u00a0prostoru p\u0159ed Parkhotelem (dnes Mama Shelter). \u00a0\u00a0<\/p>\r\n<p><a href=\"https:\/\/www.praha7.cz\/temata\/art-district-7\/umeni-ve-verejnem-prostoru\/sedici-zena_vaclav-bejcek\/\" rel=\"attachment wp-att-44202\"><img loading=\"lazy\" src=\"https:\/\/www.praha7.cz\/wp-content\/uploads\/2020\/12\/Sedi\u0301ci\u0301-z\u030cena_Va\u0301clav-Bejc\u030cek-200x200.jpg\" alt=\"\" width=\"200\" height=\"200\" class=\"alignnone wp-image-44202 size-thumbnail\" srcset=\"https:\/\/www.praha7.cz\/wp-content\/uploads\/2020\/12\/Sedi\u0301ci\u0301-z\u030cena_Va\u0301clav-Bejc\u030cek-200x200.jpg 200w, https:\/\/www.praha7.cz\/wp-content\/uploads\/2020\/12\/Sedi\u0301ci\u0301-z\u030cena_Va\u0301clav-Bejc\u030cek-400x400.jpg 400w, https:\/\/www.praha7.cz\/wp-content\/uploads\/2020\/12\/Sedi\u0301ci\u0301-z\u030cena_Va\u0301clav-Bejc\u030cek-768x768.jpg 768w, https:\/\/www.praha7.cz\/wp-content\/uploads\/2020\/12\/Sedi\u0301ci\u0301-z\u030cena_Va\u0301clav-Bejc\u030cek-1000x1000.jpg 1000w, https:\/\/www.praha7.cz\/wp-content\/uploads\/2020\/12\/Sedi\u0301ci\u0301-z\u030cena_Va\u0301clav-Bejc\u030cek.jpg 1080w\" sizes=\"(max-width: 200px) 100vw, 200px\" \/><\/a><\/p>\r\n                <\/div>\r\n            <\/div>\r\n        <\/div>\r\n    \r\n        <div class=\"collapse-block\">\r\n            <div class=\"card-header\" role=\"tab\" id=\"headinge4f942b830ac307a54bf40f682670b66b7ffddb3\">\r\n                                        <p data-toggle=\"collapse\" href=\"#collapsee4f942b830ac307a54bf40f682670b66b7ffddb3\" aria-controls=\"collapsee4f942b830ac307a54bf40f682670b66b7ffddb3\">\r\n                            Sgrafita | podle n\u00e1vrhu Mikol\u00e1\u0161e Al\u0161e                            <i class=\"fa fa-2x fa-angle-down\" aria-hidden=\"true\"><\/i>\r\n                        <\/p>\r\n                                \r\n            <\/div>\r\n\r\n            <div id=\"collapsee4f942b830ac307a54bf40f682670b66b7ffddb3\" class=\"collapse\" data-id=\"e4f942b830ac307a54bf40f682670b66b7ffddb3\" role=\"tabpanel\" aria-labelledby=\"headinge4f942b830ac307a54bf40f682670b66b7ffddb3\">\r\n                <div class=\"card-block\">\r\n    \r\n<p><em>1892<\/em><br \/>\r\n<em>Milady Hor\u00e1kov\u00e9 25 <\/em><br \/>\r\n<em>Nad Kr\u00e1lovou oborou 9<\/em><\/p>\r\n<p><em>1894<\/em><br \/>\r\n<em>Dukelsk\u00fdch hrdin\u016f 37, 39 a&nbsp;43 <\/em><br \/>\r\n<em>Bubensk\u00e9 n\u00e1b\u0159e\u017e\u00ed 12<\/em><\/p>\r\n<p>Sgrafita vznikl\u00e1 podle n\u00e1vrh\u016f Mikol\u00e1\u0161e Al\u0161e zdob\u00ed nejeden d\u016fm na Sedmi\u010dce. Jejich obliba byla takov\u00e1, \u017ee mnohdy vedla k\u00a0napodobov\u00e1n\u00ed. Mezi realizace proveden\u00e9 podle skute\u010dn\u011b dolo\u017een\u00fdch n\u00e1vrh\u016f pat\u0159\u00ed sgrafita na fas\u00e1d\u011b n\u00e1jemn\u00edho domu v\u00a0ulici Milady Hor\u00e1kov\u00e9 25 nebo na \u010din\u017eovn\u00edm dom\u011b v\u00a0ulici Nad Kr\u00e1lovskou oborou 9. Ale\u0161 je pravd\u011bpodobn\u011b autorem n\u00e1vrh\u016f sgrafitov\u00e9 v\u00fdzdoby fas\u00e1d i&nbsp;u&nbsp;novorenesan\u010dn\u00edch \u010din\u017eovn\u00edch dom\u016f v\u00a0ul. Dukelsk\u00fdch hrdin\u016f (37, 39 a&nbsp;43) a&nbsp;Bubensk\u00e9m n\u00e1b\u0159e\u017e\u00ed 12.<\/p>\r\n<p><a href=\"https:\/\/www.praha7.cz\/temata\/art-district-7\/umeni-ve-verejnem-prostoru\/sgrafita-podle-navrhu-mikolase-alse\/\" rel=\"attachment wp-att-44307\"><img loading=\"lazy\" src=\"https:\/\/www.praha7.cz\/wp-content\/uploads\/2020\/12\/Sgrafita-podle-n\u00e1vrhu-Mikol\u00e1\u0161e-Al\u0161e-200x200.jpg\" alt=\"\" width=\"200\" height=\"200\" class=\"alignnone wp-image-44307 size-thumbnail\" srcset=\"https:\/\/www.praha7.cz\/wp-content\/uploads\/2020\/12\/Sgrafita-podle-n\u00e1vrhu-Mikol\u00e1\u0161e-Al\u0161e-200x200.jpg 200w, https:\/\/www.praha7.cz\/wp-content\/uploads\/2020\/12\/Sgrafita-podle-n\u00e1vrhu-Mikol\u00e1\u0161e-Al\u0161e-400x400.jpg 400w, https:\/\/www.praha7.cz\/wp-content\/uploads\/2020\/12\/Sgrafita-podle-n\u00e1vrhu-Mikol\u00e1\u0161e-Al\u0161e-768x768.jpg 768w, https:\/\/www.praha7.cz\/wp-content\/uploads\/2020\/12\/Sgrafita-podle-n\u00e1vrhu-Mikol\u00e1\u0161e-Al\u0161e-1000x1000.jpg 1000w, https:\/\/www.praha7.cz\/wp-content\/uploads\/2020\/12\/Sgrafita-podle-n\u00e1vrhu-Mikol\u00e1\u0161e-Al\u0161e.jpg 1104w\" sizes=\"(max-width: 200px) 100vw, 200px\" \/><\/a><\/p>\r\n                <\/div>\r\n            <\/div>\r\n        <\/div>\r\n    \r\n        <div class=\"collapse-block\">\r\n            <div class=\"card-header\" role=\"tab\" id=\"headingdefd8e6748bad6f9b0517b164fa98a4997794282\">\r\n                                        <p data-toggle=\"collapse\" href=\"#collapsedefd8e6748bad6f9b0517b164fa98a4997794282\" aria-controls=\"collapsedefd8e6748bad6f9b0517b164fa98a4997794282\">\r\n                            Listy | Ellen Jilemnick\u00e1                             <i class=\"fa fa-2x fa-angle-down\" aria-hidden=\"true\"><\/i>\r\n                        <\/p>\r\n                                \r\n            <\/div>\r\n\r\n            <div id=\"collapsedefd8e6748bad6f9b0517b164fa98a4997794282\" class=\"collapse\" data-id=\"defd8e6748bad6f9b0517b164fa98a4997794282\" role=\"tabpanel\" aria-labelledby=\"headingdefd8e6748bad6f9b0517b164fa98a4997794282\">\r\n                <div class=\"card-block\">\r\n    \r\n<p><em>1980, keramika <\/em><br \/>\r\n<em>Plyn\u00e1rn\u00ed \/ U&nbsp;m\u011b\u0161\u0165ansk\u00fdch dom\u016f \u00a0<\/em><\/p>\r\n<p>Keramick\u00e1 skulptura s\u00a0p\u0159\u00edrodn\u00edm motivem mezi bytovou z\u00e1stavbou v\u00a0ulic\u00edch Plyn\u00e1rn\u00ed a&nbsp;U&nbsp;m\u011b\u0161\u0165ansk\u00fdch dom\u016f z\u00a0roku 1980. Autorkou je socha\u0159ka, kresl\u00ed\u0159ka a&nbsp;b\u00e1sn\u00ed\u0159ka Ellen Jilemnick\u00e1.<\/p>\r\n<p><a href=\"https:\/\/www.praha7.cz\/temata\/art-district-7\/umeni-ve-verejnem-prostoru\/listy-_-ellen-jilemnicka\/\" rel=\"attachment wp-att-44383\"><img loading=\"lazy\" src=\"https:\/\/www.praha7.cz\/wp-content\/uploads\/2020\/12\/Listy-_-Ellen-Jilemnick\u00e1-200x200.jpg\" alt=\"\" width=\"200\" height=\"200\" class=\"alignnone wp-image-44383 size-thumbnail\" srcset=\"https:\/\/www.praha7.cz\/wp-content\/uploads\/2020\/12\/Listy-_-Ellen-Jilemnick\u00e1-200x200.jpg 200w, https:\/\/www.praha7.cz\/wp-content\/uploads\/2020\/12\/Listy-_-Ellen-Jilemnick\u00e1-400x400.jpg 400w, https:\/\/www.praha7.cz\/wp-content\/uploads\/2020\/12\/Listy-_-Ellen-Jilemnick\u00e1-768x768.jpg 768w, https:\/\/www.praha7.cz\/wp-content\/uploads\/2020\/12\/Listy-_-Ellen-Jilemnick\u00e1-1000x1000.jpg 1000w\" sizes=\"(max-width: 200px) 100vw, 200px\" \/><\/a><\/p>\r\n                <\/div>\r\n            <\/div>\r\n        <\/div>\r\n    \r\n        <div class=\"collapse-block\">\r\n            <div class=\"card-header\" role=\"tab\" id=\"headingc2507afbc5af798da5c0221353688e29c8e25588\">\r\n                                        <p data-toggle=\"collapse\" href=\"#collapsec2507afbc5af798da5c0221353688e29c8e25588\" aria-controls=\"collapsec2507afbc5af798da5c0221353688e29c8e25588\">\r\n                            Domovn\u00ed znamen\u00ed \u2013 alegorie ro\u010dn\u00edch obdob\u00ed | Ji\u0159\u00ed Nov\u00e1k                             <i class=\"fa fa-2x fa-angle-down\" aria-hidden=\"true\"><\/i>\r\n                        <\/p>\r\n                                \r\n            <\/div>\r\n\r\n            <div id=\"collapsec2507afbc5af798da5c0221353688e29c8e25588\" class=\"collapse\" data-id=\"c2507afbc5af798da5c0221353688e29c8e25588\" role=\"tabpanel\" aria-labelledby=\"headingc2507afbc5af798da5c0221353688e29c8e25588\">\r\n                <div class=\"card-block\">\r\n    \r\n<p><em>1957-1958, glazovan\u00e1 barevn\u00e1 keramika <\/em><br \/>\r\n<em>Ortenovo n\u00e1m\u011bst\u00ed 30-33<\/em><\/p>\r\n<p>\u010cty\u0159i domovn\u00ed znamen\u00ed z\u00a0let 1957\u20131958 nad vchody obytn\u00fdch dom\u016f na Ortenov\u011b n\u00e1m\u011bst\u00ed p\u0159edstavuj\u00ed alegorie ro\u010dn\u00edch obdob\u00ed. Glazovan\u00e9 keramick\u00e9 reli\u00e9fy Jaro, L\u00e9to, Podzim a&nbsp;Zima proveden\u00e9 v\u00a0\u017eiv\u00fdch barv\u00e1ch v\u00fdrazn\u011b kontrastuj\u00ed s\u00a0tmavou barvou domovn\u00ed fas\u00e1dy.<\/p>\r\n<p><a href=\"https:\/\/www.praha7.cz\/temata\/art-district-7\/umeni-ve-verejnem-prostoru\/domovni-znameni-_-jiri-novak\/\" rel=\"attachment wp-att-44204\"><img loading=\"lazy\" src=\"https:\/\/www.praha7.cz\/wp-content\/uploads\/2020\/12\/Domovni\u0301-znameni\u0301-_-Jir\u030ci\u0301-Nova\u0301k-200x200.jpg\" alt=\"\" width=\"200\" height=\"200\" class=\"alignnone wp-image-44204 size-thumbnail\" srcset=\"https:\/\/www.praha7.cz\/wp-content\/uploads\/2020\/12\/Domovni\u0301-znameni\u0301-_-Jir\u030ci\u0301-Nova\u0301k-200x200.jpg 200w, https:\/\/www.praha7.cz\/wp-content\/uploads\/2020\/12\/Domovni\u0301-znameni\u0301-_-Jir\u030ci\u0301-Nova\u0301k-400x400.jpg 400w, https:\/\/www.praha7.cz\/wp-content\/uploads\/2020\/12\/Domovni\u0301-znameni\u0301-_-Jir\u030ci\u0301-Nova\u0301k-768x768.jpg 768w, https:\/\/www.praha7.cz\/wp-content\/uploads\/2020\/12\/Domovni\u0301-znameni\u0301-_-Jir\u030ci\u0301-Nova\u0301k-1000x1000.jpg 1000w, https:\/\/www.praha7.cz\/wp-content\/uploads\/2020\/12\/Domovni\u0301-znameni\u0301-_-Jir\u030ci\u0301-Nova\u0301k.jpg 1080w\" sizes=\"(max-width: 200px) 100vw, 200px\" \/><\/a><\/p>\r\n                <\/div>\r\n            <\/div>\r\n        <\/div>\r\n    \r\n        <div class=\"collapse-block\">\r\n            <div class=\"card-header\" role=\"tab\" id=\"heading940ea51579a1094a0b7436a7f3648ef9039fe7d6\">\r\n                                        <p data-toggle=\"collapse\" href=\"#collapse940ea51579a1094a0b7436a7f3648ef9039fe7d6\" aria-controls=\"collapse940ea51579a1094a0b7436a7f3648ef9039fe7d6\">\r\n                            Vltava | Josef Klime\u0161                             <i class=\"fa fa-2x fa-angle-down\" aria-hidden=\"true\"><\/i>\r\n                        <\/p>\r\n                                \r\n            <\/div>\r\n\r\n            <div id=\"collapse940ea51579a1094a0b7436a7f3648ef9039fe7d6\" class=\"collapse\" data-id=\"940ea51579a1094a0b7436a7f3648ef9039fe7d6\" role=\"tabpanel\" aria-labelledby=\"heading940ea51579a1094a0b7436a7f3648ef9039fe7d6\">\r\n                <div class=\"card-block\">\r\n    \r\n<p><em>1982, beton <\/em><br \/>\r\n<em>D\u011blnick\u00e1 213\/12 \u00a0<\/em><\/p>\r\n<p>Betonov\u00fd reli\u00e9f zdob\u00ed pr\u016f\u010del\u00ed administrativn\u00ed budovy Rosmarin v\u00a0D\u011blnick\u00e9 ulici. Organick\u00e9 vlnovky kop\u00edruj\u00edc\u00ed tok \u0159eky Vltavy kontrastuj\u00ed s\u00a0geometricky p\u0159esnou brutalistn\u00ed budovou architekta Karla Filsaka.<\/p>\r\n<p><a href=\"https:\/\/www.praha7.cz\/temata\/art-district-7\/umeni-ve-verejnem-prostoru\/vltava-_-josef-klimes\/\" rel=\"attachment wp-att-44382\"><img loading=\"lazy\" src=\"https:\/\/www.praha7.cz\/wp-content\/uploads\/2020\/12\/Vltava-_-Josef-Klime\u0161-200x200.jpg\" alt=\"\" width=\"200\" height=\"200\" class=\"alignnone wp-image-44382 size-thumbnail\" srcset=\"https:\/\/www.praha7.cz\/wp-content\/uploads\/2020\/12\/Vltava-_-Josef-Klime\u0161-200x200.jpg 200w, https:\/\/www.praha7.cz\/wp-content\/uploads\/2020\/12\/Vltava-_-Josef-Klime\u0161-400x400.jpg 400w, https:\/\/www.praha7.cz\/wp-content\/uploads\/2020\/12\/Vltava-_-Josef-Klime\u0161-768x768.jpg 768w, https:\/\/www.praha7.cz\/wp-content\/uploads\/2020\/12\/Vltava-_-Josef-Klime\u0161-1000x1000.jpg 1000w\" sizes=\"(max-width: 200px) 100vw, 200px\" \/><\/a><\/p>\r\n                <\/div>\r\n            <\/div>\r\n        <\/div>\r\n    \r\n        <div class=\"collapse-block\">\r\n            <div class=\"card-header\" role=\"tab\" id=\"heading43bf589af2c1f756617717c18e16027de1562e37\">\r\n                                        <p data-toggle=\"collapse\" href=\"#collapse43bf589af2c1f756617717c18e16027de1562e37\" aria-controls=\"collapse43bf589af2c1f756617717c18e16027de1562e37\">\r\n                            Metropolis | NAWER                             <i class=\"fa fa-2x fa-angle-down\" aria-hidden=\"true\"><\/i>\r\n                        <\/p>\r\n                                \r\n            <\/div>\r\n\r\n            <div id=\"collapse43bf589af2c1f756617717c18e16027de1562e37\" class=\"collapse\" data-id=\"43bf589af2c1f756617717c18e16027de1562e37\" role=\"tabpanel\" aria-labelledby=\"heading43bf589af2c1f756617717c18e16027de1562e37\">\r\n                <div class=\"card-block\">\r\n    \r\n<p><em>2017, mural art<\/em><br \/>\r\n<em>D\u011blnick\u00e1 36 \u00a0<\/em><\/p>\r\n<p>Velkoplo\u0161n\u00e1 malba na \u0161t\u00edtu budovy v\u00a0ulici D\u011blnick\u00e1 36 polsk\u00e9ho street artov\u00e9ho um\u011blce, za jej\u00edm\u017e vznikem stoj\u00ed Trafo Gallery.<\/p>\r\n<p><a href=\"https:\/\/www.praha7.cz\/temata\/art-district-7\/umeni-ve-verejnem-prostoru\/metropolis_nawer\/\" rel=\"attachment wp-att-44205\"><img loading=\"lazy\" src=\"https:\/\/www.praha7.cz\/wp-content\/uploads\/2020\/12\/Metropolis_NAWER-200x200.jpg\" alt=\"\" width=\"200\" height=\"200\" class=\"alignnone wp-image-44205 size-thumbnail\" srcset=\"https:\/\/www.praha7.cz\/wp-content\/uploads\/2020\/12\/Metropolis_NAWER-200x200.jpg 200w, https:\/\/www.praha7.cz\/wp-content\/uploads\/2020\/12\/Metropolis_NAWER-400x400.jpg 400w, https:\/\/www.praha7.cz\/wp-content\/uploads\/2020\/12\/Metropolis_NAWER-768x768.jpg 768w, https:\/\/www.praha7.cz\/wp-content\/uploads\/2020\/12\/Metropolis_NAWER-1000x1000.jpg 1000w, https:\/\/www.praha7.cz\/wp-content\/uploads\/2020\/12\/Metropolis_NAWER.jpg 1080w\" sizes=\"(max-width: 200px) 100vw, 200px\" \/><\/a><\/p>\r\n                <\/div>\r\n            <\/div>\r\n        <\/div>\r\n    \r\n        <div class=\"collapse-block\">\r\n            <div class=\"card-header\" role=\"tab\" id=\"heading238788b4eec6826561fa28defd64db2d575157c5\">\r\n                                        <p data-toggle=\"collapse\" href=\"#collapse238788b4eec6826561fa28defd64db2d575157c5\" aria-controls=\"collapse238788b4eec6826561fa28defd64db2d575157c5\">\r\n                            Garden Butterfly | Romero Britto                            <i class=\"fa fa-2x fa-angle-down\" aria-hidden=\"true\"><\/i>\r\n                        <\/p>\r\n                                \r\n            <\/div>\r\n\r\n            <div id=\"collapse238788b4eec6826561fa28defd64db2d575157c5\" class=\"collapse\" data-id=\"238788b4eec6826561fa28defd64db2d575157c5\" role=\"tabpanel\" aria-labelledby=\"heading238788b4eec6826561fa28defd64db2d575157c5\">\r\n                <div class=\"card-block\">\r\n    \r\n<p><em>osazeno 2014, kov<\/em><br \/>\r\n<em>Ortenovo n\u00e1m\u011bst\u00ed<\/em><\/p>\r\n<p>Plastiku mot\u00fdla v\u011bnoval brazilsk\u00fd um\u011blec Praze 7 v&nbsp;roce 2009 a&nbsp;v&nbsp;roce 2014 byla osazena na zrekonstruovan\u00e9 Ortenovo n\u00e1m\u011bst\u00ed.\u00a0<\/p>\r\n<p><a href=\"https:\/\/www.praha7.cz\/temata\/art-district-7\/umeni-ve-verejnem-prostoru\/garden-butterfly_romero-britto\/\" rel=\"attachment wp-att-44308\"><img loading=\"lazy\" src=\"https:\/\/www.praha7.cz\/wp-content\/uploads\/2020\/12\/Garden-Butterfly_Romero-Britto-200x200.jpeg\" alt=\"\" width=\"200\" height=\"200\" class=\"alignnone wp-image-44308 size-thumbnail\" srcset=\"https:\/\/www.praha7.cz\/wp-content\/uploads\/2020\/12\/Garden-Butterfly_Romero-Britto-200x200.jpeg 200w, https:\/\/www.praha7.cz\/wp-content\/uploads\/2020\/12\/Garden-Butterfly_Romero-Britto-400x400.jpeg 400w, https:\/\/www.praha7.cz\/wp-content\/uploads\/2020\/12\/Garden-Butterfly_Romero-Britto-768x768.jpeg 768w, https:\/\/www.praha7.cz\/wp-content\/uploads\/2020\/12\/Garden-Butterfly_Romero-Britto-1000x1000.jpeg 1000w\" sizes=\"(max-width: 200px) 100vw, 200px\" \/><\/a><\/p>\r\n                <\/div>\r\n            <\/div>\r\n        <\/div>\r\n    \r\n        <div class=\"collapse-block\">\r\n            <div class=\"card-header\" role=\"tab\" id=\"heading364f12103d16817f73b7498442f7a62284cef15a\">\r\n                                        <p data-toggle=\"collapse\" href=\"#collapse364f12103d16817f73b7498442f7a62284cef15a\" aria-controls=\"collapse364f12103d16817f73b7498442f7a62284cef15a\">\r\n                            Metronom | Vratislav Nov\u00e1k                            <i class=\"fa fa-2x fa-angle-down\" aria-hidden=\"true\"><\/i>\r\n                        <\/p>\r\n                                \r\n            <\/div>\r\n\r\n            <div id=\"collapse364f12103d16817f73b7498442f7a62284cef15a\" class=\"collapse\" data-id=\"364f12103d16817f73b7498442f7a62284cef15a\" role=\"tabpanel\" aria-labelledby=\"heading364f12103d16817f73b7498442f7a62284cef15a\">\r\n                <div class=\"card-block\">\r\n    \r\n<p><em>osazeno 1991, kov<\/em><br \/>\r\n<em>Letensk\u00e9 sady<\/em><\/p>\r\n<p>Metronom, kter\u00fd autor pojmenoval &#8222;Stroj \u010dasu&#8220; je vysok\u00fd skoro 25 metr\u016f a&nbsp;v\u00e1\u017e\u00ed 7 tun. Instalace kyvadla nemohla b\u00fdt provedena je\u0159\u00e1bem kv\u016fli obav\u00e1m z&nbsp;naru\u0161en\u00e9 statiky podstavce po odst\u0159elen\u00ed Stalinova pomn\u00edku. Proto jej na m\u00edsto osadila ob\u0159\u00ed helikopt\u00e9ra.<\/p>\r\n<p><a href=\"https:\/\/www.praha7.cz\/temata\/art-district-7\/umeni-ve-verejnem-prostoru\/metronom-_-vratislav-novak\/\" rel=\"attachment wp-att-44442\"><img loading=\"lazy\" src=\"https:\/\/www.praha7.cz\/wp-content\/uploads\/2020\/12\/Metronom-_-Vratislav-Nov\u00e1k-200x200.jpg\" alt=\"\" width=\"200\" height=\"200\" class=\"alignnone wp-image-44442 size-thumbnail\" srcset=\"https:\/\/www.praha7.cz\/wp-content\/uploads\/2020\/12\/Metronom-_-Vratislav-Nov\u00e1k-200x200.jpg 200w, https:\/\/www.praha7.cz\/wp-content\/uploads\/2020\/12\/Metronom-_-Vratislav-Nov\u00e1k-400x400.jpg 400w, https:\/\/www.praha7.cz\/wp-content\/uploads\/2020\/12\/Metronom-_-Vratislav-Nov\u00e1k-768x768.jpg 768w, https:\/\/www.praha7.cz\/wp-content\/uploads\/2020\/12\/Metronom-_-Vratislav-Nov\u00e1k-1000x1000.jpg 1000w\" sizes=\"(max-width: 200px) 100vw, 200px\" \/><\/a><\/p>\r\n                <\/div>\r\n            <\/div>\r\n        <\/div>\r\n    \r\n        <div class=\"collapse-block\">\r\n            <div class=\"card-header\" role=\"tab\" id=\"heading3ce8cd8f5cc6eaad88bbc4933d3fd5de97391b7f\">\r\n                                        <p data-toggle=\"collapse\" href=\"#collapse3ce8cd8f5cc6eaad88bbc4933d3fd5de97391b7f\" aria-controls=\"collapse3ce8cd8f5cc6eaad88bbc4933d3fd5de97391b7f\">\r\n                            Reli\u00e9f | Ji\u0159\u00ed Duch\u00e1\u010dek                            <i class=\"fa fa-2x fa-angle-down\" aria-hidden=\"true\"><\/i>\r\n                        <\/p>\r\n                                \r\n            <\/div>\r\n\r\n            <div id=\"collapse3ce8cd8f5cc6eaad88bbc4933d3fd5de97391b7f\" class=\"collapse\" data-id=\"3ce8cd8f5cc6eaad88bbc4933d3fd5de97391b7f\" role=\"tabpanel\" aria-labelledby=\"heading3ce8cd8f5cc6eaad88bbc4933d3fd5de97391b7f\">\r\n                <div class=\"card-block\">\r\n    \r\n<p><em>1940, beton<br \/>\r\n<\/em><em>D\u011blnick\u00e1 21<\/em><\/p>\r\n<p>Reli\u00e9f se dv\u011bma d\u00edv\u010d\u00edmi akty trhaj\u00edc\u00edmi hrozny je d\u00edlem socha\u0159e Ji\u0159\u00edho Duch\u00e1\u010dka. Um\u00edst\u011bn je nad vstupem do sedmipatrov\u00e9ho funkcionalistick\u00e9ho domu pan\u00ed Kreisingerov\u00e9, kter\u00fd navrhl architekt Josef Chochol. Tehdy se jednalo o&nbsp;jeden z\u00a0nejmodern\u011bj\u0161\u00edch a&nbsp;nadstandardn\u011b za\u0159\u00edzen\u00fd n\u00e1jemn\u00ed d\u016fm v\u00a0Praze.<\/p>\r\n<p><a href=\"https:\/\/www.praha7.cz\/temata\/art-district-7\/umeni-ve-verejnem-prostoru\/relief-_-jiri-duchacek\/\" rel=\"attachment wp-att-45072\"><img loading=\"lazy\" src=\"https:\/\/www.praha7.cz\/wp-content\/uploads\/2021\/01\/reli\u00e9f-_-ji\u0159\u00ed-duch\u00e1\u010dek-200x200.jpg\" alt=\"\" width=\"200\" height=\"200\" class=\"alignnone wp-image-45072 size-thumbnail\" srcset=\"https:\/\/www.praha7.cz\/wp-content\/uploads\/2021\/01\/reli\u00e9f-_-ji\u0159\u00ed-duch\u00e1\u010dek-200x200.jpg 200w, https:\/\/www.praha7.cz\/wp-content\/uploads\/2021\/01\/reli\u00e9f-_-ji\u0159\u00ed-duch\u00e1\u010dek-400x400.jpg 400w, https:\/\/www.praha7.cz\/wp-content\/uploads\/2021\/01\/reli\u00e9f-_-ji\u0159\u00ed-duch\u00e1\u010dek-768x768.jpg 768w, https:\/\/www.praha7.cz\/wp-content\/uploads\/2021\/01\/reli\u00e9f-_-ji\u0159\u00ed-duch\u00e1\u010dek-1000x1000.jpg 1000w, https:\/\/www.praha7.cz\/wp-content\/uploads\/2021\/01\/reli\u00e9f-_-ji\u0159\u00ed-duch\u00e1\u010dek.jpg 1676w\" sizes=\"(max-width: 200px) 100vw, 200px\" \/><\/a><\/p>\r\n                <\/div>\r\n            <\/div>\r\n        <\/div>\r\n    \r\n        <div class=\"collapse-block\">\r\n            <div class=\"card-header\" role=\"tab\" id=\"heading6f23d1d386a766d364509d99e53fd946f5796307\">\r\n                                        <p data-toggle=\"collapse\" href=\"#collapse6f23d1d386a766d364509d99e53fd946f5796307\" aria-controls=\"collapse6f23d1d386a766d364509d99e53fd946f5796307\">\r\n                            N\u00e1zev nezn\u00e1m\u00fd | \u010cestm\u00edr Su\u0161ka                            <i class=\"fa fa-2x fa-angle-down\" aria-hidden=\"true\"><\/i>\r\n                        <\/p>\r\n                                \r\n            <\/div>\r\n\r\n            <div id=\"collapse6f23d1d386a766d364509d99e53fd946f5796307\" class=\"collapse\" data-id=\"6f23d1d386a766d364509d99e53fd946f5796307\" role=\"tabpanel\" aria-labelledby=\"heading6f23d1d386a766d364509d99e53fd946f5796307\">\r\n                <div class=\"card-block\">\r\n    \r\n<p><em>osazeno 2018, \u017eelezo<\/em><br \/>\r\n<em>Jankovcova<\/em><\/p>\r\n<p>Sva\u0159ovan\u00e9 objekty ze \u017eeleza socha\u0159e \u010cestm\u00edra Su\u0161ky jsou osazen\u00e9 ve vnitrobloku obchodn\u00edho are\u00e1lu Classic 7. \u00a0<\/p>\r\n<p><a href=\"https:\/\/www.praha7.cz\/temata\/art-district-7\/umeni-ve-verejnem-prostoru\/cestmir-suska\/\" rel=\"attachment wp-att-45232\"><img loading=\"lazy\" src=\"https:\/\/www.praha7.cz\/wp-content\/uploads\/2021\/01\/\u010destm\u00edr-su\u0161ka-200x200.jpg\" alt=\"\" width=\"200\" height=\"200\" class=\"alignnone wp-image-45232 size-thumbnail\" srcset=\"https:\/\/www.praha7.cz\/wp-content\/uploads\/2021\/01\/\u010destm\u00edr-su\u0161ka-200x200.jpg 200w, https:\/\/www.praha7.cz\/wp-content\/uploads\/2021\/01\/\u010destm\u00edr-su\u0161ka-400x400.jpg 400w, https:\/\/www.praha7.cz\/wp-content\/uploads\/2021\/01\/\u010destm\u00edr-su\u0161ka-768x768.jpg 768w, https:\/\/www.praha7.cz\/wp-content\/uploads\/2021\/01\/\u010destm\u00edr-su\u0161ka-1000x1000.jpg 1000w\" sizes=\"(max-width: 200px) 100vw, 200px\" \/><\/a><\/p>\r\n                <\/div>\r\n            <\/div>\r\n        <\/div>\r\n    \r\n        <div class=\"collapse-block\">\r\n            <div class=\"card-header\" role=\"tab\" id=\"heading9e5cd008f85a51e1a3d3e1f2d8366879a3d805d7\">\r\n                                        <p data-toggle=\"collapse\" href=\"#collapse9e5cd008f85a51e1a3d3e1f2d8366879a3d805d7\" aria-controls=\"collapse9e5cd008f85a51e1a3d3e1f2d8366879a3d805d7\">\r\n                            Milenci | Eva Krskov\u00e1                            <i class=\"fa fa-2x fa-angle-down\" aria-hidden=\"true\"><\/i>\r\n                        <\/p>\r\n                                \r\n            <\/div>\r\n\r\n            <div id=\"collapse9e5cd008f85a51e1a3d3e1f2d8366879a3d805d7\" class=\"collapse\" data-id=\"9e5cd008f85a51e1a3d3e1f2d8366879a3d805d7\" role=\"tabpanel\" aria-labelledby=\"heading9e5cd008f85a51e1a3d3e1f2d8366879a3d805d7\">\r\n                <div class=\"card-block\">\r\n    \r\n<p><em>60.&nbsp;l\u00e9ta 20.&nbsp;stolet\u00ed<\/em><br \/>\r\n<em>v\u00e1penec<\/em><\/p>\r\n<p>V\u00e1pencov\u00e9 souso\u0161\u00ed Milenci slovensk\u00e9 socha\u0159ky Evy Krskov\u00e9 z\u00a0roku 1961. Nach\u00e1z\u00ed se na louce severoz\u00e1padn\u011b od \u0160lechtovy restaurace. Souso\u0161\u00ed bylo d\u0159\u00edve po\u0161kozeno (plastice mu\u017ee byla ura\u017eena hlava), ale nyn\u00ed je po oprav\u011b op\u011btovn\u011b v\u00a0parku osazeno. Krskov\u00e1 vytvo\u0159ila toto\u017enou plastiku s\u00a0n\u00e1zvem Mlad\u00fd \u017eivot, kter\u00e1 je um\u00edst\u011bna v&nbsp;ostravsk\u00e9m\u00a0sadu Dr. Milady Hor\u00e1kov\u00e9.<\/p>\r\n<p><a href=\"https:\/\/www.praha7.cz\/temata\/art-district-7\/umeni-ve-verejnem-prostoru\/milenci-eva-krskova\/\" rel=\"attachment wp-att-45238\"><img loading=\"lazy\" src=\"https:\/\/www.praha7.cz\/wp-content\/uploads\/2021\/01\/Milenci-Eva-Krskova\u0301-200x200.jpeg\" alt=\"\" width=\"200\" height=\"200\" class=\"alignnone wp-image-45238 size-thumbnail\" srcset=\"https:\/\/www.praha7.cz\/wp-content\/uploads\/2021\/01\/Milenci-Eva-Krskova\u0301-200x200.jpeg 200w, https:\/\/www.praha7.cz\/wp-content\/uploads\/2021\/01\/Milenci-Eva-Krskova\u0301-400x400.jpeg 400w, https:\/\/www.praha7.cz\/wp-content\/uploads\/2021\/01\/Milenci-Eva-Krskova\u0301-768x768.jpeg 768w, https:\/\/www.praha7.cz\/wp-content\/uploads\/2021\/01\/Milenci-Eva-Krskova\u0301-1000x1000.jpeg 1000w\" sizes=\"(max-width: 200px) 100vw, 200px\" \/><\/a><\/p>\r\n                <\/div>\r\n            <\/div>\r\n        <\/div>\r\n    \r\n        <div class=\"collapse-block\">\r\n            <div class=\"card-header\" role=\"tab\" id=\"heading6c18612fcc0faaf266da5bb2af7bb0abf87e703f\">\r\n                                        <p data-toggle=\"collapse\" href=\"#collapse6c18612fcc0faaf266da5bb2af7bb0abf87e703f\" aria-controls=\"collapse6c18612fcc0faaf266da5bb2af7bb0abf87e703f\">\r\n                            Br\u00e1na | Hugo Demartini                            <i class=\"fa fa-2x fa-angle-down\" aria-hidden=\"true\"><\/i>\r\n                        <\/p>\r\n                                \r\n            <\/div>\r\n\r\n            <div id=\"collapse6c18612fcc0faaf266da5bb2af7bb0abf87e703f\" class=\"collapse\" data-id=\"6c18612fcc0faaf266da5bb2af7bb0abf87e703f\" role=\"tabpanel\" aria-labelledby=\"heading6c18612fcc0faaf266da5bb2af7bb0abf87e703f\">\r\n                <div class=\"card-block\">\r\n    \r\n<p><em>1989, ocel <\/em><\/p>\r\n                <\/div>\r\n            <\/div>\r\n        <\/div>\r\n    \r\n        <div class=\"collapse-block\">\r\n            <div class=\"card-header\" role=\"tab\" id=\"headingf536b0484afd4f35f5dad14f1a0512bcacec98dc\">\r\n                                        <p data-toggle=\"collapse\" href=\"#collapsef536b0484afd4f35f5dad14f1a0512bcacec98dc\" aria-controls=\"collapsef536b0484afd4f35f5dad14f1a0512bcacec98dc\">\r\n                            Apokalyptick\u00fd jezdec | Ji\u0159\u00ed Sozansk\u00fd                            <i class=\"fa fa-2x fa-angle-down\" aria-hidden=\"true\"><\/i>\r\n                        <\/p>\r\n                                \r\n            <\/div>\r\n\r\n            <div id=\"collapsef536b0484afd4f35f5dad14f1a0512bcacec98dc\" class=\"collapse\" data-id=\"f536b0484afd4f35f5dad14f1a0512bcacec98dc\" role=\"tabpanel\" aria-labelledby=\"headingf536b0484afd4f35f5dad14f1a0512bcacec98dc\">\r\n                <div class=\"card-block\">\r\n    \r\n<p><em>2006, bronz <\/em><\/p>\r\n                <\/div>\r\n            <\/div>\r\n        <\/div>\r\n    \r\n        <div class=\"collapse-block\">\r\n            <div class=\"card-header\" role=\"tab\" id=\"heading6ef7d249e4e24acb5068b9d9b011b42f0595f638\">\r\n                                        <p data-toggle=\"collapse\" href=\"#collapse6ef7d249e4e24acb5068b9d9b011b42f0595f638\" aria-controls=\"collapse6ef7d249e4e24acb5068b9d9b011b42f0595f638\">\r\n                            Um\u011bn\u00ed v pra\u017esk\u00e9 ZOO                            <i class=\"fa fa-2x fa-angle-down\" aria-hidden=\"true\"><\/i>\r\n                        <\/p>\r\n                                \r\n            <\/div>\r\n\r\n            <div id=\"collapse6ef7d249e4e24acb5068b9d9b011b42f0595f638\" class=\"collapse\" data-id=\"6ef7d249e4e24acb5068b9d9b011b42f0595f638\" role=\"tabpanel\" aria-labelledby=\"heading6ef7d249e4e24acb5068b9d9b011b42f0595f638\">\r\n                <div class=\"card-block\">\r\n    \r\n<p>K\u016f\u0148 P\u0159evalsk\u00e9ho | Vincenc Vingler<br \/>\r\n<em>1966, bronz<\/em><\/p>\r\n<p>Kozoro\u017eec | Vincenc Vingler<br \/>\r\n<em>1958, bronz<\/em><\/p>\r\n<p>Pelik\u00e1ni | Vincenc Vingler<br \/>\r\n<em>1950, bronz<\/em><\/p>\r\n<p>Trojice figur | Miloslav Chlup\u00e1\u010d<br \/>\r\n<em>1970, p\u00edskovec<\/em><\/p>\r\n<p>D\u011btsk\u00e9 hry | V\u011bra Duch\u00e1\u010dkov\u00e1-Ber\u00e1nkov\u00e1<br \/>\r\n<em>50.&nbsp;l\u00e9ta, bronz<\/em><\/p>\r\n<p>Prastar\u00e1 moudrost | Karel Kronych<br \/>\r\n<em>1986, v\u00e1penec<\/em><\/p>\r\n<p>Kondor | Ji\u0159\u00ed B\u00edma<br \/>\r\n<em>1957, \u017eula<\/em><\/p>\r\n<p>Pomn\u00edk MVDr. Zde\u0148ka Jaro\u0161e | Magdalena Jetelov\u00e1<br \/>\r\n<em>80.&nbsp;l\u00e9ta, p\u00edskovec<\/em><\/p>\r\n<p>Kanec | Ji\u0159\u00ed Kry\u0161t\u016ffek<br \/>\r\n<em>1956, k\u00e1men<\/em><\/p>\r\n<p>Radegast | Alb\u00edn Pol\u00e1\u0161ek<br \/>\r\n<em>1929, um\u011bl\u00fd k\u00e1men<\/em><\/p>\r\n                <\/div>\r\n            <\/div>\r\n        <\/div>\r\n    \r\n        <div class=\"collapse-block\">\r\n            <div class=\"card-header\" role=\"tab\" id=\"headingcf818ff14de09d44d5ab54dd6bf5c3d4c68dd42d\">\r\n                                        <p data-toggle=\"collapse\" href=\"#collapsecf818ff14de09d44d5ab54dd6bf5c3d4c68dd42d\" aria-controls=\"collapsecf818ff14de09d44d5ab54dd6bf5c3d4c68dd42d\">\r\n                            Zjeven\u00ed | Ond\u0159ej Vyhn\u00e1nek                            <i class=\"fa fa-2x fa-angle-down\" aria-hidden=\"true\"><\/i>\r\n                        <\/p>\r\n                                \r\n            <\/div>\r\n\r\n            <div id=\"collapsecf818ff14de09d44d5ab54dd6bf5c3d4c68dd42d\" class=\"collapse\" data-id=\"cf818ff14de09d44d5ab54dd6bf5c3d4c68dd42d\" role=\"tabpanel\" aria-labelledby=\"headingcf818ff14de09d44d5ab54dd6bf5c3d4c68dd42d\">\r\n                <div class=\"card-block\">\r\n    \r\n<p><em>2021, mural art<\/em><br \/>\r\n<em>Komunard\u016f 46<\/em><\/p>\r\n<p>Malba navazuje na autorovu s\u00e9rii Plagi\u00e1tor plagi\u00e1tor.<\/p>\r\n<p><a href=\"https:\/\/www.praha7.cz\/temata\/art-district-7\/umeni-ve-verejnem-prostoru\/zjeveni-ondrej-vyhnanek\/\" rel=\"attachment wp-att-52564\"><img loading=\"lazy\" src=\"https:\/\/www.praha7.cz\/wp-content\/uploads\/2021\/11\/Zjeven\u00ed-Ond\u0159ej-Vyhn\u00e1nek-200x200.jpg\" alt=\"\" width=\"200\" height=\"200\" class=\"alignnone size-thumbnail wp-image-52564\" \/><\/a><\/p>\r\n                <\/div>\r\n            <\/div>\r\n        <\/div>\r\n    \r\n        <div class=\"collapse-block\">\r\n            <div class=\"card-header\" role=\"tab\" id=\"headingd47040a3823fe309a4f3d059d09dc567f31b6cc4\">\r\n                                        <p data-toggle=\"collapse\" href=\"#collapsed47040a3823fe309a4f3d059d09dc567f31b6cc4\" aria-controls=\"collapsed47040a3823fe309a4f3d059d09dc567f31b6cc4\">\r\n                            bez n\u00e1zvu | Jakub Tytykalo                            <i class=\"fa fa-2x fa-angle-down\" aria-hidden=\"true\"><\/i>\r\n                        <\/p>\r\n                                \r\n            <\/div>\r\n\r\n            <div id=\"collapsed47040a3823fe309a4f3d059d09dc567f31b6cc4\" class=\"collapse\" data-id=\"d47040a3823fe309a4f3d059d09dc567f31b6cc4\" role=\"tabpanel\" aria-labelledby=\"headingd47040a3823fe309a4f3d059d09dc567f31b6cc4\">\r\n                <div class=\"card-block\">\r\n    \r\n<p><em>2020, mural art<\/em><br \/>\r\n<em>Metro Vltavsk\u00e1<\/em><\/p>\r\n<p>V\u00a0geometrick\u00fdch tvarech skryl mal\u00ed\u0159 odkazy na dal\u0161\u00ed okoln\u00ed um\u011bn\u00ed ve ve\u0159ejn\u00e9m prostoru \u2013 \u0160tursovo souso\u0161\u00ed nebo bl\u00edzkou keramickou font\u00e1nu.<\/p>\r\n<p><a href=\"https:\/\/www.praha7.cz\/temata\/art-district-7\/umeni-ve-verejnem-prostoru\/jakub-tytykalo\/\" rel=\"attachment wp-att-52565\"><img loading=\"lazy\" src=\"https:\/\/www.praha7.cz\/wp-content\/uploads\/2021\/11\/Jakub-Tytykalo-200x200.jpg\" alt=\"\" width=\"200\" height=\"200\" class=\"alignnone size-thumbnail wp-image-52565\" \/><\/a><\/p>\r\n                <\/div>\r\n            <\/div>\r\n        <\/div>\r\n    \r\n        <div class=\"collapse-block\">\r\n            <div class=\"card-header\" role=\"tab\" id=\"heading2582e525ecf6ebbe6c15ddc411cbd61f3469560a\">\r\n                                        <p data-toggle=\"collapse\" href=\"#collapse2582e525ecf6ebbe6c15ddc411cbd61f3469560a\" aria-controls=\"collapse2582e525ecf6ebbe6c15ddc411cbd61f3469560a\">\r\n                            bez n\u00e1zvu | Petr Sokol alias Lefthendr                            <i class=\"fa fa-2x fa-angle-down\" aria-hidden=\"true\"><\/i>\r\n                        <\/p>\r\n                                \r\n            <\/div>\r\n\r\n            <div id=\"collapse2582e525ecf6ebbe6c15ddc411cbd61f3469560a\" class=\"collapse\" data-id=\"2582e525ecf6ebbe6c15ddc411cbd61f3469560a\" role=\"tabpanel\" aria-labelledby=\"heading2582e525ecf6ebbe6c15ddc411cbd61f3469560a\">\r\n                <div class=\"card-block\">\r\n    \r\n<p><em>2021, mural art<\/em><br \/>\r\n<em>Bubensk\u00e1 1<\/em><\/p>\r\n<p>Ilustrace zobrazuj\u00edc\u00ed d\u016fle\u017eit\u00e9 stavby v\u00a0Praze 7 i&nbsp;historii a&nbsp;budoucnost Bubensk\u00e9 1.<\/p>\r\n<p><a href=\"https:\/\/www.praha7.cz\/temata\/art-district-7\/umeni-ve-verejnem-prostoru\/petr-sokol\/\" rel=\"attachment wp-att-52566\"><img loading=\"lazy\" src=\"https:\/\/www.praha7.cz\/wp-content\/uploads\/2021\/11\/Petr-Sokol-200x200.jpeg\" alt=\"\" width=\"200\" height=\"200\" class=\"alignnone size-thumbnail wp-image-52566\" \/><\/a><\/p>\r\n                <\/div>\r\n            <\/div>\r\n        <\/div>\r\n    \r\n        <div class=\"collapse-block\">\r\n            <div class=\"card-header\" role=\"tab\" id=\"headingf9a008b248f70a56041f6e133827072ecd839ba9\">\r\n                                        <p data-toggle=\"collapse\" href=\"#collapsef9a008b248f70a56041f6e133827072ecd839ba9\" aria-controls=\"collapsef9a008b248f70a56041f6e133827072ecd839ba9\">\r\n                            bez n\u00e1zvu | kolektiv \u010desko-polsk\u00fdch autor\u016f                            <i class=\"fa fa-2x fa-angle-down\" aria-hidden=\"true\"><\/i>\r\n                        <\/p>\r\n                                \r\n            <\/div>\r\n\r\n            <div id=\"collapsef9a008b248f70a56041f6e133827072ecd839ba9\" class=\"collapse\" data-id=\"f9a008b248f70a56041f6e133827072ecd839ba9\" role=\"tabpanel\" aria-labelledby=\"headingf9a008b248f70a56041f6e133827072ecd839ba9\">\r\n                <div class=\"card-block\">\r\n    \r\n<p><em>2020, mural art<\/em><br \/>\r\n<em>Tusarova 42<\/em><\/p>\r\n<p>P\u0159ipom\u00ednka vznik hnut\u00ed Solidarita v\u00a0roce 1980. Na \u010desk\u00e9 stran\u011b um\u011bleck\u00fd n\u00e1vrh tvo\u0159ili Marek Kulhav\u00fd, Aliona Baranova a&nbsp;Barbora Idesov\u00e1, na polsk\u00e9 pak Olga Fedirko, Kinga Offert, Kasia Majewska a&nbsp;Karol Banach.<\/p>\r\n<p><a href=\"https:\/\/www.praha7.cz\/temata\/art-district-7\/umeni-ve-verejnem-prostoru\/cesko-polsky-mural\/\" rel=\"attachment wp-att-52567\"><img loading=\"lazy\" src=\"https:\/\/www.praha7.cz\/wp-content\/uploads\/2021\/11\/\u010desko-polsk\u00fd-mural-200x200.jpg\" alt=\"\" width=\"200\" height=\"200\" class=\"alignnone size-thumbnail wp-image-52567\" \/><\/a><\/p>\r\n                <\/div>\r\n            <\/div>\r\n        <\/div>\r\n    \r\n        <div class=\"collapse-block\">\r\n            <div class=\"card-header\" role=\"tab\" id=\"heading79346098e880e79ec85a079c256fc644d6e19c1d\">\r\n                                        <p data-toggle=\"collapse\" href=\"#collapse79346098e880e79ec85a079c256fc644d6e19c1d\" aria-controls=\"collapse79346098e880e79ec85a079c256fc644d6e19c1d\">\r\n                            bez n\u00e1zvu | Dede Bandaid a Nitzan Mintz                            <i class=\"fa fa-2x fa-angle-down\" aria-hidden=\"true\"><\/i>\r\n                        <\/p>\r\n                                \r\n            <\/div>\r\n\r\n            <div id=\"collapse79346098e880e79ec85a079c256fc644d6e19c1d\" class=\"collapse\" data-id=\"79346098e880e79ec85a079c256fc644d6e19c1d\" role=\"tabpanel\" aria-labelledby=\"heading79346098e880e79ec85a079c256fc644d6e19c1d\">\r\n                <div class=\"card-block\">\r\n    \r\n<p><em>2021, mural art<\/em><br \/>\r\n<em>Komunard\u016f 1516<\/em><\/p>\r\n<p>Malbu tvo\u0159\u00ed b\u00e1se\u0148 Nitzan Mintz, kter\u00e1 je dopln\u011bn\u00e1 o&nbsp;velkoplo\u0161nou malbu Dedeho Bandaida.<\/p>\r\n<p><a href=\"https:\/\/www.praha7.cz\/temata\/art-district-7\/umeni-ve-verejnem-prostoru\/izraelsky-mural\/\" rel=\"attachment wp-att-52568\"><img loading=\"lazy\" src=\"https:\/\/www.praha7.cz\/wp-content\/uploads\/2021\/11\/izraelsk\u00fd-mural-200x200.jpg\" alt=\"\" width=\"200\" height=\"200\" class=\"alignnone size-thumbnail wp-image-52568\" \/><\/a><\/p>\r\n                <\/div>\r\n            <\/div>\r\n        <\/div>\r\n    \r\n<p>&nbsp;<\/p>\r\n<p><span style=\"font-size: 20px;\"><strong>Um\u011bn\u00ed zmizel\u00e9<\/strong><\/span><\/p>\r\n<p>&nbsp;<\/p>\r\n        <div class=\"collapse-block\">\r\n            <div class=\"card-header\" role=\"tab\" id=\"heading655ebe7cd35420593be2baec4a02bdf4082a7461\">\r\n                                        <p data-toggle=\"collapse\" href=\"#collapse655ebe7cd35420593be2baec4a02bdf4082a7461\" aria-controls=\"collapse655ebe7cd35420593be2baec4a02bdf4082a7461\">\r\n                            Hern\u00ed prvky | Magdalena Jetelov\u00e1                            <i class=\"fa fa-2x fa-angle-down\" aria-hidden=\"true\"><\/i>\r\n                        <\/p>\r\n                                \r\n            <\/div>\r\n\r\n            <div id=\"collapse655ebe7cd35420593be2baec4a02bdf4082a7461\" class=\"collapse\" data-id=\"655ebe7cd35420593be2baec4a02bdf4082a7461\" role=\"tabpanel\" aria-labelledby=\"heading655ebe7cd35420593be2baec4a02bdf4082a7461\">\r\n                <div class=\"card-block\">\r\n    \r\n<p>Hern\u00ed prvky vytvo\u0159en\u00e9 v&nbsp;roce 1984 pro nov\u00e9 jesle. Tvo\u0159ila je \u010dtve\u0159ice abstraktn\u00edch zv\u00ed\u0159ec\u00edch figur vy\u0159ezan\u00fdch ze d\u0159eva. Po zru\u0161en\u00ed jesl\u00ed v&nbsp;are\u00e1lu (Kosteln\u00ed 9) byly hern\u00ed prvky odstran\u011bny.\u00a0<\/p>\r\n                <\/div>\r\n            <\/div>\r\n        <\/div>\r\n    \r\n        <div class=\"collapse-block\">\r\n            <div class=\"card-header\" role=\"tab\" id=\"heading6b24385abf5f588003d6e07be97c99d5c10b8b1e\">\r\n                                        <p data-toggle=\"collapse\" href=\"#collapse6b24385abf5f588003d6e07be97c99d5c10b8b1e\" aria-controls=\"collapse6b24385abf5f588003d6e07be97c99d5c10b8b1e\">\r\n                            D\u00edvka| Marta Jir\u00e1skov\u00e1                            <i class=\"fa fa-2x fa-angle-down\" aria-hidden=\"true\"><\/i>\r\n                        <\/p>\r\n                                \r\n            <\/div>\r\n\r\n            <div id=\"collapse6b24385abf5f588003d6e07be97c99d5c10b8b1e\" class=\"collapse\" data-id=\"6b24385abf5f588003d6e07be97c99d5c10b8b1e\" role=\"tabpanel\" aria-labelledby=\"heading6b24385abf5f588003d6e07be97c99d5c10b8b1e\">\r\n                <div class=\"card-block\">\r\n    \r\n<p>Bronzov\u00e1 plastiky nah\u00e9 stoj\u00edc\u00ed d\u00edvky je d\u00edlem socha\u0159ky Marty Jir\u00e1skov\u00e9-Havl\u00ed\u010dkov\u00e9 z&nbsp;roku 1938. Socha byla do roku 1999 osazena na kv\u00e1drov\u00e9m podstavci v&nbsp;Letensk\u00fdch sadech. N\u00e1sledn\u011b, vzhledem ke stavu b\u00fdval\u00e9 restaurace EXPO 58, byla ulo\u017eena do depozit\u00e1\u0159e GHMP.<\/p>\r\n                <\/div>\r\n            <\/div>\r\n        <\/div>\r\n    \r\n        <div class=\"collapse-block\">\r\n            <div class=\"card-header\" role=\"tab\" id=\"headingd18e7db222b5d6d105c1671e07cb52fe33697fe6\">\r\n                                        <p data-toggle=\"collapse\" href=\"#collapsed18e7db222b5d6d105c1671e07cb52fe33697fe6\" aria-controls=\"collapsed18e7db222b5d6d105c1671e07cb52fe33697fe6\">\r\n                            Sputnik | Zden\u011bk N\u011bme\u010dek                             <i class=\"fa fa-2x fa-angle-down\" aria-hidden=\"true\"><\/i>\r\n                        <\/p>\r\n                                \r\n            <\/div>\r\n\r\n            <div id=\"collapsed18e7db222b5d6d105c1671e07cb52fe33697fe6\" class=\"collapse\" data-id=\"d18e7db222b5d6d105c1671e07cb52fe33697fe6\" role=\"tabpanel\" aria-labelledby=\"headingd18e7db222b5d6d105c1671e07cb52fe33697fe6\">\r\n                <div class=\"card-block\">\r\n    \r\n<p>Prol\u00e9za\u010dka pro d\u011bti byla inspirov\u00e1na sov\u011btskou dru\u017eic\u00ed. Betonov\u00e1 koule byla osazena v&nbsp;roce 1960, o&nbsp;necel\u00e9 p\u016fl stolet\u00ed pozd\u011bji, v&nbsp;roce 2003, byl Sputnik z&nbsp;bezpe\u010dnostn\u00edch d\u016fvod\u016f znep\u0159\u00edstupn\u011bn a&nbsp;ze Stromovky odstran\u011bn. P\u0159ed likvidac\u00ed jej zachr\u00e1nil \u010desk\u00fd sb\u011bratel, kter\u00fd plastiku na vlastn\u00ed n\u00e1klady p\u0159est\u011bhoval na sv\u016fj pozemek.<\/p>\r\n                <\/div>\r\n            <\/div>\r\n        <\/div>\r\n    \r\n        <div class=\"collapse-block\">\r\n            <div class=\"card-header\" role=\"tab\" id=\"heading7175d83d382875cc5dd483aaf2d8d8954bee55f9\">\r\n                                        <p data-toggle=\"collapse\" href=\"#collapse7175d83d382875cc5dd483aaf2d8d8954bee55f9\" aria-controls=\"collapse7175d83d382875cc5dd483aaf2d8d8954bee55f9\">\r\n                            Sv\u011btlo a st\u00edn | Ji\u0159\u00ed Nov\u00e1k                            <i class=\"fa fa-2x fa-angle-down\" aria-hidden=\"true\"><\/i>\r\n                        <\/p>\r\n                                \r\n            <\/div>\r\n\r\n            <div id=\"collapse7175d83d382875cc5dd483aaf2d8d8954bee55f9\" class=\"collapse\" data-id=\"7175d83d382875cc5dd483aaf2d8d8954bee55f9\" role=\"tabpanel\" aria-labelledby=\"heading7175d83d382875cc5dd483aaf2d8d8954bee55f9\">\r\n                <div class=\"card-block\">\r\n    \r\n<p>Plastika vznikla pro sout\u011b\u017e na v\u00fdzdobu parku Oddechu a&nbsp;kultury Julia Fu\u010d\u00edka. Osazena byla v&nbsp;roce 1961, z&nbsp;are\u00e1lu pra\u017esk\u00e9ho V\u00fdstavi\u0161t\u011b odstran\u011bna po povodn\u00edch v&nbsp;roce 2002.<\/p>\r\n                <\/div>\r\n            <\/div>\r\n        <\/div>\r\n    \r\n        <div class=\"collapse-block\">\r\n            <div class=\"card-header\" role=\"tab\" id=\"headingafc91e38d15802b3336e38d7733e5fc4e01eec10\">\r\n                                        <p data-toggle=\"collapse\" href=\"#collapseafc91e38d15802b3336e38d7733e5fc4e01eec10\" aria-controls=\"collapseafc91e38d15802b3336e38d7733e5fc4e01eec10\">\r\n                            Sv\u011bteln\u00e1 font\u00e1na | Zden\u011bk Pe\u0161\u00e1nek                            <i class=\"fa fa-2x fa-angle-down\" aria-hidden=\"true\"><\/i>\r\n                        <\/p>\r\n                                \r\n            <\/div>\r\n\r\n            <div id=\"collapseafc91e38d15802b3336e38d7733e5fc4e01eec10\" class=\"collapse\" data-id=\"afc91e38d15802b3336e38d7733e5fc4e01eec10\" role=\"tabpanel\" aria-labelledby=\"headingafc91e38d15802b3336e38d7733e5fc4e01eec10\">\r\n                <div class=\"card-block\">\r\n    \r\n<p>Sv\u011bteln\u00e1 font\u00e1na \u010d\u00edtaj\u00edc\u00ed kolem 600 trysek a&nbsp;barevn\u00fdch reflektor\u016f byla realizov\u00e1na u&nbsp;p\u0159\u00edle\u017eitosti Slovansk\u00e9 zem\u011bd\u011blsk\u00e9 v\u00fdstavy v&nbsp;roce 1948 v&nbsp;Pr\u016fmyslov\u00e9m pal\u00e1ci a&nbsp;na p\u0159ilehl\u00fdch prostranstv\u00edch. Program font\u00e1ny m\u011bl podobu velkorys\u00e9ho audiovizu\u00e1ln\u00edho p\u0159edstaven\u00ed, v&nbsp;n\u011bm\u017e byla podle Pe\u0161\u00e1nkova sc\u00e9n\u00e1\u0159e kombinov\u00e1na recitace b\u00e1sn\u00ed, reprodukce hudby, sv\u011bteln\u00fd a&nbsp;kinetick\u00fd d\u011bj vodn\u00edch sloupc\u016f.<\/p>\r\n                <\/div>\r\n            <\/div>\r\n        <\/div>\r\n    \r\n        <div class=\"collapse-block\">\r\n            <div class=\"card-header\" role=\"tab\" id=\"heading75acf3c6b464a9c5f986ccf89a7a9e643b68a364\">\r\n                                        <p data-toggle=\"collapse\" href=\"#collapse75acf3c6b464a9c5f986ccf89a7a9e643b68a364\" aria-controls=\"collapse75acf3c6b464a9c5f986ccf89a7a9e643b68a364\">\r\n                            Diana a srn\u010d\u00ed rodina | Franti\u0161ek Rous                            <i class=\"fa fa-2x fa-angle-down\" aria-hidden=\"true\"><\/i>\r\n                        <\/p>\r\n                                \r\n            <\/div>\r\n\r\n            <div id=\"collapse75acf3c6b464a9c5f986ccf89a7a9e643b68a364\" class=\"collapse\" data-id=\"75acf3c6b464a9c5f986ccf89a7a9e643b68a364\" role=\"tabpanel\" aria-labelledby=\"heading75acf3c6b464a9c5f986ccf89a7a9e643b68a364\">\r\n                <div class=\"card-block\">\r\n    \r\n<p>Souso\u0161\u00ed z\u00a0roku 1916 p\u0159edstavuje bronzov\u00fd akt d\u00edvky Diany na hranolov\u00e9m mramorov\u00e9m podstavci, u&nbsp;jej\u00ed\u017e nohou je chrt. Na soklu podstavce zdoben\u00e9m \u017eelvami a&nbsp;hady je skupinka srnky se srne\u010dkem a&nbsp;srnce s\u00a0lan\u00ed. Po desetilet\u00ed zdobila Diana \u010d\u00e1st Letensk\u00fdch sad\u016f nad platanovou alej\u00ed u&nbsp;Skaleck\u00e9 ulice. Plastika byla v\u00a090.&nbsp;letech n\u011bkolikr\u00e1t ukradena a&nbsp;nakonec byla odcizena i&nbsp;jej\u00ed kopie. N\u011bkolik posledn\u00edch let se Lucie Svobodov\u00e1 sna\u017e\u00ed realizovat projekt, jeho\u017e z\u00e1m\u011brem je \u00a0obnovit vzpom\u00ednku na Dianu a&nbsp;z\u00e1rove\u0148 znovuo\u017eivit kout nad platanovou alej\u00ed.<\/p>\r\n                <\/div>\r\n            <\/div>\r\n        <\/div>\r\n    \r\n        <div class=\"collapse-block\">\r\n            <div class=\"card-header\" role=\"tab\" id=\"headingb49413bac3bc42f4d4b5b9a361c06df167ff4e6e\">\r\n                                        <p data-toggle=\"collapse\" href=\"#collapseb49413bac3bc42f4d4b5b9a361c06df167ff4e6e\" aria-controls=\"collapseb49413bac3bc42f4d4b5b9a361c06df167ff4e6e\">\r\n                            D\u011btsk\u00e1 postava | Pavla Svobodov\u00e1                            <i class=\"fa fa-2x fa-angle-down\" aria-hidden=\"true\"><\/i>\r\n                        <\/p>\r\n                                \r\n            <\/div>\r\n\r\n            <div id=\"collapseb49413bac3bc42f4d4b5b9a361c06df167ff4e6e\" class=\"collapse\" data-id=\"b49413bac3bc42f4d4b5b9a361c06df167ff4e6e\" role=\"tabpanel\" aria-labelledby=\"headingb49413bac3bc42f4d4b5b9a361c06df167ff4e6e\">\r\n                <div class=\"card-block\">\r\n    \r\n<p>Bronzov\u00e1 socha z&nbsp;roku 1979 st\u00e1la na pozemku b\u00fdval\u00e9 \u0161kolky ve vnitrobloku v&nbsp;ulici Schnirchova. Odstran\u011bna byla v&nbsp;roce 2013.<\/p>\r\n                <\/div>\r\n            <\/div>\r\n        <\/div>\r\n    \r\n        <div class=\"collapse-block\">\r\n            <div class=\"card-header\" role=\"tab\" id=\"heading11d9b37d6633ddd8ff213f4c001767ad0bb4d615\">\r\n                                        <p data-toggle=\"collapse\" href=\"#collapse11d9b37d6633ddd8ff213f4c001767ad0bb4d615\" aria-controls=\"collapse11d9b37d6633ddd8ff213f4c001767ad0bb4d615\">\r\n                            Julius Fu\u010d\u00edk | Miloslav \u0160onka                            <i class=\"fa fa-2x fa-angle-down\" aria-hidden=\"true\"><\/i>\r\n                        <\/p>\r\n                                \r\n            <\/div>\r\n\r\n            <div id=\"collapse11d9b37d6633ddd8ff213f4c001767ad0bb4d615\" class=\"collapse\" data-id=\"11d9b37d6633ddd8ff213f4c001767ad0bb4d615\" role=\"tabpanel\" aria-labelledby=\"heading11d9b37d6633ddd8ff213f4c001767ad0bb4d615\">\r\n                <div class=\"card-block\">\r\n    \r\n<p>Socha od roku 1979 v\u00edtala n\u00e1v\u0161t\u011bvn\u00edky Parku kultury a&nbsp;oddechu Julia Fu\u010d\u00edka. Socha byla po roce 1989 odstran\u011bna, ulo\u017eena do depozit\u00e1\u0159e GHMP a&nbsp;v&nbsp;roce 2013 u&nbsp;p\u0159\u00edle\u017eitosti 120.&nbsp;v\u00fdro\u010d\u00ed Fu\u010d\u00edkova narozen\u00ed znovuodhalena na Ol\u0161ansk\u00fdch h\u0159bitovech.<\/p>\r\n                <\/div>\r\n            <\/div>\r\n        <\/div>\r\n    \r\n        <div class=\"collapse-block\">\r\n            <div class=\"card-header\" role=\"tab\" id=\"headingd64a9feda468c3f3170a9b328d03aca99ba68a62\">\r\n                                        <p data-toggle=\"collapse\" href=\"#collapsed64a9feda468c3f3170a9b328d03aca99ba68a62\" aria-controls=\"collapsed64a9feda468c3f3170a9b328d03aca99ba68a62\">\r\n                            Stalin\u016fv pomn\u00edk | Otakar \u0160vec                            <i class=\"fa fa-2x fa-angle-down\" aria-hidden=\"true\"><\/i>\r\n                        <\/p>\r\n                                \r\n            <\/div>\r\n\r\n            <div id=\"collapsed64a9feda468c3f3170a9b328d03aca99ba68a62\" class=\"collapse\" data-id=\"d64a9feda468c3f3170a9b328d03aca99ba68a62\" role=\"tabpanel\" aria-labelledby=\"headingd64a9feda468c3f3170a9b328d03aca99ba68a62\">\r\n                <div class=\"card-block\">\r\n    \r\n<p>\u017dulov\u00e9 souso\u0161\u00ed postaven\u00e9 na po\u010dest v\u016fdce Josefa Vissarionovi\u010de Stalina vytvo\u0159il socha\u0159 Otakar \u0160vec. St\u00e1lo v&nbsp;letech 1955-1962 a&nbsp;ve sv\u00e9 dob\u011b bylo nejv\u011bt\u0161\u00edm skupinov\u00fdm souso\u0161\u00edm v&nbsp;Evrop\u011b. D\u00edlo bylo zlikvidov\u00e1no \u010d\u00e1ste\u010dn\u00fdm odst\u0159elem 6.&nbsp;listopadu 1962. Na m\u00edsto odstran\u011bn\u00e9ho pomn\u00edku bylo v&nbsp;roce 1991 instalov\u00e1no ob\u0159\u00ed kinetick\u00e9 kyvadlo, dnes zn\u00e1m\u00e9 jako metronom, od socha\u0159e Vratislava Nov\u00e1ka. Metronom, kter\u00fd autor pojmenoval Stroj \u010dasu, je vysok\u00fd skoro 25 metr\u016f a&nbsp;v\u00e1\u017e\u00ed 7 tun. Instalace kyvadla nemohla b\u00fdt provedena je\u0159\u00e1bem kv\u016fli obav\u00e1m z&nbsp;naru\u0161en\u00e9 statiky podstavce po odst\u0159elen\u00ed Stalinova pomn\u00edku. Proto jej na m\u00edsto osadila ob\u0159\u00ed helikopt\u00e9ra.<\/p>\r\n                <\/div>\r\n            <\/div>\r\n        <\/div>\r\n    \r\n        <div class=\"collapse-block\">\r\n            <div class=\"card-header\" role=\"tab\" id=\"heading5c1ad53def3e24944eaeaa093141cae5f506b109\">\r\n                                        <p data-toggle=\"collapse\" href=\"#collapse5c1ad53def3e24944eaeaa093141cae5f506b109\" aria-controls=\"collapse5c1ad53def3e24944eaeaa093141cae5f506b109\">\r\n                            Babylon P7 | Pavel Du\u0161ek a Josef \u0160m\u00edd                             <i class=\"fa fa-2x fa-angle-down\" aria-hidden=\"true\"><\/i>\r\n                        <\/p>\r\n                                \r\n            <\/div>\r\n\r\n            <div id=\"collapse5c1ad53def3e24944eaeaa093141cae5f506b109\" class=\"collapse\" data-id=\"5c1ad53def3e24944eaeaa093141cae5f506b109\" role=\"tabpanel\" aria-labelledby=\"heading5c1ad53def3e24944eaeaa093141cae5f506b109\">\r\n                <div class=\"card-block\">\r\n    \r\n<p><em>2019, mural art <\/em><br \/>\r\n<em>Metro Vltavsk\u00e1<\/em><\/p>\r\n<p>Nov\u00e1 velkoplo\u0161n\u00e1 malba z\u00a0d\u00edlny mlad\u00fdch v\u00fdtvarn\u00edk\u016f, kter\u00e9 vedle studia na AVU spojuje tak\u00e9 z\u00e1jem o&nbsp;street art. Variabiln\u00ed malba z\u00a0d\u00e1lky funguje jako abstraktn\u00ed obraz, ale p\u0159i bli\u017e\u0161\u00edm pohledu se mezi mraky a&nbsp;mlhou otev\u00edraj\u00ed pr\u016fhled do dal\u0161\u00edch pod-obraz\u016f a&nbsp;sv\u011bt\u016f.\u00a0<\/p>\r\n<p><a href=\"https:\/\/www.praha7.cz\/temata\/art-district-7\/umeni-ve-verejnem-prostoru\/babylon-p7-_-pavel-dusek-a-josef-smid\/\" rel=\"attachment wp-att-44190\"><img loading=\"lazy\" src=\"https:\/\/www.praha7.cz\/wp-content\/uploads\/2020\/12\/Babylon-P7-_-Pavel-Dus\u030cek-a-Josef-S\u030cmi\u0301d-200x200.jpg\" alt=\"\" width=\"200\" height=\"200\" class=\"alignnone wp-image-44190 size-thumbnail\" srcset=\"https:\/\/www.praha7.cz\/wp-content\/uploads\/2020\/12\/Babylon-P7-_-Pavel-Dus\u030cek-a-Josef-S\u030cmi\u0301d-200x200.jpg 200w, https:\/\/www.praha7.cz\/wp-content\/uploads\/2020\/12\/Babylon-P7-_-Pavel-Dus\u030cek-a-Josef-S\u030cmi\u0301d-400x400.jpg 400w, https:\/\/www.praha7.cz\/wp-content\/uploads\/2020\/12\/Babylon-P7-_-Pavel-Dus\u030cek-a-Josef-S\u030cmi\u0301d-768x768.jpg 768w, https:\/\/www.praha7.cz\/wp-content\/uploads\/2020\/12\/Babylon-P7-_-Pavel-Dus\u030cek-a-Josef-S\u030cmi\u0301d-1000x1000.jpg 1000w, https:\/\/www.praha7.cz\/wp-content\/uploads\/2020\/12\/Babylon-P7-_-Pavel-Dus\u030cek-a-Josef-S\u030cmi\u0301d.jpg 1080w\" sizes=\"(max-width: 200px) 100vw, 200px\" \/><\/a><\/p>\r\n                <\/div>\r\n            <\/div>\r\n        <\/div>\r\n    \r\n        <div class=\"collapse-block\">\r\n            <div class=\"card-header\" role=\"tab\" id=\"heading1dc621a56d361ac2bcf517b95f34b52846af6a82\">\r\n                                        <p data-toggle=\"collapse\" href=\"#collapse1dc621a56d361ac2bcf517b95f34b52846af6a82\" aria-controls=\"collapse1dc621a56d361ac2bcf517b95f34b52846af6a82\">\r\n                            c_058 | Pavel Du\u0161ek                              <i class=\"fa fa-2x fa-angle-down\" aria-hidden=\"true\"><\/i>\r\n                        <\/p>\r\n                                \r\n            <\/div>\r\n\r\n            <div id=\"collapse1dc621a56d361ac2bcf517b95f34b52846af6a82\" class=\"collapse\" data-id=\"1dc621a56d361ac2bcf517b95f34b52846af6a82\" role=\"tabpanel\" aria-labelledby=\"heading1dc621a56d361ac2bcf517b95f34b52846af6a82\">\r\n                <div class=\"card-block\">\r\n    \r\n<p><em>2020, beton <\/em><br \/>\r\n<em>Milady Hor\u00e1kov\u00e9<\/em><\/p>\r\n<p>Rozm\u011brn\u00e1 street artov\u00e1 instalace z\u00a0betonu na zdi v\u00a0m\u00edst\u011b odsazen\u00e9 uli\u010dn\u00ed \u010d\u00e1ry na t\u0159\u00edd\u011b Milady Hor\u00e1kov\u00e9 nedaleko Strossmayerova n\u00e1m\u011bst\u00ed.<\/p>\r\n<p><a href=\"https:\/\/www.praha7.cz\/temata\/art-district-7\/umeni-ve-verejnem-prostoru\/c_058-_-pavel-dusek\/\" rel=\"attachment wp-att-44203\"><img loading=\"lazy\" src=\"https:\/\/www.praha7.cz\/wp-content\/uploads\/2020\/12\/c_058-_-Pavel-Dus\u030cek--200x200.jpg\" alt=\"\" width=\"200\" height=\"200\" class=\"alignnone wp-image-44203 size-thumbnail\" srcset=\"https:\/\/www.praha7.cz\/wp-content\/uploads\/2020\/12\/c_058-_-Pavel-Dus\u030cek--200x200.jpg 200w, https:\/\/www.praha7.cz\/wp-content\/uploads\/2020\/12\/c_058-_-Pavel-Dus\u030cek--400x400.jpg 400w, https:\/\/www.praha7.cz\/wp-content\/uploads\/2020\/12\/c_058-_-Pavel-Dus\u030cek--768x768.jpg 768w, https:\/\/www.praha7.cz\/wp-content\/uploads\/2020\/12\/c_058-_-Pavel-Dus\u030cek--1000x1000.jpg 1000w, https:\/\/www.praha7.cz\/wp-content\/uploads\/2020\/12\/c_058-_-Pavel-Dus\u030cek-.jpg 1080w\" sizes=\"(max-width: 200px) 100vw, 200px\" \/><\/a><\/p>\r\n                <\/div>\r\n            <\/div>\r\n        <\/div>\r\n    \r\n<p>&nbsp;<\/p>\r\n<p>P\u0159e\u010dt\u011bte si v\u00edc v&nbsp;\u010dl\u00e1nku\u00a0<a href=\"https:\/\/www.praha7.cz\/umeni-v-ulicich\/\" target=\"_blank\" rel=\"noopener\">Um\u011bn\u00ed v\u00a0ulic\u00edch Prahy\u00a07<\/a>.<\/p>\r\n<hr \/>\r\n<p>P\u0159ehl\u00e9dli jsme n\u011bco? Kontaktujte pros\u00edm\u00a0<a href=\"https:\/\/www.praha7.cz\/radnice\/organizacni-struktura\/odbor-kancelar-starosty-a-tajemnika\/oddeleni-komunikace\/\">odd\u011blen\u00ed komunikace<\/a>. D\u011bkujeme za spolupr\u00e1ci.<\/p>","protected":false},"excerpt":{"rendered":"&nbsp; Um\u011bn\u00ed ve ve\u0159ejn\u00e9m prostoru &nbsp; 1971, osazeno 2009, diorit Letensk\u00e9 sady Socha z\u00a0dioritu byla na sv\u00e9 st\u00e1vaj\u00edc\u00ed m\u00edsto v\u00a0Letensk\u00fdch sadech osazena v\u00a0roce 2009. Odkazuje na nevypo\u010d\u00edtatelnost doby, na skryt\u00e9 schopnosti, kter\u00e9 se mohou i&nbsp;nemusej\u00ed v\u00a0pr\u016fb\u011bhu lidsk\u00e9ho usilov\u00e1n\u00ed rozvinout. 1957, um\u00edst\u011bno 1977, na Letnou osazeno 1990, p\u00edskovec Letensk\u00e9 sady 1957, p\u00edskovec Letensk\u00e9 sady P\u00edskovcov\u00e9 plastiky [&hellip;]","protected":false},"author":76,"featured_media":0,"parent":5491,"menu_order":0,"comment_status":"closed","ping_status":"closed","template":"","meta":[],"_links":{"self":[{"href":"https:\/\/www.praha7.cz\/api\/wp\/v2\/pages\/43852"}],"collection":[{"href":"https:\/\/www.praha7.cz\/api\/wp\/v2\/pages"}],"about":[{"href":"https:\/\/www.praha7.cz\/api\/wp\/v2\/types\/page"}],"author":[{"embeddable":true,"href":"https:\/\/www.praha7.cz\/api\/wp\/v2\/users\/76"}],"replies":[{"embeddable":true,"href":"https:\/\/www.praha7.cz\/api\/wp\/v2\/comments?post=43852"}],"version-history":[{"count":31,"href":"https:\/\/www.praha7.cz\/api\/wp\/v2\/pages\/43852\/revisions"}],"predecessor-version":[{"id":81135,"href":"https:\/\/www.praha7.cz\/api\/wp\/v2\/pages\/43852\/revisions\/81135"}],"up":[{"embeddable":true,"href":"https:\/\/www.praha7.cz\/api\/wp\/v2\/pages\/5491"}],"wp:attachment":[{"href":"https:\/\/www.praha7.cz\/api\/wp\/v2\/media?parent=43852"}],"curies":[{"name":"wp","href":"https:\/\/api.w.org\/{rel}","templated":true}]}}