    
{"id":41475,"date":"2020-09-15T14:14:56","date_gmt":"2020-09-15T12:14:56","guid":{"rendered":"https:\/\/www.praha7.cz\/?page_id=41475"},"modified":"2020-09-30T14:31:22","modified_gmt":"2020-09-30T12:31:22","slug":"primestsky-park-trojska-kotlina-priority-mestskych-casti","status":"publish","type":"page","link":"https:\/\/www.praha7.cz\/temata\/verejny-prostor\/spolecne-pro-trojskou-kotlinu\/primestsky-park-trojska-kotlina-priority-mestskych-casti\/","title":{"rendered":"P\u0159\u00edm\u011bstsk\u00fd park Trojsk\u00e1 kotlina, priority m\u011bstsk\u00fdch \u010d\u00e1st\u00ed"},"content":{"rendered":"<p><em>V\u00edtejte na str\u00e1nk\u00e1ch stezky Trojsk\u00e9 kotliny! Poznejte\u00a0historii tohoto jedine\u010dn\u00e9ho celku nebo se seznamte s\u00a0p\u0159ipravovan\u00fdmi projekty. Mapu v\u0161ech zastaven\u00ed najdete <a href=\"https:\/\/www.praha7.cz\/temata\/verejny-prostor\/spolecne-pro-trojskou-kotlinu\/\">zde<\/a>.<\/em><\/p>\r\n<p>&nbsp;<\/p>\r\n<p>Trojsk\u00e1 kotlina je fragmentovan\u00e9 \u00fazem\u00ed s\u00a0\u0159adou spr\u00e1vc\u016f, majitel\u016f a\u00a0r\u016fznorod\u00fdch z\u00e1jm\u016f. Jedno je ale spojuje, a&nbsp;to je spoluodpov\u011bdnost za cenn\u00e9 krajinn\u00e9 \u00fazem\u00ed. Na to jak o\u00a0takov\u00e9 \u00fazem\u00ed koordinovan\u011b pe\u010dovat hledal odpov\u011bdi evropsk\u00fd projekt Periurban Parks ve Strategii pro rozvoj p\u0159\u00edm\u011bstsk\u00e9 krajiny (Troja 2012). Projekt vytipoval Trojskou kotlinu jako pilotn\u00ed \u00fazem\u00ed pro z\u0159\u00edzen\u00ed m\u00edstn\u00ed spr\u00e1vy, kter\u00e1 by dok\u00e1zala o\u00a0\u00fazem\u00ed v\u00a0katastru \u010dty\u0159 m\u011bstsk\u00fdch \u010d\u00e1st\u00ed spole\u010dn\u011b pe\u010dovat. P\u0159\u00edm\u011bstsk\u00fd park nem\u00e1 dosud v\u00a0\u010desk\u00e9m legislativn\u00edm prost\u0159ed\u00ed pevn\u00fd r\u00e1mec a\u00a0subjektivitu, jako je tomu nap\u0159\u00edklad v\u00a0It\u00e1lii, kde vedle n\u00e1rodn\u00edch park\u016f existuj\u00ed tak\u00e9 parky p\u0159\u00edm\u011bstsk\u00e9.<\/p>\r\n<p>\u2192\u00a0 P\u0159\u00edm\u011bstsk\u00fd park je m\u00edstn\u00ed inicia\u010dn\u00ed a&nbsp;koordina\u010dn\u00ed n\u00e1stroj pro p\u00e9\u010di, ochranu a&nbsp;rozvoj hodnotn\u00e9 krajiny a&nbsp;kulturn\u00edho d\u011bdictv\u00ed Trojsk\u00e9 kotliny.<\/p>\r\n<p>\u2192\u00a0 P\u0159\u00edm\u011bstsk\u00fd park sdru\u017euje akt\u00e9ry, kte\u0159\u00ed maj\u00ed zodpov\u011bdnost za spr\u00e1vu, stav a&nbsp;vyu\u017e\u00edv\u00e1n\u00ed \u00fazem\u00ed a&nbsp;dal\u0161\u00ed akt\u00e9ry, kte\u0159\u00ed sv\u00fdm p\u016fsoben\u00edm spoluvytv\u00e1\u0159ej\u00ed a&nbsp;napl\u0148uj\u00ed vizi pro Trojskou kotlinu.\u00a0<\/p>\r\n<p>\u2192\u00a0 P\u0159\u00edm\u011bstsk\u00fd park m\u00e1 budovat m\u00edstn\u00ed identitu a&nbsp;st\u00e1t se platformou pro rozvoj kulturn\u00edch, vzd\u011bl\u00e1vac\u00edch, soci\u00e1ln\u00edch a&nbsp;sportovn\u00edch aktivit se zapojen\u00edm\u00a0 a&nbsp;podporou m\u00edstn\u00edch akt\u00e9r\u016f.\u00a0<\/p>\r\n<p>1982\u2006\u2013\u20061992: Z\u0159izov\u00e1n\u00ed p\u0159\u00edrodn\u00edch park\u016f a&nbsp;pam\u00e1tek v&nbsp;Trojsk\u00e9 kotlin\u011b (\u200aPP Draha\u0148\u2006\u2013\u2006Troja, Stromovka&#8230;\u200a)<\/p>\r\n<p>2011: Krajin\u00e1\u0159sk\u00e1 studie Troja<\/p>\r\n<p>2012: Strategie pro rozvoj p\u0159\u00edm\u011bstsk\u00e9 krajiny, Projekt Periurban Parks<\/p>\r\n<p>2014: Troja \u010dlenem FEDENATUR \u2013 asociace sdru\u017euj\u00edc\u00ed evropsk\u00e9 p\u0159\u00edm\u011bstsk\u00e9 parky<\/p>\r\n<p>2015: Sout\u011b\u017en\u00ed workshop Koncepce C\u00edsa\u0159sk\u00e9ho ostrova<\/p>\r\n<p>2016: Obnova sou\u017eit\u00ed s&nbsp;\u0159ekou, v\u00fdstava, pl\u00e1novac\u00ed setk\u00e1n\u00ed a&nbsp;vzd\u011bl\u00e1vac\u00ed hra<\/p>\r\n<p>2017: Troja \u010dlenem EUROPARC; Memorandum o&nbsp;spolupr\u00e1ci na rozvoji, budouc\u00edm vyu\u017eit\u00ed a&nbsp;spr\u00e1v\u011b Trojsk\u00e9 kotliny; Schv\u00e1len\u00ed koncepce C\u00edsa\u0159sk\u00e9ho ostrova<\/p>\r\n<p>2018: zalo\u017een P\u0159\u00edm\u011bstsk\u00fd park Trojsk\u00e1 kotlina, z.s.<\/p>\r\n<p>2019 \u2013 2020: Den pro Trojskou kotlinu, zpracov\u00e1n\u00ed projekt\u016f revitalizace a&nbsp;PPO Trojsk\u00e9 kotliny (IPR Praha)<\/p>\r\n<p>od 2021: definov\u00e1n\u00ed \u00fazem\u00ed a&nbsp;dal\u0161\u00edch partner\u016f, vznik kancel\u00e1\u0159e, zaji\u0161t\u011bn\u00ed financov\u00e1n\u00ed, rozpracov\u00e1n\u00ed strategie\u00a0<\/p>\r\n<p>parku, realizace pilotn\u00edch aktivit a&nbsp;projekt\u016f<\/p>\r\n<p><a href=\"https:\/\/www.praha7.cz\/temata\/verejny-prostor\/spolecne-pro-trojskou-kotlinu\/primestsky-park-trojska-kotlina-priority-mestskych-casti\/hranice-primetskeho-parku-tk\/\" rel=\"attachment wp-att-41627\"><img loading=\"lazy\" src=\"https:\/\/www.praha7.cz\/wp-content\/uploads\/2020\/09\/hranice-primetskeho-parku-TK.jpg\" alt=\"\" width=\"1418\" height=\"992\" class=\"alignnone size-full wp-image-41627\" srcset=\"https:\/\/www.praha7.cz\/wp-content\/uploads\/2020\/09\/hranice-primetskeho-parku-TK.jpg 1418w, https:\/\/www.praha7.cz\/wp-content\/uploads\/2020\/09\/hranice-primetskeho-parku-TK-572x400.jpg 572w, https:\/\/www.praha7.cz\/wp-content\/uploads\/2020\/09\/hranice-primetskeho-parku-TK-768x537.jpg 768w\" sizes=\"(max-width: 1418px) 100vw, 1418px\" \/><\/a><\/p>\r\n<hr \/>\r\n<p><strong>Priority m\u011bstsk\u00fdch \u010d\u00e1st\u00ed<\/strong><br \/>\r\nP\u0159\u00edm\u011bstsk\u00fd park Trojsk\u00e1 kotlina byl zalo\u017een a&nbsp;registrov\u00e1n v&nbsp;roku 2018 na z\u00e1klad\u011b spole\u010dn\u00e9ho Memoranda o&nbsp;spolupr\u00e1ci, jako spole\u010dn\u00e1 platforma m\u011bstsk\u00fdch \u010d\u00e1st\u00ed a&nbsp;Koalice pro \u0159eky, podporovan\u00e1 hlavn\u00edm m\u011bstem Prahou pro konkr\u00e9tn\u00ed spolupr\u00e1ci p\u0159i revitalizaci \u0159\u00ed\u010dn\u00ed krajiny a&nbsp;rozvoji Trojsk\u00e9 kotliny.<\/p>\r\n<p>Dal\u0161\u00edm krokem spolupr\u00e1ce m\u011bstsk\u00fdch \u010d\u00e1st\u00ed \u2013 PRAHA 6, PRAHA&nbsp;7, PRAHA 8, PRAHA TROJA \u2013 je p\u0159\u00edprava konkr\u00e9tn\u00edch projekt\u016f a&nbsp;zaji\u0161t\u011bn\u00ed jejich financov\u00e1n\u00ed prost\u0159ednictv\u00edm grant\u016f a&nbsp;dotac\u00ed. \u0158\u00edd\u00edc\u00ed rada by m\u011bla za\u010d\u00edt p\u0159ipravovat tzv. Management pl\u00e1n,kter\u00fd poslou\u017e\u00ed k&nbsp;tomu, aby se rozpl\u00e1novalo a&nbsp;dohodlo v\u0161e, co je pro dlouhodob\u00e9 sm\u011b\u0159ov\u00e1n\u00ed, ka\u017edodenn\u00ed provoz, rozhodov\u00e1n\u00ed, kompetence a&nbsp;pravomoci nezbytn\u00e9.<\/p>\r\n<p><a href=\"https:\/\/www.praha7.cz\/temata\/verejny-prostor\/spolecne-pro-trojskou-kotlinu\/primestsky-park-trojska-kotlina-priority-mestskych-casti\/mapa-mestske-casti\/\" rel=\"attachment wp-att-41610\"><img loading=\"lazy\" src=\"https:\/\/www.praha7.cz\/wp-content\/uploads\/2020\/09\/Mapa-m\u011bstsk\u00e9-\u010d\u00e1sti.jpg\" alt=\"\" width=\"1171\" height=\"797\" class=\"alignnone size-full wp-image-41610\" srcset=\"https:\/\/www.praha7.cz\/wp-content\/uploads\/2020\/09\/Mapa-m\u011bstsk\u00e9-\u010d\u00e1sti.jpg 1171w, https:\/\/www.praha7.cz\/wp-content\/uploads\/2020\/09\/Mapa-m\u011bstsk\u00e9-\u010d\u00e1sti-588x400.jpg 588w, https:\/\/www.praha7.cz\/wp-content\/uploads\/2020\/09\/Mapa-m\u011bstsk\u00e9-\u010d\u00e1sti-768x523.jpg 768w\" sizes=\"(max-width: 1171px) 100vw, 1171px\" \/><\/a><\/p>","protected":false},"excerpt":{"rendered":"V\u00edtejte na str\u00e1nk\u00e1ch stezky Trojsk\u00e9 kotliny! Poznejte\u00a0historii tohoto jedine\u010dn\u00e9ho celku nebo se seznamte s\u00a0p\u0159ipravovan\u00fdmi projekty. Mapu v\u0161ech zastaven\u00ed najdete zde. &nbsp; Trojsk\u00e1 kotlina je fragmentovan\u00e9 \u00fazem\u00ed s\u00a0\u0159adou spr\u00e1vc\u016f, majitel\u016f a\u00a0r\u016fznorod\u00fdch z\u00e1jm\u016f. Jedno je ale spojuje, a&nbsp;to je spoluodpov\u011bdnost za cenn\u00e9 krajinn\u00e9 \u00fazem\u00ed. Na to jak o\u00a0takov\u00e9 \u00fazem\u00ed koordinovan\u011b pe\u010dovat hledal odpov\u011bdi evropsk\u00fd projekt Periurban Parks [&hellip;]","protected":false},"author":76,"featured_media":0,"parent":41449,"menu_order":0,"comment_status":"closed","ping_status":"closed","template":"","meta":[],"_links":{"self":[{"href":"https:\/\/www.praha7.cz\/api\/wp\/v2\/pages\/41475"}],"collection":[{"href":"https:\/\/www.praha7.cz\/api\/wp\/v2\/pages"}],"about":[{"href":"https:\/\/www.praha7.cz\/api\/wp\/v2\/types\/page"}],"author":[{"embeddable":true,"href":"https:\/\/www.praha7.cz\/api\/wp\/v2\/users\/76"}],"replies":[{"embeddable":true,"href":"https:\/\/www.praha7.cz\/api\/wp\/v2\/comments?post=41475"}],"version-history":[{"count":5,"href":"https:\/\/www.praha7.cz\/api\/wp\/v2\/pages\/41475\/revisions"}],"predecessor-version":[{"id":42255,"href":"https:\/\/www.praha7.cz\/api\/wp\/v2\/pages\/41475\/revisions\/42255"}],"up":[{"embeddable":true,"href":"https:\/\/www.praha7.cz\/api\/wp\/v2\/pages\/41449"}],"wp:attachment":[{"href":"https:\/\/www.praha7.cz\/api\/wp\/v2\/media?parent=41475"}],"curies":[{"name":"wp","href":"https:\/\/api.w.org\/{rel}","templated":true}]}}