    
{"id":41473,"date":"2020-09-15T14:14:03","date_gmt":"2020-09-15T12:14:03","guid":{"rendered":"https:\/\/www.praha7.cz\/?page_id=41473"},"modified":"2020-09-30T14:29:00","modified_gmt":"2020-09-30T12:29:00","slug":"park-vodnich-sportu","status":"publish","type":"page","link":"https:\/\/www.praha7.cz\/temata\/verejny-prostor\/spolecne-pro-trojskou-kotlinu\/park-vodnich-sportu\/","title":{"rendered":"Park vodn\u00edch sport\u016f"},"content":{"rendered":"<p><em>V\u00edtejte na str\u00e1nk\u00e1ch stezky Trojsk\u00e9 kotliny! Poznejte\u00a0historii tohoto jedine\u010dn\u00e9ho celku nebo se seznamte s\u00a0p\u0159ipravovan\u00fdmi projekty. Mapu v\u0161ech zastaven\u00ed najdete <a href=\"https:\/\/www.praha7.cz\/temata\/verejny-prostor\/spolecne-pro-trojskou-kotlinu\/\">zde<\/a>.<\/em><\/p>\r\n<p>&nbsp;<\/p>\r\n<p><strong>Vod\u00e1ck\u00fd kan\u00e1l<\/strong><\/p>\r\n<p>Park je koncipov\u00e1n pro p\u0159\u00edrod\u011b bl\u00edzk\u00e9 rekrea\u010dn\u00ed vyu\u017eit\u00ed, s\u00a0d\u016frazem na vyu\u017eit\u00ed vodn\u00edho prvku (nov\u00e9 slalomov\u00e9 dr\u00e1hy); je navr\u017een zejm\u00e9na pro uspokojov\u00e1n\u00ed pot\u0159eby ka\u017edodenn\u00ed rekreace a\u00a0z\u00e1rove\u0148 umo\u017e\u0148uje p\u0159\u00edle\u017eitostn\u00e9 kon\u00e1n\u00ed hromadn\u00fdch akc\u00ed vrcholov\u00e9ho vodn\u00edho sportu.<\/p>\r\n<p>\u0158e\u0161en\u00e9 \u00fazem\u00ed se nach\u00e1z\u00ed v\u00a0prostorov\u011b komplikovan\u00e9m \u00fazem\u00ed trojsk\u00e9ho \u00fadol\u00ed \u0159eky Vltavy. V\u00a0lokalit\u011b doch\u00e1z\u00ed k\u00a0prol\u00edn\u00e1n\u00ed utilit\u00e1rn\u00edch in\u017een\u00fdrsk\u00fdch a\u00a0 dopravn\u00edch staveb spolu s\u00a0relikty p\u016fvodn\u00ed zaplavovan\u00e9 \u0159\u00ed\u010dn\u00ed nivy. Navr\u017een\u00fd z\u00e1m\u011br by d\u00edky sv\u00e9 centr\u00e1ln\u00ed poloze v\u00a0 \u0161ir\u0161\u00edm p\u00e1su rekrea\u010dn\u00edho \u00fazem\u00ed m\u011bl b\u00fdt inicia\u010dn\u00edm prvkem celistv\u00e9 revitalizace zanedban\u00e9ho \u00fazem\u00ed trojsk\u00e9ho vltavsk\u00e9ho b\u0159ehu.\u00a0<\/p>\r\n<p>Urbanisticko\u2013krajin\u00e1\u0159sk\u00e1 studie sv\u00fdm charakterem podporuje vy\u010dlen\u011bn\u00ed prostoru vltavsk\u00e9 nivy ze souvisle urbanizovan\u00e9ho \u00fazem\u00ed; neobsahuje nov\u011b navrhovan\u00e9 pozemn\u00ed stavby ani prvky charakteristick\u00e9 pro intenzivn\u00ed zele\u0148 vnitrom\u011bstsk\u00fdch park\u016f. D\u011bl\u00ed se na dv\u011b etapy, p\u0159i\u010dem\u017e etapa I\u00a0je tvo\u0159ena novou slalomovou dr\u00e1hou, kter\u00e1 sv\u00fdm obloukem o\u00a0konstantn\u00edm zak\u0159iven\u00ed vytv\u00e1\u0159\u00ed prvek reaguj\u00edc\u00ed na m\u00edrn\u00fd oblouk hlavn\u00edho \u0159\u00ed\u010dn\u00edho koryta, st\u00e1\u010dej\u00edc\u00edho se v\u00a0opa\u010dn\u00e9m sm\u011bru. Morfologie spodn\u00ed \u010d\u00e1sti\u00a0\u2013 \u0159\u00ed\u010dn\u00edho ramena\u00a0\u2013 je pak utv\u00e1\u0159ena meandrovit\u011b, \u010d\u00edm\u017e poskytuje podm\u00ednky pro vznik intimn\u011bj\u0161\u00edho m\u011b\u0159\u00edtka a\u00a0klidn\u011bj\u0161\u00edho vyu\u017eit\u00ed \u00fazem\u00ed.<\/p>\r\n<p><a href=\"https:\/\/www.praha7.cz\/temata\/verejny-prostor\/spolecne-pro-trojskou-kotlinu\/park-vodnich-sportu\/kanal-situace\/\" rel=\"attachment wp-att-41830\"><img loading=\"lazy\" src=\"https:\/\/www.praha7.cz\/wp-content\/uploads\/2020\/09\/Kan\u00e1l-situace-1500x564.jpg\" alt=\"\" width=\"640\" height=\"241\" class=\"alignnone size-large wp-image-41830\" srcset=\"https:\/\/www.praha7.cz\/wp-content\/uploads\/2020\/09\/Kan\u00e1l-situace-1500x564.jpg 1500w, https:\/\/www.praha7.cz\/wp-content\/uploads\/2020\/09\/Kan\u00e1l-situace-600x226.jpg 600w, https:\/\/www.praha7.cz\/wp-content\/uploads\/2020\/09\/Kan\u00e1l-situace-768x289.jpg 768w, https:\/\/www.praha7.cz\/wp-content\/uploads\/2020\/09\/Kan\u00e1l-situace.jpg 1772w\" sizes=\"(max-width: 640px) 100vw, 640px\" \/><\/a><\/p>\r\n<p>Kan\u00e1l situace<\/p>\r\n<p>&nbsp;<\/p>\r\n<p><a href=\"https:\/\/www.praha7.cz\/temata\/verejny-prostor\/spolecne-pro-trojskou-kotlinu\/park-vodnich-sportu\/nadhledova-vizualizace\/\" rel=\"attachment wp-att-41831\"><img loading=\"lazy\" src=\"https:\/\/www.praha7.cz\/wp-content\/uploads\/2020\/09\/Nadhledov\u00e1-vizualizace.jpg\" alt=\"\" width=\"541\" height=\"321\" class=\"alignnone size-full wp-image-41831\" \/><\/a><\/p>\r\n<p>N\u00e1hledov\u00e1 vizualizace<\/p>","protected":false},"excerpt":{"rendered":"V\u00edtejte na str\u00e1nk\u00e1ch stezky Trojsk\u00e9 kotliny! Poznejte\u00a0historii tohoto jedine\u010dn\u00e9ho celku nebo se seznamte s\u00a0p\u0159ipravovan\u00fdmi projekty. Mapu v\u0161ech zastaven\u00ed najdete zde. &nbsp; Vod\u00e1ck\u00fd kan\u00e1l Park je koncipov\u00e1n pro p\u0159\u00edrod\u011b bl\u00edzk\u00e9 rekrea\u010dn\u00ed vyu\u017eit\u00ed, s\u00a0d\u016frazem na vyu\u017eit\u00ed vodn\u00edho prvku (nov\u00e9 slalomov\u00e9 dr\u00e1hy); je navr\u017een zejm\u00e9na pro uspokojov\u00e1n\u00ed pot\u0159eby ka\u017edodenn\u00ed rekreace a\u00a0z\u00e1rove\u0148 umo\u017e\u0148uje p\u0159\u00edle\u017eitostn\u00e9 kon\u00e1n\u00ed hromadn\u00fdch akc\u00ed vrcholov\u00e9ho vodn\u00edho [&hellip;]","protected":false},"author":76,"featured_media":0,"parent":41449,"menu_order":0,"comment_status":"closed","ping_status":"closed","template":"","meta":[],"_links":{"self":[{"href":"https:\/\/www.praha7.cz\/api\/wp\/v2\/pages\/41473"}],"collection":[{"href":"https:\/\/www.praha7.cz\/api\/wp\/v2\/pages"}],"about":[{"href":"https:\/\/www.praha7.cz\/api\/wp\/v2\/types\/page"}],"author":[{"embeddable":true,"href":"https:\/\/www.praha7.cz\/api\/wp\/v2\/users\/76"}],"replies":[{"embeddable":true,"href":"https:\/\/www.praha7.cz\/api\/wp\/v2\/comments?post=41473"}],"version-history":[{"count":4,"href":"https:\/\/www.praha7.cz\/api\/wp\/v2\/pages\/41473\/revisions"}],"predecessor-version":[{"id":42249,"href":"https:\/\/www.praha7.cz\/api\/wp\/v2\/pages\/41473\/revisions\/42249"}],"up":[{"embeddable":true,"href":"https:\/\/www.praha7.cz\/api\/wp\/v2\/pages\/41449"}],"wp:attachment":[{"href":"https:\/\/www.praha7.cz\/api\/wp\/v2\/media?parent=41473"}],"curies":[{"name":"wp","href":"https:\/\/api.w.org\/{rel}","templated":true}]}}