    
{"id":4140,"date":"2017-08-24T10:50:52","date_gmt":"2017-08-24T08:50:52","guid":{"rendered":"https:\/\/praha7.cz\/?page_id=4140"},"modified":"2024-02-28T16:32:23","modified_gmt":"2024-02-28T15:32:23","slug":"komise-pro-otevrenou-radnici-rady-mc-praha-7","status":"publish","type":"page","link":"https:\/\/www.praha7.cz\/radnice\/voleni-zastupci-mistni-samospravy\/rada-mc-praha-7\/archiv-komisi-a-vyboru-2014-2018\/komise-pro-otevrenou-radnici-rady-mc-praha-7\/","title":{"rendered":"Komise pro otev\u0159enou radnici Rady M\u010c Praha&nbsp;7 (2014-2018)"},"content":{"rendered":"<h1>\u010clenov\u00e9 komise:<\/h1>\r\n<p><strong>P\u0159edseda:\u00a0<\/strong>Ond\u0159ej Profant<br \/>\r\n<strong>M\u00edstop\u0159edseda:\u00a0<\/strong>Pavel Zelenka<br \/>\r\n<strong>Tajemn\u00edk:<\/strong>\u00a0<br \/>\r\n<strong>\u010clenov\u00e9:\u00a0<\/strong>Bc. Pavel Hryzl\u00edk,\u00a0Hana Holubkovov\u00e1, Filip Bla\u017eek, Ing. Ji\u0159\u00ed \u0160ilh\u00e1n, Ing. Ji\u0159\u00ed Kub\u00ed\u010dek<\/p>\r\n<p>&nbsp;<\/p>\r\n<h1>P\u0159ehled zased\u00e1n\u00ed:<\/h1>\r\n<p><strong>Term\u00edny jedn\u00e1n\u00ed<\/strong> &#8211; m\u00edstnost \u010d. 227<\/p>\r\n        <div class=\"collapse-block\">\r\n            <div class=\"card-header\" role=\"tab\" id=\"headingfac1c543607538a5af4c5fcc7b2a7020e1c58b3b\">\r\n                                    <h3 class=\"mb-0\">\r\n                        <a data-toggle=\"collapse\" href=\"#collapsefac1c543607538a5af4c5fcc7b2a7020e1c58b3b\" aria-controls=\"collapsefac1c543607538a5af4c5fcc7b2a7020e1c58b3b\">\r\n                            Rok 2015                            <i class=\"fa fa-2x fa-angle-down\" aria-hidden=\"true\"><\/i>\r\n                        <\/a>\r\n                    <\/h3>\r\n                                \r\n            <\/div>\r\n\r\n            <div id=\"collapsefac1c543607538a5af4c5fcc7b2a7020e1c58b3b\" class=\"collapse\" data-id=\"fac1c543607538a5af4c5fcc7b2a7020e1c58b3b\" role=\"tabpanel\" aria-labelledby=\"headingfac1c543607538a5af4c5fcc7b2a7020e1c58b3b\">\r\n                <div class=\"card-block\">\r\n    \r\n<p>Leden (26.&nbsp;1.)<\/p>\r\n<ul>\r\n\t<li><a href=\"https:\/\/praha7.cz\/wp-content\/uploads\/2017\/08\/Zapis_KOR1.pdf\">Z\u00e1pis z&nbsp;jedn\u00e1n\u00ed.pdf<\/a><\/li>\r\n<\/ul>\r\n<p>\u00danor (23.&nbsp;2.)<\/p>\r\n<ul>\r\n\t<li><strong><em>zru\u0161eno<\/em><\/strong><\/li>\r\n<\/ul>\r\n<p>B\u0159ezen (30.&nbsp;3.)<\/p>\r\n<ul>\r\n\t<li><a href=\"https:\/\/praha7.cz\/wp-content\/uploads\/2017\/08\/z\u00e1pis_KOR3.pdf\">Z\u00e1pis z&nbsp;jedn\u00e1n\u00ed.pdf<\/a><\/li>\r\n<\/ul>\r\n<p>Duben (20.&nbsp;4.)<\/p>\r\n<ul>\r\n\t<li><a href=\"https:\/\/praha7.cz\/wp-content\/uploads\/2017\/08\/Zapis_KOR4.pdf\">Z\u00e1pis z&nbsp;jedn\u00e1n\u00ed.pdf<\/a><\/li>\r\n<\/ul>\r\n<p>Kv\u011bten (18.&nbsp;5.)<\/p>\r\n<ul>\r\n\t<li>\u00a0<\/li>\r\n<\/ul>\r\n<p>\u010cerven (29.&nbsp;6.)<\/p>\r\n<ul>\r\n\t<li>\u00a0<\/li>\r\n<\/ul>\r\n                <\/div>\r\n            <\/div>\r\n        <\/div>\r\n    ","protected":false},"excerpt":{"rendered":"\u010clenov\u00e9 komise: P\u0159edseda:\u00a0Ond\u0159ej Profant M\u00edstop\u0159edseda:\u00a0Pavel Zelenka Tajemn\u00edk:\u00a0 \u010clenov\u00e9:\u00a0Bc. Pavel Hryzl\u00edk,\u00a0Hana Holubkovov\u00e1, Filip Bla\u017eek, Ing. Ji\u0159\u00ed \u0160ilh\u00e1n, Ing. Ji\u0159\u00ed Kub\u00ed\u010dek &nbsp; P\u0159ehled zased\u00e1n\u00ed: Term\u00edny jedn\u00e1n\u00ed &#8211; m\u00edstnost \u010d. 227 Leden (26.&nbsp;1.) Z\u00e1pis z&nbsp;jedn\u00e1n\u00ed.pdf \u00danor (23.&nbsp;2.) zru\u0161eno B\u0159ezen (30.&nbsp;3.) Z\u00e1pis z&nbsp;jedn\u00e1n\u00ed.pdf Duben (20.&nbsp;4.) Z\u00e1pis z&nbsp;jedn\u00e1n\u00ed.pdf Kv\u011bten (18.&nbsp;5.) \u00a0 \u010cerven (29.&nbsp;6.) \u00a0","protected":false},"author":2,"featured_media":0,"parent":21166,"menu_order":0,"comment_status":"closed","ping_status":"closed","template":"","meta":[],"_links":{"self":[{"href":"https:\/\/www.praha7.cz\/api\/wp\/v2\/pages\/4140"}],"collection":[{"href":"https:\/\/www.praha7.cz\/api\/wp\/v2\/pages"}],"about":[{"href":"https:\/\/www.praha7.cz\/api\/wp\/v2\/types\/page"}],"author":[{"embeddable":true,"href":"https:\/\/www.praha7.cz\/api\/wp\/v2\/users\/2"}],"replies":[{"embeddable":true,"href":"https:\/\/www.praha7.cz\/api\/wp\/v2\/comments?post=4140"}],"version-history":[{"count":6,"href":"https:\/\/www.praha7.cz\/api\/wp\/v2\/pages\/4140\/revisions"}],"predecessor-version":[{"id":74029,"href":"https:\/\/www.praha7.cz\/api\/wp\/v2\/pages\/4140\/revisions\/74029"}],"up":[{"embeddable":true,"href":"https:\/\/www.praha7.cz\/api\/wp\/v2\/pages\/21166"}],"wp:attachment":[{"href":"https:\/\/www.praha7.cz\/api\/wp\/v2\/media?parent=4140"}],"curies":[{"name":"wp","href":"https:\/\/api.w.org\/{rel}","templated":true}]}}