    
{"id":41175,"date":"2020-09-09T16:32:48","date_gmt":"2020-09-09T14:32:48","guid":{"rendered":"https:\/\/www.praha7.cz\/?page_id=41175"},"modified":"2024-06-10T15:02:53","modified_gmt":"2024-06-10T13:02:53","slug":"verejna-podpora-a-podpora-de-minimis","status":"publish","type":"page","link":"https:\/\/www.praha7.cz\/potrebuji-zaridit\/dotace\/verejna-podpora-a-podpora-de-minimis\/","title":{"rendered":"Ve\u0159ejn\u00e1 podpora a&nbsp;podpora De minimis"},"content":{"rendered":"<p><strong><span style=\"color: #0000ff;\">VE\u0158EJN\u00c1 PODPORA<\/span><br \/>\r\n<\/strong>Podle \u010dl. 107 odst. 1 Smlouvy o&nbsp;fungov\u00e1n\u00ed Evropsk\u00e9 unie podpory poskytovan\u00e9 v&nbsp;jak\u00e9koli form\u011b st\u00e1tem nebo ze st\u00e1tn\u00edch prost\u0159edk\u016f, kter\u00e9 naru\u0161uj\u00ed nebo mohou naru\u0161it hospod\u00e1\u0159skou sout\u011b\u017e t\u00edm, \u017ee zv\u00fdhod\u0148uj\u00ed ur\u010dit\u00e9 podniky nebo ur\u010dit\u00e1 odv\u011btv\u00ed v\u00fdroby, jsou, pokud ovliv\u0148uj\u00ed obchod mezi \u010dlensk\u00fdmi st\u00e1ty, neslu\u010diteln\u00e9 s&nbsp;vnit\u0159n\u00edm trhem, nestanov\u00ed-li Smlouvy jinak.<\/p>\r\n<p><strong>4 defini\u010dn\u00ed znaky ve\u0159ejn\u00e9 podpory<\/strong><br \/>\r\nNa z\u00e1klad\u011b uveden\u00e9 definice je nutn\u00e9 u&nbsp;ve\u0159ejn\u00e9 podpory zkoumat 4 z\u00e1kladn\u00ed krit\u00e9ria definice ve\u0159ejn\u00e9 podpory:<\/p>\r\n<ul>\r\n\t<li>podpora je poskytnuta st\u00e1tem nebo z\u00a0ve\u0159ejn\u00fdch prost\u0159edk\u016f<\/li>\r\n\t<li>podpora zv\u00fdhod\u0148uje ur\u010dit\u00e9 podniky nebo ur\u010dit\u00e1 odv\u011btv\u00ed podnik\u00e1n\u00ed a&nbsp;je selektivn\u00ed<\/li>\r\n\t<li>je ovlivn\u011bn obchod mezi \u010dlensk\u00fdmi st\u00e1ty a<\/li>\r\n\t<li>je naru\u0161ena nebo hroz\u00ed naru\u0161en\u00ed sout\u011b\u017ee.\u00a0<\/li>\r\n<\/ul>\r\n<p>Ve\u0159ejn\u00e1 podpora je <strong>obecn\u011b zak\u00e1z\u00e1na<\/strong>. Jej\u00ed poskytnut\u00ed je mo\u017en\u00e9 tehdy, pokud najdeme pr\u00e1vn\u00ed titul (v\u00fdjimku) k\u00a0jej\u00edmu leg\u00e1ln\u00edmu poskytnut\u00ed. Mezi takov\u00e9 v\u00fdjimky m\u016f\u017eeme za\u0159adit nap\u0159\u00edklad poskytov\u00e1n\u00ed podpory ve form\u011b podpory de minimis, region\u00e1ln\u00ed podpory \u010di vyrovn\u00e1vac\u00ed platby za v\u00fdkon ve\u0159ejn\u00e9 slu\u017eby v\u00a0souladu s\u00a0p\u0159\u00edslu\u0161n\u00fdmi pravidly.<\/p>\r\n<p>Podrobn\u00e9 informace k\u00a0ve\u0159ejn\u00e9 podpo\u0159e <a href=\"https:\/\/www.uohs.cz\/cs\/verejna-podpora.html\">zde<\/a>.<\/p>\r\n<hr \/>\r\n<p><span style=\"color: #0000ff;\"><strong>PODPORA DE MINIMIS<\/strong><\/span><br \/>\r\nPodpora de minimis (nebo tak\u00e9 podpora mal\u00e9ho rozsahu) nen\u00ed pova\u017eov\u00e1na za \u201eve\u0159ejnou podporu\u201c, proto\u017ee vzhledem k\u00a0jej\u00ed n\u00edzk\u00e9 \u010d\u00e1stce m\u00e1 Evropsk\u00e1 komise za to, \u017ee nenapl\u0148uje posledn\u00ed dva znaky definice ve\u0159ejn\u00e9 podpory \u2013 nem\u011bla by ovlivnit obchod a\u00a0naru\u0161it hospod\u00e1\u0159skou sout\u011b\u017e mezi \u010dlensk\u00fdmi st\u00e1ty.<\/p>\r\n<p>Podpora de\u00a0minimis dle na\u0159\u00edzen\u00ed \u010d. 2023\/2831 je omezena na limit\u00a0<strong>300\u00a0000 eur\u00a0<\/strong>pro\u00a0<a href=\"https:\/\/www.praha7.cz\/wp-content\/uploads\/2024\/06\/Prirucka_k_pojmu_jeden_podnik_rev_01_06_-2024.pdf\" target=\"_blank\" rel=\"noopener\">jeden podnik<\/a>\u00a0v\u00a0<strong>t\u0159\u00edlet\u00e9m obdob\u00ed<\/strong>, kter\u00e9 se posuzuje pr\u016fb\u011b\u017en\u011b\u00a0(tj. p\u0159i poskytnut\u00ed podpory se sleduj\u00ed podpory de minimis, kter\u00e9 jeden podnik obdr\u017eel v\u00a0obdob\u00ed t\u0159\u00ed let p\u0159edch\u00e1zej\u00edc\u00edch dni poskytnut\u00ed podpory). Podpora de minimis\u00a0<strong>se pova\u017euje za poskytnutou<\/strong>\u00a0ke dni, kdy pr\u00e1vn\u00ed akt zakl\u00e1daj\u00edc\u00ed jej\u00ed poskytnut\u00ed nabude pr\u00e1vn\u00ed moci \u010di \u00fa\u010dinnosti.<\/p>\r\n<p>Pro p\u0159epo\u010det \u010d\u00e1stky podpory de minimis z\u00a0EUR na K\u010d se pou\u017e\u00edv\u00e1 kurz Evropsk\u00e9 centr\u00e1ln\u00ed banky platn\u00fd ke dni poskytnut\u00ed podpory de\u00a0minimis.<\/p>\r\n<p>Podporu de minimis dle na\u0159\u00edzen\u00ed \u010d. 2023\/2831 nelze poskytnout:\u00a0<\/p>\r\n<ul>\r\n\t<li>v oblasti prvov\u00fdroby produkt\u016f rybolovu a&nbsp;akvakultury;<\/li>\r\n\t<li>podnik\u016fm \u010dinn\u00fdm v&nbsp;odv\u011btv\u00ed zpracov\u00e1n\u00ed produkt\u016f rybolovu a&nbsp;akvakultury a&nbsp;jejich uv\u00e1d\u011bn\u00ed na trh, a&nbsp;to za stanoven\u00fdch podm\u00ednek;<\/li>\r\n\t<li>v oblasti prvov\u00fdroby zem\u011bd\u011blsk\u00fdch produkt\u016f uveden\u00fdch v&nbsp;p\u0159\u00edloze I&nbsp;Smlouvy o&nbsp;fungov\u00e1n\u00ed Evropsk\u00e9 unie;<\/li>\r\n\t<li>podnik\u016fm \u010dinn\u00fdm v&nbsp;odv\u011btv\u00ed zpracov\u00e1v\u00e1n\u00ed zem\u011bd\u011blsk\u00fdch produkt\u016f a&nbsp;jejich uv\u00e1d\u011bn\u00ed na trh, a&nbsp;to za stanoven\u00fdch podm\u00ednek;<\/li>\r\n\t<li>na podporu exportu a&nbsp;podpory podmi\u0148uj\u00edc\u00ed pou\u017eit\u00ed dom\u00e1c\u00edho zbo\u017e\u00ed na \u00fakor dov\u00e1\u017een\u00e9ho zbo\u017e\u00ed.<\/li>\r\n<\/ul>\r\n<p>Poskytovatel\u00e9 podpory de minimis maj\u00ed povinnost zaznamenat p\u0159edepsan\u00e9 \u00fadaje o&nbsp;poskytnut\u00e9 podpo\u0159e de minimis do centr\u00e1ln\u00edho <a href=\"https:\/\/uohs.gov.cz\/cs\/verejna-podpora\/podpora-de-minimis-a-registr-de-minimis\/centralni-registr-podpor-maleho-rozsahu.html\" target=\"_blank\" rel=\"noopener\">registru de minimis<\/a>. Z\u00e1konn\u00e1 lh\u016fta pro z\u00e1znam je p\u011bt pracovn\u00edch dn\u00ed ode dne poskytnut\u00ed podpory de minimis p\u0159\u00edjemci.<\/p>\r\n<p>Kumulace podpory de minimis s&nbsp;jinou podporou ke stejn\u00fdm zp\u016fsobil\u00fdm n\u00e1klad\u016fm je mo\u017en\u00e1, av\u0161ak nesm\u00ed doj\u00edt k&nbsp;p\u0159ekro\u010den\u00ed maxim\u00e1ln\u00ed m\u00edry, kter\u00e1 je dan\u00e1 pravidly pro jinou podporu (nap\u0159. pravidla pro region\u00e1ln\u00ed investi\u010dn\u00ed podporu).\u00a0<\/p>\r\n<p>Podrobn\u00e9 informace k\u00a0podpo\u0159e de minimis <a href=\"https:\/\/uohs.gov.cz\/cs\/verejna-podpora\/podpora-de-minimis-a-registr-de-minimis.html\" target=\"_blank\" rel=\"noopener\">zde<\/a>.<\/p>\r\n<p>Centr\u00e1ln\u00ed registr podpor mal\u00e9ho rozsahu (Registr de minimis) slou\u017e\u00ed od 1.\u00a0ledna 2010 pro evidenci podpor de minimis poskytovan\u00fdch na z\u00e1klad\u011b p\u0159\u00edmo pou\u017eiteln\u00fdch p\u0159edpis\u016f EU viz <a href=\"https:\/\/uohs.gov.cz\/cs\/verejna-podpora\/podpora-de-minimis-a-registr-de-minimis\/centralni-registr-podpor-maleho-rozsahu.html\" target=\"_blank\" rel=\"noopener\">zde<\/a>.<\/p>\r\n<p>Souhrnn\u00e9 informace o&nbsp;poskytnut\u00fdch podpor\u00e1ch mal\u00e9ho rozsahu (de minimis) jsou k\u00a0dispozici bez nutnosti registrace na webov\u00e9 str\u00e1nce Ministerstva zem\u011bd\u011blstv\u00ed eAGRI na n\u00e1sleduj\u00edc\u00ed adrese:\u00a0<a href=\"https:\/\/eagri.cz\/public\/app\/RDM\/Portal\" target=\"_blank\" rel=\"noopener\">http:\/\/eagri.cz\/public\/app\/RDM\/Portal<\/a>.<\/p>","protected":false},"excerpt":{"rendered":"VE\u0158EJN\u00c1 PODPORA Podle \u010dl. 107 odst. 1 Smlouvy o&nbsp;fungov\u00e1n\u00ed Evropsk\u00e9 unie podpory poskytovan\u00e9 v&nbsp;jak\u00e9koli form\u011b st\u00e1tem nebo ze st\u00e1tn\u00edch prost\u0159edk\u016f, kter\u00e9 naru\u0161uj\u00ed nebo mohou naru\u0161it hospod\u00e1\u0159skou sout\u011b\u017e t\u00edm, \u017ee zv\u00fdhod\u0148uj\u00ed ur\u010dit\u00e9 podniky nebo ur\u010dit\u00e1 odv\u011btv\u00ed v\u00fdroby, jsou, pokud ovliv\u0148uj\u00ed obchod mezi \u010dlensk\u00fdmi st\u00e1ty, neslu\u010diteln\u00e9 s&nbsp;vnit\u0159n\u00edm trhem, nestanov\u00ed-li Smlouvy jinak. 4 defini\u010dn\u00ed znaky ve\u0159ejn\u00e9 podpory Na [&hellip;]","protected":false},"author":76,"featured_media":0,"parent":1317,"menu_order":0,"comment_status":"closed","ping_status":"closed","template":"","meta":[],"_links":{"self":[{"href":"https:\/\/www.praha7.cz\/api\/wp\/v2\/pages\/41175"}],"collection":[{"href":"https:\/\/www.praha7.cz\/api\/wp\/v2\/pages"}],"about":[{"href":"https:\/\/www.praha7.cz\/api\/wp\/v2\/types\/page"}],"author":[{"embeddable":true,"href":"https:\/\/www.praha7.cz\/api\/wp\/v2\/users\/76"}],"replies":[{"embeddable":true,"href":"https:\/\/www.praha7.cz\/api\/wp\/v2\/comments?post=41175"}],"version-history":[{"count":7,"href":"https:\/\/www.praha7.cz\/api\/wp\/v2\/pages\/41175\/revisions"}],"predecessor-version":[{"id":76835,"href":"https:\/\/www.praha7.cz\/api\/wp\/v2\/pages\/41175\/revisions\/76835"}],"up":[{"embeddable":true,"href":"https:\/\/www.praha7.cz\/api\/wp\/v2\/pages\/1317"}],"wp:attachment":[{"href":"https:\/\/www.praha7.cz\/api\/wp\/v2\/media?parent=41175"}],"curies":[{"name":"wp","href":"https:\/\/api.w.org\/{rel}","templated":true}]}}