    
{"id":4054,"date":"2017-08-24T10:19:53","date_gmt":"2017-08-24T08:19:53","guid":{"rendered":"https:\/\/praha7.cz\/?page_id=4054"},"modified":"2024-02-28T16:31:24","modified_gmt":"2024-02-28T15:31:24","slug":"socialne-zdravotni-komise-rady-mc-praha-7","status":"publish","type":"page","link":"https:\/\/www.praha7.cz\/radnice\/voleni-zastupci-mistni-samospravy\/rada-mc-praha-7\/archiv-komisi-a-vyboru-2014-2018\/socialne-zdravotni-komise-rady-mc-praha-7\/","title":{"rendered":"Soci\u00e1ln\u011b-zdravotn\u00ed komise Rady M\u010c Praha&nbsp;7 (2014-2018)"},"content":{"rendered":"<h1>\u010clenov\u00e9 komise:<\/h1>\r\n<p><strong>P\u0159edsedkyn\u011b:<\/strong> Mgr. Marcela Kravciv Jane\u010dkov\u00e1<br \/>\r\n<strong>M\u00edstop\u0159edsedkyn\u011b:<\/strong> Radka Hora\u017e\u010fovsk\u00e1<br \/>\r\n<strong>Tajemnice:<\/strong> Milu\u0161e Sanitr\u00e1kov\u00e1<br \/>\r\n<strong>\u010clenov\u00e9:<\/strong> Mgr. Kate\u0159ina Halfarov\u00e1, Mgr. Regina Kuncov\u00e1, Mgr. Linda Posp\u00ed\u0161ilov\u00e1 el Karibov\u00e1, Mgr. Barbora Orl\u00edkov\u00e1, Mgr. Elena Tulupov\u00e1, Ph.D., Mgr. Martina Poliakov\u00e1, Bc. Tereza Formanov\u00e1<\/p>\r\n<p>&nbsp;<\/p>\r\n<h1>P\u0159ehled zased\u00e1n\u00ed:<\/h1>\r\n<p><strong>Term\u00edny jedn\u00e1n\u00ed:<\/strong><\/p>\r\n<p><a href=\"https:\/\/praha7.cz\/wp-content\/uploads\/2017\/08\/z\u00e1pis_SZK4.pdf\"><\/a>        <div class=\"collapse-block\">\r\n            <div class=\"card-header\" role=\"tab\" id=\"heading377ccc53e0e2d69d293ca61cb003f033e9fe2dff\">\r\n                                    <h3 class=\"mb-0\">\r\n                        <a data-toggle=\"collapse\" href=\"#collapse377ccc53e0e2d69d293ca61cb003f033e9fe2dff\" aria-controls=\"collapse377ccc53e0e2d69d293ca61cb003f033e9fe2dff\">\r\n                            Rok 2018                            <i class=\"fa fa-2x fa-angle-down\" aria-hidden=\"true\"><\/i>\r\n                        <\/a>\r\n                    <\/h3>\r\n                                \r\n            <\/div>\r\n\r\n            <div id=\"collapse377ccc53e0e2d69d293ca61cb003f033e9fe2dff\" class=\"collapse\" data-id=\"377ccc53e0e2d69d293ca61cb003f033e9fe2dff\" role=\"tabpanel\" aria-labelledby=\"heading377ccc53e0e2d69d293ca61cb003f033e9fe2dff\">\r\n                <div class=\"card-block\">\r\n    <\/p>\r\n<p>Leden (24.&nbsp;1.)<\/p>\r\n<ul>\r\n\t<li><a href=\"https:\/\/www.praha7.cz\/wp-content\/uploads\/2018\/09\/Program-SZK1_2018.pdf\" target=\"_blank\" rel=\"noopener\">Program.pdf<\/a><\/li>\r\n\t<li><a href=\"https:\/\/www.praha7.cz\/wp-content\/uploads\/2018\/09\/z\u00e1pis-SZK1_2018.pdf\" target=\"_blank\" rel=\"noopener\">Z\u00e1pis z&nbsp;jedn\u00e1n\u00ed.pdf<\/a><\/li>\r\n<\/ul>\r\n<p>B\u0159ezen (14.&nbsp;3.)<\/p>\r\n<ul>\r\n\t<li><a href=\"https:\/\/www.praha7.cz\/wp-content\/uploads\/2018\/09\/Program-jedn\u00e1n\u00ed-SZK-2_14-03-2018.pdf\">Program.pdf<\/a><\/li>\r\n\t<li><a href=\"https:\/\/www.praha7.cz\/wp-content\/uploads\/2018\/03\/z\u00e1pis_SZK2.pdf\" target=\"_blank\" rel=\"noopener\">Z\u00e1pis z&nbsp;jedn\u00e1n\u00ed.pdf<\/a><\/li>\r\n<\/ul>\r\n<p>Z\u00e1\u0159\u00ed (19.&nbsp;9.)<\/p>\r\n<ul>\r\n\t<li><a href=\"https:\/\/www.praha7.cz\/wp-content\/uploads\/2018\/09\/Program-SZK3_2018.pdf\" target=\"_blank\" rel=\"noopener\">Program.pdf<\/a><\/li>\r\n\t<li><a href=\"https:\/\/www.praha7.cz\/wp-content\/uploads\/2018\/10\/z\u00e1pis-3_2018_ve\u0159ejn\u00fd.pdf\">Z\u00e1pis z&nbsp;jedn\u00e1n\u00ed.pdf<\/a><\/li>\r\n<\/ul>\r\n                <\/div>\r\n            <\/div>\r\n        <\/div>\r\n    \r\n        <div class=\"collapse-block\">\r\n            <div class=\"card-header\" role=\"tab\" id=\"heading74b144306d04057b68683038e6703206200b3115\">\r\n                                    <h3 class=\"mb-0\">\r\n                        <a data-toggle=\"collapse\" href=\"#collapse74b144306d04057b68683038e6703206200b3115\" aria-controls=\"collapse74b144306d04057b68683038e6703206200b3115\">\r\n                            Rok 2017                            <i class=\"fa fa-2x fa-angle-down\" aria-hidden=\"true\"><\/i>\r\n                        <\/a>\r\n                    <\/h3>\r\n                                \r\n            <\/div>\r\n\r\n            <div id=\"collapse74b144306d04057b68683038e6703206200b3115\" class=\"collapse\" data-id=\"74b144306d04057b68683038e6703206200b3115\" role=\"tabpanel\" aria-labelledby=\"heading74b144306d04057b68683038e6703206200b3115\">\r\n                <div class=\"card-block\">\r\n    \r\n<p>&nbsp;<\/p>\r\n<p>B\u0159ezen (22.&nbsp;3.)<\/p>\r\n<ul>\r\n\t<li><a href=\"https:\/\/praha7.cz\/wp-content\/uploads\/2017\/08\/Program_SZK_1.pdf\">Program.pdf<\/a><span>\u00a0<\/span><\/li>\r\n\t<li><a href=\"https:\/\/praha7.cz\/wp-content\/uploads\/2017\/08\/z\u00e1pis_SZK1.pdf\">Z\u00e1pis z&nbsp;jedn\u00e1n\u00ed.pdf<\/a><\/li>\r\n<\/ul>\r\n<p>Duben (26.&nbsp;4.) &#8211;\u00a0m\u00edstnost 225<\/p>\r\n<ul>\r\n\t<li><a href=\"https:\/\/praha7.cz\/wp-content\/uploads\/2017\/08\/Program_SZK2.pdf\">Program.pdf<\/a><\/li>\r\n\t<li><a href=\"https:\/\/praha7.cz\/wp-content\/uploads\/2017\/08\/z\u00e1pis_SZK2.pdf\">Z\u00e1pis z&nbsp;jedn\u00e1n\u00ed.pdf<\/a><\/li>\r\n<\/ul>\r\n<p>Kv\u011bten (24.&nbsp;5.) &#8211;\u00a0m\u00edstnost 225<\/p>\r\n<ul>\r\n\t<li><a href=\"https:\/\/praha7.cz\/wp-content\/uploads\/2017\/08\/Program_SZK3.pdf\">Program.pdf<\/a><span>\u00a0<\/span><\/li>\r\n\t<li><a href=\"https:\/\/praha7.cz\/wp-content\/uploads\/2017\/08\/z\u00e1pis_SZK3.pdf\">Z\u00e1pis z&nbsp;jedn\u00e1n\u00ed.pdf<\/a><span>\u00a0<\/span><\/li>\r\n<\/ul>\r\n<p>\u010cerven (14.&nbsp;6.) &#8211;\u00a0m\u00edstnost 225<\/p>\r\n<ul>\r\n\t<li><a href=\"https:\/\/praha7.cz\/wp-content\/uploads\/2017\/08\/ProgramSZK4.pdf\">Program.pdf<\/a><\/li>\r\n\t<li><a href=\"https:\/\/praha7.cz\/wp-content\/uploads\/2017\/08\/z\u00e1pis_SZK4.pdf\">Z\u00e1pis z&nbsp;jedn\u00e1n\u00ed.pdf<\/a><\/li>\r\n<\/ul>\r\n<p>Z\u00e1\u0159\u00ed (6.&nbsp;9.) &#8211;\u00a0m\u00edstnost 225<\/p>\r\n<ul>\r\n\t<li><a href=\"https:\/\/praha7.cz\/wp-content\/uploads\/2017\/08\/Program_SZK5.pdf\">Program.pdf<\/a><span>\u00a0<\/span><\/li>\r\n\t<li><a href=\"https:\/\/www.praha7.cz\/wp-content\/uploads\/2018\/09\/z\u00e1pis-SZK-05-2017_ve\u0159ejn\u00fd.pdf\">Z\u00e1pis z&nbsp;jedn\u00e1n\u00ed.pdf<\/a><\/li>\r\n<\/ul>\r\n                <\/div>\r\n            <\/div>\r\n        <\/div>\r\n    \r\n        <div class=\"collapse-block\">\r\n            <div class=\"card-header\" role=\"tab\" id=\"headinga3c974f6e04c20d2c4dbe4abe600b8dfcbdba595\">\r\n                                    <h3 class=\"mb-0\">\r\n                        <a data-toggle=\"collapse\" href=\"#collapsea3c974f6e04c20d2c4dbe4abe600b8dfcbdba595\" aria-controls=\"collapsea3c974f6e04c20d2c4dbe4abe600b8dfcbdba595\">\r\n                            Rok 2016                            <i class=\"fa fa-2x fa-angle-down\" aria-hidden=\"true\"><\/i>\r\n                        <\/a>\r\n                    <\/h3>\r\n                                \r\n            <\/div>\r\n\r\n            <div id=\"collapsea3c974f6e04c20d2c4dbe4abe600b8dfcbdba595\" class=\"collapse\" data-id=\"a3c974f6e04c20d2c4dbe4abe600b8dfcbdba595\" role=\"tabpanel\" aria-labelledby=\"headinga3c974f6e04c20d2c4dbe4abe600b8dfcbdba595\">\r\n                <div class=\"card-block\">\r\n    \r\n<p>\u00danor (22.&nbsp;2.)<\/p>\r\n<ul>\r\n\t<li><a href=\"https:\/\/praha7.cz\/wp-content\/uploads\/2017\/08\/z\u00e1pis_SZK1-1.pdf\">Z\u00e1pis z&nbsp;jedn\u00e1n\u00ed.pdf<\/a><\/li>\r\n<\/ul>\r\n<p>Kv\u011bten (11.&nbsp;5.)<\/p>\r\n<ul>\r\n\t<li><a href=\"https:\/\/praha7.cz\/wp-content\/uploads\/2017\/08\/z\u00e1pis_SZK2-1.pdf\">Z\u00e1pis z&nbsp;jedn\u00e1n\u00ed.pdf<\/a><\/li>\r\n\t<li><a href=\"https:\/\/praha7.cz\/wp-content\/uploads\/2017\/08\/Program_SZK2-1.pdf\">Program.pdf<\/a><\/li>\r\n<\/ul>\r\n<p>\u010cerven (22.&nbsp;6.)<\/p>\r\n<ul>\r\n\t<li><a href=\"https:\/\/www.praha7.cz\/wp-content\/uploads\/2018\/09\/z\u00e1pis-3_2016_ve\u0159ejn\u00fd.pdf\">Z\u00e1pis z&nbsp;jedn\u00e1n\u00ed.pdf<\/a><\/li>\r\n\t<li><a href=\"https:\/\/praha7.cz\/wp-content\/uploads\/2017\/08\/Program_SZK3-1.pdf\">Program.pdf<\/a><\/li>\r\n<\/ul>\r\n                <\/div>\r\n            <\/div>\r\n        <\/div>\r\n    \r\n        <div class=\"collapse-block\">\r\n            <div class=\"card-header\" role=\"tab\" id=\"heading71fec135caa5c427208ff1ff37a6172ff79286e9\">\r\n                                    <h3 class=\"mb-0\">\r\n                        <a data-toggle=\"collapse\" href=\"#collapse71fec135caa5c427208ff1ff37a6172ff79286e9\" aria-controls=\"collapse71fec135caa5c427208ff1ff37a6172ff79286e9\">\r\n                            Rok 2015                            <i class=\"fa fa-2x fa-angle-down\" aria-hidden=\"true\"><\/i>\r\n                        <\/a>\r\n                    <\/h3>\r\n                                \r\n            <\/div>\r\n\r\n            <div id=\"collapse71fec135caa5c427208ff1ff37a6172ff79286e9\" class=\"collapse\" data-id=\"71fec135caa5c427208ff1ff37a6172ff79286e9\" role=\"tabpanel\" aria-labelledby=\"heading71fec135caa5c427208ff1ff37a6172ff79286e9\">\r\n                <div class=\"card-block\">\r\n    \r\n<p>Leden (28.&nbsp;1.)<\/p>\r\n<ul>\r\n\t<li><a href=\"https:\/\/praha7.cz\/wp-content\/uploads\/2017\/08\/z\u00e1pis_SZK1-2.pdf\">Z\u00e1pis z&nbsp;jedn\u00e1n\u00ed.pdf<\/a><span>\u00a0<\/span><\/li>\r\n<\/ul>\r\n<p>B\u0159ezen (2.&nbsp;3.)<\/p>\r\n<ul>\r\n\t<li><a href=\"https:\/\/praha7.cz\/wp-content\/uploads\/2017\/08\/z\u00e1pis_KSZ2.pdf\">Z\u00e1pis z&nbsp;jedn\u00e1n\u00ed.pdf<\/a><\/li>\r\n\t<li><a href=\"https:\/\/praha7.cz\/wp-content\/uploads\/2017\/08\/z\u00e1pis_KSZ2n.pdf\">Z\u00e1pis z&nbsp;jedn\u00e1n\u00ed.pdf &#8211; neve\u0159ejn\u00e1 \u010d\u00e1st<\/a><a href=\"https:\/\/praha7.cz\/wp-content\/uploads\/2017\/08\/z\u00e1pis_KSZ2.pdf\"><\/a><\/li>\r\n<\/ul>\r\n<p>Duben (8.&nbsp;4.)<\/p>\r\n<ul>\r\n\t<li><a href=\"https:\/\/praha7.cz\/wp-content\/uploads\/2017\/08\/z\u00e1pis_SZK3-1.pdf\">Z\u00e1pis z&nbsp;jedn\u00e1n\u00ed.pdf<\/a><span>\u00a0<\/span><\/li>\r\n<\/ul>\r\n<p>Kv\u011bten (20.&nbsp;5.)<\/p>\r\n<ul>\r\n\t<li><a href=\"https:\/\/praha7.cz\/wp-content\/uploads\/2017\/08\/z\u00e1pis_SZK4-1.pdf\">Z\u00e1pis z&nbsp;jedn\u00e1n\u00ed.pdf<\/a><span>\u00a0<\/span><\/li>\r\n<\/ul>\r\n<p>\u010cerven (24.&nbsp;6.)<\/p>\r\n<ul>\r\n\t<li>od 17.00 hod. \u010d\u00e1st neve\u0159ejn\u00e1, od 17.30 hod. \u010d\u00e1st ve\u0159ejn\u00e1<\/li>\r\n<\/ul>\r\n<p>\u010cervenec (1.&nbsp;7.)<\/p>\r\n<ul>\r\n\t<li><a href=\"https:\/\/praha7.cz\/wp-content\/uploads\/2017\/08\/zapis_SZK5.pdf\">Z\u00e1pis z&nbsp;jedn\u00e1n\u00ed.pdf<\/a><span>\u00a0<\/span><\/li>\r\n<\/ul>\r\n<p>Z\u00e1\u0159\u00ed (14.&nbsp;9.)<\/p>\r\n<ul>\r\n\t<li><a href=\"https:\/\/praha7.cz\/wp-content\/uploads\/2017\/08\/z\u00e1pisSZK6.pdf\">Z\u00e1pis z&nbsp;jedn\u00e1n\u00ed.pdf<\/a><\/li>\r\n<\/ul>\r\n<p><strong>\u0158\u00edjen (14.&nbsp;10.)<\/strong><\/p>\r\n<p>\u0158\u00edjen (21.&nbsp;10.)<\/p>\r\n<ul>\r\n\t<li><a href=\"https:\/\/praha7.cz\/wp-content\/uploads\/2017\/08\/Program_SZK7.pdf\">Program.pdf<\/a><\/li>\r\n<\/ul>\r\n<p>Listopad (25.&nbsp;11.)<\/p>\r\n<ul>\r\n\t<li><a href=\"https:\/\/praha7.cz\/wp-content\/uploads\/2017\/08\/Pozvanka_SZK8.pdf\">Program.pdf<\/a><\/li>\r\n<\/ul>\r\n                <\/div>\r\n            <\/div>\r\n        <\/div>\r\n    \r\n<p>&nbsp;<\/p>","protected":false},"excerpt":{"rendered":"\u010clenov\u00e9 komise: P\u0159edsedkyn\u011b: Mgr. Marcela Kravciv Jane\u010dkov\u00e1 M\u00edstop\u0159edsedkyn\u011b: Radka Hora\u017e\u010fovsk\u00e1 Tajemnice: Milu\u0161e Sanitr\u00e1kov\u00e1 \u010clenov\u00e9: Mgr. Kate\u0159ina Halfarov\u00e1, Mgr. Regina Kuncov\u00e1, Mgr. Linda Posp\u00ed\u0161ilov\u00e1 el Karibov\u00e1, Mgr. Barbora Orl\u00edkov\u00e1, Mgr. Elena Tulupov\u00e1, Ph.D., Mgr. Martina Poliakov\u00e1, Bc. Tereza Formanov\u00e1 &nbsp; P\u0159ehled zased\u00e1n\u00ed: Term\u00edny jedn\u00e1n\u00ed: Leden (24.&nbsp;1.) Program.pdf Z\u00e1pis z&nbsp;jedn\u00e1n\u00ed.pdf B\u0159ezen (14.&nbsp;3.) Program.pdf Z\u00e1pis z&nbsp;jedn\u00e1n\u00ed.pdf Z\u00e1\u0159\u00ed (19.&nbsp;9.) [&hellip;]","protected":false},"author":2,"featured_media":0,"parent":21166,"menu_order":0,"comment_status":"closed","ping_status":"closed","template":"","meta":[],"_links":{"self":[{"href":"https:\/\/www.praha7.cz\/api\/wp\/v2\/pages\/4054"}],"collection":[{"href":"https:\/\/www.praha7.cz\/api\/wp\/v2\/pages"}],"about":[{"href":"https:\/\/www.praha7.cz\/api\/wp\/v2\/types\/page"}],"author":[{"embeddable":true,"href":"https:\/\/www.praha7.cz\/api\/wp\/v2\/users\/2"}],"replies":[{"embeddable":true,"href":"https:\/\/www.praha7.cz\/api\/wp\/v2\/comments?post=4054"}],"version-history":[{"count":23,"href":"https:\/\/www.praha7.cz\/api\/wp\/v2\/pages\/4054\/revisions"}],"predecessor-version":[{"id":74028,"href":"https:\/\/www.praha7.cz\/api\/wp\/v2\/pages\/4054\/revisions\/74028"}],"up":[{"embeddable":true,"href":"https:\/\/www.praha7.cz\/api\/wp\/v2\/pages\/21166"}],"wp:attachment":[{"href":"https:\/\/www.praha7.cz\/api\/wp\/v2\/media?parent=4054"}],"curies":[{"name":"wp","href":"https:\/\/api.w.org\/{rel}","templated":true}]}}