    
{"id":389,"date":"2017-06-27T17:37:33","date_gmt":"2017-06-27T15:37:33","guid":{"rendered":"https:\/\/praha7.cz\/?page_id=389"},"modified":"2025-08-05T15:20:21","modified_gmt":"2025-08-05T13:20:21","slug":"prihlaseni-deti","status":"publish","type":"page","link":"https:\/\/www.praha7.cz\/potrebuji-zaridit\/doklady\/trvaly-pobyt\/prihlaseni-deti\/","title":{"rendered":"P\u0159ihl\u00e1\u0161en\u00ed d\u00edt\u011bte do\u00a015 let"},"content":{"rendered":"<p style=\"text-align: justify;\">[perex]<\/p>\r\n<p>D\u00edt\u011b do 15 let mus\u00ed k&nbsp;trval\u00e9mu pobytu p\u0159ihl\u00e1sit jeho z\u00e1konn\u00fd z\u00e1stupce (tedy nej\u010dast\u011bji rodi\u010d).<\/p>\r\n<p style=\"text-align: justify;\">[\/perex]<\/p>\r\n<p style=\"text-align: justify;\"><div class=\"shortcode-container container-fluid no-bottom-padding division-detail  \"> \n    <div class=\"row\">\n\t\t <div class=\"row div-dept\">\n            <div class=\"col-xs-12 col-md-12 contact-info\">\n                <h4>Kontakt<\/h4>\n                <span>\n                    \u00da\u0159ad m\u011bstsk\u00e9 \u010d\u00e1sti Praha 7\n                <\/span><br>\n                <span>\n                    Odbor spr\u00e1vn\u00edch agend - odd\u011blen\u00ed doklad\u016f a evidence obyvatel\n                <\/span><br>\n                    <span>\n                        U Pr\u016fhonu 1338\/38\n                    <\/span><br>\n                    <span>\n                        Praha 7\n                    <\/span><br>\n                \n                \n            <\/div>\n        <\/div>\n    <\/div>\n<\/div><\/p>\r\n<p style=\"text-align: justify;\">\n<div class=\"shortcode-container no-bottom-padding  \">    \n\t<div class=\"row\">\n\t\t<div class=\"col-xs-12 col-md-7\">\n\t\t\t<h3>\u00da\u0159edn\u00ed hodiny \u2013 Odd\u011blen\u00ed doklad\u016f a evidence obyvatel, U Pr\u016fhonu 1338\/38<\/h3>\n\t\t<\/div>\n\t<\/div>\n\t\t<div class=\"row\">\n\t\t\t<div class=\"col-xs-12 col-sm-4 col-md-3\">\n\t\t\t\t<span>pond\u011bl\u00ed a st\u0159eda<\/span>\n\t\t\t<\/div>\n\t\t\t\t<div class=\"col-xs-6 col-sm-4 col-md-3\">\n\t\t\t\t\t<span>7.30\u201312.00<\/span>\n\t\t\t\t<\/div>\n\t\t\t\t\t<div class=\"col-xs-6 col-sm-4 col-md-3\">\n\t\t\t\t\t\t<span>13.00\u201318.00<\/span>\n\t\t\t\t\t<\/div>\n\t\t<\/div>\n\t\t<div class=\"row\">\n\t\t\t<div class=\"col-xs-12 col-sm-4 col-md-3\">\n\t\t\t\t<span>\u00fater\u00fd a \u010dtvrtek<\/span>\n\t\t\t<\/div>\n\t\t\t\t<div class=\"col-xs-6 col-sm-4 col-md-3\">\n\t\t\t\t\t<span>7.30\u201312.00<\/span>\n\t\t\t\t<\/div>\n\t\t\t\t\t<div class=\"col-xs-6 col-sm-4 col-md-3\">\n\t\t\t\t\t\t<span>13.00\u201314.00<\/span>\n\t\t\t\t\t<\/div>\n\t\t<\/div>\n\t<div class=\"row\">\n\t\t<div class=\"col-xs-12 col-md-12 office_hours_info\">\n\t\t\tPosledn\u00ed p\u0159\u00edjem \u017e\u00e1dost\u00ed pro odbaven\u00ed je 30 minut p\u0159ed koncem \u00fa\u0159edn\u00edch hodin.\n\n\t\t<\/div>\t\n\t<\/div>\n<\/div><\/p>\r\n<p style=\"text-align: justify;\"><div class=\"shortcode-container container-fluid no-bottom-padding \">\n\t<div class=\"row shortcode-row no-bottom-border\">\n\t\t <div class=\"row contact-item\">\n\t\t\t<div class=\"col-xs-4 col-md-2 contact-photo\">\t\t\n\t\t\t\t<img src=\"https:\/\/www.praha7.cz\/wp-content\/uploads\/2018\/07\/stepanka-koziskova-400x400.jpg\" alt=\"placeholder\">\n\t\t\t<\/div>\n\t\t\t<div class=\"col-xs-8 col-md-5 contact-info\">\n\t\t\t\t<h3>Ko\u017e\u00ed\u0161kov\u00e1 \u0160t\u011bp\u00e1nka<\/h3>\n\t\t\t\t<span>vedouc\u00ed odd\u011blen\u00ed<\/span><br>\n\t\t\t\t<span>dve\u0159e 1.08\/1.08a<\/span><br>\n\t\t\t\t<span>tel. <a>+420220144210<\/a><\/span><br>\n                \n\t\t\t\t<a href=\"mailto:koziskovas@praha7.cz\">koziskovas@praha7.cz<\/a><br>\n\t\t\t<\/div>\n\t\t<\/div>\n\t<\/div>\n<\/div><\/p>\r\n<p style=\"text-align: justify;\"><span style=\"color: #0000ff;\"><strong>CO JE POT\u0158EBA P\u0158EDLO\u017dIT<\/strong><\/span><\/p>\r\n<ul style=\"text-align: justify;\">\r\n\t<li>vypln\u011bn\u00fd a&nbsp;z\u00e1konn\u00fdm z\u00e1stupcem podepsan\u00fd <em>P\u0159ihla\u0161ovac\u00ed l\u00edstek k\u00a0trval\u00e9mu pobytu<\/em> (je nutn\u00e9 vyplnit origin\u00e1l tiskopisu, kter\u00fd je k&nbsp;dispozici na \u00fa\u0159ad\u011b)<\/li>\r\n\t<li>ob\u010dansk\u00fd pr\u016fkaz z\u00e1konn\u00e9ho z\u00e1stupce (p\u0159\u00edpadn\u011b jin\u00fd doklad toto\u017enosti, kter\u00fd je ve\u0159ejnou listinou, nap\u0159. cestovn\u00ed pas \u010di \u0159idi\u010dsk\u00fd pr\u016fkaz)\u00a0<\/li>\r\n\t<li>rodn\u00fd list d\u00edt\u011bte a\u00a0 ob\u010dansk\u00fd pr\u016fkaz d\u00edt\u011bte, pokud m\u00e1 d\u00edt\u011b ob\u010dansk\u00fd pr\u016fkaz vydan\u00fd\u00a0\u00a0<\/li>\r\n\t<li>doklad o&nbsp;vlastnictv\u00ed domu nebo bytu (nap\u0159. v\u00fdpis z\u00a0katastru nemovitost\u00ed, kupn\u00ed smlouvu), pokud je z\u00e1konn\u00fd z\u00e1stupce majitelem nemovitosti (pokud si existenci vlastnick\u00e9ho pr\u00e1va nebo jin\u00e9ho u\u017e\u00edvac\u00edho pr\u00e1va m\u016f\u017ee ohla\u0161ovna ov\u011b\u0159it bez\u00faplatn\u011b ve\u0159ejn\u00fdm d\u00e1lkov\u00fdm p\u0159\u00edstupem v&nbsp;katastru nemovitost\u00ed, majitel vlastnick\u00e9 pr\u00e1vo nedokl\u00e1d\u00e1) \u00a0\u00a0<\/li>\r\n\t<li>doklad o&nbsp;opr\u00e1vn\u011bn\u00ed u\u017e\u00edvat byt, obytnou m\u00edstnost apod. (nap\u0159. n\u00e1jemn\u00ed smlouvu) v&nbsp;ostatn\u00edch p\u0159\u00edpadech<\/li>\r\n\t<li>\u00fa\u0159edn\u011b ov\u011b\u0159en\u00e9 p\u00edsemn\u00e9 potvrzen\u00ed opr\u00e1vn\u011bn\u00e9 osoby o&nbsp;souhlasu s&nbsp;ohl\u00e1\u0161en\u00edm zm\u011bny trval\u00e9ho pobytu (tj. potvrzen\u00ed od majitele domu, majitele bytu, n\u00e1jemce bytu apod.) v&nbsp;p\u0159\u00edpad\u011b, \u017ee \u017eadatel doklad o&nbsp;opr\u00e1vn\u011bn\u00ed u\u017e\u00edvat byt nevlastn\u00ed; takov\u00e9 potvrzen\u00ed se nevy\u017eaduje v&nbsp;p\u0159\u00edpad\u011b, \u017ee opr\u00e1vn\u011bn\u00e1 osoba potvrd\u00ed souhlas na p\u0159ihla\u0161ovac\u00edm tiskopisu k&nbsp;trval\u00e9mu pobytu p\u0159ed zam\u011bstnancem ohla\u0161ovny\u00a0<\/li>\r\n<\/ul>\r\n<p style=\"text-align: justify;\">Spr\u00e1vn\u00ed poplatek se za d\u011bti <strong>neplat\u00ed<\/strong>.<\/p>\r\n<p><span style=\"color: #0000ff;\"><strong><br \/>\r\nLH\u016eTY PRO VY\u0158\u00cdZEN\u00cd<\/strong><\/span><\/p>\r\n<p>\u00da\u0159ad mus\u00ed zapsat zm\u011bnu adresy trval\u00e9ho pobytu do agendov\u00e9ho informa\u010dn\u00edho syst\u00e9mu evidence obyvatel bez zbyte\u010dn\u00e9ho odkladu, nejpozd\u011bji do 3 pracovn\u00edch dn\u016f.<\/p>","protected":false},"excerpt":{"rendered":"[perex] D\u00edt\u011b do 15 let mus\u00ed k&nbsp;trval\u00e9mu pobytu p\u0159ihl\u00e1sit jeho z\u00e1konn\u00fd z\u00e1stupce (tedy nej\u010dast\u011bji rodi\u010d). [\/perex] CO JE POT\u0158EBA P\u0158EDLO\u017dIT vypln\u011bn\u00fd a&nbsp;z\u00e1konn\u00fdm z\u00e1stupcem podepsan\u00fd P\u0159ihla\u0161ovac\u00ed l\u00edstek k\u00a0trval\u00e9mu pobytu (je nutn\u00e9 vyplnit origin\u00e1l tiskopisu, kter\u00fd je k&nbsp;dispozici na \u00fa\u0159ad\u011b) ob\u010dansk\u00fd pr\u016fkaz z\u00e1konn\u00e9ho z\u00e1stupce (p\u0159\u00edpadn\u011b jin\u00fd doklad toto\u017enosti, kter\u00fd je ve\u0159ejnou listinou, nap\u0159. cestovn\u00ed pas \u010di \u0159idi\u010dsk\u00fd [&hellip;]","protected":false},"author":2,"featured_media":0,"parent":457,"menu_order":0,"comment_status":"closed","ping_status":"closed","template":"","meta":[],"_links":{"self":[{"href":"https:\/\/www.praha7.cz\/api\/wp\/v2\/pages\/389"}],"collection":[{"href":"https:\/\/www.praha7.cz\/api\/wp\/v2\/pages"}],"about":[{"href":"https:\/\/www.praha7.cz\/api\/wp\/v2\/types\/page"}],"author":[{"embeddable":true,"href":"https:\/\/www.praha7.cz\/api\/wp\/v2\/users\/2"}],"replies":[{"embeddable":true,"href":"https:\/\/www.praha7.cz\/api\/wp\/v2\/comments?post=389"}],"version-history":[{"count":35,"href":"https:\/\/www.praha7.cz\/api\/wp\/v2\/pages\/389\/revisions"}],"predecessor-version":[{"id":85912,"href":"https:\/\/www.praha7.cz\/api\/wp\/v2\/pages\/389\/revisions\/85912"}],"up":[{"embeddable":true,"href":"https:\/\/www.praha7.cz\/api\/wp\/v2\/pages\/457"}],"wp:attachment":[{"href":"https:\/\/www.praha7.cz\/api\/wp\/v2\/media?parent=389"}],"curies":[{"name":"wp","href":"https:\/\/api.w.org\/{rel}","templated":true}]}}