    
{"id":3528,"date":"2017-08-21T14:25:57","date_gmt":"2017-08-21T12:25:57","guid":{"rendered":"https:\/\/praha7.cz\/zdrave-mesto-a-ma-21\/v-praze-7-probehlo-forum-mistni-agendy-21\/"},"modified":"2019-03-25T15:15:53","modified_gmt":"2019-03-25T14:15:53","slug":"v-praze-7-probehlo-forum-mistni-agendy-21","status":"publish","type":"page","link":"https:\/\/www.praha7.cz\/temata\/mistni-agenda-ma21\/v-praze-7-probehlo-forum-mistni-agendy-21\/","title":{"rendered":"V Praze 7 prob\u011bhlo F\u00f3rum m\u00edstn\u00ed agendy 21"},"content":{"rendered":"<div class=\"standBody\">\r\n<p><strong>Obyvatel\u00e9 p\u0159edb\u011b\u017en\u011b vytipovali deset nejv\u011bt\u0161\u00edch probl\u00e9m\u016f sv\u00e9 m\u011bstsk\u00e9 \u010d\u00e1sti<\/strong><\/p>\r\n<p><strong>Do z\u00e1kladn\u00ed \u0161koly na Strossmayerov\u011b n\u00e1m\u011bst\u00ed dorazilo ve \u010dtvrte\u010dn\u00ed podve\u010der v\u00edce ne\u017e osmdes\u00e1t obyvatel. \u0160est des\u00edtek tvo\u0159ili m\u00edstn\u00ed, dv\u011b des\u00edtky pak odborn\u00edci na danou problematiku, radn\u00ed a&nbsp;zastupitel\u00e9. B\u011bhem dvouhodinov\u00e9 intenzivn\u00ed pr\u00e1ce postupn\u011b vzniklo p\u0159edb\u011b\u017en\u00e9 po\u0159ad\u00ed nejv\u011bt\u0161\u00edch probl\u00e9m\u016f Prahy&nbsp;7. Po\u010det p\u0159\u00edtomn\u00fdch tvo\u0159il logicky jen zlomek obyvatel Prahy&nbsp;7. Proto bude seznam vytipovan\u00fdch kauz n\u00e1sledn\u011b p\u0159edlo\u017een ostatn\u00edm obyvatel\u016fm Prahy&nbsp;7 k\u00a0ov\u011b\u0159en\u00ed. <\/strong><\/p>\r\n<p>Ve\u010der zah\u00e1jil kr\u00e1tk\u00fdm \u00favodn\u00edm slovem starosta Jan \u010ci\u017einsk\u00fd. Z\u00e1stupce starosty Ond\u0159ej Mirovsk\u00fd v\u00a0z\u00e1p\u011bt\u00ed p\u0159edstavil probl\u00e9my z\u00a0lo\u0148sk\u00e9ho f\u00f3ra a&nbsp;zejm\u00e9na pak kroky, kter\u00e9 m\u011bstsk\u00e1 \u010d\u00e1st dosud u\u010dinila. N\u00e1sledn\u011b se ujal mikrofonu Petr \u0160vec, \u0159editel N\u00e1rodn\u00ed s\u00edt\u011b zdrav\u00fdch m\u011bst, j\u00ed\u017e je Praha&nbsp;7 sou\u010d\u00e1st\u00ed. \u0158editel \u0160vec pak po zbytek ve\u010dera metodicky vedl pr\u00e1ci u&nbsp;kulat\u00fdch stol\u016f, prezentaci probl\u00e9m\u016f i&nbsp;celkov\u00e9 hodnocen\u00ed. Pracovn\u00ed stoly byly p\u0159edem rozd\u011bleny podle vytipovan\u00fdch t\u00e9matick\u00fdch oblast\u00ed. Lid\u00e9 si tak mohli vybrat, kter\u00e9 z\u00a0osmi skupin daj\u00ed p\u0159ednost, nebo zdali svoj\u00ed pozornost rozd\u011bl\u00ed do v\u00edce m\u00edst. Stanoven\u00e9 t\u00e9matick\u00e9 oblasti byly A: \u017divotn\u00ed prost\u0159ed\u00ed, B: Vzd\u011bl\u00e1v\u00e1n\u00ed a&nbsp;sport + voln\u00fd \u010das, C: Doprava, D: Soci\u00e1ln\u00ed oblast + zdravotnictv\u00ed, E: Bezpe\u010dnost, F: \u00dazemn\u00ed rozvoj, G: Kultura a&nbsp;podnik\u00e1n\u00ed a&nbsp;nakonec H: St\u016fl ml\u00e1de\u017ee.<\/p>\r\n<p>V\u00a0prvn\u00ed polovin\u011b pracovn\u00ed \u010d\u00e1sti prob\u00edhalo zapisov\u00e1n\u00ed podn\u011bt\u016f na velk\u00e9 archy pap\u00edru u&nbsp;pracovn\u00edch stol\u016f. Zapisov\u00e1n\u00ed probl\u00e9m\u016f v\u011bt\u0161inou pom\u00e1hal facilit\u00e1tor. Diskusi p\u0159ihl\u00ed\u017eeli nebo dopl\u0148ovali odborn\u00edci a&nbsp;m\u00edstn\u00ed politici. Podle rozmanitosti jednotliv\u00fdch oblast\u00ed se n\u011bkde se\u0161la des\u00edtka probl\u00e9m\u016f, jinde v\u0161ak i&nbsp;dvacet a&nbsp;v\u00edce n\u00e1m\u011bt\u016f. Na z\u00e1v\u011br pr\u00e1ce ve skupin\u00e1ch \u00fa\u010dastn\u00edci p\u0159id\u011blili sebran\u00fdm n\u00e1vrh\u016fm dva preferen\u010dn\u00ed hlasy a&nbsp;stanovili tak po\u0159ad\u00ed vn\u00edman\u00e9 d\u016fle\u017eitosti probl\u00e9m\u016f ve skupin\u011b. Druh\u00e1 polovina pr\u00e1ce spo\u010d\u00edvala v\u00a0p\u0159edstaven\u00ed probl\u00e9m\u016f vze\u0161l\u00fdch v&nbsp;jednotliv\u00fdch pracovn\u00edch skupin\u00e1ch cel\u00e9mu f\u00f3ru a&nbsp;jejich celkov\u00e9 hodnocen\u00ed. Z\u00a0ka\u017ed\u00e9 oblasti byly do celkov\u00e9ho po\u0159ad\u00ed nominov\u00e1ny dva nejv\u011bt\u0161\u00ed probl\u00e9my. Z\u00a0osmi stol\u016f se tak sebralo celkem \u0161estn\u00e1ct probl\u00e9m\u016f. Ka\u017ed\u00fd \u00fa\u010dastn\u00edk f\u00f3ra m\u011bl dva preferen\u010dn\u00ed hlasy, kter\u00e9 rozd\u011blil podle vn\u00edman\u00e9 d\u016fle\u017eitosti. Na z\u00e1klad\u011b tohoto hodnocen\u00ed pak vze\u0161lo celkov\u00e9 po\u0159ad\u00ed probl\u00e9m\u016f Prahy&nbsp;7. Tento seznam probl\u00e9m\u016f bude d\u00e1le ov\u011b\u0159en v\u00a0\u0161ir\u0161\u00ed populaci Prahy&nbsp;7. M\u011bstsk\u00e1 \u010d\u00e1st se ov\u011b\u0159en\u00fdmi probl\u00e9my pot\u00e9 bude zab\u00fdvat a&nbsp;nejd\u00e9le za rok p\u0159edlo\u017e\u00ed v\u00fdsledky sv\u00e9 \u010dinnosti.<\/p>\r\n<p><strong>Po\u0159ad\u00ed probl\u00e9m\u016f vze\u0161l\u00fdch z\u00a0F\u00f3ra m\u00edstn\u00ed Agendy 21<\/strong><\/p>\r\n<ul>\r\n\t<li>1. Chyb\u011bj\u00edc\u00ed propojen\u00ed n\u00e1b\u0159e\u017e\u00ed od Libe\u0148sk\u00e9ho mostu do Stromovky, 17 hlas\u016f<\/li>\r\n\t<li>2. Hrozba zbo\u0159en\u00ed nebo roz\u0161\u00ed\u0159en\u00ed Libe\u0148sk\u00e9ho mostu, 16 hlas\u016f<\/li>\r\n\t<li>3. Nedostate\u010dn\u00e1 v\u00fdsadba strom\u016f v\u00a0ulic\u00edch, nedostate\u010dn\u00e1 \u00fadr\u017eba zelen\u011b, 14 hlas\u016f<\/li>\r\n\t<li>4 \u2013 5. Nedostatek n\u00e1dob na t\u0159\u00edd\u011bn\u00fd odpad (tak\u00e9 bioodpad a&nbsp;n\u00e1p. kartony), 10 hlas\u016f<\/li>\r\n\t<li>4 \u2013 5. Nevyhovuj\u00edc\u00ed s\u00eddlo a&nbsp;vybaven\u00ed polikliniky, 10 hlas\u016f<\/li>\r\n\t<li>6.&nbsp;\u0160patn\u00e9 \u017eivotn\u00ed podm\u00ednky lid\u00ed bez domova, 9 hlas\u016f<\/li>\r\n\t<li>7. Zp\u0159\u00edstupn\u011bn\u00ed \u0160tvanice pro p\u011b\u0161\u00ed a&nbsp;cyklisty, 8 hlas\u016f<\/li>\r\n\t<li>8. Nevyhovuj\u00edc\u00ed dopravn\u00ed zna\u010den\u00ed pro parkov\u00e1n\u00ed aut, 7 hlas\u016f<\/li>\r\n\t<li>9. Nezn\u00e1m sv\u00e9ho str\u00e1\u017en\u00edka jm\u00e9nem, 6 hlas\u016f<\/li>\r\n\t<li>10. Nevyu\u017eit\u00ed \u0158ez\u00e1\u010dova n\u00e1m\u011bst\u00ed pro farm\u00e1\u0159sk\u00e9 trhy, 5 hlas\u016f<\/li>\r\n<\/ul>\r\n<p>&nbsp;<\/p>\r\n<p><em>Fotogalerie<\/em><\/p>\r\n<\/div>\r\n<p><a title=\"Odkaz na obr\u00e1zek\"><\/a><\/p>\r\n<div id='gallery-1' class='gallery galleryid-3528 gallery-columns-3 gallery-size-thumbnail'><figure class='gallery-item'>\n\t\t\t<div class='gallery-icon landscape'>\n\t\t\t\t<img width=\"200\" height=\"200\" src=\"https:\/\/www.praha7.cz\/wp-content\/uploads\/2017\/08\/zdroj-1-10-200x200.jpg\" class=\"attachment-thumbnail size-thumbnail\" alt=\"\" loading=\"lazy\" \/>\n\t\t\t<\/div><\/figure><figure class='gallery-item'>\n\t\t\t<div class='gallery-icon portrait'>\n\t\t\t\t<img width=\"200\" height=\"200\" src=\"https:\/\/www.praha7.cz\/wp-content\/uploads\/2017\/08\/zdroj-10-7-200x200.jpg\" class=\"attachment-thumbnail size-thumbnail\" alt=\"\" loading=\"lazy\" \/>\n\t\t\t<\/div><\/figure><figure class='gallery-item'>\n\t\t\t<div class='gallery-icon landscape'>\n\t\t\t\t<img width=\"200\" height=\"200\" src=\"https:\/\/www.praha7.cz\/wp-content\/uploads\/2017\/08\/zdroj-2-10-200x200.jpg\" class=\"attachment-thumbnail size-thumbnail\" alt=\"\" loading=\"lazy\" \/>\n\t\t\t<\/div><\/figure><figure class='gallery-item'>\n\t\t\t<div class='gallery-icon landscape'>\n\t\t\t\t<img width=\"200\" height=\"200\" src=\"https:\/\/www.praha7.cz\/wp-content\/uploads\/2017\/08\/zdroj-3-8-200x200.jpg\" class=\"attachment-thumbnail size-thumbnail\" alt=\"\" loading=\"lazy\" \/>\n\t\t\t<\/div><\/figure><figure class='gallery-item'>\n\t\t\t<div class='gallery-icon landscape'>\n\t\t\t\t<img width=\"200\" height=\"200\" src=\"https:\/\/www.praha7.cz\/wp-content\/uploads\/2017\/08\/zdroj-4-8-200x200.jpg\" class=\"attachment-thumbnail size-thumbnail\" alt=\"\" loading=\"lazy\" \/>\n\t\t\t<\/div><\/figure><figure class='gallery-item'>\n\t\t\t<div class='gallery-icon landscape'>\n\t\t\t\t<img width=\"200\" height=\"200\" src=\"https:\/\/www.praha7.cz\/wp-content\/uploads\/2017\/08\/zdroj-5-8-200x200.jpg\" class=\"attachment-thumbnail size-thumbnail\" alt=\"\" loading=\"lazy\" \/>\n\t\t\t<\/div><\/figure><figure class='gallery-item'>\n\t\t\t<div class='gallery-icon landscape'>\n\t\t\t\t<img width=\"200\" height=\"200\" src=\"https:\/\/www.praha7.cz\/wp-content\/uploads\/2017\/08\/zdroj-6-8-200x200.jpg\" class=\"attachment-thumbnail size-thumbnail\" alt=\"\" loading=\"lazy\" \/>\n\t\t\t<\/div><\/figure><figure class='gallery-item'>\n\t\t\t<div class='gallery-icon landscape'>\n\t\t\t\t<img width=\"200\" height=\"200\" src=\"https:\/\/www.praha7.cz\/wp-content\/uploads\/2017\/08\/zdroj-7-8-200x200.jpg\" class=\"attachment-thumbnail size-thumbnail\" alt=\"\" loading=\"lazy\" \/>\n\t\t\t<\/div><\/figure><figure class='gallery-item'>\n\t\t\t<div class='gallery-icon landscape'>\n\t\t\t\t<img width=\"200\" height=\"200\" src=\"https:\/\/www.praha7.cz\/wp-content\/uploads\/2017\/08\/zdroj-8-7-200x200.jpg\" class=\"attachment-thumbnail size-thumbnail\" alt=\"\" loading=\"lazy\" \/>\n\t\t\t<\/div><\/figure><figure class='gallery-item'>\n\t\t\t<div class='gallery-icon landscape'>\n\t\t\t\t<img width=\"200\" height=\"200\" src=\"https:\/\/www.praha7.cz\/wp-content\/uploads\/2017\/08\/zdroj-9-7-200x200.jpg\" class=\"attachment-thumbnail size-thumbnail\" alt=\"\" loading=\"lazy\" \/>\n\t\t\t<\/div><\/figure><figure class='gallery-item'>\n\t\t\t<div class='gallery-icon landscape'>\n\t\t\t\t<img width=\"200\" height=\"200\" src=\"https:\/\/www.praha7.cz\/wp-content\/uploads\/2017\/08\/zdroj-35-200x200.jpg\" class=\"attachment-thumbnail size-thumbnail\" alt=\"\" loading=\"lazy\" \/>\n\t\t\t<\/div><\/figure>\n\t\t<\/div>\n","protected":false},"excerpt":{"rendered":"Obyvatel\u00e9 p\u0159edb\u011b\u017en\u011b vytipovali deset nejv\u011bt\u0161\u00edch probl\u00e9m\u016f sv\u00e9 m\u011bstsk\u00e9 \u010d\u00e1sti Do z\u00e1kladn\u00ed \u0161koly na Strossmayerov\u011b n\u00e1m\u011bst\u00ed dorazilo ve \u010dtvrte\u010dn\u00ed podve\u010der v\u00edce ne\u017e osmdes\u00e1t obyvatel. \u0160est des\u00edtek tvo\u0159ili m\u00edstn\u00ed, dv\u011b des\u00edtky pak odborn\u00edci na danou problematiku, radn\u00ed a&nbsp;zastupitel\u00e9. B\u011bhem dvouhodinov\u00e9 intenzivn\u00ed pr\u00e1ce postupn\u011b vzniklo p\u0159edb\u011b\u017en\u00e9 po\u0159ad\u00ed nejv\u011bt\u0161\u00edch probl\u00e9m\u016f Prahy&nbsp;7. Po\u010det p\u0159\u00edtomn\u00fdch tvo\u0159il logicky jen zlomek obyvatel Prahy&nbsp;7. [&hellip;]","protected":false},"author":2,"featured_media":0,"parent":8410,"menu_order":6,"comment_status":"closed","ping_status":"closed","template":"","meta":[],"_links":{"self":[{"href":"https:\/\/www.praha7.cz\/api\/wp\/v2\/pages\/3528"}],"collection":[{"href":"https:\/\/www.praha7.cz\/api\/wp\/v2\/pages"}],"about":[{"href":"https:\/\/www.praha7.cz\/api\/wp\/v2\/types\/page"}],"author":[{"embeddable":true,"href":"https:\/\/www.praha7.cz\/api\/wp\/v2\/users\/2"}],"replies":[{"embeddable":true,"href":"https:\/\/www.praha7.cz\/api\/wp\/v2\/comments?post=3528"}],"version-history":[{"count":2,"href":"https:\/\/www.praha7.cz\/api\/wp\/v2\/pages\/3528\/revisions"}],"predecessor-version":[{"id":3542,"href":"https:\/\/www.praha7.cz\/api\/wp\/v2\/pages\/3528\/revisions\/3542"}],"up":[{"embeddable":true,"href":"https:\/\/www.praha7.cz\/api\/wp\/v2\/pages\/8410"}],"wp:attachment":[{"href":"https:\/\/www.praha7.cz\/api\/wp\/v2\/media?parent=3528"}],"curies":[{"name":"wp","href":"https:\/\/api.w.org\/{rel}","templated":true}]}}