    
{"id":3276,"date":"2017-08-18T11:57:19","date_gmt":"2017-08-18T09:57:19","guid":{"rendered":"https:\/\/praha7.cz\/?page_id=3276"},"modified":"2021-12-06T13:25:57","modified_gmt":"2021-12-06T12:25:57","slug":"druhy-zon","status":"publish","type":"page","link":"https:\/\/www.praha7.cz\/potrebuji-zaridit\/doprava\/druhy-zon\/","title":{"rendered":"Druhy z\u00f3n"},"content":{"rendered":"<p>[perex]<\/p>\r\n<p>V\u00a0z\u00f3n\u00e1ch nov\u00e9 generace (od \u00fanora 2018) u\u017e nepot\u0159ebujete parkovac\u00ed kartu nebo l\u00edstek za sklo. Zaplat\u00edte si pouze elektronick\u00e9 parkovac\u00ed opr\u00e1vn\u011bn\u00ed na esp\u00e9zetku nebo se jako n\u00e1v\u0161t\u011bvn\u00edk zaregistrujete p\u0159es parkovac\u00ed automat na ulici \u010di virtu\u00e1ln\u00ed parkovac\u00ed hodiny. Kontrolu prov\u00e1d\u011bj\u00ed monitorovac\u00ed vozy se zabudovan\u00fdm kamerov\u00fdm syst\u00e9mem.\u00a0Na cel\u00e9m \u00fazem\u00ed M\u010c Praha&nbsp;7 jsou vyzna\u010den\u00e9 z\u00f3ny placen\u00e9ho st\u00e1n\u00ed, z\u00a0\u010deho\u017e plyne, \u017ee se zde nenach\u00e1zej\u00ed komunikace, na nich\u017e by bylo umo\u017en\u011bno celodenn\u00ed\/celot\u00fddenn\u00ed \u010di celoro\u010dn\u00ed bezplatn\u00e9 parkov\u00e1n\u00ed.<\/p>\r\n<p>[\/perex]<\/p>\r\n<div class=\"standBody\">\r\n<h3><strong>Modr\u00e1 z\u00f3na<\/strong><\/h3>\r\n<p><a href=\"http:\/\/www.parkujvklidu.cz\/parkovani-pro-rezidenty\/\"><img loading=\"lazy\" src=\"https:\/\/www.praha7.cz\/wp-content\/uploads\/2019\/07\/Screenshot_1-1.png\" alt=\"\" width=\"345\" height=\"178\" class=\"alignnone size-full wp-image-28295\" \/><\/a><\/p>\r\n<p>Umo\u017e\u0148uje parkov\u00e1n\u00ed vozidl\u016fm fyzick\u00fdch nebo pr\u00e1vnick\u00fdch osob s\u00a0trval\u00fdm pobytem nebo s\u00eddlem v\u00a0dan\u00e9 oblasti, nebo kte\u0159\u00ed vlastn\u00ed v\u00a0dan\u00e9 oblasti nemovitost, a&nbsp;to za p\u0159edpokladu, \u017ee si zakoup\u00ed\u00a0elektronick\u00e9 <a href=\"https:\/\/www.praha7.cz\/potrebuji-zaridit\/doprava\/parkovani\/parkovaci-karty\/\">parkovac\u00ed opr\u00e1vn\u011bn\u00ed<\/a> na esp\u00e9zetku.<\/p>\r\n<p>D\u00e1le zde mohou parkovat n\u00e1v\u0161t\u011bvn\u00edci, kte\u0159\u00ed si p\u0159edplat\u00ed parkovac\u00ed opr\u00e1vn\u011bn\u00ed (max. 3 hodiny) p\u0159es virt\u00e1ln\u00ed parkovac\u00ed hodiny na str\u00e1nce <a href=\"http:\/\/www.parkujvklidu.cz\">parkujvklidu.cz<\/a>.<\/p>\r\n<p>V\u00a0dob\u011b od 6:00 do 8:00 je v\u00a0t\u011bchto z\u00f3n\u00e1ch umo\u017en\u011bno st\u00e1n\u00ed pro v\u0161echny bez omezen\u00ed (pro pot\u0159eby z\u00e1sobov\u00e1n\u00ed apod.).<\/p>\r\n<h3><strong>Oran\u017eov\u00e1 z\u00f3na<\/strong><\/h3>\r\n<p><a href=\"http:\/\/www.parkujvklidu.cz\/parkovani-pro-navstevniky\/\"><img loading=\"lazy\" src=\"https:\/\/www.praha7.cz\/wp-content\/uploads\/2019\/07\/Screenshot_3-1.png\" alt=\"\" width=\"345\" height=\"178\" class=\"alignnone size-full wp-image-28296\" \/><\/a><\/p>\r\n<p>Umo\u017e\u0148uje od pond\u011bl\u00ed do p\u00e1tku v\u00a0dob\u011b od 08:00 do 18:00 hod. kr\u00e1tkodob\u00e9 parkov\u00e1n\u00ed vozidl\u016fm n\u00e1v\u0161t\u011bvn\u00edk\u016f po zaplacen\u00ed parkovn\u00e9ho po dobu max. 2 hodiny. Mimo uveden\u00fd \u010das nen\u00ed parkov\u00e1n\u00ed regulov\u00e1no a&nbsp;lze je bez omezen\u00ed vyu\u017e\u00edvat.<\/p>\r\n<h3><strong>Sm\u00ed\u0161en\u00e1 z\u00f3na<\/strong><strong><br \/>\r\n<\/strong><a href=\"http:\/\/www.parkujvklidu.cz\/smisene-parkovani\/\"><img loading=\"lazy\" src=\"https:\/\/www.praha7.cz\/wp-content\/uploads\/2019\/07\/Screenshot_2-1.png\" alt=\"\" width=\"343\" height=\"177\" class=\"alignnone size-full wp-image-28297\" \/><\/a><\/h3>\r\n<p>Umo\u017e\u0148uje parkov\u00e1n\u00ed vozidl\u016fm fyzick\u00fdch nebo pr\u00e1vnick\u00fdch osob s\u00a0trval\u00fdm pobytem nebo s\u00eddlem v\u00a0dan\u00e9 oblasti, nebo kte\u0159\u00ed vlastn\u00ed v\u00a0dan\u00e9 oblasti nemovitost, a&nbsp;to za p\u0159edpokladu, \u017ee se prok\u00e1\u017e\u00ed platnou parkovac\u00ed kartou.<\/p>\r\n<p>V\u00a0dob\u011b od 6:00 do 8:00 je v\u00a0t\u011bchto z\u00f3n\u00e1ch umo\u017en\u011bno st\u00e1n\u00ed pro v\u0161echny bez omezen\u00ed (pro pot\u0159eby z\u00e1sobov\u00e1n\u00ed apod.).<\/p>\r\n<p>Sou\u010dasn\u011b od pond\u011bl\u00ed do p\u00e1tku v\u00a0dob\u011b od 08:00 do 18:00 hod. umo\u017e\u0148uje kr\u00e1tkodob\u00e9 nebo st\u0159edn\u011bdob\u00e9 parkov\u00e1n\u00ed vozidl\u016fm n\u00e1v\u0161t\u011bvn\u00edk\u016f po dobu max. 2 nebo 6 hodin (podle dodatkov\u00e9 tabulky), a&nbsp;to za p\u0159edpokladu, \u017ee se prok\u00e1\u017e\u00ed platn\u00fdm parkovac\u00edm l\u00edstkem.<\/p>\r\n<p><strong>POZOR: Mimo uveden\u00fd \u010das funguje z\u00f3na jako modr\u00e1!<\/strong><\/p>\r\n<\/div>\r\n<h3>Zelen\u00e1 z\u00f3na<\/h3>\r\n<p><a href=\"http:\/\/www.parkujvklidu.cz\/parkovani-pr\/\"><img loading=\"lazy\" src=\"https:\/\/www.praha7.cz\/wp-content\/uploads\/2019\/07\/Screenshot_4.png\" alt=\"\" width=\"339\" height=\"176\" class=\"alignnone size-full wp-image-28298\" \/><\/a><\/p>\r\n<p>Umo\u017e\u0148uje od pond\u011bl\u00ed do p\u00e1tku v\u00a0dob\u011b od 08:00 do 18:00 hod. st\u0159edn\u011bdob\u00e9 parkov\u00e1n\u00ed vozidl\u016fm n\u00e1v\u0161t\u011bvn\u00edk\u016f po dobu max. 6\u00a0hodin, a&nbsp;to za p\u0159edpokladu, \u017ee se prok\u00e1\u017e\u00ed platn\u00fdm parkovac\u00edm l\u00edstkem. Mimo uveden\u00fd \u010das nen\u00ed parkov\u00e1n\u00ed regulov\u00e1no a&nbsp;lze je bez omezen\u00ed vyu\u017e\u00edvat.<\/p>","protected":false},"excerpt":{"rendered":"[perex] V\u00a0z\u00f3n\u00e1ch nov\u00e9 generace (od \u00fanora 2018) u\u017e nepot\u0159ebujete parkovac\u00ed kartu nebo l\u00edstek za sklo. Zaplat\u00edte si pouze elektronick\u00e9 parkovac\u00ed opr\u00e1vn\u011bn\u00ed na esp\u00e9zetku nebo se jako n\u00e1v\u0161t\u011bvn\u00edk zaregistrujete p\u0159es parkovac\u00ed automat na ulici \u010di virtu\u00e1ln\u00ed parkovac\u00ed hodiny. Kontrolu prov\u00e1d\u011bj\u00ed monitorovac\u00ed vozy se zabudovan\u00fdm kamerov\u00fdm syst\u00e9mem.\u00a0Na cel\u00e9m \u00fazem\u00ed M\u010c Praha&nbsp;7 jsou vyzna\u010den\u00e9 z\u00f3ny placen\u00e9ho st\u00e1n\u00ed, z\u00a0\u010deho\u017e [&hellip;]","protected":false},"author":2,"featured_media":0,"parent":1221,"menu_order":0,"comment_status":"closed","ping_status":"closed","template":"","meta":[],"_links":{"self":[{"href":"https:\/\/www.praha7.cz\/api\/wp\/v2\/pages\/3276"}],"collection":[{"href":"https:\/\/www.praha7.cz\/api\/wp\/v2\/pages"}],"about":[{"href":"https:\/\/www.praha7.cz\/api\/wp\/v2\/types\/page"}],"author":[{"embeddable":true,"href":"https:\/\/www.praha7.cz\/api\/wp\/v2\/users\/2"}],"replies":[{"embeddable":true,"href":"https:\/\/www.praha7.cz\/api\/wp\/v2\/comments?post=3276"}],"version-history":[{"count":28,"href":"https:\/\/www.praha7.cz\/api\/wp\/v2\/pages\/3276\/revisions"}],"predecessor-version":[{"id":52915,"href":"https:\/\/www.praha7.cz\/api\/wp\/v2\/pages\/3276\/revisions\/52915"}],"up":[{"embeddable":true,"href":"https:\/\/www.praha7.cz\/api\/wp\/v2\/pages\/1221"}],"wp:attachment":[{"href":"https:\/\/www.praha7.cz\/api\/wp\/v2\/media?parent=3276"}],"curies":[{"name":"wp","href":"https:\/\/api.w.org\/{rel}","templated":true}]}}