    
{"id":32476,"date":"2020-01-08T10:41:41","date_gmt":"2020-01-08T09:41:41","guid":{"rendered":"https:\/\/www.praha7.cz\/?page_id=32476"},"modified":"2021-06-04T15:22:46","modified_gmt":"2021-06-04T13:22:46","slug":"oddeleni-ucetnictvi-zdanovane-cinnosti","status":"publish","type":"page","link":"https:\/\/www.praha7.cz\/radnice\/organizacni-struktura\/odbor-ekonomicky\/oddeleni-ucetnictvi-zdanovane-cinnosti\/","title":{"rendered":"odd\u011blen\u00ed \u00fa\u010detnictv\u00ed zda\u0148ovan\u00e9 \u010dinnosti"},"content":{"rendered":"<p>[perex]<\/p>\r\n<p><strong>Odd\u011blen\u00ed \u00fa\u010detnictv\u00ed zda\u0148ovan\u00e9 \u010dinnosti (O\u00daZ\u010c)<\/strong> zaji\u0161\u0165uje \u00fa\u010detn\u00ed operace zda\u0148ovan\u00e9 \u010dinnosti v\u010detn\u011b dan\u011b z\u00a0p\u0159idan\u00e9 hodnoty a&nbsp;dan\u011b z\u00a0p\u0159\u00edjmu pr\u00e1vnick\u00fdch osob za M\u010c Praha&nbsp;7.<\/p>\r\n<p>[\/perex]<\/p>\r\n        <div class=\"collapse-block\">\r\n            <div class=\"card-header\" role=\"tab\" id=\"heading6ae73bb9345c3418937b7a4296096624da0053cc\">\r\n                                    <h3 class=\"mb-0\">\r\n                        <a data-toggle=\"collapse\" href=\"#collapse6ae73bb9345c3418937b7a4296096624da0053cc\" aria-controls=\"collapse6ae73bb9345c3418937b7a4296096624da0053cc\">\r\n                            Podrobn\u00fd popis \u010dinnosti                            <i class=\"fa fa-2x fa-angle-down\" aria-hidden=\"true\"><\/i>\r\n                        <\/a>\r\n                    <\/h3>\r\n                                \r\n            <\/div>\r\n\r\n            <div id=\"collapse6ae73bb9345c3418937b7a4296096624da0053cc\" class=\"collapse\" data-id=\"6ae73bb9345c3418937b7a4296096624da0053cc\" role=\"tabpanel\" aria-labelledby=\"heading6ae73bb9345c3418937b7a4296096624da0053cc\">\r\n                <div class=\"card-block\">\r\n    \r\n<ul>\r\n\t<li>Zaji\u0161\u0165uje ve\u0161ker\u00e9 \u00fa\u010detn\u00ed operace spojen\u00e9 s&nbsp;veden\u00edm \u00fa\u010detnictv\u00ed zda\u0148ovan\u00e9 \u010dinnosti &#8211; odd\u011blen\u011b od \u010dinnosti hlavn\u00ed.<\/li>\r\n\t<li>Zodpov\u00edd\u00e1 za \u0159\u00e1dn\u00e9 za\u00fa\u010dtov\u00e1n\u00ed vypo\u010dten\u00e9 dan\u011b z&nbsp;p\u0159\u00edjmu do p\u0159\u00edslu\u0161n\u00e9ho \u00fa\u010detn\u00edho obdob\u00ed na z\u00e1klad\u011b p\u00edsemn\u00e9ho p\u0159\u00edkazu odboru majetku.<\/li>\r\n\t<li>Zaji\u0161\u0165uje ve spolupr\u00e1ci s&nbsp;da\u0148ov\u00fdm poradcem da\u0148ov\u00e9 p\u0159izn\u00e1n\u00ed k&nbsp;dani z&nbsp;p\u0159\u00edjm\u016f pr\u00e1vnick\u00fdch osob za M\u010c Praha&nbsp;7.<\/li>\r\n\t<li>M\u011bs\u00ed\u010dn\u011b zaji\u0161\u0165uje zpracov\u00e1n\u00ed \u0159\u00e1dn\u00e9ho, p\u0159\u00edpadn\u011b opravn\u00e9ho nebo dodate\u010dn\u00e9ho da\u0148ov\u00e9ho p\u0159izn\u00e1n\u00ed k&nbsp;dani z&nbsp;p\u0159idan\u00e9 hodnoty a&nbsp;zpracov\u00e1n\u00ed kontroln\u00edho hl\u00e1\u0161en\u00ed dani z&nbsp;p\u0159idan\u00e9 hodnoty.<\/li>\r\n\t<li>Zabezpe\u010duje da\u0148ovou dolo\u017eenost k&nbsp;dani z&nbsp;p\u0159idan\u00e9 hodnoty.<\/li>\r\n\t<li>Prov\u00e1d\u00ed ve\u0161ker\u00e9 \u00fa\u010detn\u00ed operace t\u00fdkaj\u00edc\u00ed se dan\u011b z&nbsp;p\u0159idan\u00e9 hodnoty v&nbsp;r\u00e1mci hlavn\u00ed rozpo\u010dtov\u00e9 a&nbsp;zejm\u00e9na vedlej\u0161\u00ed zda\u0148ovan\u00e9 \u010dinnosti M\u010c Praha&nbsp;7.<\/li>\r\n\t<li>Prov\u00e1d\u00ed pr\u016fb\u011b\u017en\u011b nam\u00e1tkov\u00e9 kontroly \u00fa\u010detn\u00edch doklad\u016f po obsahov\u00e9 i&nbsp;v\u011bcn\u00e9 str\u00e1nce u&nbsp;spr\u00e1vn\u00ed firmy 7U s.r.o., t\u00fdk\u00e1 se oblasti \u00fa\u010dtovan\u00e9 na z\u00e1klad\u011b mand\u00e1tn\u00ed smlouvy.<\/li>\r\n\t<li>Metodicky \u0159\u00edd\u00ed \u00fa\u010detnictv\u00ed p\u0159\u00edsp\u011bvkov\u00fdch organizac\u00ed z\u0159\u00edzen\u00fdch M\u010c Praha&nbsp;7 v&nbsp;r\u00e1mci po\u017eadavk\u016f stanoven\u00fdch v&nbsp;souladu se z\u00e1konem o&nbsp;dani z&nbsp;p\u0159idan\u00e9 hodnoty.<\/li>\r\n\t<li>Zabezpe\u010duje vztah s&nbsp;F\u00da Praha&nbsp;7 v&nbsp;oblasti dan\u011b z&nbsp;p\u0159idan\u00e9 hodnoty.<\/li>\r\n\t<li>\u00da\u010dtuje o&nbsp;v\u0161ech finan\u010dn\u00edch operac\u00edch t\u00fdkaj\u00edc\u00edch se z\u00f3n placen\u00e9ho st\u00e1n\u00ed &#8211; ZPS.<\/li>\r\n\t<li>Zaji\u0161\u0165uje kontrolu a&nbsp;\u00fa\u010dtov\u00e1n\u00ed pokladn\u00ed slu\u017eby M\u010c Praha&nbsp;7 za zda\u0148ovanou \u010dinnost.<\/li>\r\n<\/ul>\r\n                <\/div>\r\n            <\/div>\r\n        <\/div>\r\n    \r\n\n<div class=\"shortcode-container no-bottom-padding  \">    \n\t<div class=\"row\">\n\t\t<div class=\"col-xs-12 col-md-7\">\n\t\t\t<h3>\u00da\u0159edn\u00ed hodiny \u00da\u0159adu M\u010c Praha 7<\/h3>\n\t\t<\/div>\n\t<\/div>\n\t\t<div class=\"row\">\n\t\t\t<div class=\"col-xs-12 col-sm-4 col-md-3\">\n\t\t\t\t<span>pond\u011bl\u00ed a st\u0159eda<\/span>\n\t\t\t<\/div>\n\t\t\t\t<div class=\"col-xs-6 col-sm-4 col-md-3\">\n\t\t\t\t\t<span>7.30\u201312.00<\/span>\n\t\t\t\t<\/div>\n\t\t\t\t\t<div class=\"col-xs-6 col-sm-4 col-md-3\">\n\t\t\t\t\t\t<span>13.00\u201318.00<\/span>\n\t\t\t\t\t<\/div>\n\t\t<\/div>\n\t\t<div class=\"row\">\n\t\t\t<div class=\"col-xs-12 col-sm-4 col-md-3\">\n\t\t\t\t<span>\u00fater\u00fd, \u010dtvrtek a p\u00e1tek<\/span>\n\t\t\t<\/div>\n\t\t\t\t<div class=\"col-xs-12 col-sm-8 col-md-9\">\n\t\t\t\t\t<span>po p\u0159edchoz\u00ed domluv\u011b \/ po objedn\u00e1n\u00ed<\/span>\n\t\t\t\t<\/div>\n\t\t<\/div>\n\t<div class=\"row\">\n\t\t<div class=\"col-xs-12 col-md-12 office_hours_info\">\n\t\t\t\n\t\t<\/div>\t\n\t<\/div>\n<\/div>\r\n<div class=\"shortcode-container container-fluid no-bottom-padding division-detail  \"> \n    <div class=\"row\">\n\t\t <div class=\"row div-dept\">\n            <div class=\"col-xs-12 col-md-12 contact-info\">\n                <h4>Kontakt<\/h4>\n                <span>\n                    \u00da\u0159ad m\u011bstsk\u00e9 \u010d\u00e1sti Praha 7\n                <\/span><br>\n                <span>\n                    Odbor ekonomick\u00fd - odd\u011blen\u00ed \u00fa\u010detnictv\u00ed zda\u0148ovan\u00e9 \u010dinnosti\n                <\/span><br>\n                    <span>\n                        U Pr\u016fhonu 1338\/38\n                    <\/span><br>\n                    <span>\n                        Praha 7\n                    <\/span><br>\n                \n                \n            <\/div>\n        <\/div>\n    <\/div>\n<\/div>\r\n<div class=\"shortcode-container container-fluid text-xs-center no-bottom-padding \">\n\t<div class=\"row shortcode-row \">\n        <div class=\"row contact-item\">\n            <div class=\"col-xs-4 col-md-2 contact-photo\">\t\t\n                <img src=\"https:\/\/www.praha7.cz\/wp-content\/uploads\/2020\/01\/IMG_8292-pavla-vojtechova-400x400.jpg\" alt=\"placeholder\">\n            <\/div>\n\n            <div class=\"col-xs-8 col-md-5 contact-info\">\n                <h3>Vojt\u011bchov\u00e1 Pavla<\/h3>\n                <span>vedouc\u00ed odd\u011blen\u00ed<\/span><br>\n                <span>tel. <a href=\"tel:+420220144250\">+420220144250<\/a><\/span><br>\n                <span>gsm. <a href=\"tel:+420777139606\">+420777139606<\/a><\/span><br>\n                <a href=\"mailto:vojtechovap@praha7.cz\">vojtechovap@praha7.cz<\/a><br>\n                <span>dve\u0159e 6.10a<\/span>\n            <\/div>\n        <\/div>\n\t<\/div>\n\n        <div class=\"row shortcode-row no-bottom-border\">\n            <div class=\"col-xs-6 contact-info sub-contact-info\">\n                <div class=\"row contact-item\">\n                    <h3>Bubn\u00edkov\u00e1 Ludmila<\/h3>\n                    <span>\u00fa\u010detn\u00ed<\/span><br>\n                    <span>tel. <a href=\"tel:+420220144048\">+420220144048<\/a><\/span><br>\n                    <span>gsm. <a href=\"tel:723562288\">723562288<\/a><\/span><br>\n                    <a href=\"mailto:bubnikoval@praha7.cz\">bubnikoval@praha7.cz<\/a><br>\n                    <span>dve\u0159e 6.10a<\/span>\n                <\/div>\n            <\/div>\n            <div class=\"col-xs-6 contact-info sub-contact-info\">\n                <div class=\"contact-item\">\n                    <h3>Morcov\u00e1 Olga<\/h3>\n                    <span>\u00fa\u010detn\u00ed<\/span><br>\n                    <span>tel. <a href=\"tel:+420220144195\">+420220144195<\/a><\/span><br>\n                    \n                    <a href=\"mailto:morcovao@praha7.cz\">morcovao@praha7.cz<\/a><br>\n                    <span>dve\u0159e 6.10a<\/span>\n                <\/div>\n            <\/div>\n        <\/div>\n<\/div>\n","protected":false},"excerpt":{"rendered":"[perex] Odd\u011blen\u00ed \u00fa\u010detnictv\u00ed zda\u0148ovan\u00e9 \u010dinnosti (O\u00daZ\u010c) zaji\u0161\u0165uje \u00fa\u010detn\u00ed operace zda\u0148ovan\u00e9 \u010dinnosti v\u010detn\u011b dan\u011b z\u00a0p\u0159idan\u00e9 hodnoty a&nbsp;dan\u011b z\u00a0p\u0159\u00edjmu pr\u00e1vnick\u00fdch osob za M\u010c Praha&nbsp;7. [\/perex] Zaji\u0161\u0165uje ve\u0161ker\u00e9 \u00fa\u010detn\u00ed operace spojen\u00e9 s&nbsp;veden\u00edm \u00fa\u010detnictv\u00ed zda\u0148ovan\u00e9 \u010dinnosti &#8211; odd\u011blen\u011b od \u010dinnosti hlavn\u00ed. Zodpov\u00edd\u00e1 za \u0159\u00e1dn\u00e9 za\u00fa\u010dtov\u00e1n\u00ed vypo\u010dten\u00e9 dan\u011b z&nbsp;p\u0159\u00edjmu do p\u0159\u00edslu\u0161n\u00e9ho \u00fa\u010detn\u00edho obdob\u00ed na z\u00e1klad\u011b p\u00edsemn\u00e9ho p\u0159\u00edkazu odboru majetku. Zaji\u0161\u0165uje [&hellip;]","protected":false},"author":76,"featured_media":0,"parent":1877,"menu_order":0,"comment_status":"closed","ping_status":"closed","template":"","meta":[],"_links":{"self":[{"href":"https:\/\/www.praha7.cz\/api\/wp\/v2\/pages\/32476"}],"collection":[{"href":"https:\/\/www.praha7.cz\/api\/wp\/v2\/pages"}],"about":[{"href":"https:\/\/www.praha7.cz\/api\/wp\/v2\/types\/page"}],"author":[{"embeddable":true,"href":"https:\/\/www.praha7.cz\/api\/wp\/v2\/users\/76"}],"replies":[{"embeddable":true,"href":"https:\/\/www.praha7.cz\/api\/wp\/v2\/comments?post=32476"}],"version-history":[{"count":14,"href":"https:\/\/www.praha7.cz\/api\/wp\/v2\/pages\/32476\/revisions"}],"predecessor-version":[{"id":48729,"href":"https:\/\/www.praha7.cz\/api\/wp\/v2\/pages\/32476\/revisions\/48729"}],"up":[{"embeddable":true,"href":"https:\/\/www.praha7.cz\/api\/wp\/v2\/pages\/1877"}],"wp:attachment":[{"href":"https:\/\/www.praha7.cz\/api\/wp\/v2\/media?parent=32476"}],"curies":[{"name":"wp","href":"https:\/\/api.w.org\/{rel}","templated":true}]}}