    
{"id":3185,"date":"2017-08-17T20:21:16","date_gmt":"2017-08-17T18:21:16","guid":{"rendered":"https:\/\/praha7.cz\/?page_id=3185"},"modified":"2017-11-13T08:14:01","modified_gmt":"2017-11-13T07:14:01","slug":"nemam-dite-ve-sve-peci","status":"publish","type":"page","link":"https:\/\/www.praha7.cz\/potrebuji-zaridit\/socialni-oblast\/rodiny-a-deti\/socialne-pravni-ochrana-deti\/nemam-dite-ve-sve-peci\/","title":{"rendered":"Nem\u00e1m d\u00edt\u011b ve sv\u00e9 p\u00e9\u010di"},"content":{"rendered":"<p>[perex]<\/p>\r\n<p>Pr\u00e1va a&nbsp;povinnosti rodi\u010d\u016f, kte\u0159\u00ed nemaj\u00ed d\u00edt\u011b ve sv\u00e9 p\u00e9\u010di, vypl\u00fdvaj\u00ed z&nbsp;rodi\u010dovsk\u00e9 odpov\u011bdnosti a&nbsp;z\u016fst\u00e1vaj\u00ed stejn\u00e1 . Pom\u011bry v\u016f\u010di nezletil\u00fdm d\u011btem, tzn. komu bude d\u00edt\u011b sv\u011b\u0159eno do v\u00fdchovy a&nbsp;jak bude ka\u017ed\u00fd z&nbsp;rodi\u010d\u016f p\u0159isp\u00edvat na jeho v\u00fd\u017eivu, mus\u00ed b\u00fdt p\u0159ed rozhodnut\u00edm soudu o&nbsp;rozvodu soudn\u011b upraveny. Rodi\u010d m\u016f\u017ee s&nbsp;d\u00edt\u011btem vycestovat na zahrani\u010dn\u00ed dovolenou, ale m\u011bl by o&nbsp;tom informovat druh\u00e9ho rodi\u010de.<\/p>\r\n<p>[\/perex]<\/p>\r\n<h2>Kde<\/h2>\r\n<div class=\"shortcode-container container-fluid no-bottom-padding division-detail  \"> \n    <div class=\"row\">\n\t\t <div class=\"row div-dept\">\n            <div class=\"col-xs-12 col-md-12 contact-info\">\n                <h4>Kontakt<\/h4>\n                <span>\n                    \u00da\u0159ad m\u011bstsk\u00e9 \u010d\u00e1sti Praha 7\n                <\/span><br>\n                <span>\n                    Odbor soci\u00e1ln\u00edch v\u011bc\u00ed - OSPOD\n                <\/span><br>\n                    <span>\n                        U Pr\u016fhonu 1338\/38\n                    <\/span><br>\n                    <span>\n                        Praha 7\n                    <\/span><br>\n                \n                \n            <\/div>\n        <\/div>\n    <\/div>\n<\/div>\r\n\n<div class=\"shortcode-container no-bottom-padding  \">    \n\t<div class=\"row\">\n\t\t<div class=\"col-xs-12 col-md-7\">\n\t\t\t<h3><\/h3>\n\t\t<\/div>\n\t<\/div>\n\t<div class=\"row\">\n\t\t<div class=\"col-xs-12 col-md-12 office_hours_info\">\n\t\t\t\n\t\t<\/div>\t\n\t<\/div>\n<\/div>\r\n<div class=\"shortcode-container container-fluid no-bottom-padding \">\n\t<div class=\"row shortcode-row no-bottom-border\">\n\t\t <div class=\"row contact-item\">\n\t\t\t<div class=\"col-xs-8 col-md-7 contact-info\">\n\t\t\t\t<h3>Kop\u0159ivov\u00e1 Kon\u00ed\u010dkov\u00e1 Vlasta<\/h3>\n\t\t\t\t<span>vedouc\u00ed odd\u011blen\u00ed<\/span><br>\n\t\t\t\t<span>dve\u0159e 2.03<\/span><br>\n\t\t\t\t<span>tel. <a>+420220144186<\/a><\/span><br>\n                <span>gsm. <a href=\"tel:+420732667080\">+420732667080<\/a><\/span><br>\n\t\t\t\t<a href=\"mailto:konickovav@praha7.cz\">konickovav@praha7.cz<\/a><br>\n\t\t\t<\/div>\n\t\t<\/div>\n\t<\/div>\n<\/div>\r\n<h4>Jak\u00e9 jsou mo\u017en\u00e9 formy v\u00fdchovy, pokud se rodi\u010de rozvedli \u010di roze\u0161li<\/h4>\r\n<ol>\r\n\t<li>\u00a0<strong>spole\u010dn\u00e1 v\u00fdchova<\/strong> \u2013 pokud jsou oba rodi\u010de schopni d\u00edt\u011b \u0159\u00e1dn\u011b vychov\u00e1vat, maj\u00ed o&nbsp;v\u00fdchovu z\u00e1jem a&nbsp;jsou schopni se na v\u00fdchov\u011b dohodnout<\/li>\r\n\t<li><strong>\u00a0st\u0159\u00eddav\u00e1 v\u00fdchova<\/strong> \u2013 pokud jsou rodi\u010de schopni se na v\u00fdchov\u011b a&nbsp;zaji\u0161\u0165ov\u00e1n\u00ed pot\u0159eb d\u00edt\u011bte dohodnout, \u00a0d\u00edt\u011b \u017eije po ur\u010ditou p\u0159edem stanovenou dobu s&nbsp;ka\u017ed\u00fdm z&nbsp;rodi\u010d\u016f zvl\u00e1\u0161\u0165; \u010dasov\u00fd interval nen\u00ed nijak vymezen, vypl\u00fdv\u00e1 z&nbsp;konkr\u00e9tn\u00edch podm\u00ednek. Pro d\u00edt\u011b by v\u0161ak st\u0159\u00eddav\u00e1 p\u00e9\u010de nem\u011bla znamenat z\u00e1sadn\u00ed zm\u011bny t\u00fdkaj\u00edc\u00ed se \u0161koly, voln\u00e9ho \u010dasu, okruhu kamar\u00e1d\u016f apod.<\/li>\r\n\t<li><strong>sv\u011b\u0159en\u00ed do v\u00fdchovy jednoho z&nbsp;rodi\u010d\u016f<\/strong>, p\u0159i\u010dem\u017e druh\u00fd rodi\u010d m\u00e1 pr\u00e1vo se s&nbsp;d\u00edt\u011btem st\u00fdkat \u2013 pokud rodi\u010de nejsou schopni se na rozsahu styku dohodnout, rozhodne o&nbsp;tomto p\u0159\u00edslu\u0161n\u00fd soud<\/li>\r\n<\/ol>\r\n<h4>V\u00fd\u017eivn\u00e9<\/h4>\r\n<ul>\r\n\t<li>\u017e\u00e1dn\u00fd v\u0161eobecn\u011b platn\u00fd vzorec pro v\u00fdpo\u010det v\u00fd\u017eivn\u00e9ho nen\u00ed stanoven \u2013 jeho v\u00fd\u0161e vypl\u00fdv\u00e1 z&nbsp;od\u016fvodn\u011bn\u00fdch pot\u0159eb d\u00edt\u011bte a&nbsp;sou\u010dasn\u011b finan\u010dn\u00edch mo\u017enost\u00ed a&nbsp;schopnost\u00ed rodi\u010de<\/li>\r\n\t<li>n\u00e1vrh na \u00fapravu v\u00fd\u017eivn\u00e9ho je t\u0159eba podat\u00a0v p\u0159\u00edpad\u011b jak\u00e9koliv z\u00e1sadn\u00ed zm\u011bny v&nbsp;\u017eivot\u011b d\u00edt\u011bte (tzn. n\u00e1stup do \u0161kolky, \u0161koly, zm\u011bna zdravotn\u00edho stavu apod.) nebo z\u00e1sadn\u00ed zm\u011bny pom\u011br\u016f na stran\u011b rodi\u010d\u016f (nap\u0159. ztr\u00e1ta zam\u011bstn\u00e1n\u00ed, zm\u011bna zdravotn\u00edho stavu apod.)<\/li>\r\n\t<li>pakli\u017ee rodi\u010d\u00a0neplat\u00ed soudem stanoven\u00e9 v\u00fd\u017eivn\u00e9, nezb\u00fdv\u00e1 ne\u017e se\u00a0obr\u00e1tit na p\u0159\u00edslu\u0161n\u00fd soud a&nbsp;podat n\u00e1vrh na v\u00fdkon rozhodnut\u00ed; v&nbsp;p\u0159\u00edpad\u011b dlouhodob\u00e9ho nepln\u011bn\u00ed t\u00e9to povinnosti (po dobu del\u0161\u00ed ne\u017e 3 m\u011bs\u00edce) je pak t\u0159eba podat trestn\u00ed ozn\u00e1men\u00ed pro nepln\u011bn\u00ed vy\u017eivovac\u00ed povinnosti na Policii \u010cR<br \/>\r\n \u00a0<\/li>\r\n<\/ul>\r\n<h3>Co d\u011blat, kdy\u017e jeden rodi\u010d br\u00e1n\u00ed druh\u00e9mu ve styku s&nbsp;d\u00edt\u011btem<\/h3>\r\n<ul>\r\n\t<li>doporu\u010dujeme obr\u00e1tit se na p\u0159\u00edslu\u0161n\u00fd org\u00e1n soci\u00e1ln\u011b-pr\u00e1vn\u00ed ochrany d\u011bt\u00ed, kter\u00fd zv\u00e1\u017e\u00ed ve\u0161ker\u00e9 okolnosti p\u0159\u00edpadu a&nbsp;navrhne dal\u0161\u00ed postup; oba rodi\u010de maj\u00ed stejnou rodi\u010dovskou odpov\u011bdnost, ze kter\u00e9 vypl\u00fdvaj\u00ed pr\u00e1va a&nbsp;povinnosti v&nbsp;pln\u00e9m rozsahu, pokud nen\u00ed omezena soudem, v\u017edy v\u0161ak mus\u00ed respektovat rozsudek soudu<\/li>\r\n<\/ul>\r\n<h3>Pro\u010d mus\u00ed b\u00fdt d\u00edt\u011b zastoupeno kolizn\u00edm opatrovn\u00edkem v&nbsp;soudn\u00edm \u0159\u00edzen\u00ed<\/h3>\r\n<ul>\r\n\t<li>proto\u017ee\u00a0rozhoduje o&nbsp;v\u011bcech, p\u0159i nich\u017e by mohlo doj\u00edt ke st\u0159etu z\u00e1jm\u016f mezi rodi\u010di a&nbsp;d\u00edt\u011btem nebo ke st\u0159etu z\u00e1jm\u016f d\u011bt\u00ed t\u00fdch\u017e rodi\u010d\u016f\u00a0<\/li>\r\n\t<li>kolizn\u00ed opatrovn\u00edk je ustanoven p\u0159\u00edslu\u0161n\u00fdm soudem pouze pro dan\u00e9 \u0159\u00edzen\u00ed a&nbsp;jeho \u00fakolem je zji\u0161t\u011bn\u00ed pom\u011br\u016f d\u00edt\u011bte a&nbsp;rodi\u010d\u016f a&nbsp;pod\u00e1n\u00ed n\u00e1vrhu na to, jak by tyto pom\u011bry m\u011bly b\u00fdt upraveny<\/li>\r\n\t<li>v r\u00e1mci komunikace s&nbsp;rodi\u010di m\u016f\u017ee plnit i&nbsp;roli poradenskou, nep\u0159eb\u00edr\u00e1 v\u0161ak \u017e\u00e1dnou odpov\u011bdnost za p\u0159\u00edpadn\u00e9 konflikty a&nbsp;probl\u00e9my, kter\u00e9 v&nbsp;rodin\u011b mohou nastat<\/li>\r\n\t<li>pravomocn\u00fdm ukon\u010den\u00edm \u0159\u00edzen\u00ed jeho role kon\u010d\u00ed a&nbsp;nad\u00e1le do rodiny, nen\u00ed-li to t\u0159eba, nezasahuje<\/li>\r\n<\/ul>\r\n<h3><br \/>\r\n Pro\u010d mus\u00ed nezletil\u00e9 d\u00edt\u011b proj\u00edt pohovorem<\/h3>\r\n<ul>\r\n\t<li>proto\u017ee d\u00edt\u011b m\u00e1 pr\u00e1vo se samo podle sv\u00fdch schopnost\u00ed vyj\u00e1d\u0159it k&nbsp;podstatn\u00fdm z\u00e1le\u017eitostem, kter\u00e9 se ho t\u00fdkaj\u00ed, a&nbsp;to i&nbsp;bez p\u0159\u00edtomnosti rodi\u010d\u016f<\/li>\r\n\t<li>pohovor se prov\u00e1d\u00ed zpravidla na odd\u011blen\u00ed soci\u00e1ln\u011b-pr\u00e1vn\u00ed ochrany d\u011bt\u00ed; d\u00edt\u011b je t\u00edmto chr\u00e1n\u011bno p\u0159ed nutnost\u00ed prov\u00e9st pohovor p\u0159\u00edmo p\u0159ed soudem, co\u017e by pro n\u011bj mohlo b\u00fdt zna\u010dn\u011b stresuj\u00edc\u00ed<\/li>\r\n<\/ul>\r\n<p>&nbsp;<\/p>\r\n<h4>Co d\u011blat ve zvl\u00e1\u0161tn\u00edch situac\u00edch<\/h4>\r\n<ul>\r\n\t<li>d\u00edt\u011b bez m\u00e9ho v\u011bdom\u00ed <strong>nechod\u00ed do \u0161koly<\/strong>\u00a0\u2013 doporu\u010dujeme obr\u00e1tit se na p\u0159\u00edslu\u0161n\u00fd org\u00e1n soci\u00e1ln\u011b-pr\u00e1vn\u00ed ochrany d\u011bt\u00ed, tedy kur\u00e1tora pro d\u011bti a&nbsp;ml\u00e1de\u017e, kter\u00fd zv\u00e1\u017e\u00ed ve\u0161ker\u00e9 okolnosti p\u0159\u00edpadu a&nbsp;navrhne dal\u0161\u00ed postup<\/li>\r\n\t<li>m\u00e1m podez\u0159en\u00ed, \u017ee <strong>u\u017e\u00edv\u00e1 n\u011bjakou drogu<\/strong>\u00a0\u2013 abychom z\u00edskali jistotu, m\u016f\u017eeme v&nbsp;l\u00e9k\u00e1rn\u011b zakoupit dostupn\u00fd test, n\u00e1sledn\u011b doporu\u010dujeme obr\u00e1tit se bu\u010f na p\u0159\u00edslu\u0161n\u00fd org\u00e1n soci\u00e1ln\u011b-pr\u00e1vn\u00ed ochrany d\u011bt\u00ed, tedy kur\u00e1tory pro d\u011bti a&nbsp;ml\u00e1de\u017e, nebo p\u0159\u00edmo na za\u0159\u00edzen\u00ed, kter\u00e9 se touto problematikou zab\u00fdv\u00e1<\/li>\r\n\t<li>t<strong>oul\u00e1 se a&nbsp;nep\u0159i\u0161lo v&nbsp;noci dom\u016f<\/strong>, p\u0159\u00edpadn\u011b je mimo domov del\u0161\u00ed dobu\u00a0\u2013 jestli\u017ee jste u\u017e vy\u010derpali vlastn\u00ed dostupn\u00e9 mo\u017enosti, je t\u0159eba\u00a0nahl\u00e1sit poh\u0159e\u0161ov\u00e1n\u00ed na Policii \u010cR. P\u0159i opakov\u00e1n\u00ed doporu\u010dujeme obr\u00e1tit se z\u00e1rove\u0148 na p\u0159\u00edslu\u0161n\u00fd org\u00e1n soci\u00e1ln\u011b-pr\u00e1vn\u00ed ochrany d\u011bt\u00ed, tedy kur\u00e1tory pro d\u011bti a&nbsp;ml\u00e1de\u017e.<\/li>\r\n\t<li>nezletil\u00fd <strong>chce uzav\u0159\u00edt s\u0148atek<\/strong>\u00a0\u2013\u00a0nem\u016f\u017ee jej uzav\u0159\u00edt bez \u0159\u00edzen\u00ed p\u0159ed soudem; soud v\u0161ak m\u016f\u017ee nezletil\u00e9mu star\u0161\u00edmu 16 let s\u0148atek v\u00fdjime\u010dn\u011b povolit, vedou-li k&nbsp;n\u011bmu skute\u010dn\u011b v\u00e1\u017en\u00e9 d\u016fvody (nap\u0159. mate\u0159stv\u00ed)\u00a0<\/li>\r\n\t<li><strong>nezletil\u00ed se sami stanou rodi\u010di<\/strong>\u00a0\u2013\u00a0v takov\u00e9m p\u0159\u00edpad\u011b mus\u00ed b\u00fdt d\u00edt\u011bti ustanoven poru\u010dn\u00edk; konkr\u00e9tn\u00ed osoba, kter\u00e1 bude funkci poru\u010dn\u00edka vykon\u00e1vat, pod\u00e1 k&nbsp;soudu n\u00e1vrh na ustanoven\u00ed poru\u010dn\u00edka s&nbsp;p\u0159\u00edslu\u0161n\u00fdmi doklady, na z\u00e1klad\u011b kter\u00fdch soud rozhodne. K&nbsp;n\u00e1vrhu se p\u0159ipojuje nap\u0159. rodn\u00fd list d\u00edt\u011bte, v\u00fdpis z&nbsp;rejst\u0159\u00edku trest\u016f navrhovatele, pot\u00e9 bude provedeno soci\u00e1ln\u00ed \u0161et\u0159en\u00ed pom\u011br\u016f. Bli\u017e\u0161\u00ed informace k&nbsp;t\u00e9to problematice v\u00e1m poskytnou soci\u00e1ln\u00ed pracovn\u00edci odd\u011blen\u00ed soci\u00e1ln\u011b- pr\u00e1vn\u00ed ochrany d\u011bt\u00ed.<\/li>\r\n<\/ul>\r\n<p>&nbsp;<\/p>\r\n<p>&nbsp;<\/p>","protected":false},"excerpt":{"rendered":"[perex] Pr\u00e1va a&nbsp;povinnosti rodi\u010d\u016f, kte\u0159\u00ed nemaj\u00ed d\u00edt\u011b ve sv\u00e9 p\u00e9\u010di, vypl\u00fdvaj\u00ed z&nbsp;rodi\u010dovsk\u00e9 odpov\u011bdnosti a&nbsp;z\u016fst\u00e1vaj\u00ed stejn\u00e1 . Pom\u011bry v\u016f\u010di nezletil\u00fdm d\u011btem, tzn. komu bude d\u00edt\u011b sv\u011b\u0159eno do v\u00fdchovy a&nbsp;jak bude ka\u017ed\u00fd z&nbsp;rodi\u010d\u016f p\u0159isp\u00edvat na jeho v\u00fd\u017eivu, mus\u00ed b\u00fdt p\u0159ed rozhodnut\u00edm soudu o&nbsp;rozvodu soudn\u011b upraveny. Rodi\u010d m\u016f\u017ee s&nbsp;d\u00edt\u011btem vycestovat na zahrani\u010dn\u00ed dovolenou, ale m\u011bl by o&nbsp;tom informovat [&hellip;]","protected":false},"author":2,"featured_media":0,"parent":3165,"menu_order":0,"comment_status":"closed","ping_status":"closed","template":"","meta":[],"_links":{"self":[{"href":"https:\/\/www.praha7.cz\/api\/wp\/v2\/pages\/3185"}],"collection":[{"href":"https:\/\/www.praha7.cz\/api\/wp\/v2\/pages"}],"about":[{"href":"https:\/\/www.praha7.cz\/api\/wp\/v2\/types\/page"}],"author":[{"embeddable":true,"href":"https:\/\/www.praha7.cz\/api\/wp\/v2\/users\/2"}],"replies":[{"embeddable":true,"href":"https:\/\/www.praha7.cz\/api\/wp\/v2\/comments?post=3185"}],"version-history":[{"count":10,"href":"https:\/\/www.praha7.cz\/api\/wp\/v2\/pages\/3185\/revisions"}],"predecessor-version":[{"id":9256,"href":"https:\/\/www.praha7.cz\/api\/wp\/v2\/pages\/3185\/revisions\/9256"}],"up":[{"embeddable":true,"href":"https:\/\/www.praha7.cz\/api\/wp\/v2\/pages\/3165"}],"wp:attachment":[{"href":"https:\/\/www.praha7.cz\/api\/wp\/v2\/media?parent=3185"}],"curies":[{"name":"wp","href":"https:\/\/api.w.org\/{rel}","templated":true}]}}