    
{"id":31162,"date":"2019-11-13T14:52:39","date_gmt":"2019-11-13T13:52:39","guid":{"rendered":"https:\/\/www.praha7.cz\/?page_id=31162"},"modified":"2022-12-16T13:20:49","modified_gmt":"2022-12-16T12:20:49","slug":"sedmicka-vzdelavaci-a-komunitni","status":"publish","type":"page","link":"https:\/\/www.praha7.cz\/temata\/programy-eu\/op-vyzkum-vyvoj-a-vzdelavani\/sedmicka-vzdelavaci-a-komunitni\/","title":{"rendered":"Sedmi\u010dka vzd\u011bl\u00e1vac\u00ed a&nbsp;komunitn\u00ed"},"content":{"rendered":"<p>[perex]<\/p>\r\n<p>Praha&nbsp;7 klade velk\u00fd d\u016fraz na poskytov\u00e1n\u00ed kvalitn\u00edho vzd\u011bl\u00e1v\u00e1n\u00ed v\u0161em d\u011btem. P\u0159ejeme si, aby ka\u017ed\u00e9 jednotliv\u00e9 d\u00edt\u011b m\u011blo mo\u017enost maxim\u00e1ln\u011b rozvinout a&nbsp;vyu\u017e\u00edt sv\u00e9 talenty a&nbsp;schopnosti. Aby m\u011blo mo\u017enost uplatnit se v\u00a0rychle rozv\u00edjej\u00edc\u00edm se sv\u011bt\u011b ke sv\u00e9 osobn\u00ed spokojenosti, stejn\u011b jako i&nbsp;k&nbsp;prosp\u011bchu cel\u00e9 spole\u010dnosti. Klademe z\u00e1rove\u0148 velk\u00fd d\u016fraz na vytv\u00e1\u0159en\u00ed komunity rodi\u010d\u016f, stejn\u011b jako na zapojen\u00ed senior\u016f do \u017eivota \u0161kol. Podporujeme vznik rodi\u010dovsk\u00fdch spolk\u016f a&nbsp;po\u0159\u00e1d\u00e1n\u00ed r\u016fzn\u00fdch akc\u00ed pro celou komunitu.<\/p>\r\n<p>[\/perex]<\/p>\r\n<p><img loading=\"lazy\" src=\"https:\/\/www.praha7.cz\/wp-content\/uploads\/2019\/11\/skolak-600x400.jpg\" alt=\"\" width=\"600\" height=\"400\" class=\"alignnone size-medium wp-image-31164\" srcset=\"https:\/\/www.praha7.cz\/wp-content\/uploads\/2019\/11\/skolak-600x400.jpg 600w, https:\/\/www.praha7.cz\/wp-content\/uploads\/2019\/11\/skolak-768x512.jpg 768w, https:\/\/www.praha7.cz\/wp-content\/uploads\/2019\/11\/skolak-1500x1000.jpg 1500w, https:\/\/www.praha7.cz\/wp-content\/uploads\/2019\/11\/skolak.jpg 1920w\" sizes=\"(max-width: 600px) 100vw, 600px\" \/><\/p>\r\n<p>Ide\u00e1ln\u00ed \u0161kola je pro n\u00e1s takov\u00e1 instituce, kter\u00e1 poskytuje hodnotn\u00e9 vzd\u011bl\u00e1v\u00e1n\u00ed, respektuje individualitu ka\u017ed\u00e9ho jednotlivce a&nbsp;vytv\u00e1\u0159\u00ed bezpe\u010dn\u00e9 a&nbsp;respektuj\u00edc\u00ed prost\u0159ed\u00ed pro d\u011bti, u\u010ditele i&nbsp;rodi\u010de. Kvalitn\u00ed \u0161kola pot\u0159ebuje v\u00fdborn\u00e9ho \u0159editele, jeho\u017e rol\u00ed je p\u0159edev\u0161\u00edm b\u00fdt pedagogick\u00fdm l\u00eddrem. On je t\u00edm, kter\u00fd ud\u00e1v\u00e1 sm\u011br, motivuje, inspiruje a&nbsp;k&nbsp;tomu pot\u0159ebuje podporu sv\u00e9ho z\u0159izovatele.\u00a0<\/p>\r\n<hr \/>\r\n<h3>Vzd\u011bl\u00e1v\u00e1n\u00ed v&nbsp;Praze 7<\/h3>\r\n<p><strong>Podporujeme \u0159editele, u\u010ditele a&nbsp;\u0161koly:<\/strong><\/p>\r\n<ul>\r\n\t<li>Jsme \u010diteln\u00ed ve sv\u00fdch z\u00e1m\u011brech a&nbsp;zam\u011b\u0159en\u00ed se na podporu \u0159editele jako pedagogick\u00e9ho l\u00eddra<\/li>\r\n\t<li>Podporujeme \u0159editele v\u00a0dal\u0161\u00edm vzd\u011bl\u00e1v\u00e1n\u00ed, nap\u0159. pod\u00edl\u00edme se v\u00fdraznou finan\u010dn\u00ed \u010d\u00e1stkou na zapojen\u00ed \u0159editele a&nbsp;jeho z\u00e1stupce v\u00a0programu <a href=\"https:\/\/www.ucitelnazivo.cz\/reditel-nazivo\">\u0158editel na\u017eivo<\/a><\/li>\r\n\t<li>Podporujeme vz\u00e1jemn\u00e9 sd\u00edlen\u00ed zku\u0161enost\u00ed mezi \u0159editeli<\/li>\r\n\t<li>Pilotujeme supervize pro \u0159editele \u0161kol a&nbsp;\u0161kolek<\/li>\r\n\t<li>S\u00a0\u0159editeli jsme v\u00a0\u010dast\u00e9m kontaktu, sna\u017e\u00edme se dob\u0159e komunikovat, pt\u00e1me se na jejich pot\u0159eby<\/li>\r\n\t<li>Hled\u00e1me cesty k\u00a0uvoln\u011bn\u00ed rukou \u0159editel\u016f v\u00a0p\u00e9\u010di o&nbsp;budovy \u2013 financujeme nap\u0159. sd\u00edlen\u00e9ho architekta, kter\u00fd pom\u00e1h\u00e1 \u0159editel\u016fm s\u00a0realizac\u00ed oprav ve \u0161kol\u00e1ch<\/li>\r\n\t<li>Postupn\u011b posilujeme metodickou podporu \u0161kol ze strany z\u0159izovatele v\u00a0r\u016fzn\u00fdch oblastech, nap\u0159. financov\u00e1n\u00ed<\/li>\r\n\t<li>Realizujeme setk\u00e1v\u00e1n\u00ed u\u010ditel\u016f nap\u0159\u00ed\u010d Prahou 7 a&nbsp;sd\u00edlen\u00ed dobr\u00e9 praxe<\/li>\r\n\t<li>Pilotujeme t\u00fdmovou supervizi pro pedagogy na\u0161ich \u0161kol a&nbsp;\u0161kolek<\/li>\r\n\t<li>Realizujeme cyklus p\u0159edn\u00e1\u0161ek se zaj\u00edmav\u00fdmi osobnostmi pro pedagogy a&nbsp;\u0159editele z\u00a0Prahy&nbsp;7, osobnosti oslovujeme na z\u00e1klad\u011b pot\u0159eb a&nbsp;p\u0159\u00e1n\u00ed pedagog\u016f a&nbsp;\u0159editel\u016f<\/li>\r\n\t<li>Vybavujeme pedagogy n\u00e1stroji pro pr\u00e1ci v\u00a0diferencovan\u00e9 t\u0159\u00edd\u011b<\/li>\r\n\t<li>Pilotujeme sd\u00edlen\u00e9 byty pro mlad\u00e9 pedagogy<\/li>\r\n<\/ul>\r\n<p><strong>Podporujeme d\u011bti, kter\u00e9 jsou ohro\u017een\u00e9 \u0161koln\u00edm ne\u00fasp\u011bchem<\/strong><\/p>\r\n<ul>\r\n\t<li>Finan\u010dn\u011b podporujeme dou\u010dov\u00e1n\u00ed d\u011bt\u00ed ohro\u017een\u00fdch \u0161koln\u00edm ne\u00fasp\u011bchem<\/li>\r\n\t<li>Otev\u00edr\u00e1me intenzivn\u00ed t\u0159\u00eddu pro d\u011bti s\u00a0odli\u0161n\u00fdm mate\u0159sk\u00fdm jazykem z\u00a0Prahy&nbsp;7 (t\u0159\u00edm\u011bs\u00ed\u010dn\u00ed intenzivn\u00ed doch\u00e1zka, pak n\u00e1vrat do domovsk\u00e9 \u0161koly), zav\u00e1d\u00edme vyu\u010dov\u00e1n\u00ed pro d\u011bti s\u00a0OMJ v\u00a0na\u0161ich \u0161kolk\u00e1ch<\/li>\r\n\t<li>Vytv\u00e1\u0159\u00edme n\u00e1sledn\u00fd syst\u00e9m podpory pro d\u011bti s\u00a0odli\u0161n\u00fdm mate\u0159sk\u00fdm jazykem a&nbsp;z\u00a0odli\u0161n\u00e9ho kulturn\u00edho prost\u0159ed\u00ed<\/li>\r\n\t<li>Ve spolupr\u00e1ci s\u00a0Locikou pro\u0161kolujeme 160 pedagog\u016f v\u00a0pr\u00e1ci s\u00a0agresivn\u00edm \u017e\u00e1kem a&nbsp;v\u00a0rozpozn\u00e1v\u00e1n\u00ed d\u011bt\u00ed ohro\u017een\u00fdch dom\u00e1c\u00edm n\u00e1sil\u00edm<\/li>\r\n\t<li>P\u0159ipravujeme n\u00e1sledn\u00fd syst\u00e9m spolupr\u00e1ce odborn\u00edk\u016f a&nbsp;\u0161kol pro pr\u00e1ci s\u00a0d\u011btmi ohro\u017een\u00fdmi dom\u00e1c\u00edm n\u00e1sil\u00edm<\/li>\r\n<\/ul>\r\n<p><strong>Podporujeme komunitu \u0161kol<\/strong><\/p>\r\n<ul>\r\n\t<li>Aktivn\u011b podporujeme \u017e\u00e1kovskou a&nbsp;studentskou participaci (\u017e\u00e1kovsk\u00e9 parlamenty, participativn\u00ed rozpo\u010dty, Zastupitelstvo mlad\u00fdch)<\/li>\r\n\t<li>Pomoc\u00ed sd\u00edlen\u00ed dobr\u00e9 praxe podporujeme vznik a&nbsp;aktivitu rodi\u010dovsk\u00fdch spolk\u016f nap\u0159\u00ed\u010d Prahou 7<\/li>\r\n\t<li>Podporujeme aktivitu a&nbsp;spolupr\u00e1ci \u0161kolsk\u00fdch rad nap\u0159\u00ed\u010d Prahou 7<\/li>\r\n\t<li>Propojujeme v\u0161echny akt\u00e9ry ve vzd\u011bl\u00e1v\u00e1n\u00ed v\u00a0Praze 7 (MAP II)<\/li>\r\n<\/ul>\r\n<hr \/>\r\n<h3>Projekt MAP II<\/h3>\r\n<p>M\u011bstsk\u00e1 \u010d\u00e1st Praha&nbsp;7 realizuje projekt \u201e<strong>M\u00edstn\u00ed ak\u010dn\u00ed pl\u00e1n rozvoje vzd\u011bl\u00e1v\u00e1n\u00ed<\/strong>\u201c (MAP II) zam\u011b\u0159en\u00fd na strategick\u00e9 pl\u00e1nov\u00e1n\u00ed rozvoje \u0161kol, propojov\u00e1n\u00ed a&nbsp;zlep\u0161ov\u00e1n\u00ed spolupr\u00e1ce v\u0161ech instituc\u00ed ve vzd\u011bl\u00e1v\u00e1n\u00ed v\u00a0Praze 7, sd\u00edlen\u00ed dobr\u00e9 praxe \u0161kol a&nbsp;roz\u0161\u00ed\u0159en\u00ed nab\u00eddky vzd\u011bl\u00e1v\u00e1n\u00ed pro pedagogick\u00e9 pracovn\u00edky.<\/p>\r\n<p>N\u00e1strojem spolupr\u00e1ce jsou mj. pracovn\u00ed skupiny, kter\u00e9 se orientuj\u00ed na podporu \u010dten\u00e1\u0159sk\u00e9 a&nbsp;matematick\u00e9 gramotnosti, ciz\u00edch jazyk\u016f a&nbsp;p\u0159ed\u0161koln\u00edho vzd\u011bl\u00e1v\u00e1n\u00ed. D\u016fle\u017eit\u00fdmi t\u00e9maty jsou tak\u00e9 rovn\u00e9 p\u0159\u00edle\u017eitosti a&nbsp;financov\u00e1n\u00ed ve \u0161kolstv\u00ed.<\/p>\r\n<p>V\u00a0r\u00e1mci MAPII prob\u011bhl semin\u00e1\u0159 Dobr\u00e1 \u0161kola pro v\u0161echny, workshop na t\u00e9ma Zm\u011bny financov\u00e1n\u00ed region\u00e1ln\u00edho \u0161kolstv\u00ed, Mo\u017enosti vyu\u017eit\u00ed supervize ve \u0161koln\u00ed praxi a&nbsp;dal\u0161\u00ed.<\/p>\r\n<p>P\u0159i pl\u00e1nov\u00e1n\u00ed aktivit vych\u00e1z\u00edme z\u00a0pot\u0159eb \u0161kol, kter\u00e9 si zat\u00edm stanovily t\u00e9mata z\u00e1jmu nap\u0159.:<\/p>\r\n<ul>\r\n\t<li>pr\u00e1ce s&nbsp;problematick\u00fdm \u017e\u00e1kem<\/li>\r\n\t<li>komunikace u\u010ditel &#8211; rodi\u010d<\/li>\r\n\t<li>podpora p\u0159i \u0159e\u0161en\u00ed provozn\u00edch z\u00e1le\u017eitost\u00ed \u0161kol<\/li>\r\n\t<li>jak b\u00fdt dobr\u00fdm u\u010ditelem a&nbsp;nevyho\u0159et<\/li>\r\n\t<li>pracovn\u011b pr\u00e1vn\u00ed problematika<\/li>\r\n\t<li>p\u0159\u00edklady dobr\u00e9 praxe v\u00a0regionech<\/li>\r\n\t<li>\u0161kolsk\u00e1 soci\u00e1ln\u00ed pr\u00e1ce a&nbsp;mnoho dal\u0161\u00edch<\/li>\r\n<\/ul>\r\n<hr \/>\r\n<h3>Elix\u00edr do \u0161kol<\/h3>\r\n<p>V \u00fanoru 2019 se v&nbsp;Praze 7 otev\u0159elo unik\u00e1tn\u00ed centrum, prvn\u00ed takov\u00e9 v&nbsp;\u010cR, kter\u00e9 propojuje vzd\u011bl\u00e1v\u00e1n\u00ed pedagog\u016f v&nbsp;oblasti fyziky od M\u0160 p\u0159es 1.&nbsp;stupe\u0148 a\u017e po 2.&nbsp;stupe\u0148 Z\u0160. Centrum pedagogick\u00e9 podpory funguje na principu standardn\u00edch region\u00e1ln\u00edch center Elix\u00edru a&nbsp;kombinuje tzv. Poh\u00e1dkovou fyziku (pro p\u0159ed\u0161koln\u00ed a&nbsp;mlad\u0161\u00ed \u0161koln\u00ed v\u011bk) s&nbsp;obsahem pro u\u010ditele fyziky na 2.&nbsp;stupni Z\u0160.<\/p>\r\n<p>Ka\u017ed\u00fd m\u011bs\u00edc prob\u00edh\u00e1 setk\u00e1n\u00ed na jedno t\u00e9ma, nap\u0159. Pohyb, Pokusy z\u00a0kuchyn\u011b, Mal\u00e9 fyzik\u00e1ln\u00ed tandemy, Pokusy s\u00a0vodou, Pokusy na v\u00e1noce a&nbsp;dal\u0161\u00ed, na kter\u00e9m si pedagogov\u00e9 z\u00e1\u017eitkovou formou zkou\u0161\u00ed dal\u0161\u00ed mo\u017enosti v\u00fduky fyziky na v\u0161ech stupn\u00edch \u0161kol.<\/p>\r\n<p>V\u00edce na webu\u00a0<a href=\"https:\/\/elixir-cpp-praha-7.webnode.cz\/\">elixirdoskol.cz<\/a><\/p>\r\n<hr \/>\r\n<h3>\u017d\u00e1kovsk\u00e1 a&nbsp;studentsk\u00e1 participace<\/h3>\r\n<p>C\u00edlem participace mlad\u00fdch lid\u00ed je zejm\u00e9na z\u00edsk\u00e1n\u00ed zku\u0161enosti, \u017ee v\u0161\u00edmavost\u00ed ke sv\u00e9mu okol\u00ed, dobr\u00fdm n\u00e1padem a&nbsp;aktivn\u00ed spoluprac\u00ed a&nbsp;komunikac\u00ed s\u00a0ostatn\u00edmi jsme schopni v\u011bci a&nbsp;d\u011bn\u00ed kolem sebe ovliv\u0148ovat a&nbsp;p\u0159etv\u00e1\u0159et. Tuto zku\u0161enost pot\u0159ebujeme v\u0161ichni bez ohledu na v\u011bk, a&nbsp;\u010d\u00edm d\u0159\u00edve zm\u00edn\u011bn\u00e9 dovednosti za\u010dneme procvi\u010dovat, t\u00edm l\u00e9pe.<\/p>\r\n<ul>\r\n\t<li>Participativn\u00ed rozpo\u010dty \u2013 na v\u0161ech \u0161kol\u00e1ch realizujeme projekt Participativn\u00edch rozpo\u010dt\u016f. \u017d\u00e1ci si vym\u00fd\u0161lej\u00ed, prezentuj\u00ed a&nbsp;obhajuj\u00ed p\u0159ed celou \u0161kolou vlastn\u00ed projekty, kter\u00fdmi cht\u011bj\u00ed zlep\u0161ovat prost\u0159ed\u00ed sv\u00e9 \u0161koly. N\u00e1sledn\u00fdm hlasov\u00e1n\u00edm je vybr\u00e1n a&nbsp;realizov\u00e1n v\u00edt\u011bzn\u00fd projekt, ka\u017ed\u00e1 \u0161kola na tuto aktivitu z\u00edsk\u00e1v\u00e1 od M\u010c 50 tis korun. P\u0159\u00edklady v\u00edt\u011bzn\u00fdch projekt\u016f: Houpa\u010dka a&nbsp;trampol\u00edna, \u0160koln\u00ed kino, \u0160koln\u00ed r\u00e1dio, Art ze\u010f nebo Ekokreativn\u00ed zahrada, Pap\u00edromat \u2013 automat na \u0161koln\u00ed pot\u0159eby, Rostliny v\u00a0mezipatrech a&nbsp;dal\u0161\u00ed<\/li>\r\n\t<li>\u017d\u00e1kovsk\u00e9 parlamenty \u2013 aktivn\u011b podporujeme vznik \u017e\u00e1kovsk\u00fdch parlament\u016f na na\u0161ich \u0161kol\u00e1ch, skrze sd\u00edlenou dobrou praxi se sna\u017e\u00edme \u0161kol\u00e1m uk\u00e1zat, jak m\u016f\u017ee \u017e\u00e1kovsk\u00fd parlament pomoci zlep\u0161ov\u00e1n\u00ed klimatu \u0161koly. Spolupracujeme s\u00a0CEDU a&nbsp;podporujeme na\u0161e \u017e\u00e1kovsk\u00e9 parlamenty a&nbsp;jejich koordin\u00e1tory ve spolupr\u00e1ci.<\/li>\r\n\t<li>Zastupitelstvo mlad\u00fdch \u2013 z\u00e1klado\u0161kolsk\u00e1 i&nbsp;st\u0159edo\u0161kolsk\u00e1 ml\u00e1de\u017e na Sedmi\u010dce m\u016f\u017ee nov\u011b participovat na d\u011bn\u00ed obce v\u00a0r\u00e1mci Zastupitelstva mlad\u00fdch M\u010c Praha&nbsp;7. Ve spolupr\u00e1ci s\u00a0partnery (Mlad\u00ed ob\u010dan\u00e9, CEDU, DDM Praha&nbsp;7, \u010cSU a&nbsp;dal\u0161\u00ed) realizujeme projekt, ve kter\u00e9m se propojuj\u00ed mlad\u00ed lid\u00e9 nap\u0159\u00ed\u010d Sedmi\u010dkou a&nbsp;s\u00a0pomoc\u00ed mentor\u016f si skrze projektovou \u010dinnost, setk\u00e1v\u00e1n\u00ed se zaj\u00edmav\u00fdmi osobnostmi, vzd\u011bl\u00e1vac\u00ed a&nbsp;dal\u0161\u00ed akce osvojuj\u00ed aktivn\u00ed p\u0159\u00edstup k\u00a0d\u011bn\u00ed kolem sebe<\/li>\r\n<\/ul>\r\n<hr \/>\r\n<h3>Agresivita d\u011bt\u00ed a&nbsp;d\u011bti ohro\u017een\u00e9 dom\u00e1c\u00edm n\u00e1sil\u00edm<\/h3>\r\n<p>Pedagogov\u00e9 jsou \u010dasto osamocen\u00ed v\u00a0\u0159e\u0161en\u00ed situace, kdy maj\u00ed ve t\u0159\u00eddn\u00edm kolektivu\u00a0agresivn\u00ed d\u00edt\u011b. \u010casto je agresivita vol\u00e1n\u00edm o&nbsp;pomoc z\u00a0d\u016fvodu slo\u017eit\u00e9 rodinn\u00e9 situace, n\u011bkdy i&nbsp;dom\u00e1c\u00edho n\u00e1sil\u00ed, a\u0165 u\u017e fyzick\u00e9ho \u010di psychick\u00e9ho. Ohro\u017een\u00ed dom\u00e1c\u00edm n\u00e1sil\u00edm je t\u011b\u017eko rozpoznateln\u00e9, tyto d\u011bti jsou \u010dasto on\u00e1lepkovan\u00e9 n\u011bjakou diagn\u00f3zou, pova\u017eovan\u00e9 za d\u011bti s\u00a0poruchou chov\u00e1n\u00ed, pozornosti a&nbsp;podobn\u011b. Proto zaji\u0161\u0165ujeme ve spolupr\u00e1ci s&nbsp;<a href=\"http:\/\/centrumlocika.cz\/\">Centrem Locika<\/a> pro\u0161kolen\u00ed 160 pedagog\u016f z\u00a0na\u0161ich \u0161kol v\u00a0pr\u00e1ci s\u00a0agresivn\u00edm d\u00edt\u011btem a&nbsp;v\u00a0rozpozn\u00e1v\u00e1n\u00ed d\u011bt\u00ed ohro\u017een\u00fdch dom\u00e1c\u00edm n\u00e1sil\u00edm. P\u0159ipravujeme tak\u00e9 n\u00e1sledn\u00fd syst\u00e9m p\u00e9\u010de o&nbsp;tyto d\u011bti, postup \u0159e\u0161en\u00ed pro \u0161koly, zas\u00ed\u0165ov\u00e1n\u00ed \u0161kol s\u00a0m\u00edstn\u00edmi odborn\u00edky a&nbsp;jejich vz\u00e1jemnou spolupr\u00e1ci. V\u00a0dal\u0161\u00edm obdob\u00ed p\u0159ipravujeme tak\u00e9 pro\u0161kolen\u00ed pedagog\u016f M\u0160.<\/p>\r\n<hr \/>\r\n<h3>Supervize pro pedagogy a&nbsp;veden\u00ed \u0161kol<\/h3>\r\n<p>Nab\u00edz\u00edme \u0161kol\u00e1m individu\u00e1ln\u00ed i&nbsp;t\u00fdmovou supervizi jako podporu pedagog\u016fm p\u0159i zvl\u00e1d\u00e1n\u00ed z\u00e1t\u011b\u017eov\u00fdch situac\u00ed, mo\u017enost profesn\u00edho i&nbsp;osobn\u00edho rozvoje, prevenci syndromu vyho\u0159en\u00ed a&nbsp;podporu t\u00fdmu.<\/p>\r\n<hr \/>\r\n<h3>Projekt \u201ePodpora integrace dr\u017eitel\u016f do\u010dasn\u00e9 ochrany v&nbsp;\u00fazem\u00ed Prahy&nbsp;7\u201c<\/h3>\r\n<p><strong>Term\u00edn realizace: 1.&nbsp;9.&nbsp;2022 &#8211; 31.&nbsp;12.&nbsp;2022<\/strong><\/p>\r\n<p>M\u011bstsk\u00e1 \u010d\u00e1st Praha&nbsp;7 (Odbor \u0161kolstv\u00ed a&nbsp;projektov\u00e9ho \u0159\u00edzen\u00ed &#8211; OVP\u0158, jako z\u00e1stupce z\u0159izovatele M\u0160 a&nbsp;Z\u0160 v&nbsp;\u00fazem\u00ed Prahy&nbsp;7 ve spolupr\u00e1ci s&nbsp;Odborem soci\u00e1ln\u00edho za\u010dle\u0148ov\u00e1n\u00ed) realizuje projekt, jeho\u017e c\u00edlem je usnadnit ukrajinsk\u00fdm d\u011btem zapojen\u00ed do kolektivu \u017e\u00e1k\u016f na\u0161ich \u0161kol i&nbsp;d\u011bt\u00ed v&nbsp;m\u00edst\u011b bydli\u0161t\u011b, a&nbsp;to prost\u0159ednictv\u00edm volno\u010dasov\u00fdch aktivit, p\u0159edev\u0161\u00edm z\u00e1jmov\u00fdch krou\u017ek\u016f, kter\u00e9 z\u00e1rove\u0148 umo\u017en\u00ed rodi\u010d\u016fm i&nbsp;d\u011btem pokra\u010dovat v&nbsp;\u00fasp\u011b\u0161n\u00e9 integraci do pro n\u011b zcela nov\u00e9ho prost\u0159ed\u00ed.<\/p>\r\n<p>Z dotazn\u00edkov\u00e9ho \u0161et\u0159en\u00ed organizovan\u00e9ho OVP\u0158, kter\u00e9ho se z\u00fa\u010dastnilo 150 rodi\u010d\u016f ukrajinsk\u00fdch d\u011bt\u00ed\/\u017e\u00e1k\u016f, kte\u0159\u00ed k&nbsp;n\u00e1m uprchli p\u0159ed kriz\u00ed na Ukrajin\u011b b\u011bhem jara\/l\u00e9ta 2022, a&nbsp;kter\u00e9 prob\u011bhlo v&nbsp;l\u00e9t\u011b tohoto roku, vyplynul nejv\u011bt\u0161\u00ed z\u00e1jem o&nbsp;realizaci sportovn\u00edch aktivit pro d\u011bti (konkr\u00e9tn\u011b fotbal &#8211; 93 d\u011bt\u00ed), d\u00e1le pak o&nbsp;v\u00fdtvarnou v\u00fdchovu (kreslen\u00ed &#8211; 64 d\u011bt\u00ed) a&nbsp;hru na hudebn\u00ed n\u00e1stroj (celkem 30 d\u011bt\u00ed).<br \/>\r\nTak\u00e9 rodi\u010de \u017e\u00e1k\u016f a&nbsp;pedagogov\u00e9 \u0161kol v&nbsp;Praze 7 potvrzuj\u00ed, a&nbsp;to z&nbsp;t\u00e9m\u011b\u0159 40 %, d\u016fle\u017eitost \u0161irok\u00e9 nab\u00eddky spole\u010dn\u00fdch mimo\u0161koln\u00edch aktivit dostupn\u00fdch d\u011btem z&nbsp;Ukrajiny k&nbsp;usnadn\u011bn\u00ed jejich \u00fasp\u011b\u0161n\u00e9 integrace.<\/p>\r\n<p>Po\u0159\u00e1dat by se tedy do konce kalend\u00e1\u0159n\u00edho roku m\u011blo celkem 6 krou\u017ek\u016f pro 90 d\u011bt\u00ed (hudebn\u00ed, v\u00fdtvarn\u00fd a&nbsp;4 sportovn\u00ed), slo\u017een\u00fdch z&nbsp;poloviny z&nbsp;\u010desk\u00fdch a&nbsp;z&nbsp;poloviny z&nbsp;ukrajinsk\u00fdch d\u011bt\u00ed.<br \/>\r\nD\u00e1le je pro d\u011bti\/\u017e\u00e1ky m\u00edstn\u00edch \u0161kol a&nbsp;jejich rodi\u010de, v&nbsp;r\u00e1mci snahy o&nbsp;komunitn\u00ed propojen\u00ed, napl\u00e1nov\u00e1no retromuzik\u00e1lov\u00e9 p\u0159edstaven\u00ed Vlak do nebe, filmov\u00e9 prom\u00edt\u00e1n\u00ed ukrajinsk\u00fdch film\u016f, kter\u00e9 v&nbsp;minulosti z\u00edskaly i&nbsp;ocen\u011bn\u00ed na r\u016fzn\u00fdch festivalech, a&nbsp;workshop na t\u00e9ma spole\u010dn\u00e9 V\u00e1noce, jeho\u017e sou\u010d\u00e1st\u00ed bude i&nbsp;ochutn\u00e1vka tradi\u010dn\u00edch pokrm\u016f, tane\u010dn\u00ed, hudebn\u00ed \u010di jin\u00e1 vystoupen\u00ed p\u0159ipraven\u00e1 ukrajinsk\u00fdmi i&nbsp;\u010desk\u00fdmi d\u011btmi.<\/p>\r\n<p>T\u011bchto aktivit by se m\u011blo \u00fa\u010dastnit cca 580 rodi\u010d\u016f a&nbsp;d\u011bt\u00ed\/\u017e\u00e1k\u016f ve v\u011bku 6 &#8211; 15 let a&nbsp;sou\u010dasn\u011b i&nbsp;ukrajinsk\u00e9 pan\u00ed u\u010ditelky, kter\u00e9 ve \u0161kol\u00e1ch ji\u017e pracuj\u00ed.<\/p>\r\n<p>Smyslem a&nbsp;c\u00edlem na\u0161eho projektu je p\u0159edev\u0161\u00edm sn\u00ed\u017eit riziko izolace ukrajinsk\u00fdch d\u011bt\u00ed, zv\u00fd\u0161it jejich orientaci v&nbsp;nov\u00e9m prost\u0159ed\u00ed, zlep\u0161it vz\u00e1jemn\u00e9 sou\u017eit\u00ed, podat pomocnou ruku p\u0159i jejich integraci a&nbsp;t\u00edm minimalizovat pocit vylou\u010den\u00ed. Nezanedbateln\u00fdm efektem projektu je i&nbsp;p\u0159edpokl\u00e1dan\u00e9 zlep\u0161en\u00ed znalosti \u010desk\u00e9ho jazyka a&nbsp;jeho aktivn\u00edho vyu\u017e\u00edv\u00e1n\u00ed v&nbsp;d\u011btem p\u0159irozen\u00e9m prost\u0159edn\u00ed, vytv\u00e1\u0159en\u00ed pozitivn\u00edch osobn\u00ed vazeb, neform\u00e1ln\u00ed v\u00fdm\u011bna zku\u0161enost\u00ed a&nbsp;informac\u00ed i&nbsp;vz\u00e1jemn\u00e1 podpora a&nbsp;usnadn\u011bn\u00ed za\u010dlen\u011bn\u00ed se v&nbsp;r\u00e1mci nov\u00e9ho domova.<\/p>\r\n<p><strong>Uveden\u00e9 aktivity jsou po\u0159\u00e1d\u00e1ny v&nbsp;r\u00e1mci projektu na integraci dr\u017eitel\u016f do\u010dasn\u00e9 ochrany spolufinancovan\u00e9ho Ministerstvem vnitra \u010cR.<\/strong><\/p>\r\n<p><img loading=\"lazy\" src=\"https:\/\/www.praha7.cz\/wp-content\/uploads\/2022\/10\/Logo_CMYK-600x265.jpg\" alt=\"\" width=\"194\" height=\"86\" class=\"alignnone  wp-image-61479\" srcset=\"https:\/\/www.praha7.cz\/wp-content\/uploads\/2022\/10\/Logo_CMYK-600x265.jpg 600w, https:\/\/www.praha7.cz\/wp-content\/uploads\/2022\/10\/Logo_CMYK.jpg 706w\" sizes=\"(max-width: 194px) 100vw, 194px\" \/><\/p>\r\n<hr \/>\r\n<h3><strong>P\u0159edstaven\u00ed pro z\u00e1kladn\u00ed \u0161koly \u2014 Retromuzik\u00e1l Vlak do nebe<\/strong><strong><\/strong><\/h3>\r\n<h3><img loading=\"lazy\" src=\"https:\/\/www.praha7.cz\/wp-content\/uploads\/2022\/10\/obr\u00e1zek-283x400.png\" alt=\"\" width=\"245\" height=\"346\" class=\"alignnone  wp-image-61453\" style=\"font-size: 16px;\" srcset=\"https:\/\/www.praha7.cz\/wp-content\/uploads\/2022\/10\/obr\u00e1zek-283x400.png 283w, https:\/\/www.praha7.cz\/wp-content\/uploads\/2022\/10\/obr\u00e1zek-768x1087.png 768w, https:\/\/www.praha7.cz\/wp-content\/uploads\/2022\/10\/obr\u00e1zek-707x1000.png 707w, https:\/\/www.praha7.cz\/wp-content\/uploads\/2022\/10\/obr\u00e1zek.png 1357w\" sizes=\"(max-width: 245px) 100vw, 245px\" \/><\/h3>\r\n<p><br \/>\r\nV\u00a0pod\u00e1n\u00ed olomouck\u00fdch herc\u016f mohli \u017e\u00e1ci na\u0161ich z\u00e1kladn\u00edch \u0161kol dne 10.&nbsp;10.&nbsp;2022 od 10 hodin v\u00a0Divadle Na Manin\u00e1ch zhl\u00e9dnout netradi\u010dn\u00ed muzik\u00e1lov\u00e9 p\u0159edstaven\u00ed. Pr\u00e1zdn\u00e9 vlakov\u00e9 n\u00e1dra\u017e\u00ed, v\u00a0informac\u00edch sed\u00ed klav\u00edrista, pr\u016fvod\u010d\u00ed hraje na housle. A&nbsp;pr\u00e1v\u011b zde se sejdou t\u0159i nezn\u00e1m\u00ed lid\u00e9, kte\u0159\u00ed div\u00e1kovi postupn\u011b odhaluj\u00ed sv\u00e9 \u017eivotn\u00ed p\u0159\u00edb\u011bhy. D\u00edvka je zklam\u00e1na sv\u00fdm p\u0159\u00edtelem, mlad\u00fd hoch a\u017e p\u0159\u00edli\u0161 sp\u011bchal na sv\u00e9 nov\u00e9 motorce a&nbsp;star\u00fd mu\u017e, vzpom\u00ednaj\u00edc\u00ed na svou milovanou man\u017eelku, dostal srde\u010dn\u00ed slabost. Postupem \u010dasu zji\u0161\u0165ujeme, \u017ee tato \u017eelezni\u010dn\u00ed stanice je vlastn\u011b p\u0159estupn\u00ed stanic\u00ed mezi \u017eivotem a&nbsp;smrt\u00ed. Nastoup\u00ed v\u0161ichni do bl\u00ed\u017e\u00edc\u00edho se vlaku?<\/p>\r\n<p>P\u0159\u00edb\u011bh pln\u00fd humorn\u00fdch situac\u00ed, ale i&nbsp;rozhovor\u016f o&nbsp;v\u00e1\u017en\u00fdch v\u011bcech je zasazen do obdob\u00ed swingov\u00e9 hudby, a&nbsp;protk\u00e1n mno\u017estv\u00edm hit\u016f, kter\u00e9 jsou dnes zn\u00e1my sp\u00ed\u0161e star\u0161\u00edm generac\u00edm. Nicm\u00e9n\u011b p\u0159edstaven\u00ed si dok\u00e1zalo z\u00edskat beze zbytku v\u00edce ne\u017e 200 \u017e\u00e1k\u016f z\u00e1kladn\u00edch \u0161kol. D\u011bti s\u00a0nap\u011bt\u00edm \u010dekaly, jak p\u0159\u00edb\u011bh dopadne, spont\u00e1nn\u011b podporovaly sympatick\u00e9 hrdiny, podup\u00e1valy si v\u00a0rytmu hudby a&nbsp;z\u00e1v\u011bre\u010dn\u00fd potlesk nebral konce. Reakce na p\u0159estaven\u00ed potvrdila, \u017ee opravdu kvalitn\u00ed hudba nest\u00e1rne a&nbsp;dok\u00e1\u017ee oslovit nejen generaci sv\u00fdch pam\u011btn\u00edk\u016f, ale i&nbsp;div\u00e1ky mnohon\u00e1sobn\u011b mlad\u0161\u00ed.<\/p>\r\n<p><img loading=\"lazy\" src=\"https:\/\/www.praha7.cz\/wp-content\/uploads\/2022\/10\/obr\u00e1zek2-533x400.jpg\" alt=\"\" width=\"376\" height=\"282\" class=\"alignnone  wp-image-61455\" srcset=\"https:\/\/www.praha7.cz\/wp-content\/uploads\/2022\/10\/obr\u00e1zek2-533x400.jpg 533w, https:\/\/www.praha7.cz\/wp-content\/uploads\/2022\/10\/obr\u00e1zek2.jpg 764w\" sizes=\"(max-width: 376px) 100vw, 376px\" \/>\u00a0\u00a0<\/p>\r\n<p><img loading=\"lazy\" src=\"https:\/\/www.praha7.cz\/wp-content\/uploads\/2022\/10\/obr\u00e1zek1-534x400.png\" alt=\"\" width=\"376\" height=\"281\" class=\"alignnone  wp-image-61454\" srcset=\"https:\/\/www.praha7.cz\/wp-content\/uploads\/2022\/10\/obr\u00e1zek1-534x400.png 534w, https:\/\/www.praha7.cz\/wp-content\/uploads\/2022\/10\/obr\u00e1zek1.png 759w\" sizes=\"(max-width: 376px) 100vw, 376px\" \/><\/p>\r\n<p><img loading=\"lazy\" src=\"https:\/\/www.praha7.cz\/wp-content\/uploads\/2022\/10\/obr\u00e1zek3-533x400.jpg\" alt=\"\" width=\"376\" height=\"282\" class=\"alignnone  wp-image-61456\" srcset=\"https:\/\/www.praha7.cz\/wp-content\/uploads\/2022\/10\/obr\u00e1zek3-533x400.jpg 533w, https:\/\/www.praha7.cz\/wp-content\/uploads\/2022\/10\/obr\u00e1zek3.jpg 764w\" sizes=\"(max-width: 376px) 100vw, 376px\" \/>\u00a0<\/p>\r\n<p>\u00a0<img loading=\"lazy\" src=\"https:\/\/www.praha7.cz\/wp-content\/uploads\/2022\/10\/Logo_CMYK-600x265.jpg\" alt=\"\" width=\"219\" height=\"97\" class=\"alignnone  wp-image-61479\" srcset=\"https:\/\/www.praha7.cz\/wp-content\/uploads\/2022\/10\/Logo_CMYK-600x265.jpg 600w, https:\/\/www.praha7.cz\/wp-content\/uploads\/2022\/10\/Logo_CMYK.jpg 706w\" sizes=\"(max-width: 219px) 100vw, 219px\" \/><\/p>\r\n<p><span style=\"font-size: 14px;\"><em>Realizov\u00e1no v\u00a0r\u00e1mci projektu Komunitn\u00ed Praha&nbsp;7, reg. \u010d. CZ.07.3.63\/0.0\/0.0\/20_077\/0001789 a&nbsp;projektu Podpora integrace dr\u017eitel\u016f do\u010dasn\u00e9 ochrany v&nbsp;\u00fazem\u00ed Prahy&nbsp;7 spolufinancovan\u00e9ho z\u00a0dotace MV \u010cR \u010d. 6\/2022\/ICOBCEKOLUKR.<\/em><\/span><\/p>\r\n<hr \/>\r\n<h3><strong>Filmov\u00e9 p\u0159edstaven\u00ed \u201eOlga\u201c<\/strong><\/h3>\r\n<p>V\u00a0p\u00e1tek, dne 25.&nbsp;listopadu 2022, <strong>v\u00a0r\u00e1mci projektu Dotace MV \u010d. 6\/2022\/ICOBCEKOLUKR na Podporu integrace dr\u017eitel\u016f do\u010dasn\u00e9 ochrany v&nbsp;\u00fazem\u00ed Prahy, spolufinancovan\u00e9ho Ministerstvem vnitra \u010cR<\/strong>, se cca 200 \u017e\u00e1k\u016f II. stup\u0148\u016f Z\u0160 z\u0159izovan\u00fdch \u00daM\u010c Praha&nbsp;7 z\u00fa\u010dastnilo v\u00a0Bio OKO prom\u00edt\u00e1n\u00ed koproduk\u010dn\u00edho filmu (Francie \/ \u0160v\u00fdcarsko \/ Ukrajina, 2021) \u201eOlga\u201c. P\u00ed\u0161e se rok 2013, patn\u00e1ctilet\u00e1 nadan\u00e1 gymnastka Olga \u017eije rozpolcen\u00e1 mezi \u0160v\u00fdcarskem, kde tr\u00e9nuje na evropsk\u00fd \u0161ampion\u00e1t s&nbsp;c\u00edlem z\u00fa\u010dastnit se olympijsk\u00fdch her a&nbsp;Ukrajinou, kde jej\u00ed matka novin\u00e1\u0159ka reportuje o&nbsp;d\u011bn\u00ed v&nbsp;dob\u011b Euromajdanu.<\/p>\r\n<p>Jako jeden z\u00a0ohlas\u016f na realizovan\u00e9 p\u0159edstaven\u00ed r\u00e1di uv\u00e1d\u00edme zhodnocen\u00ed z\u00e1stupce pedagog\u016f Z\u0160 TGM, Ortenovo n\u00e1m\u011bst\u00ed:<\/p>\r\n<p>\u201eFilm hodnotili \u017e\u00e1ci velmi kladn\u011b &#8211; jako aktu\u00e1ln\u00ed, nap\u00ednav\u00fd i&nbsp;citliv\u00fd, s&nbsp;hrdinkou, s&nbsp;n\u00ed\u017e se \u017e\u00e1ci mohou dokonale ztoto\u017enit. L\u00edbilo se jim spojen\u00ed sportovn\u00ed gymnastiky s\u00a0politick\u00fdmi ud\u00e1lostmi na Ukrajin\u011b. Ve zp\u011btn\u00e9 vazb\u011b srovn\u00e1vali revoluci v\u00a0roce 1989 v\u00a0\u010ceskoslovensku a&nbsp;pr\u016fb\u011bh revoluce na Ukrajin\u011b, kter\u00e1 byla ve filmu zobrazena. \u017d\u00e1ci z\u00a0Ukrajiny popisovali ud\u00e1losti na Majdanu z\u00a0pohledu zku\u0161enost\u00ed sv\u00fdch p\u0159\u00edbuzn\u00fdch. Z\u00e1rove\u0148 si d\u011bti uv\u011bdomovaly, \u017ee p\u0159\u00edb\u011bh filmu kon\u010d\u00ed optimisticky, a&nbsp;to v\u00a0roce 2020, kdy je\u0161t\u011b nikdo netu\u0161il, \u017ee bude Ukrajina o&nbsp;rok pozd\u011bji napadena Ruskem. Prost\u0159ed\u00ed Kyjeva m\u016f\u017ee \u010desk\u00fdm d\u011btem p\u0159ibl\u00ed\u017eit, odkud poch\u00e1zej\u00ed jejich nov\u00ed spolu\u017e\u00e1ci. Mohou vid\u011bt, \u017ee Ukrajina je modern\u00ed zem\u011b s&nbsp;hlubokou historickou tradic\u00ed. Za kolektiv u\u010ditel\u016f i&nbsp;\u017e\u00e1ky d\u011bkujeme za mo\u017enost film zhl\u00e9dnout.\u201c<\/p>\r\n<p><a href=\"https:\/\/www.praha7.cz\/temata\/operacni-programy\/op-vyzkum-vyvoj-a-vzdelavani\/skoly-skolky-a-map\/sedmicka-vzdelavaci-a-komunitni\/olga\/\" rel=\"attachment wp-att-62657\"><img loading=\"lazy\" src=\"https:\/\/www.praha7.cz\/wp-content\/uploads\/2022\/12\/olga-267x400.jpg\" alt=\"\" width=\"267\" height=\"400\" class=\"alignnone wp-image-62657 size-medium\" srcset=\"https:\/\/www.praha7.cz\/wp-content\/uploads\/2022\/12\/olga-267x400.jpg 267w, https:\/\/www.praha7.cz\/wp-content\/uploads\/2022\/12\/olga.jpg 600w\" sizes=\"(max-width: 267px) 100vw, 267px\" \/><\/a><\/p>\r\n<hr \/>\r\n<h3><strong>Krou\u017eky pro d\u011bti a&nbsp;workshop &#8211; tematick\u00e9 setk\u00e1n\u00ed d\u011bt\u00ed, rodi\u010d\u016f, u\u010ditel\u016f<\/strong><\/h3>\r\n<p>V\u00a0r\u00e1mci projektu <strong>Dotace MV \u010d. 6\/2022\/ICOBCEKOLUKR na Podporu integrace dr\u017eitel\u016f do\u010dasn\u00e9 ochrany v&nbsp;\u00fazem\u00ed Prahy<\/strong>, spolufinancovan\u00e9ho Ministerstvem vnitra \u010cR, Odbor vzd\u011bl\u00e1v\u00e1n\u00ed a&nbsp;projektov\u00e9ho \u0159\u00edzen\u00ed, ve spolupr\u00e1ci s\u00a0DDM Praha&nbsp;7 a&nbsp;pedagogy na\u0161ich z\u00e1kladn\u00edch \u0161kol, zrealizoval od z\u00e1\u0159\u00ed a\u017e do v\u00e1no\u010dn\u00edch pr\u00e1zdnin pro cca 50 ukrajinsk\u00fdch \u017e\u00e1k\u016f a&nbsp;jejich \u010desk\u00fdch kamar\u00e1d\u016f 1x t\u00fddn\u011b:<\/p>\r\n<ul>\r\n\t<li><strong>2 b\u011bhy sportovn\u00edch krou\u017ek\u016f<\/strong> zam\u011b\u0159en\u00fdch na m\u00ed\u010dov\u00e9 hry<\/li>\r\n\t<li><strong>1 v\u00fdtvarn\u00fd krou\u017eek<\/strong><\/li>\r\n\t<li><strong>a t\u00e9matick\u00fd region\u00e1ln\u00ed workshop<\/strong> \u201eSetk\u00e1n\u00ed s\u00a0\u010deskou a&nbsp;ukrajinskou gastronomi\u00ed\u201c<\/li>\r\n<\/ul>\r\n<p>Workshop prob\u011bhl 9.&nbsp;prosince 2022 v\u00a0aule Z\u0160 Um\u011bleck\u00e1, kde se p\u0159i p\u0159\u00e1telsk\u00e9m setk\u00e1n\u00ed s\u00a0kr\u00e1tk\u00fdm kulturn\u00edm programem se\u0161lo na 60 d\u011bt\u00ed, rodi\u010d\u016f a&nbsp;u\u010ditel\u016f, kte\u0159\u00ed s\u00a0sebou p\u0159inesli na ochutn\u00e1vku tradi\u010dn\u00ed n\u00e1rodn\u00ed pokrmy vlastn\u00ed v\u00fdroby.<\/p>\r\n<p>V\u0161echny akce realizovan\u00e9 na \u201e7\u201c d\u00edky t\u00e9to dotaci byly dle vyj\u00e1d\u0159en\u00ed \u00fa\u010dastn\u00edk\u016f poveden\u00e9, a&nbsp;tak snad splnily i&nbsp;n\u00e1\u0161 z\u00e1m\u011br &#8211; pomoci d\u011btem vz\u00e1jemn\u011b se l\u00e9pe poznat a&nbsp;komunikovat, vyzkou\u0161et si n\u011bkter\u00e9 aktivity mimo \u0161koln\u00ed \u010di dom\u00e1c\u00ed prost\u0159ed\u00ed a&nbsp;zapomenout na chv\u00edli na p\u0159\u00edpadn\u00e9 starosti. Prost\u011b si zkr\u00e1tka u\u017e\u00edt a&nbsp;m\u00edt chv\u00edli oby\u010dejnou radost z\u00a0d\u011btstv\u00ed.<br \/>\r\n<br \/>\r\n<\/p>\r\n<p><strong>Sportovn\u00ed krou\u017eky<br \/>\r\n<a href=\"https:\/\/www.praha7.cz\/temata\/operacni-programy\/op-vyzkum-vyvoj-a-vzdelavani\/skoly-skolky-a-map\/sedmicka-vzdelavaci-a-komunitni\/sportovni-krouzky\/\" rel=\"attachment wp-att-62658\"><img loading=\"lazy\" src=\"https:\/\/www.praha7.cz\/wp-content\/uploads\/2022\/12\/sportovn\u00ed-krouzky-225x400.jpg\" alt=\"\" width=\"225\" height=\"400\" class=\"alignnone wp-image-62658 size-medium\" srcset=\"https:\/\/www.praha7.cz\/wp-content\/uploads\/2022\/12\/sportovn\u00ed-krouzky-225x400.jpg 225w, https:\/\/www.praha7.cz\/wp-content\/uploads\/2022\/12\/sportovn\u00ed-krouzky.jpg 434w\" sizes=\"(max-width: 225px) 100vw, 225px\" \/><\/a><br \/>\r\n<\/strong><\/p>\r\n<p>&nbsp;<\/p>\r\n<p><strong>V\u00fdtvarn\u00fd krou\u017eek<\/strong><\/p>\r\n<p><a href=\"https:\/\/www.praha7.cz\/temata\/operacni-programy\/op-vyzkum-vyvoj-a-vzdelavani\/skoly-skolky-a-map\/sedmicka-vzdelavaci-a-komunitni\/vytvarny-krouzek\/\" rel=\"attachment wp-att-62659\"><img loading=\"lazy\" src=\"https:\/\/www.praha7.cz\/wp-content\/uploads\/2022\/12\/v\u00fdtvarn\u00fd-krou\u017eek-533x400.jpg\" alt=\"\" width=\"533\" height=\"400\" class=\"alignnone wp-image-62659 size-medium\" srcset=\"https:\/\/www.praha7.cz\/wp-content\/uploads\/2022\/12\/v\u00fdtvarn\u00fd-krou\u017eek-533x400.jpg 533w, https:\/\/www.praha7.cz\/wp-content\/uploads\/2022\/12\/v\u00fdtvarn\u00fd-krou\u017eek.jpg 633w\" sizes=\"(max-width: 533px) 100vw, 533px\" \/><\/a><\/p>\r\n<p>&nbsp;<\/p>\r\n<p><strong>Region\u00e1ln\u00ed workshop<br \/>\r\n<br \/>\r\n<a href=\"https:\/\/www.praha7.cz\/temata\/operacni-programy\/op-vyzkum-vyvoj-a-vzdelavani\/skoly-skolky-a-map\/sedmicka-vzdelavaci-a-komunitni\/regio\/\" rel=\"attachment wp-att-62660\"><img loading=\"lazy\" src=\"https:\/\/www.praha7.cz\/wp-content\/uploads\/2022\/12\/regio-200x200.jpg\" alt=\"\" width=\"200\" height=\"200\" class=\"alignnone size-thumbnail wp-image-62660\" \/><\/a> <a href=\"https:\/\/www.praha7.cz\/temata\/operacni-programy\/op-vyzkum-vyvoj-a-vzdelavani\/skoly-skolky-a-map\/sedmicka-vzdelavaci-a-komunitni\/regio2\/\" rel=\"attachment wp-att-62661\"><img loading=\"lazy\" src=\"https:\/\/www.praha7.cz\/wp-content\/uploads\/2022\/12\/regio2-200x200.jpg\" alt=\"\" width=\"200\" height=\"200\" class=\"alignnone size-thumbnail wp-image-62661\" \/><\/a> <a href=\"https:\/\/www.praha7.cz\/temata\/operacni-programy\/op-vyzkum-vyvoj-a-vzdelavani\/skoly-skolky-a-map\/sedmicka-vzdelavaci-a-komunitni\/regio3\/\" rel=\"attachment wp-att-62662\"><img loading=\"lazy\" src=\"https:\/\/www.praha7.cz\/wp-content\/uploads\/2022\/12\/regio3-200x200.jpg\" alt=\"\" width=\"200\" height=\"200\" class=\"alignnone size-thumbnail wp-image-62662\" \/><\/a><br \/>\r\n<br \/>\r\n<\/strong><\/p>\r\n<p>&nbsp;<\/p>","protected":false},"excerpt":{"rendered":"[perex] Praha&nbsp;7 klade velk\u00fd d\u016fraz na poskytov\u00e1n\u00ed kvalitn\u00edho vzd\u011bl\u00e1v\u00e1n\u00ed v\u0161em d\u011btem. P\u0159ejeme si, aby ka\u017ed\u00e9 jednotliv\u00e9 d\u00edt\u011b m\u011blo mo\u017enost maxim\u00e1ln\u011b rozvinout a&nbsp;vyu\u017e\u00edt sv\u00e9 talenty a&nbsp;schopnosti. Aby m\u011blo mo\u017enost uplatnit se v\u00a0rychle rozv\u00edjej\u00edc\u00edm se sv\u011bt\u011b ke sv\u00e9 osobn\u00ed spokojenosti, stejn\u011b jako i&nbsp;k&nbsp;prosp\u011bchu cel\u00e9 spole\u010dnosti. Klademe z\u00e1rove\u0148 velk\u00fd d\u016fraz na vytv\u00e1\u0159en\u00ed komunity rodi\u010d\u016f, stejn\u011b jako na zapojen\u00ed [&hellip;]","protected":false},"author":76,"featured_media":31164,"parent":14672,"menu_order":0,"comment_status":"closed","ping_status":"closed","template":"","meta":[],"_links":{"self":[{"href":"https:\/\/www.praha7.cz\/api\/wp\/v2\/pages\/31162"}],"collection":[{"href":"https:\/\/www.praha7.cz\/api\/wp\/v2\/pages"}],"about":[{"href":"https:\/\/www.praha7.cz\/api\/wp\/v2\/types\/page"}],"author":[{"embeddable":true,"href":"https:\/\/www.praha7.cz\/api\/wp\/v2\/users\/76"}],"replies":[{"embeddable":true,"href":"https:\/\/www.praha7.cz\/api\/wp\/v2\/comments?post=31162"}],"version-history":[{"count":24,"href":"https:\/\/www.praha7.cz\/api\/wp\/v2\/pages\/31162\/revisions"}],"predecessor-version":[{"id":62666,"href":"https:\/\/www.praha7.cz\/api\/wp\/v2\/pages\/31162\/revisions\/62666"}],"up":[{"embeddable":true,"href":"https:\/\/www.praha7.cz\/api\/wp\/v2\/pages\/14672"}],"wp:featuredmedia":[{"embeddable":true,"href":"https:\/\/www.praha7.cz\/api\/wp\/v2\/media\/31164"}],"wp:attachment":[{"href":"https:\/\/www.praha7.cz\/api\/wp\/v2\/media?parent=31162"}],"curies":[{"name":"wp","href":"https:\/\/api.w.org\/{rel}","templated":true}]}}