    
{"id":3058,"date":"2017-08-17T14:14:08","date_gmt":"2017-08-17T12:14:08","guid":{"rendered":"https:\/\/praha7.cz\/?page_id=3058"},"modified":"2018-11-14T11:41:49","modified_gmt":"2018-11-14T10:41:49","slug":"sportovni-komise-rady-mc-praha-7","status":"publish","type":"page","link":"https:\/\/www.praha7.cz\/radnice\/voleni-zastupci-mistni-samospravy\/rada-mc-praha-7\/komise-praha-7\/sportovni-komise-rady-mc-praha-7\/","title":{"rendered":"Sportovn\u00ed komise Rady M\u010c Praha&nbsp;7 (2014-2018)"},"content":{"rendered":"<h1>\u010clenov\u00e9 komise:\u00a0<\/h1>\r\n<p><strong>P\u0159edseda:<\/strong> Miroslav Tutter MBA.<\/p>\r\n<p><strong>M\u00edstop\u0159edseda:<\/strong>\u00a0Mgr. Vladim\u00edr Dr\u00e1bek<\/p>\r\n<p><strong>Tajemn\u00edk:\u00a0<\/strong>Bc. Luk\u00e1\u0161 F\u00e1tor, DiS.<\/p>\r\n<p><strong>\u010clenov\u00e9:<\/strong> Jana Fojtov\u00e1, Ing. Eva Petrov\u00e1, Ond\u0159ej Petr<\/p>\r\n<p><strong>Term\u00edny jedn\u00e1n\u00ed<\/strong> &#8211;\u00a0m\u00edstnost \u010d. 278<a href=\"https:\/\/praha7.cz\/wp-content\/uploads\/2017\/08\/ZapisSK1.pdf\"><\/a><\/p>\r\n<p>&nbsp;<\/p>\r\n<h1>P\u0159ehled zased\u00e1n\u00ed:<\/h1>\r\n<p><strong>Term\u00edny jedn\u00e1n\u00ed<\/strong> &#8211;\u00a0m\u00edstnost \u010d. 278<\/p>\r\n<ul>\r\n\t<li>od 16 hodin<\/li>\r\n<\/ul>\r\n<p>&nbsp;<\/p>\r\n        <div class=\"collapse-block\">\r\n            <div class=\"card-header\" role=\"tab\" id=\"headingc66ce32021d45d8572e181ded6a16e775ab2504e\">\r\n                                    <h3 class=\"mb-0\">\r\n                        <a data-toggle=\"collapse\" href=\"#collapsec66ce32021d45d8572e181ded6a16e775ab2504e\" aria-controls=\"collapsec66ce32021d45d8572e181ded6a16e775ab2504e\">\r\n                            Rok 2018                            <i class=\"fa fa-2x fa-angle-down\" aria-hidden=\"true\"><\/i>\r\n                        <\/a>\r\n                    <\/h3>\r\n                                \r\n            <\/div>\r\n\r\n            <div id=\"collapsec66ce32021d45d8572e181ded6a16e775ab2504e\" class=\"collapse\" data-id=\"c66ce32021d45d8572e181ded6a16e775ab2504e\" role=\"tabpanel\" aria-labelledby=\"headingc66ce32021d45d8572e181ded6a16e775ab2504e\">\r\n                <div class=\"card-block\">\r\n    \r\n<p><a href=\"https:\/\/www.praha7.cz\/wp-content\/uploads\/2018\/05\/Usneseni_R_60_18_23_01_2018_terminy-a-plan-prace-SK-2018.pdf\">Pl\u00e1n pro rok 2018<\/a><\/p>\r\n<p>Leden (15.&nbsp;1.)<\/p>\r\n<ul>\r\n\t<li><a href=\"https:\/\/praha7.cz\/wp-content\/uploads\/2018\/01\/Program_SK_15_01_2018.pdf\">Pozv\u00e1nka na jedn\u00e1n\u00ed.pdf<\/a><\/li>\r\n\t<li><a href=\"https:\/\/praha7.cz\/wp-content\/uploads\/2018\/01\/Zapis_1_jednani_SK_15_01_2018.pdf\">Z\u00e1pis z&nbsp;jedn\u00e1n\u00ed.pdf\u00a0<\/a><\/li>\r\n<\/ul>\r\n<p>\u00danor (19.&nbsp;2.)<\/p>\r\n<ul>\r\n\t<li><a href=\"https:\/\/praha7.cz\/wp-content\/uploads\/2018\/03\/Program_SK_19_02_2018.pdf\">Pozv\u00e1nka na jedn\u00e1n\u00ed.pdf<\/a><\/li>\r\n\t<li><a href=\"https:\/\/praha7.cz\/wp-content\/uploads\/2018\/03\/Zapis_2_jednani_SK_19_02_2018.pdf\">Z\u00e1pis z&nbsp;jedn\u00e1n\u00ed.pdf<\/a><\/li>\r\n<\/ul>\r\n<p>B\u0159ezen (5.&nbsp;3.)<\/p>\r\n<ul>\r\n\t<li><a href=\"https:\/\/praha7.cz\/wp-content\/uploads\/2018\/03\/Program_SK_05_03_2018.pdf\">Pozv\u00e1nka na jedn\u00e1n\u00ed.pdf<\/a><\/li>\r\n\t<li><a href=\"https:\/\/praha7.cz\/wp-content\/uploads\/2018\/03\/Zapis_3_jednani_SK_05_03_2018.pdf\">Z\u00e1pis z&nbsp;jedn\u00e1n\u00ed.pdf<\/a><\/li>\r\n<\/ul>\r\n<p>Duben (9.&nbsp;4.)<\/p>\r\n<ul>\r\n\t<li><a href=\"https:\/\/www.praha7.cz\/wp-content\/uploads\/2018\/04\/Program_SK_09_04_2018.pdf\">Pozv\u00e1nka na jedn\u00e1n\u00ed.pdf<\/a><\/li>\r\n\t<li><a href=\"https:\/\/www.praha7.cz\/wp-content\/uploads\/2018\/04\/Zapis_4_jednani_SK_09_04_2018.pdf\">Z\u00e1pis z&nbsp;jedn\u00e1n\u00ed.pdf\u00a0<\/a><\/li>\r\n<\/ul>\r\n<p>Kv\u011bten (9.&nbsp;5.)<\/p>\r\n<ul>\r\n\t<li><a href=\"https:\/\/www.praha7.cz\/wp-content\/uploads\/2018\/10\/Program_SK_09_05_2018.pdf\">Pozv\u00e1nka na jedn\u00e1n\u00ed.pdf<\/a><\/li>\r\n\t<li><a href=\"https:\/\/www.praha7.cz\/wp-content\/uploads\/2018\/05\/Zapis_5_jednani_SK_09_05_2018.pdf\">Z\u00e1pis z&nbsp;jedn\u00e1n\u00ed.pdf<\/a>\u00a0<\/li>\r\n<\/ul>\r\n<p>Kv\u011bten (28.&nbsp;5.)<\/p>\r\n<ul>\r\n\t<li><a href=\"https:\/\/www.praha7.cz\/wp-content\/uploads\/2018\/05\/Program_SK_28_05_2018.pdf\">Pozv\u00e1nka na jedn\u00e1n\u00ed.pdf<\/a><\/li>\r\n\t<li><a href=\"https:\/\/www.praha7.cz\/wp-content\/uploads\/2018\/06\/Zapis_6_jednani_SK_28_05_2018.pdf\">Z\u00e1pis z&nbsp;jedn\u00e1n\u00ed.pdf<\/a><\/li>\r\n<\/ul>\r\n<p>\u010cerven (4.&nbsp;6.)<\/p>\r\n<ul>\r\n\t<li>jedn\u00e1n\u00ed komise z\u00a0organiza\u010dn\u00edch d\u016fvod\u016f zru\u0161eno<\/li>\r\n<\/ul>\r\n<p>\u010cervenec (9.&nbsp;7.)<\/p>\r\n<ul>\r\n\t<li><a href=\"https:\/\/www.praha7.cz\/wp-content\/uploads\/2018\/06\/Program_SK_07_09_07_2018.pdf\">Pozv\u00e1nka na jedn\u00e1n\u00ed.pdf<\/a><\/li>\r\n\t<li><a href=\"https:\/\/www.praha7.cz\/wp-content\/uploads\/2018\/07\/Zapis_SK7_2018.pdf\" target=\"_blank\" rel=\"noopener\">Z\u00e1pis z&nbsp;jedn\u00e1n\u00ed.pdf<\/a><\/li>\r\n<\/ul>\r\n<p>Srpen (6.&nbsp;8.)<\/p>\r\n<ul>\r\n\t<li><a href=\"https:\/\/www.praha7.cz\/wp-content\/uploads\/2018\/08\/Program_SK8_2018.pdf\" target=\"_blank\" rel=\"noopener\">Pozv\u00e1nka na jedn\u00e1n\u00ed.pdf<\/a><\/li>\r\n\t<li>Z\u00e1pis z&nbsp;jedn\u00e1n\u00ed.pdf &#8211; Jedn\u00e1n\u00ed komise se z\u00a0organiza\u010dn\u011b-person\u00e1ln\u00edch d\u016fvod\u016f nekonalo<\/li>\r\n<\/ul>\r\n<p>Z\u00e1\u0159\u00ed (3.&nbsp;9.)<\/p>\r\n<ul>\r\n\t<li><a href=\"https:\/\/www.praha7.cz\/wp-content\/uploads\/2018\/08\/Program_SK9_2018.pdf\" target=\"_blank\" rel=\"noopener\">Pozv\u00e1nka na jedn\u00e1n\u00ed.pdf<\/a><\/li>\r\n\t<li><a href=\"https:\/\/www.praha7.cz\/wp-content\/uploads\/2018\/09\/Zapis_9_jednani_SK_03_09_2018.pdf\">Z\u00e1pis z&nbsp;jedn\u00e1n\u00ed.pdf<\/a><\/li>\r\n<\/ul>\r\n<p>\u0158\u00edjen (1.&nbsp;10.)<\/p>\r\n<ul>\r\n\t<li><a href=\"https:\/\/www.praha7.cz\/wp-content\/uploads\/2018\/09\/Program_SK_10_01_10_2018-1.pdf\">Pozv\u00e1nka na jedn\u00e1n\u00ed.pdf<\/a><\/li>\r\n\t<li><a href=\"https:\/\/www.praha7.cz\/wp-content\/uploads\/2018\/10\/Zapis_10_jednani_SK_01_10_2018.pdf\">Z\u00e1pis z&nbsp;jedn\u00e1n\u00ed.pdf<\/a><\/li>\r\n<\/ul>\r\n                <\/div>\r\n            <\/div>\r\n        <\/div>\r\n    \r\n        <div class=\"collapse-block\">\r\n            <div class=\"card-header\" role=\"tab\" id=\"heading6587269a9237b31857fe66cabc7a285d29a5de02\">\r\n                                    <h3 class=\"mb-0\">\r\n                        <a data-toggle=\"collapse\" href=\"#collapse6587269a9237b31857fe66cabc7a285d29a5de02\" aria-controls=\"collapse6587269a9237b31857fe66cabc7a285d29a5de02\">\r\n                            Rok 2017                            <i class=\"fa fa-2x fa-angle-down\" aria-hidden=\"true\"><\/i>\r\n                        <\/a>\r\n                    <\/h3>\r\n                                \r\n            <\/div>\r\n\r\n            <div id=\"collapse6587269a9237b31857fe66cabc7a285d29a5de02\" class=\"collapse\" data-id=\"6587269a9237b31857fe66cabc7a285d29a5de02\" role=\"tabpanel\" aria-labelledby=\"heading6587269a9237b31857fe66cabc7a285d29a5de02\">\r\n                <div class=\"card-block\">\r\n    \r\n<p>Leden (11.&nbsp;1.)<\/p>\r\n<ul>\r\n\t<li><a href=\"https:\/\/praha7.cz\/wp-content\/uploads\/2017\/08\/ZapisSK1.pdf\">Z\u00e1pis z&nbsp;jedn\u00e1n\u00ed.pdf<\/a>\u00a0<\/li>\r\n<\/ul>\r\n<p>\u00danor (15.&nbsp;2.)<\/p>\r\n<ul>\r\n\t<li><a href=\"https:\/\/praha7.cz\/wp-content\/uploads\/2017\/08\/Program_SK2.pdf\">Program.pdf<\/a><\/li>\r\n\t<li><a href=\"https:\/\/praha7.cz\/wp-content\/uploads\/2017\/08\/Zapis_SK2.pdf\">Z\u00e1pis z&nbsp;jedn\u00e1n\u00ed.pdf<\/a>\u00a0<\/li>\r\n<\/ul>\r\n<p>B\u0159ezen (13.&nbsp;3.)<\/p>\r\n<ul>\r\n\t<li><a href=\"https:\/\/praha7.cz\/wp-content\/uploads\/2017\/08\/Program_SK3.pdf\">Program.pdf<\/a><\/li>\r\n\t<li><a href=\"https:\/\/praha7.cz\/wp-content\/uploads\/2017\/08\/263_17_pril3.pdf\">Z\u00e1pis z&nbsp;jedn\u00e1n\u00ed.pdf<\/a>\u00a0<\/li>\r\n<\/ul>\r\n<p>Duben (10.&nbsp;4.)<\/p>\r\n<ul>\r\n\t<li><a href=\"https:\/\/praha7.cz\/wp-content\/uploads\/2017\/08\/Program_SK4.pdf\">Program.pdf<\/a><\/li>\r\n\t<li><a href=\"https:\/\/praha7.cz\/wp-content\/uploads\/2017\/08\/Zapis_SK4.pdf\">Z\u00e1pis z&nbsp;jedn\u00e1n\u00ed.pdf<\/a>\u00a0<\/li>\r\n<\/ul>\r\n<p>Kv\u011bten (15.&nbsp;5.)<\/p>\r\n<ul>\r\n\t<li><a href=\"https:\/\/praha7.cz\/wp-content\/uploads\/2017\/08\/Program_SK5.pdf\">Program.pdf<\/a><\/li>\r\n\t<li><a href=\"https:\/\/praha7.cz\/wp-content\/uploads\/2017\/08\/Zapis_SK5.pdf\">Z\u00e1pis z&nbsp;jedn\u00e1n\u00ed.pdf<\/a>\u00a0<\/li>\r\n<\/ul>\r\n<p>\u010cerven (12.&nbsp;6.)<\/p>\r\n<ul>\r\n\t<li><a href=\"https:\/\/praha7.cz\/wp-content\/uploads\/2017\/08\/Program_SK6.pdf\">Program.pdf<\/a><\/li>\r\n\t<li><a href=\"https:\/\/praha7.cz\/wp-content\/uploads\/2017\/08\/Zapis_SK6.pdf\">Z\u00e1pis z&nbsp;jedn\u00e1n\u00ed.pdf<\/a>\u00a0<\/li>\r\n<\/ul>\r\n<p>\u010cervenec (24.&nbsp;7.)<\/p>\r\n<ul>\r\n\t<li><a href=\"https:\/\/praha7.cz\/wp-content\/uploads\/2017\/08\/Program_SK7.pdf\">Program.pdf<\/a><\/li>\r\n\t<li><a href=\"https:\/\/praha7.cz\/wp-content\/uploads\/2017\/08\/Zapis_SK7.pdf\">Z\u00e1pis z&nbsp;jedn\u00e1n\u00ed.pdf<\/a><\/li>\r\n<\/ul>\r\n<p>Z\u00e1\u0159\u00ed (13.&nbsp;9.)<\/p>\r\n<ul>\r\n\t<li><a href=\"https:\/\/praha7.cz\/wp-content\/uploads\/2018\/01\/Program_08_SK_13_09_2017.pdf\">Program.pdf<\/a><\/li>\r\n\t<li><a href=\"https:\/\/praha7.cz\/wp-content\/uploads\/2018\/01\/Zapis_8_jednani_SK_13_09_2017.pdf\">Z\u00e1pis z&nbsp;jedn\u00e1n\u00ed.pdf<\/a><\/li>\r\n<\/ul>\r\n<p>\u0158\u00edjen (9.&nbsp;10.)<\/p>\r\n<ul>\r\n\t<li><a href=\"https:\/\/praha7.cz\/wp-content\/uploads\/2018\/01\/Program_SK9.pdf\">Program.pdf<\/a><\/li>\r\n\t<li><a href=\"https:\/\/praha7.cz\/wp-content\/uploads\/2018\/01\/Zapis_SK9.pdf\">Z\u00e1pis z&nbsp;jedn\u00e1n\u00ed.pdf<\/a><\/li>\r\n<\/ul>\r\n                <\/div>\r\n            <\/div>\r\n        <\/div>\r\n    \r\n        <div class=\"collapse-block\">\r\n            <div class=\"card-header\" role=\"tab\" id=\"heading6d65053e11fb791d6d8b664853337ab721109612\">\r\n                                    <h3 class=\"mb-0\">\r\n                        <a data-toggle=\"collapse\" href=\"#collapse6d65053e11fb791d6d8b664853337ab721109612\" aria-controls=\"collapse6d65053e11fb791d6d8b664853337ab721109612\">\r\n                            Rok 2016                            <i class=\"fa fa-2x fa-angle-down\" aria-hidden=\"true\"><\/i>\r\n                        <\/a>\r\n                    <\/h3>\r\n                                \r\n            <\/div>\r\n\r\n            <div id=\"collapse6d65053e11fb791d6d8b664853337ab721109612\" class=\"collapse\" data-id=\"6d65053e11fb791d6d8b664853337ab721109612\" role=\"tabpanel\" aria-labelledby=\"heading6d65053e11fb791d6d8b664853337ab721109612\">\r\n                <div class=\"card-block\">\r\n    \r\n<p>Leden (13.&nbsp;1.)<\/p>\r\n<ul>\r\n\t<li><a href=\"\/zdroj.aspx?typ=4&amp;Id=69435&amp;sh=-1955214763\" target=\"_blank\" title=\"Odkaz na soubor - 22,3 kB - nov\u00e9 okno\" rel=\"noopener\">Pozv\u00e1nka na jedn\u00e1n\u00ed.pdf<\/a><\/li>\r\n\t<li><a href=\"https:\/\/praha7.cz\/wp-content\/uploads\/2017\/08\/Zapis_SK1-1.pdf\">Z\u00e1pis z&nbsp;jedn\u00e1n\u00ed.pdf<\/a>\u00a0<\/li>\r\n<\/ul>\r\n<p>\u00danor (8.&nbsp;2.)<\/p>\r\n<ul>\r\n\t<li><a href=\"\/zdroj.aspx?typ=4&amp;Id=70315&amp;sh=-422524619\" target=\"_blank\" title=\"Odkaz na soubor - 19,8 kB - nov\u00e9 okno\" rel=\"noopener\">Pozv\u00e1nka na jedn\u00e1n\u00ed.pdf<\/a><a href=\"https:\/\/praha7.cz\/wp-content\/uploads\/2017\/08\/Zapis_SK2-2.pdf\"><\/a><\/li>\r\n\t<li><a href=\"https:\/\/praha7.cz\/wp-content\/uploads\/2017\/08\/Zapis_SK2-2.pdf\">Z\u00e1pis z&nbsp;jedn\u00e1n\u00ed.pdf<\/a>\u00a0<\/li>\r\n<\/ul>\r\n<p>B\u0159ezen (14.&nbsp;3.)<\/p>\r\n<ul>\r\n\t<li><a href=\"https:\/\/praha7.cz\/wp-content\/uploads\/2017\/08\/Zapis_SK3-1.pdf\">Z\u00e1pis z&nbsp;jedn\u00e1n\u00ed.pdf<\/a>\u00a0<\/li>\r\n<\/ul>\r\n<p>Duben (11.&nbsp;4.)<\/p>\r\n<ul>\r\n\t<li><a href=\"\/zdroj.aspx?typ=4&amp;Id=72161&amp;sh=-1527469483\" target=\"_blank\" title=\"Odkaz na soubor - 22,6 kB - nov\u00e9 okno\" rel=\"noopener\">Pozv\u00e1nka na jedn\u00e1n\u00ed.pdf<\/a><\/li>\r\n\t<li><a href=\"https:\/\/praha7.cz\/wp-content\/uploads\/2017\/08\/ZapisSK4.pdf\">Z\u00e1pis z&nbsp;jedn\u00e1n\u00ed.pdf<\/a>\u00a0<\/li>\r\n<\/ul>\r\n<p>Kv\u011bten (9.&nbsp;5.)<\/p>\r\n<ul>\r\n\t<li><a href=\"\/zdroj.aspx?typ=4&amp;Id=72867&amp;sh=-1537803851\" target=\"_blank\" title=\"Odkaz na soubor - 20,3 kB - nov\u00e9 okno\" rel=\"noopener\">Pozv\u00e1nka na jedn\u00e1n\u00ed.pdf<\/a><\/li>\r\n\t<li><a href=\"https:\/\/praha7.cz\/wp-content\/uploads\/2017\/08\/ZapisSK5.pdf\">Z\u00e1pis z&nbsp;jedn\u00e1n\u00ed.pdf<\/a>\u00a0<\/li>\r\n<\/ul>\r\n<p>\u010cerven (13.&nbsp;6.)<\/p>\r\n<ul>\r\n\t<li><a href=\"\/zdroj.aspx?typ=4&amp;Id=74101&amp;sh=-1668928555\" target=\"_blank\" title=\"Odkaz na soubor - 20,7 kB - nov\u00e9 okno\" rel=\"noopener\">Pozv\u00e1nka na jedn\u00e1n\u00ed.pdf<\/a><\/li>\r\n\t<li><a href=\"https:\/\/praha7.cz\/wp-content\/uploads\/2017\/08\/ZapisSK_6.pdf\">Z\u00e1pis z&nbsp;jedn\u00e1n\u00ed.pdf<\/a>\u00a0<\/li>\r\n<\/ul>\r\n<p>Srpen (8.&nbsp;8.)<\/p>\r\n<ul>\r\n\t<li><a href=\"\/zdroj.aspx?typ=4&amp;Id=75308&amp;sh=-1784615787\" target=\"_blank\" title=\"Odkaz na soubor - 22,5 kB - nov\u00e9 okno\" rel=\"noopener\">Pozv\u00e1nka na jedn\u00e1n\u00ed.pdf<\/a><\/li>\r\n\t<li><a href=\"https:\/\/praha7.cz\/wp-content\/uploads\/2017\/08\/zapis_SK7_2.pdf\">Z\u00e1pis z&nbsp;jedn\u00e1n\u00ed.pdf<\/a><\/li>\r\n<\/ul>\r\n<p>Z\u00e1\u0159\u00ed (5.&nbsp;9.)<\/p>\r\n<ul>\r\n\t<li><a href=\"\/zdroj.aspx?typ=4&amp;Id=76166&amp;sh=-512274251\" target=\"_blank\" title=\"Odkaz na soubor - 19,4 kB - nov\u00e9 okno\" rel=\"noopener\">Pozv\u00e1nka na jedn\u00e1n\u00ed.pdf<\/a><\/li>\r\n\t<li><a href=\"https:\/\/praha7.cz\/wp-content\/uploads\/2017\/08\/ZapisSK8.pdf\">Z\u00e1pis z&nbsp;jedn\u00e1n\u00ed.pdf<\/a>\u00a0<\/li>\r\n<\/ul>\r\n<p>\u0158\u00edjen (10.&nbsp;10.)<\/p>\r\n<ul>\r\n\t<li><a href=\"\/zdroj.aspx?typ=4&amp;Id=77988&amp;sh=1250441877\" target=\"_blank\" title=\"Odkaz na soubor - 20,4 kB - nov\u00e9 okno\" rel=\"noopener\">Pozv\u00e1nka na jedn\u00e1n\u00ed.pdf<\/a><\/li>\r\n\t<li><a href=\"https:\/\/praha7.cz\/wp-content\/uploads\/2017\/08\/Zapis_SK9.pdf\">Z\u00e1pis z&nbsp;jedn\u00e1n\u00ed.pdf<\/a>\u00a0<\/li>\r\n<\/ul>\r\n<p>Listopad (9.&nbsp;11.)<\/p>\r\n<ul>\r\n\t<li><a href=\"\/zdroj.aspx?typ=4&amp;Id=77987&amp;sh=1251241525\" target=\"_blank\" title=\"Odkaz na soubor - 19,2 kB - nov\u00e9 okno\" rel=\"noopener\">Pozv\u00e1nka na jedn\u00e1n\u00ed.pdf<\/a><a href=\"https:\/\/praha7.cz\/wp-content\/uploads\/2017\/08\/ZapisSK10.pdf\"><\/a><\/li>\r\n\t<li><a href=\"https:\/\/praha7.cz\/wp-content\/uploads\/2017\/08\/ZapisSK10.pdf\">Z<\/a><a href=\"https:\/\/praha7.cz\/wp-content\/uploads\/2017\/08\/ZapisSK10.pdf\">\u00e1pis z&nbsp;jedn\u00e1n\u00ed.pdf<\/a><\/li>\r\n<\/ul>\r\n                <\/div>\r\n            <\/div>\r\n        <\/div>\r\n    \r\n        <div class=\"collapse-block\">\r\n            <div class=\"card-header\" role=\"tab\" id=\"headingce521b160680a117a3b1e18a17b08dc0585a5937\">\r\n                                    <h3 class=\"mb-0\">\r\n                        <a data-toggle=\"collapse\" href=\"#collapsece521b160680a117a3b1e18a17b08dc0585a5937\" aria-controls=\"collapsece521b160680a117a3b1e18a17b08dc0585a5937\">\r\n                            Rok 2015                            <i class=\"fa fa-2x fa-angle-down\" aria-hidden=\"true\"><\/i>\r\n                        <\/a>\r\n                    <\/h3>\r\n                                \r\n            <\/div>\r\n\r\n            <div id=\"collapsece521b160680a117a3b1e18a17b08dc0585a5937\" class=\"collapse\" data-id=\"ce521b160680a117a3b1e18a17b08dc0585a5937\" role=\"tabpanel\" aria-labelledby=\"headingce521b160680a117a3b1e18a17b08dc0585a5937\">\r\n                <div class=\"card-block\">\r\n    \r\n<p><br \/>\r\n \u00danor (2.&nbsp;2.)<\/p>\r\n<ul>\r\n\t<li><a href=\"https:\/\/praha7.cz\/wp-content\/uploads\/2017\/08\/Zapis_SK1.pdf\">Z\u00e1pis z&nbsp;jedn\u00e1n\u00ed.pdf<\/a><\/li>\r\n<\/ul>\r\n<p>Duben (13.&nbsp;4.)<\/p>\r\n<ul>\r\n\t<li><a href=\"https:\/\/praha7.cz\/wp-content\/uploads\/2017\/08\/Zapis_SK2-1.pdf\">Z\u00e1pis z&nbsp;jedn\u00e1n\u00ed.pdf<\/a>\u00a0<\/li>\r\n<\/ul>\r\n<p>Kv\u011bten (11.&nbsp;5.)<\/p>\r\n<ul>\r\n\t<li><a href=\"https:\/\/praha7.cz\/wp-content\/uploads\/2017\/08\/Zapis_SK3.pdf\">Z\u00e1pis z&nbsp;jedn\u00e1n\u00ed.pdf<\/a>\u00a0<\/li>\r\n<\/ul>\r\n<p>\u010cerven (8.&nbsp;6.)<\/p>\r\n<ul>\r\n\t<li><a href=\"https:\/\/praha7.cz\/wp-content\/uploads\/2017\/08\/Zapis_SK4-1.pdf\">Z\u00e1pis z&nbsp;jedn\u00e1n\u00ed.pdf<\/a>\u00a0<\/li>\r\n<\/ul>\r\n<p>\u010cerven (29.&nbsp;6.)<\/p>\r\n<ul>\r\n\t<li><a href=\"https:\/\/praha7.cz\/wp-content\/uploads\/2017\/08\/zapis_SK5.pdf\">Z\u00e1pis z&nbsp;jedn\u00e1n\u00ed.pdf<\/a>\u00a0<\/li>\r\n<\/ul>\r\n<p>Z\u00e1\u0159\u00ed (2.&nbsp;9.)<\/p>\r\n<ul>\r\n\t<li><a href=\"https:\/\/praha7.cz\/wp-content\/uploads\/2017\/08\/Zapis_SK6-1.pdf\">Z\u00e1pis z&nbsp;jedn\u00e1n\u00ed.pdf<\/a>\u00a0<\/li>\r\n<\/ul>\r\n<p>\u0158\u00edjen (12.&nbsp;10.)<\/p>\r\n<ul>\r\n\t<li><a href=\"https:\/\/praha7.cz\/wp-content\/uploads\/2017\/08\/Program-12_10_2015.pdf\">Pozv\u00e1nka na jedn\u00e1n\u00ed.pdf<\/a>\u00a0<\/li>\r\n\t<li><a href=\"https:\/\/praha7.cz\/wp-content\/uploads\/2017\/08\/Zapis_SK7-1.pdf\">Z\u00e1pis z&nbsp;jedn\u00e1n\u00ed.pdf<\/a>\u00a0<\/li>\r\n<\/ul>\r\n<p>Listopad (23.&nbsp;11.)<\/p>\r\n<ul>\r\n\t<li><a href=\"https:\/\/praha7.cz\/wp-content\/uploads\/2017\/08\/Program_SK8.pdf\">Pozv\u00e1nka na jedn\u00e1n\u00ed.pdf<\/a><\/li>\r\n\t<li><a href=\"https:\/\/praha7.cz\/wp-content\/uploads\/2017\/08\/Z\u00e1pis_SK8.pdf\">Z\u00e1pis z&nbsp;jedn\u00e1n\u00ed.pdf<\/a><\/li>\r\n<\/ul>\r\n                <\/div>\r\n            <\/div>\r\n        <\/div>\r\n    ","protected":false},"excerpt":{"rendered":"\u010clenov\u00e9 komise:\u00a0 P\u0159edseda: Miroslav Tutter MBA. M\u00edstop\u0159edseda:\u00a0Mgr. Vladim\u00edr Dr\u00e1bek Tajemn\u00edk:\u00a0Bc. Luk\u00e1\u0161 F\u00e1tor, DiS. \u010clenov\u00e9: Jana Fojtov\u00e1, Ing. Eva Petrov\u00e1, Ond\u0159ej Petr Term\u00edny jedn\u00e1n\u00ed &#8211;\u00a0m\u00edstnost \u010d. 278 &nbsp; P\u0159ehled zased\u00e1n\u00ed: Term\u00edny jedn\u00e1n\u00ed &#8211;\u00a0m\u00edstnost \u010d. 278 od 16 hodin &nbsp; Pl\u00e1n pro rok 2018 Leden (15.&nbsp;1.) Pozv\u00e1nka na jedn\u00e1n\u00ed.pdf Z\u00e1pis z&nbsp;jedn\u00e1n\u00ed.pdf\u00a0 \u00danor (19.&nbsp;2.) Pozv\u00e1nka na jedn\u00e1n\u00ed.pdf Z\u00e1pis [&hellip;]","protected":false},"author":2,"featured_media":0,"parent":4173,"menu_order":0,"comment_status":"closed","ping_status":"closed","template":"","meta":[],"_links":{"self":[{"href":"https:\/\/www.praha7.cz\/api\/wp\/v2\/pages\/3058"}],"collection":[{"href":"https:\/\/www.praha7.cz\/api\/wp\/v2\/pages"}],"about":[{"href":"https:\/\/www.praha7.cz\/api\/wp\/v2\/types\/page"}],"author":[{"embeddable":true,"href":"https:\/\/www.praha7.cz\/api\/wp\/v2\/users\/2"}],"replies":[{"embeddable":true,"href":"https:\/\/www.praha7.cz\/api\/wp\/v2\/comments?post=3058"}],"version-history":[{"count":38,"href":"https:\/\/www.praha7.cz\/api\/wp\/v2\/pages\/3058\/revisions"}],"predecessor-version":[{"id":21079,"href":"https:\/\/www.praha7.cz\/api\/wp\/v2\/pages\/3058\/revisions\/21079"}],"up":[{"embeddable":true,"href":"https:\/\/www.praha7.cz\/api\/wp\/v2\/pages\/4173"}],"wp:attachment":[{"href":"https:\/\/www.praha7.cz\/api\/wp\/v2\/media?parent=3058"}],"curies":[{"name":"wp","href":"https:\/\/api.w.org\/{rel}","templated":true}]}}