    
{"id":303,"date":"2017-06-27T13:30:25","date_gmt":"2017-06-27T11:30:25","guid":{"rendered":"https:\/\/praha7.cz\/?page_id=303"},"modified":"2024-05-28T14:28:54","modified_gmt":"2024-05-28T12:28:54","slug":"osvedceni-potvrzeni-obcanstvi","status":"publish","type":"page","link":"https:\/\/www.praha7.cz\/potrebuji-zaridit\/matrika\/statni-obcanstvi\/osvedceni-potvrzeni-obcanstvi\/","title":{"rendered":"Osv\u011bd\u010den\u00ed a&nbsp;potvrzen\u00ed o&nbsp;st\u00e1tn\u00edm ob\u010danstv\u00ed"},"content":{"rendered":"<p>[perex]<\/p>\r\n<p>St\u00e1tn\u00ed ob\u010danstv\u00ed \u010cesk\u00e9 republiky se prokazuje osv\u011bd\u010den\u00edm, p\u0159\u00edpadn\u011b potvrzen\u00edm.<\/p>\r\n<p>[\/perex]<\/p>\r\n<p>V osv\u011bd\u010den\u00ed p\u0159\u00edslu\u0161n\u00fd krajsk\u00fd \u00fa\u0159ad (v&nbsp;Praze \u00fa\u0159ad m\u011bstsk\u00e9 \u010d\u00e1sti, ve m\u011bstech Brno, Plze\u0148 a&nbsp;Ostrava magistr\u00e1t) konstatuje, \u017ee dan\u00e1 osoba je st\u00e1tn\u00edm ob\u010danem \u010cesk\u00e9 republiky. V&nbsp;potvrzen\u00ed o&nbsp;st\u00e1tn\u00edm ob\u010danstv\u00ed \u010cesk\u00e9 republiky p\u0159\u00edslu\u0161n\u00fd krajsk\u00fd \u00fa\u0159ad uvede, na z\u00e1klad\u011b jak\u00e9ho ustanoven\u00ed a&nbsp;k&nbsp;jak\u00e9mu datu st\u00e1tn\u00ed ob\u010danstv\u00ed \u010cesk\u00e9 republiky fyzick\u00e1 osoba nabyla, pop\u0159\u00edpad\u011b pozbyla.<\/p>\r\n<p>O vyd\u00e1n\u00ed osv\u011bd\u010den\u00ed o&nbsp;st\u00e1tn\u00edm ob\u010danstv\u00ed \u010cesk\u00e9 republiky m\u016f\u017ee po\u017e\u00e1dat i&nbsp;osoba, kter\u00e1 m\u011bla k&nbsp;31.&nbsp;prosinci 1992 st\u00e1tn\u00ed ob\u010danstv\u00ed \u010cesk\u00e9 a&nbsp;Slovensk\u00e9 Federativn\u00ed Republiky a&nbsp;v&nbsp;pr\u016fb\u011bhu roku 1993 nabyla volbou st\u00e1tn\u00ed ob\u010danstv\u00ed Slovensk\u00e9 republiky.<\/p>\r\n<hr \/>\r\n<h4>Kdo je opr\u00e1vn\u011bn v&nbsp;t\u00e9to v\u011bci jednat<\/h4>\r\n<ul>\r\n\t<li>fyzick\u00e1 osoba star\u0161\u00ed 18 let nebo jej\u00ed z\u00e1konn\u00fd z\u00e1stupce.<\/li>\r\n\t<li>jin\u00e1 osoba, kter\u00e1 prok\u00e1\u017ee pr\u00e1vn\u00ed z\u00e1jem na zji\u0161t\u011bn\u00ed st\u00e1tn\u00edho ob\u010danstv\u00ed dot\u010den\u00e9 osoby, a&nbsp;to nap\u0159\u00edklad z&nbsp;titulu bl\u00edzk\u00e9ho p\u0159\u00edbuzensk\u00e9ho pom\u011bru<\/li>\r\n<\/ul>\r\n<h4>\u017d\u00e1dost o&nbsp;vyd\u00e1n\u00ed osv\u011bd\u010den\u00ed o&nbsp;st\u00e1tn\u00edm ob\u010danstv\u00ed \u010cesk\u00e9 republiky podejte<\/h4>\r\n<ul>\r\n\t<li>v m\u00edst\u011b trval\u00e9ho bydli\u0161t\u011b osoby, o&nbsp;jej\u00ed\u017e st\u00e1tn\u00ed ob\u010danstv\u00ed se jedn\u00e1, p\u0159\u00edpadn\u011b jej\u00edho posledn\u00edho trval\u00e9ho pobytu na \u00fazem\u00ed \u010cR<\/li>\r\n\t<li>prost\u0159ednictv\u00edm zastupitelsk\u00e9ho \u00fa\u0159adu \u010cR v&nbsp;cizin\u011b<\/li>\r\n<\/ul>\r\n<hr \/>\r\n<h4><span style=\"color: #0000ff;\">CO JE POT\u0158EBA P\u0158EDLO\u017dIT<\/span><\/h4>\r\n<ul>\r\n\t<li>vypln\u011bnou \u017e\u00e1dost o&nbsp;vyd\u00e1n\u00ed osv\u011bd\u010den\u00ed nebo potvrzen\u00ed o&nbsp;st\u00e1tn\u00edm ob\u010danstv\u00ed \u010cesk\u00e9 republiky a&nbsp;p\u0159edepsan\u00e9 tiskopisy<\/li>\r\n\t<li>doklad toto\u017enosti, pop\u0159. i&nbsp;p\u00edsemnou plnou moc osoby, o&nbsp;jej\u00ed\u017e st\u00e1tn\u00ed ob\u010danstv\u00ed se jedn\u00e1<\/li>\r\n\t<li>matri\u010dn\u00ed doklady: rodn\u00fd list, oddac\u00ed list (pokud \u017eadatel uzav\u0159el man\u017eelstv\u00ed), \u00famrtn\u00ed list (je-li \u017e\u00e1dost pod\u00e1v\u00e1na za osobu zem\u0159elou)<\/li>\r\n\t<li>p\u0159edchoz\u00ed doklady o&nbsp;st\u00e1tn\u00edm ob\u010danstv\u00ed<\/li>\r\n\t<li>domovsk\u00fd list, m\u00e1-li jej \u017eadatel k&nbsp;dispozici<\/li>\r\n\t<li>p\u0159\u00edpadn\u011b dal\u0161\u00ed doklady, kter\u00fdmi lze prok\u00e1zat st\u00e1tn\u00ed ob\u010danstv\u00ed<\/li>\r\n<\/ul>\r\n<hr \/>\r\n<p>Doklady vystaven\u00e9 org\u00e1ny ciz\u00edho st\u00e1tu mus\u00ed b\u00fdt opat\u0159eny n\u00e1le\u017eit\u00fdm vy\u0161\u0161\u00edm ov\u011b\u0159en\u00edm (superlegaliza\u010dn\u00ed dolo\u017ekou nebo dolo\u017ekou apostila, kter\u00e1 se p\u0159ipojuje za ofici\u00e1ln\u00ed listiny a&nbsp;dokumenty a&nbsp;prokazuje ov\u011b\u0159en\u00ed podpisu a&nbsp;otisku raz\u00edtka na listin\u011b za \u00fa\u010delem pou\u017eit\u00ed v&nbsp;zahrani\u010d\u00ed), nestanov\u00ed-li mezin\u00e1rodn\u00ed smlouva jinak, a&nbsp;\u00fa\u0159edn\u00edm p\u0159ekladem do \u010desk\u00e9ho jazyka, jsou-li vystaveny v&nbsp;ciz\u00edm jazyce.<\/p>\r\n<p>P\u0159edepsan\u00fd tiskopis (dotazn\u00edk k&nbsp;\u017e\u00e1dosti o&nbsp;zji\u0161t\u011bn\u00ed st\u00e1tn\u00edho ob\u010danstv\u00ed a&nbsp;vyd\u00e1n\u00ed osv\u011bd\u010den\u00ed) a&nbsp;formul\u00e1\u0159 \u010destn\u00e9ho prohl\u00e1\u0161en\u00ed o&nbsp;st\u00e1tn\u00edm ob\u010danstv\u00ed obdr\u017e\u00edte na odd\u011blen\u00ed matriky na \u00da\u0159ad\u011b m\u011bstsk\u00e9 \u010d\u00e1sti Praha&nbsp;7, Odbor kancel\u00e1\u0159e starosty, nebo v&nbsp;Informa\u010dn\u00edch centrech M\u011bstsk\u00e9 \u010d\u00e1sti Praha&nbsp;7.<\/p>\r\n<hr \/>\r\n<h4>Spr\u00e1vn\u00ed poplatky<\/h4>\r\n<p>Poplatek za vyd\u00e1n\u00ed osv\u011bd\u010den\u00ed o&nbsp;st\u00e1tn\u00edm ob\u010danstv\u00ed \u010cesk\u00e9 republiky \u010din\u00ed 100&nbsp;K\u010d.<\/p>\r\n<hr \/>\r\n<h4>Lh\u016fty pro vy\u0159\u00edzen\u00ed<\/h4>\r\n<p>Lh\u016fta pro vy\u0159\u00edzen\u00ed \u017e\u00e1dosti je maxim\u00e1ln\u011b 60 dn\u00ed, ve zvl\u00e1\u0161\u0165 slo\u017eit\u00fdch p\u0159\u00edpadech i&nbsp;d\u00e9le.<\/p>\r\n<hr \/>\r\n<h4>Sankce v&nbsp;p\u0159\u00edpad\u011b nedodr\u017een\u00ed p\u0159edepsan\u00fdch povinnost\u00ed<\/h4>\r\n<p>\u00damysln\u00e9 uveden\u00ed nespr\u00e1vn\u00fdch nebo ne\u00fapln\u00fdch \u00fadaj\u016f, jejich \u00famysln\u00e9 zatajen\u00ed nebo uveden\u00ed nepravdiv\u00e9ho \u00fadaje v&nbsp;\u010destn\u00e9m prohl\u00e1\u0161en\u00ed m\u016f\u017ee b\u00fdt za podm\u00ednek stanoven\u00fdch v&nbsp;z\u00e1kon\u011b \u010d. 200\/1990 Sb. kvalifikov\u00e1no jako p\u0159estupek proti po\u0159\u00e1dku ve st\u00e1tn\u00ed spr\u00e1v\u011b, za kter\u00fd lze ulo\u017eit pokutu a\u017e do v\u00fd\u0161e <strong>10&nbsp;000&nbsp;K\u010d<\/strong>.<\/p>\r\n<hr \/>\r\n<h4>Jak\u00e9 jsou opravn\u00e9 prost\u0159edky a&nbsp;jak se uplat\u0148uj\u00ed<\/h4>\r\n<p>Odvol\u00e1n\u00ed proti rozhodnut\u00ed o&nbsp;\u017e\u00e1dosti o&nbsp;vyd\u00e1n\u00ed osv\u011bd\u010den\u00ed o&nbsp;st\u00e1tn\u00edm ob\u010danstv\u00ed \u010cesk\u00e9 republiky lze podat prost\u0159ednictv\u00edm \u00fa\u0159adu, kter\u00fd rozhodnut\u00ed vydal, k&nbsp;Ministerstvu vnitra nebo Magistr\u00e1tu hlavn\u00edho m\u011bsta Prahy.<\/p>\r\n<hr \/>\r\n<h4>Upozorn\u011bn\u00ed<\/h4>\r\n<p>U \u017e\u00e1dost\u00ed, kter\u00e9 nelze \u0159e\u0161it v&nbsp;cel\u00e9m jejich rozsahu podle tohoto postupu, je t\u0159eba konzultovat sv\u016fj po\u017eadavek p\u0159\u00edmo s&nbsp;\u00fa\u0159edn\u00edkem.<\/p>\r\n<hr \/>\r\n<div class=\"shortcode-container container-fluid no-bottom-padding division-detail  \"> \n    <div class=\"row\">\n\t\t <div class=\"row div-dept\">\n            <div class=\"col-xs-12 col-md-12 contact-info\">\n                <h4>Kontakt<\/h4>\n                <span>\n                    \u00da\u0159ad m\u011bstsk\u00e9 \u010d\u00e1sti Praha 7\n                <\/span><br>\n                <span>\n                    Odbor spr\u00e1vn\u00edch agend - odd\u011blen\u00ed matrik\n                <\/span><br>\n                    <span>\n                        U Pr\u016fhonu 1338\/38\n                    <\/span><br>\n                    <span>\n                        Praha 7\n                    <\/span><br>\n                \n                \n            <\/div>\n        <\/div>\n    <\/div>\n<\/div>\r\n\n<div class=\"shortcode-container no-bottom-padding  \">    \n\t<div class=\"row\">\n\t\t<div class=\"col-xs-12 col-md-7\">\n\t\t\t<h3>\u00da\u0159edn\u00ed hodiny \u00da\u0159adu M\u010c Praha 7<\/h3>\n\t\t<\/div>\n\t<\/div>\n\t\t<div class=\"row\">\n\t\t\t<div class=\"col-xs-12 col-sm-4 col-md-3\">\n\t\t\t\t<span>pond\u011bl\u00ed a st\u0159eda<\/span>\n\t\t\t<\/div>\n\t\t\t\t<div class=\"col-xs-6 col-sm-4 col-md-3\">\n\t\t\t\t\t<span>7.30\u201312.00<\/span>\n\t\t\t\t<\/div>\n\t\t\t\t\t<div class=\"col-xs-6 col-sm-4 col-md-3\">\n\t\t\t\t\t\t<span>13.00\u201318.00<\/span>\n\t\t\t\t\t<\/div>\n\t\t<\/div>\n\t\t<div class=\"row\">\n\t\t\t<div class=\"col-xs-12 col-sm-4 col-md-3\">\n\t\t\t\t<span>\u00fater\u00fd, \u010dtvrtek a p\u00e1tek<\/span>\n\t\t\t<\/div>\n\t\t\t\t<div class=\"col-xs-12 col-sm-8 col-md-9\">\n\t\t\t\t\t<span>po p\u0159edchoz\u00ed domluv\u011b \/ po objedn\u00e1n\u00ed<\/span>\n\t\t\t\t<\/div>\n\t\t<\/div>\n\t<div class=\"row\">\n\t\t<div class=\"col-xs-12 col-md-12 office_hours_info\">\n\t\t\t\n\t\t<\/div>\t\n\t<\/div>\n<\/div>\r\n<div class=\"shortcode-container container-fluid text-xs-center no-bottom-padding \">\n\t<div class=\"row shortcode-row \">\n        <div class=\"row contact-item\">\n\n            <div class=\"col-xs-8 col-md-5 contact-info\">\n                <h3><\/h3>\n                \n                \n                \n                \n                \n            <\/div>\n        <\/div>\n\t<\/div>\n\n        <div class=\"row shortcode-row \">\n            <div class=\"col-xs-6 contact-info sub-contact-info\">\n                <div class=\"row contact-item\">\n                    <h3>Romanov\u00e1 Martina<\/h3>\n                    <span>matrik\u00e1\u0159ka<\/span><br>\n                    <span>tel. <a href=\"tel:+420220144146\">+420220144146<\/a><\/span><br>\n                    <span>gsm. <a href=\"tel:+420723807673\">+420723807673<\/a><\/span><br>\n                    <a href=\"mailto:romanovam@praha7.cz\">romanovam@praha7.cz<\/a><br>\n                    <span>dve\u0159e 6.05<\/span>\n                <\/div>\n            <\/div>\n            <div class=\"col-xs-6 contact-info sub-contact-info\">\n                <div class=\"contact-item\">\n                    <h3>Prokopov\u00e1 Vladana, Bc.<\/h3>\n                    <span>matrik\u00e1\u0159ka<\/span><br>\n                    <span>tel. <a href=\"tel:+420220144273\">+420220144273<\/a><\/span><br>\n                    <span>gsm. <a href=\"tel:+420605753972\">+420605753972<\/a><\/span><br>\n                    <a href=\"mailto:prokopovav@praha7.cz\">prokopovav@praha7.cz<\/a><br>\n                    <span>dve\u0159e 6.05<\/span>\n                <\/div>\n            <\/div>\n        <\/div>\n        <div class=\"row shortcode-row \">\n            <div class=\"col-xs-6 contact-info sub-contact-info\">\n                <div class=\"row contact-item\">\n                    <h3>Tauerov\u00e1 Blanka Anna, Mgr.<\/h3>\n                    <span>matrik\u00e1\u0159ka<\/span><br>\n                    <span>tel. <a href=\"tel:+420220144229\">+420220144229<\/a><\/span><br>\n                    <span>gsm. <a href=\"tel:+420774917125\">+420774917125<\/a><\/span><br>\n                    <a href=\"mailto:tauerovab@praha7.cz\">tauerovab@praha7.cz<\/a><br>\n                    <span>dve\u0159e 6.04<\/span>\n                <\/div>\n            <\/div>\n            <div class=\"col-xs-6 contact-info sub-contact-info\">\n                <div class=\"contact-item\">\n                    <h3>Ko\u010dkov\u00e1 Lenka<\/h3>\n                    <span>matrik\u00e1\u0159ka<\/span><br>\n                    <span>tel. <a href=\"tel:+420220144193\">+420220144193<\/a><\/span><br>\n                    \n                    <a href=\"mailto:kockoval@praha7.cz\">kockoval@praha7.cz<\/a><br>\n                    <span>dve\u0159e 6.04<\/span>\n                <\/div>\n            <\/div>\n        <\/div>\n<\/div>\n\r\n        <div class=\"collapse-block\">\r\n            <div class=\"card-header\" role=\"tab\" id=\"headingf28961f9b593429696a54f6fc20333f9852015ff\">\r\n                                    <h3 class=\"mb-0\">\r\n                        <a data-toggle=\"collapse\" href=\"#collapsef28961f9b593429696a54f6fc20333f9852015ff\" aria-controls=\"collapsef28961f9b593429696a54f6fc20333f9852015ff\">\r\n                            Pr\u00e1vn\u00ed p\u0159edpisy                            <i class=\"fa fa-2x fa-angle-down\" aria-hidden=\"true\"><\/i>\r\n                        <\/a>\r\n                    <\/h3>\r\n                                \r\n            <\/div>\r\n\r\n            <div id=\"collapsef28961f9b593429696a54f6fc20333f9852015ff\" class=\"collapse\" data-id=\"f28961f9b593429696a54f6fc20333f9852015ff\" role=\"tabpanel\" aria-labelledby=\"headingf28961f9b593429696a54f6fc20333f9852015ff\">\r\n                <div class=\"card-block\">\r\n    \r\n<ul>\r\n\t<li><a href=\"https:\/\/www.zakonyprolidi.cz\/cs\/2013-186\" target=\"_blank\" rel=\"noopener\">Z\u00e1kon 186\/2013 Sb. o&nbsp;st\u00e1tn\u00edm ob\u010danstv\u00ed a&nbsp;o&nbsp;zm\u011bn\u011b n\u011bkter\u00fdch z\u00e1kon\u016f\u00a0<\/a><\/li>\r\n\t<li><a href=\"https:\/\/www.zakonyprolidi.cz\/cs\/2004-500\" target=\"_blank\" rel=\"noopener\">Z\u00e1kon \u010d. 500\/2004 Sb., spr\u00e1vn\u00ed \u0159\u00e1d<\/a><\/li>\r\n\t<li><a href=\"https:\/\/www.zakonyprolidi.cz\/cs\/2004-634\" target=\"_blank\" rel=\"noopener\">Z\u00e1kon \u010d. 634\/2004 Sb., o&nbsp;spr\u00e1vn\u00edch poplatc\u00edch<\/a><\/li>\r\n<\/ul>\r\n<p>                <\/div>\r\n            <\/div>\r\n        <\/div>\r\n    <br \/>\r\n<br \/>\r\n<\/p>\r\n<h4><span style=\"color: #0000ff;\">FORMUL\u00c1\u0158E<\/span><\/h4>\r\n<p><a href=\"https:\/\/www.praha7.cz\/wp-content\/uploads\/2020\/08\/zadost-o-zjisteni-statniho-obcanstvi-CR-a-vydani-osvedceni-o-statnim-obcanstvi-CR-1.doc\">\u017d\u00e1dost o&nbsp;zji\u0161t\u011bn\u00ed st\u00e1tn\u00edho ob\u010danstv\u00ed \u010cR a&nbsp;vyd\u00e1n\u00ed osv\u011bd\u010den\u00ed o&nbsp;st\u00e1tn\u00edm ob\u010danstv\u00ed \u010cR<\/a><br \/>\r\n<a href=\"https:\/\/www.praha7.cz\/wp-content\/uploads\/2020\/08\/dotaznik-ke-zjisteni-statniho-obcanstvi-CR.docx\">Dotazn\u00edk ke zji\u0161t\u011bn\u00ed st\u00e1tn\u00edho ob\u010danstv\u00ed \u010cR<\/a><\/p>","protected":false},"excerpt":{"rendered":"[perex] St\u00e1tn\u00ed ob\u010danstv\u00ed \u010cesk\u00e9 republiky se prokazuje osv\u011bd\u010den\u00edm, p\u0159\u00edpadn\u011b potvrzen\u00edm. [\/perex] V&nbsp;osv\u011bd\u010den\u00ed p\u0159\u00edslu\u0161n\u00fd krajsk\u00fd \u00fa\u0159ad (v&nbsp;Praze \u00fa\u0159ad m\u011bstsk\u00e9 \u010d\u00e1sti, ve m\u011bstech Brno, Plze\u0148 a&nbsp;Ostrava magistr\u00e1t) konstatuje, \u017ee dan\u00e1 osoba je st\u00e1tn\u00edm ob\u010danem \u010cesk\u00e9 republiky. V&nbsp;potvrzen\u00ed o&nbsp;st\u00e1tn\u00edm ob\u010danstv\u00ed \u010cesk\u00e9 republiky p\u0159\u00edslu\u0161n\u00fd krajsk\u00fd \u00fa\u0159ad uvede, na z\u00e1klad\u011b jak\u00e9ho ustanoven\u00ed a&nbsp;k&nbsp;jak\u00e9mu datu st\u00e1tn\u00ed ob\u010danstv\u00ed \u010cesk\u00e9 republiky fyzick\u00e1 [&hellip;]","protected":false},"author":2,"featured_media":0,"parent":5722,"menu_order":0,"comment_status":"closed","ping_status":"closed","template":"","meta":[],"_links":{"self":[{"href":"https:\/\/www.praha7.cz\/api\/wp\/v2\/pages\/303"}],"collection":[{"href":"https:\/\/www.praha7.cz\/api\/wp\/v2\/pages"}],"about":[{"href":"https:\/\/www.praha7.cz\/api\/wp\/v2\/types\/page"}],"author":[{"embeddable":true,"href":"https:\/\/www.praha7.cz\/api\/wp\/v2\/users\/2"}],"replies":[{"embeddable":true,"href":"https:\/\/www.praha7.cz\/api\/wp\/v2\/comments?post=303"}],"version-history":[{"count":42,"href":"https:\/\/www.praha7.cz\/api\/wp\/v2\/pages\/303\/revisions"}],"predecessor-version":[{"id":76348,"href":"https:\/\/www.praha7.cz\/api\/wp\/v2\/pages\/303\/revisions\/76348"}],"up":[{"embeddable":true,"href":"https:\/\/www.praha7.cz\/api\/wp\/v2\/pages\/5722"}],"wp:attachment":[{"href":"https:\/\/www.praha7.cz\/api\/wp\/v2\/media?parent=303"}],"curies":[{"name":"wp","href":"https:\/\/api.w.org\/{rel}","templated":true}]}}