    
{"id":286,"date":"2017-06-23T06:44:03","date_gmt":"2017-06-23T04:44:03","guid":{"rendered":"https:\/\/praha7.cz\/?page_id=286"},"modified":"2023-11-15T15:44:21","modified_gmt":"2023-11-15T14:44:21","slug":"obcane-s-omezenou-svepravnosti","status":"publish","type":"page","link":"https:\/\/www.praha7.cz\/potrebuji-zaridit\/doklady\/obcansky-prukaz\/obcane-s-omezenou-svepravnosti\/","title":{"rendered":"Ob\u010dan\u00e9 s&nbsp;omezenou sv\u00e9pr\u00e1vnost\u00ed"},"content":{"rendered":"<p>[perex]<\/p>\r\n<p>Ob\u010dansk\u00fd pr\u016fkaz m\u016f\u017ee m\u00edt i&nbsp;ob\u010dan, jeho\u017e sv\u00e9pr\u00e1vnost byla omezena.<\/p>\r\n<p>[\/perex]<\/p>\r\n<div class=\"shortcode-container container-fluid no-bottom-padding division-detail  \"> \n    <div class=\"row\">\n\t\t <div class=\"row div-dept\">\n            <div class=\"col-xs-12 col-md-12 contact-info\">\n                <h4>Kontakt<\/h4>\n                <span>\n                    \u00da\u0159ad m\u011bstsk\u00e9 \u010d\u00e1sti Praha 7\n                <\/span><br>\n                <span>\n                    Odbor spr\u00e1vn\u00edch agend - odd\u011blen\u00ed doklad\u016f a evidence obyvatel\n                <\/span><br>\n                    <span>\n                        U Pr\u016fhonu 1338\/38\n                    <\/span><br>\n                    <span>\n                        Praha 7\n                    <\/span><br>\n                \n                \n            <\/div>\n        <\/div>\n    <\/div>\n<\/div>\r\n\n<div class=\"shortcode-container no-bottom-padding  \">    \n\t<div class=\"row\">\n\t\t<div class=\"col-xs-12 col-md-7\">\n\t\t\t<h3>\u00da\u0159edn\u00ed hodiny \u2013 Odd\u011blen\u00ed doklad\u016f a evidence obyvatel, U Pr\u016fhonu 1338\/38<\/h3>\n\t\t<\/div>\n\t<\/div>\n\t\t<div class=\"row\">\n\t\t\t<div class=\"col-xs-12 col-sm-4 col-md-3\">\n\t\t\t\t<span>pond\u011bl\u00ed a st\u0159eda<\/span>\n\t\t\t<\/div>\n\t\t\t\t<div class=\"col-xs-6 col-sm-4 col-md-3\">\n\t\t\t\t\t<span>7.30\u201312.00<\/span>\n\t\t\t\t<\/div>\n\t\t\t\t\t<div class=\"col-xs-6 col-sm-4 col-md-3\">\n\t\t\t\t\t\t<span>13.00\u201318.00<\/span>\n\t\t\t\t\t<\/div>\n\t\t<\/div>\n\t\t<div class=\"row\">\n\t\t\t<div class=\"col-xs-12 col-sm-4 col-md-3\">\n\t\t\t\t<span>\u00fater\u00fd a \u010dtvrtek<\/span>\n\t\t\t<\/div>\n\t\t\t\t<div class=\"col-xs-6 col-sm-4 col-md-3\">\n\t\t\t\t\t<span>7.30\u201312.00<\/span>\n\t\t\t\t<\/div>\n\t\t\t\t\t<div class=\"col-xs-6 col-sm-4 col-md-3\">\n\t\t\t\t\t\t<span>13.00\u201314.00<\/span>\n\t\t\t\t\t<\/div>\n\t\t<\/div>\n\t<div class=\"row\">\n\t\t<div class=\"col-xs-12 col-md-12 office_hours_info\">\n\t\t\tPosledn\u00ed p\u0159\u00edjem \u017e\u00e1dost\u00ed pro odbaven\u00ed je 30 minut p\u0159ed koncem \u00fa\u0159edn\u00edch hodin.\n\n\t\t<\/div>\t\n\t<\/div>\n<\/div>\r\n<div class=\"shortcode-container container-fluid no-bottom-padding \">\n\t<div class=\"row shortcode-row no-bottom-border\">\n\t\t <div class=\"row contact-item\">\n\t\t\t<div class=\"col-xs-4 col-md-2 contact-photo\">\t\t\n\t\t\t\t<img src=\"https:\/\/www.praha7.cz\/wp-content\/uploads\/2018\/07\/stepanka-koziskova-400x400.jpg\" alt=\"placeholder\">\n\t\t\t<\/div>\n\t\t\t<div class=\"col-xs-8 col-md-5 contact-info\">\n\t\t\t\t<h3>Ko\u017e\u00ed\u0161kov\u00e1 \u0160t\u011bp\u00e1nka<\/h3>\n\t\t\t\t<span>vedouc\u00ed odd\u011blen\u00ed<\/span><br>\n\t\t\t\t<span>dve\u0159e 1.08\/1.08a<\/span><br>\n\t\t\t\t<span>tel. <a>+420220144210<\/a><\/span><br>\n                \n\t\t\t\t<a href=\"mailto:koziskovas@praha7.cz\">koziskovas@praha7.cz<\/a><br>\n\t\t\t<\/div>\n\t\t<\/div>\n\t<\/div>\n<\/div>\r\n<p>Za ob\u010dana, jeho\u017e sv\u00e9pr\u00e1vnost je omezena tak, \u017ee nen\u00ed zp\u016fsobil\u00fd po\u017e\u00e1dat o&nbsp;vyd\u00e1n\u00ed ob\u010dansk\u00e9ho pr\u016fkazu, pod\u00e1v\u00e1 \u017e\u00e1dost opatrovn\u00edk nebo jin\u00fd z\u00e1konn\u00fd z\u00e1stupce (pokud nebyl opatrovn\u00edk ustanoven).<\/p>\r\n<p><span style=\"color: #0000ff;\"><strong><br \/>\r\nCO JE POT\u0158EBA P\u0158EDLO\u017dIT<\/strong><\/span><\/p>\r\n<ul>\r\n\t<li>rodn\u00fd list ob\u010dana, jemu\u017e m\u00e1 b\u00fdt ob\u010dansk\u00fd pr\u016fkaz vyd\u00e1n<\/li>\r\n\t<li>rozhodnut\u00ed soudu o&nbsp;omezen\u00ed sv\u00e9pr\u00e1vnosti<\/li>\r\n\t<li>ob\u010dansk\u00fd pr\u016fkaz opatrovn\u00edka spole\u010dn\u011b s&nbsp;dokladem o&nbsp;ustanoven\u00ed opatrovn\u00edkem (je-li opatrovn\u00edkem pr\u00e1vnick\u00e1 osoba, p\u0159edlo\u017e\u00ed doklad o&nbsp;ustanoven\u00ed opatrovn\u00edkem; fyzick\u00e1 osoba, kter\u00e1 jedn\u00e1 jej\u00edm jm\u00e9nem, p\u0159edlo\u017e\u00ed sv\u016fj ob\u010dansk\u00fd pr\u016fkaz a&nbsp;doklad osv\u011bd\u010duj\u00edc\u00ed opr\u00e1vn\u011bn\u00ed jednat za pr\u00e1vnickou osobu); pokud nebyl opatrovn\u00edk ustanoven, p\u0159edlo\u017e\u00ed jin\u00fd z\u00e1konn\u00fd z\u00e1stupce sv\u016fj ob\u010dansk\u00fd pr\u016fkaz<\/li>\r\n<\/ul>\r\n<hr \/>\r\n<p>P\u0159i pod\u00e1n\u00ed \u017e\u00e1dosti je nutn\u00e1 osobn\u00ed p\u0159\u00edtomnost osoby, j\u00ed\u017e se pr\u016fkaz se vyd\u00e1v\u00e1. Opatrovn\u00edk na \u00fa\u0159ad\u011b nepod\u00e1v\u00e1 vypln\u011bnou \u017e\u00e1dost na \u00fa\u0159edn\u00edm tiskopisu, pouze p\u0159edlo\u017e\u00ed po\u017eadovan\u00e9 doklady. Na m\u00edst\u011b je po\u0159\u00edzena fotografie. \u017d\u00e1dost se v\u0161emi pot\u0159ebn\u00fdmi \u00fadaji vytiskne \u00fa\u0159edn\u00edk a&nbsp;opatrovn\u00edk potvrd\u00ed podpisem jejich spr\u00e1vnost a&nbsp;\u00faplnost.<\/p>\r\n<hr \/>\r\n<p><strong><span style=\"color: #0000ff;\">CO JE POT\u0158EBA ROZHODNOUT P\u0158I POD\u00c1N\u00cd<\/span><\/strong><\/p>\r\n<p><strong>Z\u00e1pis voliteln\u00fdch \u00fadaj\u016f<\/strong><\/p>\r\n<p><span style=\"font-size: 16px;\"><strong>Rodinn\u00fd stav, registrovan\u00e9 partnerstv\u00ed<\/strong><\/span><\/p>\r\n<p>Pokud si opatrovn\u00edk nep\u0159eje, \u00fadaj o&nbsp;rodinn\u00e9m stavu nebo registrovan\u00e9m partnerstv\u00ed se do ob\u010dansk\u00e9ho pr\u016fkazu nezap\u00ed\u0161e.<\/p>\r\n<p><strong>Mo\u017enost vyzvednut\u00ed pr\u016fkazu u&nbsp;jin\u00e9ho \u00fa\u0159adu<\/strong><\/p>\r\n<p>Ob\u010dansk\u00fd pr\u016fkaz se strojov\u011b \u010diteln\u00fdmi \u00fadaji lze za<strong> spr\u00e1vn\u00ed poplatek 100&nbsp;K\u010d<\/strong> p\u0159evz\u00edt i&nbsp;u&nbsp;jin\u00e9ho obecn\u00edho \u00fa\u0159adu obce s&nbsp;roz\u0161\u00ed\u0159enou p\u016fsobnost\u00ed, kter\u00fd opatrovn\u00edk uvede v&nbsp;\u017e\u00e1dosti.<\/p>\r\n<hr \/>\r\n<p><span style=\"color: #0000ff;\"><strong>DOBA PLATNOSTI OB\u010cANSK\u00c9HO PR\u016eKAZU<\/strong><\/span><\/p>\r\n<ul>\r\n\t<li>ob\u010danu ve v\u011bku od 15 do 70 let je pr\u016fkaz vyd\u00e1v\u00e1n s&nbsp;dobou platnosti 10 let<\/li>\r\n\t<li>ob\u010danu star\u0161\u00edmu 70 let je pr\u016fkaz vyd\u00e1v\u00e1n s&nbsp;dobou platnosti 35 let<\/li>\r\n<\/ul>\r\n<p><span style=\"color: #0000ff;\"><strong>P\u0158EVZET\u00cd PR\u016eKAZU<\/strong><\/span><\/p>\r\n<p>Ob\u010dansk\u00fd pr\u016fkaz mus\u00ed osobn\u011b p\u0159evz\u00edt opatrovn\u00edk.<\/p>\r\n<p>Pro ob\u010dana s&nbsp;omezenou sv\u00e9pr\u00e1vnost\u00ed se nevol\u00ed bezpe\u010dnostn\u00ed osobn\u00ed k\u00f3d.<\/p>\r\n<p>Ob\u010dan je po p\u0159evzet\u00ed povinen chr\u00e1nit sv\u016fj ob\u010dansk\u00fd pr\u016fkaz: <a href=\"http:\/\/www.mvcr.cz\/clanek\/osobni-doklady-642319.aspx?q=Y2hudW09Mg%3d%3d\" target=\"_blank\" rel=\"noopener\">Pou\u010den\u00ed pro dr\u017eitele ob\u010dansk\u00e9ho pr\u016fkazu<\/a><\/p>","protected":false},"excerpt":{"rendered":"[perex] Ob\u010dansk\u00fd pr\u016fkaz m\u016f\u017ee m\u00edt i&nbsp;ob\u010dan, jeho\u017e sv\u00e9pr\u00e1vnost byla omezena. [\/perex] Za ob\u010dana, jeho\u017e sv\u00e9pr\u00e1vnost je omezena tak, \u017ee nen\u00ed zp\u016fsobil\u00fd po\u017e\u00e1dat o&nbsp;vyd\u00e1n\u00ed ob\u010dansk\u00e9ho pr\u016fkazu, pod\u00e1v\u00e1 \u017e\u00e1dost opatrovn\u00edk nebo jin\u00fd z\u00e1konn\u00fd z\u00e1stupce (pokud nebyl opatrovn\u00edk ustanoven). CO JE POT\u0158EBA P\u0158EDLO\u017dIT rodn\u00fd list ob\u010dana, jemu\u017e m\u00e1 b\u00fdt ob\u010dansk\u00fd pr\u016fkaz vyd\u00e1n rozhodnut\u00ed soudu o&nbsp;omezen\u00ed sv\u00e9pr\u00e1vnosti ob\u010dansk\u00fd pr\u016fkaz [&hellip;]","protected":false},"author":2,"featured_media":0,"parent":238,"menu_order":0,"comment_status":"closed","ping_status":"closed","template":"","meta":[],"_links":{"self":[{"href":"https:\/\/www.praha7.cz\/api\/wp\/v2\/pages\/286"}],"collection":[{"href":"https:\/\/www.praha7.cz\/api\/wp\/v2\/pages"}],"about":[{"href":"https:\/\/www.praha7.cz\/api\/wp\/v2\/types\/page"}],"author":[{"embeddable":true,"href":"https:\/\/www.praha7.cz\/api\/wp\/v2\/users\/2"}],"replies":[{"embeddable":true,"href":"https:\/\/www.praha7.cz\/api\/wp\/v2\/comments?post=286"}],"version-history":[{"count":28,"href":"https:\/\/www.praha7.cz\/api\/wp\/v2\/pages\/286\/revisions"}],"predecessor-version":[{"id":71540,"href":"https:\/\/www.praha7.cz\/api\/wp\/v2\/pages\/286\/revisions\/71540"}],"up":[{"embeddable":true,"href":"https:\/\/www.praha7.cz\/api\/wp\/v2\/pages\/238"}],"wp:attachment":[{"href":"https:\/\/www.praha7.cz\/api\/wp\/v2\/media?parent=286"}],"curies":[{"name":"wp","href":"https:\/\/api.w.org\/{rel}","templated":true}]}}