    
{"id":2849,"date":"2017-08-17T11:22:26","date_gmt":"2017-08-17T09:22:26","guid":{"rendered":"https:\/\/praha7.cz\/?page_id=2849"},"modified":"2023-10-20T12:00:36","modified_gmt":"2023-10-20T10:00:36","slug":"kontejnery-na-drobne-elektrozarizeni-a-baterie","status":"publish","type":"page","link":"https:\/\/www.praha7.cz\/temata\/odpad\/kontejnery-na-drobne-elektrozarizeni-a-baterie\/","title":{"rendered":"Kontejnery na drobn\u00e9 elektroza\u0159\u00edzen\u00ed a&nbsp;baterie"},"content":{"rendered":"<p>[perex]<\/p>\r\n<p>Do <a href=\"https:\/\/www.cervenekontejnery.cz\/\" target=\"_blank\" rel=\"noopener\">\u010derven\u00fdch kontejner\u016f<\/a> firmy Asekol pat\u0159\u00ed baterie a&nbsp;drobn\u00e1 elektroza\u0159\u00edzen\u00ed, jako jsou mobiln\u00ed telefony, kalkula\u010dky, r\u00e1dia, drobn\u00e9 po\u010d\u00edta\u010dov\u00e9 vybaven\u00ed, elektronick\u00e9 hra\u010dky,\u00a0kuchy\u0148sk\u00e9 spot\u0159ebi\u010de apod. Rozm\u011br vhozu je 40 \u00d7 50 cm.<\/p>\r\n<p>Do kontejner\u016f nepat\u0159\u00ed televizory, po\u010d\u00edta\u010dov\u00e9 monitory, z\u00e1\u0159ivky, \u00fasporn\u00e9 \u017e\u00e1rovky, velk\u00e9 a&nbsp;mal\u00e9 dom\u00e1c\u00ed spot\u0159ebi\u010de (nap\u0159. ledni\u010dky, pra\u010dky, chladni\u010dky), stejn\u011b jako tonery, CD, videokazety a&nbsp;jin\u00e1 z\u00e1znamov\u00e1 media. Velk\u00e9 spot\u0159ebi\u010de je t\u0159eba odv\u00e9zt do sb\u011brn\u00e9ho dvora. Nejbli\u017e\u0161\u00ed sb\u011brn\u00fd dv\u016fr vyhled\u00e1te <a href=\"https:\/\/app.iprpraha.cz\/apl\/app\/atlas-zp\/?service%5b%5d=komunalni_odpad\" target=\"_blank\" rel=\"noopener\">zde<\/a>.<\/p>\r\n<p>[\/perex]<\/p>\r\n<p><iframe loading=\"lazy\" width=\"640\" height=\"480\" src=\"https:\/\/www.google.com\/maps\/d\/embed?mid=1PZofwrl5FYRSGs_bWXlw5VLoFHJniTUE&amp;ehbc=2E312F\"><\/iframe><\/p>\r\n<p><strong>Um\u00edst\u011bn\u00ed v&nbsp;Praze 7:<\/strong><\/p>\r\n<ul>\r\n\t<li>U Letensk\u00e9ho sadu \u00d7 Letohradsk\u00e1<\/li>\r\n\t<li>Na Ov\u010din\u00e1ch 4<\/li>\r\n\t<li>Tusarova 17B<\/li>\r\n\t<li>U Pr\u016fhonu 2<\/li>\r\n<\/ul>","protected":false},"excerpt":{"rendered":"[perex] Do \u010derven\u00fdch kontejner\u016f firmy Asekol pat\u0159\u00ed baterie a&nbsp;drobn\u00e1 elektroza\u0159\u00edzen\u00ed, jako jsou mobiln\u00ed telefony, kalkula\u010dky, r\u00e1dia, drobn\u00e9 po\u010d\u00edta\u010dov\u00e9 vybaven\u00ed, elektronick\u00e9 hra\u010dky,\u00a0kuchy\u0148sk\u00e9 spot\u0159ebi\u010de apod. Rozm\u011br vhozu je 40 \u00d7 50 cm. Do kontejner\u016f nepat\u0159\u00ed televizory, po\u010d\u00edta\u010dov\u00e9 monitory, z\u00e1\u0159ivky, \u00fasporn\u00e9 \u017e\u00e1rovky, velk\u00e9 a&nbsp;mal\u00e9 dom\u00e1c\u00ed spot\u0159ebi\u010de (nap\u0159. ledni\u010dky, pra\u010dky, chladni\u010dky), stejn\u011b jako tonery, CD, videokazety a&nbsp;jin\u00e1 z\u00e1znamov\u00e1 media. [&hellip;]","protected":false},"author":2,"featured_media":0,"parent":3310,"menu_order":8,"comment_status":"closed","ping_status":"closed","template":"","meta":[],"_links":{"self":[{"href":"https:\/\/www.praha7.cz\/api\/wp\/v2\/pages\/2849"}],"collection":[{"href":"https:\/\/www.praha7.cz\/api\/wp\/v2\/pages"}],"about":[{"href":"https:\/\/www.praha7.cz\/api\/wp\/v2\/types\/page"}],"author":[{"embeddable":true,"href":"https:\/\/www.praha7.cz\/api\/wp\/v2\/users\/2"}],"replies":[{"embeddable":true,"href":"https:\/\/www.praha7.cz\/api\/wp\/v2\/comments?post=2849"}],"version-history":[{"count":33,"href":"https:\/\/www.praha7.cz\/api\/wp\/v2\/pages\/2849\/revisions"}],"predecessor-version":[{"id":70795,"href":"https:\/\/www.praha7.cz\/api\/wp\/v2\/pages\/2849\/revisions\/70795"}],"up":[{"embeddable":true,"href":"https:\/\/www.praha7.cz\/api\/wp\/v2\/pages\/3310"}],"wp:attachment":[{"href":"https:\/\/www.praha7.cz\/api\/wp\/v2\/media?parent=2849"}],"curies":[{"name":"wp","href":"https:\/\/api.w.org\/{rel}","templated":true}]}}