    
{"id":279,"date":"2017-06-23T06:31:53","date_gmt":"2017-06-23T04:31:53","guid":{"rendered":"https:\/\/praha7.cz\/?page_id=279"},"modified":"2026-01-28T20:18:20","modified_gmt":"2026-01-28T19:18:20","slug":"prvni-obcansky-prukaz-bez-trvaleho-pobytu-v-cr-nebo-po-navratu-z-ciziny","status":"publish","type":"page","link":"https:\/\/www.praha7.cz\/potrebuji-zaridit\/doklady\/obcansky-prukaz\/prvni-obcansky-prukaz-bez-trvaleho-pobytu-v-cr-nebo-po-navratu-z-ciziny\/","title":{"rendered":"Prvn\u00ed ob\u010dansk\u00fd pr\u016fkaz bez trval\u00e9ho pobytu v&nbsp;\u010cR nebo po n\u00e1vratu z&nbsp;ciziny"},"content":{"rendered":"<p>[perex]<\/p>\r\n<p>V p\u0159\u00edpad\u011b, \u017ee \u017eijete mimo \u00fazem\u00ed \u010cR, ob\u010dansk\u00fd pr\u016fkaz m\u00edt nemus\u00edte. M\u016f\u017eete v\u0161ak o&nbsp;n\u011bj po\u017e\u00e1dat po ukon\u010den\u00ed pobytu v&nbsp;cizin\u011b nebo v&nbsp;p\u0159\u00edpad\u011b, \u017ee nem\u00e1te trval\u00fd pobyt na \u00fazem\u00ed \u010cesk\u00e9 republiky. Za vyd\u00e1n\u00ed pr\u016fkazu ob\u010danu star\u0161\u00edmu 15 let, kter\u00fd nem\u00e1 trval\u00fd pobyt na \u00fazem\u00ed \u010cesk\u00e9 republiky, se plat\u00ed spr\u00e1vn\u00ed poplatek 200&nbsp;K\u010d. V&nbsp;p\u0159\u00edpad\u011b, \u017ee se ob\u010dan po dlouhodob\u00e9m pobytu v&nbsp;cizin\u011b p\u0159ihla\u0161uje k&nbsp;trval\u00e9mu pobytu v&nbsp;\u010cR, je povinen po\u017e\u00e1dat o&nbsp;ob\u010dansk\u00fd pr\u016fkaz.<\/p>\r\n<p>[\/perex]<\/p>\r\n<div class=\"shortcode-container container-fluid no-bottom-padding division-detail  \"> \n    <div class=\"row\">\n\t\t <div class=\"row div-dept\">\n            <div class=\"col-xs-12 col-md-12 contact-info\">\n                <h4>Kontakt<\/h4>\n                <span>\n                    \u00da\u0159ad m\u011bstsk\u00e9 \u010d\u00e1sti Praha 7\n                <\/span><br>\n                <span>\n                    Odbor spr\u00e1vn\u00edch agend - odd\u011blen\u00ed doklad\u016f a evidence obyvatel\n                <\/span><br>\n                    <span>\n                        U Pr\u016fhonu 1338\/38\n                    <\/span><br>\n                    <span>\n                        Praha 7\n                    <\/span><br>\n                \n                \n            <\/div>\n        <\/div>\n    <\/div>\n<\/div>\r\n\n<div class=\"shortcode-container no-bottom-padding  \">    \n\t<div class=\"row\">\n\t\t<div class=\"col-xs-12 col-md-7\">\n\t\t\t<h3>\u00da\u0159edn\u00ed hodiny \u2013 Odd\u011blen\u00ed doklad\u016f a evidence obyvatel, U Pr\u016fhonu 1338\/38<\/h3>\n\t\t<\/div>\n\t<\/div>\n\t\t<div class=\"row\">\n\t\t\t<div class=\"col-xs-12 col-sm-4 col-md-3\">\n\t\t\t\t<span>pond\u011bl\u00ed a st\u0159eda<\/span>\n\t\t\t<\/div>\n\t\t\t\t<div class=\"col-xs-6 col-sm-4 col-md-3\">\n\t\t\t\t\t<span>7.30\u201312.00<\/span>\n\t\t\t\t<\/div>\n\t\t\t\t\t<div class=\"col-xs-6 col-sm-4 col-md-3\">\n\t\t\t\t\t\t<span>13.00\u201318.00<\/span>\n\t\t\t\t\t<\/div>\n\t\t<\/div>\n\t\t<div class=\"row\">\n\t\t\t<div class=\"col-xs-12 col-sm-4 col-md-3\">\n\t\t\t\t<span>\u00fater\u00fd a \u010dtvrtek<\/span>\n\t\t\t<\/div>\n\t\t\t\t<div class=\"col-xs-6 col-sm-4 col-md-3\">\n\t\t\t\t\t<span>7.30\u201312.00<\/span>\n\t\t\t\t<\/div>\n\t\t\t\t\t<div class=\"col-xs-6 col-sm-4 col-md-3\">\n\t\t\t\t\t\t<span>13.00\u201314.00<\/span>\n\t\t\t\t\t<\/div>\n\t\t<\/div>\n\t<div class=\"row\">\n\t\t<div class=\"col-xs-12 col-md-12 office_hours_info\">\n\t\t\tPosledn\u00ed p\u0159\u00edjem \u017e\u00e1dost\u00ed pro odbaven\u00ed je 30 minut p\u0159ed koncem \u00fa\u0159edn\u00edch hodin.\n\n\t\t<\/div>\t\n\t<\/div>\n<\/div>\r\n<div class=\"shortcode-container container-fluid no-bottom-padding \">\n\t<div class=\"row shortcode-row no-bottom-border\">\n\t\t <div class=\"row contact-item\">\n\t\t\t<div class=\"col-xs-4 col-md-2 contact-photo\">\t\t\n\t\t\t\t<img src=\"https:\/\/www.praha7.cz\/wp-content\/uploads\/2018\/07\/stepanka-koziskova-400x400.jpg\" alt=\"placeholder\">\n\t\t\t<\/div>\n\t\t\t<div class=\"col-xs-8 col-md-5 contact-info\">\n\t\t\t\t<h3>Ko\u017e\u00ed\u0161kov\u00e1 \u0160t\u011bp\u00e1nka<\/h3>\n\t\t\t\t<span>vedouc\u00ed odd\u011blen\u00ed<\/span><br>\n\t\t\t\t<span>dve\u0159e 1.08\/1.08a<\/span><br>\n\t\t\t\t<span>tel. <a>+420220144210<\/a><\/span><br>\n                \n\t\t\t\t<a href=\"mailto:koziskovas@praha7.cz\">koziskovas@praha7.cz<\/a><br>\n\t\t\t<\/div>\n\t\t<\/div>\n\t<\/div>\n<\/div>\r\n<p>O ob\u010dansk\u00fd pr\u016fkaz mus\u00edte po\u017e\u00e1dat osobn\u011b. P\u0159edem nevypl\u0148ujete \u017e\u00e1dn\u00fd formul\u00e1\u0159, pouze si p\u0159inesete uveden\u00e9 doklady. Na m\u00edst\u011b v\u00e1s \u00fa\u0159edn\u00edk vyfotografuje a&nbsp;vytiskne \u017e\u00e1dost s&nbsp;pot\u0159ebn\u00fdmi \u00fadaji. Podpisem potvrd\u00edte jejich spr\u00e1vnost a&nbsp;\u00faplnost.<\/p>\r\n<p><span style=\"color: #0000ff;\"><strong><br \/>\r\nCO JE POT\u0158EBA P\u0158EDLO\u017dIT<\/strong><\/span><\/p>\r\n<ul>\r\n\t<li>rodn\u00fd list<\/li>\r\n\t<li>doklad o&nbsp;st\u00e1tn\u00edm ob\u010danstv\u00ed<\/li>\r\n<\/ul>\r\n<p><span style=\"color: #0000ff;\"><strong>CO JE POT\u0158EBA ROZHODNOUT P\u0158I POD\u00c1N\u00cd<\/strong><\/span><\/p>\r\n<h4>Z\u00e1pis voliteln\u00fdch \u00fadaj\u016f<\/h4>\r\n<p><strong>Rodinn\u00fd stav, registrovan\u00e9 partnerstv\u00ed<\/strong><br \/>\r\nPokud si nep\u0159ejete, \u00fadaje o\u00a0rodinn\u00e9m stavu nebo registrovan\u00e9m partnerstv\u00ed se do pr\u016fkazu nezap\u00ed\u0161e.<\/p>\r\n<p><strong>Mo\u017enost vyzvednut\u00ed pr\u016fkazu u\u00a0jin\u00e9ho \u00fa\u0159adu<\/strong><br \/>\r\nOb\u010dansk\u00fd pr\u016fkaz si m\u016f\u017eete p\u0159evz\u00edt i\u00a0u\u00a0jin\u00e9ho obecn\u00edho \u00fa\u0159adu obce s\u00a0roz\u0161\u00ed\u0159enou p\u016fsobnost\u00ed, pokud to uvedete v\u00a0\u017e\u00e1dosti. Poplatek za to je\u00a0<strong>100\u00a0K\u010d.<\/strong><\/p>\r\n<p><span style=\"color: #0000ff;\"><strong><br \/>\r\nLH\u016eTA PRO VY\u0158\u00cdZEN\u00cd<\/strong><\/span><\/p>\r\n<p>Ob\u010dansk\u00fd pr\u016fkaz se vyhotov\u00ed do 30 dn\u016f od pod\u00e1n\u00ed \u017e\u00e1dosti.<\/p>\r\n<p><span style=\"color: #0000ff;\"><strong><br \/>\r\nDOBA PLATNOSTI OB\u010cANSK\u00c9HO PR\u016eKAZU<\/strong><\/span><\/p>\r\n<ul>\r\n\t<li>ob\u010dan\u016fm ve v\u011bku od 15 do 70 let je pr\u016fkaz vyd\u00e1v\u00e1n s&nbsp;dobou platnosti 10 let<\/li>\r\n\t<li>ob\u010dan\u016fm star\u0161\u00edm 70 let je pr\u016fkaz vyd\u00e1v\u00e1n s&nbsp;dobou platnosti 35 let<\/li>\r\n<\/ul>\r\n<p><span style=\"color: #0000ff;\"><strong><br \/>\r\nP\u0158EVZET\u00cd PR\u016eKAZU<\/strong><\/span><\/p>\r\n<p>Ob\u010dansk\u00fd pr\u016fkaz mus\u00edte p\u0159evz\u00edt osobn\u011b a&nbsp;op\u011bt p\u0159itom prok\u00e1zat toto\u017enost (p\u0159edlo\u017eit nap\u0159. dosavadn\u00ed ob\u010dansk\u00fd pr\u016fkaz, pokud je platn\u00fd, nebo rodn\u00fd list, cestovn\u00ed pas, \u0159idi\u010dsk\u00fd pr\u016fkaz). P\u0159i p\u0159evzet\u00ed ob\u010dansk\u00e9ho pr\u016fkazu zad\u00e1te bezpe\u010dnostn\u00ed osobn\u00ed k\u00f3d (4\u201310 \u010d\u00edslic), kter\u00fd slou\u017e\u00ed k&nbsp;ov\u011b\u0159en\u00ed va\u0161\u00ed identity p\u0159i komunikaci s&nbsp;informa\u010dn\u00edmi syst\u00e9my ve\u0159ejn\u00e9 spr\u00e1vy.<\/p>\r\n<p>Ob\u010dan je po p\u0159evzet\u00ed povinen chr\u00e1nit sv\u016fj ob\u010dansk\u00fd pr\u016fkaz: <a href=\"http:\/\/www.mvcr.cz\/clanek\/osobni-doklady-642319.aspx?q=Y2hudW09Mg%3d%3d\" target=\"_blank\" rel=\"noopener\">Pou\u010den\u00ed pro dr\u017eitele ob\u010dansk\u00e9ho pr\u016fkazu<\/a><\/p>","protected":false},"excerpt":{"rendered":"[perex] V&nbsp;p\u0159\u00edpad\u011b, \u017ee \u017eijete mimo \u00fazem\u00ed \u010cR, ob\u010dansk\u00fd pr\u016fkaz m\u00edt nemus\u00edte. M\u016f\u017eete v\u0161ak o&nbsp;n\u011bj po\u017e\u00e1dat po ukon\u010den\u00ed pobytu v&nbsp;cizin\u011b nebo v&nbsp;p\u0159\u00edpad\u011b, \u017ee nem\u00e1te trval\u00fd pobyt na \u00fazem\u00ed \u010cesk\u00e9 republiky. Za vyd\u00e1n\u00ed pr\u016fkazu ob\u010danu star\u0161\u00edmu 15 let, kter\u00fd nem\u00e1 trval\u00fd pobyt na \u00fazem\u00ed \u010cesk\u00e9 republiky, se plat\u00ed spr\u00e1vn\u00ed poplatek 200&nbsp;K\u010d. V&nbsp;p\u0159\u00edpad\u011b, \u017ee se ob\u010dan po [&hellip;]","protected":false},"author":2,"featured_media":0,"parent":238,"menu_order":0,"comment_status":"closed","ping_status":"closed","template":"","meta":[],"_links":{"self":[{"href":"https:\/\/www.praha7.cz\/api\/wp\/v2\/pages\/279"}],"collection":[{"href":"https:\/\/www.praha7.cz\/api\/wp\/v2\/pages"}],"about":[{"href":"https:\/\/www.praha7.cz\/api\/wp\/v2\/types\/page"}],"author":[{"embeddable":true,"href":"https:\/\/www.praha7.cz\/api\/wp\/v2\/users\/2"}],"replies":[{"embeddable":true,"href":"https:\/\/www.praha7.cz\/api\/wp\/v2\/comments?post=279"}],"version-history":[{"count":36,"href":"https:\/\/www.praha7.cz\/api\/wp\/v2\/pages\/279\/revisions"}],"predecessor-version":[{"id":89420,"href":"https:\/\/www.praha7.cz\/api\/wp\/v2\/pages\/279\/revisions\/89420"}],"up":[{"embeddable":true,"href":"https:\/\/www.praha7.cz\/api\/wp\/v2\/pages\/238"}],"wp:attachment":[{"href":"https:\/\/www.praha7.cz\/api\/wp\/v2\/media?parent=279"}],"curies":[{"name":"wp","href":"https:\/\/api.w.org\/{rel}","templated":true}]}}