    
{"id":271,"date":"2017-06-23T06:08:58","date_gmt":"2017-06-23T04:08:58","guid":{"rendered":"https:\/\/praha7.cz\/?page_id=271"},"modified":"2023-10-30T17:09:46","modified_gmt":"2023-10-30T16:09:46","slug":"zmena-osobni-duvod","status":"publish","type":"page","link":"https:\/\/www.praha7.cz\/potrebuji-zaridit\/doklady\/obcansky-prukaz\/zmena-osobni-duvod\/","title":{"rendered":"Zm\u011bna ob\u010dansk\u00e9ho pr\u016fkazu z&nbsp;osobn\u00edho d\u016fvodu"},"content":{"rendered":"<p>[perex]<\/p>\r\n<p>O vyd\u00e1n\u00ed nov\u00e9ho ob\u010dansk\u00e9ho pr\u016fkazu m\u016f\u017eete po\u017e\u00e1dat i\u00a0d\u0159\u00edve ne\u017e p\u016fl roku p\u0159ed uplynut\u00edm jeho platnosti, a\u00a0to z\u00a0jin\u00e9ho osobn\u00edho d\u016fvodu. Za tento \u00fakon je t\u0159eba zaplatit spr\u00e1vn\u00ed poplatek 200\u00a0K\u010d.<\/p>\r\n<p>[\/perex]<\/p>\r\n<div class=\"shortcode-container container-fluid no-bottom-padding division-detail  \"> \n    <div class=\"row\">\n\t\t <div class=\"row div-dept\">\n            <div class=\"col-xs-12 col-md-12 contact-info\">\n                <h4>Kontakt<\/h4>\n                <span>\n                    \u00da\u0159ad m\u011bstsk\u00e9 \u010d\u00e1sti Praha 7\n                <\/span><br>\n                <span>\n                    Odbor spr\u00e1vn\u00edch agend - odd\u011blen\u00ed doklad\u016f a evidence obyvatel\n                <\/span><br>\n                    <span>\n                        U Pr\u016fhonu 1338\/38\n                    <\/span><br>\n                    <span>\n                        Praha 7\n                    <\/span><br>\n                \n                \n            <\/div>\n        <\/div>\n    <\/div>\n<\/div>\r\n\n<div class=\"shortcode-container no-bottom-padding  \">    \n\t<div class=\"row\">\n\t\t<div class=\"col-xs-12 col-md-7\">\n\t\t\t<h3>\u00da\u0159edn\u00ed hodiny \u2013 Odd\u011blen\u00ed doklad\u016f a evidence obyvatel, U Pr\u016fhonu 1338\/38<\/h3>\n\t\t<\/div>\n\t<\/div>\n\t\t<div class=\"row\">\n\t\t\t<div class=\"col-xs-12 col-sm-4 col-md-3\">\n\t\t\t\t<span>pond\u011bl\u00ed a st\u0159eda<\/span>\n\t\t\t<\/div>\n\t\t\t\t<div class=\"col-xs-6 col-sm-4 col-md-3\">\n\t\t\t\t\t<span>7.30\u201312.00<\/span>\n\t\t\t\t<\/div>\n\t\t\t\t\t<div class=\"col-xs-6 col-sm-4 col-md-3\">\n\t\t\t\t\t\t<span>13.00\u201318.00<\/span>\n\t\t\t\t\t<\/div>\n\t\t<\/div>\n\t\t<div class=\"row\">\n\t\t\t<div class=\"col-xs-12 col-sm-4 col-md-3\">\n\t\t\t\t<span>\u00fater\u00fd a \u010dtvrtek<\/span>\n\t\t\t<\/div>\n\t\t\t\t<div class=\"col-xs-6 col-sm-4 col-md-3\">\n\t\t\t\t\t<span>7.30\u201312.00<\/span>\n\t\t\t\t<\/div>\n\t\t\t\t\t<div class=\"col-xs-6 col-sm-4 col-md-3\">\n\t\t\t\t\t\t<span>13.00\u201314.00<\/span>\n\t\t\t\t\t<\/div>\n\t\t<\/div>\n\t<div class=\"row\">\n\t\t<div class=\"col-xs-12 col-md-12 office_hours_info\">\n\t\t\tPosledn\u00ed p\u0159\u00edjem \u017e\u00e1dost\u00ed pro odbaven\u00ed je 30 minut p\u0159ed koncem \u00fa\u0159edn\u00edch hodin.\n\n\t\t<\/div>\t\n\t<\/div>\n<\/div>\r\n<div class=\"shortcode-container container-fluid no-bottom-padding \">\n\t<div class=\"row shortcode-row no-bottom-border\">\n\t\t <div class=\"row contact-item\">\n\t\t\t<div class=\"col-xs-4 col-md-2 contact-photo\">\t\t\n\t\t\t\t<img src=\"https:\/\/www.praha7.cz\/wp-content\/uploads\/2018\/07\/stepanka-koziskova-400x400.jpg\" alt=\"placeholder\">\n\t\t\t<\/div>\n\t\t\t<div class=\"col-xs-8 col-md-5 contact-info\">\n\t\t\t\t<h3>Ko\u017e\u00ed\u0161kov\u00e1 \u0160t\u011bp\u00e1nka<\/h3>\n\t\t\t\t<span>vedouc\u00ed odd\u011blen\u00ed<\/span><br>\n\t\t\t\t<span>dve\u0159e 1.08\/1.08a<\/span><br>\n\t\t\t\t<span>tel. <a>+420220144210<\/a><\/span><br>\n                \n\t\t\t\t<a href=\"mailto:koziskovas@praha7.cz\">koziskovas@praha7.cz<\/a><br>\n\t\t\t<\/div>\n\t\t<\/div>\n\t<\/div>\n<\/div>\r\n<p>&nbsp;<\/p>","protected":false},"excerpt":{"rendered":"[perex] O&nbsp;vyd\u00e1n\u00ed nov\u00e9ho ob\u010dansk\u00e9ho pr\u016fkazu m\u016f\u017eete po\u017e\u00e1dat i\u00a0d\u0159\u00edve ne\u017e p\u016fl roku p\u0159ed uplynut\u00edm jeho platnosti, a\u00a0to z\u00a0jin\u00e9ho osobn\u00edho d\u016fvodu. Za tento \u00fakon je t\u0159eba zaplatit spr\u00e1vn\u00ed poplatek 200\u00a0K\u010d. [\/perex] &nbsp;","protected":false},"author":2,"featured_media":0,"parent":238,"menu_order":0,"comment_status":"closed","ping_status":"closed","template":"","meta":[],"_links":{"self":[{"href":"https:\/\/www.praha7.cz\/api\/wp\/v2\/pages\/271"}],"collection":[{"href":"https:\/\/www.praha7.cz\/api\/wp\/v2\/pages"}],"about":[{"href":"https:\/\/www.praha7.cz\/api\/wp\/v2\/types\/page"}],"author":[{"embeddable":true,"href":"https:\/\/www.praha7.cz\/api\/wp\/v2\/users\/2"}],"replies":[{"embeddable":true,"href":"https:\/\/www.praha7.cz\/api\/wp\/v2\/comments?post=271"}],"version-history":[{"count":27,"href":"https:\/\/www.praha7.cz\/api\/wp\/v2\/pages\/271\/revisions"}],"predecessor-version":[{"id":71032,"href":"https:\/\/www.praha7.cz\/api\/wp\/v2\/pages\/271\/revisions\/71032"}],"up":[{"embeddable":true,"href":"https:\/\/www.praha7.cz\/api\/wp\/v2\/pages\/238"}],"wp:attachment":[{"href":"https:\/\/www.praha7.cz\/api\/wp\/v2\/media?parent=271"}],"curies":[{"name":"wp","href":"https:\/\/api.w.org\/{rel}","templated":true}]}}