    
{"id":2607,"date":"2017-08-16T15:15:29","date_gmt":"2017-08-16T13:15:29","guid":{"rendered":"https:\/\/praha7.cz\/?page_id=2607"},"modified":"2024-09-11T13:40:27","modified_gmt":"2024-09-11T11:40:27","slug":"bezpecna-praha-7","status":"publish","type":"page","link":"https:\/\/www.praha7.cz\/temata\/bezpecnost\/prevence\/bezpecna-praha-7\/","title":{"rendered":"Bezpe\u010dn\u00e1 Praha&nbsp;7"},"content":{"rendered":"<ul>\r\n\t<li><a href=\"https:\/\/www.praha7.cz\/wp-content\/uploads\/2024\/09\/Program-protidrogove-prevence-a-prevence-kriminality-MC-Praha-7-na-obdobi-2024-2026.pdf\" target=\"_blank\" rel=\"noopener\">Program protidrogov\u00e9 prevence a&nbsp;prevence kriminality M\u010c Praha&nbsp;7 na obdob\u00ed 2024-2025<\/a><\/li>\r\n\t<li>\r\n<p><a href=\"https:\/\/www.praha7.cz\/wp-content\/uploads\/2020\/11\/Program-prevence-kriminality-MC\u030c-Praha-7-na-obdobi\u0301-2020-2021.pdf\">Program prevence kriminality M\u010c Praha&nbsp;7 na obdob\u00ed 2020-2021<\/a><\/p>\r\n<\/li>\r\n\t<li>\r\n<p><a href=\"https:\/\/www.praha7.cz\/wp-content\/uploads\/2020\/11\/Program-prevence-kriminality-MC\u030c-Praha-7-na-obdobi\u0301-2020-2021.pdf\"><\/a><a href=\"https:\/\/www.praha7.cz\/wp-content\/uploads\/2020\/11\/Program-protidrogove\u0301-prevence-MC\u030c-Praha-7-na-obdobi\u0301-2020-2021.pdf\">Program protidrogov\u00e9 prevence M\u010c Praha&nbsp;7 na obdob\u00ed 2020-2021<\/a><\/p>\r\n<hr \/><\/li>\r\n\t<li>\r\n<p><a href=\"https:\/\/www.praha7.cz\/wp-content\/uploads\/2020\/11\/Program-prevence-kriminality-MC\u030c-Praha-7-na-obdobi\u0301-2018-2019.pdf\">Program prevence kriminality M\u010c Praha&nbsp;7 na obdob\u00ed 2018-2019<\/a><\/p>\r\n<\/li>\r\n\t<li>\r\n<p><a href=\"https:\/\/www.praha7.cz\/wp-content\/uploads\/2020\/11\/Program-protidrogove\u0301-prevence-MC\u030c-Praha-7-na-obdobi\u0301-2018-2019.pdf\">Program protidrogov\u00e9 prevence M\u010c Praha&nbsp;7 na obdob\u00ed 2018-2019<\/a><\/p>\r\n<\/li>\r\n\t<li>\r\n<p><a href=\"https:\/\/praha7.cz\/wp-content\/uploads\/2017\/08\/zpr\u00e1va_2015.pdf\" target=\"_blank\" rel=\"noopener\">Zpr\u00e1va k&nbsp;bezpe\u010dnostn\u00ed situaci na \u00fazem\u00ed m\u011bstsk\u00e9 \u010d\u00e1sti Praha&nbsp;7 za rok 2015<\/a><\/p>\r\n<\/li>\r\n\t<li>\r\n<p><a href=\"https:\/\/praha7.cz\/wp-content\/uploads\/2017\/08\/zpr\u00e1va_2014.pdf\" target=\"_blank\" rel=\"noopener\">Zpr\u00e1va k&nbsp;bezpe\u010dnostn\u00ed situaci na \u00fazem\u00ed m\u011bstsk\u00e9 \u010d\u00e1sti Praha&nbsp;7 za rok 2014<\/a><\/p>\r\n<\/li>\r\n\t<li>\r\n<p><a href=\"https:\/\/praha7.cz\/wp-content\/uploads\/2017\/08\/Program_prevence_kriminality_M\u010c_Praha_7_na_obdob\u00ed_2016_-_2017.pdf\" target=\"_blank\" rel=\"noopener\">Program prevence kriminality M\u010c Praha&nbsp;7 na obdob\u00ed 2016 &#8211; 2017<\/a><\/p>\r\n<\/li>\r\n\t<li>\r\n<p><a href=\"https:\/\/praha7.cz\/wp-content\/uploads\/2017\/08\/Program_prevence_kriminality_M\u010c_Praha_7_na_obdob\u00ed_2014_-_2015.pdf\" target=\"_blank\" rel=\"noopener\">Program prevence kriminality M\u010c Praha&nbsp;7 na obdob\u00ed 2014 \u2013 2015<\/a><\/p>\r\n<\/li>\r\n\t<li>\r\n<p><a href=\"https:\/\/praha7.cz\/wp-content\/uploads\/2017\/08\/Program_protidrogov\u00e9_prevence__M\u010c_Praha_7_na_obdob\u00ed_2016_-_2017.pdf\" target=\"_blank\" rel=\"noopener\">Program protidrogov\u00e9 prevence M\u010c Praha&nbsp;7 na obdob\u00ed 2016 &#8211; 2017<\/a><\/p>\r\n<\/li>\r\n<\/ul>\r\n<hr \/>\r\n<h3>D\u016fle\u017eit\u00e9 kontakty \u2013 slo\u017eky Integrovan\u00e9ho z\u00e1chran\u00e9ho syst\u00e9mu<\/h3>\r\n<h4>Zdravotnick\u00e1 z\u00e1chrann\u00e1 slu\u017eba hl. m. Prahy<\/h4>\r\n<ul>\r\n\t<li><a href=\"http:\/\/www.zzshmp.cz\" target=\"_blank\" rel=\"noopener\">www.zzshmp.cz<\/a><\/li>\r\n\t<li>telefonn\u00ed \u010d\u00edslo t\u00eds\u0148ov\u00e9ho vol\u00e1n\u00ed <strong>155<\/strong><\/li>\r\n<\/ul>\r\n<h4>Hasi\u010dsk\u00fd z\u00e1chrann\u00fd sbor hl.m. Prahy<\/h4>\r\n<ul>\r\n\t<li><a href=\"http:\/\/www.hzscr.cz\" target=\"_blank\" rel=\"noopener\">www.hzscr.cz<\/a><\/li>\r\n\t<li>telefonn\u00ed \u010d\u00edslo t\u00eds\u0148ov\u00e9ho vol\u00e1n\u00ed<strong> 150<\/strong><\/li>\r\n<\/ul>\r\n<h4>Policie \u010cR<\/h4>\r\n<ul>\r\n\t<li><a href=\"http:\/\/www.policie.cz\" target=\"_blank\" rel=\"noopener\">www.policie.cz<\/a><\/li>\r\n\t<li>telefonn\u00ed \u010d\u00edslo t\u00eds\u0148ov\u00e9ho vol\u00e1n\u00ed<strong> 158<\/strong><\/li>\r\n<\/ul>\r\n<h4>M\u011bstsk\u00e1 policie\u00a0Praha<\/h4>\r\n<ul>\r\n\t<li><a href=\"http:\/\/www.mppraha.info\" target=\"_blank\" rel=\"noopener\">www.mppraha.info<\/a><\/li>\r\n\t<li>telefonn\u00ed \u010d\u00edslo t\u00eds\u0148ov\u00e9ho vol\u00e1n\u00ed <strong>156<\/strong><\/li>\r\n<\/ul>\r\n<p><strong>Jednotn\u00e9 evropsk\u00e9 \u010d\u00edslo t\u00eds\u0148ov\u00e9ho vol\u00e1n\u00ed<\/strong><\/p>\r\n<ul>\r\n\t<li>telefonn\u00ed \u010d\u00edslo t\u00eds\u0148ov\u00e9ho vol\u00e1n\u00ed<strong><strong> 112<\/strong><\/strong><br \/>\r\n<strong><\/strong><\/li>\r\n<\/ul>\r\n<hr \/>\r\n<ul>\r\n\t<li><a href=\"https:\/\/www.praha7.cz\/wp-content\/uploads\/2019\/09\/bezpecnostni_desatero_2019_tisk.pdf\">Bezpe\u010dnostn\u00ed desatero HZS \u010cR<\/a><\/li>\r\n<\/ul>\r\n<hr \/>","protected":false},"excerpt":{"rendered":"Program protidrogov\u00e9 prevence a&nbsp;prevence kriminality M\u010c Praha&nbsp;7 na obdob\u00ed 2024-2025 Program prevence kriminality M\u010c Praha&nbsp;7 na obdob\u00ed 2020-2021 Program protidrogov\u00e9 prevence M\u010c Praha&nbsp;7 na obdob\u00ed 2020-2021 Program prevence kriminality M\u010c Praha&nbsp;7 na obdob\u00ed 2018-2019 Program protidrogov\u00e9 prevence M\u010c Praha&nbsp;7 na obdob\u00ed 2018-2019 Zpr\u00e1va k&nbsp;bezpe\u010dnostn\u00ed situaci na \u00fazem\u00ed m\u011bstsk\u00e9 \u010d\u00e1sti Praha&nbsp;7 za rok 2015 Zpr\u00e1va k&nbsp;bezpe\u010dnostn\u00ed [&hellip;]","protected":false},"author":2,"featured_media":0,"parent":5330,"menu_order":0,"comment_status":"closed","ping_status":"closed","template":"","meta":[],"_links":{"self":[{"href":"https:\/\/www.praha7.cz\/api\/wp\/v2\/pages\/2607"}],"collection":[{"href":"https:\/\/www.praha7.cz\/api\/wp\/v2\/pages"}],"about":[{"href":"https:\/\/www.praha7.cz\/api\/wp\/v2\/types\/page"}],"author":[{"embeddable":true,"href":"https:\/\/www.praha7.cz\/api\/wp\/v2\/users\/2"}],"replies":[{"embeddable":true,"href":"https:\/\/www.praha7.cz\/api\/wp\/v2\/comments?post=2607"}],"version-history":[{"count":12,"href":"https:\/\/www.praha7.cz\/api\/wp\/v2\/pages\/2607\/revisions"}],"predecessor-version":[{"id":78805,"href":"https:\/\/www.praha7.cz\/api\/wp\/v2\/pages\/2607\/revisions\/78805"}],"up":[{"embeddable":true,"href":"https:\/\/www.praha7.cz\/api\/wp\/v2\/pages\/5330"}],"wp:attachment":[{"href":"https:\/\/www.praha7.cz\/api\/wp\/v2\/media?parent=2607"}],"curies":[{"name":"wp","href":"https:\/\/api.w.org\/{rel}","templated":true}]}}