    
{"id":2467,"date":"2017-09-29T21:08:01","date_gmt":"2017-09-29T19:08:01","guid":{"rendered":"https:\/\/praha7.cz\/?page_id=2467"},"modified":"2021-01-04T15:49:05","modified_gmt":"2021-01-04T14:49:05","slug":"otevrena-radnice","status":"publish","type":"page","link":"https:\/\/www.praha7.cz\/temata\/otevrena-radnice\/","title":{"rendered":"Otev\u0159en\u00e1 radnice"},"content":{"rendered":"<p>[perex]<\/p>\r\n<p>Jedn\u00edm z&nbsp;hlavn\u00edch c\u00edl\u016f\u00a0Prahy&nbsp;7 je\u00a0maxim\u00e1ln\u011b zapojit ve\u0159ejnost do \u017eivota m\u011bstsk\u00e9 \u010d\u00e1sti, zajistit otev\u0159enost radnice a&nbsp;jej\u00ed transparentnost. Jedn\u00e1n\u00ed zastupitelstva\u00a0jsou otev\u0159en\u00e1 ob\u010dan\u016fm (dokonce i&nbsp;mlad\u0161\u00edm 18 let), p\u0159en\u00e1\u0161\u00ed se <a href=\"https:\/\/www.youtube.com\/user\/MCPraha7\">on-line<\/a>, zve\u0159ej\u0148uj\u00ed se uzav\u00edran\u00e9 smlouvy i&nbsp;p\u0159ehledy v\u0161ech proplacen\u00fdch faktur, ob\u010dan\u00e9 maj\u00ed mo\u017enost sv\u00e9 probl\u00e9my diskutovat na mnoha setk\u00e1n\u00edch\u00a0s ve\u0159ejnost\u00ed.\u00a0Praha&nbsp;7 je tak\u00e9 prvn\u00ed pra\u017eskou m\u011bstskou \u010d\u00e1st\u00ed a&nbsp;jednou z&nbsp;prvn\u00edch obc\u00ed v\u016fbec, kter\u00e1 ob\u010dan\u016fm nab\u00edz\u00ed aplikaci CityVizor &#8211; intuitivn\u00ed a&nbsp;pr\u016fb\u011b\u017en\u011b aktualizovan\u00fd p\u0159ehled o&nbsp;hospoda\u0159en\u00ed m\u011bstsk\u00e9 \u010d\u00e1sti.\u00a0<\/p>\r\n<p>[\/perex]<\/p>\r\n\n    <div class=\"container-fluid guidelist text-center\">\n        <div class=\"row\">\n            <div class=\"col-xs-12 col-md-6 guidelist-container\">\n                <a href=\"https:\/\/www.praha7.cz\/temata\/otevrena-radnice\/cityvizor\/\" class=\"btn btn-block\">CityVizor<\/a>\n            <\/div>\n            <div class=\"col-xs-12 col-md-6 guidelist-container\">\n                <a href=\"https:\/\/www.praha7.cz\/temata\/otevrena-radnice\/faktury-proplacene-radnici\/\" class=\"btn btn-block\">Proplacen\u00e9 faktury<\/a>\n            <\/div>\n            <div class=\"col-xs-12 col-md-6 guidelist-container\">\n                <a href=\"https:\/\/www.praha7.cz\/temata\/otevrena-radnice\/rozpocet\/\" class=\"btn btn-block\">Rozpo\u010det<\/a>\n            <\/div>\n            <div class=\"col-xs-12 col-md-6 guidelist-container\">\n                <a href=\"https:\/\/www.praha7.cz\/potrebuji-zaridit\/vyhlasene-verejne-zakazky\/\" class=\"btn btn-block\">Ve\u0159ejn\u00e9 zak\u00e1zky<\/a>\n            <\/div>\n            <div class=\"col-xs-12 col-md-6 guidelist-container\">\n                <a href=\"https:\/\/www.praha7.cz\/temata\/otevrena-radnice\/ochrana-oznamovatelu\/\" class=\"btn btn-block\">Ochrana oznamovatel\u016f<\/a>\n            <\/div>\n        <\/div>\n    <\/div>\n\n\r\n<div class=\"shortcode-container container-fluid no-bottom-padding division-detail  \">    \n    <div class=\"row\">\n\t\t <div class=\"row div-dept\">\n            <div class=\"col-xs-12 col-md-12 contact-info\">\n                <h4>Kontakt<\/h4>\n                <span>                   \n                    \u00da\u0159ad m\u011bstsk\u00e9 \u010d\u00e1sti Praha 7                   \n                <\/span><br>\n                <span>\n                    Odbor kancel\u00e1\u0159 starosty a tajemn\u00edka\n                <\/span><br>\n                    <span>\n                        U Pr\u016fhonu 1338\/38\n                    <\/span><br>\n                    <span>\n                        Praha 7\n                    <\/span><br>\n                \n                \n\n            <\/div>\n        <\/div>\n    <\/div>\n<\/div>\r\n\n<div class=\"shortcode-container no-bottom-padding  \">    \n\t<div class=\"row\">\n\t\t<div class=\"col-xs-12 col-md-7\">\n\t\t\t<h3>\u00da\u0159edn\u00ed hodiny \u00da\u0159adu M\u010c Praha 7<\/h3>\n\t\t<\/div>\n\t<\/div>\n\t\t<div class=\"row\">\n\t\t\t<div class=\"col-xs-12 col-sm-4 col-md-3\">\n\t\t\t\t<span>pond\u011bl\u00ed a st\u0159eda<\/span>\n\t\t\t<\/div>\n\t\t\t\t<div class=\"col-xs-6 col-sm-4 col-md-3\">\n\t\t\t\t\t<span>7.30\u201312.00<\/span>\n\t\t\t\t<\/div>\n\t\t\t\t\t<div class=\"col-xs-6 col-sm-4 col-md-3\">\n\t\t\t\t\t\t<span>13.00\u201318.00<\/span>\n\t\t\t\t\t<\/div>\n\t\t<\/div>\n\t\t<div class=\"row\">\n\t\t\t<div class=\"col-xs-12 col-sm-4 col-md-3\">\n\t\t\t\t<span>\u00fater\u00fd, \u010dtvrtek a p\u00e1tek<\/span>\n\t\t\t<\/div>\n\t\t\t\t<div class=\"col-xs-12 col-sm-8 col-md-9\">\n\t\t\t\t\t<span>po p\u0159edchoz\u00ed domluv\u011b \/ po objedn\u00e1n\u00ed<\/span>\n\t\t\t\t<\/div>\n\t\t<\/div>\n\t<div class=\"row\">\n\t\t<div class=\"col-xs-12 col-md-12 office_hours_info\">\n\t\t\t\n\t\t<\/div>\t\n\t<\/div>\n<\/div>\r\n<div class=\"shortcode-container container-fluid no-bottom-padding \">\n\t<div class=\"row shortcode-row no-bottom-border\">\n\t\t <div class=\"row contact-item\">\n\t\t\t<div class=\"col-xs-4 col-md-2 contact-photo\">\t\t\n\t\t\t\t<img src=\"https:\/\/www.praha7.cz\/wp-content\/uploads\/2018\/01\/IMG_9703-martin-vokus-400x400.jpg\" alt=\"placeholder\">\n\t\t\t<\/div>\n\t\t\t<div class=\"col-xs-8 col-md-5 contact-info\">\n\t\t\t\t<h3>Voku\u0161 Martin<\/h3>\n\t\t\t\t<span>vedouc\u00ed odd\u011blen\u00ed, tiskov\u00fd mluv\u010d\u00ed<\/span><br>\n\t\t\t\t<span>dve\u0159e 7.12\/7.13<\/span><br>\n\t\t\t\t<span>tel. <a>+420220144007<\/a><\/span><br>\n                <span>gsm. <a href=\"tel:+420603464810\">+420603464810<\/a><\/span><br>\n\t\t\t\t<a href=\"mailto:vokusm@praha7.cz\">vokusm@praha7.cz<\/a><br>\n\t\t\t<\/div>\n\t\t<\/div>\n\t<\/div>\n<\/div>","protected":false},"excerpt":{"rendered":"[perex] Jedn\u00edm z&nbsp;hlavn\u00edch c\u00edl\u016f\u00a0Prahy&nbsp;7 je\u00a0maxim\u00e1ln\u011b zapojit ve\u0159ejnost do \u017eivota m\u011bstsk\u00e9 \u010d\u00e1sti, zajistit otev\u0159enost radnice a&nbsp;jej\u00ed transparentnost. Jedn\u00e1n\u00ed zastupitelstva\u00a0jsou otev\u0159en\u00e1 ob\u010dan\u016fm (dokonce i&nbsp;mlad\u0161\u00edm 18 let), p\u0159en\u00e1\u0161\u00ed se on-line, zve\u0159ej\u0148uj\u00ed se uzav\u00edran\u00e9 smlouvy i&nbsp;p\u0159ehledy v\u0161ech proplacen\u00fdch faktur, ob\u010dan\u00e9 maj\u00ed mo\u017enost sv\u00e9 probl\u00e9my diskutovat na mnoha setk\u00e1n\u00edch\u00a0s ve\u0159ejnost\u00ed.\u00a0Praha&nbsp;7 je tak\u00e9 prvn\u00ed pra\u017eskou m\u011bstskou \u010d\u00e1st\u00ed a&nbsp;jednou z&nbsp;prvn\u00edch obc\u00ed v\u016fbec, [&hellip;]","protected":false},"author":2,"featured_media":0,"parent":4798,"menu_order":0,"comment_status":"closed","ping_status":"closed","template":"","meta":[],"_links":{"self":[{"href":"https:\/\/www.praha7.cz\/api\/wp\/v2\/pages\/2467"}],"collection":[{"href":"https:\/\/www.praha7.cz\/api\/wp\/v2\/pages"}],"about":[{"href":"https:\/\/www.praha7.cz\/api\/wp\/v2\/types\/page"}],"author":[{"embeddable":true,"href":"https:\/\/www.praha7.cz\/api\/wp\/v2\/users\/2"}],"replies":[{"embeddable":true,"href":"https:\/\/www.praha7.cz\/api\/wp\/v2\/comments?post=2467"}],"version-history":[{"count":13,"href":"https:\/\/www.praha7.cz\/api\/wp\/v2\/pages\/2467\/revisions"}],"predecessor-version":[{"id":44723,"href":"https:\/\/www.praha7.cz\/api\/wp\/v2\/pages\/2467\/revisions\/44723"}],"up":[{"embeddable":true,"href":"https:\/\/www.praha7.cz\/api\/wp\/v2\/pages\/4798"}],"wp:attachment":[{"href":"https:\/\/www.praha7.cz\/api\/wp\/v2\/media?parent=2467"}],"curies":[{"name":"wp","href":"https:\/\/api.w.org\/{rel}","templated":true}]}}