    
{"id":242,"date":"2017-06-22T17:11:09","date_gmt":"2017-06-22T15:11:09","guid":{"rendered":"https:\/\/praha7.cz\/?page_id=242"},"modified":"2023-10-30T18:05:55","modified_gmt":"2023-10-30T17:05:55","slug":"ostatni","status":"publish","type":"page","link":"https:\/\/www.praha7.cz\/potrebuji-zaridit\/doklady\/obcansky-prukaz\/ostatni\/","title":{"rendered":"Dal\u0161\u00ed d\u016fvody vyd\u00e1n\u00ed OP"},"content":{"rendered":"<p>[perex]<\/p>\r\n<p>Pro v\u0161echny nestandardn\u00ed situace hledejte n\u00e1vody n\u00ed\u017ee.<\/p>\r\n<p>[\/perex]<\/p>\r\n\n    <div class=\"container-fluid guide-links-list guidelist\">\n        <div class=\"guidelist-container col-xs-12 col-md-6 grey-border-box\">\n            <h3><a href=\"https:\/\/www.praha7.cz\/potrebuji-zaridit\/doklady\/obcansky-prukaz\/zmena-osobni-duvod\/\">Zm\u011bna z osobn\u00edho d\u016fvodu<\/a><\/h3>\n            <h3><a href=\"https:\/\/www.praha7.cz\/potrebuji-zaridit\/doklady\/obcansky-prukaz\/po-ziskani-statniho-obcanstvi\/\">Po z\u00edsk\u00e1n\u00ed ob\u010danstv\u00ed \u010cR<\/a><\/h3>\n            <h3><a href=\"https:\/\/www.praha7.cz\/potrebuji-zaridit\/doklady\/obcansky-prukaz\/prvni-obcansky-prukaz-bez-trvaleho-pobytu-v-cr-nebo-po-navratu-z-ciziny\/\">V cizin\u011b a po n\u00e1vratu<\/a><\/h3>\n            <h3><a href=\"https:\/\/www.praha7.cz\/potrebuji-zaridit\/doklady\/obcansky-prukaz\/konec-platnosti-pri-pobytu-v-cizine\/\">Konec platnosti v cizin\u011b<\/a><\/h3>\n            <h3><a href=\"https:\/\/www.praha7.cz\/potrebuji-zaridit\/doklady\/obcansky-prukaz\/obcane-s-omezenou-svepravnosti\/\">Omezen\u00e1 sv\u00e9pr\u00e1vnost<\/a><\/h3>\n            <h3><a href=\"https:\/\/www.praha7.cz\/potrebuji-zaridit\/doklady\/obcansky-prukaz\/doklad-o-statnim-obcanstvi\/\">Doklady o&nbsp;st\u00e1tn\u00edm ob\u010danstv\u00ed<\/a><\/h3>\n        <\/div>\n    <\/div>   \n\n\r\n<div class=\"shortcode-container container-fluid no-bottom-padding division-detail  \"> \n    <div class=\"row\">\n\t\t <div class=\"row div-dept\">\n            <div class=\"col-xs-12 col-md-7 contact-info\">\n                <h4>Kontakt<\/h4>\n                <span>\n                    \u00da\u0159ad m\u011bstsk\u00e9 \u010d\u00e1sti Praha 7\n                <\/span><br>\n                <span>\n                    Odbor spr\u00e1vn\u00edch agend - odd\u011blen\u00ed doklad\u016f a evidence obyvatel\n                <\/span><br>\n                    <span>\n                        U Pr\u016fhonu 1338\/38\n                    <\/span><br>\n                    <span>\n                        Praha 7\n                    <\/span><br>\n                \n                \n            <\/div>\n                <div class=\"col-xs-12 col-md-5 text-center\">\n                    <a href=\"https:\/\/www.praha7.cz\/objednat-online\" class=\"btn btn-block\">Objednat online<\/a>\n                <\/div>\n        <\/div>\n    <\/div>\n<\/div>\r\n\n<div class=\"shortcode-container no-bottom-padding  \">    \n\t<div class=\"row\">\n\t\t<div class=\"col-xs-12 col-md-7\">\n\t\t\t<h3>\u00da\u0159edn\u00ed hodiny \u2013 Odd\u011blen\u00ed doklad\u016f a evidence obyvatel, U Pr\u016fhonu 1338\/38<\/h3>\n\t\t<\/div>\n\t<\/div>\n\t\t<div class=\"row\">\n\t\t\t<div class=\"col-xs-12 col-sm-4 col-md-3\">\n\t\t\t\t<span>pond\u011bl\u00ed a st\u0159eda<\/span>\n\t\t\t<\/div>\n\t\t\t\t<div class=\"col-xs-6 col-sm-4 col-md-3\">\n\t\t\t\t\t<span>7.30\u201312.00<\/span>\n\t\t\t\t<\/div>\n\t\t\t\t\t<div class=\"col-xs-6 col-sm-4 col-md-3\">\n\t\t\t\t\t\t<span>13.00\u201318.00<\/span>\n\t\t\t\t\t<\/div>\n\t\t<\/div>\n\t\t<div class=\"row\">\n\t\t\t<div class=\"col-xs-12 col-sm-4 col-md-3\">\n\t\t\t\t<span>\u00fater\u00fd a \u010dtvrtek<\/span>\n\t\t\t<\/div>\n\t\t\t\t<div class=\"col-xs-6 col-sm-4 col-md-3\">\n\t\t\t\t\t<span>7.30\u201312.00<\/span>\n\t\t\t\t<\/div>\n\t\t\t\t\t<div class=\"col-xs-6 col-sm-4 col-md-3\">\n\t\t\t\t\t\t<span>13.00\u201314.00<\/span>\n\t\t\t\t\t<\/div>\n\t\t<\/div>\n\t<div class=\"row\">\n\t\t<div class=\"col-xs-12 col-md-12 office_hours_info\">\n\t\t\tPosledn\u00ed p\u0159\u00edjem \u017e\u00e1dost\u00ed pro odbaven\u00ed je 30 minut p\u0159ed koncem \u00fa\u0159edn\u00edch hodin.\n\n\t\t<\/div>\t\n\t<\/div>\n<\/div>\r\n<div class=\"shortcode-container container-fluid no-bottom-padding \">\n\t<div class=\"row shortcode-row no-bottom-border\">\n\t\t <div class=\"row contact-item\">\n\t\t\t<div class=\"col-xs-4 col-md-2 contact-photo\">\t\t\n\t\t\t\t<img src=\"https:\/\/www.praha7.cz\/wp-content\/uploads\/2018\/07\/stepanka-koziskova-400x400.jpg\" alt=\"placeholder\">\n\t\t\t<\/div>\n\t\t\t<div class=\"col-xs-8 col-md-5 contact-info\">\n\t\t\t\t<h3>Ko\u017e\u00ed\u0161kov\u00e1 \u0160t\u011bp\u00e1nka<\/h3>\n\t\t\t\t<span>vedouc\u00ed odd\u011blen\u00ed<\/span><br>\n\t\t\t\t<span>dve\u0159e 1.08\/1.08a<\/span><br>\n\t\t\t\t<span>tel. <a>+420220144210<\/a><\/span><br>\n                \n\t\t\t\t<a href=\"mailto:koziskovas@praha7.cz\">koziskovas@praha7.cz<\/a><br>\n\t\t\t<\/div>\n\t\t<\/div>\n\t<\/div>\n<\/div>\r\n<p style=\"text-align: left;\"><\/p>","protected":false},"excerpt":{"rendered":"[perex] Pro v\u0161echny nestandardn\u00ed situace hledejte n\u00e1vody n\u00ed\u017ee. [\/perex]","protected":false},"author":1,"featured_media":0,"parent":238,"menu_order":0,"comment_status":"closed","ping_status":"closed","template":"","meta":[],"_links":{"self":[{"href":"https:\/\/www.praha7.cz\/api\/wp\/v2\/pages\/242"}],"collection":[{"href":"https:\/\/www.praha7.cz\/api\/wp\/v2\/pages"}],"about":[{"href":"https:\/\/www.praha7.cz\/api\/wp\/v2\/types\/page"}],"author":[{"embeddable":true,"href":"https:\/\/www.praha7.cz\/api\/wp\/v2\/users\/1"}],"replies":[{"embeddable":true,"href":"https:\/\/www.praha7.cz\/api\/wp\/v2\/comments?post=242"}],"version-history":[{"count":20,"href":"https:\/\/www.praha7.cz\/api\/wp\/v2\/pages\/242\/revisions"}],"predecessor-version":[{"id":71078,"href":"https:\/\/www.praha7.cz\/api\/wp\/v2\/pages\/242\/revisions\/71078"}],"up":[{"embeddable":true,"href":"https:\/\/www.praha7.cz\/api\/wp\/v2\/pages\/238"}],"wp:attachment":[{"href":"https:\/\/www.praha7.cz\/api\/wp\/v2\/media?parent=242"}],"curies":[{"name":"wp","href":"https:\/\/api.w.org\/{rel}","templated":true}]}}