    
{"id":238,"date":"2017-06-22T17:10:14","date_gmt":"2017-06-22T15:10:14","guid":{"rendered":"https:\/\/praha7.cz\/?page_id=238"},"modified":"2025-08-05T15:21:50","modified_gmt":"2025-08-05T13:21:50","slug":"obcansky-prukaz","status":"publish","type":"page","link":"https:\/\/www.praha7.cz\/potrebuji-zaridit\/doklady\/obcansky-prukaz\/","title":{"rendered":"Ob\u010dansk\u00fd pr\u016fkaz"},"content":{"rendered":"<p>[perex]<\/p>\r\n<p>Ob\u010dansk\u00fd pr\u016fkaz mus\u00ed m\u00edt ka\u017ed\u00fd ob\u010dan \u010cesk\u00e9 republiky, kter\u00fd dos\u00e1hl v\u011bku 15 let a&nbsp;m\u00e1 trval\u00fd pobyt na \u00fazem\u00ed \u010cesk\u00e9 republiky. Ob\u010dansk\u00fd pr\u016fkaz m\u016f\u017ee m\u00edt i&nbsp;ob\u010dan s&nbsp;omezenou sv\u00e9pr\u00e1vnost\u00ed, mlad\u0161\u00ed 15 let nebo ten, kdo nem\u00e1 trval\u00fd pobyt na \u00fazem\u00ed \u010cesk\u00e9 republiky. O&nbsp;vyd\u00e1n\u00ed ob\u010dansk\u00e9ho pr\u016fkazu m\u016f\u017eete po\u017e\u00e1dat na kter\u00e9mkoliv obecn\u00edm \u00fa\u0159adu obce s&nbsp;roz\u0161\u00ed\u0159enou p\u016fsobnost\u00ed, v&nbsp;Praze to jsou m\u011bstsk\u00e9 \u010d\u00e1sti Praha 1 a\u017e 22, nebo <a href=\"https:\/\/mzv.gov.cz\/jnp\/cz\/cestujeme\/jak_resit_situace_v_zahranici\/agenda_obcanskych_prukazu.htm\" target=\"_blank\" rel=\"noopener\">v zahrani\u010d\u00ed na pov\u011b\u0159en\u00fdch zastupitelsk\u00fdch \u00fa\u0159adech<\/a>. Na radnici Prahy&nbsp;7 v\u00e1m tedy s&nbsp;\u201eob\u010dankou\u201c r\u00e1di pom\u016f\u017eeme, a\u0165 tu m\u00e1te trval\u00e9 bydli\u0161t\u011b, podn\u00e1jem, pracujete tu nebo t\u0159eba jenom proj\u00ed\u017ed\u00edte.<\/p>\r\n<p>[\/perex]<\/p>\r\n\n    <div class=\"container-fluid guide-links-list guidelist\">\n        <div class=\"guidelist-container col-xs-12 col-md-6 grey-border-box\">\n            <h3><a href=\"https:\/\/www.praha7.cz\/potrebuji-zaridit\/doklady\/obcansky-prukaz\/konec-platnosti-obcanskeho-prukazu\/\">Konec platnosti<\/a><\/h3>\n            <h3><a href=\"https:\/\/www.praha7.cz\/potrebuji-zaridit\/doklady\/obcansky-prukaz\/prvni-obcansky-prukaz-v-15-letech\/\">Prvn\u00ed pr\u016fkaz v 15 letech<\/a><\/h3>\n            <h3><a href=\"https:\/\/www.praha7.cz\/potrebuji-zaridit\/doklady\/obcansky-prukaz\/ztrata-kradez-nebo-poskozeni\/\">Ztr\u00e1ta, kr\u00e1de\u017e nebo po\u0161kozen\u00ed<\/a><\/h3>\n            <h3><a href=\"https:\/\/www.praha7.cz\/potrebuji-zaridit\/doklady\/obcansky-prukaz\/zmena-udaju\/\">Zm\u011bna \u00fadaj\u016f<\/a><\/h3>\n            <h3><a href=\"https:\/\/www.praha7.cz\/potrebuji-zaridit\/doklady\/obcansky-prukaz\/pro-dite\/\">Pr\u016fkaz pro d\u00edt\u011b<\/a><\/h3>\n            <h3><a href=\"https:\/\/www.praha7.cz\/potrebuji-zaridit\/doklady\/obcansky-prukaz\/zrychlene-vydani\/\">Zrychlen\u00e9 vyd\u00e1n\u00ed<\/a><\/h3>\n            <h3><a href=\"https:\/\/www.praha7.cz\/potrebuji-zaridit\/doklady\/obcansky-prukaz\/ostatni\/\">Ostatn\u00ed<\/a><\/h3>\n        <\/div>\n    <\/div>   \n\n\r\n<div class=\"shortcode-container container-fluid no-bottom-padding division-detail  \"> \n    <div class=\"row\">\n\t\t <div class=\"row div-dept\">\n            <div class=\"col-xs-12 col-md-7 contact-info\">\n                <h4>Kontakt<\/h4>\n                <span>\n                    \u00da\u0159ad m\u011bstsk\u00e9 \u010d\u00e1sti Praha 7\n                <\/span><br>\n                <span>\n                    Odbor spr\u00e1vn\u00edch agend - odd\u011blen\u00ed doklad\u016f a evidence obyvatel\n                <\/span><br>\n                    <span>\n                        U Pr\u016fhonu 1338\/38\n                    <\/span><br>\n                    <span>\n                        Praha 7\n                    <\/span><br>\n                \n                \n            <\/div>\n                <div class=\"col-xs-12 col-md-5 text-center\">\n                    <a href=\"https:\/\/www.praha7.cz\/objednat-online\" class=\"btn btn-block\">Objednat online<\/a>\n                <\/div>\n        <\/div>\n    <\/div>\n<\/div>\r\n\n<div class=\"shortcode-container no-bottom-padding  \">    \n\t<div class=\"row\">\n\t\t<div class=\"col-xs-12 col-md-7\">\n\t\t\t<h3>\u00da\u0159edn\u00ed hodiny \u2013 Odd\u011blen\u00ed doklad\u016f a evidence obyvatel, U Pr\u016fhonu 1338\/38<\/h3>\n\t\t<\/div>\n\t<\/div>\n\t\t<div class=\"row\">\n\t\t\t<div class=\"col-xs-12 col-sm-4 col-md-3\">\n\t\t\t\t<span>pond\u011bl\u00ed a st\u0159eda<\/span>\n\t\t\t<\/div>\n\t\t\t\t<div class=\"col-xs-6 col-sm-4 col-md-3\">\n\t\t\t\t\t<span>7.30\u201312.00<\/span>\n\t\t\t\t<\/div>\n\t\t\t\t\t<div class=\"col-xs-6 col-sm-4 col-md-3\">\n\t\t\t\t\t\t<span>13.00\u201318.00<\/span>\n\t\t\t\t\t<\/div>\n\t\t<\/div>\n\t\t<div class=\"row\">\n\t\t\t<div class=\"col-xs-12 col-sm-4 col-md-3\">\n\t\t\t\t<span>\u00fater\u00fd a \u010dtvrtek<\/span>\n\t\t\t<\/div>\n\t\t\t\t<div class=\"col-xs-6 col-sm-4 col-md-3\">\n\t\t\t\t\t<span>7.30\u201312.00<\/span>\n\t\t\t\t<\/div>\n\t\t\t\t\t<div class=\"col-xs-6 col-sm-4 col-md-3\">\n\t\t\t\t\t\t<span>13.00\u201314.00<\/span>\n\t\t\t\t\t<\/div>\n\t\t<\/div>\n\t<div class=\"row\">\n\t\t<div class=\"col-xs-12 col-md-12 office_hours_info\">\n\t\t\tPosledn\u00ed p\u0159\u00edjem \u017e\u00e1dost\u00ed pro odbaven\u00ed je 30 minut p\u0159ed koncem \u00fa\u0159edn\u00edch hodin.\n\n\t\t<\/div>\t\n\t<\/div>\n<\/div>\r\n<p>Pro ka\u017ed\u00fd po\u017eadovan\u00fd \u00fakon je nutn\u00e9 m\u00edt zvl\u00e1\u0161tn\u00ed po\u0159adov\u00e9 \u010d\u00edslo.<\/p>\r\n<div class=\"shortcode-container container-fluid no-bottom-padding \">\n\t<div class=\"row shortcode-row no-bottom-border\">\n\t\t <div class=\"row contact-item\">\n\t\t\t<div class=\"col-xs-4 col-md-2 contact-photo\">\t\t\n\t\t\t\t<img src=\"https:\/\/www.praha7.cz\/wp-content\/uploads\/2018\/07\/stepanka-koziskova-400x400.jpg\" alt=\"placeholder\">\n\t\t\t<\/div>\n\t\t\t<div class=\"col-xs-8 col-md-5 contact-info\">\n\t\t\t\t<h3>Ko\u017e\u00ed\u0161kov\u00e1 \u0160t\u011bp\u00e1nka<\/h3>\n\t\t\t\t<span>vedouc\u00ed odd\u011blen\u00ed<\/span><br>\n\t\t\t\t<span>dve\u0159e 1.08\/1.08a<\/span><br>\n\t\t\t\t<span>tel. <a>+420220144210<\/a><\/span><br>\n                \n\t\t\t\t<a href=\"mailto:koziskovas@praha7.cz\">koziskovas@praha7.cz<\/a><br>\n\t\t\t<\/div>\n\t\t<\/div>\n\t<\/div>\n<\/div>\r\n<p><strong>Od 2.&nbsp;8.&nbsp;2021<\/strong>, kdy nabyl \u00fa\u010dinnosti z\u00e1kon \u010d. 269\/2021 Sb., o&nbsp;ob\u010dansk\u00fdch pr\u016fkazech, se v\u00a0souladu s&nbsp;Na\u0159\u00edzen\u00edm Evropsk\u00e9ho parlamentu a&nbsp;Rady (EU)\u00a0<a href=\"https:\/\/eur-lex.europa.eu\/legal-content\/CS\/TXT\/HTML\/?uri=CELEX:32019R1157&amp;from=CS\">2019\/1157<\/a> ze dne 20.&nbsp;\u010dervna 2019 o&nbsp;pos\u00edlen\u00ed zabezpe\u010den\u00ed pr\u016fkaz\u016f toto\u017enosti ob\u010dan\u016f Unie a&nbsp;povolen\u00ed k&nbsp;pobytu vyd\u00e1van\u00fdch ob\u010dan\u016fm Unie a&nbsp;jejich rodinn\u00fdm p\u0159\u00edslu\u0161n\u00edk\u016fm, kte\u0159\u00ed vykon\u00e1vaj\u00ed sv\u00e9 pr\u00e1vo voln\u00e9ho pohybu, vyd\u00e1vaj\u00ed <strong>strojov\u011b \u010diteln\u00e9 ob\u010dansk\u00e9 pr\u016fkazy s\u00a0biometrick\u00fdmi \u00fadaji<\/strong> <strong>a s\u00a0kontaktn\u00edm elektronick\u00fdm \u010dipem<\/strong>. Biometrick\u00fdmi \u00fadaji jsou zobrazen\u00ed obli\u010deje a&nbsp;u&nbsp;ob\u010dan\u016f star\u0161\u00edch 12 let otisky prst\u016f, ulo\u017een\u00e9 v\u00a0nosi\u010di dat.<\/p>\r\n<p>Dosavadn\u00ed ob\u010dansk\u00e9 pr\u016fkazy z\u016fst\u00e1vaj\u00ed v&nbsp;platnosti po dobu v&nbsp;nich uvedenou, s&nbsp;v\u00fdjimkou ob\u010dansk\u00fdch pr\u016fkaz\u016f vydan\u00fdch do 30.&nbsp;6.&nbsp;2000, kter\u00e9 pozb\u00fdvaj\u00ed platnosti 2.&nbsp;8.&nbsp;2026.<\/p>\r\n<p>P\u0159i p\u0159evzet\u00ed ob\u010dansk\u00e9ho pr\u016fkazu se m\u016f\u017eete rozhodnout, zda si kontaktn\u00ed elektronick\u00fd \u010dip aktivujete (m\u016f\u017eete tak u\u010dinit i&nbsp;pozd\u011bji); aktivace vy\u017eaduje zad\u00e1n\u00ed identifika\u010dn\u00edho osobn\u00edho k\u00f3du a&nbsp;debloka\u010dn\u00edho osobn\u00edho k\u00f3du (4\u201310 \u010d\u00edslic) \u2013 jeho zad\u00e1n\u00ed nen\u00ed povinn\u00e9. Aktivovan\u00fd \u010dip umo\u017en\u00ed vyu\u017e\u00edv\u00e1n\u00ed ob\u010dansk\u00e9ho pr\u016fkazu p\u0159i vzd\u00e1len\u00e9 autentizaci dr\u017eitele a&nbsp;k&nbsp;p\u0159\u00edstupu k&nbsp;identifika\u010dn\u00edm \u00fadaj\u016fm dr\u017eitele.<\/p>\r\n<p><strong><a href=\"https:\/\/info.identitaobcana.cz\/eop\/\">Informace k\u00a0elektronick\u00fdm funkc\u00edm ob\u010dansk\u00fdch pr\u016fkaz\u016f<\/a><\/strong><\/p>","protected":false},"excerpt":{"rendered":"[perex] Ob\u010dansk\u00fd pr\u016fkaz mus\u00ed m\u00edt ka\u017ed\u00fd ob\u010dan \u010cesk\u00e9 republiky, kter\u00fd dos\u00e1hl v\u011bku 15 let a&nbsp;m\u00e1 trval\u00fd pobyt na \u00fazem\u00ed \u010cesk\u00e9 republiky. Ob\u010dansk\u00fd pr\u016fkaz m\u016f\u017ee m\u00edt i&nbsp;ob\u010dan s&nbsp;omezenou sv\u00e9pr\u00e1vnost\u00ed, mlad\u0161\u00ed 15 let nebo ten, kdo nem\u00e1 trval\u00fd pobyt na \u00fazem\u00ed \u010cesk\u00e9 republiky. O&nbsp;vyd\u00e1n\u00ed ob\u010dansk\u00e9ho pr\u016fkazu m\u016f\u017eete po\u017e\u00e1dat na kter\u00e9mkoliv obecn\u00edm \u00fa\u0159adu obce s&nbsp;roz\u0161\u00ed\u0159enou p\u016fsobnost\u00ed, v&nbsp;Praze to [&hellip;]","protected":false},"author":1,"featured_media":7567,"parent":236,"menu_order":0,"comment_status":"closed","ping_status":"closed","template":"","meta":[],"_links":{"self":[{"href":"https:\/\/www.praha7.cz\/api\/wp\/v2\/pages\/238"}],"collection":[{"href":"https:\/\/www.praha7.cz\/api\/wp\/v2\/pages"}],"about":[{"href":"https:\/\/www.praha7.cz\/api\/wp\/v2\/types\/page"}],"author":[{"embeddable":true,"href":"https:\/\/www.praha7.cz\/api\/wp\/v2\/users\/1"}],"replies":[{"embeddable":true,"href":"https:\/\/www.praha7.cz\/api\/wp\/v2\/comments?post=238"}],"version-history":[{"count":59,"href":"https:\/\/www.praha7.cz\/api\/wp\/v2\/pages\/238\/revisions"}],"predecessor-version":[{"id":85914,"href":"https:\/\/www.praha7.cz\/api\/wp\/v2\/pages\/238\/revisions\/85914"}],"up":[{"embeddable":true,"href":"https:\/\/www.praha7.cz\/api\/wp\/v2\/pages\/236"}],"wp:featuredmedia":[{"embeddable":true,"href":"https:\/\/www.praha7.cz\/api\/wp\/v2\/media\/7567"}],"wp:attachment":[{"href":"https:\/\/www.praha7.cz\/api\/wp\/v2\/media?parent=238"}],"curies":[{"name":"wp","href":"https:\/\/api.w.org\/{rel}","templated":true}]}}