    
{"id":23633,"date":"2019-02-19T09:02:07","date_gmt":"2019-02-19T08:02:07","guid":{"rendered":"https:\/\/www.praha7.cz\/?page_id=23633"},"modified":"2019-02-19T09:02:07","modified_gmt":"2019-02-19T08:02:07","slug":"rozpocet-2019","status":"publish","type":"page","link":"https:\/\/www.praha7.cz\/temata\/otevrena-radnice\/rozpocet\/rozpocet-2019\/","title":{"rendered":"Rozpo\u010det 2019"},"content":{"rendered":"<p style=\"text-align: center;\"><strong>Usnesen\u00ed zastupitelstva M\u010c Praha\u00a07<\/strong><br \/>\r\n<strong>N\u00e1vrh st\u0159edn\u011bdob\u00e9ho v\u00fdhledu rozpo\u010dtu M\u010c Praha&nbsp;7 do roku 2024, n\u00e1vrh rozpo\u010dtu hlavn\u00ed \u010dinnosti M\u010c Praha&nbsp;7 na rok 2019, n\u00e1vrh rozpo\u010dt\u016f pro rok 2019 a&nbsp;st\u0159edn\u011bdob\u00fdch v\u00fdhled\u016f rozpo\u010dtu p\u0159\u00edsp\u011bvkov\u00fdch organizac\u00ed M\u010c Praha&nbsp;7 do roku 2021 a&nbsp;n\u00e1vrh finan\u010dn\u00edho pl\u00e1nu zda\u0148ovan\u00e9 \u010dinnosti M\u011bstsk\u00e9 \u010d\u00e1sti Praha&nbsp;7 na rok 2019 (v\u010detn\u011b 7U s.r.o.)<\/strong><br \/>\r\n<strong>\u010d. 0003\/19-Z ze dne 28.1.2019<\/strong><\/p>\r\n<hr \/>\r\n<p>Zastupitelstvo m\u011bstsk\u00e9 \u010d\u00e1sti Praha&nbsp;7:<\/p>\r\n<ol class=\"urzList_view\" id=\"urzList\">\r\n\t<li id=\"\" class=\"urzClass1\"><span name=\"1\">bere na v\u011bdom\u00ed<\/span>\r\n<ol class=\"urzOlClass\">\r\n\t<li id=\"\" class=\"urzClass2\" style=\"text-align: left;\">\r\n<p>n\u00e1vrh st\u0159edn\u011bdob\u00e9ho v\u00fdhledu rozpo\u010dtu M\u010c Praha&nbsp;7 do roku 2024;<\/p>\r\n<\/li>\r\n\t<li id=\"\" class=\"urzClass2\" style=\"text-align: left;\">\r\n<p>n\u00e1vrh rozpo\u010dtu hlavn\u00ed \u010dinnosti M\u010c Praha&nbsp;7 pro rok 2019;<\/p>\r\n<\/li>\r\n\t<li style=\"text-align: left;\" id=\"\" class=\"urzClass2\">\r\n<p>n\u00e1vrh rozpo\u010dt\u016f p\u0159\u00edsp\u011bvkov\u00fdch organizac\u00ed pro rok 2019 a&nbsp;st\u0159edn\u011bdob\u00fdch v\u00fdhled\u016f rozpo\u010dtu do roku 2021;<\/p>\r\n<\/li>\r\n\t<li style=\"text-align: left;\" id=\"\" class=\"urzClass2\">\r\n<p>n\u00e1vrh finan\u010dn\u00edho pl\u00e1nu zda\u0148ovan\u00e9 \u010dinnosti M\u010c Praha&nbsp;7 na rok 2019 (v\u010detn\u011b 7U s.r.o.).<\/p>\r\n<\/li>\r\n<\/ol>\r\n<\/li>\r\n\t<li id=\"\" class=\"urzClass1\"><span name=\"50\">konstatuje,<\/span>\r\n<ol class=\"urzOlClass\">\r\n\t<li id=\"\" class=\"urzClass2\" style=\"text-align: left;\">\r\n<p>\u017ee n\u00e1vrh rozpo\u010dtu hlavn\u00ed \u010dinnosti M\u010c Praha&nbsp;7 pro rok 2019 je vy\u010d\u00edslen v&nbsp;celkov\u00e9m objemu p\u0159\u00edjm\u016f ve v\u00fd\u0161i <strong>276&nbsp;559,0 tis. K\u010d<\/strong>, v&nbsp;celkov\u00e9m objemu v\u00fddaj\u016f ve v\u00fd\u0161i <strong>754&nbsp;283,2 tis.<\/strong> <strong>K\u010d<\/strong>. Rozd\u00edl mezi p\u0159\u00edjmy a&nbsp;v\u00fddaji p\u0159edstavuje objem finan\u010dn\u00edch prost\u0159edk\u016f ve v\u00fd\u0161i <strong>477&nbsp;724,2 tis. K\u010d<\/strong>. Tento rozd\u00edl je kryt polo\u017ekou t\u0159. 8 &#8211; Financov\u00e1n\u00ed (\u00faspory z&nbsp;hospoda\u0159en\u00ed minul\u00fdch let). Z\u00e1vazn\u00e9 ukazatele rozpo\u010dtu jsou vyj\u00e1d\u0159eny v&nbsp;p\u0159\u00edloze \u010d. 2 usnesen\u00ed (ukazatele rozpo\u010dtu). Zapojen\u00edm Financov\u00e1n\u00ed bude dosa\u017eeno vyrovnan\u00e9ho rozpo\u010dtu pro rok 2019;<\/p>\r\n<\/li>\r\n\t<li id=\"\" class=\"urzClass2\" style=\"text-align: left;\">\r\n<p>\u017ee n\u00e1vrh rozpo\u010dtu hlavn\u00ed \u010dinnosti M\u010c Praha&nbsp;7 na rok 2019 byl sestaven v&nbsp;n\u00e1vaznosti na ukazatele a&nbsp;objem finan\u010dn\u00edch prost\u0159edk\u016f pro M\u010c Praha&nbsp;7 podle rozpisu finan\u010dn\u00edch vztah\u016f hl. m. Prahy k&nbsp;M\u010c Praha&nbsp;7 &#8211; v&nbsp;n\u00e1vaznosti na usnesen\u00ed <strong>ZHMP \u010d. 2_18 ze dne 13.12.2018<\/strong> (p\u0159\u00edloha \u010d. 12 usnesen\u00ed).<\/p>\r\n<\/li>\r\n<\/ol>\r\n<\/li>\r\n\t<li id=\"\" class=\"urzClass1\"><span name=\"24\">schvaluje<\/span>\r\n<ol id=\"\" class=\"urzOlClass\">\r\n\t<li id=\"\" class=\"urzClass2\" style=\"text-align: left;\">\r\n<p>St\u0159edn\u011bdob\u00fd rozpo\u010dtov\u00fd v\u00fdhled M\u010c Praha&nbsp;7 pro obdob\u00ed 2019 &#8211; 2024 v&nbsp;rozsahu p\u0159\u00edlohy \u010d. 5 usnesen\u00ed.<\/p>\r\n<\/li>\r\n\t<li id=\"\" class=\"urzClass2\" style=\"text-align: left;\">\r\n<p>N\u00e1vrh rozpo\u010dtu hlavn\u00ed \u010dinnosti M\u010c Praha&nbsp;7 pro rok 2019 a&nbsp;to dle z\u00e1vazn\u00fdch ukazatel\u016f uveden\u00fdch v&nbsp;p\u0159\u00edloze \u010d. 2 usnesen\u00ed, kter\u00fd je navrhov\u00e1n v&nbsp;objemu finan\u010dn\u00edch prost\u0159edk\u016f n\u00e1sledovn\u011b:<\/p>\r\n<p style=\"text-align: left;\">&#8211; celkov\u00fd objem p\u0159\u00edjm\u016f 276&nbsp;559,0 tis. K\u010d<\/p>\r\n<p style=\"text-align: left;\">&#8211; celkov\u00fd objem v\u00fddaj\u016f 754&nbsp;283,2 tis. K\u010d<\/p>\r\n<p style=\"text-align: left;\">&#8211; rozd\u00edl mezi p\u0159\u00edjmy a&nbsp;v\u00fddaji (schodek) 477&nbsp;724,2 tis. K\u010d.<\/p>\r\n<\/li>\r\n\t<li id=\"\" class=\"urzClass2\" style=\"text-align: left;\">\r\n<p>Financov\u00e1n\u00ed (vyrovn\u00e1n\u00ed rozpo\u010dtu) v&nbsp;\u010d\u00e1stce 477&nbsp;724,2 tis. K\u010d.<\/p>\r\n<p>Zapojen\u00edm polo\u017eky financov\u00e1n\u00ed je dosa\u017eeno vyrovnan\u00e9ho rozpo\u010dtu M\u010c Praha&nbsp;7 pro rok 2019.<\/p>\r\n<\/li>\r\n\t<li style=\"text-align: left;\" id=\"\" class=\"urzClass2\">\r\n<p>N\u00e1vrh rozpo\u010dt\u016f p\u0159\u00edsp\u011bvkov\u00fdch organizac\u00ed pro rok 2019 a&nbsp;st\u0159edn\u011bdob\u00fdch v\u00fdhled\u016f rozpo\u010dtu p\u0159\u00edsp\u011bvkov\u00fdch organizac\u00ed do roku 2021 (p\u0159\u00edloha \u010d. 8 usnesen\u00ed).<\/p>\r\n<\/li>\r\n\t<li style=\"text-align: left;\" id=\"\" class=\"urzClass2\">\r\n<p>N\u00e1vrh finan\u010dn\u00edho pl\u00e1nu zda\u0148ovan\u00e9 \u010dinnosti M\u010c Praha&nbsp;7 (vedlej\u0161\u00ed hospod\u00e1\u0159sk\u00e1 \u010dinnost) na rok 2019 (v\u010detn\u011b 7U s.r.o.) a&nbsp;to v&nbsp;rozsahu p\u0159\u00edloh \u010d. 9, 10 a&nbsp;11 usnesen\u00ed.<\/p>\r\n<\/li>\r\n\t<li id=\"\" class=\"urzClass2\" style=\"text-align: left;\">\r\n<p>Zmocn\u011bn\u00ed R M\u010c Praha&nbsp;7 ke schvalov\u00e1n\u00ed rozpo\u010dtov\u00fdch opat\u0159en\u00ed charakteru p\u0159esun\u016f v&nbsp;r\u00e1mci kapit\u00e1lov\u00fdch (investi\u010dn\u00edch) v\u00fddaj\u016f (mezi jednotliv\u00fdmi ORJ) u&nbsp;investi\u010dn\u00edch akc\u00ed evidovan\u00fdch v&nbsp;rozpo\u010dtu M\u010c Praha&nbsp;7.<\/p>\r\n<\/li>\r\n\t<li id=\"\" class=\"urzClass2\" style=\"text-align: left;\">\r\n<p>Zmocn\u011bn\u00ed R M\u010c Praha&nbsp;7 ke schvalov\u00e1n\u00ed rozpo\u010dtov\u00fdch opat\u0159en\u00ed charakteru p\u0159esun\u016f v&nbsp;r\u00e1mci kapit\u00e1lov\u00fdch (investi\u010dn\u00edch) a&nbsp;b\u011b\u017en\u00fdch v\u00fddaj\u016f a&nbsp;to mezi jednotliv\u00fdmi ORJ navz\u00e1jem (v&nbsp;\u010dlen\u011bn\u00ed dle p\u0159\u00edslu\u0161n\u00fdch Odpa. a&nbsp;Pol. rozpo\u010dtov\u00e9 skladby), v\u010detn\u011b p\u0159esun\u016f na nov\u011b vznikl\u00e9 ORJ p\u0159i jejich vytvo\u0159en\u00ed a&nbsp;p\u0159esun\u016f z&nbsp;ORJ p\u0159i jejich zru\u0161en\u00ed.<\/p>\r\n<\/li>\r\n\t<li id=\"\" class=\"urzClass2\" style=\"text-align: left;\">\r\n<p>Zmocn\u011bn\u00ed R M\u010c Praha&nbsp;7 ke schvalov\u00e1n\u00ed rozpo\u010dtov\u00fdch opat\u0159en\u00ed charakteru p\u0159esun\u016f mezi kapit\u00e1lov\u00fdmi (investi\u010dn\u00edmi) a&nbsp;b\u011b\u017en\u00fdmi v\u00fddaji evidovan\u00fdmi v&nbsp;rozpo\u010dtu M\u010c Praha&nbsp;7 (i&nbsp;mezi jednotliv\u00fdmi ORJ navz\u00e1jem) a&nbsp;to v\u010detn\u011b zapojen\u00ed neinvesti\u010dn\u00edch a&nbsp;investi\u010dn\u00edch rezerv vytvo\u0159en\u00fdch v&nbsp;rozpo\u010dtu M\u010c Praha&nbsp;7.<\/p>\r\n<\/li>\r\n\t<li id=\"\" class=\"urzClass2\" style=\"text-align: left;\">\r\n<p>Zmocn\u011bn\u00ed R M\u010c Praha&nbsp;7 ke schvalov\u00e1n\u00ed rozpo\u010dtov\u00fdch opat\u0159en\u00ed charakteru zapojen\u00ed zdroj\u016f z&nbsp;VH\u010c do rozpo\u010dtu M\u010c Praha&nbsp;7 a&nbsp;to za \u00fa\u010delem kryt\u00ed v\u00fddaj\u016f kapit\u00e1lov\u00fdch (investi\u010dn\u00ed v\u00fddaje) i&nbsp;b\u011b\u017en\u00fdch (neinvesti\u010dn\u00ed v\u00fddaje) podle platn\u00fdch polo\u017eek rozpo\u010dtov\u00e9 skladby.<\/p>\r\n<\/li>\r\n\t<li id=\"\" class=\"urzClass2\" style=\"text-align: left;\">\r\n<p>Zmocn\u011bn\u00ed R M\u010c Praha&nbsp;7 ke schvalov\u00e1n\u00ed rozpo\u010dtov\u00fdch opat\u0159en\u00ed charakteru zapojen\u00ed finan\u010dn\u00edch prost\u0159edk\u016f pro tvorbu SFZ do rozpo\u010dtu M\u010c Praha&nbsp;7 a&nbsp;to v\u010detn\u011b p\u0159\u00edpadn\u00fdch dal\u0161\u00edch \u00faprav v&nbsp;r\u00e1mci rozpo\u010dtu SFZ &#8211; v&nbsp;souladu s&nbsp;aktu\u00e1ln\u011b platn\u00fdmi stanovami SFZ (Soci\u00e1ln\u00edho fondu zam\u011bstnavatele).<\/p>\r\n<\/li>\r\n\t<li style=\"text-align: left;\" id=\"\" class=\"urzClass2\">\r\n<p>Zmocn\u011bn\u00ed R M\u010c Praha&nbsp;7 ke schvalov\u00e1n\u00ed rozpo\u010dtov\u00fdch opat\u0159en\u00ed charakteru p\u0159id\u011blen\u00ed a&nbsp;\u00faprav investi\u010dn\u00edch a&nbsp;neinvesti\u010dn\u00edch p\u0159\u00edsp\u011bvk\u016f z\u0159izovatele (p\u0159\u00edpadn\u011b \u00fa\u010delov\u00fdch investi\u010dn\u00edch a&nbsp;neinvesti\u010dn\u00edch dotac\u00ed) z\u0159\u00edzen\u00fdm p\u0159\u00edsp\u011bvkov\u00fdm organizac\u00edm.<\/p>\r\n<\/li>\r\n\t<li id=\"\" class=\"urzClass2\" style=\"text-align: left;\">\r\n<p>Zmocn\u011bn\u00ed vedouc\u00edho OFI ke schvalov\u00e1n\u00ed rozpo\u010dtov\u00fdch \u00faprav charakteru zm\u011bn rozpisu rozpo\u010dtu (p\u0159esuny mezi Odpa. a&nbsp;Pol. podle platn\u00e9 rozpo\u010dtov\u00e9 skladby) u&nbsp;b\u011b\u017en\u00fdch v\u00fddaj\u016f a&nbsp;kapit\u00e1lov\u00fdch (investi\u010dn\u00edch) v\u00fddaj\u016f v&nbsp;r\u00e1mci jedn\u00e9 ORJ, kdy se nem\u011bn\u00ed celkov\u00fd objem rozpo\u010dtu (kapit\u00e1lov\u00fdch nebo b\u011b\u017en\u00fdch v\u00fddaj\u016f) p\u0159\u00edslu\u0161n\u00e9 ORJ (z\u00e1vazn\u00fd ukazatel rozpo\u010dtu) a&nbsp;d\u00e1le ke schvalov\u00e1n\u00ed rozpo\u010dtov\u00fdch opat\u0159en\u00ed &#8211; p\u0159esun\u016f mezi b\u011b\u017en\u00fdmi a&nbsp;kapit\u00e1lov\u00fdmi v\u00fddaji v&nbsp;r\u00e1mci jedn\u00e9 ORJ, kdy doch\u00e1z\u00ed ke zm\u011bn\u011b z\u00e1vazn\u00e9ho ukazatele rozpo\u010dtu.<\/p>\r\n<\/li>\r\n<\/ol>\r\n<\/li>\r\n\t<li class=\"urzClass1\" id=\"urzUkoly\"><span name=\"1\">ukl\u00e1d\u00e1<\/span>\r\n<ol class=\"urzOlClass\">\r\n\t<li class=\"urzClass2\">\r\n<p>Rada M\u010c Praha&nbsp;7<\/p>\r\n<ul class=\"urzUlClass\" style=\"list-style-type: circle;\">\r\n\t<li class=\"urzClass3\">\r\n<p>Pokra\u010dovat v&nbsp;realizaci opat\u0159en\u00ed a&nbsp;\u0159\u00edzen\u00ed s&nbsp;orientac\u00ed na v\u00fdkon, \u00fa\u010dinnost, efektivnost a&nbsp;hospod\u00e1rnost \u010dinnost\u00ed \u00daM\u010c Praha&nbsp;7, zda\u0148ovan\u00e9 \u010dinnosti (vedlej\u0161\u00ed hospod\u00e1\u0159sk\u00e9 \u010dinnosti M\u010c Praha&nbsp;7, v\u010detn\u011b \u010dinnosti 7U s.r.o.) a&nbsp;\u010dinnosti p\u0159\u00edsp\u011bvkov\u00fdch organizac\u00ed s&nbsp;ohledem na \u00fa\u010deln\u00e9, \u0159\u00e1dn\u00e9 a&nbsp;efektivn\u00ed \u010derp\u00e1n\u00ed a&nbsp;pln\u011bn\u00ed ukazatel\u016f rozpo\u010dtu M\u010c Praha&nbsp;7.<\/p>\r\n<span class=\"urzUkolTermin\"> Term\u00edn: 31.12.2019<\/span><\/li>\r\n<\/ul>\r\n<\/li>\r\n\t<li class=\"urzClass2\">\r\n<p>Rada M\u010c Praha&nbsp;7<\/p>\r\n<ul class=\"urzUlClass\" style=\"list-style-type: circle;\">\r\n\t<li class=\"urzClass3\">\r\n<p>P\u0159edkl\u00e1dat Zastupitelstvu M\u010c Praha&nbsp;7 pravideln\u011b informace o&nbsp;z\u00e1kladn\u00edch ukazatel\u00edch rozpo\u010dtu, v\u00fdsledc\u00edch hospoda\u0159en\u00ed a&nbsp;\u00faprav\u00e1ch rozpo\u010dtu M\u010c Praha&nbsp;7<\/p>\r\n<span class=\"urzUkolTermin\"> Term\u00edn: 31.12.2019<\/span><\/li>\r\n<\/ul>\r\n<\/li>\r\n\t<li class=\"urzClass2\">\r\n<p>Rada M\u010c Praha&nbsp;7<\/p>\r\n<ul class=\"urzUlClass\" style=\"list-style-type: circle;\">\r\n\t<li class=\"urzClass3\">\r\n<p>Potvrdit v\u0161em organiza\u010dn\u00edm jednotk\u00e1m (ORJ odv\u011btvov\u00fdch odbor\u016f) a&nbsp;p\u0159\u00edsp\u011bvkov\u00fdm organizac\u00edm rozpisy v\u00fddajov\u00e9 \u010d\u00e1sti rozpo\u010dtu a&nbsp;to v&nbsp;z\u00e1kladn\u00edch ukazatel\u00edch &#8211; neprodlen\u011b po schv\u00e1len\u00ed v&nbsp;Zastupitelstvu M\u010c Praha&nbsp;7 a&nbsp;ve form\u011b podrobn\u00e9ho rozpisu rozpo\u010dtu pro rok 2018 v&nbsp;n\u00e1vaznosti na elektronick\u00e9 zpracov\u00e1n\u00ed rozpo\u010dtu &#8211; podle platn\u00e9 metodiky MHMP.<\/p>\r\n<span class=\"urzUkolTermin\"> Term\u00edn: 22.2.2019<\/span><\/li>\r\n<\/ul>\r\n<\/li>\r\n<\/ol>\r\n<\/li>\r\n<\/ol>\r\n<p>&nbsp;<\/p>\r\n<hr \/>\r\n<p>Seznam p\u0159\u00edloh:<\/p>\r\n<p><a href=\"https:\/\/www.praha7.cz\/wp-content\/uploads\/2019\/02\/f1_Navrh_SR_2019_Duvodova_zprava426181.docx\">P\u0159\u00edloha \u010d. 1 &#8211; D\u016fvodov\u00e1 zpr\u00e1va\u00a0<\/a><\/p>\r\n<p><a href=\"https:\/\/www.praha7.cz\/wp-content\/uploads\/2019\/02\/f2_Ukazatele_rozpoctu426180.xlsx\">P\u0159\u00edloha \u010d. 2 &#8211; Z\u00e1vazn\u00e9 ukazatele rozpo\u010dtu <\/a><\/p>\r\n<p><a href=\"https:\/\/www.praha7.cz\/wp-content\/uploads\/2019\/02\/f3_INV_SR2019_souhrn_BP426179.xlsx\">P\u0159\u00edloha \u010d. 3 &#8211; P\u0159ehled kapit\u00e1lov\u00fdch v\u00fddaj\u016f <\/a><\/p>\r\n<p><a href=\"https:\/\/www.praha7.cz\/wp-content\/uploads\/2019\/02\/f4_NIV_SR2019_BP426178.xlsx\">P\u0159\u00edloha \u010d. 4 &#8211; P\u0159ehled b\u011b\u017en\u00fdch v\u00fddaj\u016f <\/a><\/p>\r\n<p><a href=\"https:\/\/www.praha7.cz\/wp-content\/uploads\/2019\/02\/f5_Strednedoby_vyhled_MCP7_do_2024426177.xlsx\">P\u0159\u00edloha \u010d. 5 &#8211; St\u0159edn\u011bdob\u00fd v\u00fdhled rozpo\u010dtu do roku 2024 <\/a><\/p>\r\n<p><a href=\"https:\/\/www.praha7.cz\/wp-content\/uploads\/2019\/02\/f6_Bilance_prijmu_a_vydaju426176.xlsx\">P\u0159\u00edloha \u010d. 6 &#8211; Bilance p\u0159\u00edjm\u016f a&nbsp;v\u00fddaj\u016f <\/a><\/p>\r\n<p><a href=\"https:\/\/www.praha7.cz\/wp-content\/uploads\/2019\/02\/f7_VHC_nove_pozadavky426175.xlsx\">P\u0159\u00edloha \u010d. 7 &#8211; Po\u017eadavky na VH\u010c<\/a><\/p>\r\n<p><a href=\"https:\/\/www.praha7.cz\/wp-content\/uploads\/2019\/02\/f8_PO_rozpocet_a_vyhled426174.pdf\" target=\"_blank\" rel=\"noopener\">P\u0159\u00edloha \u010d. 8 &#8211; Rozpo\u010dty a&nbsp;st\u0159edn\u011bdob\u00e9 v\u00fdhledy rozpo\u010dt\u016f z\u0159izovan\u00fdch PO <\/a><\/p>\r\n<p><a href=\"https:\/\/www.praha7.cz\/wp-content\/uploads\/2019\/02\/f9_Financni_plan_7U_komentar426173.pdf\" target=\"_blank\" rel=\"noopener\">P\u0159\u00edloha \u010d. 9 &#8211; Finan\u010dn\u00ed pl\u00e1n 7U s.r.o. &#8211; koment\u00e1\u0159 <\/a><\/p>\r\n<p><a href=\"https:\/\/www.praha7.cz\/wp-content\/uploads\/2019\/02\/f10_Financni_plan_7U_2019426172.xlsx\">P\u0159\u00edloha \u010d. 10 &#8211; Finan\u010dn\u00ed pl\u00e1n a&nbsp;v\u00fdhled 7U s.r.o. <\/a><\/p>\r\n<p><a href=\"https:\/\/www.praha7.cz\/wp-content\/uploads\/2019\/02\/f11_Financni_plan_zdanovana_cinnost_2019__RMC1426171.doc\">P\u0159\u00edloha \u010d. 11 &#8211; Finan\u010dn\u00ed pl\u00e1n zda\u0148ovan\u00e9 \u010dinnosti &#8211; koment\u00e1\u0159 <\/a><\/p>\r\n<p><a href=\"https:\/\/www.praha7.cz\/wp-content\/uploads\/2019\/02\/f11a_financni_plan_ZC_tabulka__naklady_vynosy426170.xlsx\">P\u0159\u00edloha \u010d. 11a &#8211; Finan\u010dn\u00ed pl\u00e1n zda\u0148ovan\u00e9 \u010dinnosti &#8211; tabulka n\u00e1klad\u016f a&nbsp;v\u00fdnos\u016f<\/a><\/p>\r\n<p><a href=\"https:\/\/www.praha7.cz\/wp-content\/uploads\/2019\/02\/f12_Usneseni_Zastupitelstva_HMP_c2_18426169.pdf\" target=\"_blank\" rel=\"noopener\">P\u0159\u00edloha \u010d. 12 &#8211; Usnesenen\u00ed Z&nbsp;HMP \u010d. 2\/18<\/a><\/p>\r\n<p><a href=\"https:\/\/www.praha7.cz\/wp-content\/uploads\/2019\/02\/f13_UsneseniRMCc001719426168.pdf\" target=\"_blank\" rel=\"noopener\">P\u0159\u00edloha \u010d. 13 &#8211; Usnesen\u00ed R M\u010c Praha&nbsp;7 \u010d. 0017\/19-R<\/a><\/p>","protected":false},"excerpt":{"rendered":"Usnesen\u00ed zastupitelstva M\u010c Praha\u00a07 N\u00e1vrh st\u0159edn\u011bdob\u00e9ho v\u00fdhledu rozpo\u010dtu M\u010c Praha&nbsp;7 do roku 2024, n\u00e1vrh rozpo\u010dtu hlavn\u00ed \u010dinnosti M\u010c Praha&nbsp;7 na rok 2019, n\u00e1vrh rozpo\u010dt\u016f pro rok 2019 a&nbsp;st\u0159edn\u011bdob\u00fdch v\u00fdhled\u016f rozpo\u010dtu p\u0159\u00edsp\u011bvkov\u00fdch organizac\u00ed M\u010c Praha&nbsp;7 do roku 2021 a&nbsp;n\u00e1vrh finan\u010dn\u00edho pl\u00e1nu zda\u0148ovan\u00e9 \u010dinnosti M\u011bstsk\u00e9 \u010d\u00e1sti Praha&nbsp;7 na rok 2019 (v\u010detn\u011b 7U s.r.o.) \u010d. 0003\/19-Z ze dne [&hellip;]","protected":false},"author":76,"featured_media":0,"parent":8427,"menu_order":0,"comment_status":"closed","ping_status":"closed","template":"","meta":[],"_links":{"self":[{"href":"https:\/\/www.praha7.cz\/api\/wp\/v2\/pages\/23633"}],"collection":[{"href":"https:\/\/www.praha7.cz\/api\/wp\/v2\/pages"}],"about":[{"href":"https:\/\/www.praha7.cz\/api\/wp\/v2\/types\/page"}],"author":[{"embeddable":true,"href":"https:\/\/www.praha7.cz\/api\/wp\/v2\/users\/76"}],"replies":[{"embeddable":true,"href":"https:\/\/www.praha7.cz\/api\/wp\/v2\/comments?post=23633"}],"version-history":[{"count":9,"href":"https:\/\/www.praha7.cz\/api\/wp\/v2\/pages\/23633\/revisions"}],"predecessor-version":[{"id":23661,"href":"https:\/\/www.praha7.cz\/api\/wp\/v2\/pages\/23633\/revisions\/23661"}],"up":[{"embeddable":true,"href":"https:\/\/www.praha7.cz\/api\/wp\/v2\/pages\/8427"}],"wp:attachment":[{"href":"https:\/\/www.praha7.cz\/api\/wp\/v2\/media?parent=23633"}],"curies":[{"name":"wp","href":"https:\/\/api.w.org\/{rel}","templated":true}]}}