    
{"id":2318,"date":"2017-08-15T10:55:57","date_gmt":"2017-08-15T08:55:57","guid":{"rendered":"https:\/\/praha7.cz\/?page_id=2318"},"modified":"2024-02-28T16:28:34","modified_gmt":"2024-02-28T15:28:34","slug":"komise-pro-majetek-bytove-a-nebytove-prostory-rady-mc-prahy-7-2014","status":"publish","type":"page","link":"https:\/\/www.praha7.cz\/radnice\/voleni-zastupci-mistni-samospravy\/rada-mc-praha-7\/archiv-komisi-a-vyboru-2014-2018\/komise-pro-majetek-bytove-a-nebytove-prostory-rady-mc-prahy-7-2014\/","title":{"rendered":"Komise pro majetek, bytov\u00e9 a&nbsp;nebytov\u00e9 prostory Rady M\u010c Prahy&nbsp;7 (2014-2018)"},"content":{"rendered":"<h1>\u010clenov\u00e9 komise:<\/h1>\r\n<p><strong>P\u0159edseda:<\/strong> PhDr. Ji\u0159\u00ed Mlyn\u00e1\u0159<br \/>\r\n<strong>M\u00edstop\u0159edseda:<\/strong> Mgr. Alice Velkov\u00e1, Ph.D.<br \/>\r\n<strong>Tajemn\u00edk:<\/strong> Mgr. Robert Kol\u00e1\u0159<br \/>\r\n<strong>\u010clenov\u00e9:<\/strong> Ing. Richard Moty\u010dka, Jana Vosykov\u00e1, David Ve\u010de\u0159a,\u00a0Ing. Alena \u0160pit\u00e1lsk\u00e1,\u00a0Pavel Riegger, MBA,\u00a0Milan Bendl,\u00a0PhDr. Miroslav Kun\u0161t\u00e1t, Ph.D.<\/p>\r\n<p>&nbsp;<\/p>\r\n<h1>P\u0159ehled zased\u00e1n\u00ed:<\/h1>\r\n<p><strong>Term\u00edny jedn\u00e1n\u00ed<\/strong> &#8211; m\u00edstnost \u010d. 225<\/p>\r\n<ul>\r\n\t<li>od 17:00 hodin<\/li>\r\n<\/ul>\r\n<p>&nbsp;<\/p>\r\n        <div class=\"collapse-block\">\r\n            <div class=\"card-header\" role=\"tab\" id=\"heading371f7aea4056450c6db71c9aa81c5a3a9f78ee47\">\r\n                                    <h3 class=\"mb-0\">\r\n                        <a data-toggle=\"collapse\" href=\"#collapse371f7aea4056450c6db71c9aa81c5a3a9f78ee47\" aria-controls=\"collapse371f7aea4056450c6db71c9aa81c5a3a9f78ee47\">\r\n                            Rok 2018                            <i class=\"fa fa-2x fa-angle-down\" aria-hidden=\"true\"><\/i>\r\n                        <\/a>\r\n                    <\/h3>\r\n                                \r\n            <\/div>\r\n\r\n            <div id=\"collapse371f7aea4056450c6db71c9aa81c5a3a9f78ee47\" class=\"collapse\" data-id=\"371f7aea4056450c6db71c9aa81c5a3a9f78ee47\" role=\"tabpanel\" aria-labelledby=\"heading371f7aea4056450c6db71c9aa81c5a3a9f78ee47\">\r\n                <div class=\"card-block\">\r\n    \r\n<p>Leden (10.&nbsp;1.) &#8211; m\u00edstnost 227<\/p>\r\n<ul>\r\n\t<li><a href=\"https:\/\/www.praha7.cz\/wp-content\/uploads\/2018\/03\/Zapis_KMB44.pdf\" target=\"_blank\" rel=\"noopener\">Z\u00e1pis jedn\u00e1n\u00ed.pdf<\/a><\/li>\r\n\t<li><a href=\"https:\/\/www.praha7.cz\/wp-content\/uploads\/2018\/03\/PROGRAM_KMBN44.pdf\" target=\"_blank\" rel=\"noopener\">Program.pdf<\/a><a href=\"https:\/\/www.praha7.cz\/wp-content\/uploads\/2018\/03\/Zapis_KMB44.pdf\" target=\"_blank\" rel=\"noopener\"><\/a><a href=\"https:\/\/praha7.cz\/wp-content\/uploads\/2018\/01\/Zapis_1_jednani_KK_ze_dne_17_01_2018.pdf\"><\/a><\/li>\r\n<\/ul>\r\n<p>\u00danor (19.&nbsp;2.)<\/p>\r\n<ul>\r\n\t<li><a href=\"https:\/\/www.praha7.cz\/wp-content\/uploads\/2018\/06\/Z\u00e1pis-z-45.-jedn\u00e1n\u00ed-Komise-pro-majetek-bytov\u00e9-a-nebytov\u00e9-prostory.pdf\">Z\u00e1pis jedn\u00e1n\u00ed.pdf<\/a><\/li>\r\n\t<li><a href=\"https:\/\/www.praha7.cz\/wp-content\/uploads\/2018\/03\/PROGRAM_KMBN_45.pdf\" target=\"_blank\" rel=\"noopener\">Program.pdf<\/a><\/li>\r\n<\/ul>\r\n<p>B\u0159ezen (12.&nbsp;3.)\u00a0<\/p>\r\n<ul>\r\n\t<li><a href=\"https:\/\/www.praha7.cz\/wp-content\/uploads\/2018\/03\/ZAPIS_KMBN46.pdf\" target=\"_blank\" rel=\"noopener\">Z\u00e1pis jedn\u00e1n\u00ed.pdf<\/a><\/li>\r\n\t<li><a href=\"https:\/\/www.praha7.cz\/wp-content\/uploads\/2018\/03\/PROGRAM_KMBN46.pdf\" target=\"_blank\" rel=\"noopener\">Program.pdf<\/a><\/li>\r\n<\/ul>\r\n<p>Duben (9.&nbsp;4.)<\/p>\r\n<ul>\r\n\t<li><a href=\"https:\/\/www.praha7.cz\/wp-content\/uploads\/2018\/06\/Z\u00e1pis-ze-47.-jedn\u00e1n\u00ed-Komise-pro-majetek-bytov\u00e9-a-nebytov\u00e9-prostory.pdf\">Z\u00e1pis jedn\u00e1n\u00ed.pdf<\/a><a href=\"https:\/\/www.praha7.cz\/wp-content\/uploads\/2018\/03\/PROGRAM_KMBN47.pdf\" target=\"_blank\" rel=\"noopener\"><\/a><\/li>\r\n\t<li><a href=\"https:\/\/www.praha7.cz\/wp-content\/uploads\/2018\/03\/PROGRAM_KMBN47.pdf\" target=\"_blank\" rel=\"noopener\">Program.pdf<\/a><a href=\"https:\/\/www.praha7.cz\/wp-content\/uploads\/2018\/06\/Z\u00e1pis-ze-47.-jedn\u00e1n\u00ed-Komise-pro-majetek-bytov\u00e9-a-nebytov\u00e9-prostory.pdf\"><\/a><\/li>\r\n<\/ul>\r\n<p>Kv\u011bten (21.&nbsp;5.)<\/p>\r\n<ul>\r\n\t<li><a href=\"https:\/\/www.praha7.cz\/wp-content\/uploads\/2018\/07\/ZAPIS_KMBN48.pdf\">Z\u00e1pis jedn\u00e1n\u00ed.pdf<\/a><\/li>\r\n\t<li><a href=\"https:\/\/www.praha7.cz\/wp-content\/uploads\/2018\/06\/01_PROGRAM_KMBN48_web.pdf\">Program.pdf<\/a><a href=\"https:\/\/www.praha7.cz\/wp-content\/uploads\/2018\/07\/ZAPIS_KMBN48.pdf\"><\/a><\/li>\r\n<\/ul>\r\n<p>\u010cerven (11.&nbsp;6.)<\/p>\r\n<ul>\r\n\t<li><a href=\"https:\/\/www.praha7.cz\/wp-content\/uploads\/2018\/07\/ZAZNAM_KMBN49.pdf\">Z\u00e1pis jedn\u00e1n\u00ed.pdf<\/a><\/li>\r\n\t<li><a href=\"https:\/\/www.praha7.cz\/wp-content\/uploads\/2018\/06\/01_PROGRAM_KMBN49_web.pdf\">Program.pdf<\/a><\/li>\r\n<\/ul>\r\n<p>\u010cerven (27.&nbsp;6.)<\/p>\r\n<ul>\r\n\t<li><a href=\"https:\/\/www.praha7.cz\/wp-content\/uploads\/2018\/06\/01_PROGRAM_KMBN50_web.pdf\">Program.pdf<\/a><\/li>\r\n\t<li><a href=\"https:\/\/www.praha7.cz\/wp-content\/uploads\/2018\/09\/ZAPIS_KMBN50.pdf\">Z\u00e1pis z&nbsp;jedn\u00e1n\u00ed.pdf\u00a0<\/a><\/li>\r\n<\/ul>\r\n<p>Srpen (27.8.)<\/p>\r\n<ul>\r\n\t<li><a href=\"https:\/\/www.praha7.cz\/wp-content\/uploads\/2018\/09\/01_PROGRAM_KMBN51_WEB.pdf\">Program.pdf<\/a><\/li>\r\n\t<li><a href=\"https:\/\/www.praha7.cz\/wp-content\/uploads\/2018\/09\/ZAPIS_KMBN50_51_web.pdf\">Z\u00e1pis z&nbsp;jedn\u00e1n\u00ed.pdf\u00a0<\/a><\/li>\r\n<\/ul>\r\n<p>Z\u00e1\u0159\u00ed (10.&nbsp;9.)<\/p>\r\n<ul>\r\n\t<li><a href=\"https:\/\/www.praha7.cz\/wp-content\/uploads\/2018\/09\/01_PROGRAM_KMBN52_web.pdf\">Program.pdf<\/a><\/li>\r\n\t<li><a href=\"https:\/\/www.praha7.cz\/wp-content\/uploads\/2018\/09\/ZAPIS_KMBN52.pdf\">Z\u00e1pis z&nbsp;jedn\u00e1n\u00ed.pdf\u00a0<\/a><\/li>\r\n<\/ul>\r\n                <\/div>\r\n            <\/div>\r\n        <\/div>\r\n    \r\n        <div class=\"collapse-block\">\r\n            <div class=\"card-header\" role=\"tab\" id=\"heading941652170225e797df3d7924182a4465992ab66f\">\r\n                                    <h3 class=\"mb-0\">\r\n                        <a data-toggle=\"collapse\" href=\"#collapse941652170225e797df3d7924182a4465992ab66f\" aria-controls=\"collapse941652170225e797df3d7924182a4465992ab66f\">\r\n                            Rok 2017                            <i class=\"fa fa-2x fa-angle-down\" aria-hidden=\"true\"><\/i>\r\n                        <\/a>\r\n                    <\/h3>\r\n                                \r\n            <\/div>\r\n\r\n            <div id=\"collapse941652170225e797df3d7924182a4465992ab66f\" class=\"collapse\" data-id=\"941652170225e797df3d7924182a4465992ab66f\" role=\"tabpanel\" aria-labelledby=\"heading941652170225e797df3d7924182a4465992ab66f\">\r\n                <div class=\"card-block\">\r\n    \r\n<p>Leden (16.&nbsp;1.)<\/p>\r\n<ul>\r\n\t<li><a href=\"https:\/\/www.praha7.cz\/wp-content\/uploads\/2018\/09\/PROGRAM_KMBN32.pdf\">Program.pdf<\/a><\/li>\r\n\t<li><a href=\"https:\/\/www.praha7.cz\/wp-content\/uploads\/2018\/09\/ZAPIS_KMBN_32.pdf\">Z\u00e1pis z&nbsp;jedn\u00e1n\u00ed.pdf\u00a0<\/a><\/li>\r\n<\/ul>\r\n<p>\u00danor (13.&nbsp;2.)<\/p>\r\n<ul>\r\n\t<li><a href=\"https:\/\/www.praha7.cz\/wp-content\/uploads\/2018\/09\/PROGRAM_KMBN33.pdf\">Program.pdf<\/a><\/li>\r\n\t<li><a href=\"https:\/\/www.praha7.cz\/wp-content\/uploads\/2018\/09\/ZAPIS_KMBN_33.pdf\">Z\u00e1pis z&nbsp;jedn\u00e1n\u00ed.pdf\u00a0<\/a><\/li>\r\n<\/ul>\r\n<p>B\u0159ezen (27.&nbsp;3.)\u00a0<\/p>\r\n<ul>\r\n\t<li><a href=\"https:\/\/www.praha7.cz\/wp-content\/uploads\/2018\/09\/PROGRAM_KMBN34.pdf\">Program.pdf<\/a><\/li>\r\n\t<li><a href=\"https:\/\/www.praha7.cz\/wp-content\/uploads\/2018\/09\/ZAPIS_KMBN34.pdf\">Z\u00e1pis z&nbsp;jedn\u00e1n\u00ed.pdf\u00a0<\/a><\/li>\r\n<\/ul>\r\n<p>Duben (10.&nbsp;4.)<\/p>\r\n<ul>\r\n\t<li><a href=\"https:\/\/www.praha7.cz\/wp-content\/uploads\/2018\/09\/PROGRAM_KMBN35.pdf\">Program.pdf<\/a><\/li>\r\n\t<li><a href=\"https:\/\/www.praha7.cz\/wp-content\/uploads\/2018\/09\/ZAPIS_KMBN35.pdf\">Z\u00e1pis z&nbsp;jedn\u00e1n\u00ed.pdf\u00a0<\/a><\/li>\r\n<\/ul>\r\n<p>Kv\u011bten (15.&nbsp;5.)<\/p>\r\n<ul>\r\n\t<li><a href=\"https:\/\/www.praha7.cz\/wp-content\/uploads\/2018\/09\/PROGRAM_KMBN36.pdf\">Program.pdf<\/a><\/li>\r\n\t<li><a href=\"https:\/\/www.praha7.cz\/wp-content\/uploads\/2018\/09\/ZAPIS_KMBN36.pdf\">Z\u00e1pis z&nbsp;jedn\u00e1n\u00ed.pdf\u00a0<\/a><\/li>\r\n<\/ul>\r\n<p>\u010cerven (26.&nbsp;6.)<\/p>\r\n<ul>\r\n\t<li><a href=\"https:\/\/www.praha7.cz\/wp-content\/uploads\/2018\/09\/PROGRAM_KMBN37.pdf\">Program.pdf<\/a><\/li>\r\n\t<li><a href=\"https:\/\/www.praha7.cz\/wp-content\/uploads\/2018\/09\/ZAPIS_KMBN37.pdf\">Z\u00e1pis z&nbsp;jedn\u00e1n\u00ed.pdf\u00a0<\/a><\/li>\r\n<\/ul>\r\n<p>Srpen (28.&nbsp;8.)<\/p>\r\n<ul>\r\n\t<li><a href=\"https:\/\/www.praha7.cz\/wp-content\/uploads\/2018\/09\/PROGRAM_KMBN38.pdf\">Program.pdf<\/a><\/li>\r\n\t<li><a href=\"https:\/\/www.praha7.cz\/wp-content\/uploads\/2018\/09\/ZAPIS_KMBN38.pdf\">Z\u00e1pis z&nbsp;jedn\u00e1n\u00ed.pdf\u00a0<\/a><\/li>\r\n<\/ul>\r\n<p>Z\u00e1\u0159\u00ed (18.&nbsp;9.)<\/p>\r\n<ul>\r\n\t<li><a href=\"https:\/\/www.praha7.cz\/wp-content\/uploads\/2018\/09\/PROGRAM_KMBN39.pdf\">Program.pdf<\/a><\/li>\r\n\t<li><a href=\"https:\/\/www.praha7.cz\/wp-content\/uploads\/2018\/09\/ZAPIS_KMBN39.pdf\">Z\u00e1pis z&nbsp;jedn\u00e1n\u00ed.pdf\u00a0<\/a><\/li>\r\n<\/ul>\r\n<p>\u0158\u00edjen (16.&nbsp;10.)<\/p>\r\n<ul>\r\n\t<li><a href=\"https:\/\/www.praha7.cz\/wp-content\/uploads\/2018\/09\/PROGRAM_KMBN40.pdf\">Program.pdf<\/a><a href=\"https:\/\/www.praha7.cz\/wp-content\/uploads\/2018\/09\/PROGRAM_KMBN40.pdf\"><\/a><\/li>\r\n\t<li><a href=\"https:\/\/www.praha7.cz\/wp-content\/uploads\/2018\/09\/ZAPIS_KMBN40.pdf\">Z\u00e1pis z&nbsp;jedn\u00e1n\u00ed.pdf\u00a0<\/a><\/li>\r\n<\/ul>\r\n<p>Listopad (13.&nbsp;11.)<\/p>\r\n<ul>\r\n\t<li><a href=\"https:\/\/www.praha7.cz\/wp-content\/uploads\/2018\/09\/PROGRAM_KMBN41.pdf\">Program.pdf<\/a><\/li>\r\n\t<li><a href=\"https:\/\/www.praha7.cz\/wp-content\/uploads\/2018\/09\/ZAPIS_KMBN41.pdf\">Z\u00e1pis z&nbsp;jedn\u00e1n\u00ed.pdf\u00a0<\/a><\/li>\r\n<\/ul>\r\n<p>Listopad (27.&nbsp;11.)<\/p>\r\n<ul>\r\n\t<li><a href=\"https:\/\/www.praha7.cz\/wp-content\/uploads\/2018\/09\/PROGRAM_KMBN42.pdf\">Program.pdf<\/a><\/li>\r\n\t<li><a href=\"https:\/\/www.praha7.cz\/wp-content\/uploads\/2018\/09\/ZAPIS_KMBN42.pdf\">Z\u00e1pis z&nbsp;jedn\u00e1n\u00ed.pdf\u00a0<\/a><\/li>\r\n<\/ul>\r\n<p>Prosinec (11.&nbsp;12.)<\/p>\r\n<ul>\r\n\t<li><a href=\"https:\/\/www.praha7.cz\/wp-content\/uploads\/2018\/09\/PROGRAM_KMBN43.pdf\">Program.pdf<\/a><\/li>\r\n\t<li><a href=\"https:\/\/www.praha7.cz\/wp-content\/uploads\/2018\/09\/ZAPIS_KMBN43.pdf\">Z\u00e1pis z&nbsp;jedn\u00e1n\u00ed.pdf\u00a0<\/a><\/li>\r\n<\/ul>\r\n                <\/div>\r\n            <\/div>\r\n        <\/div>\r\n    \r\n        <div class=\"collapse-block\">\r\n            <div class=\"card-header\" role=\"tab\" id=\"headingd7d94314c767feeae46ca59230e6ddd64cc820be\">\r\n                                    <h3 class=\"mb-0\">\r\n                        <a data-toggle=\"collapse\" href=\"#collapsed7d94314c767feeae46ca59230e6ddd64cc820be\" aria-controls=\"collapsed7d94314c767feeae46ca59230e6ddd64cc820be\">\r\n                            Rok 2016                            <i class=\"fa fa-2x fa-angle-down\" aria-hidden=\"true\"><\/i>\r\n                        <\/a>\r\n                    <\/h3>\r\n                                \r\n            <\/div>\r\n\r\n            <div id=\"collapsed7d94314c767feeae46ca59230e6ddd64cc820be\" class=\"collapse\" data-id=\"d7d94314c767feeae46ca59230e6ddd64cc820be\" role=\"tabpanel\" aria-labelledby=\"headingd7d94314c767feeae46ca59230e6ddd64cc820be\">\r\n                <div class=\"card-block\">\r\n    \r\n<p>Leden (4.&nbsp;1.)<\/p>\r\n<ul>\r\n\t<li><a href=\"https:\/\/www.praha7.cz\/wp-content\/uploads\/2018\/09\/ZAPIS_KMBN_20_web.pdf\">Program.pdf<\/a><\/li>\r\n\t<li><a href=\"https:\/\/www.praha7.cz\/wp-content\/uploads\/2018\/09\/ZAPIS_KMBN_20.pdf\">Z\u00e1pis z&nbsp;jedn\u00e1n\u00ed.pdf<\/a><\/li>\r\n<\/ul>\r\n<p>\u00danor (1.&nbsp;2.)<\/p>\r\n<ul>\r\n\t<li><a href=\"https:\/\/www.praha7.cz\/wp-content\/uploads\/2018\/09\/ZAPIS_KMBN_21_web.pdf\">Program.pdf<\/a><\/li>\r\n\t<li><a href=\"https:\/\/www.praha7.cz\/wp-content\/uploads\/2018\/09\/ZAPIS_KMBN_21.pdf\">Z\u00e1pis z&nbsp;jedn\u00e1n\u00ed.pdf\u00a0<\/a><\/li>\r\n<\/ul>\r\n<p>\u00danor (29.&nbsp;2.)\u00a0<\/p>\r\n<ul>\r\n\t<li><a href=\"https:\/\/www.praha7.cz\/wp-content\/uploads\/2018\/09\/PROGRAM_KMBN22.pdf\">Program.pdf<\/a><\/li>\r\n\t<li><a href=\"https:\/\/www.praha7.cz\/wp-content\/uploads\/2018\/09\/ZAPIS_KMBN_22.pdf\">Z\u00e1pis z&nbsp;jedn\u00e1n\u00ed.pdf<\/a><\/li>\r\n<\/ul>\r\n<p>Duben (4.&nbsp;4.)<\/p>\r\n<ul>\r\n\t<li><a href=\"https:\/\/www.praha7.cz\/wp-content\/uploads\/2018\/09\/PROGRAM_KMBN23.pdf\">Program.pdf<\/a><\/li>\r\n\t<li><a href=\"https:\/\/www.praha7.cz\/wp-content\/uploads\/2018\/09\/ZAPIS_KMBN_23.pdf\">Z\u00e1pis z&nbsp;jedn\u00e1n\u00ed.pdf\u00a0<\/a><\/li>\r\n<\/ul>\r\n<p>Kv\u011bten (2.5.)<\/p>\r\n<ul>\r\n\t<li><a href=\"https:\/\/www.praha7.cz\/wp-content\/uploads\/2018\/09\/PROGRAM_KMBN24.pdf\">Program.pdf<\/a><\/li>\r\n\t<li><a href=\"https:\/\/www.praha7.cz\/wp-content\/uploads\/2018\/09\/ZAPIS_KMBN24.pdf\">Z\u00e1pis z&nbsp;jedn\u00e1n\u00ed.pdf\u00a0<\/a><br \/>\r\n<br \/>\r\n\u00a0(30.&nbsp;5.)<\/li>\r\n\t<li><a href=\"https:\/\/www.praha7.cz\/wp-content\/uploads\/2018\/09\/PROGRAM_KMBN25.pdf\">Program.pdf<\/a><\/li>\r\n\t<li><a href=\"https:\/\/www.praha7.cz\/wp-content\/uploads\/2018\/09\/ZAPIS_KMBN_25.pdf\">Z\u00e1pis z&nbsp;jedn\u00e1n\u00ed.pdf\u00a0<\/a><\/li>\r\n<\/ul>\r\n<p>\u010cerven (27.&nbsp;6.)<\/p>\r\n<ul>\r\n\t<li><a href=\"https:\/\/www.praha7.cz\/wp-content\/uploads\/2018\/09\/PROGRAM_KMBN26.pdf\">Program.pdf<\/a><\/li>\r\n\t<li><a href=\"https:\/\/www.praha7.cz\/wp-content\/uploads\/2018\/09\/ZAPIS_KMBN_26.pdf\">Z\u00e1pis z&nbsp;jedn\u00e1n\u00ed.pdf\u00a0<\/a><\/li>\r\n<\/ul>\r\n<p>Srpen (1.&nbsp;8.)<\/p>\r\n<ul>\r\n\t<li><a href=\"https:\/\/www.praha7.cz\/wp-content\/uploads\/2018\/09\/PROGRAM_KMBN27.pdf\">Program.pdf<\/a><\/li>\r\n\t<li><a href=\"https:\/\/www.praha7.cz\/wp-content\/uploads\/2018\/09\/ZAPIS_KMBN_27.pdf\">Z\u00e1pis z&nbsp;jedn\u00e1n\u00ed.pdf<\/a><\/li>\r\n<\/ul>\r\n<p>Z\u00e1\u0159\u00ed (12.&nbsp;9.)<\/p>\r\n<ul>\r\n\t<li><a href=\"https:\/\/www.praha7.cz\/wp-content\/uploads\/2018\/09\/PROGRAM_KMBN28.pdf\">Program.pdf<\/a><\/li>\r\n\t<li><a href=\"https:\/\/www.praha7.cz\/wp-content\/uploads\/2018\/09\/ZAPIS_KMBN_28.pdf\">Z\u00e1pis z&nbsp;jedn\u00e1n\u00ed.pdf\u00a0<\/a><\/li>\r\n<\/ul>\r\n<p>\u0158\u00edjen (3.&nbsp;10.)<\/p>\r\n<ul>\r\n\t<li><a href=\"https:\/\/www.praha7.cz\/wp-content\/uploads\/2018\/09\/PROGRAM_KMBN29.pdf\">Program.pdf<\/a><\/li>\r\n\t<li><a href=\"https:\/\/www.praha7.cz\/wp-content\/uploads\/2018\/09\/ZAPIS_KMBN_29.pdf\">Z\u00e1pis z&nbsp;jedn\u00e1n\u00ed.pdf\u00a0<\/a><\/li>\r\n<\/ul>\r\n<p>\u0158\u00edjen (31.&nbsp;10.)<\/p>\r\n<ul>\r\n\t<li><a href=\"https:\/\/www.praha7.cz\/wp-content\/uploads\/2018\/09\/Program_KMBN30.pdf\">Program.pdf<\/a><\/li>\r\n\t<li><a href=\"https:\/\/www.praha7.cz\/wp-content\/uploads\/2018\/09\/ZAPIS_KMBN_30.pdf\">Z\u00e1pis z&nbsp;jedn\u00e1n\u00ed.pdf\u00a0<\/a><\/li>\r\n<\/ul>\r\n<p>Listopad (28.&nbsp;11.)<\/p>\r\n<ul>\r\n\t<li><a href=\"https:\/\/www.praha7.cz\/wp-content\/uploads\/2018\/09\/PROGRAM_KMBN31.pdf\">Program.pdf<\/a><\/li>\r\n\t<li><a href=\"https:\/\/www.praha7.cz\/wp-content\/uploads\/2018\/09\/ZAPIS_KMBN_31.pdf\">Z\u00e1pis z&nbsp;jedn\u00e1n\u00ed.pdf\u00a0<\/a><\/li>\r\n<\/ul>\r\n                <\/div>\r\n            <\/div>\r\n        <\/div>\r\n    \r\n        <div class=\"collapse-block\">\r\n            <div class=\"card-header\" role=\"tab\" id=\"heading9b77ebdd83ffd586bb60048f09988cd79292d1ae\">\r\n                                    <h3 class=\"mb-0\">\r\n                        <a data-toggle=\"collapse\" href=\"#collapse9b77ebdd83ffd586bb60048f09988cd79292d1ae\" aria-controls=\"collapse9b77ebdd83ffd586bb60048f09988cd79292d1ae\">\r\n                            Rok 2014 a 2015                            <i class=\"fa fa-2x fa-angle-down\" aria-hidden=\"true\"><\/i>\r\n                        <\/a>\r\n                    <\/h3>\r\n                                \r\n            <\/div>\r\n\r\n            <div id=\"collapse9b77ebdd83ffd586bb60048f09988cd79292d1ae\" class=\"collapse\" data-id=\"9b77ebdd83ffd586bb60048f09988cd79292d1ae\" role=\"tabpanel\" aria-labelledby=\"heading9b77ebdd83ffd586bb60048f09988cd79292d1ae\">\r\n                <div class=\"card-block\">\r\n    \r\n<p><strong><br \/>\r\n2014<\/strong><br \/>\r\n<br \/>\r\nProsinec (15.12.)<\/p>\r\n<ul>\r\n\t<li><a href=\"https:\/\/www.praha7.cz\/wp-content\/uploads\/2018\/09\/ZAPIS_KMBN_01.pdf\">Z\u00e1pis z&nbsp;jedn\u00e1n\u00ed.pdf<\/a><\/li>\r\n<\/ul>\r\n<p><strong><br \/>\r\n2015<\/strong><\/p>\r\n<p>Leden (12.&nbsp;1.)<\/p>\r\n<ul>\r\n\t<li><a href=\"https:\/\/www.praha7.cz\/wp-content\/uploads\/2018\/09\/ZAPIS_KMBN_02.pdf\">Z\u00e1pis z&nbsp;jedn\u00e1n\u00ed.pdf\u00a0<\/a><\/li>\r\n<\/ul>\r\n<p>Leden (26.&nbsp;1.)<\/p>\r\n<ul>\r\n\t<li><a href=\"https:\/\/www.praha7.cz\/wp-content\/uploads\/2018\/09\/ZAPIS_KMBN_03.pdf\">Z\u00e1pis z&nbsp;jedn\u00e1n\u00ed.pdf\u00a0<\/a><\/li>\r\n<\/ul>\r\n<p>\u00danor (9.&nbsp;2.)<\/p>\r\n<ul>\r\n\t<li><a href=\"https:\/\/www.praha7.cz\/wp-content\/uploads\/2018\/09\/ZAPIS_KMBN_04.pdf\">Z\u00e1pis z&nbsp;jedn\u00e1n\u00ed.pdf\u00a0<\/a><\/li>\r\n<\/ul>\r\n<p>\u00danor (16.&nbsp;2.)<\/p>\r\n<ul>\r\n\t<li><a href=\"https:\/\/www.praha7.cz\/wp-content\/uploads\/2018\/09\/ZAPIS_KMBN_05.pdf\">Z\u00e1pis z&nbsp;jedn\u00e1n\u00ed.pdf\u00a0<\/a><\/li>\r\n<\/ul>\r\n<p>B\u0159ezen (26.&nbsp;3.)\u00a0<\/p>\r\n<ul>\r\n\t<li><a href=\"https:\/\/www.praha7.cz\/wp-content\/uploads\/2018\/09\/ZAPIS_KMBN_06.pdf\">Z\u00e1pis z&nbsp;jedn\u00e1n\u00ed.pdf\u00a0<\/a><\/li>\r\n<\/ul>\r\n<p>Duben (8.&nbsp;4.)<\/p>\r\n<ul>\r\n\t<li><a href=\"https:\/\/www.praha7.cz\/wp-content\/uploads\/2018\/09\/ZAPIS_KMBN_07.pdf\">Z\u00e1pis z&nbsp;jedn\u00e1n\u00ed.pdf\u00a0<\/a><\/li>\r\n<\/ul>\r\n<p>Duben (20.&nbsp;4.)<\/p>\r\n<ul>\r\n\t<li><a href=\"https:\/\/www.praha7.cz\/wp-content\/uploads\/2018\/09\/ZAPIS_KMBN_08.pdf\">Z\u00e1pis z&nbsp;jedn\u00e1n\u00ed.pdf\u00a0<\/a><\/li>\r\n<\/ul>\r\n<p>Kv\u011bten (18.&nbsp;5.)<\/p>\r\n<ul>\r\n\t<li><a href=\"https:\/\/www.praha7.cz\/wp-content\/uploads\/2018\/09\/ZAPIS_KMBN_09.pdf\">Z\u00e1pis z&nbsp;jedn\u00e1n\u00ed.pdf\u00a0<\/a><\/li>\r\n<\/ul>\r\n<p>\u010cerven (1.&nbsp;6.)<\/p>\r\n<ul>\r\n\t<li><a href=\"https:\/\/www.praha7.cz\/wp-content\/uploads\/2018\/09\/ZAPIS_KMBN_10.pdf\">Z\u00e1pis z&nbsp;jedn\u00e1n\u00ed.pdf\u00a0<\/a><\/li>\r\n<\/ul>\r\n<p>\u010cerven (15.&nbsp;6.)<\/p>\r\n<ul>\r\n\t<li><a href=\"https:\/\/www.praha7.cz\/wp-content\/uploads\/2018\/09\/ZAPIS_KMBN_11.pdf\">Z\u00e1pis z&nbsp;jedn\u00e1n\u00ed.pdf\u00a0<\/a><\/li>\r\n<\/ul>\r\n<p>\u010cerven (29.&nbsp;6.)<\/p>\r\n<ul>\r\n\t<li><a href=\"https:\/\/www.praha7.cz\/wp-content\/uploads\/2018\/09\/zapis_KMA12.pdf\">Z\u00e1pis z&nbsp;jedn\u00e1n\u00ed.pdf\u00a0<\/a><\/li>\r\n<\/ul>\r\n<p>\u010cervenec (13.&nbsp;7.)<\/p>\r\n<ul>\r\n\t<li><a href=\"https:\/\/www.praha7.cz\/wp-content\/uploads\/2018\/09\/ZAPIS_KMBN_13.pdf\">Z\u00e1pis z&nbsp;jedn\u00e1n\u00ed.pdf\u00a0<\/a><\/li>\r\n<\/ul>\r\n<p>\u010cervenec (28.&nbsp;7.)<\/p>\r\n<ul>\r\n\t<li><a href=\"https:\/\/www.praha7.cz\/wp-content\/uploads\/2018\/09\/ZAPIS_KMBN_14.pdf\">Z\u00e1pis z&nbsp;jedn\u00e1n\u00ed.pdf\u00a0<\/a><\/li>\r\n<\/ul>\r\n<p>Z\u00e1\u0159\u00ed (23.&nbsp;9.)<\/p>\r\n<ul>\r\n\t<li><a href=\"https:\/\/www.praha7.cz\/wp-content\/uploads\/2018\/09\/PROGRAM_KMBN15_web.pdf\">Program.pdf<\/a><\/li>\r\n\t<li><a href=\"https:\/\/www.praha7.cz\/wp-content\/uploads\/2018\/09\/Zapis_KMBN15.pdf\">Z\u00e1pis z&nbsp;jedn\u00e1n\u00ed.pdf\u00a0<\/a><\/li>\r\n<\/ul>\r\n<p>\u0158\u00edjen (5.&nbsp;10.)<\/p>\r\n<ul>\r\n\t<li><a href=\"https:\/\/www.praha7.cz\/wp-content\/uploads\/2018\/09\/PROGRAM_KMBN16.pdf\">Program.pdf<\/a><\/li>\r\n\t<li><a href=\"https:\/\/www.praha7.cz\/wp-content\/uploads\/2018\/09\/Zapis_KMBN16.pdf\">Z\u00e1pis z&nbsp;jedn\u00e1n\u00ed.pdf\u00a0<\/a><\/li>\r\n<\/ul>\r\n<p>Listopad (2.&nbsp;11.)<\/p>\r\n<ul>\r\n\t<li><a href=\"https:\/\/www.praha7.cz\/wp-content\/uploads\/2018\/09\/PROGRAM_KMBN17_web.pdf\">Program.pdf<\/a><\/li>\r\n\t<li><a href=\"https:\/\/www.praha7.cz\/wp-content\/uploads\/2018\/09\/zapis_KMBN17.pdf\">Z\u00e1pis z&nbsp;jedn\u00e1n\u00ed.pdf\u00a0<\/a><\/li>\r\n<\/ul>\r\n<p>Prosinec (14.&nbsp;12.)<\/p>\r\n<ul>\r\n\t<li><a href=\"https:\/\/www.praha7.cz\/wp-content\/uploads\/2018\/09\/PROGRAM_KMBN18.pdf\">Program.pdf<\/a><\/li>\r\n\t<li><a href=\"https:\/\/www.praha7.cz\/wp-content\/uploads\/2018\/09\/ZAPIS_KMBN_18_web.pdf\">Z\u00e1pis z&nbsp;jedn\u00e1n\u00ed.pdf\u00a0<\/a><\/li>\r\n<\/ul>\r\n<p>Prosinec (16.&nbsp;12.)<\/p>\r\n<ul>\r\n\t<li><a href=\"https:\/\/www.praha7.cz\/wp-content\/uploads\/2018\/09\/ZAPIS_KMBN_19.pdf\">Z\u00e1pis z&nbsp;jedn\u00e1n\u00ed.pdf\u00a0<\/a><\/li>\r\n<\/ul>\r\n                <\/div>\r\n            <\/div>\r\n        <\/div>\r\n    ","protected":false},"excerpt":{"rendered":"\u010clenov\u00e9 komise: P\u0159edseda: PhDr. Ji\u0159\u00ed Mlyn\u00e1\u0159 M\u00edstop\u0159edseda: Mgr. Alice Velkov\u00e1, Ph.D. Tajemn\u00edk: Mgr. Robert Kol\u00e1\u0159 \u010clenov\u00e9: Ing. Richard Moty\u010dka, Jana Vosykov\u00e1, David Ve\u010de\u0159a,\u00a0Ing. Alena \u0160pit\u00e1lsk\u00e1,\u00a0Pavel Riegger, MBA,\u00a0Milan Bendl,\u00a0PhDr. Miroslav Kun\u0161t\u00e1t, Ph.D. &nbsp; P\u0159ehled zased\u00e1n\u00ed: Term\u00edny jedn\u00e1n\u00ed &#8211; m\u00edstnost \u010d. 225 od 17:00 hodin &nbsp; Leden (10.&nbsp;1.) &#8211; m\u00edstnost 227 Z\u00e1pis jedn\u00e1n\u00ed.pdf Program.pdf \u00danor (19.&nbsp;2.) Z\u00e1pis [&hellip;]","protected":false},"author":2,"featured_media":0,"parent":21166,"menu_order":0,"comment_status":"closed","ping_status":"closed","template":"","meta":[],"_links":{"self":[{"href":"https:\/\/www.praha7.cz\/api\/wp\/v2\/pages\/2318"}],"collection":[{"href":"https:\/\/www.praha7.cz\/api\/wp\/v2\/pages"}],"about":[{"href":"https:\/\/www.praha7.cz\/api\/wp\/v2\/types\/page"}],"author":[{"embeddable":true,"href":"https:\/\/www.praha7.cz\/api\/wp\/v2\/users\/2"}],"replies":[{"embeddable":true,"href":"https:\/\/www.praha7.cz\/api\/wp\/v2\/comments?post=2318"}],"version-history":[{"count":57,"href":"https:\/\/www.praha7.cz\/api\/wp\/v2\/pages\/2318\/revisions"}],"predecessor-version":[{"id":74021,"href":"https:\/\/www.praha7.cz\/api\/wp\/v2\/pages\/2318\/revisions\/74021"}],"up":[{"embeddable":true,"href":"https:\/\/www.praha7.cz\/api\/wp\/v2\/pages\/21166"}],"wp:attachment":[{"href":"https:\/\/www.praha7.cz\/api\/wp\/v2\/media?parent=2318"}],"curies":[{"name":"wp","href":"https:\/\/api.w.org\/{rel}","templated":true}]}}