    
{"id":2229,"date":"2017-08-14T14:25:18","date_gmt":"2017-08-14T12:25:18","guid":{"rendered":"https:\/\/praha7.cz\/?page_id=2229"},"modified":"2025-07-09T12:52:00","modified_gmt":"2025-07-09T10:52:00","slug":"sluzebni-byty","status":"publish","type":"page","link":"https:\/\/www.praha7.cz\/potrebuji-zaridit\/byty\/novi-najemnici\/sluzebni-byty\/","title":{"rendered":"Slu\u017eebn\u00ed byty"},"content":{"rendered":"<p>[perex]<\/p>\r\n<p>\u017d\u00e1dosti o&nbsp;slu\u017eebn\u00ed byty vyhodnocuje <a href=\"https:\/\/www.praha7.cz\/radnice\/voleni-zastupci-mistni-samospravy\/rada-mc-praha-7\/komise-praha-7\/bytova-komise-rady-mc-praha-7-2\/\">Bytov\u00e1 komise Rady m\u011bstsk\u00e9 \u010d\u00e1sti Praha&nbsp;7<\/a>. Byty jsou ur\u010deny pouze pro zam\u011bstnance organizac\u00ed z\u0159\u00edzen\u00fdch M\u011bstskou \u010d\u00e1st\u00ed Praha&nbsp;7 nebo Magistr\u00e1tem hl. m. Prahy (nap\u0159. pro policisty, u\u010ditele nebo hasi\u010de).\u00a0<\/p>\r\n<p>[\/perex]<\/p>\r\n\n<div class=\"shortcode-container no-bottom-padding  \">    \n\t<div class=\"row\">\n\t\t<div class=\"col-xs-12 col-md-7\">\n\t\t\t<h3>\u00da\u0159edn\u00ed hodiny \u00da\u0159adu M\u010c Praha 7<\/h3>\n\t\t<\/div>\n\t<\/div>\n\t\t<div class=\"row\">\n\t\t\t<div class=\"col-xs-12 col-sm-4 col-md-3\">\n\t\t\t\t<span>pond\u011bl\u00ed a st\u0159eda<\/span>\n\t\t\t<\/div>\n\t\t\t\t<div class=\"col-xs-6 col-sm-4 col-md-3\">\n\t\t\t\t\t<span>7.30\u201312.00<\/span>\n\t\t\t\t<\/div>\n\t\t\t\t\t<div class=\"col-xs-6 col-sm-4 col-md-3\">\n\t\t\t\t\t\t<span>13.00\u201318.00<\/span>\n\t\t\t\t\t<\/div>\n\t\t<\/div>\n\t\t<div class=\"row\">\n\t\t\t<div class=\"col-xs-12 col-sm-4 col-md-3\">\n\t\t\t\t<span>\u00fater\u00fd, \u010dtvrtek a p\u00e1tek<\/span>\n\t\t\t<\/div>\n\t\t\t\t<div class=\"col-xs-12 col-sm-8 col-md-9\">\n\t\t\t\t\t<span>po p\u0159edchoz\u00ed domluv\u011b \/ po objedn\u00e1n\u00ed<\/span>\n\t\t\t\t<\/div>\n\t\t<\/div>\n\t<div class=\"row\">\n\t\t<div class=\"col-xs-12 col-md-12 office_hours_info\">\n\t\t\t\n\t\t<\/div>\t\n\t<\/div>\n<\/div>\r\n<div class=\"shortcode-container container-fluid no-bottom-padding \">\n\t<div class=\"row shortcode-row no-bottom-border\">\n\t\t <div class=\"row contact-item\">\n\t\t\t<div class=\"col-xs-8 col-md-7 contact-info\">\n\t\t\t\t<h3>Zad\u00e1kov\u00e1 Kate\u0159ina, Dis.<\/h3>\n\t\t\t\t<span>navig\u00e1tor Kontaktn\u00edho m\u00edsta pro bydlen\u00ed<\/span><br>\n\t\t\t\t<span>dve\u0159e 2.11<\/span><br>\n\t\t\t\t\n                <span>gsm. <a href=\"tel:+420778966213\">+420778966213<\/a><\/span><br>\n\t\t\t\t<a href=\"mailto:zadakovak@praha7.cz\">zadakovak@praha7.cz<\/a><br>\n\t\t\t<\/div>\n\t\t<\/div>\n\t<\/div>\n<\/div>\r\n<p><span style=\"color: #0000ff;\"><strong>FORMUL\u00c1\u0158E\u00a0<\/strong><\/span><\/p>\r\n<p><a href=\"https:\/\/www.praha7.cz\/wp-content\/uploads\/2025\/05\/OSZ-01-f04-Zadost-o-tzv.-sluzebni-byt-MC-Praha-7.pdf\" target=\"_blank\" rel=\"noopener\">\u017d\u00e1dost o&nbsp;tzv. slu\u017eebn\u00ed byt M\u010c Praha&nbsp;7<\/a>\u00a0<br \/>\r\n<a href=\"https:\/\/www.praha7.cz\/wp-content\/uploads\/2025\/07\/Principy-posuzovani-zadosti-o-tzv.-sluzebni-byt-MC-Praha-7-od-08.07.2025....pdf\">Principy posuzov\u00e1n\u00ed \u017e\u00e1dost\u00ed o&nbsp;tzv. slu\u017eebn\u00ed byt<\/a>\u00a0\/ platnost od 8.&nbsp;7.&nbsp;2025<br \/>\r\n<a href=\"https:\/\/www.praha7.cz\/wp-content\/uploads\/2021\/12\/1_Smlouva-o-na\u0301jmu-bytu_NS_2022.pdf\">Vzor n\u00e1jemn\u00ed smlouvy M\u010c Praha&nbsp;7<\/a><\/p>","protected":false},"excerpt":{"rendered":"[perex] \u017d\u00e1dosti o&nbsp;slu\u017eebn\u00ed byty vyhodnocuje Bytov\u00e1 komise Rady m\u011bstsk\u00e9 \u010d\u00e1sti Praha&nbsp;7. Byty jsou ur\u010deny pouze pro zam\u011bstnance organizac\u00ed z\u0159\u00edzen\u00fdch M\u011bstskou \u010d\u00e1st\u00ed Praha&nbsp;7 nebo Magistr\u00e1tem hl. m. Prahy (nap\u0159. pro policisty, u\u010ditele nebo hasi\u010de).\u00a0 [\/perex] FORMUL\u00c1\u0158E\u00a0 \u017d\u00e1dost o&nbsp;tzv. slu\u017eebn\u00ed byt M\u010c Praha&nbsp;7\u00a0 Principy posuzov\u00e1n\u00ed \u017e\u00e1dost\u00ed o&nbsp;tzv. slu\u017eebn\u00ed byt\u00a0\/ platnost od 8.&nbsp;7.&nbsp;2025 Vzor n\u00e1jemn\u00ed smlouvy M\u010c Praha&nbsp;7","protected":false},"author":2,"featured_media":0,"parent":17928,"menu_order":0,"comment_status":"closed","ping_status":"closed","template":"","meta":[],"_links":{"self":[{"href":"https:\/\/www.praha7.cz\/api\/wp\/v2\/pages\/2229"}],"collection":[{"href":"https:\/\/www.praha7.cz\/api\/wp\/v2\/pages"}],"about":[{"href":"https:\/\/www.praha7.cz\/api\/wp\/v2\/types\/page"}],"author":[{"embeddable":true,"href":"https:\/\/www.praha7.cz\/api\/wp\/v2\/users\/2"}],"replies":[{"embeddable":true,"href":"https:\/\/www.praha7.cz\/api\/wp\/v2\/comments?post=2229"}],"version-history":[{"count":51,"href":"https:\/\/www.praha7.cz\/api\/wp\/v2\/pages\/2229\/revisions"}],"predecessor-version":[{"id":85454,"href":"https:\/\/www.praha7.cz\/api\/wp\/v2\/pages\/2229\/revisions\/85454"}],"up":[{"embeddable":true,"href":"https:\/\/www.praha7.cz\/api\/wp\/v2\/pages\/17928"}],"wp:attachment":[{"href":"https:\/\/www.praha7.cz\/api\/wp\/v2\/media?parent=2229"}],"curies":[{"name":"wp","href":"https:\/\/api.w.org\/{rel}","templated":true}]}}