    
{"id":2221,"date":"2017-08-14T14:18:34","date_gmt":"2017-08-14T12:18:34","guid":{"rendered":"https:\/\/praha7.cz\/?page_id=2221"},"modified":"2025-09-02T12:44:41","modified_gmt":"2025-09-02T10:44:41","slug":"byty","status":"publish","type":"page","link":"https:\/\/www.praha7.cz\/potrebuji-zaridit\/byty\/","title":{"rendered":"Byty, nebytov\u00e9 prostory a&nbsp;majetek"},"content":{"rendered":"<p style=\"text-align: left;\">\n    <div class=\"container-fluid guidelist text-center\">\n        <div class=\"row\">\n            <div class=\"col-xs-12 col-md-6 guidelist-container\">\n                <a href=\"https:\/\/www.praha7.cz\/potrebuji-zaridit\/byty\/novi-najemnici\/\" class=\"btn btn-block\">M\u00e1m z\u00e1jem o&nbsp;byt<\/a>\n            <\/div>\n            <div class=\"col-xs-12 col-md-6 guidelist-container\">\n                <a href=\"https:\/\/www.praha7.cz\/potrebuji-zaridit\/byty\/stavajici-najemci\/\" class=\"btn btn-block\">Jsem st\u00e1vaj\u00edc\u00edm n\u00e1jemcem<\/a>\n            <\/div>\n            <div class=\"col-xs-12 col-md-6 guidelist-container\">\n                <a href=\"https:\/\/www.praha7.cz\/potrebuji-zaridit\/byty\/nebytove-prostory\/\" class=\"btn btn-block\">M\u00e1m z\u00e1jem o&nbsp;nebytov\u00fd prostor<\/a>\n            <\/div>\n            <div class=\"col-xs-12 col-md-6 guidelist-container\">\n                <a href=\"https:\/\/www.praha7.cz\/?page_id=75603\" class=\"btn btn-block\">Jsem majitel bytu<\/a>\n            <\/div>\n            <div class=\"col-xs-12 col-md-6 guidelist-container\">\n                <a href=\"https:\/\/www.praha7.cz\/potrebuji-zaridit\/byty\/kratkodobe-uzivani\/\" class=\"btn btn-block\">Kr\u00e1tkodob\u00e9 u\u017e\u00edv\u00e1n\u00ed<\/a>\n            <\/div>\n            <div class=\"col-xs-12 col-md-6 guidelist-container\">\n                <a href=\"https:\/\/www.praha7.cz\/radnice\/organizacni-struktura\/odbor-majetku\/prosba-o-spolupraci-mc-praha-7-jako-clen-spolecenstvi-vlastniku\/\" class=\"btn btn-block\">Jsem \u010dlenem SVJ<\/a>\n            <\/div>\n            <div class=\"col-xs-12 col-md-6 guidelist-container\">\n                <a href=\"https:\/\/www.praha7.cz\/radnice\/organizacni-struktura\/odbor-majetku\/seznam-majetku-mc-praha-7\/\" class=\"btn btn-block\">Seznam majetku M\u010c Praha&nbsp;7<\/a>\n            <\/div>\n            <div class=\"col-xs-12 col-md-6 guidelist-container\">\n                <a href=\"https:\/\/www.praha7.cz\/potrebuji-zaridit\/byty\/uspory\/\" class=\"btn btn-block\">Jak u\u0161et\u0159it na energi\u00edch<\/a>\n            <\/div>\n        <\/div>\n    <\/div>\n\n<span style=\"color: #0000ff;\"><\/span><\/p>\r\n<p>Komplexn\u00ed servis spojen\u00fd se spr\u00e1vou, provozem a&nbsp;\u00fadr\u017ebou dom\u016f, byt\u016f i&nbsp;nebytov\u00fdch prostor, kter\u00e9 jsou sv\u011b\u0159en\u00e9 M\u010c Praha&nbsp;7, zaji\u0161\u0165uje spr\u00e1vn\u00ed firma 7U s.r.o.<\/p>\r\n<p><strong>7U s.r.o.<\/strong><br \/>\r\n<strong>Komunard\u016f 46<\/strong><br \/>\r\n<strong>170&nbsp;00 Praha&nbsp;7<\/strong><br \/>\r\n<strong>+420&nbsp;770&nbsp;129&nbsp;213<\/strong><\/p>\r\n<p><a href=\"mailto:sprava@7usro.cz\" target=\"_blank\" rel=\"noopener\">sprava@7usro.cz<\/a><br \/>\r\n<a href=\"mailto:stiznosti@7usro.cz\" target=\"_blank\" rel=\"noopener\">stiznosti@7usro.cz<\/a><br \/>\r\n<a href=\"http:\/\/www.7usro.cz\" target=\"_blank\" rel=\"noopener\">www.7usro.cz<\/a><\/p>\r\n<hr \/>\r\n<p>V p\u0159\u00edpad\u011b hav\u00e1ri\u00ed v\u00a0domech, bytech a&nbsp;nebytov\u00fdch prostorech sv\u011b\u0159en\u00fdch M\u010c Praha\u00a07, se mimo b\u011b\u017enou pracovn\u00ed dobu spr\u00e1vn\u00ed firmy 7U s.r.o., pros\u00edm obracejte na havarijn\u00ed linku spr\u00e1vn\u00ed firmy tel.: <strong>+420\u00a0770\u00a0332&nbsp;727<\/strong>\u00a0(neumo\u017e\u0148uje p\u0159ij\u00edmat SMS)<\/p>\r\n<p><strong>Provozn\u00ed doba havarijn\u00ed slu\u017eby<\/strong><br \/>\r\npo: 18.00\u20138.00<br \/>\r\n\u00fat: 16.00\u20138.00<br \/>\r\nst: 18.00\u20138:00<br \/>\r\n\u010dt: 16.00\u20138.00<br \/>\r\np\u00e1: 14.00\u20138.00<br \/>\r\nso: nonstop<br \/>\r\nne: nonstop<\/p>\r\n<p><a href=\"http:\/\/www.7usro.cz\" target=\"_blank\" rel=\"noopener\">www.7usro.cz<\/a> <br \/>\r\n<a href=\"mailto:havarie@7usro.cz\" target=\"_blank\" rel=\"noopener\">havarie@7usro.cz<\/a><\/p>\r\n<p>Havarijn\u00ed slu\u017ebu zabezpe\u010duje p\u0159\u00edmo spr\u00e1vn\u00ed firma<strong> 7U s.r.o.<br \/>\r\n<\/strong><\/p>\r\n<hr \/>\r\n<p>V\u00a0p\u0159\u00edpad\u011b st\u00ed\u017enost\u00ed na n\u00e1jemce M\u010c Praha&nbsp;7 n\u00e1m pros\u00edm napi\u0161te na <a href=\"mailto:najemnici@praha7.cz\">najemnici@praha7.cz<\/a>.<\/p>","protected":false},"excerpt":{"rendered":"Komplexn\u00ed servis spojen\u00fd se spr\u00e1vou, provozem a&nbsp;\u00fadr\u017ebou dom\u016f, byt\u016f i&nbsp;nebytov\u00fdch prostor, kter\u00e9 jsou sv\u011b\u0159en\u00e9 M\u010c Praha&nbsp;7, zaji\u0161\u0165uje spr\u00e1vn\u00ed firma 7U s.r.o. 7U s.r.o. Komunard\u016f 46&nbsp;170&nbsp;00 Praha&nbsp;7 +420&nbsp;770&nbsp;129&nbsp;213 sprava@7usro.cz stiznosti@7usro.cz www.7usro.cz V&nbsp;p\u0159\u00edpad\u011b hav\u00e1ri\u00ed v\u00a0domech, bytech a&nbsp;nebytov\u00fdch prostorech sv\u011b\u0159en\u00fdch M\u010c Praha\u00a07, se mimo b\u011b\u017enou pracovn\u00ed dobu spr\u00e1vn\u00ed firmy 7U s.r.o., pros\u00edm obracejte na havarijn\u00ed linku [&hellip;]","protected":false},"author":2,"featured_media":0,"parent":133,"menu_order":7,"comment_status":"closed","ping_status":"closed","template":"","meta":[],"_links":{"self":[{"href":"https:\/\/www.praha7.cz\/api\/wp\/v2\/pages\/2221"}],"collection":[{"href":"https:\/\/www.praha7.cz\/api\/wp\/v2\/pages"}],"about":[{"href":"https:\/\/www.praha7.cz\/api\/wp\/v2\/types\/page"}],"author":[{"embeddable":true,"href":"https:\/\/www.praha7.cz\/api\/wp\/v2\/users\/2"}],"replies":[{"embeddable":true,"href":"https:\/\/www.praha7.cz\/api\/wp\/v2\/comments?post=2221"}],"version-history":[{"count":52,"href":"https:\/\/www.praha7.cz\/api\/wp\/v2\/pages\/2221\/revisions"}],"predecessor-version":[{"id":86406,"href":"https:\/\/www.praha7.cz\/api\/wp\/v2\/pages\/2221\/revisions\/86406"}],"up":[{"embeddable":true,"href":"https:\/\/www.praha7.cz\/api\/wp\/v2\/pages\/133"}],"wp:attachment":[{"href":"https:\/\/www.praha7.cz\/api\/wp\/v2\/media?parent=2221"}],"curies":[{"name":"wp","href":"https:\/\/api.w.org\/{rel}","templated":true}]}}