    
{"id":21784,"date":"2018-12-04T10:12:02","date_gmt":"2018-12-04T09:12:02","guid":{"rendered":"https:\/\/www.praha7.cz\/?page_id=21784"},"modified":"2026-01-28T20:15:05","modified_gmt":"2026-01-28T19:15:05","slug":"dopravni-komise-rady-mc-praha-7","status":"publish","type":"page","link":"https:\/\/www.praha7.cz\/radnice\/voleni-zastupci-mistni-samospravy\/rada-mc-praha-7\/komise\/dopravni-komise-rady-mc-praha-7\/","title":{"rendered":"Dopravn\u00ed komise Rady M\u010c Praha&nbsp;7"},"content":{"rendered":"<h1>\u010clenov\u00e9 komise:<\/h1>\r\n<table style=\"width: 555.781px;\">\r\n<tbody>\r\n<tr style=\"height: 10px;\">\r\n<td style=\"width: 59px; height: 10px; text-align: left;\"><\/td>\r\n<td style=\"width: 199px; height: 10px; text-align: left;\"><\/td>\r\n<td style=\"width: 301.781px; height: 10px; text-align: left;\"><\/td>\r\n<\/tr>\r\n<tr style=\"height: 24px;\">\r\n<td style=\"width: 59px; height: 24px; text-align: left;\">p\u0159edseda<\/td>\r\n<td style=\"width: 199px; height: 24px; text-align: left;\">Michal \u0160perling\u00a0<\/td>\r\n<td style=\"width: 301.781px; height: 24px; text-align: left;\"><\/td>\r\n<\/tr>\r\n<tr style=\"height: 24px;\">\r\n<td style=\"width: 59px; height: 24px; text-align: left;\">\u010dlen<\/td>\r\n<td style=\"width: 199px; height: 24px; text-align: left;\">Milan Bendl<\/td>\r\n<td style=\"width: 301.781px; height: 24px; text-align: left;\">\u010dlen a&nbsp;nominant Strany Zelen\u00fdch<\/td>\r\n<\/tr>\r\n<tr style=\"height: 24px;\">\r\n<td style=\"width: 59px; height: 24px; text-align: left;\">\u010dlen<\/td>\r\n<td style=\"width: 199px; height: 24px; text-align: left;\">Marek B\u011blor<\/td>\r\n<td style=\"width: 301.781px; height: 24px; text-align: left;\"><\/td>\r\n<\/tr>\r\n<tr style=\"height: 10.75px;\">\r\n<td style=\"width: 59px; height: 10.75px; text-align: left;\">\u010dlen<\/td>\r\n<td style=\"width: 199px; height: 10.75px; text-align: left;\">Ing. arch. Tom\u00e1\u0161 Cach<\/td>\r\n<td style=\"width: 301.781px; height: 10.75px; text-align: left;\"><\/td>\r\n<\/tr>\r\n<tr style=\"height: 24px;\">\r\n<td style=\"width: 59px; height: 24px; text-align: left;\">\u010dlen<\/td>\r\n<td style=\"width: 199px; height: 24px; text-align: left;\">Petr Havl\u00ed\u010dek<\/td>\r\n<td style=\"width: 301.781px; height: 24px; text-align: left;\"><\/td>\r\n<\/tr>\r\n<tr style=\"height: 48px;\">\r\n<td style=\"width: 59px; height: 48px; text-align: left;\">\u010dlen<\/td>\r\n<td style=\"width: 199px; height: 48px; text-align: left;\">Ing. arch. Mat\u011bj \u010cun\u00e1t<\/td>\r\n<td style=\"width: 301.781px; height: 48px; text-align: left;\">\u010dlen Zastupitelstva M\u010c Praha&nbsp;7 a&nbsp;nominat \u010cesk\u00e9 pir\u00e1tsk\u00e9 strany\u00a0<\/td>\r\n<\/tr>\r\n<tr style=\"height: 48px;\">\r\n<td style=\"width: 59px; height: 48px; text-align: left;\">\u010dlen\u00a0<\/td>\r\n<td style=\"width: 199px; height: 48px; text-align: left;\">Mgr. et Mgr. Vladan Bro\u017e<\/td>\r\n<td style=\"width: 301.781px; height: 48px; text-align: left;\">\u010dlen Zastupitelstva M\u010c Praha\u00a07<\/td>\r\n<\/tr>\r\n<\/tbody>\r\n<\/table>\r\n<p>&nbsp;<\/p>\r\n<p><strong>Tajemn\u00edk<\/strong>: Mgr. Ond\u0159ej Mirovsk\u00fd, M.EM * \u010dlen Strany Zelen\u00fdch a&nbsp;nominant Praha Sob\u011b: <a href=\"mailto:mirovskyo@praha7.cz\">mirovskyo@praha7.cz<\/a><\/p>\r\n<hr \/>\r\n<h1><strong>P\u0159ehled zased\u00e1n\u00ed:<\/strong><\/h1>\r\n<ul>\r\n\t<li><strong>od 17:30 do 19 hodin, 5.&nbsp;patro radnice (m\u00edstnost 5.15)<\/strong><\/li>\r\n<\/ul>\r\n        <div class=\"collapse-block\">\r\n            <div class=\"card-header\" role=\"tab\" id=\"heading0f111f9b5641db2fa65e2b70db8e7313cda6ac8b\">\r\n                                    <h3 class=\"mb-0\">\r\n                        <a data-toggle=\"collapse\" href=\"#collapse0f111f9b5641db2fa65e2b70db8e7313cda6ac8b\" aria-controls=\"collapse0f111f9b5641db2fa65e2b70db8e7313cda6ac8b\">\r\n                            Rok 2025                            <i class=\"fa fa-2x fa-angle-down\" aria-hidden=\"true\"><\/i>\r\n                        <\/a>\r\n                    <\/h3>\r\n                                \r\n            <\/div>\r\n\r\n            <div id=\"collapse0f111f9b5641db2fa65e2b70db8e7313cda6ac8b\" class=\"collapse\" data-id=\"0f111f9b5641db2fa65e2b70db8e7313cda6ac8b\" role=\"tabpanel\" aria-labelledby=\"heading0f111f9b5641db2fa65e2b70db8e7313cda6ac8b\">\r\n                <div class=\"card-block\">\r\n    \r\n<p>\u00danor (5.&nbsp;2.)<\/p>\r\n<ul>\r\n\t<li><a href=\"https:\/\/www.praha7.cz\/wp-content\/uploads\/2025\/09\/DK_zapis_5_2_2025.pdf\" target=\"_blank\" rel=\"noopener\">Z\u00e1pis z&nbsp;jedn\u00e1n\u00ed<\/a><\/li>\r\n<\/ul>\r\n<p>B\u0159ezen (5.&nbsp;3.)<\/p>\r\n<ul>\r\n\t<li><a href=\"https:\/\/www.praha7.cz\/wp-content\/uploads\/2025\/09\/DK_zapis_5_3_2025.pdf\" target=\"_blank\" rel=\"noopener\">Z\u00e1pis z&nbsp;jedn\u00e1n\u00ed<\/a><\/li>\r\n<\/ul>\r\n<p>Duben (16.&nbsp;4.)<\/p>\r\n<ul>\r\n\t<li><a href=\"https:\/\/www.praha7.cz\/wp-content\/uploads\/2025\/09\/DK_zapis_16_4_2025.pdf\" target=\"_blank\" rel=\"noopener\">Z\u00e1pis z&nbsp;jedn\u00e1n\u00ed<\/a><\/li>\r\n<\/ul>\r\n<p>\u010cerven (18.&nbsp;6.)<\/p>\r\n<ul>\r\n\t<li><a href=\"https:\/\/www.praha7.cz\/wp-content\/uploads\/2025\/09\/DK_zapis_18_6_2025.pdf\" target=\"_blank\" rel=\"noopener\">Z\u00e1pis z&nbsp;jedn\u00e1n\u00ed<\/a><\/li>\r\n<\/ul>\r\n<p>Z\u00e1\u0159\u00ed (10.&nbsp;9.)<\/p>\r\n<ul>\r\n\t<li><a href=\"https:\/\/www.praha7.cz\/wp-content\/uploads\/2025\/11\/DK_zapis_10_9_2025.pdf\" target=\"_blank\" rel=\"noopener\">Z\u00e1pis z&nbsp;jedn\u00e1n\u00ed<\/a><\/li>\r\n<\/ul>\r\n<p>Prosinec (10.&nbsp;12.)<\/p>\r\n<ul>\r\n\t<li><a href=\"https:\/\/www.praha7.cz\/wp-content\/uploads\/2026\/01\/DK_zapis_10_12_2025.pdf\" target=\"_blank\" rel=\"noopener\">Z\u00e1pis z&nbsp;jedn\u00e1n\u00ed<\/a><\/li>\r\n<\/ul>\r\n                <\/div>\r\n            <\/div>\r\n        <\/div>\r\n    \r\n        <div class=\"collapse-block\">\r\n            <div class=\"card-header\" role=\"tab\" id=\"heading0853a48a74f5c49f79d44e59c3d9422ac0abddc3\">\r\n                                    <h3 class=\"mb-0\">\r\n                        <a data-toggle=\"collapse\" href=\"#collapse0853a48a74f5c49f79d44e59c3d9422ac0abddc3\" aria-controls=\"collapse0853a48a74f5c49f79d44e59c3d9422ac0abddc3\">\r\n                            Rok 2024                            <i class=\"fa fa-2x fa-angle-down\" aria-hidden=\"true\"><\/i>\r\n                        <\/a>\r\n                    <\/h3>\r\n                                \r\n            <\/div>\r\n\r\n            <div id=\"collapse0853a48a74f5c49f79d44e59c3d9422ac0abddc3\" class=\"collapse\" data-id=\"0853a48a74f5c49f79d44e59c3d9422ac0abddc3\" role=\"tabpanel\" aria-labelledby=\"heading0853a48a74f5c49f79d44e59c3d9422ac0abddc3\">\r\n                <div class=\"card-block\">\r\n    \r\n<p>Leden (24.&nbsp;1.)<\/p>\r\n<ul>\r\n\t<li><a href=\"https:\/\/www.praha7.cz\/wp-content\/uploads\/2024\/04\/DK_zapis_24_1_2024.pdf\" target=\"_blank\" rel=\"noopener\">Z\u00e1pis z&nbsp;jedn\u00e1n\u00ed<\/a><\/li>\r\n<\/ul>\r\n<p>B\u0159ezen (13.&nbsp;3.)<\/p>\r\n<ul>\r\n\t<li><a href=\"https:\/\/www.praha7.cz\/wp-content\/uploads\/2024\/04\/DK_zapis_13_3_2024.pdf\" target=\"_blank\" rel=\"noopener\">Z\u00e1pis z&nbsp;jedn\u00e1n\u00ed<\/a><\/li>\r\n<\/ul>\r\n<p>Duben (24.&nbsp;4.)\u00a0<\/p>\r\n<ul>\r\n\t<li><a href=\"https:\/\/www.praha7.cz\/wp-content\/uploads\/2024\/04\/program-4.pdf\" target=\"_blank\" rel=\"noopener\">Program jedn\u00e1n\u00ed<\/a><\/li>\r\n\t<li><a href=\"https:\/\/www.praha7.cz\/wp-content\/uploads\/2024\/06\/DK_zapis_24_4_2024.pdf\" target=\"_blank\" rel=\"noopener\">Z\u00e1pis z&nbsp;jedn\u00e1n\u00ed<\/a><\/li>\r\n<\/ul>\r\n<p>\u010cerven (25.&nbsp;6.)<\/p>\r\n<ul>\r\n\t<li><a href=\"https:\/\/www.praha7.cz\/wp-content\/uploads\/2024\/07\/DK_zapis_25_6_2024.pdf\" target=\"_blank\" rel=\"noopener\">Z\u00e1pis z&nbsp;jedn\u00e1n\u00ed<\/a><\/li>\r\n<\/ul>\r\n<p>Z\u00e1\u0159\u00ed (11.&nbsp;9.)<\/p>\r\n<ul>\r\n\t<li><a href=\"https:\/\/www.praha7.cz\/wp-content\/uploads\/2024\/09\/DK_zapis_11_9_2024.pdf\" target=\"_blank\" rel=\"noopener\">Z\u00e1pis z&nbsp;jedn\u00e1n\u00ed<\/a><\/li>\r\n<\/ul>\r\n<p>\u0158\u00edjen (16.&nbsp;10.)<\/p>\r\n<ul>\r\n\t<li><a href=\"https:\/\/www.praha7.cz\/wp-content\/uploads\/2025\/01\/DK_zapis_16_10_2024.pdf\" target=\"_blank\" rel=\"noopener\">Z\u00e1pis z&nbsp;jedn\u00e1n\u00ed<\/a><\/li>\r\n<\/ul>\r\n<p>Listopad (27.&nbsp;11.)<\/p>\r\n<ul>\r\n\t<li><a href=\"https:\/\/www.praha7.cz\/wp-content\/uploads\/2024\/12\/DK_zapis_27_11_2024.pdf\" target=\"_blank\" rel=\"noopener\">Z\u00e1pis z&nbsp;jedn\u00e1n\u00ed<\/a> + <a href=\"https:\/\/www.praha7.cz\/wp-content\/uploads\/2024\/12\/Navrh-uprav-ZPS.pdf\" target=\"_blank\" rel=\"noopener\">dodatek<\/a><\/li>\r\n<\/ul>\r\n                <\/div>\r\n            <\/div>\r\n        <\/div>\r\n    \r\n        <div class=\"collapse-block\">\r\n            <div class=\"card-header\" role=\"tab\" id=\"heading894dbd2ec02eb2fe683684dc0a68dcdeff6c753b\">\r\n                                    <h3 class=\"mb-0\">\r\n                        <a data-toggle=\"collapse\" href=\"#collapse894dbd2ec02eb2fe683684dc0a68dcdeff6c753b\" aria-controls=\"collapse894dbd2ec02eb2fe683684dc0a68dcdeff6c753b\">\r\n                            Rok 2023                            <i class=\"fa fa-2x fa-angle-down\" aria-hidden=\"true\"><\/i>\r\n                        <\/a>\r\n                    <\/h3>\r\n                                \r\n            <\/div>\r\n\r\n            <div id=\"collapse894dbd2ec02eb2fe683684dc0a68dcdeff6c753b\" class=\"collapse\" data-id=\"894dbd2ec02eb2fe683684dc0a68dcdeff6c753b\" role=\"tabpanel\" aria-labelledby=\"heading894dbd2ec02eb2fe683684dc0a68dcdeff6c753b\">\r\n                <div class=\"card-block\">\r\n    \r\n<p>Leden (18.&nbsp;1)<\/p>\r\n<ul>\r\n\t<li><a href=\"https:\/\/www.praha7.cz\/wp-content\/uploads\/2023\/01\/Program.pdf\">Program jedn\u00e1n\u00ed<\/a><\/li>\r\n\t<li><a href=\"https:\/\/www.praha7.cz\/wp-content\/uploads\/2023\/02\/Z\u00e1pis_DK_18_1_2023_fin.pdf\">Z\u00e1pis z&nbsp;jedn\u00e1n\u00ed<\/a>\u00a0+ <a href=\"https:\/\/www.praha7.cz\/wp-content\/uploads\/2023\/02\/P\u0159\u00edloha...Kultura-sdileni-prostoru_2021-03.pdf\">P\u0159\u00edloha 1 (Kultura sd\u00edlen\u00ed ve\u0159ejn\u00fdch prostranstv\u00ed)<\/a> + <a href=\"https:\/\/www.praha7.cz\/wp-content\/uploads\/2023\/02\/priloha_Cach_KDC_HMP_C-01.pdf\">P\u0159\u00edloha 2 (KDC1)<\/a> + <a href=\"https:\/\/www.praha7.cz\/wp-content\/uploads\/2023\/02\/priloha_Cach_KDC_HMP_D-01_Bub-Dej.pdf\">P\u0159\u00edloha 3 (KDC3)<\/a> + <a href=\"https:\/\/www.praha7.cz\/wp-content\/uploads\/2023\/02\/P\u0159\u00edloha...Skalecka_2023-01-30-draft-1.pdf\">P\u0159\u00edloha 4 (Skaleck\u00e1 N\u00c1VRH)<\/a> + <a href=\"https:\/\/www.praha7.cz\/wp-content\/uploads\/2023\/02\/P\u0159\u00edloha...Skalecka-STAV.jpg\">P\u0159\u00edloha 5 (Skaleck\u00e1 STAV)<\/a> + <a href=\"https:\/\/www.praha7.cz\/usneseni\/?id=34642&amp;type=regularRes\">odkaz na petici<\/a><\/li>\r\n<\/ul>\r\n<p>\u00danor (23.&nbsp;2.)<\/p>\r\n<ul>\r\n\t<li><a href=\"https:\/\/www.praha7.cz\/wp-content\/uploads\/2023\/02\/program-dopravn\u00ed-komise_2_2023.pdf\">Program jedn\u00e1n\u00ed<\/a><\/li>\r\n\t<li><a href=\"https:\/\/www.praha7.cz\/wp-content\/uploads\/2023\/03\/Z\u00e1pis_DK_23_2_2023.pdf\">Z\u00e1pis z&nbsp;jedn\u00e1n\u00ed<\/a><\/li>\r\n<\/ul>\r\n<p>B\u0159ezen (29.&nbsp;3.)<\/p>\r\n<ul>\r\n\t<li><a href=\"https:\/\/www.praha7.cz\/wp-content\/uploads\/2023\/04\/Program_DK_3.pdf\">Program jedn\u00e1n\u00ed<\/a><\/li>\r\n\t<li><a href=\"https:\/\/www.praha7.cz\/wp-content\/uploads\/2023\/04\/Z\u00e1pis-DK-29.3.2023.pdf\">Z\u00e1pis z&nbsp;jedn\u00e1n\u00ed<\/a><\/li>\r\n<\/ul>\r\n<p>Duben (19.&nbsp;4.)<\/p>\r\n<ul>\r\n\t<li><a href=\"https:\/\/www.praha7.cz\/wp-content\/uploads\/2023\/04\/Program_DK_4.pdf\">Program jedn\u00e1n\u00ed<\/a><\/li>\r\n\t<li><a href=\"https:\/\/www.praha7.cz\/wp-content\/uploads\/2023\/05\/Zapis_DK_19_4_202.pdf\">Z\u00e1pis z&nbsp;jedn\u00e1n\u00ed<\/a> + <a href=\"https:\/\/www.praha7.cz\/wp-content\/uploads\/2023\/05\/Socharska-Ie-pro-TSK-1.pdf\">p\u0159\u00edloha<\/a><\/li>\r\n<\/ul>\r\n<p>Kv\u011bten (17.&nbsp;5.)<\/p>\r\n<ul>\r\n\t<li><a href=\"https:\/\/www.praha7.cz\/wp-content\/uploads\/2023\/05\/DK_kveten.pdf\">Program jedn\u00e1n\u00ed<\/a><\/li>\r\n\t<li><a href=\"https:\/\/www.praha7.cz\/wp-content\/uploads\/2023\/06\/Zapis_DK_17_5_2023_fin.pdf\">Z\u00e1pis z&nbsp;jedn\u00e1n\u00ed<\/a><\/li>\r\n<\/ul>\r\n<p>Z\u00e1\u0159\u00ed (13.&nbsp;9.)<\/p>\r\n<ul>\r\n\t<li><a href=\"https:\/\/www.praha7.cz\/wp-content\/uploads\/2023\/12\/Zapis_DK_13_9_2023.pdf\" target=\"_blank\" rel=\"noopener\">Z\u00e1pis z&nbsp;jedn\u00e1n\u00ed<\/a><\/li>\r\n<\/ul>\r\n<p>Listopad (1.&nbsp;11.)<\/p>\r\n<ul>\r\n\t<li><a href=\"https:\/\/www.praha7.cz\/wp-content\/uploads\/2023\/12\/Zapis_DK_1_11_2023.pdf\" target=\"_blank\" rel=\"noopener\">Z\u00e1pis z&nbsp;jedn\u00e1n\u00ed<\/a><\/li>\r\n<\/ul>\r\n<p>Prosinec (6.&nbsp;12.)<\/p>\r\n<ul>\r\n\t<li><a href=\"https:\/\/www.praha7.cz\/wp-content\/uploads\/2023\/12\/Program_DK.pdf\" target=\"_blank\" rel=\"noopener\">Program jedn\u00e1n\u00ed<\/a><\/li>\r\n<\/ul>\r\n                <\/div>\r\n            <\/div>\r\n        <\/div>\r\n    \r\n        <div class=\"collapse-block\">\r\n            <div class=\"card-header\" role=\"tab\" id=\"heading2a364bed33f274799f0d1effbaf1ae3f438615e8\">\r\n                                    <h3 class=\"mb-0\">\r\n                        <a data-toggle=\"collapse\" href=\"#collapse2a364bed33f274799f0d1effbaf1ae3f438615e8\" aria-controls=\"collapse2a364bed33f274799f0d1effbaf1ae3f438615e8\">\r\n                            Rok 2022                            <i class=\"fa fa-2x fa-angle-down\" aria-hidden=\"true\"><\/i>\r\n                        <\/a>\r\n                    <\/h3>\r\n                                \r\n            <\/div>\r\n\r\n            <div id=\"collapse2a364bed33f274799f0d1effbaf1ae3f438615e8\" class=\"collapse\" data-id=\"2a364bed33f274799f0d1effbaf1ae3f438615e8\" role=\"tabpanel\" aria-labelledby=\"heading2a364bed33f274799f0d1effbaf1ae3f438615e8\">\r\n                <div class=\"card-block\">\r\n    \r\n<p>\u00danor (2.&nbsp;2.)<\/p>\r\n<ul>\r\n\t<li><a href=\"https:\/\/www.praha7.cz\/wp-content\/uploads\/2022\/02\/Z\u00e1pis-z-DK1-22.doc\">Z\u00e1pis z&nbsp;jedn\u00e1n\u00ed<\/a><\/li>\r\n<\/ul>\r\n<p>B\u0159ezen (23.&nbsp;3.)<\/p>\r\n<ul>\r\n\t<li><a href=\"https:\/\/www.praha7.cz\/wp-content\/uploads\/2022\/04\/Za\u0301pis-z-DK2-22_final-kopie.doc\">Z\u00e1pis z&nbsp;jedn\u00e1n\u00ed<\/a><\/li>\r\n<\/ul>\r\n<p>Duben (27.&nbsp;4.)<\/p>\r\n<ul>\r\n\t<li><a href=\"https:\/\/www.praha7.cz\/wp-content\/uploads\/2022\/04\/Pozv\u00e1nka_DK_duben22.docx\">Pozv\u00e1nka na jedn\u00e1n\u00ed<\/a><\/li>\r\n<\/ul>\r\n<p>\u010cerven (8.&nbsp;6.)<\/p>\r\n<ul>\r\n\t<li><a href=\"https:\/\/www.praha7.cz\/wp-content\/uploads\/2022\/06\/Z\u00e1pis-z-DK4M-22.pdf\">Z\u00e1pis z&nbsp;jedn\u00e1n\u00ed<\/a><\/li>\r\n<\/ul>\r\n<p>Z\u00e1\u0159\u00ed (7.&nbsp;9.) \u2013 zru\u0161eno<\/p>\r\n<p>\u0158\u00edjen (12.&nbsp;10.)<\/p>\r\n<p>Listopad (23.&nbsp;11.)<\/p>\r\n<p>Prosinec (14.&nbsp;12.)<\/p>\r\n<ul>\r\n\t<li><a href=\"https:\/\/www.praha7.cz\/wp-content\/uploads\/2023\/01\/Z\u00e1pis_DK_14_12_2022.pdf\">Z\u00e1pis z&nbsp;jedn\u00e1n\u00ed<\/a><\/li>\r\n<\/ul>\r\n                <\/div>\r\n            <\/div>\r\n        <\/div>\r\n    \r\n        <div class=\"collapse-block\">\r\n            <div class=\"card-header\" role=\"tab\" id=\"headingbd0e243a445feeabd674cbebc2f1dfc2b871bea8\">\r\n                                    <h3 class=\"mb-0\">\r\n                        <a data-toggle=\"collapse\" href=\"#collapsebd0e243a445feeabd674cbebc2f1dfc2b871bea8\" aria-controls=\"collapsebd0e243a445feeabd674cbebc2f1dfc2b871bea8\">\r\n                            Rok 2021                            <i class=\"fa fa-2x fa-angle-down\" aria-hidden=\"true\"><\/i>\r\n                        <\/a>\r\n                    <\/h3>\r\n                                \r\n            <\/div>\r\n\r\n            <div id=\"collapsebd0e243a445feeabd674cbebc2f1dfc2b871bea8\" class=\"collapse\" data-id=\"bd0e243a445feeabd674cbebc2f1dfc2b871bea8\" role=\"tabpanel\" aria-labelledby=\"headingbd0e243a445feeabd674cbebc2f1dfc2b871bea8\">\r\n                <div class=\"card-block\">\r\n    \r\n<p>Leden (20.&nbsp;1.)<\/p>\r\n<ul>\r\n\t<li><a href=\"https:\/\/www.praha7.cz\/wp-content\/uploads\/2021\/01\/Za\u0301pis-z-DK1-21.pdf\">Z\u00e1pis z&nbsp;jedn\u00e1n\u00ed<\/a><\/li>\r\n<\/ul>\r\n<p>B\u0159ezen (10.&nbsp;3., 17.&nbsp;3.&nbsp;a&nbsp;24.&nbsp;3.)<\/p>\r\n<ul>\r\n\t<li><a href=\"https:\/\/www.praha7.cz\/wp-content\/uploads\/2021\/04\/Z\u00e1pis-z-DK2-21-k-US-Bubny-Z\u00e1tory.pdf\">Z\u00e1pis z&nbsp;jedn\u00e1n\u00ed<\/a> + <a href=\"https:\/\/www.praha7.cz\/wp-content\/uploads\/2021\/04\/Z\u00e1pis-z-DK-2-21-Pgrafika.pdf\">p\u0159\u00edloha \u010d. 1<\/a>, <a href=\"https:\/\/www.praha7.cz\/wp-content\/uploads\/2021\/04\/Z\u00e1pis-z-DK-2-21-Ptabulka.pdf\">p\u0159\u00edloha \u010d. 2.\u00a0<\/a><\/li>\r\n<\/ul>\r\n<p>Duben (28.&nbsp;4.)<\/p>\r\n<ul>\r\n\t<li><a href=\"https:\/\/www.praha7.cz\/wp-content\/uploads\/2021\/12\/Z\u00e1pis-z-DK3-21.pdf\">Z\u00e1pis z&nbsp;jedn\u00e1n\u00ed<\/a><\/li>\r\n<\/ul>\r\n<p>\u010cerven (2.&nbsp;6.)<\/p>\r\n<ul>\r\n\t<li><a href=\"https:\/\/www.praha7.cz\/wp-content\/uploads\/2021\/12\/Z\u00e1pis-z-DK4-21.pdf\">Z\u00e1pis z&nbsp;jedn\u00e1n\u00ed<\/a><\/li>\r\n<\/ul>\r\n<p>Z\u00e1\u0159\u00ed (15.&nbsp;9.)<\/p>\r\n<ul>\r\n\t<li><a href=\"https:\/\/www.praha7.cz\/wp-content\/uploads\/2021\/12\/Z\u00e1pis-z-DK5-21.pdf\">Z\u00e1pis z&nbsp;jedn\u00e1n\u00ed<\/a><\/li>\r\n<\/ul>\r\n<p>\u0158\u00edjen (25.&nbsp;10.)<\/p>\r\n<ul>\r\n\t<li><a href=\"https:\/\/www.praha7.cz\/wp-content\/uploads\/2021\/11\/Za\u0301pis-z-DK6-21.pdf\">Z\u00e1pis z&nbsp;jedn\u00e1n\u00ed<\/a><\/li>\r\n<\/ul>\r\n<p>Prosinec (15.&nbsp;12.)<\/p>\r\n                <\/div>\r\n            <\/div>\r\n        <\/div>\r\n    \r\n        <div class=\"collapse-block\">\r\n            <div class=\"card-header\" role=\"tab\" id=\"headingf4fe6cf8a8ef23ecc70334505d2ddd72e73c3b41\">\r\n                                    <h3 class=\"mb-0\">\r\n                        <a data-toggle=\"collapse\" href=\"#collapsef4fe6cf8a8ef23ecc70334505d2ddd72e73c3b41\" aria-controls=\"collapsef4fe6cf8a8ef23ecc70334505d2ddd72e73c3b41\">\r\n                            Rok 2020                            <i class=\"fa fa-2x fa-angle-down\" aria-hidden=\"true\"><\/i>\r\n                        <\/a>\r\n                    <\/h3>\r\n                                \r\n            <\/div>\r\n\r\n            <div id=\"collapsef4fe6cf8a8ef23ecc70334505d2ddd72e73c3b41\" class=\"collapse\" data-id=\"f4fe6cf8a8ef23ecc70334505d2ddd72e73c3b41\" role=\"tabpanel\" aria-labelledby=\"headingf4fe6cf8a8ef23ecc70334505d2ddd72e73c3b41\">\r\n                <div class=\"card-block\">\r\n    \r\n<p>Leden (29.&nbsp;1.)<\/p>\r\n<ul>\r\n\t<li><a href=\"https:\/\/www.praha7.cz\/wp-content\/uploads\/2020\/03\/Z\u00e1pis-z-DK1-20.pdf\">Z\u00e1pis z&nbsp;jedn\u00e1n\u00ed<\/a><\/li>\r\n<\/ul>\r\n<p>B\u0159ezen (11.&nbsp;3.)<\/p>\r\n<ul>\r\n\t<li><a href=\"https:\/\/www.praha7.cz\/wp-content\/uploads\/2020\/11\/Z\u00e1pis-z-DK2-20.pdf\">Z\u00e1pis z&nbsp;jedn\u00e1n\u00ed<\/a><\/li>\r\n<\/ul>\r\n<p>Duben (15., 22.&nbsp;a&nbsp;29.&nbsp;4.) \u2013 komise prob\u011bhly online<\/p>\r\n<p>\u010cerven (17.&nbsp;6.)\u00a0<\/p>\r\n<ul>\r\n\t<li><a href=\"https:\/\/www.praha7.cz\/wp-content\/uploads\/2020\/11\/Z\u00e1pis-DK4-20.pdf\">Z\u00e1pis z&nbsp;jedn\u00e1n\u00ed<\/a><\/li>\r\n<\/ul>\r\n<p>Z\u00e1\u0159\u00ed (16.&nbsp;9.)<\/p>\r\n<ul>\r\n\t<li><a href=\"https:\/\/www.praha7.cz\/wp-content\/uploads\/2020\/10\/Za\u0301pis-z-DK5-20.pdf\">Z\u00e1pis z&nbsp;jedn\u00e1n\u00ed<\/a><\/li>\r\n<\/ul>\r\n<p>\u0158\u00edjen (21.&nbsp;10.)<\/p>\r\n<ul>\r\n\t<li><a href=\"https:\/\/www.praha7.cz\/wp-content\/uploads\/2020\/11\/Za\u0301pis-z-DK6-20.pdf\">Z\u00e1pis z&nbsp;jedn\u00e1n\u00ed<\/a><\/li>\r\n<\/ul>\r\n<p>Prosinec (2.&nbsp;12.)<\/p>\r\n<ul>\r\n\t<li><a href=\"https:\/\/www.praha7.cz\/wp-content\/uploads\/2021\/02\/Z\u00e1pis-z-DK7-20.pdf\">Z\u00e1pis z&nbsp;jedn\u00e1n\u00ed<\/a><\/li>\r\n<\/ul>\r\n                <\/div>\r\n            <\/div>\r\n        <\/div>\r\n    \r\n        <div class=\"collapse-block\">\r\n            <div class=\"card-header\" role=\"tab\" id=\"headingefdc55dae3eb3358c0259c23358e329d14a141a1\">\r\n                                    <h3 class=\"mb-0\">\r\n                        <a data-toggle=\"collapse\" href=\"#collapseefdc55dae3eb3358c0259c23358e329d14a141a1\" aria-controls=\"collapseefdc55dae3eb3358c0259c23358e329d14a141a1\">\r\n                            Rok 2019                            <i class=\"fa fa-2x fa-angle-down\" aria-hidden=\"true\"><\/i>\r\n                        <\/a>\r\n                    <\/h3>\r\n                                \r\n            <\/div>\r\n\r\n            <div id=\"collapseefdc55dae3eb3358c0259c23358e329d14a141a1\" class=\"collapse\" data-id=\"efdc55dae3eb3358c0259c23358e329d14a141a1\" role=\"tabpanel\" aria-labelledby=\"headingefdc55dae3eb3358c0259c23358e329d14a141a1\">\r\n                <div class=\"card-block\">\r\n    \r\n<p>Leden (31.&nbsp;1.)<\/p>\r\n<ul>\r\n\t<li><a href=\"https:\/\/www.praha7.cz\/wp-content\/uploads\/2019\/03\/Z\u00e1pis-z-DK1-19.pdf\">Z\u00e1pis z&nbsp;jedn\u00e1n\u00ed<\/a><\/li>\r\n<\/ul>\r\n<p>B\u0159ezen (6.&nbsp;3.)<\/p>\r\n<ul>\r\n\t<li><a href=\"https:\/\/www.praha7.cz\/wp-content\/uploads\/2019\/03\/Z\u00e1pis-z-DK2-19.pdf\">Z\u00e1pis z&nbsp;jedn\u00e1n\u00ed<\/a><\/li>\r\n<\/ul>\r\n<p>Duben (10.&nbsp;4)<\/p>\r\n<ul>\r\n\t<li><a href=\"https:\/\/www.praha7.cz\/wp-content\/uploads\/2019\/04\/Pozv\u00e1nka-na-3_DK.pdf\">Pozv\u00e1nka na jedn\u00e1n\u00ed<\/a><\/li>\r\n\t<li><a href=\"https:\/\/www.praha7.cz\/wp-content\/uploads\/2019\/05\/Z\u00e1pis-z-DK3-19..pdf\">Z\u00e1pis z&nbsp;jedn\u00e1n\u00ed<\/a><\/li>\r\n\t<li><a href=\"https:\/\/www.praha7.cz\/wp-content\/uploads\/2019\/05\/Ochrana-chodcu-na-chodnicich_P7_2019-04_verejne.pdf\">Zaji\u0161t\u011bn\u00ed ochrany chodc\u016f na chodn\u00edc\u00edch \u2013 p\u0159\u00edklady M\u010c Praha&nbsp;7<\/a><\/li>\r\n<\/ul>\r\n<p>Z\u00e1\u0159\u00ed (11.&nbsp;9.)<\/p>\r\n<ul>\r\n\t<li><a href=\"https:\/\/www.praha7.cz\/wp-content\/uploads\/2019\/09\/Z\u00e1pis-z-DK5-19.pdf\">Z\u00e1pis z&nbsp;jedn\u00e1n\u00ed\u00a0<\/a><\/li>\r\n<\/ul>\r\n<p>\u00a0 \u00a0 \u00a0 \u00a0 \u00a0(18.&nbsp;9. )<\/p>\r\n<ul>\r\n\t<li><a href=\"https:\/\/www.praha7.cz\/wp-content\/uploads\/2019\/09\/Z\u00e1pis-z-DK6-19.pdf\">Z\u00e1pis z&nbsp;jedn\u00e1n\u00ed<\/a>\u00a0+ <a href=\"https:\/\/www.praha7.cz\/wp-content\/uploads\/2019\/09\/komise-dopravni-MC-P7_2019-09-18_prilohy-usneseni.pdf\">p\u0159\u00edlohy<\/a><\/li>\r\n<\/ul>\r\n<p>\u0158\u00edjen (16.&nbsp;10.)<\/p>\r\n<ul>\r\n\t<li><a href=\"https:\/\/www.praha7.cz\/wp-content\/uploads\/2019\/11\/Z\u00e1pis-z-DK7-19-1.pdf\">Z\u00e1pis z&nbsp;jedn\u00e1n\u00ed<\/a><\/li>\r\n<\/ul>\r\n<p>Listopad (20.&nbsp;11.)\u00a0<\/p>\r\n<ul>\r\n\t<li><a href=\"https:\/\/www.praha7.cz\/wp-content\/uploads\/2019\/11\/Z\u00e1pis-z-DK8-19.pdf\">Z\u00e1pis z&nbsp;jedn\u00e1n\u00ed<\/a><\/li>\r\n<\/ul>\r\n<p>Prosinec (11.&nbsp;12.)<\/p>\r\n<ul>\r\n\t<li><a href=\"https:\/\/www.praha7.cz\/wp-content\/uploads\/2019\/12\/Z\u00e1pis-z-DK.pdf\">Z\u00e1pis z&nbsp;jedn\u00e1n\u00ed<\/a><\/li>\r\n<\/ul>\r\n                <\/div>\r\n            <\/div>\r\n        <\/div>\r\n    \r\n<p>&nbsp;<\/p>\r\n<h3><a href=\"https:\/\/www.praha7.cz\/radnice\/voleni-zastupci-mistni-samospravy\/rada-mc-praha-7\/archiv-komisi-a-vyboru-2014-2018\/2950-2\/\">Archiv Dopravn\u00ed komise (2014\u20132018)<\/a><\/h3>\r\n<p>&nbsp;<\/p>","protected":false},"excerpt":{"rendered":"\u010clenov\u00e9 komise: p\u0159edseda Michal \u0160perling\u00a0 \u010dlen Milan Bendl \u010dlen a&nbsp;nominant Strany Zelen\u00fdch \u010dlen Marek B\u011blor \u010dlen Ing. arch. Tom\u00e1\u0161 Cach \u010dlen Petr Havl\u00ed\u010dek \u010dlen Ing. arch. Mat\u011bj \u010cun\u00e1t \u010dlen Zastupitelstva M\u010c Praha&nbsp;7 a&nbsp;nominat \u010cesk\u00e9 pir\u00e1tsk\u00e9 strany\u00a0 \u010dlen\u00a0 Mgr. et Mgr. Vladan Bro\u017e \u010dlen Zastupitelstva M\u010c Praha\u00a07 &nbsp; Tajemn\u00edk: Mgr. Ond\u0159ej Mirovsk\u00fd, M.EM * \u010dlen Strany [&hellip;]","protected":false},"author":76,"featured_media":0,"parent":21292,"menu_order":0,"comment_status":"closed","ping_status":"closed","template":"","meta":[],"_links":{"self":[{"href":"https:\/\/www.praha7.cz\/api\/wp\/v2\/pages\/21784"}],"collection":[{"href":"https:\/\/www.praha7.cz\/api\/wp\/v2\/pages"}],"about":[{"href":"https:\/\/www.praha7.cz\/api\/wp\/v2\/types\/page"}],"author":[{"embeddable":true,"href":"https:\/\/www.praha7.cz\/api\/wp\/v2\/users\/76"}],"replies":[{"embeddable":true,"href":"https:\/\/www.praha7.cz\/api\/wp\/v2\/comments?post=21784"}],"version-history":[{"count":100,"href":"https:\/\/www.praha7.cz\/api\/wp\/v2\/pages\/21784\/revisions"}],"predecessor-version":[{"id":89418,"href":"https:\/\/www.praha7.cz\/api\/wp\/v2\/pages\/21784\/revisions\/89418"}],"up":[{"embeddable":true,"href":"https:\/\/www.praha7.cz\/api\/wp\/v2\/pages\/21292"}],"wp:attachment":[{"href":"https:\/\/www.praha7.cz\/api\/wp\/v2\/media?parent=21784"}],"curies":[{"name":"wp","href":"https:\/\/api.w.org\/{rel}","templated":true}]}}