    
{"id":2157,"date":"2017-08-14T11:07:32","date_gmt":"2017-08-14T09:07:32","guid":{"rendered":"https:\/\/praha7.cz\/?page_id=2157"},"modified":"2025-12-17T11:49:53","modified_gmt":"2025-12-17T10:49:53","slug":"pripravne-tridy-pri-zakladnich-skolach","status":"publish","type":"page","link":"https:\/\/www.praha7.cz\/potrebuji-zaridit\/skolstvi\/zakladni-skoly\/pripravne-tridy-pri-zakladnich-skolach\/","title":{"rendered":"P\u0159\u00edpravn\u00e9 t\u0159\u00eddy p\u0159i z\u00e1kladn\u00edch \u0161kol\u00e1ch"},"content":{"rendered":"<p>[perex]<\/p>\r\n<p>Pro koho jsou ur\u010deny p\u0159\u00edpravn\u00e9 t\u0159\u00eddy? Pro d\u011bti s\u00a0odkladem \u0161koln\u00ed doch\u00e1zky a\u00a0pro p\u0159ed\u0161kol\u00e1ky. V\u00a0Praze 7 je p\u0159i ka\u017ed\u00e9 z\u00e1kladn\u00ed \u0161kole (krom\u011b Z\u0160 Fr. Plam\u00ednkov\u00e9) z\u0159\u00edzena p\u0159\u00edpravn\u00e1 t\u0159\u00edda, kter\u00e1 je ur\u010dena pro d\u011bti s\u00a0odkladem \u0161koln\u00ed doch\u00e1zky a\u00a0pro d\u011bti v\u00a0posledn\u00edm roce p\u0159ed n\u00e1stupem do \u0161koly.<\/p>\r\n<p>[\/perex]<\/p>\r\n<p>V\u00fdhodou p\u0159\u00edpravn\u00fdch t\u0159\u00edd je men\u0161\u00ed po\u010det d\u011bt\u00ed ve t\u0159\u00edd\u011b (obvykle do 15) a\u00a0mo\u017enost v\u011bnovat se individu\u00e1ln\u00edm pot\u0159eb\u00e1m d\u00edt\u011bte. P\u0159\u00edpravn\u00e9 t\u0159\u00eddy poskytuj\u00ed vzd\u011bl\u00e1v\u00e1n\u00ed d\u011btem v\u00a0posledn\u00edm roce p\u0159ed n\u00e1stupem do 1.\u00a0t\u0159\u00eddy. V\u00a0pr\u016fb\u011bhu \u0161koln\u00edho roku se d\u011bti nau\u010d\u00ed orientovat v\u00a0nov\u00e9m prost\u0159ed\u00ed, maj\u00ed dostatek \u010dasu a\u00a0prostoru, aby se mohly postupn\u011b sezn\u00e1mit s\u00a0novou rol\u00ed \u0161kol\u00e1ka. \u010cinnost je organizov\u00e1na formou z\u00e1bavn\u00fdch her a\u00a0prost\u0159ednictv\u00edm pestr\u00e9 pracovn\u00ed, pohybov\u00e9, hudebn\u00ed a\u00a0v\u00fdtvarn\u00e9 \u010dinnosti. D\u016fraz je kladen na rozvoj p\u0159ed\u010dten\u00e1\u0159sk\u00fdch a\u00a0komunikativn\u00edch dovednost\u00ed, roz\u0161i\u0159ov\u00e1n\u00ed slovn\u00ed z\u00e1soby, matematickou pregramotnost, zrakovou a\u00a0sluchovou percepci, grafomotorick\u00e1 cvi\u010den\u00ed a\u00a0podobn\u011b.<\/p>\r\n<p>Tento druh vzd\u011bl\u00e1v\u00e1n\u00ed je ur\u010den nejen d\u011btem s\u00a0odkladem \u0161koln\u00ed doch\u00e1zky, ale tak\u00e9 p\u0159ed\u0161kol\u00e1k\u016fm, kte\u0159\u00ed se cht\u011bj\u00ed na n\u00e1stup do 1.\u00a0t\u0159\u00eddy c\u00edlen\u011b p\u0159ipravovat. Stravov\u00e1n\u00ed d\u011bt\u00ed je zaji\u0161t\u011bno ve \u0161koln\u00ed j\u00eddeln\u011b, d\u011bti mohou nav\u0161t\u011bvovat \u0161koln\u00ed dru\u017einu i\u00a0krou\u017eky nab\u00edzen\u00e9 p\u0159\u00edslu\u0161nou \u0161kolou za stejn\u00fdch podm\u00ednek jako ostatn\u00ed \u017e\u00e1ci \u0161koly.<\/p>\r\n<hr \/>\r\n<p>Jak postupovat, kdy\u017e se pro p\u0159\u00edpravnou t\u0159\u00eddu rozhodnete?<\/p>\r\n<p><strong>Pro odklad povinn\u00e9 \u0161koln\u00ed doch\u00e1zky<\/strong><\/p>\r\n<p>1.\u00a0\u00a0\u00a0 D\u011bti narozen\u00e9 v\u00a0rozmez\u00ed od 1.&nbsp;9.&nbsp;2019 do 31.&nbsp;3.&nbsp;2020<\/p>\r\n<p>P\u0159ed n\u00e1v\u0161t\u011bvou \u0161kolsk\u00e9ho poradensk\u00e9ho za\u0159\u00edzen\u00ed (PPP nebo SPC) je pot\u0159eba m\u00edt doporu\u010den\u00ed klinick\u00e9ho psychologa nebo odborn\u00e9ho l\u00e9ka\u0159e (pediatr nesta\u010d\u00ed), d\u016fvodem k&nbsp;odkladu je toti\u017e z\u00e1va\u017en\u00fd zdravotn\u00ed stav, kter\u00fd dlouhodob\u011b neumo\u017e\u0148uje \u00fa\u010dast d\u00edt\u011bte ve vyu\u010dov\u00e1n\u00ed.<\/p>\r\n<p>2.\u00a0\u00a0\u00a0 D\u011bti narozen\u00e9 v\u00a0rozmez\u00ed od 1.&nbsp;4.&nbsp;2020 do 31.&nbsp;8.&nbsp;2020<\/p>\r\n<p>K odkladu je pot\u0159eba doporu\u010den\u00ed klinick\u00e9ho psychologa nebo odborn\u00e9ho l\u00e9ka\u0159e (sta\u010d\u00ed pediatr) a&nbsp;doporu\u010den\u00ed \u0161kolsk\u00e9ho poradensk\u00e9ho za\u0159\u00edzen\u00ed (PPP nebo SPC), d\u016fvodem k\u00a0odkladu m\u016f\u017ee b\u00fdt \u0161koln\u00ed nezralost nebo zdravotn\u00ed pot\u00ed\u017ee.<\/p>\r\n<hr \/>\r\n<p><strong>Pro d\u011bti s\u00a0povinnou p\u0159ed\u0161koln\u00ed doch\u00e1zkou (narozen\u00e9 od 1.&nbsp;9.&nbsp;2020)<\/strong><\/p>\r\n<p>1.\u00a0\u00a0\u00a0 K\u00a0p\u0159ihl\u00e1\u0161ce do p\u0159\u00edpravn\u00e9 t\u0159\u00eddy pot\u0159ebujete dolo\u017eit posouzen\u00ed \u0161kolsk\u00e9ho poradensk\u00e9ho za\u0159\u00edzen\u00ed (Pedagogicko-psychologick\u00e9 poradny pro Prahu 7 a&nbsp;8, po jej\u00edm potvrzen\u00ed m\u016f\u017ee \u0159editel \u0161koly vystavit rozhodnut\u00ed o\u00a0p\u0159ijet\u00ed do p\u0159\u00edpravn\u00e9 t\u0159\u00eddy Z\u0160.<\/p>\r\n<hr \/>\r\n<p>V\u00edce informac\u00ed o\u00a0p\u0159\u00edpravn\u00fdch t\u0159\u00edd\u00e1ch naleznete na webu jednotliv\u00fdch z\u00e1kladn\u00edch \u0161kol. M\u00e1te-li z\u00e1jem sezn\u00e1mit se s\u00a0prost\u0159ed\u00edm p\u0159\u00edpravn\u00e9 t\u0159\u00eddy, kontaktujte vybranou \u0161kolu a\u00a0domluvte si setk\u00e1n\u00ed.<\/p>\r\n<div class=\"shortcode-container container-fluid no-bottom-padding division-detail  \">    \n    <div class=\"row\">\n\t\t <div class=\"row div-dept\">\n            <div class=\"col-xs-12 col-md-12 contact-info\">\n                <h4>Kontakt<\/h4>\n                <span>                   \n                    \u00da\u0159ad m\u011bstsk\u00e9 \u010d\u00e1sti Praha 7                   \n                <\/span><br>\n                <span>\n                    Odbor vzd\u011bl\u00e1v\u00e1n\u00ed a projektov\u00e9ho \u0159\u00edzen\u00ed\n                <\/span><br>\n                    <span>\n                        Franti\u0161ka K\u0159\u00ed\u017eka 17\n                    <\/span><br>\n                    <span>\n                        Praha 7\n                    <\/span><br>\n                \n                \n\n            <\/div>\n        <\/div>\n    <\/div>\n<\/div>\r\n\n<div class=\"shortcode-container no-bottom-padding  \">    \n\t<div class=\"row\">\n\t\t<div class=\"col-xs-12 col-md-7\">\n\t\t\t<h3>\u00da\u0159edn\u00ed hodiny \u00da\u0159adu M\u010c Praha 7<\/h3>\n\t\t<\/div>\n\t<\/div>\n\t\t<div class=\"row\">\n\t\t\t<div class=\"col-xs-12 col-sm-4 col-md-3\">\n\t\t\t\t<span>pond\u011bl\u00ed a st\u0159eda<\/span>\n\t\t\t<\/div>\n\t\t\t\t<div class=\"col-xs-6 col-sm-4 col-md-3\">\n\t\t\t\t\t<span>7.30\u201312.00<\/span>\n\t\t\t\t<\/div>\n\t\t\t\t\t<div class=\"col-xs-6 col-sm-4 col-md-3\">\n\t\t\t\t\t\t<span>13.00\u201318.00<\/span>\n\t\t\t\t\t<\/div>\n\t\t<\/div>\n\t\t<div class=\"row\">\n\t\t\t<div class=\"col-xs-12 col-sm-4 col-md-3\">\n\t\t\t\t<span>\u00fater\u00fd, \u010dtvrtek a p\u00e1tek<\/span>\n\t\t\t<\/div>\n\t\t\t\t<div class=\"col-xs-12 col-sm-8 col-md-9\">\n\t\t\t\t\t<span>po p\u0159edchoz\u00ed domluv\u011b \/ po objedn\u00e1n\u00ed<\/span>\n\t\t\t\t<\/div>\n\t\t<\/div>\n\t<div class=\"row\">\n\t\t<div class=\"col-xs-12 col-md-12 office_hours_info\">\n\t\t\t\n\t\t<\/div>\t\n\t<\/div>\n<\/div>\r\n<div class=\"shortcode-container container-fluid no-bottom-padding \">\n\t<div class=\"row shortcode-row no-bottom-border\">\n\t\t <div class=\"row contact-item\">\n\t\t\t<div class=\"col-xs-4 col-md-2 contact-photo\">\t\t\n\t\t\t\t<img src=\"https:\/\/www.praha7.cz\/wp-content\/uploads\/2021\/02\/Lucie-\u010cern\u00e1.jpg\" alt=\"placeholder\">\n\t\t\t<\/div>\n\t\t\t<div class=\"col-xs-8 col-md-5 contact-info\">\n\t\t\t\t<h3>\u010cern\u00e1 Lucie, Mgr.<\/h3>\n\t\t\t\t<span>vedouc\u00ed odd\u011blen\u00ed<\/span><br>\n\t\t\t\t<span>Franti\u0161ka K\u0159\u00ed\u017eka 17<\/span><br>\n\t\t\t\t\n                <span>gsm. <a href=\"tel:+420608299369\">+420608299369<\/a><\/span><br>\n\t\t\t\t<a href=\"mailto:cernal@praha7.cz\">cernal@praha7.cz<\/a><br>\n\t\t\t<\/div>\n\t\t<\/div>\n\t<\/div>\n<\/div>","protected":false},"excerpt":{"rendered":"[perex] Pro koho jsou ur\u010deny p\u0159\u00edpravn\u00e9 t\u0159\u00eddy? Pro d\u011bti s\u00a0odkladem \u0161koln\u00ed doch\u00e1zky a\u00a0pro p\u0159ed\u0161kol\u00e1ky. V\u00a0Praze 7 je p\u0159i ka\u017ed\u00e9 z\u00e1kladn\u00ed \u0161kole (krom\u011b Z\u0160 Fr. Plam\u00ednkov\u00e9) z\u0159\u00edzena p\u0159\u00edpravn\u00e1 t\u0159\u00edda, kter\u00e1 je ur\u010dena pro d\u011bti s\u00a0odkladem \u0161koln\u00ed doch\u00e1zky a\u00a0pro d\u011bti v\u00a0posledn\u00edm roce p\u0159ed n\u00e1stupem do \u0161koly. [\/perex] V\u00fdhodou p\u0159\u00edpravn\u00fdch t\u0159\u00edd je men\u0161\u00ed po\u010det d\u011bt\u00ed ve t\u0159\u00edd\u011b (obvykle [&hellip;]","protected":false},"author":2,"featured_media":0,"parent":2159,"menu_order":0,"comment_status":"closed","ping_status":"closed","template":"","meta":[],"_links":{"self":[{"href":"https:\/\/www.praha7.cz\/api\/wp\/v2\/pages\/2157"}],"collection":[{"href":"https:\/\/www.praha7.cz\/api\/wp\/v2\/pages"}],"about":[{"href":"https:\/\/www.praha7.cz\/api\/wp\/v2\/types\/page"}],"author":[{"embeddable":true,"href":"https:\/\/www.praha7.cz\/api\/wp\/v2\/users\/2"}],"replies":[{"embeddable":true,"href":"https:\/\/www.praha7.cz\/api\/wp\/v2\/comments?post=2157"}],"version-history":[{"count":39,"href":"https:\/\/www.praha7.cz\/api\/wp\/v2\/pages\/2157\/revisions"}],"predecessor-version":[{"id":88550,"href":"https:\/\/www.praha7.cz\/api\/wp\/v2\/pages\/2157\/revisions\/88550"}],"up":[{"embeddable":true,"href":"https:\/\/www.praha7.cz\/api\/wp\/v2\/pages\/2159"}],"wp:attachment":[{"href":"https:\/\/www.praha7.cz\/api\/wp\/v2\/media?parent=2157"}],"curies":[{"name":"wp","href":"https:\/\/api.w.org\/{rel}","templated":true}]}}