    
{"id":2153,"date":"2017-08-14T11:01:32","date_gmt":"2017-08-14T09:01:32","guid":{"rendered":"https:\/\/praha7.cz\/?page_id=2153"},"modified":"2026-01-09T13:36:08","modified_gmt":"2026-01-09T12:36:08","slug":"zapis-do-zakladni-skoly","status":"publish","type":"page","link":"https:\/\/www.praha7.cz\/potrebuji-zaridit\/skolstvi\/zakladni-skoly\/zapis-do-zakladni-skoly\/","title":{"rendered":"Z\u00e1pis do z\u00e1kladn\u00ed \u0161koly"},"content":{"rendered":"<h2><span style=\"color: #339966;\"><strong>\u0160KOLN\u00cd ROK 2026\/2027<\/strong><\/span><\/h2>\r\n<h3><strong>Z\u00e1pisy do 1.&nbsp;t\u0159\u00edd Z\u0160 v&nbsp;Praze 7 pro \u0161koln\u00ed rok 2026\/2027<\/strong><\/h3>\r\n<p><strong>Novela \u0161kolsk\u00e9ho z\u00e1kona posunula term\u00edny z\u00e1pis\u016f k&nbsp;povinn\u00e9 \u0161koln\u00ed doch\u00e1zce na d\u0159\u00edv\u011bj\u0161\u00ed term\u00edn.<\/strong> Z\u00e1pisy do prvn\u00edch t\u0159\u00edd z\u00e1kladn\u00edch \u0161kol v&nbsp;M\u010c Praha&nbsp;7 prob\u011bhnou formou<strong> elektronick\u00e9 registrace term\u00ednu<\/strong> z\u00e1pisu a&nbsp;n\u00e1sledn\u00e9 <strong>osobn\u00ed \u00fa\u010dasti z\u00e1konn\u00e9ho z\u00e1stupce<\/strong> s&nbsp;d\u00edt\u011btem na vybran\u00e9 z\u00e1kladn\u00ed \u0161kole.<\/p>\r\n<p><a href=\"https:\/\/aplikace.zapisyonline.cz\/SOL\/PublicWeb\/praha7\/KWE017_ZrizovatelPrihlaska.aspx?rezim=iframe\" target=\"_blank\" rel=\"noopener\"><strong>Elektronick\u00e1 registrace<\/strong><\/a> bude prob\u00edhat v&nbsp;term\u00ednu <strong>od 12.&nbsp;ledna do 23.&nbsp;ledna 2026<\/strong> na webov\u00fdch str\u00e1nk\u00e1ch jednotliv\u00fdch z\u00e1kladn\u00edch \u0161kol M\u010c Praha&nbsp;7. P\u0159ihl\u00e1\u0161ku lze vyplnit kdykoli v&nbsp;uveden\u00e9m obdob\u00ed prost\u0159ednictv\u00edm <a href=\"https:\/\/aplikace.zapisyonline.cz\/SOL\/PublicWeb\/praha7\/KWE017_ZrizovatelPrihlaska.aspx?rezim=iframe\" target=\"_blank\" rel=\"noopener\">tohoto odkazu<\/a>. Po\u0159ad\u00ed proveden\u00ed elektronick\u00e9 registrace nem\u00e1 vliv na p\u0159ijet\u00ed d\u00edt\u011bte. Elektronick\u00e1 registrace nen\u00ed povinn\u00e1, ale usnadn\u00ed plynulost fyzick\u00fdch z\u00e1pis\u016f. D\u011bkujeme!\u00a0<\/p>\r\n<p><strong>Fyzick\u00e9 z\u00e1pisy<\/strong> se uskute\u010dn\u00ed ve dnech <strong>4.&nbsp;a&nbsp;5.&nbsp;\u00fanora 2026<\/strong> v&nbsp;jednotliv\u00fdch z\u00e1kladn\u00edch \u0161kol\u00e1ch. Z\u00e1konn\u00fd z\u00e1stupce p\u0159ijde v&nbsp;\u010dase, kter\u00fd si zvol\u00ed p\u0159i elektronick\u00e9 registraci. P\u0159\u00edtomnost d\u00edt\u011bte nen\u00ed povinn\u00e1. U&nbsp;z\u00e1pisu p\u0159edlo\u017e\u00ed:<\/p>\r\n<ul>\r\n\t<li>vypln\u011bnou p\u0159ihl\u00e1\u0161ku z&nbsp;elektronick\u00e9 registrace,<\/li>\r\n\t<li>rodn\u00fd list d\u00edt\u011bte,<\/li>\r\n\t<li>ob\u010dansk\u00fd pr\u016fkaz (cizinci pas a&nbsp;doklad o&nbsp;pobytu na \u00fazem\u00ed \u010cR).<\/li>\r\n<\/ul>\r\n<p>\u017d\u00e1dost o&nbsp;p\u0159ijet\u00ed do Z\u0160 lze podat tak\u00e9 4.&nbsp;a&nbsp;5.&nbsp;\u00fanora 2026 datovou schr\u00e1nkou, e-mailem s&nbsp;elektronick\u00fdm podpisem nebo po\u0161tou (ide\u00e1ln\u011b v&nbsp;ob\u00e1lce s&nbsp;modr\u00fdm pruhem).<br \/>\r\n<br \/>\r\n<\/p>\r\n<hr \/>\r\n<p><strong>Odklady povinn\u00e9 \u0161koln\u00ed doch\u00e1zky<\/strong><\/p>\r\n<p>\u017d\u00e1dost o&nbsp;odklad \u0161koln\u00ed doch\u00e1zky pro \u0161koln\u00ed rok 2026\/2027 je nutn\u00e9 podat v&nbsp;r\u00e1mci z\u00e1pisu, tj. ve dnech <strong>4.&nbsp;a&nbsp;5.&nbsp;\u00fanora 2026<\/strong>, spolu s&nbsp;doporu\u010den\u00edm \u0161kolsk\u00e9ho poradensk\u00e9ho za\u0159\u00edzen\u00ed a&nbsp;odborn\u00e9ho l\u00e9ka\u0159e (nap\u0159. klinick\u00e9ho psychologa).<\/p>\r\n<p>Podle novely \u0161kolsk\u00e9ho z\u00e1kona je mo\u017en\u00e9:<\/p>\r\n<ul>\r\n\t<li><strong>ud\u011blit odklad standardn\u011b<\/strong> u&nbsp;d\u011bt\u00ed narozen\u00fdch <strong>od 1.&nbsp;dubna 2020 a&nbsp;pozd\u011bji<\/strong>,<\/li>\r\n\t<li><strong>u d\u011bt\u00ed narozen\u00fdch p\u0159ed 1.&nbsp;dubnem 2020<\/strong> lze odklad povolit <strong>pouze ze z\u00e1va\u017en\u00fdch d\u016fvod\u016f<\/strong>, kter\u00e9 mus\u00ed b\u00fdt dolo\u017eeny odpov\u00eddaj\u00edc\u00edmi odborn\u00fdmi zpr\u00e1vami.<\/li>\r\n<\/ul>\r\n<hr \/>\r\n<ul>\r\n\t<li><a href=\"https:\/\/www.praha7.cz\/wp-content\/uploads\/2025\/12\/Jak-muzete-pomoci-svemu-diteti-pred-nastupem-do-zakladni-skoly.pdf\" target=\"_blank\" rel=\"noopener\">Jak pomoci d\u00edt\u011bti p\u0159ed n\u00e1stupem do Z\u0160<\/a><\/li>\r\n\t<li><a href=\"https:\/\/www.praha7.cz\/wp-content\/uploads\/2025\/12\/Letak-SZ.pdf\" target=\"_blank\" rel=\"noopener\">Posouzen\u00ed \u0161koln\u00ed zralosti<\/a><\/li>\r\n\t<li><a href=\"https:\/\/www.praha7.cz\/wp-content\/uploads\/2025\/12\/Odklad-povinne-skolni-dochazky-pro-zakonne-zastupce.pdf\" target=\"_blank\" rel=\"noopener\">Odklad povinn\u00e9 \u0161koln\u00ed doch\u00e1zky \/ pro d\u011bti narozen\u00e9 v&nbsp;obdob\u00ed od 1.&nbsp;9.&nbsp;2019 do 31.&nbsp;3.&nbsp;2020<\/a><\/li>\r\n\t<li><a href=\"https:\/\/www.praha7.cz\/wp-content\/uploads\/2025\/12\/Odklad-povinne-skolni-dochazky-pro-rodice.pdf\" target=\"_blank\" rel=\"noopener\">Odklad povinn\u00e9 \u0161koln\u00ed doch\u00e1zky \/ pro d\u011bti narozen\u00e9 v&nbsp;obdob\u00ed od 1.&nbsp;4.&nbsp;do 31.&nbsp;8.&nbsp;2020<\/a><\/li>\r\n\t<li><a href=\"https:\/\/www.praha7.cz\/wp-content\/uploads\/2025\/12\/Zapis-do-zakladni-skoly-informace-pro-zakonne-zastupce.pdf\" target=\"_blank\" rel=\"noopener\">Informace pro z\u00e1konn\u00e9 z\u00e1stupce k&nbsp;z\u00e1pisu do 1.&nbsp;ro\u010dn\u00edku z\u00e1kladn\u00edch \u0161kol v&nbsp;roce 2026<\/a><\/li>\r\n<\/ul>\r\n<hr \/>\r\n<ul>\r\n\t<li><a href=\"https:\/\/www.praha7.cz\/potrebuji-zaridit\/skolstvi\/zakladni-skoly\/prehled-zakladnich-skol\/\">P\u0159ehled z\u00e1kladn\u00edch \u0161kol Prahy&nbsp;7<\/a><\/li>\r\n\t<li><a href=\"https:\/\/www.praha7.cz\/wp-content\/uploads\/2025\/03\/OZV_skolske-obvody_P7_ZS_2025.pdf\" target=\"_blank\" rel=\"noopener\">Obecn\u011b z\u00e1vazn\u00e1 vyhl\u00e1\u0161ka \u2013 sp\u00e1dov\u00e9 obvody<\/a><\/li>\r\n\t<li><a href=\"https:\/\/www.praha7.cz\/wp-content\/uploads\/2026\/01\/Kriteria_k_prijeti-do-ZS-2026-2027.pdf\" target=\"_blank\" rel=\"noopener\">Krit\u00e9ria k&nbsp;p\u0159ijet\u00ed \u017e\u00e1k\u016f do 1.&nbsp;ro\u010dn\u00edk\u016f<\/a><br \/>\r\n<a href=\"https:\/\/praha7.cz\/wp-content\/uploads\/2018\/02\/Dny_otev\u0159en\u00fdch_dve\u0159\u00ed_v_Z\u0160_Prahy_7_-_2018.pdf\" target=\"_blank\" rel=\"noopener\"><\/a><\/li>\r\n\t<li><a href=\"https:\/\/www.praha7.cz\/potrebuji-zaridit\/skolstvi\/information-for-foreigners\/\">Information for foreigners (EN, RU, UKR)<\/a><\/li>\r\n<\/ul>\r\n<div class=\"shortcode-container container-fluid no-bottom-padding division-detail  \">    \n    <div class=\"row\">\n\t\t <div class=\"row div-dept\">\n            <div class=\"col-xs-12 col-md-12 contact-info\">\n                <h4>Kontakt<\/h4>\n                <span>                   \n                    \u00da\u0159ad m\u011bstsk\u00e9 \u010d\u00e1sti Praha 7                   \n                <\/span><br>\n                <span>\n                    Odbor vzd\u011bl\u00e1v\u00e1n\u00ed a projektov\u00e9ho \u0159\u00edzen\u00ed\n                <\/span><br>\n                    <span>\n                        Franti\u0161ka K\u0159\u00ed\u017eka 17\n                    <\/span><br>\n                    <span>\n                        Praha 7\n                    <\/span><br>\n                \n                \n\n            <\/div>\n        <\/div>\n    <\/div>\n<\/div>\r\n\n<div class=\"shortcode-container no-bottom-padding  \">    \n\t<div class=\"row\">\n\t\t<div class=\"col-xs-12 col-md-7\">\n\t\t\t<h3>\u00da\u0159edn\u00ed hodiny \u00da\u0159adu M\u010c Praha 7<\/h3>\n\t\t<\/div>\n\t<\/div>\n\t\t<div class=\"row\">\n\t\t\t<div class=\"col-xs-12 col-sm-4 col-md-3\">\n\t\t\t\t<span>pond\u011bl\u00ed a st\u0159eda<\/span>\n\t\t\t<\/div>\n\t\t\t\t<div class=\"col-xs-6 col-sm-4 col-md-3\">\n\t\t\t\t\t<span>7.30\u201312.00<\/span>\n\t\t\t\t<\/div>\n\t\t\t\t\t<div class=\"col-xs-6 col-sm-4 col-md-3\">\n\t\t\t\t\t\t<span>13.00\u201318.00<\/span>\n\t\t\t\t\t<\/div>\n\t\t<\/div>\n\t\t<div class=\"row\">\n\t\t\t<div class=\"col-xs-12 col-sm-4 col-md-3\">\n\t\t\t\t<span>\u00fater\u00fd, \u010dtvrtek a p\u00e1tek<\/span>\n\t\t\t<\/div>\n\t\t\t\t<div class=\"col-xs-12 col-sm-8 col-md-9\">\n\t\t\t\t\t<span>po p\u0159edchoz\u00ed domluv\u011b \/ po objedn\u00e1n\u00ed<\/span>\n\t\t\t\t<\/div>\n\t\t<\/div>\n\t<div class=\"row\">\n\t\t<div class=\"col-xs-12 col-md-12 office_hours_info\">\n\t\t\t\n\t\t<\/div>\t\n\t<\/div>\n<\/div>\r\n<div class=\"shortcode-container container-fluid no-bottom-padding \">\n\t<div class=\"row shortcode-row no-bottom-border\">\n\t\t <div class=\"row contact-item\">\n\t\t\t<div class=\"col-xs-4 col-md-2 contact-photo\">\t\t\n\t\t\t\t<img src=\"https:\/\/www.praha7.cz\/wp-content\/uploads\/2021\/02\/Lucie-\u010cern\u00e1.jpg\" alt=\"placeholder\">\n\t\t\t<\/div>\n\t\t\t<div class=\"col-xs-8 col-md-5 contact-info\">\n\t\t\t\t<h3>\u010cern\u00e1 Lucie, Mgr.<\/h3>\n\t\t\t\t<span>vedouc\u00ed odd\u011blen\u00ed<\/span><br>\n\t\t\t\t<span>Franti\u0161ka K\u0159\u00ed\u017eka 17<\/span><br>\n\t\t\t\t\n                <span>gsm. <a href=\"tel:+420608299369\">+420608299369<\/a><\/span><br>\n\t\t\t\t<a href=\"mailto:cernal@praha7.cz\">cernal@praha7.cz<\/a><br>\n\t\t\t<\/div>\n\t\t<\/div>\n\t<\/div>\n<\/div>","protected":false},"excerpt":{"rendered":"\u0160KOLN\u00cd ROK 2026\/2027 Z\u00e1pisy do 1.&nbsp;t\u0159\u00edd Z\u0160 v&nbsp;Praze 7 pro \u0161koln\u00ed rok 2026\/2027 Novela \u0161kolsk\u00e9ho z\u00e1kona posunula term\u00edny z\u00e1pis\u016f k&nbsp;povinn\u00e9 \u0161koln\u00ed doch\u00e1zce na d\u0159\u00edv\u011bj\u0161\u00ed term\u00edn. Z\u00e1pisy do prvn\u00edch t\u0159\u00edd z\u00e1kladn\u00edch \u0161kol v&nbsp;M\u010c Praha&nbsp;7 prob\u011bhnou formou elektronick\u00e9 registrace term\u00ednu z\u00e1pisu a&nbsp;n\u00e1sledn\u00e9 osobn\u00ed \u00fa\u010dasti z\u00e1konn\u00e9ho z\u00e1stupce s&nbsp;d\u00edt\u011btem na vybran\u00e9 z\u00e1kladn\u00ed \u0161kole. Elektronick\u00e1 registrace bude prob\u00edhat v&nbsp;term\u00ednu od [&hellip;]","protected":false},"author":2,"featured_media":0,"parent":2159,"menu_order":0,"comment_status":"closed","ping_status":"closed","template":"","meta":[],"_links":{"self":[{"href":"https:\/\/www.praha7.cz\/api\/wp\/v2\/pages\/2153"}],"collection":[{"href":"https:\/\/www.praha7.cz\/api\/wp\/v2\/pages"}],"about":[{"href":"https:\/\/www.praha7.cz\/api\/wp\/v2\/types\/page"}],"author":[{"embeddable":true,"href":"https:\/\/www.praha7.cz\/api\/wp\/v2\/users\/2"}],"replies":[{"embeddable":true,"href":"https:\/\/www.praha7.cz\/api\/wp\/v2\/comments?post=2153"}],"version-history":[{"count":119,"href":"https:\/\/www.praha7.cz\/api\/wp\/v2\/pages\/2153\/revisions"}],"predecessor-version":[{"id":88955,"href":"https:\/\/www.praha7.cz\/api\/wp\/v2\/pages\/2153\/revisions\/88955"}],"up":[{"embeddable":true,"href":"https:\/\/www.praha7.cz\/api\/wp\/v2\/pages\/2159"}],"wp:attachment":[{"href":"https:\/\/www.praha7.cz\/api\/wp\/v2\/media?parent=2153"}],"curies":[{"name":"wp","href":"https:\/\/api.w.org\/{rel}","templated":true}]}}