    
{"id":21204,"date":"2018-11-14T17:11:34","date_gmt":"2018-11-14T16:11:34","guid":{"rendered":"https:\/\/www.praha7.cz\/?page_id=21204"},"modified":"2026-04-27T15:42:30","modified_gmt":"2026-04-27T13:42:30","slug":"komise-rozvoje-urbanismu-architektury-a-verejneho-prostoru-rady-mc-praha-7","status":"publish","type":"page","link":"https:\/\/www.praha7.cz\/radnice\/voleni-zastupci-mistni-samospravy\/rada-mc-praha-7\/komise\/komise-rozvoje-urbanismu-architektury-a-verejneho-prostoru-rady-mc-praha-7\/","title":{"rendered":"Komise rozvoje urbanismu, architektury a&nbsp;ve\u0159ejn\u00e9ho prostoru Rady M\u010c Praha&nbsp;7"},"content":{"rendered":"<p>Komise rozvoje je poradn\u00edm org\u00e1nem, kter\u00fd z&nbsp;pov\u011b\u0159en\u00ed Rady M\u010c projedn\u00e1v\u00e1 urbanistick\u00e9 a&nbsp;architektonick\u00e9 z\u00e1sahy pl\u00e1novan\u00e9 na \u00fazem\u00ed Prahy&nbsp;7. C\u00edlem jedn\u00e1n\u00ed je nal\u00e9zt takov\u00e1 \u0159e\u0161en\u00ed, kter\u00e1 dan\u00e9 m\u00edsto obohat\u00ed a&nbsp;napomohou k&nbsp;harmonick\u00e9mu rozvoji \u010dtvrti. P\u0159i sv\u00e9m rozhodov\u00e1n\u00ed komise v\u017edy zohled\u0148uje specifick\u00fd charakter jednotliv\u00fdch \u010d\u00e1st\u00ed Prahy&nbsp;7, jejich roli v&nbsp;budouc\u00edm rozvoji \u010dtvrti nebo naopak jejich platnou pam\u00e1tkovou ochranu. Komise je nepolitick\u00e1 a&nbsp;jej\u00ed \u010dlenov\u00e9 jsou vyb\u00edr\u00e1ni pouze na z\u00e1klad\u011b sv\u00e9 odbornosti, zku\u0161enosti a&nbsp;oborov\u00e9 reputace.<\/p>\r\n<p>Podrobnosti k&nbsp;n\u00e1le\u017eitostem a&nbsp;zp\u016fsobu projedn\u00e1n\u00ed v&nbsp;Komisi rozvoje naleznete na str\u00e1nce <a href=\"https:\/\/www.praha7.cz\/potrebuji-zaridit\/stavba-rekonstrukce\/planovani-stavby\/projednani-v-komisi\/\" target=\"_blank\" rel=\"noopener\">Projedn\u00e1n\u00ed v&nbsp;komisi<\/a>.<\/p>\r\n<h1>\u010clenov\u00e9 komise:<\/h1>\r\n<table height=\"5\" style=\"width: 1129px;\">\r\n<tbody>\r\n<tr>\r\n<td style=\"width: 219px; text-align: left;\"><\/td>\r\n<td style=\"width: 333px; text-align: left;\"><\/td>\r\n<td style=\"width: 353px; text-align: left;\"><\/td>\r\n<\/tr>\r\n<tr>\r\n<td style=\"width: 219px; text-align: left;\">p\u0159edseda<\/td>\r\n<td style=\"width: 333px; text-align: left;\">doc. PhDr. Richard Biegel, Ph.D.<\/td>\r\n<td style=\"width: 353px; text-align: left;\">\u010dlen Zastupitelstva M\u010c Praha\u00a07<\/td>\r\n<\/tr>\r\n<tr>\r\n<td style=\"width: 219px; text-align: left;\">m\u00edstop\u0159edsedkyn\u011b<\/td>\r\n<td style=\"width: 333px; text-align: left;\">Ing. arch. Kate\u0159ina V\u00eddenov\u00e1<\/td>\r\n<td style=\"width: 353px; text-align: left;\"><\/td>\r\n<\/tr>\r\n<tr>\r\n<td style=\"width: 219px; text-align: left;\">\u010dlen<\/td>\r\n<td style=\"width: 333px; text-align: left;\">Ing. arch. Tom\u00e1\u0161 Drd\u00e1ck\u00fd<\/td>\r\n<td style=\"width: 353px; text-align: left;\"><\/td>\r\n<\/tr>\r\n<tr>\r\n<td style=\"width: 219px; text-align: left;\">\u010dlenka<\/td>\r\n<td style=\"width: 333px; text-align: left;\">Ing. arch. Barbora F\u00e9ret<\/td>\r\n<td style=\"width: 353px; text-align: left;\"><\/td>\r\n<\/tr>\r\n<tr>\r\n<td style=\"width: 219px; text-align: left;\">\u010dlen<\/td>\r\n<td style=\"width: 333px; text-align: left;\">Ing. arch. Ivan Lej\u010dar<\/td>\r\n<td style=\"width: 353px; text-align: left;\"><\/td>\r\n<\/tr>\r\n<tr>\r\n<td style=\"width: 219px; text-align: left;\">\u010dlen<\/td>\r\n<td style=\"width: 333px; text-align: left;\">Ing. arch. MgA. Pavel Nasadil<\/td>\r\n<td style=\"width: 353px; text-align: left;\"><\/td>\r\n<\/tr>\r\n<tr>\r\n<td style=\"width: 219px; text-align: left;\">\u010dlenka<\/td>\r\n<td style=\"width: 333px; text-align: left;\">MgA. Marcela Steinbachov\u00e1<\/td>\r\n<td style=\"width: 353px; text-align: left;\"><\/td>\r\n<\/tr>\r\n<tr>\r\n<td style=\"width: 219px; text-align: left;\">\u010dlen<\/td>\r\n<td style=\"width: 333px; text-align: left;\">MgA. Ond\u0159ej Synek, Ph.D.\u00a0<\/td>\r\n<td style=\"width: 353px; text-align: left;\"><\/td>\r\n<\/tr>\r\n<tr>\r\n<td style=\"width: 219px; text-align: left;\">\u010dlenka<\/td>\r\n<td style=\"width: 333px; text-align: left;\">Ing. arch. Jana Zdr\u00e1halov\u00e1, Ph.D.<\/td>\r\n<td style=\"width: 353px; text-align: left;\"><\/td>\r\n<\/tr>\r\n<tr>\r\n<td style=\"width: 219px; text-align: left;\">tajemnice<\/td>\r\n<td style=\"width: 333px; text-align: left;\">Ing. arch. Martina \u010cerm\u00e1kov\u00e1<\/td>\r\n<td style=\"width: 353px; text-align: left;\"><\/td>\r\n<\/tr>\r\n<\/tbody>\r\n<\/table>\r\n<p>&nbsp;<\/p>\r\n<hr \/>\r\n<h1>P\u0159ehled zased\u00e1n\u00ed:<\/h1>\r\n<p><strong>Term\u00edny jedn\u00e1n\u00ed<\/strong>\u00a0<\/p>\r\n<ul>\r\n\t<li>\u00a0m\u00edstnost \u010d. 7.09, 7.&nbsp;patro, od 13 hodin (pokud nen\u00ed v&nbsp;pozv\u00e1nce uvedeno jinak)<\/li>\r\n<\/ul>\r\n        <div class=\"collapse-block\">\r\n            <div class=\"card-header\" role=\"tab\" id=\"headingd22e21b99b4af9bbadfa97e91114c374cdaaacab\">\r\n                                    <h3 class=\"mb-0\">\r\n                        <a data-toggle=\"collapse\" href=\"#collapsed22e21b99b4af9bbadfa97e91114c374cdaaacab\" aria-controls=\"collapsed22e21b99b4af9bbadfa97e91114c374cdaaacab\">\r\n                            Rok 2026                            <i class=\"fa fa-2x fa-angle-down\" aria-hidden=\"true\"><\/i>\r\n                        <\/a>\r\n                    <\/h3>\r\n                                \r\n            <\/div>\r\n\r\n            <div id=\"collapsed22e21b99b4af9bbadfa97e91114c374cdaaacab\" class=\"collapse\" data-id=\"d22e21b99b4af9bbadfa97e91114c374cdaaacab\" role=\"tabpanel\" aria-labelledby=\"headingd22e21b99b4af9bbadfa97e91114c374cdaaacab\">\r\n                <div class=\"card-block\">\r\n    \r\n<p>leden (16.&nbsp;1.)<\/p>\r\n<ul>\r\n\t<li><a href=\"https:\/\/www.praha7.cz\/wp-content\/uploads\/2026\/01\/01-pozva\u0301nka.pdf\">pozv\u00e1nka na jedn\u00e1n\u00ed<\/a><\/li>\r\n\t<li><a href=\"https:\/\/www.praha7.cz\/wp-content\/uploads\/2026\/01\/20260116-01-zapis-komroz.pdf\">z\u00e1pis z&nbsp;jedn\u00e1n\u00ed<\/a><\/li>\r\n<\/ul>\r\n<p>b\u0159ezen (13.&nbsp;3.&nbsp;od 14&nbsp;h)<\/p>\r\n<ul>\r\n\t<li><a href=\"https:\/\/www.praha7.cz\/wp-content\/uploads\/2026\/03\/02-pozvanka.pdf\">pozv\u00e1nka na jedn\u00e1n\u00ed<\/a><\/li>\r\n\t<li><a href=\"https:\/\/www.praha7.cz\/wp-content\/uploads\/2026\/03\/20260313-02-zapis-komroz.pdf\" target=\"_blank\" rel=\"noopener\">z\u00e1pis z&nbsp;jedn\u00e1n\u00ed<\/a><\/li>\r\n<\/ul>\r\n<p>duben (17.&nbsp;4.)<\/p>\r\n<ul>\r\n\t<li><a href=\"https:\/\/www.praha7.cz\/wp-content\/uploads\/2026\/04\/2026-04-17-POZ3.pdf\" target=\"_blank\" rel=\"noopener\">pozv\u00e1nka na jedn\u00e1n\u00ed<\/a><\/li>\r\n\t<li><a href=\"https:\/\/www.praha7.cz\/wp-content\/uploads\/2026\/04\/20260417-03-zapis-komroz.pdf\" target=\"_blank\" rel=\"noopener\">z\u00e1pis z&nbsp;jedn\u00e1n\u00ed<\/a><\/li>\r\n<\/ul>\r\n<p>kv\u011bten (15.&nbsp;5.)<\/p>\r\n<p>\u010derven (19.&nbsp;6.)<\/p>\r\n                <\/div>\r\n            <\/div>\r\n        <\/div>\r\n    \r\n        <div class=\"collapse-block\">\r\n            <div class=\"card-header\" role=\"tab\" id=\"heading7f9f5483a27bff37c4be5975d2bc16a2aeed8f6d\">\r\n                                    <h3 class=\"mb-0\">\r\n                        <a data-toggle=\"collapse\" href=\"#collapse7f9f5483a27bff37c4be5975d2bc16a2aeed8f6d\" aria-controls=\"collapse7f9f5483a27bff37c4be5975d2bc16a2aeed8f6d\">\r\n                            Rok 2025                            <i class=\"fa fa-2x fa-angle-down\" aria-hidden=\"true\"><\/i>\r\n                        <\/a>\r\n                    <\/h3>\r\n                                \r\n            <\/div>\r\n\r\n            <div id=\"collapse7f9f5483a27bff37c4be5975d2bc16a2aeed8f6d\" class=\"collapse\" data-id=\"7f9f5483a27bff37c4be5975d2bc16a2aeed8f6d\" role=\"tabpanel\" aria-labelledby=\"heading7f9f5483a27bff37c4be5975d2bc16a2aeed8f6d\">\r\n                <div class=\"card-block\">\r\n    \r\n<p>\u00danor (14.&nbsp;2.)<\/p>\r\n<ul>\r\n\t<li><a href=\"https:\/\/www.praha7.cz\/wp-content\/uploads\/2025\/02\/01-pozvanka.pdf\">pozv\u00e1nka na jedn\u00e1n\u00ed<\/a><\/li>\r\n\t<li><a href=\"https:\/\/www.praha7.cz\/wp-content\/uploads\/2025\/02\/20250214-01-zapis-komroz.pdf\" target=\"_blank\" rel=\"noopener\">z\u00e1pis z&nbsp;jedn\u00e1n\u00ed<\/a><\/li>\r\n<\/ul>\r\n<p>B\u0159ezen (21.&nbsp;3.)<\/p>\r\n<ul>\r\n\t<li><a href=\"https:\/\/www.praha7.cz\/wp-content\/uploads\/2025\/03\/02-pozvanka.pdf\">pozv\u00e1nka na jedn\u00e1n\u00ed<\/a><\/li>\r\n\t<li><a href=\"https:\/\/www.praha7.cz\/wp-content\/uploads\/2025\/03\/20250321-02-zapis-komroz.pdf\">z\u00e1pis z&nbsp;jedn\u00e1n\u00ed<\/a><\/li>\r\n<\/ul>\r\n<p>Duben (11.&nbsp;4.)<\/p>\r\n<ul>\r\n\t<li><a href=\"https:\/\/www.praha7.cz\/wp-content\/uploads\/2025\/04\/03-pozvanka.pdf\">pozv\u00e1nka na jedn\u00e1n\u00ed<\/a><\/li>\r\n\t<li><a href=\"https:\/\/www.praha7.cz\/wp-content\/uploads\/2025\/04\/20250411-03-zapis-komroz.pdf\">z\u00e1pis z&nbsp;jedn\u00e1n\u00ed<\/a><\/li>\r\n<\/ul>\r\n<p>Kv\u011bten (23.&nbsp;5.)<\/p>\r\n<ul>\r\n\t<li><a href=\"https:\/\/www.praha7.cz\/wp-content\/uploads\/2025\/05\/04-pozva\u0301nka.pdf\">pozv\u00e1nka na jedn\u00e1n\u00ed<\/a><\/li>\r\n\t<li><a href=\"https:\/\/www.praha7.cz\/wp-content\/uploads\/2025\/06\/20250523-04-zapis-komroz.pdf\">z\u00e1pis z&nbsp;jedn\u00e1n\u00ed<\/a><\/li>\r\n<\/ul>\r\n<p>\u010cerven (13.&nbsp;6.)<\/p>\r\n<ul>\r\n\t<li><a href=\"https:\/\/www.praha7.cz\/wp-content\/uploads\/2025\/06\/05-pozvanka-uprava.pdf\">pozv\u00e1nka na jedn\u00e1n\u00ed<\/a><\/li>\r\n\t<li><a href=\"https:\/\/www.praha7.cz\/wp-content\/uploads\/2025\/06\/20250613-05-zapis-komroz.pdf\">z\u00e1pis z&nbsp;jedn\u00e1n\u00ed<\/a><\/li>\r\n<\/ul>\r\n<p>\u0158\u00edjen (24.&nbsp;10.)<\/p>\r\n<ul>\r\n\t<li><a href=\"https:\/\/www.praha7.cz\/wp-content\/uploads\/2025\/10\/06-pozvanka.pdf\">pozv\u00e1nka na jedn\u00e1n\u00ed<\/a><\/li>\r\n\t<li><a href=\"https:\/\/www.praha7.cz\/wp-content\/uploads\/2025\/11\/20251024-06-zapis-komroz-1.pdf\">z\u00e1pis z&nbsp;jedn\u00e1n\u00ed<\/a><\/li>\r\n<\/ul>\r\n<p>Listopad (14.&nbsp;11.)<\/p>\r\n<ul>\r\n\t<li><a href=\"https:\/\/www.praha7.cz\/wp-content\/uploads\/2025\/11\/07-pozva\u0301nka-2.pdf\">pozv\u00e1nka na jedn\u00e1n\u00ed<\/a><\/li>\r\n\t<li><a href=\"https:\/\/www.praha7.cz\/wp-content\/uploads\/2025\/11\/20251114-07-zapis-komroz.pdf\">z\u00e1pis z&nbsp;jedn\u00e1n\u00ed<\/a><\/li>\r\n<\/ul>\r\n<p>Prosinec (5.&nbsp;12.)<\/p>\r\n<ul>\r\n\t<li><a href=\"https:\/\/www.praha7.cz\/wp-content\/uploads\/2025\/12\/20251205-MIMOR-zapis-komroz.pdf\">z\u00e1pis z&nbsp;mimo\u0159\u00e1dn\u00e9ho jedn\u00e1n\u00ed<\/a><\/li>\r\n<\/ul>\r\n<p>Prosinec (12.&nbsp;12.)<\/p>\r\n<ul>\r\n\t<li><a href=\"https:\/\/www.praha7.cz\/wp-content\/uploads\/2025\/12\/08-pozvanka.pdf\">pozv\u00e1nka na jedn\u00e1n\u00ed<\/a><\/li>\r\n\t<li><a href=\"https:\/\/www.praha7.cz\/wp-content\/uploads\/2026\/01\/20251212-08-zapis-komroz.pdf\" target=\"_blank\" rel=\"noopener\">z\u00e1pis z&nbsp;jedn\u00e1n\u00ed<\/a><\/li>\r\n<\/ul>\r\n                <\/div>\r\n            <\/div>\r\n        <\/div>\r\n    \r\n        <div class=\"collapse-block\">\r\n            <div class=\"card-header\" role=\"tab\" id=\"headinga0544b168dad3c3cd241681396afd27c93166670\">\r\n                                    <h3 class=\"mb-0\">\r\n                        <a data-toggle=\"collapse\" href=\"#collapsea0544b168dad3c3cd241681396afd27c93166670\" aria-controls=\"collapsea0544b168dad3c3cd241681396afd27c93166670\">\r\n                            Rok 2024                            <i class=\"fa fa-2x fa-angle-down\" aria-hidden=\"true\"><\/i>\r\n                        <\/a>\r\n                    <\/h3>\r\n                                \r\n            <\/div>\r\n\r\n            <div id=\"collapsea0544b168dad3c3cd241681396afd27c93166670\" class=\"collapse\" data-id=\"a0544b168dad3c3cd241681396afd27c93166670\" role=\"tabpanel\" aria-labelledby=\"headinga0544b168dad3c3cd241681396afd27c93166670\">\r\n                <div class=\"card-block\">\r\n    \r\n<p>Leden (12.&nbsp;1.)<\/p>\r\n<ul>\r\n\t<li><a href=\"https:\/\/www.praha7.cz\/wp-content\/uploads\/2024\/01\/1-pozvanka.pdf\">pozv\u00e1nka na jedn\u00e1n\u00ed<\/a><\/li>\r\n\t<li><a href=\"https:\/\/www.praha7.cz\/wp-content\/uploads\/2024\/01\/20240112-01-zapis-komroz-1.pdf\">z\u00e1pis z&nbsp;jedn\u00e1n\u00ed<\/a><\/li>\r\n<\/ul>\r\n<p>B\u0159ezen (1.&nbsp;3.)<\/p>\r\n<ul>\r\n\t<li><a href=\"https:\/\/www.praha7.cz\/wp-content\/uploads\/2024\/02\/02-pozvanka.pdf\">pozv\u00e1nka na jedn\u00e1n\u00ed<\/a><\/li>\r\n\t<li><a href=\"https:\/\/www.praha7.cz\/wp-content\/uploads\/2024\/03\/20240103-02-zapis-komroz.pdf\">z\u00e1pis z&nbsp;jedn\u00e1n\u00ed<\/a><\/li>\r\n<\/ul>\r\n<p>Duben (5.&nbsp;4.)<\/p>\r\n<ul>\r\n\t<li><a href=\"https:\/\/www.praha7.cz\/wp-content\/uploads\/2024\/04\/03-pozvanka.pdf\">pozv\u00e1nka na jedn\u00e1n\u00ed<\/a><\/li>\r\n\t<li><a href=\"https:\/\/www.praha7.cz\/wp-content\/uploads\/2024\/04\/20240405-03-zapis-komroz.pdf\">z\u00e1pis z&nbsp;jedn\u00e1n\u00ed<\/a><\/li>\r\n<\/ul>\r\n<p>Kv\u011bten (17.&nbsp;5.)<\/p>\r\n<ul>\r\n\t<li><a href=\"https:\/\/www.praha7.cz\/wp-content\/uploads\/2024\/05\/04-pozvanka.pdf\" target=\"_blank\" rel=\"noopener\">pozv\u00e1nka na jedn\u00e1n\u00ed<\/a><\/li>\r\n\t<li><a href=\"https:\/\/www.praha7.cz\/wp-content\/uploads\/2024\/05\/20240517-04-zapis-komroz.pdf\">z\u00e1pis z&nbsp;jedn\u00e1n\u00ed<\/a><\/li>\r\n<\/ul>\r\n<p>\u010cerven (14.&nbsp;6.)<\/p>\r\n<ul>\r\n\t<li><a href=\"https:\/\/www.praha7.cz\/wp-content\/uploads\/2024\/06\/05-pozvanka.pdf\">pozv\u00e1nka na jedn\u00e1n\u00ed<\/a><\/li>\r\n\t<li><a href=\"https:\/\/www.praha7.cz\/wp-content\/uploads\/2024\/06\/20240614-06-zapis-komroz.pdf\">z\u00e1pis z&nbsp;jedn\u00e1n\u00ed<\/a><\/li>\r\n<\/ul>\r\n<p>\u010cerven (27.&nbsp;6.&nbsp;od 10.00)\u00a0<\/p>\r\n<ul>\r\n\t<li><a href=\"https:\/\/www.praha7.cz\/wp-content\/uploads\/2024\/06\/06-pozvanka.pdf\">pozv\u00e1nka na jedn\u00e1n\u00ed<\/a><\/li>\r\n\t<li><a href=\"https:\/\/www.praha7.cz\/wp-content\/uploads\/2024\/07\/20240627-06-zapis-komroz.pdf\">z\u00e1pis z&nbsp;jedn\u00e1n\u00ed<\/a><\/li>\r\n<\/ul>\r\n<p>\u0158\u00edjen (4.&nbsp;10.)<\/p>\r\n<ul>\r\n\t<li><a href=\"https:\/\/www.praha7.cz\/wp-content\/uploads\/2024\/10\/07-pozva\u0301nka-1.pdf\">pozv\u00e1nka na jedn\u00e1n\u00ed<\/a><\/li>\r\n\t<li><a href=\"https:\/\/www.praha7.cz\/wp-content\/uploads\/2024\/11\/20241004-07-zapis-komroz.pdf\">z\u00e1pis z&nbsp;jedn\u00e1n\u00ed<\/a><\/li>\r\n<\/ul>\r\n<p>Listopad (8.&nbsp;11.)<\/p>\r\n<ul>\r\n\t<li><a href=\"https:\/\/www.praha7.cz\/wp-content\/uploads\/2024\/11\/08-pozvanka.pdf\">pozv\u00e1nka na jedn\u00e1n\u00ed<\/a><\/li>\r\n\t<li><a href=\"https:\/\/www.praha7.cz\/wp-content\/uploads\/2024\/11\/20241108-08-zapis-komroz.pdf\">z\u00e1pis z&nbsp;jedn\u00e1n\u00ed<\/a><\/li>\r\n<\/ul>\r\n<p>Prosinec (13.&nbsp;12.)<\/p>\r\n<ul>\r\n\t<li><a href=\"https:\/\/www.praha7.cz\/wp-content\/uploads\/2024\/12\/09-pozvanka.pdf\">pozv\u00e1nka na jedn\u00e1n\u00ed<\/a><\/li>\r\n\t<li><a href=\"https:\/\/www.praha7.cz\/wp-content\/uploads\/2024\/12\/20241213-09-zapis-komroz.pdf\">z\u00e1pis z&nbsp;jedn\u00e1n\u00ed<\/a><\/li>\r\n<\/ul>\r\n                <\/div>\r\n            <\/div>\r\n        <\/div>\r\n    \r\n        <div class=\"collapse-block\">\r\n            <div class=\"card-header\" role=\"tab\" id=\"heading214d742240b82b8da0dc8466a8c85105486bb22f\">\r\n                                    <h3 class=\"mb-0\">\r\n                        <a data-toggle=\"collapse\" href=\"#collapse214d742240b82b8da0dc8466a8c85105486bb22f\" aria-controls=\"collapse214d742240b82b8da0dc8466a8c85105486bb22f\">\r\n                            Rok 2023                            <i class=\"fa fa-2x fa-angle-down\" aria-hidden=\"true\"><\/i>\r\n                        <\/a>\r\n                    <\/h3>\r\n                                \r\n            <\/div>\r\n\r\n            <div id=\"collapse214d742240b82b8da0dc8466a8c85105486bb22f\" class=\"collapse\" data-id=\"214d742240b82b8da0dc8466a8c85105486bb22f\" role=\"tabpanel\" aria-labelledby=\"heading214d742240b82b8da0dc8466a8c85105486bb22f\">\r\n                <div class=\"card-block\">\r\n    \r\n<p>Leden (13.&nbsp;1.)<\/p>\r\n<ul>\r\n\t<li><a href=\"https:\/\/www.praha7.cz\/wp-content\/uploads\/2023\/01\/01-pozva\u0301nka.pdf\">Pozv\u00e1nka na jedn\u00e1n\u00ed<\/a><\/li>\r\n\t<li><a href=\"https:\/\/www.praha7.cz\/wp-content\/uploads\/2023\/02\/20230213-01-zapis-komroz.pdf\">Z\u00e1pis z&nbsp;jedn\u00e1n\u00ed<\/a><\/li>\r\n<\/ul>\r\n<p>\u00danor (17.&nbsp;2.)<\/p>\r\n<ul>\r\n\t<li><a href=\"https:\/\/www.praha7.cz\/wp-content\/uploads\/2023\/02\/02-pozv\u00e1nka.pdf\">Pozv\u00e1nka na jedn\u00e1n\u00ed<\/a><\/li>\r\n\t<li><a href=\"https:\/\/www.praha7.cz\/wp-content\/uploads\/2023\/03\/20230217-02-zapis-komroz.pdf\">Z\u00e1pis z&nbsp;jedn\u00e1n\u00ed<\/a><\/li>\r\n<\/ul>\r\n<p>B\u0159ezen (17.&nbsp;3.)<\/p>\r\n<ul>\r\n\t<li><a href=\"https:\/\/www.praha7.cz\/wp-content\/uploads\/2023\/03\/03-pozva\u0301nka.pdf\">Pozv\u00e1nka na jedn\u00e1n\u00ed<\/a><\/li>\r\n\t<li><a href=\"https:\/\/www.praha7.cz\/wp-content\/uploads\/2023\/04\/20230317-03-zapis-komroz.pdf\">Z\u00e1pis z&nbsp;jedn\u00e1n\u00ed<\/a><\/li>\r\n<\/ul>\r\n<p>Duben (14.&nbsp;4.)<\/p>\r\n<ul>\r\n\t<li><a href=\"https:\/\/www.praha7.cz\/wp-content\/uploads\/2023\/04\/04-pozv\u00e1nka.pdf\">Pozv\u00e1nka na jedn\u00e1n\u00ed<\/a><\/li>\r\n\t<li><a href=\"https:\/\/www.praha7.cz\/wp-content\/uploads\/2023\/04\/20230414-04-zapis-komroz-\u00faprava.pdf\">Z\u00e1pis z&nbsp;jedn\u00e1n\u00ed<\/a><\/li>\r\n<\/ul>\r\n<p>Kv\u011bten (19.&nbsp;5.)<\/p>\r\n<ul>\r\n\t<li><a href=\"https:\/\/www.praha7.cz\/wp-content\/uploads\/2023\/05\/05-pozvanka.pdf\">Pozv\u00e1nka na jedn\u00e1n\u00ed<\/a><\/li>\r\n\t<li><a href=\"https:\/\/www.praha7.cz\/wp-content\/uploads\/2023\/06\/20230519-05-zapis-komroz.pdf\">Z\u00e1pis z&nbsp;jedn\u00e1n\u00ed<\/a><\/li>\r\n<\/ul>\r\n<p>\u010cerven (16.&nbsp;6.)<\/p>\r\n<ul>\r\n\t<li><a href=\"https:\/\/www.praha7.cz\/wp-content\/uploads\/2023\/06\/06-pozvanka.pdf\">Pozv\u00e1nka na jedn\u00e1n\u00ed<\/a><\/li>\r\n\t<li><a href=\"https:\/\/www.praha7.cz\/wp-content\/uploads\/2023\/09\/20230616-06-zapis-komroz.pdf\">Z\u00e1pis z&nbsp;jedn\u00e1n\u00ed<\/a><\/li>\r\n<\/ul>\r\n<p>Z\u00e1\u0159\u00ed (15.&nbsp;9.)<\/p>\r\n<ul>\r\n\t<li><a href=\"https:\/\/www.praha7.cz\/wp-content\/uploads\/2023\/09\/07-pozva\u0301nka.pdf\">Pozv\u00e1nka na jedn\u00e1n\u00ed<\/a><\/li>\r\n\t<li><a href=\"https:\/\/www.praha7.cz\/wp-content\/uploads\/2023\/09\/20230715-07-zapis-komroz-1.pdf\">Z\u00e1pis z&nbsp;jedn\u00e1n\u00ed<\/a><\/li>\r\n<\/ul>\r\n<p>\u0158\u00edjen (20.&nbsp;10.)<\/p>\r\n<ul>\r\n\t<li><a href=\"https:\/\/www.praha7.cz\/wp-content\/uploads\/2023\/10\/08-pozvanka.pdf\">Pozv\u00e1nka na jedn\u00e1n\u00ed<\/a><\/li>\r\n\t<li><a href=\"https:\/\/www.praha7.cz\/wp-content\/uploads\/2023\/10\/20231020-08-zapis-komroz.pdf\">Z\u00e1pis z&nbsp;jedn\u00e1n\u00ed<\/a><\/li>\r\n<\/ul>\r\n<p>Listopad (10.&nbsp;11.)<\/p>\r\n<ul>\r\n\t<li><a href=\"https:\/\/www.praha7.cz\/wp-content\/uploads\/2023\/11\/09-pozvanka.pdf\" target=\"_blank\" rel=\"noopener\">Pozv\u00e1nka na jedn\u00e1n\u00ed<\/a><\/li>\r\n\t<li><a href=\"https:\/\/www.praha7.cz\/wp-content\/uploads\/2023\/11\/20231110-09-zapis-komroz.pdf\">Z\u00e1pis z&nbsp;jedn\u00e1n\u00ed<\/a><\/li>\r\n<\/ul>\r\n<p>Prosinec (8.&nbsp;12.)<\/p>\r\n<ul>\r\n\t<li><a href=\"https:\/\/www.praha7.cz\/wp-content\/uploads\/2023\/12\/10-pozvanka.pdf\">Pozv\u00e1nka na jedn\u00e1n\u00ed<\/a><\/li>\r\n\t<li><a href=\"https:\/\/www.praha7.cz\/wp-content\/uploads\/2023\/12\/20231208-10-zapis-komroz2.pdf\">Z\u00e1pis z&nbsp;jedn\u00e1n\u00ed<\/a><\/li>\r\n<\/ul>\r\n                <\/div>\r\n            <\/div>\r\n        <\/div>\r\n    \r\n<p>        <div class=\"collapse-block\">\r\n            <div class=\"card-header\" role=\"tab\" id=\"heading7d8be7c608b3f4572d56ac5c953a23ac97f326e0\">\r\n                                    <h3 class=\"mb-0\">\r\n                        <a data-toggle=\"collapse\" href=\"#collapse7d8be7c608b3f4572d56ac5c953a23ac97f326e0\" aria-controls=\"collapse7d8be7c608b3f4572d56ac5c953a23ac97f326e0\">\r\n                            Rok 2022                            <i class=\"fa fa-2x fa-angle-down\" aria-hidden=\"true\"><\/i>\r\n                        <\/a>\r\n                    <\/h3>\r\n                                \r\n            <\/div>\r\n\r\n            <div id=\"collapse7d8be7c608b3f4572d56ac5c953a23ac97f326e0\" class=\"collapse\" data-id=\"7d8be7c608b3f4572d56ac5c953a23ac97f326e0\" role=\"tabpanel\" aria-labelledby=\"heading7d8be7c608b3f4572d56ac5c953a23ac97f326e0\">\r\n                <div class=\"card-block\">\r\n    <br \/>\r\nLeden (21.&nbsp;1.)<\/p>\r\n<ul style=\"list-style-type: disc;\">\r\n\t<li><a href=\"https:\/\/www.praha7.cz\/wp-content\/uploads\/2022\/01\/01-pozv\u00e1nka.pdf\">Pozv\u00e1nka na jedn\u00e1n\u00ed<\/a><\/li>\r\n\t<li><a href=\"https:\/\/www.praha7.cz\/wp-content\/uploads\/2022\/02\/20220121-01-zapis-komroz.pdf\">Z\u00e1pis z&nbsp;jedn\u00e1n\u00ed<\/a><\/li>\r\n<\/ul>\r\n<p>\u00danor (18.&nbsp;2.)<\/p>\r\n<ul>\r\n\t<li><a href=\"https:\/\/www.praha7.cz\/wp-content\/uploads\/2022\/02\/02-pozv\u00e1nka.pdf\">Pozv\u00e1nka na jedn\u00e1n\u00ed<\/a><\/li>\r\n\t<li><a href=\"https:\/\/www.praha7.cz\/wp-content\/uploads\/2022\/04\/20220218-02-zapis-komroz.pdf\">Z\u00e1pis z&nbsp;jedn\u00e1n\u00ed<\/a><\/li>\r\n<\/ul>\r\n<p>B\u0159ezen (25.&nbsp;3.)<\/p>\r\n<ul>\r\n\t<li><a href=\"https:\/\/www.praha7.cz\/wp-content\/uploads\/2022\/03\/03-pozv\u00e1nka.pdf\">Pozv\u00e1nka na jedn\u00e1n\u00ed<\/a><\/li>\r\n\t<li><a href=\"https:\/\/www.praha7.cz\/wp-content\/uploads\/2022\/04\/20220325-03-zapis-komroz.pdf\">Z\u00e1pis z&nbsp;jedn\u00e1n\u00ed<\/a><\/li>\r\n<\/ul>\r\n<p>Duben (22.&nbsp;4.)<\/p>\r\n<ul>\r\n\t<li><a href=\"https:\/\/www.praha7.cz\/wp-content\/uploads\/2022\/04\/04-pozv\u00e1nka.pdf\">Pozv\u00e1nka na jedn\u00e1n\u00ed<\/a><\/li>\r\n\t<li><a href=\"https:\/\/www.praha7.cz\/wp-content\/uploads\/2022\/05\/20220422-04-zapis-komroz.pdf\">Z\u00e1pis z&nbsp;jedn\u00e1n\u00ed<\/a><\/li>\r\n<\/ul>\r\n<p>Kv\u011bten (20.&nbsp;5.)<\/p>\r\n<ul>\r\n\t<li><a href=\"https:\/\/www.praha7.cz\/wp-content\/uploads\/2022\/05\/05-pozv\u00e1nka.pdf\">Pozv\u00e1nka na jedn\u00e1n\u00ed<\/a><\/li>\r\n\t<li><a href=\"https:\/\/www.praha7.cz\/wp-content\/uploads\/2022\/06\/20220520-05-zapis-komroz.pdf\">Z\u00e1pis z&nbsp;jedn\u00e1n\u00ed<\/a><\/li>\r\n<\/ul>\r\n<p>\u010cerven (17.&nbsp;6.)<\/p>\r\n<ul>\r\n\t<li style=\"text-align: left;\"><a href=\"https:\/\/www.praha7.cz\/wp-content\/uploads\/2022\/06\/06-pozv\u00e1nka.pdf\">Pozv\u00e1nka na jedn\u00e1n\u00ed<\/a><\/li>\r\n\t<li><a href=\"https:\/\/www.praha7.cz\/wp-content\/uploads\/2022\/09\/20220617-06-zapis-komroz.pdf\">Z\u00e1pis z&nbsp;jedn\u00e1n\u00ed<\/a><\/li>\r\n<\/ul>\r\n<p>Z\u00e1\u0159\u00ed (9.&nbsp;9.)<\/p>\r\n<ul>\r\n\t<li><a href=\"https:\/\/www.praha7.cz\/wp-content\/uploads\/2022\/09\/07-pozv\u00e1nka-1.pdf\">Pozv\u00e1nka na jedn\u00e1n\u00ed<\/a><\/li>\r\n\t<li><a href=\"https:\/\/www.praha7.cz\/wp-content\/uploads\/2022\/12\/20220909-07-zapis-komroz.pdf\">Z\u00e1pis z&nbsp;jedn\u00e1n\u00ed<\/a><\/li>\r\n<\/ul>\r\n<p>Prosinec (2.&nbsp;12.)<\/p>\r\n<ul>\r\n\t<li><a href=\"https:\/\/www.praha7.cz\/wp-content\/uploads\/2022\/12\/08-pozv\u00e1nka.pdf\">Pozv\u00e1nka na jedn\u00e1n\u00ed<\/a><\/li>\r\n\t<li><a href=\"https:\/\/www.praha7.cz\/wp-content\/uploads\/2023\/01\/20221202-08-zapis-komroz.pdf\">Z\u00e1pis z&nbsp;jedn\u00e1n\u00ed<\/a><\/li>\r\n<\/ul>\r\n                <\/div>\r\n            <\/div>\r\n        <\/div>\r\n    \r\n        <div class=\"collapse-block\">\r\n            <div class=\"card-header\" role=\"tab\" id=\"heading1a49f232157bd82961dcb14d10c3270faed64d82\">\r\n                                    <h3 class=\"mb-0\">\r\n                        <a data-toggle=\"collapse\" href=\"#collapse1a49f232157bd82961dcb14d10c3270faed64d82\" aria-controls=\"collapse1a49f232157bd82961dcb14d10c3270faed64d82\">\r\n                            Rok 2021                            <i class=\"fa fa-2x fa-angle-down\" aria-hidden=\"true\"><\/i>\r\n                        <\/a>\r\n                    <\/h3>\r\n                                \r\n            <\/div>\r\n\r\n            <div id=\"collapse1a49f232157bd82961dcb14d10c3270faed64d82\" class=\"collapse\" data-id=\"1a49f232157bd82961dcb14d10c3270faed64d82\" role=\"tabpanel\" aria-labelledby=\"heading1a49f232157bd82961dcb14d10c3270faed64d82\">\r\n                <div class=\"card-block\">\r\n    \r\n<p>Leden (15.&nbsp;1.)<\/p>\r\n<ul>\r\n\t<li><a href=\"https:\/\/www.praha7.cz\/wp-content\/uploads\/2021\/01\/01-pozv\u00e1nka.pdf\">Pozv\u00e1nka na jedn\u00e1n\u00ed\u00a0<\/a><\/li>\r\n\t<li><a href=\"https:\/\/www.praha7.cz\/wp-content\/uploads\/2021\/04\/20210115-1-zapis-komroz.pdf\">Z\u00e1pis z&nbsp;jedn\u00e1n\u00ed<\/a><\/li>\r\n<\/ul>\r\n<p>\u00danor (19.&nbsp;2.)<\/p>\r\n<ul>\r\n\t<li><a href=\"https:\/\/www.praha7.cz\/wp-content\/uploads\/2021\/02\/02-pozv\u00e1nka.pdf\">Pozv\u00e1nka na jedn\u00e1n\u00ed<\/a><\/li>\r\n\t<li><a href=\"https:\/\/www.praha7.cz\/wp-content\/uploads\/2021\/04\/20210219-2-zapis-komroz.pdf\">Z\u00e1pis z&nbsp;jedn\u00e1n\u00ed<\/a><\/li>\r\n<\/ul>\r\n<p>B\u0159ezen (19.&nbsp;3.)<\/p>\r\n<ul>\r\n\t<li><a href=\"https:\/\/www.praha7.cz\/wp-content\/uploads\/2021\/03\/03-pozv\u00e1nka.pdf\">Pozv\u00e1nka na jedn\u00e1n\u00ed<\/a><\/li>\r\n\t<li><a href=\"https:\/\/www.praha7.cz\/wp-content\/uploads\/2021\/04\/20210319-3-zapis-komroz.pdf\">Z\u00e1pis z&nbsp;jedn\u00e1n\u00ed<\/a><\/li>\r\n<\/ul>\r\n<p>Duben (16.&nbsp;4.)<\/p>\r\n<ul>\r\n\t<li><a href=\"https:\/\/www.praha7.cz\/wp-content\/uploads\/2021\/04\/04-pozv\u00e1nka.pdf\">Pozv\u00e1nka na jedn\u00e1n\u00ed<\/a><\/li>\r\n\t<li><a href=\"https:\/\/www.praha7.cz\/wp-content\/uploads\/2021\/05\/20210416-4-zapis-komroz.pdf\">Z\u00e1pis z&nbsp;jedn\u00e1n\u00ed<\/a><\/li>\r\n<\/ul>\r\n<p>Kv\u011bten (14.&nbsp;5.)<\/p>\r\n<ul>\r\n\t<li><a href=\"https:\/\/www.praha7.cz\/wp-content\/uploads\/2021\/05\/05-pozv\u00e1nka.pdf\">Pozv\u00e1nka na jedn\u00e1n\u00ed<\/a><\/li>\r\n\t<li><a href=\"https:\/\/www.praha7.cz\/wp-content\/uploads\/2021\/06\/20210514-5-zapis-komroz.pdf\">Z\u00e1pis z&nbsp;jedn\u00e1n\u00ed<\/a><\/li>\r\n<\/ul>\r\n<p>\u010cerven (18.&nbsp;6.)<\/p>\r\n<ul>\r\n\t<li><a href=\"https:\/\/www.praha7.cz\/wp-content\/uploads\/2021\/06\/06-pozv\u00e1nka.pdf\">Pozv\u00e1nka na jedn\u00e1n\u00ed<\/a><\/li>\r\n\t<li><a href=\"https:\/\/www.praha7.cz\/wp-content\/uploads\/2021\/10\/20210618-6-zapis-komroz.pdf\">Z\u00e1pis z&nbsp;jedn\u00e1n\u00ed<\/a><\/li>\r\n<\/ul>\r\n<p>\u0158\u00edjen (1.&nbsp;10.)<\/p>\r\n<ul>\r\n\t<li><a href=\"https:\/\/www.praha7.cz\/wp-content\/uploads\/2021\/09\/07-pozv\u00e1nka.pdf\">Pozv\u00e1nka na jedn\u00e1n\u00ed<\/a><\/li>\r\n\t<li><a href=\"https:\/\/www.praha7.cz\/wp-content\/uploads\/2021\/10\/20211001-7-zapis-komroz.pdf\">Z\u00e1pis z&nbsp;jedn\u00e1n\u00ed<\/a><\/li>\r\n<\/ul>\r\n<p>\u00a0 \u00a0 \u00a0 a\u00a0 (22.&nbsp;10.)<\/p>\r\n<ul>\r\n\t<li><a href=\"https:\/\/www.praha7.cz\/wp-content\/uploads\/2021\/10\/08-pozv\u00e1nka.pdf\">Pozv\u00e1nka na jedn\u00e1n\u00ed<\/a><\/li>\r\n\t<li><a href=\"https:\/\/www.praha7.cz\/wp-content\/uploads\/2021\/11\/20211022-8-zapis-komroz.pdf\">Z\u00e1pis z&nbsp;jedn\u00e1n\u00ed<\/a><\/li>\r\n<\/ul>\r\n<p>Listopad (19.&nbsp;11.)<\/p>\r\n<ul>\r\n\t<li><a href=\"https:\/\/www.praha7.cz\/wp-content\/uploads\/2021\/11\/09-pozv\u00e1nka.pdf\">Pozv\u00e1nka na jedn\u00e1n\u00ed<\/a><\/li>\r\n\t<li><a href=\"https:\/\/www.praha7.cz\/wp-content\/uploads\/2021\/12\/20211119-9-zapis-komroz.pdf\">Z\u00e1pis z&nbsp;jedn\u00e1n\u00ed<\/a><\/li>\r\n<\/ul>\r\n<p>Prosinec (10.&nbsp;12.)<\/p>\r\n<ul>\r\n\t<li><a href=\"https:\/\/www.praha7.cz\/wp-content\/uploads\/2021\/12\/10-pozv\u00e1nka.pdf\">Pozv\u00e1nka na jedn\u00e1n\u00ed<\/a><\/li>\r\n\t<li><a href=\"https:\/\/www.praha7.cz\/wp-content\/uploads\/2022\/02\/20211210-10-zapis-komroz.pdf\">Z\u00e1pis z&nbsp;jedn\u00e1n\u00ed<\/a><\/li>\r\n<\/ul>\r\n                <\/div>\r\n            <\/div>\r\n        <\/div>\r\n    \r\n        <div class=\"collapse-block\">\r\n            <div class=\"card-header\" role=\"tab\" id=\"heading4a241c6b3ace269dbcd805447ba85acf66ed2c5f\">\r\n                                    <h3 class=\"mb-0\">\r\n                        <a data-toggle=\"collapse\" href=\"#collapse4a241c6b3ace269dbcd805447ba85acf66ed2c5f\" aria-controls=\"collapse4a241c6b3ace269dbcd805447ba85acf66ed2c5f\">\r\n                            Rok 2020                            <i class=\"fa fa-2x fa-angle-down\" aria-hidden=\"true\"><\/i>\r\n                        <\/a>\r\n                    <\/h3>\r\n                                \r\n            <\/div>\r\n\r\n            <div id=\"collapse4a241c6b3ace269dbcd805447ba85acf66ed2c5f\" class=\"collapse\" data-id=\"4a241c6b3ace269dbcd805447ba85acf66ed2c5f\" role=\"tabpanel\" aria-labelledby=\"heading4a241c6b3ace269dbcd805447ba85acf66ed2c5f\">\r\n                <div class=\"card-block\">\r\n    \r\n<p>Leden (24.&nbsp;1.)<\/p>\r\n<ul>\r\n\t<li><a href=\"https:\/\/www.praha7.cz\/wp-content\/uploads\/2020\/01\/01-pozv\u00e1nka.pdf\">Pozv\u00e1nka na jedn\u00e1n\u00ed<\/a><\/li>\r\n\t<li><a href=\"https:\/\/www.praha7.cz\/wp-content\/uploads\/2020\/05\/20200124-1-zapis-komroz.pdf\">Z\u00e1pis z&nbsp;jedn\u00e1n\u00ed<\/a><\/li>\r\n<\/ul>\r\n<p>\u00danor (21.&nbsp;2.)<\/p>\r\n<ul>\r\n\t<li><a href=\"https:\/\/www.praha7.cz\/wp-content\/uploads\/2020\/02\/02-pozv\u00e1nka.pdf\">Pozv\u00e1nka na jedn\u00e1n\u00ed<\/a><\/li>\r\n\t<li><a href=\"https:\/\/www.praha7.cz\/wp-content\/uploads\/2020\/05\/20191122-09-zapis-komroz-1.pdf\">Z\u00e1pis z&nbsp;jedn\u00e1n\u00ed<\/a><\/li>\r\n<\/ul>\r\n<p>B\u0159ezen (20.&nbsp;3.) \u2013 jedn\u00e1n\u00ed komise se nekonalo<\/p>\r\n<p>Duben (24.&nbsp;4.) \u2013 jedn\u00e1n\u00ed komise se nekonalo<\/p>\r\n<p>Kv\u011bten (22.&nbsp;5.)<\/p>\r\n<ul>\r\n\t<li><a href=\"https:\/\/www.praha7.cz\/wp-content\/uploads\/2020\/06\/03-pozv\u00e1nka.pdf\">Pozv\u00e1nka na jedn\u00e1n\u00ed<\/a><\/li>\r\n\t<li><a href=\"https:\/\/www.praha7.cz\/wp-content\/uploads\/2020\/06\/20200522-3-zapis-komroz.pdf\">Z\u00e1pis z&nbsp;jedn\u00e1n\u00ed<\/a><\/li>\r\n<\/ul>\r\n<p>\u010cerven (26.&nbsp;6.)<\/p>\r\n<ul>\r\n\t<li><a href=\"https:\/\/www.praha7.cz\/wp-content\/uploads\/2020\/06\/04-pozv\u00e1nka.pdf\">Pozv\u00e1nka na jedn\u00e1n\u00ed<\/a><\/li>\r\n\t<li><a href=\"https:\/\/www.praha7.cz\/wp-content\/uploads\/2020\/09\/20200626-4-zapis-komroz.pdf\">Z\u00e1pis z&nbsp;jedn\u00e1n\u00ed<\/a><\/li>\r\n<\/ul>\r\n<p>Z\u00e1\u0159\u00ed (25.&nbsp;9.)<\/p>\r\n<ul>\r\n\t<li><a href=\"https:\/\/www.praha7.cz\/wp-content\/uploads\/2020\/09\/05-pozv\u00e1nka.pdf\">Pozv\u00e1nka na jedn\u00e1n\u00ed<\/a> \u2013 suter\u00e9n zastupitelsk\u00e9ho s\u00e1lu<\/li>\r\n\t<li><a href=\"https:\/\/www.praha7.cz\/wp-content\/uploads\/2020\/10\/20200925-5-zapis-komroz.pdf\">Z\u00e1pis z&nbsp;jedn\u00e1n\u00ed<\/a><\/li>\r\n<\/ul>\r\n<p>\u0158\u00edjen (23.&nbsp;10.)<\/p>\r\n<ul>\r\n\t<li><a href=\"https:\/\/www.praha7.cz\/wp-content\/uploads\/2020\/10\/06-pozva\u0301nka.pdf\">Pozv\u00e1nka na jedn\u00e1n\u00ed<\/a>\u00a0\u2013 online<\/li>\r\n\t<li><a href=\"https:\/\/www.praha7.cz\/wp-content\/uploads\/2021\/04\/20201023-6-zapis-komroz.pdf\">Z\u00e1pis z&nbsp;jedn\u00e1n\u00ed<\/a><\/li>\r\n<\/ul>\r\n<p>Listopad (20.&nbsp;11.)<\/p>\r\n<ul>\r\n\t<li><a href=\"https:\/\/www.praha7.cz\/wp-content\/uploads\/2020\/11\/07-pozv\u00e1nka.pdf\">Pozv\u00e1nka na jedn\u00e1n\u00ed<\/a> \u2013 online<\/li>\r\n\t<li><a href=\"https:\/\/www.praha7.cz\/wp-content\/uploads\/2021\/04\/20201120-7-zapis-komroz.pdf\">Z\u00e1pis z&nbsp;jedn\u00e1n\u00ed<\/a><\/li>\r\n<\/ul>\r\n<p>Prosinec (11.&nbsp;12.)<\/p>\r\n<ul>\r\n\t<li><a href=\"https:\/\/www.praha7.cz\/wp-content\/uploads\/2020\/12\/08-pozv\u00e1nka.pdf\">Pozv\u00e1nka na jedn\u00e1n\u00ed<\/a> \u2013 online<\/li>\r\n\t<li><a href=\"https:\/\/www.praha7.cz\/wp-content\/uploads\/2021\/04\/20201211-8-zapis-komroz.pdf\">Z\u00e1pis z&nbsp;jedn\u00e1n\u00ed<\/a><\/li>\r\n<\/ul>\r\n                <\/div>\r\n            <\/div>\r\n        <\/div>\r\n    \r\n        <div class=\"collapse-block\">\r\n            <div class=\"card-header\" role=\"tab\" id=\"heading8a02f142ef57f5d2c389d123a9ae8f671b1d6d26\">\r\n                                    <h3 class=\"mb-0\">\r\n                        <a data-toggle=\"collapse\" href=\"#collapse8a02f142ef57f5d2c389d123a9ae8f671b1d6d26\" aria-controls=\"collapse8a02f142ef57f5d2c389d123a9ae8f671b1d6d26\">\r\n                            Rok 2019                            <i class=\"fa fa-2x fa-angle-down\" aria-hidden=\"true\"><\/i>\r\n                        <\/a>\r\n                    <\/h3>\r\n                                \r\n            <\/div>\r\n\r\n            <div id=\"collapse8a02f142ef57f5d2c389d123a9ae8f671b1d6d26\" class=\"collapse\" data-id=\"8a02f142ef57f5d2c389d123a9ae8f671b1d6d26\" role=\"tabpanel\" aria-labelledby=\"heading8a02f142ef57f5d2c389d123a9ae8f671b1d6d26\">\r\n                <div class=\"card-block\">\r\n    \r\n<p>Leden (11.&nbsp;1.)<\/p>\r\n<ul>\r\n\t<li><a href=\"https:\/\/www.praha7.cz\/wp-content\/uploads\/2019\/01\/01-pozv\u00e1nka.pdf\">Pozv\u00e1nka na jedn\u00e1n\u00ed\u00a0<\/a><\/li>\r\n\t<li><a href=\"https:\/\/www.praha7.cz\/wp-content\/uploads\/2019\/02\/20190111-01-zapis-komroz.pdf\">Z\u00e1pis z&nbsp;jedn\u00e1n\u00ed<\/a><\/li>\r\n<\/ul>\r\n<p>\u00danor (15.&nbsp;2.)<\/p>\r\n<ul>\r\n\t<li><a href=\"https:\/\/www.praha7.cz\/wp-content\/uploads\/2019\/02\/02-pozv\u00e1nka.pdf\">Pozv\u00e1nka na jedn\u00e1n\u00ed<\/a><\/li>\r\n\t<li><a href=\"https:\/\/www.praha7.cz\/wp-content\/uploads\/2019\/03\/20190215-02-zapis-komroz-3.pdf\">Z\u00e1pis z&nbsp;jedn\u00e1n\u00ed<\/a><\/li>\r\n<\/ul>\r\n<p>B\u0159ezen (22.&nbsp;3.)<\/p>\r\n<ul>\r\n\t<li><a href=\"https:\/\/www.praha7.cz\/wp-content\/uploads\/2019\/03\/03-pozv\u00e1nka.pdf\">Pozv\u00e1nka na jedn\u00e1n\u00ed<\/a><\/li>\r\n\t<li><a href=\"https:\/\/www.praha7.cz\/wp-content\/uploads\/2019\/04\/20190322-03-zapis-komroz.pdf\">Z\u00e1pis z&nbsp;jedn\u00e1n\u00ed<\/a><\/li>\r\n<\/ul>\r\n<p>Duben (12.&nbsp;4.)<\/p>\r\n<ul>\r\n\t<li><a href=\"https:\/\/www.praha7.cz\/wp-content\/uploads\/2019\/04\/04-pozv\u00e1nka.pdf\">Pozv\u00e1nka na jedn\u00e1n\u00ed\u00a0<\/a><\/li>\r\n\t<li><a href=\"https:\/\/www.praha7.cz\/wp-content\/uploads\/2019\/05\/20190412-04-zapis-komroz.pdf\">Z\u00e1pis z&nbsp;jedn\u00e1n\u00ed<\/a><\/li>\r\n<\/ul>\r\n<p>Kv\u011bten (17.&nbsp;5.)<\/p>\r\n<ul>\r\n\t<li><a href=\"https:\/\/www.praha7.cz\/wp-content\/uploads\/2019\/05\/05-pozv\u00e1nka-1.pdf\">Pozv\u00e1nka na jedn\u00e1n\u00ed<\/a><\/li>\r\n\t<li><a href=\"https:\/\/www.praha7.cz\/wp-content\/uploads\/2019\/06\/20190517-05-zapis-komroz.pdf\">Z\u00e1pis z&nbsp;jedn\u00e1n\u00ed<\/a><\/li>\r\n<\/ul>\r\n<p>\u010cerven (14.&nbsp;6.)<\/p>\r\n<ul>\r\n\t<li><a href=\"https:\/\/www.praha7.cz\/wp-content\/uploads\/2019\/06\/06-pozv\u00e1nka.pdf\">Pozv\u00e1nka na jedn\u00e1n\u00ed<\/a><\/li>\r\n\t<li><a href=\"https:\/\/www.praha7.cz\/wp-content\/uploads\/2019\/07\/20190614-06-zapis-komroz.pdf\">Z\u00e1pis z&nbsp;jedn\u00e1n\u00ed<\/a><\/li>\r\n<\/ul>\r\n<p>Z\u00e1\u0159\u00ed (27.&nbsp;9.)<\/p>\r\n<ul>\r\n\t<li><a href=\"https:\/\/www.praha7.cz\/wp-content\/uploads\/2019\/09\/07-pozv\u00e1nka.pdf\">Pozv\u00e1nka na jedn\u00e1n\u00ed<\/a><\/li>\r\n\t<li><a href=\"https:\/\/www.praha7.cz\/wp-content\/uploads\/2019\/10\/20190916-00-Z\u00e1pis-z-neve\u0159ejn\u00e9-\u010d\u00e1sti-jedn\u00e1n\u00ed-Komise-rozvoje-k\u00daS-Hol-Bubny-Z\u00e1tory-.pdf\">Z\u00e1pis z&nbsp;jedn\u00e1n\u00ed \u2013 neve\u0159ejn\u00e1 \u010d\u00e1st<\/a><\/li>\r\n\t<li><a href=\"https:\/\/www.praha7.cz\/wp-content\/uploads\/2019\/10\/20190927-07-Z\u00e1pis-z-ve\u0159ejn\u00e9-\u010d\u00e1sti-jedn\u00e1n\u00ed-Komise-rozvoje.pdf\">Z\u00e1pis z&nbsp;jedn\u00e1n\u00ed \u2013 ve\u0159ejn\u00e1 \u010d\u00e1st\u00a0<\/a><\/li>\r\n<\/ul>\r\n<p>\u0158\u00edjen (18.&nbsp;10.)<\/p>\r\n<ul>\r\n\t<li><a href=\"https:\/\/www.praha7.cz\/wp-content\/uploads\/2019\/10\/08-pozv\u00e1nka.pdf\">Pozv\u00e1nka na jedn\u00e1n\u00ed<\/a><\/li>\r\n\t<li><a href=\"https:\/\/www.praha7.cz\/wp-content\/uploads\/2019\/11\/20191018-08-zapis-komroz.pdf\">Z\u00e1pis z&nbsp;jedn\u00e1n\u00ed\u00a0<\/a><\/li>\r\n<\/ul>\r\n<p>Listopad (22.&nbsp;11.)<\/p>\r\n<ul>\r\n\t<li><a href=\"https:\/\/www.praha7.cz\/wp-content\/uploads\/2019\/11\/09-pozv\u00e1nka.pdf\">Pozv\u00e1nka na jedn\u00e1n\u00ed<\/a><\/li>\r\n\t<li><a href=\"https:\/\/www.praha7.cz\/wp-content\/uploads\/2020\/05\/20191122-09-zapis-komroz.pdf\">Z\u00e1pis z&nbsp;jedn\u00e1n\u00ed<\/a><\/li>\r\n<\/ul>\r\n<p>Prosinec (6.&nbsp;12.)<\/p>\r\n<ul>\r\n\t<li><a href=\"https:\/\/www.praha7.cz\/wp-content\/uploads\/2019\/12\/10-pozv\u00e1nka.pdf\">Pozv\u00e1nka na jedn\u00e1n\u00ed\u00a0<\/a><\/li>\r\n\t<li><a href=\"https:\/\/www.praha7.cz\/wp-content\/uploads\/2020\/01\/20191206-10-zapis-komroz.pdf\">Z\u00e1pis z&nbsp;jedn\u00e1n\u00ed<\/a><\/li>\r\n<\/ul>\r\n                <\/div>\r\n            <\/div>\r\n        <\/div>\r\n    \r\n        <div class=\"collapse-block\">\r\n            <div class=\"card-header\" role=\"tab\" id=\"heading9d7c3a2f4648dbfeeb2f4a35ee64cce3442843ec\">\r\n                                    <h3 class=\"mb-0\">\r\n                        <a data-toggle=\"collapse\" href=\"#collapse9d7c3a2f4648dbfeeb2f4a35ee64cce3442843ec\" aria-controls=\"collapse9d7c3a2f4648dbfeeb2f4a35ee64cce3442843ec\">\r\n                            Rok 2018                            <i class=\"fa fa-2x fa-angle-down\" aria-hidden=\"true\"><\/i>\r\n                        <\/a>\r\n                    <\/h3>\r\n                                \r\n            <\/div>\r\n\r\n            <div id=\"collapse9d7c3a2f4648dbfeeb2f4a35ee64cce3442843ec\" class=\"collapse\" data-id=\"9d7c3a2f4648dbfeeb2f4a35ee64cce3442843ec\" role=\"tabpanel\" aria-labelledby=\"heading9d7c3a2f4648dbfeeb2f4a35ee64cce3442843ec\">\r\n                <div class=\"card-block\">\r\n    \r\n<p>Listopad (16.&nbsp;11.)<\/p>\r\n<ul>\r\n\t<li><a href=\"https:\/\/www.praha7.cz\/wp-content\/uploads\/2018\/11\/06-pozvanka-1.pdf\">Pozv\u00e1nka na jedn\u00e1n\u00ed<\/a><\/li>\r\n\t<li><a href=\"https:\/\/www.praha7.cz\/wp-content\/uploads\/2018\/12\/20181016-07-zapis-komroz.pdf\">Z\u00e1pis z&nbsp;jedn\u00e1n\u00ed<\/a><\/li>\r\n<\/ul>\r\n<p>Prosinec (7.&nbsp;12.)<\/p>\r\n<ul>\r\n\t<li><a href=\"https:\/\/www.praha7.cz\/wp-content\/uploads\/2018\/12\/08-pozv\u00e1nka.pdf\">Pozv\u00e1nka na jedn\u00e1n\u00ed<\/a><\/li>\r\n\t<li><a href=\"https:\/\/www.praha7.cz\/wp-content\/uploads\/2019\/01\/20181207-08-zapis-komroz.pdf\">Z\u00e1pis z&nbsp;jedn\u00e1n\u00ed<\/a><\/li>\r\n<\/ul>\r\n                <\/div>\r\n            <\/div>\r\n        <\/div>\r\n    \r\n<p>&nbsp;<\/p>\r\n<h3><a href=\"https:\/\/www.praha7.cz\/radnice\/voleni-zastupci-mistni-samospravy\/rada-mc-praha-7\/archiv-komisi-a-vyboru-2014-2018\/4081-2\/\"><strong>Archiv komise (2014-2018)<\/strong><\/a><\/h3>\r\n<p>&nbsp;<\/p>\r\n<div class=\"shortcode-container container-fluid no-bottom-padding \">\n\t<div class=\"row shortcode-row no-bottom-border\">\n\t\t <div class=\"row contact-item\">\n\t\t\t<div class=\"col-xs-4 col-md-2 contact-photo\">\t\t\n\t\t\t\t<img src=\"https:\/\/www.praha7.cz\/wp-content\/uploads\/2017\/11\/martina-fialova.png\" alt=\"placeholder\">\n\t\t\t<\/div>\n\t\t\t<div class=\"col-xs-8 col-md-5 contact-info\">\n\t\t\t\t<h3>\u010cerm\u00e1kov\u00e1 Martina, Ing. arch.<\/h3>\n\t\t\t\t<span>vedouc\u00ed odd\u011blen\u00ed<\/span><br>\n\t\t\t\t<span>dve\u0159e 7.06<\/span><br>\n\t\t\t\t<span>tel. <a>+420220144103<\/a><\/span><br>\n                <span>gsm. <a href=\"tel:+420778110012\">+420778110012<\/a><\/span><br>\n\t\t\t\t<a href=\"mailto:cermakovam@praha7.cz\">cermakovam@praha7.cz<\/a><br>\n\t\t\t<\/div>\n\t\t<\/div>\n\t<\/div>\n<\/div>","protected":false},"excerpt":{"rendered":"Komise rozvoje je poradn\u00edm org\u00e1nem, kter\u00fd z&nbsp;pov\u011b\u0159en\u00ed Rady M\u010c projedn\u00e1v\u00e1 urbanistick\u00e9 a&nbsp;architektonick\u00e9 z\u00e1sahy pl\u00e1novan\u00e9 na \u00fazem\u00ed Prahy&nbsp;7. C\u00edlem jedn\u00e1n\u00ed je nal\u00e9zt takov\u00e1 \u0159e\u0161en\u00ed, kter\u00e1 dan\u00e9 m\u00edsto obohat\u00ed a&nbsp;napomohou k&nbsp;harmonick\u00e9mu rozvoji \u010dtvrti. P\u0159i sv\u00e9m rozhodov\u00e1n\u00ed komise v\u017edy zohled\u0148uje specifick\u00fd charakter jednotliv\u00fdch \u010d\u00e1st\u00ed Prahy&nbsp;7, jejich roli v&nbsp;budouc\u00edm rozvoji \u010dtvrti nebo naopak jejich platnou pam\u00e1tkovou ochranu. Komise je [&hellip;]","protected":false},"author":76,"featured_media":0,"parent":21292,"menu_order":0,"comment_status":"closed","ping_status":"closed","template":"","meta":[],"_links":{"self":[{"href":"https:\/\/www.praha7.cz\/api\/wp\/v2\/pages\/21204"}],"collection":[{"href":"https:\/\/www.praha7.cz\/api\/wp\/v2\/pages"}],"about":[{"href":"https:\/\/www.praha7.cz\/api\/wp\/v2\/types\/page"}],"author":[{"embeddable":true,"href":"https:\/\/www.praha7.cz\/api\/wp\/v2\/users\/76"}],"replies":[{"embeddable":true,"href":"https:\/\/www.praha7.cz\/api\/wp\/v2\/comments?post=21204"}],"version-history":[{"count":227,"href":"https:\/\/www.praha7.cz\/api\/wp\/v2\/pages\/21204\/revisions"}],"predecessor-version":[{"id":91481,"href":"https:\/\/www.praha7.cz\/api\/wp\/v2\/pages\/21204\/revisions\/91481"}],"up":[{"embeddable":true,"href":"https:\/\/www.praha7.cz\/api\/wp\/v2\/pages\/21292"}],"wp:attachment":[{"href":"https:\/\/www.praha7.cz\/api\/wp\/v2\/media?parent=21204"}],"curies":[{"name":"wp","href":"https:\/\/api.w.org\/{rel}","templated":true}]}}