    
{"id":18269,"date":"2018-08-06T09:25:53","date_gmt":"2018-08-06T07:25:53","guid":{"rendered":"https:\/\/www.praha7.cz\/?page_id=18269"},"modified":"2025-07-08T10:43:26","modified_gmt":"2025-07-08T08:43:26","slug":"muze-jet-cyklista-po-prechodu-pro-chodce","status":"publish","type":"page","link":"https:\/\/www.praha7.cz\/temata\/doprava-v-praze-7\/cyklodoprava\/muze-jet-cyklista-po-prechodu-pro-chodce\/","title":{"rendered":"M\u016f\u017ee jet cyklista po p\u0159echodu pro chodce?"},"content":{"rendered":"<p><em>Text byl publikov\u00e1n jako sou\u010d\u00e1st kampan\u011b Magistr\u00e1tu hl. m. Prahy \u201eJezd\u00edm jako \u010dlov\u011bk\u201c. C\u00edlem kampan\u011b realizovan\u00e9 hlavn\u00edm m\u011bstem v&nbsp;roce 2018 bylo zlep\u0161ov\u00e1n\u00ed podm\u00ednek pro cyklodopravu a&nbsp;p\u0159edev\u0161\u00edm zv\u00fd\u0161en\u00ed bezpe\u010dnosti cyklist\u016f, chodc\u016f i&nbsp;motorist\u016f.<\/em><\/p>\r\n<p>&nbsp;<\/p>\r\n<p><strong>Na kole po p\u0159echodu velmi opatrn\u011b<br \/>\r\n<\/strong>\u201eNavzdory obecn\u011b v\u017eit\u00e9 p\u0159edstav\u011b pravidla provozu na pozemn\u00edch komunikac\u00edch cyklist\u016fm j\u00edzdu na kole po p\u0159echodu pro chodce v\u00fdslovn\u011b nezakazuj\u00ed. Z\u00e1rove\u0148 cyklist\u016fm ani nestanovuj\u00ed povinnost z&nbsp;kola sesednout a&nbsp;p\u0159es p\u0159echod ho v\u00e9st,\u201c uv\u00e1d\u00ed David Horatius, specialista z&nbsp;odboru dopravy Magistr\u00e1tu hlavn\u00edho m\u011bsta Prahy, kter\u00fd ned\u00e1vno spustil osv\u011btovou kampa\u0148 Jezd\u00edm jako \u010dlov\u011bk na zv\u00fd\u0161en\u00ed vz\u00e1jemn\u00e9 ohleduplnosti v\u0161ech \u00fa\u010dastn\u00edk\u016f provozu. V\u00fdjimkou jsou situace, kdy je u&nbsp;p\u0159echodu um\u00edst\u011bna p\u0159\u00edkazov\u00e1 zna\u010dka \u201eCyklisto, sesedni z\u00a0kola\u201c.<\/p>\r\n<p>Z\u00e1kon hled\u00ed na cyklistu jedouc\u00edho na kole po silnici jako na \u0159idi\u010de, a&nbsp;proto pro n\u011bj na p\u0159echodu pro chodce plat\u00ed stejn\u00e9 z\u00e1kladn\u00ed pravidlo jako pro \u0159idi\u010de motorov\u00fdch vozidel: nesm\u00ed ohrozit ani omezit chodce, kter\u00fd p\u0159ech\u00e1z\u00ed po p\u0159echodu pro chodce nebo kter\u00fd zjevn\u011b chce po p\u0159echodu p\u0159ej\u00edt.<\/p>\r\n<p>Toto pravidlo je platn\u00e9 jak v\u00a0p\u0159\u00edpad\u011b, kdy se cyklista, stejn\u011b jako motorist\u00e9, bl\u00ed\u017e\u00ed k\u00a0p\u0159echodu pro chodce po silnici a&nbsp;chyst\u00e1 se ho p\u0159ejet a&nbsp;pokra\u010dovat v\u00a0j\u00edzd\u011b ve sv\u00e9m j\u00edzdn\u00edm pruhu, tak i&nbsp;v\u00a0p\u0159\u00edpad\u011b, kdy po n\u011bm chce spole\u010dn\u011b s\u00a0chodci p\u0159ekro\u010dit pozemn\u00ed komunikaci.<\/p>\r\n<p><strong>Pozor na p\u0159ednost v\u00a0j\u00edzd\u011b<\/strong><br \/>\r\nI&nbsp;p\u0159esto, \u017ee obecn\u011b m\u016f\u017ee cyklista p\u0159echod pro chodce p\u0159ekonat i&nbsp;bez toho, aby musel sesednout z\u00a0kola, je nutn\u00e9 si uv\u011bdomit jednu d\u016fle\u017eitou v\u011bc: v\u00a0dan\u00e9 situaci cyklista nem\u00e1 stejnou p\u0159ednost jako chodec. \u201eCyklista jedouc\u00ed na kole je z&nbsp;pohledu z\u00e1kona vn\u00edm\u00e1n jako \u0159idi\u010d, rovnopr\u00e1vn\u00fd s&nbsp;\u0159idi\u010dem motorov\u00e9ho vozidla. Jeliko\u017e p\u0159i p\u0159ej\u00ed\u017ed\u011bn\u00ed p\u0159echodu pro chodce vj\u00ed\u017ed\u00ed do vozovky z&nbsp;m\u00edsta mimo pozemn\u00ed komunikaci, mus\u00ed d\u00e1t na p\u0159echodu bez sv\u011bteln\u00e9 signalizace p\u0159ednost v&nbsp;j\u00edzd\u011b ostatn\u00edm \u0159idi\u010d\u016fm,\u201c vysv\u011btluje David Horatius.<\/p>\r\n<p>J\u00edzdu na kole po p\u0159echodu bez semaforu lze tedy obecn\u011b doporu\u010dit pouze pokud je dan\u00fd \u00fasek komunikace p\u0159ehledn\u00fd a&nbsp;pokud se k\u00a0p\u0159echodu nebl\u00ed\u017e\u00ed \u017e\u00e1dn\u00e9 jin\u00e9 vozidlo. Sou\u010dasn\u011b je t\u0159eba jet po p\u0159echodu velmi opatrn\u011b a&nbsp;ohledupln\u011b v\u016f\u010di chodc\u016fm. Nejlep\u0161\u00ed je po p\u0159echodu p\u0159ej\u00ed\u017ed\u011bt pouze v\u00a0p\u0159\u00edpad\u011b, kdy na n\u011bm nejsou \u017e\u00e1dn\u00ed p\u011b\u0161\u00ed nebo kdy je p\u0159echod dostate\u010dn\u011b \u0161irok\u00fd, a&nbsp;cyklista jej tak m\u016f\u017ee p\u0159ekonat s\u00a0dostate\u010dn\u00fdm odstupem od ostatn\u00edch osob.<\/p>\r\n<p><strong>V\u00e9st kolo p\u0159es p\u0159echod m\u016f\u017ee b\u00fdt \u010dasto v\u00fdhodn\u011bj\u0161\u00ed<\/strong><br \/>\r\nV\u00a0m\u00edstech, kde je hust\u00fd silni\u010dn\u00ed provoz, m\u016f\u017ee b\u00fdt pro cyklisty v\u00fdhodn\u011bj\u0161\u00ed, pokud z\u00a0kola sesednou a&nbsp;p\u0159es p\u0159echod jej p\u0159evedou jako p\u011b\u0161\u00ed. V\u00a0t\u00e9 chv\u00edli toti\u017e cyklista p\u0159est\u00e1v\u00e1 b\u00fdt \u0159idi\u010dem, a&nbsp;tak pro n\u011bj plat\u00ed stejn\u00e1 pravidla jako pro chodce.<\/p>\r\n<p>Tento zp\u016fsob p\u0159ekon\u00e1v\u00e1n\u00ed p\u0159echodu pro chodce je z\u00e1rove\u0148 bezpe\u010dn\u011bj\u0161\u00ed. Cyklista toti\u017e neriskuje, \u017ee by se stal vin\u00edkem dopravn\u00ed nehody proto, \u017ee by nedal p\u0159ednost jin\u00e9mu \u0159idi\u010di. Nav\u00edc je jeho chov\u00e1n\u00ed pro motoristy l\u00e9pe p\u0159edv\u00eddateln\u00e9 a&nbsp;sn\u00ed\u017e\u00ed se t\u00edm i&nbsp;riziko p\u0159\u00edpadn\u00e9 kolize s\u00a0chodci.<\/p>\r\n<p><strong>A jak se chovat na p\u0159ejezdu pro cyklisty?<\/strong><br \/>\r\nVedle p\u0159echod\u016f pro chodce jsou na n\u011bkter\u00fdch m\u00edstech vyzna\u010deny i&nbsp;samostatn\u00e9 p\u0159ejezdy pro cyklisty. Ty jsou vyhrazeny v\u00fdlu\u010dn\u011b k\u00a0pohybu cyklist\u016f, chodci by se v\u00a0nich tedy nem\u011bli pohybovat. Pokud je p\u0159ejezd ve vozovce vyzna\u010den, cyklista jej mus\u00ed u\u017e\u00edt a&nbsp;v\u00a0\u017e\u00e1dn\u00e9m p\u0159\u00edpad\u011b nesm\u00ed jet po p\u0159echodu pro chodce.<\/p>\r\n<p>P\u0159ejezd pro cyklisty m\u016f\u017ee jezdec na kole p\u0159ekonat v\u017edy, ani\u017e by musel sesednout z\u00a0kola. \u201eI v&nbsp;tomto p\u0159\u00edpad\u011b je v\u0161ak nutn\u00e9 si uv\u011bdomit, \u017ee cyklista na kole z\u016fst\u00e1v\u00e1 \u0159idi\u010dem, a&nbsp;na rozd\u00edl od chodc\u016f na vedlej\u0161\u00edm p\u0159echodu tak p\u0159ed auty nem\u00e1 p\u0159ednost v&nbsp;j\u00edzd\u011b,\u201c dopl\u0148uje David Horatius. To samoz\u0159ejm\u011b neplat\u00ed na p\u0159ejezdech se semaforem, na kter\u00fdch se cyklista, stejn\u011b jako ostatn\u00ed \u00fa\u010dastn\u00edci provozu, \u0159\u00edd\u00ed sv\u011btelnou signalizac\u00ed.<\/p>","protected":false},"excerpt":{"rendered":"Text byl publikov\u00e1n jako sou\u010d\u00e1st kampan\u011b Magistr\u00e1tu hl. m. Prahy \u201eJezd\u00edm jako \u010dlov\u011bk\u201c. C\u00edlem kampan\u011b realizovan\u00e9 hlavn\u00edm m\u011bstem v&nbsp;roce 2018 bylo zlep\u0161ov\u00e1n\u00ed podm\u00ednek pro cyklodopravu a&nbsp;p\u0159edev\u0161\u00edm zv\u00fd\u0161en\u00ed bezpe\u010dnosti cyklist\u016f, chodc\u016f i&nbsp;motorist\u016f. &nbsp; Na kole po p\u0159echodu velmi opatrn\u011b \u201eNavzdory obecn\u011b v\u017eit\u00e9 p\u0159edstav\u011b pravidla provozu na pozemn\u00edch komunikac\u00edch cyklist\u016fm j\u00edzdu na kole po p\u0159echodu pro chodce [&hellip;]","protected":false},"author":4,"featured_media":0,"parent":8092,"menu_order":0,"comment_status":"closed","ping_status":"closed","template":"","meta":[],"_links":{"self":[{"href":"https:\/\/www.praha7.cz\/api\/wp\/v2\/pages\/18269"}],"collection":[{"href":"https:\/\/www.praha7.cz\/api\/wp\/v2\/pages"}],"about":[{"href":"https:\/\/www.praha7.cz\/api\/wp\/v2\/types\/page"}],"author":[{"embeddable":true,"href":"https:\/\/www.praha7.cz\/api\/wp\/v2\/users\/4"}],"replies":[{"embeddable":true,"href":"https:\/\/www.praha7.cz\/api\/wp\/v2\/comments?post=18269"}],"version-history":[{"count":5,"href":"https:\/\/www.praha7.cz\/api\/wp\/v2\/pages\/18269\/revisions"}],"predecessor-version":[{"id":85442,"href":"https:\/\/www.praha7.cz\/api\/wp\/v2\/pages\/18269\/revisions\/85442"}],"up":[{"embeddable":true,"href":"https:\/\/www.praha7.cz\/api\/wp\/v2\/pages\/8092"}],"wp:attachment":[{"href":"https:\/\/www.praha7.cz\/api\/wp\/v2\/media?parent=18269"}],"curies":[{"name":"wp","href":"https:\/\/api.w.org\/{rel}","templated":true}]}}