    
{"id":18263,"date":"2018-08-06T09:19:53","date_gmt":"2018-08-06T07:19:53","guid":{"rendered":"https:\/\/www.praha7.cz\/?page_id=18263"},"modified":"2019-03-25T00:42:53","modified_gmt":"2019-03-24T23:42:53","slug":"prakticke-nformace-pro-cyklisty","status":"publish","type":"page","link":"https:\/\/www.praha7.cz\/temata\/doprava-v-praze-7\/cyklodoprava\/prakticke-nformace-pro-cyklisty\/","title":{"rendered":"Praktick\u00e9 informace pro cyklisty"},"content":{"rendered":"<p>[perex]<\/p>\r\n<p><strong>Cyklista v\u00a0pra\u017esk\u00e9m provozu: kudy m\u00e1 spr\u00e1vn\u011b proj\u00ed\u017ed\u011bt vozovkou?<br \/>\r\n <\/strong>J\u00edzda po silnici mezi motorov\u00fdmi vozidly \u010dasto nen\u00ed pro cyklisty proj\u00ed\u017e\u010fka r\u016f\u017eovou zahradou. Obzvl\u00e1\u0161\u0165 to plat\u00ed pro pra\u017esk\u00e9 ulice, do kter\u00fdch denn\u011b vyj\u00ed\u017ed\u00ed desetitis\u00edce aut a&nbsp;voz\u016f m\u011bstsk\u00e9 hromadn\u00e9 dopravy. Z\u00a0toho d\u016fvodu m\u011bsto dlouhodob\u011b investuje do rozvoje cyklistick\u00e9 infrastruktury. Krom\u011b cyklostezek jsou pro jezdce na kole ve vozovce z\u0159izov\u00e1ny vyhrazen\u00e9 j\u00edzdn\u00ed pruhy, cyklopruhy \u010di piktogramov\u00e9 koridory. Jak tyto speci\u00e1ln\u00ed \u00faseky spr\u00e1vn\u011b vyu\u017e\u00edvat a&nbsp;jak si poradit s\u00a0pr\u016fjezdem kritick\u00fdmi m\u00edsty, jako je t\u0159eba z\u00fa\u017een\u00e1 vozovka kolem tramvajov\u00e9ho ostr\u016fvku? V\u00edce informac\u00ed najdete v&nbsp;\u010dl\u00e1nku<a href=\"https:\/\/www.praha7.cz\/cyklista-v-prazskem-provozu-kudy-ma-spravne-projizdet-vozovkou\/\" target=\"_blank\" rel=\"noopener\"> zde.<\/a><\/p>\r\n<p>[\/perex]<\/p>\r\n<p><strong>M\u016f\u017ee jet cyklista po p\u0159echodu pro chodce?<br \/>\r\n <\/strong>O tom, \u017ee cyklista nesm\u00ed jet na kole po p\u0159echodu pro chodce, je p\u0159esv\u011bd\u010dena velk\u00e1 \u010d\u00e1st lid\u00ed z\u00a0\u0159ad cyklist\u016f i&nbsp;necyklist\u016f. Podle obecn\u00e9ho m\u00edn\u011bn\u00ed by m\u011bl jezdec na kole v\u00a0p\u0159\u00edpad\u011b, \u017ee vedle p\u0159echodu nen\u00ed vyzna\u010den p\u0159ejezd pro cyklisty, v\u017edy sesednout z&nbsp;kola a&nbsp;p\u0159ej\u00edt vozovku jako p\u011b\u0161\u00ed. Je tomu ale opravdu tak?\u00a0V\u00edce informac\u00ed najdete v&nbsp;\u010dl\u00e1nku <a href=\"https:\/\/www.praha7.cz\/muze-jet-cyklista-po-prechodu-pro-chodce\/\" target=\"_blank\" rel=\"noopener\">zde.<\/a><br \/>\r\n<br \/>\r\n<\/p>\r\n<p><strong>Jak projet k\u0159i\u017eovatkou na kole spr\u00e1vn\u011b a&nbsp;bezpe\u010dn\u011b?<br \/>\r\n <\/strong>Velk\u00e9 k\u0159i\u017eovatky mohou pro cyklisty p\u0159edstavovat skryt\u00e9 riziko. Bezpe\u010dn\u00fd pr\u016fjezd jimi m\u00e1 i&nbsp;cyklist\u016fm usnad\u0148ovat sv\u011bteln\u00e1 signalizace. Aby ale spl\u0148ovala sv\u016fj \u00fa\u010del, je t\u0159eba nejen p\u0159\u00edzniv\u00e9 infrastruktury a&nbsp;vhodn\u00fdch podm\u00ednek pro motoristy i&nbsp;pro cyklisty, ale tak\u00e9 ohledupln\u00fdch \u0159idi\u010d\u016f, kte\u0159\u00ed dodr\u017euj\u00ed pravidla silni\u010dn\u00edho provozu. A&nbsp;jak tedy projet na kole sv\u011btelnou k\u0159i\u017eovatkou bezpe\u010dn\u011b? V\u00edce informac\u00ed najdete v&nbsp;\u010dl\u00e1nku <a href=\"https:\/\/www.praha7.cz\/jak-projet-krizovatkou-na-kole-spravne-a-bezpecne\/\">zde<\/a>.\u00a0<br \/>\r\n <br \/>\r\n <br \/>\r\n <strong>Dooring \u2013 stra\u0161\u00e1k pro m\u011bstsk\u00e9 cyklisty<br \/>\r\n <\/strong>M\u011bst\u0161t\u00ed cyklist\u00e9 ur\u010dit\u011b d\u016fv\u011brn\u011b znaj\u00ed strach z\u00a0j\u00edzdy pod\u00e9l zaparkovan\u00fdch aut, kde hroz\u00ed, \u017ee \u0159idi\u010d n\u011bkter\u00e9ho z\u00a0nich ne\u010dekan\u011b otev\u0159e dve\u0159e a&nbsp;jim se tak po\u0159\u00e1dn\u011b zkomplikuje \u017eivot. Tato sr\u00e1\u017eka m\u016f\u017ee m\u00edt fat\u00e1ln\u00ed n\u00e1sledky, bohu\u017eel ne v\u0161ichni si toto riziko uv\u011bdomuj\u00ed. Jak se takov\u00e9 nehody vyvarovat a&nbsp;co ud\u011blat pro to, aby oblast okolo zaparkovan\u00fdch aut byla pro cyklisty bezpe\u010dn\u00e1? V\u00edce informac\u00ed najdete v&nbsp;\u010dl\u00e1nku <a href=\"https:\/\/www.praha7.cz\/dooring-strasak-pro-mestske-cyklisty\/\">zde<\/a>.\u00a0<br \/>\r\n<br \/>\r\n<\/p>\r\n<p><strong>Spr\u00e1vn\u00e9 chov\u00e1n\u00ed na spole\u010dn\u00e9 stezce pro chodce a&nbsp;cyklisty<br \/>\r\n <\/strong>Cyklista, kter\u00fd se \u0159\u00edt\u00ed vysokou rychlost\u00ed prost\u0159edkem cyklostezky, skupiny chodc\u016f, kter\u00e9 zab\u00edraj\u00ed v\u011bt\u0161inu jej\u00edho prostoru, pes bez vod\u00edtka pob\u00edhaj\u00edc\u00ed na druh\u00e9 stran\u011b ne\u017e jeho majitel nebo brusla\u0159, kter\u00fd nebezpe\u010dn\u011b kli\u010dkuje mezi ostatn\u00edmi. Takov\u00e1 situace d\u011bs\u00ed v\u0161echny, kdo se alespo\u0148 ob\u010das pohybuj\u00ed na spole\u010dn\u00fdch stezk\u00e1ch pro chodce a&nbsp;cyklisty. V\u00edte, jak se na t\u011bchto komunikac\u00edch spr\u00e1vn\u011b chovat? V\u00edce informac\u00ed najdete v&nbsp;\u010dl\u00e1nku <a href=\"https:\/\/www.praha7.cz\/spravne-chovani-na-spolecne-stezce-pro-chodce-a-cyklisty\/\">zde<\/a>.<strong><br \/>\r\n <\/strong><\/p>","protected":false},"excerpt":{"rendered":"[perex] Cyklista v\u00a0pra\u017esk\u00e9m provozu: kudy m\u00e1 spr\u00e1vn\u011b proj\u00ed\u017ed\u011bt vozovkou? J\u00edzda po silnici mezi motorov\u00fdmi vozidly \u010dasto nen\u00ed pro cyklisty proj\u00ed\u017e\u010fka r\u016f\u017eovou zahradou. Obzvl\u00e1\u0161\u0165 to plat\u00ed pro pra\u017esk\u00e9 ulice, do kter\u00fdch denn\u011b vyj\u00ed\u017ed\u00ed desetitis\u00edce aut a&nbsp;voz\u016f m\u011bstsk\u00e9 hromadn\u00e9 dopravy. Z\u00a0toho d\u016fvodu m\u011bsto dlouhodob\u011b investuje do rozvoje cyklistick\u00e9 infrastruktury. Krom\u011b cyklostezek jsou pro jezdce na kole ve [&hellip;]","protected":false},"author":4,"featured_media":0,"parent":8092,"menu_order":0,"comment_status":"closed","ping_status":"closed","template":"","meta":[],"_links":{"self":[{"href":"https:\/\/www.praha7.cz\/api\/wp\/v2\/pages\/18263"}],"collection":[{"href":"https:\/\/www.praha7.cz\/api\/wp\/v2\/pages"}],"about":[{"href":"https:\/\/www.praha7.cz\/api\/wp\/v2\/types\/page"}],"author":[{"embeddable":true,"href":"https:\/\/www.praha7.cz\/api\/wp\/v2\/users\/4"}],"replies":[{"embeddable":true,"href":"https:\/\/www.praha7.cz\/api\/wp\/v2\/comments?post=18263"}],"version-history":[{"count":12,"href":"https:\/\/www.praha7.cz\/api\/wp\/v2\/pages\/18263\/revisions"}],"predecessor-version":[{"id":21334,"href":"https:\/\/www.praha7.cz\/api\/wp\/v2\/pages\/18263\/revisions\/21334"}],"up":[{"embeddable":true,"href":"https:\/\/www.praha7.cz\/api\/wp\/v2\/pages\/8092"}],"wp:attachment":[{"href":"https:\/\/www.praha7.cz\/api\/wp\/v2\/media?parent=18263"}],"curies":[{"name":"wp","href":"https:\/\/api.w.org\/{rel}","templated":true}]}}