    
{"id":17727,"date":"2018-06-30T00:30:01","date_gmt":"2018-06-29T22:30:01","guid":{"rendered":"https:\/\/www.praha7.cz\/?page_id=17727"},"modified":"2024-11-06T16:04:18","modified_gmt":"2024-11-06T15:04:18","slug":"oddeleni-hospodareni-s-majetkem","status":"publish","type":"page","link":"https:\/\/www.praha7.cz\/radnice\/organizacni-struktura\/odbor-majetku\/oddeleni-hospodareni-s-majetkem\/","title":{"rendered":"odd\u011blen\u00ed hospoda\u0159en\u00ed s&nbsp;majetkem"},"content":{"rendered":"<p>[perex]<\/p>\r\n<p>Odd\u011blen\u00ed hospoda\u0159en\u00ed s&nbsp;majetkem (HOM) zaji\u0161\u0165uje komplexn\u00ed spr\u00e1vu sv\u011b\u0159en\u00e9ho nemovit\u00e9ho majetku M\u010c Praha&nbsp;7, zejm\u00e9na ve smyslu nab\u00fdv\u00e1n\u00ed a&nbsp;prodeje, ocen\u011bn\u00ed, agendy spojen\u00e9 s&nbsp;katastrem nemovitost\u00ed, poji\u0161t\u011bn\u00ed, energetiky (v\u010detn\u011b projektu EPC), zastupov\u00e1n\u00ed M\u010c Praha&nbsp;7 jako\u017eto \u010dlena spole\u010denstv\u00ed vlastn\u00edk\u016f na shrom\u00e1\u017ed\u011bn\u00edch (nad r\u00e1mec mand\u00e1tu spr\u00e1vn\u00ed firmy 7U s.r.o.).<\/p>\r\n<p>[\/perex]<\/p>\r\n<p>Komplexn\u00ed servis spojen\u00fd se spr\u00e1vou, provozem a&nbsp;\u00fadr\u017ebou dom\u016f, byt\u016f i&nbsp;nebytov\u00fdch prostor, kter\u00e9 jsou sv\u011b\u0159en\u00e9 M\u010c Praha&nbsp;7, zaji\u0161\u0165uje spr\u00e1vn\u00ed firma 7U s.r.o.<\/p>\r\n<p>Pros\u00edme ob\u010dany, aby se zejm\u00e9na ve v\u011bcech z\u00e1vad, oprav, hav\u00e1ri\u00ed, p\u0159edpisu n\u00e1jmu a&nbsp;slu\u017eeb, hrazen\u00ed plateb, st\u00ed\u017enost\u00ed, spole\u010denstv\u00ed vlastn\u00edk\u016f, obraceli prim\u00e1rn\u011b a&nbsp;nejd\u0159\u00edve na spr\u00e1vn\u00ed firmu:<\/p>\r\n<p><strong>7U s.r.o.<\/strong><br \/>\r\n<strong>Komunard\u016f 46<\/strong><br \/>\r\n170&nbsp;00 Praha&nbsp;7<br \/>\r\n+420&nbsp;770&nbsp;129&nbsp;213<br \/>\r\n<a href=\"mailto:sprava@7usro.cz\">sprava@7usro.cz<\/a><br \/>\r\n<a href=\"mailto:stiznosti@7usro.cz\">stiznosti@7usro.cz<\/a><br \/>\r\n<a href=\"http:\/\/www.7usro.cz\">www.7usro.cz<\/a><\/p>\r\n<hr \/>\r\n<p>V p\u0159\u00edpad\u011b hav\u00e1ri\u00ed, v\u00fdhradn\u011b v&nbsp;domech 100&nbsp;% sv\u011b\u0159en\u00fdch M\u010c Praha&nbsp;7, mimo pracovn\u00ed dobu spr\u00e1vn\u00ed firmy se obracejte na havarijn\u00ed slu\u017ebu BYTOSERVIS &#8211; NON STOP, s.r.o. V&nbsp;p\u0159\u00edpad\u011b hav\u00e1ri\u00ed v&nbsp;domech spole\u010denstv\u00ed vlastn\u00edk\u016f se obracejte na p\u0159\u00edslu\u0161n\u00e9 kontakty pro jednotliv\u00e9 domy (nap\u0159. spr\u00e1vn\u00ed firma domu, p\u0159edseda spole\u010denstv\u00ed, \u00fadaje na n\u00e1st\u011bnce domu apod.).<\/p>\r\n<p><strong>+ 420&nbsp;241&nbsp;414\u00a0141<\/strong><br \/>\r\n<strong>PO \u2013 NE NONSTOP<\/strong><br \/>\r\n<a href=\"http:\/\/www.bytoservis.eu\">www.bytoservis.eu<\/a><br \/>\r\n<a href=\"mailto:dispecink@bytoservis.eu\">dispecink@bytoservis.eu<\/a><\/p>\r\n<p>Pokud V\u00e1mi \u0159e\u0161en\u00e1 v\u011bc nezapad\u00e1 do \u017e\u00e1dn\u00e9ho z\u00a0t\u00e9mat uveden\u00fdch na internetov\u00fdch str\u00e1nk\u00e1ch M\u010c Praha&nbsp;7, m\u016f\u017eete se obr\u00e1tit na jednotliv\u00e1 odd\u011blen\u00ed Odboru majetku.<\/p>\r\n<p>V\u00a0p\u0159\u00edpad\u011b st\u00ed\u017enost\u00ed na n\u00e1jemce M\u010c Praha&nbsp;7 n\u00e1m pros\u00edm napi\u0161te na najemnici@praha7.cz.<\/p>\r\n<p>&nbsp;<\/p>\r\n        <div class=\"collapse-block\">\r\n            <div class=\"card-header\" role=\"tab\" id=\"heading2b973c121356544c06e44fa5d4ec2b4e3660a000\">\r\n                                    <h3 class=\"mb-0\">\r\n                        <a data-toggle=\"collapse\" href=\"#collapse2b973c121356544c06e44fa5d4ec2b4e3660a000\" aria-controls=\"collapse2b973c121356544c06e44fa5d4ec2b4e3660a000\">\r\n                            Podrobn\u00fd popis \u010dinnosti                            <i class=\"fa fa-2x fa-angle-down\" aria-hidden=\"true\"><\/i>\r\n                        <\/a>\r\n                    <\/h3>\r\n                                \r\n            <\/div>\r\n\r\n            <div id=\"collapse2b973c121356544c06e44fa5d4ec2b4e3660a000\" class=\"collapse\" data-id=\"2b973c121356544c06e44fa5d4ec2b4e3660a000\" role=\"tabpanel\" aria-labelledby=\"heading2b973c121356544c06e44fa5d4ec2b4e3660a000\">\r\n                <div class=\"card-block\">\r\n    \r\n<p><strong>Odd\u011blen\u00ed hospoda\u0159en\u00ed s\u00a0majetkem &#8211; HOM<\/strong><\/p>\r\n<ul>\r\n\t<li>\r\n<p>Zaji\u0161\u0165uje komplexn\u00ed spr\u00e1vu a&nbsp;\u00fadr\u017ebu sv\u011b\u0159en\u00e9ho nemovit\u00e9ho majetku M\u010c Praha&nbsp;7, vyjma \u0161kolsk\u00fdch budov.<\/p>\r\n<\/li>\r\n\t<li>\r\n<p>Komplexn\u011b vede agendu nab\u00fdv\u00e1n\u00ed a&nbsp;prodeje sv\u011b\u0159en\u00e9ho nemovit\u00e9ho majetku M\u010c Praha&nbsp;7, v\u010detn\u011b realizace v\u0161ech navazuj\u00edc\u00edch proces\u016f.<\/p>\r\n<\/li>\r\n\t<li>\r\n<p>Zaji\u0161\u0165uje ocen\u011bn\u00ed sv\u011b\u0159en\u00e9ho nemovit\u00e9ho majetku M\u010c Praha&nbsp;7.<\/p>\r\n<\/li>\r\n\t<li>\r\n<p>Zaji\u0161\u0165uje v\u00fdpisy z&nbsp;katastru nemovitost\u00ed na sv\u011b\u0159en\u00fd nemovit\u00fd majetek M\u010c Praha&nbsp;7.<\/p>\r\n<\/li>\r\n\t<li>\r\n<p>Zaji\u0161\u0165uje poji\u0161t\u011bn\u00ed sv\u011b\u0159en\u00e9ho nemovit\u00e9ho majetku M\u010c Praha&nbsp;7<\/p>\r\n<\/li>\r\n\t<li>\r\n<p>Vyjad\u0159uje se k&nbsp;oprav\u00e1m a&nbsp;udr\u017eovac\u00edm prac\u00edm prov\u00e1d\u011bn\u00fdch n\u00e1jemci bytov\u00fdch a&nbsp;nebytov\u00fdch jednotek, na sv\u011b\u0159en\u00e9m nemovit\u00e9m majetku M\u010c Praha&nbsp;7.<\/p>\r\n<\/li>\r\n\t<li>\r\n<p>Z\u00fa\u010dast\u0148uje se v&nbsp;zastoupen\u00ed M\u010c Praha&nbsp;7 \u0159\u00edzen\u00ed veden\u00fdch S\u00da tam, kde se M\u010c Praha&nbsp;7 st\u00e1v\u00e1 \u00fa\u010dastn\u00edkem \u0159\u00edzen\u00ed z&nbsp;titulu sv\u011b\u0159en\u00e9 spr\u00e1vy nemovitost\u00ed, d\u00e1v\u00e1 stanoviska a&nbsp;obecn\u011b v&nbsp;t\u011bchto \u0159\u00edzen\u00edch h\u00e1j\u00ed z\u00e1jmy M\u010c Praha&nbsp;7<\/p>\r\n<\/li>\r\n\t<li>\r\n<p>Realizuje pln\u011bn\u00ed energetick\u00e9 politiky M\u010c Praha&nbsp;7.<\/p>\r\n<\/li>\r\n\t<li>\r\n<p>Zaji\u0161\u0165uje energetick\u00fd management M\u010c Praha&nbsp;7 a&nbsp;M\u010c Praha&nbsp;7 \u0159\u00edzen\u00fdch organizac\u00ed.<\/p>\r\n<\/li>\r\n\t<li>\r\n<p>Zaji\u0161\u0165uje fyzick\u00e9 p\u0159ed\u00e1n\u00ed\/p\u0159evzet\u00ed nemovitost\u00ed v&nbsp;souladu s\u00a0platn\u00fdm pr\u00e1vn\u00edm titulem.<\/p>\r\n<\/li>\r\n\t<li>\r\n<p>\u0158e\u0161\u00ed p\u0159edan\u00e9 st\u00ed\u017enosti ve vztahu ke sv\u011b\u0159en\u00e9mu nemovit\u00e9mu majetku M\u010c Praha&nbsp;7.<\/p>\r\n<\/li>\r\n\t<li>\r\n<p>Koordinuje \u00fa\u010dast M\u010c Praha&nbsp;7, jako\u017eto jednoho \u010dlena spole\u010denstv\u00ed vlastn\u00edk\u016f, v\u00a0provozn\u00edch v\u011bcech prost\u0159ednictv\u00edm zplnomocn\u011bn\u00e9 spr\u00e1vn\u00ed firmy; u&nbsp;z\u00e1sadn\u00edch zm\u011bn skrze usnesen\u00ed Rady. Vy\u0159izuje hl\u00e1\u0161en\u00ed pojistn\u00fdch ud\u00e1lost\u00ed.<\/p>\r\n<\/li>\r\n\t<li>\r\n<p>Prost\u0159ednictv\u00edm vedouc\u00edho odboru, nebo vedouc\u00edho odd\u011blen\u00ed, ud\u011bluje p\u00edsemn\u00e9 zmocn\u011bn\u00ed a&nbsp;to v&nbsp;souvislosti se sv\u011b\u0159en\u00fdm nemovit\u00fdm majetkem M\u010c Praha&nbsp;7, za podm\u00ednky intern\u00edho schv\u00e1len\u00ed p\u0159\u00edslu\u0161n\u00fdm radn\u00edm pro oblast nemovit\u00e9ho majetku.<\/p>\r\n<\/li>\r\n<\/ul>\r\n                <\/div>\r\n            <\/div>\r\n        <\/div>\r\n    \r\n\n<div class=\"shortcode-container no-bottom-padding  \">    \n\t<div class=\"row\">\n\t\t<div class=\"col-xs-12 col-md-7\">\n\t\t\t<h3>\u00da\u0159edn\u00ed hodiny \u00da\u0159adu M\u010c Praha 7<\/h3>\n\t\t<\/div>\n\t<\/div>\n\t\t<div class=\"row\">\n\t\t\t<div class=\"col-xs-12 col-sm-4 col-md-3\">\n\t\t\t\t<span>pond\u011bl\u00ed a st\u0159eda<\/span>\n\t\t\t<\/div>\n\t\t\t\t<div class=\"col-xs-6 col-sm-4 col-md-3\">\n\t\t\t\t\t<span>7.30\u201312.00<\/span>\n\t\t\t\t<\/div>\n\t\t\t\t\t<div class=\"col-xs-6 col-sm-4 col-md-3\">\n\t\t\t\t\t\t<span>13.00\u201318.00<\/span>\n\t\t\t\t\t<\/div>\n\t\t<\/div>\n\t\t<div class=\"row\">\n\t\t\t<div class=\"col-xs-12 col-sm-4 col-md-3\">\n\t\t\t\t<span>\u00fater\u00fd, \u010dtvrtek a p\u00e1tek<\/span>\n\t\t\t<\/div>\n\t\t\t\t<div class=\"col-xs-12 col-sm-8 col-md-9\">\n\t\t\t\t\t<span>po p\u0159edchoz\u00ed domluv\u011b \/ po objedn\u00e1n\u00ed<\/span>\n\t\t\t\t<\/div>\n\t\t<\/div>\n\t<div class=\"row\">\n\t\t<div class=\"col-xs-12 col-md-12 office_hours_info\">\n\t\t\t\n\t\t<\/div>\t\n\t<\/div>\n<\/div>\r\n<div class=\"shortcode-container container-fluid no-bottom-padding division-detail  \"> \n    <div class=\"row\">\n\t\t <div class=\"row div-dept\">\n            <div class=\"col-xs-12 col-md-12 contact-info\">\n                <h4>Kontakt<\/h4>\n                <span>\n                    \u00da\u0159ad m\u011bstsk\u00e9 \u010d\u00e1sti Praha 7\n                <\/span><br>\n                <span>\n                    Odbor majetku - odd\u011blen\u00ed hospoda\u0159en\u00ed s majetkem\n                <\/span><br>\n                    <span>\n                        U Pr\u016fhonu 1338\/38\n                    <\/span><br>\n                    <span>\n                        Praha 7\n                    <\/span><br>\n                \n                \n            <\/div>\n        <\/div>\n    <\/div>\n<\/div>\r\n<div class=\"shortcode-container container-fluid text-xs-center no-bottom-padding \">\n\t<div class=\"row shortcode-row \">\n        <div class=\"row contact-item\">\n            <div class=\"col-xs-4 col-md-2 contact-photo\">\t\t\n                <img src=\"https:\/\/www.praha7.cz\/wp-content\/uploads\/2018\/01\/IMG_8363-josef-bohunovsky-400x400.jpg\" alt=\"placeholder\">\n            <\/div>\n\n            <div class=\"col-xs-8 col-md-5 contact-info\">\n                <h3>Bohu\u0148ovsk\u00fd Josef<\/h3>\n                <span>vedouc\u00ed odd\u011blen\u00ed<\/span><br>\n                \n                <span>gsm. <a href=\"tel:+420604556175\">+420604556175<\/a><\/span><br>\n                <a href=\"mailto:bohunovskyj@praha7.cz\">bohunovskyj@praha7.cz<\/a><br>\n                <span>dve\u0159e 4.06b<\/span>\n            <\/div>\n        <\/div>\n\t<\/div>\n\n        <div class=\"row shortcode-row \">\n            <div class=\"col-xs-6 contact-info sub-contact-info\">\n                <div class=\"row contact-item\">\n                    <h3>Steiner Martin<\/h3>\n                    <span>energetik<\/span><br>\n                    \n                    <span>gsm. <a href=\"tel:+420778110027\">+420778110027<\/a><\/span><br>\n                    <a href=\"mailto:steinerm@praha7.cz\">steinerm@praha7.cz<\/a><br>\n                    <span>dve\u0159e 4.06b<\/span>\n                <\/div>\n            <\/div>\n            <div class=\"col-xs-6 contact-info sub-contact-info\">\n                <div class=\"contact-item\">\n                    <h3>Balv\u00ednov\u00e1 Monika<\/h3>\n                    <span>referent<\/span><br>\n                    \n                    <span>gsm. <a href=\"tel:+420778110016\">+420778110016<\/a><\/span><br>\n                    <a href=\"mailto:balvinovam@praha7.cz\">balvinovam@praha7.cz<\/a><br>\n                    <span>dve\u0159e 4.06<\/span>\n                <\/div>\n            <\/div>\n        <\/div>\n        <div class=\"row shortcode-row no-bottom-border\">\n            <div class=\"col-xs-6 contact-info sub-contact-info-last\">\n                <div class=\"row contact-item\">\n                    <h3>Bobrov\u00e1 Lucie<\/h3>\n                    <span>referent<\/span><br>\n                    \n                    <span>gsm. <a href=\"tel:+420770190881\">+420770190881<\/a><\/span><br>\n                    <a href=\"mailto:bobroval@praha7.cz\">bobroval@praha7.cz<\/a><br>\n                    <span>dve\u0159e 4.06<\/span>\n                <\/div>\n            <\/div>\n        <\/div>\n<\/div>\n","protected":false},"excerpt":{"rendered":"[perex] Odd\u011blen\u00ed hospoda\u0159en\u00ed s&nbsp;majetkem (HOM) zaji\u0161\u0165uje komplexn\u00ed spr\u00e1vu sv\u011b\u0159en\u00e9ho nemovit\u00e9ho majetku M\u010c Praha&nbsp;7, zejm\u00e9na ve smyslu nab\u00fdv\u00e1n\u00ed a&nbsp;prodeje, ocen\u011bn\u00ed, agendy spojen\u00e9 s&nbsp;katastrem nemovitost\u00ed, poji\u0161t\u011bn\u00ed, energetiky (v\u010detn\u011b projektu EPC), zastupov\u00e1n\u00ed M\u010c Praha&nbsp;7 jako\u017eto \u010dlena spole\u010denstv\u00ed vlastn\u00edk\u016f na shrom\u00e1\u017ed\u011bn\u00edch (nad r\u00e1mec mand\u00e1tu spr\u00e1vn\u00ed firmy 7U s.r.o.). [\/perex] Komplexn\u00ed servis spojen\u00fd se spr\u00e1vou, provozem a&nbsp;\u00fadr\u017ebou dom\u016f, byt\u016f i&nbsp;nebytov\u00fdch [&hellip;]","protected":false},"author":14,"featured_media":0,"parent":2219,"menu_order":0,"comment_status":"closed","ping_status":"closed","template":"","meta":[],"_links":{"self":[{"href":"https:\/\/www.praha7.cz\/api\/wp\/v2\/pages\/17727"}],"collection":[{"href":"https:\/\/www.praha7.cz\/api\/wp\/v2\/pages"}],"about":[{"href":"https:\/\/www.praha7.cz\/api\/wp\/v2\/types\/page"}],"author":[{"embeddable":true,"href":"https:\/\/www.praha7.cz\/api\/wp\/v2\/users\/14"}],"replies":[{"embeddable":true,"href":"https:\/\/www.praha7.cz\/api\/wp\/v2\/comments?post=17727"}],"version-history":[{"count":21,"href":"https:\/\/www.praha7.cz\/api\/wp\/v2\/pages\/17727\/revisions"}],"predecessor-version":[{"id":80266,"href":"https:\/\/www.praha7.cz\/api\/wp\/v2\/pages\/17727\/revisions\/80266"}],"up":[{"embeddable":true,"href":"https:\/\/www.praha7.cz\/api\/wp\/v2\/pages\/2219"}],"wp:attachment":[{"href":"https:\/\/www.praha7.cz\/api\/wp\/v2\/media?parent=17727"}],"curies":[{"name":"wp","href":"https:\/\/api.w.org\/{rel}","templated":true}]}}