    
{"id":1771,"date":"2017-08-09T11:10:50","date_gmt":"2017-08-09T09:10:50","guid":{"rendered":"https:\/\/praha7.cz\/?page_id=1771"},"modified":"2026-01-05T17:35:30","modified_gmt":"2026-01-05T16:35:30","slug":"odbor-informacnich-technologii","status":"publish","type":"page","link":"https:\/\/www.praha7.cz\/radnice\/organizacni-struktura\/odbor-informacnich-technologii\/","title":{"rendered":"Odbor informa\u010dn\u00edch technologi\u00ed"},"content":{"rendered":"<p>[perex]<\/p>\r\n<p><strong>Odbor informa\u010dn\u00edch technologi\u00ed (IT)<\/strong> m\u00e1 na starosti v\u00fdpo\u010detn\u00ed techniku \u00fa\u0159adu m\u011bstsk\u00e9 \u010d\u00e1sti, v\u010detn\u011b jej\u00edho n\u00e1kupu, oprav \u010di vy\u0159azen\u00ed. Zve\u0159ej\u0148uje informace na m\u011bstsk\u00e9m webu, zabezpe\u010duje datovou s\u00ed\u0165, spravuje datovou schr\u00e1nku, star\u00e1 se o&nbsp;programy, aplikace a&nbsp;registry vyu\u017e\u00edvan\u00e9 \u00fa\u0159adem.<\/p>\r\n<p>[\/perex]<\/p>\r\n        <div class=\"collapse-block\">\r\n            <div class=\"card-header\" role=\"tab\" id=\"headingfeb1107bca5a130a90a42c2b7fa7405d7be9354f\">\r\n                                    <h3 class=\"mb-0\">\r\n                        <a data-toggle=\"collapse\" href=\"#collapsefeb1107bca5a130a90a42c2b7fa7405d7be9354f\" aria-controls=\"collapsefeb1107bca5a130a90a42c2b7fa7405d7be9354f\">\r\n                            Podrobn\u00fd popis \u010dinnosti                            <i class=\"fa fa-2x fa-angle-down\" aria-hidden=\"true\"><\/i>\r\n                        <\/a>\r\n                    <\/h3>\r\n                                \r\n            <\/div>\r\n\r\n            <div id=\"collapsefeb1107bca5a130a90a42c2b7fa7405d7be9354f\" class=\"collapse\" data-id=\"feb1107bca5a130a90a42c2b7fa7405d7be9354f\" role=\"tabpanel\" aria-labelledby=\"headingfeb1107bca5a130a90a42c2b7fa7405d7be9354f\">\r\n                <div class=\"card-block\">\r\n    \r\n<p><strong>Odbor informa\u010dn\u00edch technologi\u00ed \u2013 IT<\/strong><\/p>\r\n<p>Ve sv\u00e9 p\u016fsobnosti se \u0159\u00edd\u00ed z\u00e1k. \u010d. 365\/2000 Sb., o&nbsp;Informa\u010dn\u00edch syst\u00e9mech ve\u0159ejn\u00e9 spr\u00e1vy v&nbsp;platn\u00e9m zn\u011bn\u00ed a&nbsp;z\u00e1k. \u010d. 320\/2001 Sb., o&nbsp;Finan\u010dn\u00ed kontrole ve ve\u0159ejn\u00e9 spr\u00e1v\u011b v&nbsp;platn\u00e9m zn\u011bn\u00ed (\u0159\u00edd\u00edc\u00ed kontrola \u00a7\u00a7 26, 27).<\/p>\r\n<ul>\r\n\t<li>Navrhuje a&nbsp;n\u00e1sledn\u011b realizuje koncepci zav\u00e1d\u011bn\u00ed v\u00fdpo\u010detn\u00ed techniky.<\/li>\r\n\t<li>D\u00e1v\u00e1 souhlas k&nbsp;n\u00e1kupu, zm\u011bn\u00e1m a&nbsp;\u00faprav\u00e1m programov\u00fdch prost\u0159edk\u016f.<\/li>\r\n\t<li>Ve spolupr\u00e1ci s&nbsp;extern\u00edmi firmami zaji\u0161\u0165uje opravy v\u00fdpo\u010detn\u00ed techniky.<\/li>\r\n\t<li>Poskytuje informace a&nbsp;pot\u0159ebn\u00fd servis u\u017eivatel\u016fm v\u00fdpo\u010detn\u00ed techniky.<\/li>\r\n\t<li>Zaji\u0161\u0165uje spr\u00e1vu po\u010d\u00edta\u010dov\u00fdch s\u00edt\u00ed na IC \u00da\u0159adu.<\/li>\r\n\t<li>Ve spolupr\u00e1ci a&nbsp;na z\u00e1klad\u011b podklad\u016f jednotliv\u00fdch odbor\u016f zve\u0159ej\u0148uje informace na webov\u00fdch str\u00e1nk\u00e1ch M\u010c Praha&nbsp;7.<\/li>\r\n\t<li>Zaji\u0161\u0165uje zabezpe\u010den\u00ed datov\u00e9 s\u00edt\u011b.<\/li>\r\n\t<li>\u0158\u00edd\u00ed projekty provozu, \u00fadr\u017eby a&nbsp;rozvoje IS.<\/li>\r\n\t<li>Dohl\u00ed\u017e\u00ed na dodr\u017eov\u00e1n\u00ed z\u00e1kon\u016f t\u00fdkaj\u00edc\u00edch se provozov\u00e1n\u00ed a&nbsp;rozvoje IS ve\u0159ejn\u00e9 spr\u00e1vy.<\/li>\r\n\t<li>Koordinuje \u010dinnosti spojen\u00e9 s&nbsp;provozem IS.<\/li>\r\n\t<li>Zpracov\u00e1v\u00e1 n\u00e1vrhy rozpo\u010dtu pro oblast informatiky.<\/li>\r\n\t<li>Eviduje a&nbsp;vyhodnocuje po\u017eadavky u\u017eivatel\u016f na v\u00fdpo\u010detn\u00ed techniku a&nbsp;softwarov\u00e9 vybaven\u00ed<\/li>\r\n\t<li>Zaji\u0161\u0165uje n\u00e1kupy HW a&nbsp;SW dle pot\u0159eb u\u017eivatel\u016f v&nbsp;n\u00e1vaznosti na rozpo\u010det.<\/li>\r\n\t<li>Kontroluje smlouvy dodavatelsk\u00fdch firem softwarov\u00e9ho vybaven\u00ed a&nbsp;v\u00fdpo\u010detn\u00ed techniky po v\u011bcn\u00e9 str\u00e1nce.<\/li>\r\n\t<li>Zaji\u0161\u0165uje realizaci z\u00e1kona o&nbsp;zad\u00e1v\u00e1n\u00ed ve\u0159ejn\u00fdch zak\u00e1zek v&nbsp;podm\u00ednk\u00e1ch odboru informatiky.<\/li>\r\n\t<li>Vede evidenci ve\u0161ker\u00e9 v\u00fdpo\u010detn\u00ed techniky a&nbsp;programov\u00e9ho vybaven\u00ed.<\/li>\r\n\t<li>Prov\u00e1d\u00ed kontrolu a&nbsp;evidenci faktur, dodac\u00edch list\u016f a&nbsp;z\u00e1ru\u010dn\u00edch list\u016f.<\/li>\r\n\t<li>Spravuje datovou schr\u00e1nku \u00da\u0159adu dle z\u00e1kona \u010d. 300\/2008 Sb., o&nbsp;elektronick\u00fdch \u00fakonech a&nbsp;autorizovan\u00e9 konverzi dokument\u016f, v&nbsp;platn\u00e9m zn\u011bn\u00ed.<\/li>\r\n\t<li>Zaji\u0161\u0165uje propojen\u00ed IS \u00fa\u0159adu s&nbsp;IS Z\u00e1kladn\u00edch registr\u016f st\u00e1tn\u00ed spr\u00e1vy dle z\u00e1k. \u010d. 111\/2009 Sb., o&nbsp;z\u00e1kladn\u00edch registrech, v&nbsp;platn\u00e9m zn\u011bn\u00ed.<\/li>\r\n\t<li>Zaji\u0161\u0165uje spr\u00e1vu a&nbsp;rozvoj IS v&nbsp;souladu s&nbsp;vyhl\u00e1\u0161kou \u010d. 529\/2006 Sb., o&nbsp;dlouhodob\u00e9m \u0159\u00edzen\u00ed informa\u010dn\u00edch syst\u00e9m\u016f ve\u0159ejn\u00e9 spr\u00e1vy.<\/li>\r\n\t<li>Zaji\u0161\u0165uje \u00fadr\u017ebu, aktualizaci a&nbsp;instalaci v\u0161ech aplikac\u00ed pou\u017e\u00edvan\u00fdch na \u00da\u0159ad\u011b.<\/li>\r\n\t<li>Zaji\u0161\u0165uje spr\u00e1vu \u010d\u00e1sti eGovernmentu v&nbsp;rozsahu kompetenc\u00ed pro \u00da\u0159ad, zejm\u00e9na syst\u00e9m Czech Point, autorizovan\u00e9 konverze a&nbsp;datov\u00fdch schr\u00e1nek.<\/li>\r\n\t<li>Zaji\u0161\u0165uje spr\u00e1vu resortn\u00edch IS v&nbsp;rozsahu kompetenc\u00ed pro \u00da\u0159ad jako je nap\u0159. \u201eEvidence obyvatel MV\u201c, \u201eRegistr \u017eivnostensk\u00e9ho podnik\u00e1n\u00ed\u201c apod.<\/li>\r\n\t<li>Spravuje dokumentaci IS dle p\u0159\u00edslu\u0161n\u00fdch pr\u00e1vn\u00edch p\u0159edpis\u016f.<\/li>\r\n\t<li>Prov\u00e1d\u00ed anal\u00fdzu pot\u0159eb u\u017eivatel\u016f a&nbsp;na z\u00e1klad\u011b t\u00e9to anal\u00fdzy zaji\u0161\u0165uje \u00fapravy informa\u010dn\u00edho syst\u00e9mu ve spolupr\u00e1ci s&nbsp;dodavateli.<\/li>\r\n\t<li>Zaji\u0161\u0165uje agendu spr\u00e1vy elektronick\u00fdch podpis\u016f<\/li>\r\n\t<li>Spravuje p\u0159\u00edstupy u\u017eivatel\u016f do Z\u00e1kladn\u00edch registr\u016f st\u00e1tn\u00ed spr\u00e1vy<\/li>\r\n\t<li>Zaji\u0161\u0165uje instalace opera\u010dn\u00edch syst\u00e9m\u016f a&nbsp;z\u00e1kladn\u00ed nastaven\u00ed PC.<\/li>\r\n\t<li>P\u0159id\u011bluje p\u0159\u00edstupov\u00e1 pr\u00e1va u\u017eivatel\u016f k&nbsp;po\u010d\u00edta\u010dov\u00e9 s\u00edti. \u00da\u0159adu.<\/li>\r\n\t<li>Zaji\u0161\u0165uje bezpe\u010dnost IS a&nbsp;vytv\u00e1\u0159\u00ed bezpe\u010dnostn\u00ed politiku IS \u00da\u0159adu<\/li>\r\n\t<li>Spravuje s\u00ed\u0165ov\u00e9 tisk\u00e1rny a&nbsp;tiskov\u00e9 fronty.<\/li>\r\n\t<li>Spravuje syst\u00e9m elektronick\u00e9 po\u0161ty.<\/li>\r\n\t<li>Zaji\u0161\u0165uje bezpe\u010dnou komunikaci a&nbsp;p\u0159enos dat s&nbsp;extern\u00edmi organizacemi.<\/li>\r\n\t<li>Prov\u00e1d\u00ed technickou \u00fadr\u017ebu po\u010d\u00edta\u010dov\u00e9 s\u00edt\u011b v\u010detn\u011b v\u0161ech stanic a&nbsp;tisk\u00e1ren.<\/li>\r\n\t<li>Spravuje p\u0159ipojen\u00ed \u00da\u0159adu k&nbsp;s\u00edti Internet, zaji\u0161\u0165uje bezpe\u010dnost tohoto p\u0159ipojen\u00ed.<\/li>\r\n\t<li>Prov\u00e1d\u00ed z\u00e1lohov\u00e1n\u00ed v\u0161ech dat ulo\u017een\u00fdch na s\u00ed\u0165ov\u00fdch serverech.<\/li>\r\n\t<li>Spravuje antivirov\u00fd a&nbsp;antispamov\u00fd syst\u00e9m.<\/li>\r\n<\/ul>\r\n                <\/div>\r\n            <\/div>\r\n        <\/div>\r\n    \r\n<div class=\"shortcode-container container-fluid no-bottom-padding division-detail  \">    \n    <div class=\"row\">\n\t\t <div class=\"row div-dept\">\n            <div class=\"col-xs-12 col-md-12 contact-info\">\n                <h4>Kontakt<\/h4>\n                <span>                   \n                    \u00da\u0159ad m\u011bstsk\u00e9 \u010d\u00e1sti Praha 7                   \n                <\/span><br>\n                <span>\n                    Odbor informa\u010dn\u00edch technologi\u00ed\n                <\/span><br>\n                    <span>\n                        U Pr\u016fhonu 1338\/38\n                    <\/span><br>\n                    <span>\n                        Praha 7\n                    <\/span><br>\n                \n                \n\n            <\/div>\n        <\/div>\n    <\/div>\n<\/div>\r\n<div class=\"shortcode-container container-fluid text-xs-center no-bottom-padding \">\n\t<div class=\"row shortcode-row \">\n        <div class=\"row contact-item\">\n            <div class=\"col-xs-4 col-md-2 contact-photo\">\t\t\n                <img src=\"https:\/\/www.praha7.cz\/wp-content\/uploads\/2018\/10\/IMG_9684-vojtech-tomicek-400x400.jpg\" alt=\"placeholder\">\n            <\/div>\n\n            <div class=\"col-xs-8 col-md-5 contact-info\">\n                <h3>Tom\u00ed\u010dek Vojt\u011bch, Bc.<\/h3>\n                <span>vedouc\u00ed odboru<\/span><br>\n                \n                <span>gsm. <a href=\"tel:+420776268014\">+420776268014<\/a><\/span><br>\n                <a href=\"mailto:tomicekv@praha7.cz\">tomicekv@praha7.cz<\/a><br>\n                <span>dve\u0159e 6.02<\/span>\n            <\/div>\n        <\/div>\n\t<\/div>\n\n        <div class=\"row shortcode-row  \">\n            <div class=\"col-xs-6 contact-info sub-contact-info\">\n                <div class=\"row contact-item\">\n                    <h3>Foglov\u00e1 Monika<\/h3>\n                    <span>referent<\/span><br>\n                    <span>tel. <a href=\"tel:+420220144051\">+420220144051<\/a><\/span><br>\n                    <span>gsm. <a href=\"tel:+420605857483\">+420605857483<\/a><\/span><br>\n                    <a href=\"mailto:foglovam@praha7.cz\">foglovam@praha7.cz<\/a><br>\n                    <span>dve\u0159e 6.01<\/span>\n                <\/div>\n            <\/div>\n            <div class=\"col-xs-6 contact-info sub-contact-info\">\n                <div class=\"contact-item\">\n                    <h3>Cajthaml Luk\u00e1\u0161<\/h3>\n                    <span>informatik<\/span><br>\n                    \n                    <span>gsm. <a href=\"tel:+420737887112\">+420737887112<\/a><\/span><br>\n                    <a href=\"mailto:cajthamll@praha7.cz\">cajthamll@praha7.cz<\/a><br>\n                    <span>dve\u0159e 6.01<\/span>\n                <\/div>\n            <\/div>\n        <\/div>\n        <div class=\"row shortcode-row  \">\n            <div class=\"col-xs-6 contact-info sub-contact-info\">\n                <div class=\"row contact-item\">\n                    <h3>Ro\u0161ick\u00fd Ji\u0159\u00ed, Ing.<\/h3>\n                    <span>metodik a pov\u011b\u0159enec (DPO)<\/span><br>\n                    \n                    <span>gsm. <a href=\"tel:+420604590908\">+420604590908<\/a><\/span><br>\n                    <a href=\"mailto:rosickyj@praha7.cz\">rosickyj@praha7.cz<\/a><br>\n                    <span>dve\u0159e 6.01<\/span>\n                <\/div>\n            <\/div>\n            <div class=\"col-xs-6 contact-info sub-contact-info\">\n                <div class=\"contact-item\">\n                    <h3>Krej\u010d\u00ed Anna, Ing.<\/h3>\n                    <span>informatik<\/span><br>\n                    \n                    <span>gsm. <a href=\"tel:+420778739163\">+420778739163<\/a><\/span><br>\n                    <a href=\"mailto:krejcia@praha7.cz\">krejcia@praha7.cz<\/a><br>\n                    <span>dve\u0159e 6.01<\/span>\n                <\/div>\n            <\/div>\n        <\/div>\n        <div class=\"row shortcode-row  no-bottom-border\">\n            <div class=\"col-xs-6 contact-info sub-contact-info-last\">\n                <div class=\"row contact-item\">\n                    <h3>Hejl David<\/h3>\n                    <span>informatik<\/span><br>\n                    \n                    <span>gsm. <a href=\"tel:+420777460897\">+420777460897<\/a><\/span><br>\n                    <a href=\"mailto:hejld@praha7.cz\">hejld@praha7.cz<\/a><br>\n                    <span>dve\u0159e 6.01<\/span>\n                <\/div>\n            <\/div>\n        <\/div>\n<\/div>\n","protected":false},"excerpt":{"rendered":"[perex] Odbor informa\u010dn\u00edch technologi\u00ed (IT) m\u00e1 na starosti v\u00fdpo\u010detn\u00ed techniku \u00fa\u0159adu m\u011bstsk\u00e9 \u010d\u00e1sti, v\u010detn\u011b jej\u00edho n\u00e1kupu, oprav \u010di vy\u0159azen\u00ed. Zve\u0159ej\u0148uje informace na m\u011bstsk\u00e9m webu, zabezpe\u010duje datovou s\u00ed\u0165, spravuje datovou schr\u00e1nku, star\u00e1 se o&nbsp;programy, aplikace a&nbsp;registry vyu\u017e\u00edvan\u00e9 \u00fa\u0159adem. [\/perex] Odbor informa\u010dn\u00edch technologi\u00ed \u2013 IT Ve sv\u00e9 p\u016fsobnosti se \u0159\u00edd\u00ed z\u00e1k. \u010d. 365\/2000 Sb., o&nbsp;Informa\u010dn\u00edch syst\u00e9mech ve\u0159ejn\u00e9 [&hellip;]","protected":false},"author":13,"featured_media":0,"parent":129,"menu_order":0,"comment_status":"closed","ping_status":"closed","template":"","meta":[],"_links":{"self":[{"href":"https:\/\/www.praha7.cz\/api\/wp\/v2\/pages\/1771"}],"collection":[{"href":"https:\/\/www.praha7.cz\/api\/wp\/v2\/pages"}],"about":[{"href":"https:\/\/www.praha7.cz\/api\/wp\/v2\/types\/page"}],"author":[{"embeddable":true,"href":"https:\/\/www.praha7.cz\/api\/wp\/v2\/users\/13"}],"replies":[{"embeddable":true,"href":"https:\/\/www.praha7.cz\/api\/wp\/v2\/comments?post=1771"}],"version-history":[{"count":22,"href":"https:\/\/www.praha7.cz\/api\/wp\/v2\/pages\/1771\/revisions"}],"predecessor-version":[{"id":48730,"href":"https:\/\/www.praha7.cz\/api\/wp\/v2\/pages\/1771\/revisions\/48730"}],"up":[{"embeddable":true,"href":"https:\/\/www.praha7.cz\/api\/wp\/v2\/pages\/129"}],"wp:attachment":[{"href":"https:\/\/www.praha7.cz\/api\/wp\/v2\/media?parent=1771"}],"curies":[{"name":"wp","href":"https:\/\/api.w.org\/{rel}","templated":true}]}}