    
{"id":1738,"date":"2017-08-08T16:11:20","date_gmt":"2017-08-08T14:11:20","guid":{"rendered":"https:\/\/praha7.cz\/?page_id=1738"},"modified":"2024-05-29T12:12:29","modified_gmt":"2024-05-29T10:12:29","slug":"bytova-nouze","status":"publish","type":"page","link":"https:\/\/www.praha7.cz\/potrebuji-zaridit\/socialni-oblast\/osoby-v-bytove-nouzi-a-bez-pristresi\/bytova-nouze\/","title":{"rendered":"Bytov\u00e1 nouze"},"content":{"rendered":"<p style=\"text-align: justify;\">[perex]<\/p>\r\n<p style=\"text-align: justify;\">Jestli\u017ee jste se octli bez domova nebo v\u00e1m aktu\u00e1ln\u011b hroz\u00ed jeho ztr\u00e1ta, obra\u0165te se na soci\u00e1ln\u00ed pracovn\u00edky <a href=\"https:\/\/www.praha7.cz\/radnice\/organizacni-struktura\/odbor-socialnich-veci\/oddeleni-socialni-prace\/\">odd\u011blen\u00ed soci\u00e1ln\u00ed pr\u00e1ce<\/a> a&nbsp;spole\u010dn\u011b hledejte \u0159e\u0161en\u00ed. M\u016f\u017eete tak\u00e9 vyu\u017e\u00edt na\u0161eho <a href=\"https:\/\/praha7.cz\/temata\/pomahame\/kontaktni-misto\/\" target=\"_blank\" rel=\"noopener\">Kontaktn\u00edho m\u00edsta pro bydlen\u00ed<\/a>.<\/p>\r\n<p style=\"text-align: justify;\">[\/perex]<\/p>\r\n<div class=\"shortcode-container container-fluid no-bottom-padding division-detail  \"> \n    <div class=\"row\">\n\t\t <div class=\"row div-dept\">\n            <div class=\"col-xs-12 col-md-12 contact-info\">\n                <h4>Kontakt<\/h4>\n                <span>\n                    \u00da\u0159ad m\u011bstsk\u00e9 \u010d\u00e1sti Praha 7\n                <\/span><br>\n                <span>\n                    Odbor soci\u00e1ln\u00edch v\u011bc\u00ed - odd\u011blen\u00ed soci\u00e1ln\u00ed pr\u00e1ce\n                <\/span><br>\n                    <span>\n                        U Pr\u016fhonu 1338\/38\n                    <\/span><br>\n                    <span>\n                        Praha 7\n                    <\/span><br>\n                \n                \n            <\/div>\n        <\/div>\n    <\/div>\n<\/div>\r\n\n<div class=\"shortcode-container no-bottom-padding  \">    \n\t<div class=\"row\">\n\t\t<div class=\"col-xs-12 col-md-7\">\n\t\t\t<h3>\u00da\u0159edn\u00ed hodiny \u00da\u0159adu M\u010c Praha 7<\/h3>\n\t\t<\/div>\n\t<\/div>\n\t\t<div class=\"row\">\n\t\t\t<div class=\"col-xs-12 col-sm-4 col-md-3\">\n\t\t\t\t<span>pond\u011bl\u00ed a st\u0159eda<\/span>\n\t\t\t<\/div>\n\t\t\t\t<div class=\"col-xs-6 col-sm-4 col-md-3\">\n\t\t\t\t\t<span>7.30\u201312.00<\/span>\n\t\t\t\t<\/div>\n\t\t\t\t\t<div class=\"col-xs-6 col-sm-4 col-md-3\">\n\t\t\t\t\t\t<span>13.00\u201318.00<\/span>\n\t\t\t\t\t<\/div>\n\t\t<\/div>\n\t\t<div class=\"row\">\n\t\t\t<div class=\"col-xs-12 col-sm-4 col-md-3\">\n\t\t\t\t<span>\u00fater\u00fd, \u010dtvrtek a p\u00e1tek<\/span>\n\t\t\t<\/div>\n\t\t\t\t<div class=\"col-xs-12 col-sm-8 col-md-9\">\n\t\t\t\t\t<span>po p\u0159edchoz\u00ed domluv\u011b \/ po objedn\u00e1n\u00ed<\/span>\n\t\t\t\t<\/div>\n\t\t<\/div>\n\t<div class=\"row\">\n\t\t<div class=\"col-xs-12 col-md-12 office_hours_info\">\n\t\t\t\n\t\t<\/div>\t\n\t<\/div>\n<\/div>\r\n<p style=\"text-align: justify;\"><div class=\"shortcode-container container-fluid no-bottom-padding \">\n\t<div class=\"row shortcode-row no-bottom-border\">\n\t\t <div class=\"row contact-item\">\n\t\t\t<div class=\"col-xs-4 col-md-2 contact-photo\">\t\t\n\t\t\t\t<img src=\"https:\/\/www.praha7.cz\/wp-content\/uploads\/2018\/01\/IMG_8162-nadezda-zelinkova-600x400.jpg\" alt=\"placeholder\">\n\t\t\t<\/div>\n\t\t\t<div class=\"col-xs-8 col-md-5 contact-info\">\n\t\t\t\t<h3>Zelinkov\u00e1 Nad\u011b\u017eda, Bc.<\/h3>\n\t\t\t\t<span>vedouc\u00ed odd\u011blen\u00ed<\/span><br>\n\t\t\t\t<span>dve\u0159e 2.14<\/span><br>\n\t\t\t\t<span>tel. <a>+420220144097<\/a><\/span><br>\n                <span>gsm. <a href=\"tel:+420739553133\">+420739553133<\/a><\/span><br>\n\t\t\t\t<a href=\"mailto:zelinkovan@praha7.cz\">zelinkovan@praha7.cz<\/a><br>\n\t\t\t<\/div>\n\t\t<\/div>\n\t<\/div>\n<\/div><\/p>\r\n<p>&nbsp;<\/p>\r\n<p><span style=\"color: #0000ff;\"><strong>U\u017eite\u010dn\u00e9 odkazy<\/strong><\/span><\/p>\r\n<ul>\r\n\t<li><a href=\"https:\/\/bezdomova.eu\/\">V Praze bez domova<\/a><\/li>\r\n\t<li><a href=\"http:\/\/www.mapabezdomova.cz\">Mapa bez domova<\/a><\/li>\r\n\t<li><a href=\"http:\/\/www.uradprace.cz\">\u00da\u0159ad pr\u00e1ce<\/a><\/li>\r\n<\/ul>\r\n<hr \/>\r\n<p><strong>Organizace pro pomoc lidem bez domova<\/strong><\/p>\r\n<p><strong><span style=\"color: #0000ff;\"><br \/>\r\nArm\u00e1da sp\u00e1sy v&nbsp;\u010cR<\/span>, z. s., <\/strong>Centrum soci\u00e1ln\u00edch slu\u017eeb Bohumila Bure\u0161e<br \/>\r\n<br \/>\r\nKomplexn\u00ed podpora osob bez domova, azylov\u00fd d\u016fm, Centrum soci\u00e1ln\u00edch slu\u017eeb, ter\u00e9nn\u00ed programy prevence a&nbsp;n\u00edzkoprahov\u00e9 denn\u00ed centrum pro osoby bez domova.<em><br \/>\r\nTusarova 60, Praha&nbsp;7, <a href=\"http:\/\/www.armadaspasy.cz\">www.armadaspasy.cz<\/a><br \/>\r\n<\/em><\/p>\r\n<hr \/>\r\n<p><strong><span style=\"color: #0000ff;\">Nov\u00fd prostor<\/span><br \/>\r\n<br \/>\r\n<\/strong>Soci\u00e1ln\u00ed podnik umo\u017e\u0148uj\u00edc\u00ed pomoc lidem bez domova pracovn\u00ed p\u0159\u00edle\u017eitost \u2013 z\u00edskat finan\u010dn\u00ed prost\u0159edky na z\u00e1kladn\u00ed vybaven\u00ed pro \u017eivot.<em><br \/>\r\n\u0158eznick\u00e1 14, Praha 1, <a href=\"http:\/\/www.novyprostor.cz\">www.novyprostor.cz<\/a><\/em><\/p>\r\n<hr \/>\r\n<p><strong><span style=\"color: #0000ff;\">Arcidiec\u00e9zn\u00ed charita<\/span><br \/>\r\n<\/strong><br \/>\r\nPomoc v\u0161em, kte\u0159\u00ed se ocitli v\u00a0t\u00ed\u017eiv\u00e9 \u017eivotn\u00ed situaci, nebo na okraji spole\u010dnosti.<em><br \/>\r\nLond\u00fdnsk\u00e1 44, Praha 2, <a href=\"http:\/\/www.praha.charita.cz\">www.praha.charita.cz<\/a><\/em><\/p>\r\n<hr \/>\r\n<p><span style=\"color: #0000ff;\"><strong>Nad\u011bje, z.s.<\/strong><\/span><br \/>\r\n<em><br \/>\r\n<\/em>Nad\u011bje vyhled\u00e1v\u00e1 lidi bez st\u0159echy nad hlavou p\u0159\u00edmo v&nbsp;m\u00edstech, kde p\u0159e\u017e\u00edvaj\u00ed. Nab\u00edz\u00ed jim bezprost\u0159edn\u00ed pomoc i&nbsp;n\u00e1vaznou dal\u0161\u00ed p\u00e9\u010di. Tu zaji\u0161\u0165uje v&nbsp;denn\u00edch centrech, nocleh\u00e1rn\u00e1ch a&nbsp;azylov\u00fdch domech.<br \/>\r\n<em>U Bulhara 46, Praha 2, <a href=\"http:\/\/www.nadeje.cz\">www.nadeje.cz\u00a0<\/a><\/em><\/p>\r\n<hr \/>\r\n<p><span style=\"color: #0000ff;\"><strong>Centrum soci\u00e1ln\u00edch slu\u017eeb Praha<\/strong><\/span><br \/>\r\n<br \/>\r\nCentrum soci\u00e1ln\u00edch slu\u017eeb Praha poskytuje prioritn\u011b ter\u00e9nn\u00ed, ambulantn\u00ed i&nbsp;pobytov\u00e9 slu\u017eby \u0161irok\u00e9 \u0161k\u00e1le osob v&nbsp;t\u00ed\u017eiv\u00e9 \u017eivotn\u00ed nebo soci\u00e1ln\u00ed situaci.<em><br \/>\r\n<a href=\"http:\/\/www.csspraha.cz\/sluzby\">www.csspraha.cz\/sluzby<\/a><\/em><\/p>","protected":false},"excerpt":{"rendered":"[perex] Jestli\u017ee jste se octli bez domova nebo v\u00e1m aktu\u00e1ln\u011b hroz\u00ed jeho ztr\u00e1ta, obra\u0165te se na soci\u00e1ln\u00ed pracovn\u00edky odd\u011blen\u00ed soci\u00e1ln\u00ed pr\u00e1ce a&nbsp;spole\u010dn\u011b hledejte \u0159e\u0161en\u00ed. M\u016f\u017eete tak\u00e9 vyu\u017e\u00edt na\u0161eho Kontaktn\u00edho m\u00edsta pro bydlen\u00ed. [\/perex] &nbsp; U\u017eite\u010dn\u00e9 odkazy V&nbsp;Praze bez domova Mapa bez domova \u00da\u0159ad pr\u00e1ce Organizace pro pomoc lidem bez domova Arm\u00e1da sp\u00e1sy v&nbsp;\u010cR, z. [&hellip;]","protected":false},"author":2,"featured_media":0,"parent":73466,"menu_order":0,"comment_status":"closed","ping_status":"closed","template":"","meta":[],"_links":{"self":[{"href":"https:\/\/www.praha7.cz\/api\/wp\/v2\/pages\/1738"}],"collection":[{"href":"https:\/\/www.praha7.cz\/api\/wp\/v2\/pages"}],"about":[{"href":"https:\/\/www.praha7.cz\/api\/wp\/v2\/types\/page"}],"author":[{"embeddable":true,"href":"https:\/\/www.praha7.cz\/api\/wp\/v2\/users\/2"}],"replies":[{"embeddable":true,"href":"https:\/\/www.praha7.cz\/api\/wp\/v2\/comments?post=1738"}],"version-history":[{"count":31,"href":"https:\/\/www.praha7.cz\/api\/wp\/v2\/pages\/1738\/revisions"}],"predecessor-version":[{"id":76420,"href":"https:\/\/www.praha7.cz\/api\/wp\/v2\/pages\/1738\/revisions\/76420"}],"up":[{"embeddable":true,"href":"https:\/\/www.praha7.cz\/api\/wp\/v2\/pages\/73466"}],"wp:attachment":[{"href":"https:\/\/www.praha7.cz\/api\/wp\/v2\/media?parent=1738"}],"curies":[{"name":"wp","href":"https:\/\/api.w.org\/{rel}","templated":true}]}}