    
{"id":1732,"date":"2017-08-08T16:02:44","date_gmt":"2017-08-08T14:02:44","guid":{"rendered":"https:\/\/praha7.cz\/?page_id=1732"},"modified":"2024-06-25T14:08:25","modified_gmt":"2024-06-25T12:08:25","slug":"mam-zdravotni-handicap","status":"publish","type":"page","link":"https:\/\/www.praha7.cz\/potrebuji-zaridit\/socialni-oblast\/mam-zdravotni-handicap\/","title":{"rendered":"M\u00e1m zdravotn\u00ed handicap"},"content":{"rendered":"<p>[perex]<\/p>\r\n<p>Jestli\u017ee trp\u00edte ur\u010dit\u00fdm zdravotn\u00edm handicapem a&nbsp;pot\u0159ebujete za\u017e\u00e1dat o&nbsp;konkr\u00e9tn\u00ed slu\u017eby, p\u0159\u00edsp\u011bvky \u010di pr\u016fkazy, obra\u0165te se na <a href=\"https:\/\/www.praha7.cz\/radnice\/organizacni-struktura\/odbor-socialnich-veci\/oddeleni-socialni-prace\/\">odd\u011blen\u00ed soci\u00e1ln\u00ed pr\u00e1ce<\/a> Odboru soci\u00e1ln\u00edch v\u011bc\u00ed. Ne v\u0161echno m\u016f\u017eeme vy\u0159\u00eddit my sami, ale m\u016f\u017eeme v\u00e1m poradit a&nbsp;pomoci situaci vy\u0159e\u0161it.<\/p>\r\n<p>[\/perex]<\/p>\r\n\n    <div class=\"container-fluid guidelist text-center\">\n        <div class=\"row\">\n            <div class=\"col-xs-12 col-md-6 guidelist-container\">\n                <a href=\"https:\/\/www.praha7.cz\/potrebuji-zaridit\/socialni-oblast\/jsem-senior-ka\/pomoc-s-domacnosti-a-pri-osobni-hygiene\/\" class=\"btn btn-block\">Dom\u00e1cnost a hygiena<\/a>\n            <\/div>\n            <div class=\"col-xs-12 col-md-6 guidelist-container\">\n                <a href=\"https:\/\/www.praha7.cz\/potrebuji-zaridit\/socialni-oblast\/jsem-senior-ka\/zajisteni-spolecnosti\/\" class=\"btn btn-block\">Zaji\u0161t\u011bn\u00ed spole\u010dnosti<\/a>\n            <\/div>\n            <div class=\"col-xs-12 col-md-6 guidelist-container\">\n                <a href=\"https:\/\/www.praha7.cz\/potrebuji-zaridit\/socialni-oblast\/jsem-senior-ka\/preprava\/\" class=\"btn btn-block\">P\u0159eprava<\/a>\n            <\/div>\n            <div class=\"col-xs-12 col-md-6 guidelist-container\">\n                <a href=\"https:\/\/www.praha7.cz\/potrebuji-zaridit\/socialni-oblast\/jsem-senior-ka\/zdravotni-osetreni-doma\/\" class=\"btn btn-block\">Zdravotn\u00ed o\u0161et\u0159en\u00ed doma<\/a>\n            <\/div>\n            <div class=\"col-xs-12 col-md-6 guidelist-container\">\n                <a href=\"https:\/\/www.praha7.cz\/potrebuji-zaridit\/socialni-oblast\/jsem-senior-ka\/zdravotni-pomucky-pro-seniory\/\" class=\"btn btn-block\">Zdravotn\u00ed pom\u016fcky<\/a>\n            <\/div>\n            <div class=\"col-xs-12 col-md-6 guidelist-container\">\n                <a href=\"https:\/\/www.praha7.cz\/potrebuji-zaridit\/socialni-oblast\/jsem-senior-ka\/pomoc-pri-padu-tisnova-pece\/\" class=\"btn btn-block\">Pomoc p\u0159i p\u00e1du<\/a>\n            <\/div>\n            <div class=\"col-xs-12 col-md-6 guidelist-container\">\n                <a href=\"\" class=\"btn btn-block\">Pr\u00e1vn\u00ed podpora<\/a>\n            <\/div>\n            <div class=\"col-xs-12 col-md-6 guidelist-container\">\n                <a href=\"https:\/\/www.praha7.cz\/potrebuji-zaridit\/socialni-oblast\/mam-zdravotni-handicap\/pecuji-o-zdravotne-postizeneho\/\" class=\"btn btn-block\">Pe\u010duj\u00edc\u00ed<\/a>\n            <\/div>\n            <div class=\"col-xs-12 col-md-6 guidelist-container\">\n                <a href=\"https:\/\/www.praha7.cz\/potrebuji-zaridit\/zdravotnictvi\/\" class=\"btn btn-block\">Zdravotnictv\u00ed<\/a>\n            <\/div>\n            <div class=\"col-xs-12 col-md-6 guidelist-container\">\n                <a href=\"https:\/\/www.praha7.cz\/potrebuji-zaridit\/socialni-oblast\/s-postizenim\/\" class=\"btn btn-block\">Bydlen\u00ed<\/a>\n            <\/div>\n        <\/div>\n    <\/div>\n\n\r\n<hr \/>\r\n<div class=\"shortcode-container container-fluid no-bottom-padding division-detail  \"> \n    <div class=\"row\">\n\t\t <div class=\"row div-dept\">\n            <div class=\"col-xs-12 col-md-12 contact-info\">\n                <h4>Kontakt<\/h4>\n                <span>\n                    \u00da\u0159ad m\u011bstsk\u00e9 \u010d\u00e1sti Praha 7\n                <\/span><br>\n                <span>\n                    Odbor soci\u00e1ln\u00edch v\u011bc\u00ed - odd\u011blen\u00ed soci\u00e1ln\u00ed pr\u00e1ce\n                <\/span><br>\n                    <span>\n                        U Pr\u016fhonu 1338\/38\n                    <\/span><br>\n                    <span>\n                        Praha 7\n                    <\/span><br>\n                \n                \n            <\/div>\n        <\/div>\n    <\/div>\n<\/div>\r\n<div class=\"shortcode-container container-fluid no-bottom-padding \">\n\t<div class=\"row shortcode-row no-bottom-border\">\n\t\t <div class=\"row contact-item\">\n\t\t\t<div class=\"col-xs-4 col-md-2 contact-photo\">\t\t\n\t\t\t\t<img src=\"https:\/\/www.praha7.cz\/wp-content\/uploads\/2018\/01\/IMG_8162-nadezda-zelinkova-600x400.jpg\" alt=\"placeholder\">\n\t\t\t<\/div>\n\t\t\t<div class=\"col-xs-8 col-md-5 contact-info\">\n\t\t\t\t<h3>Zelinkov\u00e1 Nad\u011b\u017eda, Bc.<\/h3>\n\t\t\t\t<span>vedouc\u00ed odd\u011blen\u00ed<\/span><br>\n\t\t\t\t<span>dve\u0159e 2.14<\/span><br>\n\t\t\t\t<span>tel. <a>+420220144097<\/a><\/span><br>\n                <span>gsm. <a href=\"tel:+420739553133\">+420739553133<\/a><\/span><br>\n\t\t\t\t<a href=\"mailto:zelinkovan@praha7.cz\">zelinkovan@praha7.cz<\/a><br>\n\t\t\t<\/div>\n\t\t<\/div>\n\t<\/div>\n<\/div>","protected":false},"excerpt":{"rendered":"[perex] Jestli\u017ee trp\u00edte ur\u010dit\u00fdm zdravotn\u00edm handicapem a&nbsp;pot\u0159ebujete za\u017e\u00e1dat o&nbsp;konkr\u00e9tn\u00ed slu\u017eby, p\u0159\u00edsp\u011bvky \u010di pr\u016fkazy, obra\u0165te se na odd\u011blen\u00ed soci\u00e1ln\u00ed pr\u00e1ce Odboru soci\u00e1ln\u00edch v\u011bc\u00ed. Ne v\u0161echno m\u016f\u017eeme vy\u0159\u00eddit my sami, ale m\u016f\u017eeme v\u00e1m poradit a&nbsp;pomoci situaci vy\u0159e\u0161it. [\/perex]","protected":false},"author":2,"featured_media":0,"parent":1728,"menu_order":0,"comment_status":"closed","ping_status":"closed","template":"","meta":[],"_links":{"self":[{"href":"https:\/\/www.praha7.cz\/api\/wp\/v2\/pages\/1732"}],"collection":[{"href":"https:\/\/www.praha7.cz\/api\/wp\/v2\/pages"}],"about":[{"href":"https:\/\/www.praha7.cz\/api\/wp\/v2\/types\/page"}],"author":[{"embeddable":true,"href":"https:\/\/www.praha7.cz\/api\/wp\/v2\/users\/2"}],"replies":[{"embeddable":true,"href":"https:\/\/www.praha7.cz\/api\/wp\/v2\/comments?post=1732"}],"version-history":[{"count":43,"href":"https:\/\/www.praha7.cz\/api\/wp\/v2\/pages\/1732\/revisions"}],"predecessor-version":[{"id":77320,"href":"https:\/\/www.praha7.cz\/api\/wp\/v2\/pages\/1732\/revisions\/77320"}],"up":[{"embeddable":true,"href":"https:\/\/www.praha7.cz\/api\/wp\/v2\/pages\/1728"}],"wp:attachment":[{"href":"https:\/\/www.praha7.cz\/api\/wp\/v2\/media?parent=1732"}],"curies":[{"name":"wp","href":"https:\/\/api.w.org\/{rel}","templated":true}]}}