    
{"id":17166,"date":"2018-06-06T11:31:06","date_gmt":"2018-06-06T09:31:06","guid":{"rendered":"https:\/\/www.praha7.cz\/?page_id=17166"},"modified":"2023-10-30T17:08:40","modified_gmt":"2023-10-30T16:08:40","slug":"zrychlene-vydani","status":"publish","type":"page","link":"https:\/\/www.praha7.cz\/potrebuji-zaridit\/doklady\/obcansky-prukaz\/zrychlene-vydani\/","title":{"rendered":"Zrychlen\u00e9 vyd\u00e1n\u00ed"},"content":{"rendered":"<p>[perex]<\/p>\r\n<p>\u017d\u00e1dost o&nbsp;vyd\u00e1n\u00ed ve zkr\u00e1cen\u00e9 lh\u016ft\u011b umo\u017e\u0148uje z\u00edskat ob\u010dansk\u00fd pr\u016fkaz rychleji ne\u017e standardn\u00ed \u017e\u00e1dost\u00ed.\u00a0 Od 1.&nbsp;\u010dervence 2018 doch\u00e1z\u00ed ke zm\u011bn\u00e1m ve vyd\u00e1v\u00e1n\u00ed ob\u010dansk\u00fdch pr\u016fkaz\u016f ob\u010dan\u016fm. Lh\u016fta pro vyd\u00e1n\u00ed ob\u010dansk\u00e9ho pr\u016fkazu z\u016fst\u00e1v\u00e1 30 dn\u016f, bude v\u0161ak\u00a0mo\u017en\u00e9 vyd\u00e1vat ob\u010dansk\u00e9 pr\u016fkazy za spr\u00e1vn\u00ed poplatek v&nbsp;krat\u0161\u00edch lh\u016ft\u00e1ch, a&nbsp;to v&nbsp;pracovn\u00edch dnech do 24 hodin nebo do 5 pracovn\u00edch dn\u016f.<\/p>\r\n<p>[\/perex]<\/p>\r\n<div class=\"shortcode-container container-fluid no-bottom-padding division-detail  \"> \n    <div class=\"row\">\n\t\t <div class=\"row div-dept\">\n            <div class=\"col-xs-12 col-md-12 contact-info\">\n                <h4>Kontakt<\/h4>\n                <span>\n                    \u00da\u0159ad m\u011bstsk\u00e9 \u010d\u00e1sti Praha 7\n                <\/span><br>\n                <span>\n                    Odbor spr\u00e1vn\u00edch agend - odd\u011blen\u00ed doklad\u016f a evidence obyvatel\n                <\/span><br>\n                    <span>\n                        U Pr\u016fhonu 1338\/38\n                    <\/span><br>\n                    <span>\n                        Praha 7\n                    <\/span><br>\n                \n                \n            <\/div>\n        <\/div>\n    <\/div>\n<\/div>\r\n\n<div class=\"shortcode-container no-bottom-padding  \">    \n\t<div class=\"row\">\n\t\t<div class=\"col-xs-12 col-md-7\">\n\t\t\t<h3>\u00da\u0159edn\u00ed hodiny \u2013 Odd\u011blen\u00ed doklad\u016f a evidence obyvatel, U Pr\u016fhonu 1338\/38<\/h3>\n\t\t<\/div>\n\t<\/div>\n\t\t<div class=\"row\">\n\t\t\t<div class=\"col-xs-12 col-sm-4 col-md-3\">\n\t\t\t\t<span>pond\u011bl\u00ed a st\u0159eda<\/span>\n\t\t\t<\/div>\n\t\t\t\t<div class=\"col-xs-6 col-sm-4 col-md-3\">\n\t\t\t\t\t<span>7.30\u201312.00<\/span>\n\t\t\t\t<\/div>\n\t\t\t\t\t<div class=\"col-xs-6 col-sm-4 col-md-3\">\n\t\t\t\t\t\t<span>13.00\u201318.00<\/span>\n\t\t\t\t\t<\/div>\n\t\t<\/div>\n\t\t<div class=\"row\">\n\t\t\t<div class=\"col-xs-12 col-sm-4 col-md-3\">\n\t\t\t\t<span>\u00fater\u00fd a \u010dtvrtek<\/span>\n\t\t\t<\/div>\n\t\t\t\t<div class=\"col-xs-6 col-sm-4 col-md-3\">\n\t\t\t\t\t<span>7.30\u201312.00<\/span>\n\t\t\t\t<\/div>\n\t\t\t\t\t<div class=\"col-xs-6 col-sm-4 col-md-3\">\n\t\t\t\t\t\t<span>13.00\u201314.00<\/span>\n\t\t\t\t\t<\/div>\n\t\t<\/div>\n\t<div class=\"row\">\n\t\t<div class=\"col-xs-12 col-md-12 office_hours_info\">\n\t\t\tPosledn\u00ed p\u0159\u00edjem \u017e\u00e1dost\u00ed pro odbaven\u00ed je 30 minut p\u0159ed koncem \u00fa\u0159edn\u00edch hodin.\n\n\t\t<\/div>\t\n\t<\/div>\n<\/div>\r\n<p><div class=\"shortcode-container container-fluid no-bottom-padding \">\n\t<div class=\"row shortcode-row no-bottom-border\">\n\t\t <div class=\"row contact-item\">\n\t\t\t<div class=\"col-xs-4 col-md-2 contact-photo\">\t\t\n\t\t\t\t<img src=\"https:\/\/www.praha7.cz\/wp-content\/uploads\/2018\/07\/stepanka-koziskova-400x400.jpg\" alt=\"placeholder\">\n\t\t\t<\/div>\n\t\t\t<div class=\"col-xs-8 col-md-5 contact-info\">\n\t\t\t\t<h3>Ko\u017e\u00ed\u0161kov\u00e1 \u0160t\u011bp\u00e1nka<\/h3>\n\t\t\t\t<span>vedouc\u00ed odd\u011blen\u00ed<\/span><br>\n\t\t\t\t<span>dve\u0159e 1.08\/1.08a<\/span><br>\n\t\t\t\t<span>tel. <a>+420220144210<\/a><\/span><br>\n                \n\t\t\t\t<a href=\"mailto:koziskovas@praha7.cz\">koziskovas@praha7.cz<\/a><br>\n\t\t\t<\/div>\n\t\t<\/div>\n\t<\/div>\n<\/div><br \/>\r\n<br \/>\r\n<\/p>\r\n<p><span style=\"color: #0000ff;\"><strong>\u017d\u00c1DOST O&nbsp;VYD\u00c1N\u00cd OB\u010cANSK\u00c9HO PR\u016eKAZU VE ZKR\u00c1CEN\u00ddCH LH\u016eT\u00c1CH M\u016e\u017dETE PODAT:\u00a0<\/strong><\/span><\/p>\r\n<ul>\r\n\t<li>u kter\u00e9hokoliv obecn\u00edho \u00fa\u0159adu obce s&nbsp;roz\u0161\u00ed\u0159enou p\u016fsobnost\u00ed (\u201eORP\u201c),<\/li>\r\n\t<li>v Praze u&nbsp;\u00fa\u0159adu m\u011bstsk\u00e9 \u010d\u00e1sti Praha 1 a\u017e 22 (\u201eORP\u201c),<\/li>\r\n\t<li>u Ministerstva vnitra.\u00a0<\/li>\r\n<\/ul>\r\n<p>P\u0159i pod\u00e1n\u00ed \u017e\u00e1dosti o&nbsp;vyd\u00e1n\u00ed cestovn\u00edho pasu m\u016f\u017eete tak\u00e9 zadat sv\u00e9 telefonn\u00ed \u010d\u00edslo nebo e-mail a&nbsp;na uveden\u00fd kontakt v\u00e1m bude zasl\u00e1na informace o&nbsp;mo\u017enosti p\u0159evzet\u00ed vyhotoven\u00e9ho dokladu.<br \/>\r\n<br \/>\r\n<\/p>\r\n<p><span style=\"color: #0000ff;\"><strong>P\u0158EVZET\u00cd PR\u016eKAZU<\/strong><\/span><\/p>\r\n<p>Ob\u010dansk\u00fd pr\u016fkaz vydan\u00fd v&nbsp;pracovn\u00edch dnech do 24 hodin lze <strong>pouze u&nbsp;Ministerstva vnitra<\/strong> \u2013\u00a0Na Pankr\u00e1ci 72, Praha 4 (metro C, stanice Pra\u017esk\u00e9ho povst\u00e1n\u00ed).<\/p>\r\n<p>Pr\u016fkaz vydan\u00fd do 5 pracovn\u00edch dn\u016f je mo\u017en\u00e9 p\u0159evz\u00edt na Ministerstvu vnitra nebo na obecn\u00edm \u00fa\u0159adu obce s&nbsp;roz\u0161\u00ed\u0159enou p\u016fsobnost\u00ed \u010di \u00fa\u0159adu m\u011bstsk\u00e9 \u010d\u00e1sti Praha 1 a\u017e 22, u&nbsp;kter\u00e9ho podal \u017e\u00e1dost o&nbsp;jeho vyd\u00e1n\u00ed.<br \/>\r\n<br \/>\r\n<\/p>\r\n<p><span style=\"color: #0000ff;\"><strong>SPR\u00c1VN\u00cd POPLATKY<\/strong><\/span><\/p>\r\n<p><strong>Spr\u00e1vn\u00ed poplatky za vyd\u00e1n\u00ed ob\u010dansk\u00e9ho pr\u016fkazu pro ob\u010dana mlad\u0161\u00edho 15 let<\/strong><br \/>\r\n&#8211; ve lh\u016ft\u011b do 30 dn\u016f \u2013 100 K\u010d,<br \/>\r\n&#8211; ve lh\u016ft\u011b do 5 pracovn\u00edch dn\u016f \u2013 300 K\u010d,<br \/>\r\n&#8211; ve lh\u016ft\u011b do 24 hodin v&nbsp;pracovn\u00edch dnech \u2013 500&nbsp;K\u010d.<\/p>\r\n<p><strong>Spr\u00e1vn\u00ed poplatky za vyd\u00e1n\u00ed ob\u010dansk\u00e9ho pr\u016fkazu pro ob\u010dana star\u0161\u00edho 15 let ve zkr\u00e1cen\u00e9 lh\u016ft\u011b<\/strong><br \/>\r\n&#8211; ve lh\u016ft\u011b do 5 pracovn\u00edch dn\u016f \u2013 500 K\u010d,<br \/>\r\n&#8211; ve lh\u016ft\u011b do 24 hodin v&nbsp;pracovn\u00edch dnech \u2013 1000&nbsp;K\u010d.<\/p>\r\n<p><strong>KDE se plat\u00ed spr\u00e1vn\u00ed poplatek za vyd\u00e1n\u00ed ob\u010dansk\u00e9ho pr\u016fkazu ve zkr\u00e1cen\u00e9 lh\u016ft\u011b:<\/strong><br \/>\r\nPokud bude ob\u010dan p\u0159eb\u00edrat ob\u010dansk\u00fd pr\u016fkaz v&nbsp;m\u00edst\u011b, kde podal \u017e\u00e1dost, plat\u00ed se cel\u00fd spr\u00e1vn\u00ed poplatek p\u0159i pod\u00e1n\u00ed \u017e\u00e1dosti. Pokud po\u017e\u00e1d\u00e1 o&nbsp;vyd\u00e1n\u00ed ob\u010dansk\u00e9ho pr\u016fkazu u&nbsp;obecn\u00edho \u00fa\u0159adu obce s&nbsp;roz\u0161\u00ed\u0159enou p\u016fsobnost\u00ed (d\u00e1le jen \u201eORP\u201c) a&nbsp;p\u0159evezme ob\u010dansk\u00fd pr\u016fkaz u&nbsp;Ministerstva vnitra (d\u00e1le jen \u201eMV\u201c), vyb\u00edr\u00e1 se \u010d\u00e1st spr\u00e1vn\u00edho poplatku u&nbsp;ORP a&nbsp;\u010d\u00e1st spr\u00e1vn\u00edho poplatku u&nbsp;MV.<\/p>\r\n<p>&nbsp;<\/p>\r\n<table width=\"1310\" height=\"206\">\r\n<tbody>\r\n<tr>\r\n<td style=\"background-color: #afcdfa;\"><\/td>\r\n<td style=\"background-color: #afcdfa;\">Vyd\u00e1n\u00ed do 24 hodin v&nbsp;pracovn\u00edch dnech<\/td>\r\n<td style=\"background-color: #afcdfa;\">Vyd\u00e1n\u00ed\u00a0do\u00a05\u00a0pracovn\u00edch\u00a0dn\u016f<\/td>\r\n<\/tr>\r\n<tr>\r\n<td style=\"background-color: #eddaf7;\">Ob\u010dan\u00e9 star\u0161\u00ed\u00a015\u00a0let<\/td>\r\n<td style=\"background-color: #eddaf7; text-align: left;\">MV \u2192 MV = 1000&nbsp;K\u010d<\/td>\r\n<td style=\"background-color: #eddaf7; text-align: left;\">MV\u00a0\u2192 MV = 500&nbsp;K\u010d<\/td>\r\n<\/tr>\r\n<tr>\r\n<td style=\"background-color: #eddaf7;\"><\/td>\r\n<td style=\"background-color: #eddaf7; text-align: left;\">ORP \u2192 MV = 500 + 500&nbsp;K\u010d <br \/>\r\n500 \u00a0 \u00a0 500 = 1000&nbsp;K\u010d<\/td>\r\n<td style=\"background-color: #eddaf7; text-align: left;\">ORP\u00a0\u2192\u00a0MV\u00a0=\u00a0250\u00a0+\u00a0250\u00a0K\u010d<br \/>\r\n250 \u00a0\u00a0\u00a0\u00a0 250 = 500&nbsp;K\u010d<\/td>\r\n<\/tr>\r\n<tr>\r\n<td style=\"background-color: #eddaf7;\"><\/td>\r\n<td style=\"background-color: #eddaf7; text-align: left;\"><\/td>\r\n<td style=\"background-color: #eddaf7; text-align: left;\">ORP \u2192 ORP = 500&nbsp;K\u010d<\/td>\r\n<\/tr>\r\n<tr>\r\n<td style=\"background-color: #d4effa;\">Ob\u010dan\u00e9 mlad\u0161\u00ed\u00a015\u00a0let<\/td>\r\n<td style=\"background-color: #d4effa; text-align: left;\">MV\u2192 MV = 500&nbsp;K\u010d<\/td>\r\n<td style=\"background-color: #d4effa; text-align: left;\">MV \u2192 MV = 300&nbsp;K\u010d<\/td>\r\n<\/tr>\r\n<tr>\r\n<td style=\"background-color: #d4effa;\"><\/td>\r\n<td style=\"background-color: #d4effa; text-align: left;\">ORP\u00a0\u2192 MV = 250 + 250&nbsp;K\u010d <br \/>\r\n250\u00a0\u00a0\u00a0 250 = 500&nbsp;K\u010d<\/td>\r\n<td style=\"background-color: #d4effa; text-align: left;\">ORP\u00a0\u2192\u00a0MV\u00a0=\u00a0200\u00a0+\u00a0100\u00a0K\u010d<br \/>\r\n200\u00a0\u00a0\u00a0\u00a0\u00a0 100 = 300&nbsp;K\u010d<\/td>\r\n<\/tr>\r\n<tr>\r\n<td style=\"background-color: #d4effa;\"><\/td>\r\n<td style=\"background-color: #d4effa; text-align: left;\"><\/td>\r\n<td style=\"background-color: #d4effa; text-align: left;\">ORP \u2192 ORP = 300&nbsp;K\u010d<\/td>\r\n<\/tr>\r\n<\/tbody>\r\n<\/table>\r\n<p>&nbsp;<\/p>","protected":false},"excerpt":{"rendered":"[perex] \u017d\u00e1dost o&nbsp;vyd\u00e1n\u00ed ve zkr\u00e1cen\u00e9 lh\u016ft\u011b umo\u017e\u0148uje z\u00edskat ob\u010dansk\u00fd pr\u016fkaz rychleji ne\u017e standardn\u00ed \u017e\u00e1dost\u00ed.\u00a0 Od 1.&nbsp;\u010dervence 2018 doch\u00e1z\u00ed ke zm\u011bn\u00e1m ve vyd\u00e1v\u00e1n\u00ed ob\u010dansk\u00fdch pr\u016fkaz\u016f ob\u010dan\u016fm. Lh\u016fta pro vyd\u00e1n\u00ed ob\u010dansk\u00e9ho pr\u016fkazu z\u016fst\u00e1v\u00e1 30 dn\u016f, bude v\u0161ak\u00a0mo\u017en\u00e9 vyd\u00e1vat ob\u010dansk\u00e9 pr\u016fkazy za spr\u00e1vn\u00ed poplatek v&nbsp;krat\u0161\u00edch lh\u016ft\u00e1ch, a&nbsp;to v&nbsp;pracovn\u00edch dnech do 24 hodin nebo do 5 pracovn\u00edch dn\u016f. [\/perex] [&hellip;]","protected":false},"author":4,"featured_media":0,"parent":238,"menu_order":6,"comment_status":"closed","ping_status":"closed","template":"","meta":[],"_links":{"self":[{"href":"https:\/\/www.praha7.cz\/api\/wp\/v2\/pages\/17166"}],"collection":[{"href":"https:\/\/www.praha7.cz\/api\/wp\/v2\/pages"}],"about":[{"href":"https:\/\/www.praha7.cz\/api\/wp\/v2\/types\/page"}],"author":[{"embeddable":true,"href":"https:\/\/www.praha7.cz\/api\/wp\/v2\/users\/4"}],"replies":[{"embeddable":true,"href":"https:\/\/www.praha7.cz\/api\/wp\/v2\/comments?post=17166"}],"version-history":[{"count":12,"href":"https:\/\/www.praha7.cz\/api\/wp\/v2\/pages\/17166\/revisions"}],"predecessor-version":[{"id":71029,"href":"https:\/\/www.praha7.cz\/api\/wp\/v2\/pages\/17166\/revisions\/71029"}],"up":[{"embeddable":true,"href":"https:\/\/www.praha7.cz\/api\/wp\/v2\/pages\/238"}],"wp:attachment":[{"href":"https:\/\/www.praha7.cz\/api\/wp\/v2\/media?parent=17166"}],"curies":[{"name":"wp","href":"https:\/\/api.w.org\/{rel}","templated":true}]}}