    
{"id":1658,"date":"2017-08-08T11:50:31","date_gmt":"2017-08-08T09:50:31","guid":{"rendered":"https:\/\/praha7.cz\/?page_id=1658"},"modified":"2025-06-16T12:32:01","modified_gmt":"2025-06-16T10:32:01","slug":"kaceni-drevin-rostoucich-mimo-les","status":"publish","type":"page","link":"https:\/\/www.praha7.cz\/potrebuji-zaridit\/zivotni-prostredi\/kaceni-drevin-rostoucich-mimo-les\/","title":{"rendered":"K\u00e1cen\u00ed d\u0159evin rostouc\u00edch mimo les"},"content":{"rendered":"<p>[perex]<\/p>\r\n<p>O povolen\u00ed ke k\u00e1cen\u00ed d\u0159evin rostouc\u00edch mimo les \u017e\u00e1d\u00e1 vlastn\u00edk \u010di n\u00e1jemce pozemku se souhlasem vlastn\u00edka p\u0159\u00edslu\u0161n\u00fd org\u00e1n ochrany p\u0159\u00edrody. Povolen\u00ed lze vydat ze z\u00e1va\u017en\u00fdch d\u016fvod\u016f po vyhodnocen\u00ed funk\u010dn\u00edho a&nbsp;estetick\u00e9ho v\u00fdznamu d\u0159evin. Povolen\u00ed je tak\u00e9 sou\u010d\u00e1st\u00ed \u017e\u00e1dosti o&nbsp;vyd\u00e1n\u00ed \u00fazemn\u00edho rozhodnut\u00ed.<\/p>\r\n<p>[\/perex]<\/p>\r\n<p>Z\u00e1vazn\u00e9 stanovisko Odboru \u017eivotn\u00edho prost\u0159ed\u00ed ke k\u00e1cen\u00ed d\u0159evin je nezbytn\u00e9 pro \u00fa\u010dely stavebn\u00edho z\u00e1m\u011bru povolovan\u00e9ho v&nbsp;\u00fazemn\u00edm \u0159\u00edzen\u00ed, v&nbsp;\u00fazemn\u00edm \u0159\u00edzen\u00ed s&nbsp;posouzen\u00edm vliv\u016f na \u017eivotn\u00ed prost\u0159ed\u00ed, ve spole\u010dn\u00e9m \u00fazemn\u00edm a&nbsp;stavebn\u00edm \u0159\u00edzen\u00ed nebo spole\u010dn\u00e9m \u00fazemn\u00edm a&nbsp;stavebn\u00edm \u0159\u00edzen\u00ed s&nbsp;posouzen\u00edm vliv\u016f na \u017eivotn\u00ed prost\u0159ed\u00ed. Povolen\u00ed k\u00e1cen\u00ed d\u0159evin, v\u010detn\u011b ulo\u017een\u00ed p\u0159im\u011b\u0159en\u00e9 n\u00e1hradn\u00ed v\u00fdsadby, je-li stanovena, vyd\u00e1v\u00e1 Stavebn\u00ed \u00fa\u0159ad a&nbsp;je sou\u010d\u00e1st\u00ed v\u00fdrokov\u00e9 \u010d\u00e1sti rozhodnut\u00ed v&nbsp;\u00fazemn\u00edm \u0159\u00edzen\u00ed, v&nbsp;\u00fazemn\u00edm \u0159\u00edzen\u00edm s&nbsp;posouzen\u00edm vliv\u016f na \u017eivotn\u00ed prost\u0159ed\u00ed, ve spole\u010dn\u00e9m \u00fazemn\u00edm a&nbsp;stavebn\u00edm \u0159\u00edzen\u00ed nebo spole\u010dn\u00e9m \u00fazemn\u00edm a&nbsp;stavebn\u00edm \u0159\u00edzen\u00ed s&nbsp;posouzen\u00edm vlivu na \u017eivotn\u00ed prost\u0159ed\u00ed. \u017d\u00e1dost o&nbsp;z\u00e1vazn\u00e9 stanovisko mus\u00ed m\u00edt stejn\u00e9 n\u00e1le\u017eitosti jako povolen\u00ed o&nbsp;k\u00e1cen\u00ed d\u0159evin.<br \/>\r\n<br \/>\r\n<\/p>\r\n<h4><span style=\"color: #0000ff;\">CO MUS\u00cdM P\u0158EDLO\u017dIT<\/span><\/h4>\r\n<h4>fyzick\u00e1 osoba: jm\u00e9no, p\u0159\u00edjmen\u00ed, datum narozen\u00ed, trval\u00e9 bydli\u0161t\u011b nebo jin\u00e1 adresa pro doru\u010dov\u00e1n\u00ed, kontakt (tel. \u010d\u00edslo)<\/h4>\r\n<ol>\r\n\t<li><strong>podnikatel (fyzick\u00e1 osoba opr\u00e1vn\u011bn\u00e1 k&nbsp;podnik\u00e1n\u00ed)<\/strong>: jm\u00e9no, p\u0159\u00edjmen\u00ed, I\u010c, adresa zapsan\u00e1 v&nbsp;obchodn\u00edm rejst\u0159\u00edku nebo v&nbsp;jin\u00e9 z\u00e1konem upraven\u00e9 evidenci jako m\u00edsto podnik\u00e1n\u00ed, pop\u0159. jin\u00e1 adresa pro doru\u010dov\u00e1n\u00ed, kontakt (tel. \u010d\u00edslo)<\/li>\r\n\t<li><strong>pr\u00e1vnick\u00e1 osoba<\/strong>: n\u00e1zev, I\u010c, adresa s\u00eddla pop\u0159. jin\u00e1 adresa pro doru\u010dov\u00e1n\u00ed, kontakt (tel. \u010d\u00edslo)<\/li>\r\n<\/ol>\r\n<p>Jde o&nbsp;obecn\u00e9 n\u00e1le\u017eitosti pod\u00e1n\u00ed podle spr\u00e1vn\u00edho \u0159\u00e1du (\u00a7 37 odst. 2,<a href=\"https:\/\/www.zakonyprolidi.cz\/cs\/2004-500\" target=\"_blank\" rel=\"noopener\"> z\u00e1kon \u010d. 500\/2004 Sb.<\/a>)<\/p>\r\n<h4><span style=\"color: #0000ff;\"><br \/>\r\nCO MUS\u00cdM D\u00c1LE P\u0158EDLO\u017dIT<\/span><\/h4>\r\n<h4>ozna\u010den\u00ed katastr\u00e1ln\u00edho \u00fazem\u00ed a\u00a0parcely, na kter\u00e9 se d\u0159eviny nach\u00e1zej\u00ed, stru\u010dn\u00fd popis um\u00edst\u011bn\u00ed d\u0159evin a\u00a0situa\u010dn\u00ed z\u00e1kres<\/h4>\r\n<ul>\r\n\t<li>dolo\u017een\u00ed vlastnick\u00e9ho \u010di n\u00e1jemn\u00edho nebo u\u017eivatelsk\u00e9ho vztahu \u017eadatele k&nbsp;p\u0159\u00edslu\u0161n\u00fdm pozemk\u016fm, nelze-li ov\u011b\u0159it v&nbsp;katastru nemovitost\u00ed, v\u010detn\u011b p\u00edsemn\u00e9ho souhlasu vlastn\u00edka pozemku s&nbsp;k\u00e1cen\u00edm, nen\u00ed-li \u017eadatelem vlastn\u00edk pozemku<\/li>\r\n\t<li>specifikaci d\u0159evin, kter\u00e9 maj\u00ed b\u00fdt k\u00e1ceny, zejm\u00e9na druhy d\u0159evin, jejich po\u010det a&nbsp;obvod kmene ve v\u00fd\u0161ce 130 cm nad zem\u00ed; pro k\u00e1cen\u00ed souvisl\u00fdch ke\u0159ov\u00fdch porost\u016f lze nam\u00edsto po\u010dtu k\u00e1cen\u00fdch d\u0159evin uv\u00e9st, o&nbsp;jak\u00fd druh se jedn\u00e1 a&nbsp;jak\u00e1 je v\u00fdm\u011bra souvisle zapojen\u00e9 k\u00e1cen\u00e9 plochy<\/li>\r\n\t<li>zd\u016fvodn\u011bn\u00ed \u017e\u00e1dosti<\/li>\r\n<\/ul>\r\n<p>P\u0159i \u00fastn\u00edm jedn\u00e1n\u00ed a&nbsp;m\u00edstn\u00edm \u0161et\u0159en\u00ed je nezbytn\u00e1 osobn\u00ed \u00fa\u010dast pop\u0159\u00edpad\u011b zplnomocn\u011bn\u00e1 osoba.<\/p>\r\n<p>N\u00e1le\u017eitosti, je\u017e mus\u00ed obsahovat ozn\u00e1men\u00ed o&nbsp;k\u00e1cen\u00ed d\u0159evin, jsou uvedeny v&nbsp;\u00a7 4 odst. 2, <a href=\"https:\/\/www.zakonyprolidi.cz\/cs\/2013-189\" target=\"_blank\" rel=\"noopener\">vyhl\u00e1\u0161ky \u010d. 189\/2013 Sb.<\/a>, v&nbsp;platn\u00e9m zn\u011bn\u00ed.<\/p>\r\n<hr \/>\r\n<h4>Lh\u016fta pro vy\u0159\u00edzen\u00ed<\/h4>\r\n<p>Rozhodnut\u00ed o&nbsp;k\u00e1cen\u00ed d\u0159evin rostouc\u00edch mimo les v\u00e1m vyd\u00e1me do 60 dn\u016f od pod\u00e1n\u00ed \u017e\u00e1dosti, ve zvl\u00e1\u0161t\u011b slo\u017eit\u00fdch p\u0159\u00edpadech do 90 dn\u016f.<\/p>\r\n<hr \/>\r\n<h4>Upozorn\u011bn\u00ed<\/h4>\r\n<p>V p\u0159\u00edpad\u011b nejasnost\u00ed svou \u017e\u00e1dost konzultujte p\u0159\u00edmo s&nbsp;referentem Odboru \u017eivotn\u00edho prost\u0159ed\u00ed.<\/p>\r\n<hr \/>\r\n<h4>Kdy nen\u00ed nutn\u00e9 pod\u00e1vat \u017e\u00e1dost<\/h4>\r\n<p>Pokud d\u0159eviny nejsou sou\u010d\u00e1st\u00ed v\u00fdznamn\u00e9ho krajinn\u00e9ho prvku (\u00a7 3 odst. 1 p\u00edsm. b, <a href=\"https:\/\/www.zakonyprolidi.cz\/cs\/1992-114\" target=\"_blank\" rel=\"noopener\">z\u00e1kon \u010d. 114\/1992 Sb.<\/a>) nebo stromo\u0159ad\u00ed, \u017e\u00e1dost nemus\u00edte pod\u00e1vat, kdy\u017e chcete k\u00e1cet:<\/p>\r\n<ul>\r\n\t<li>d\u0159eviny o&nbsp;obvodu kmene m\u011b\u0159en\u00e9ho ve v\u00fd\u0161ce 130 cm, u&nbsp;kter\u00fdch je obvod kmene men\u0161\u00ed ne\u017e 80 cm (\u00a7 8 odst. 3, z\u00e1kon \u010d. 114\/1992 Sb., \u00a7 3 p\u00edsm. a&nbsp;vyhl\u00e1\u0161ka \u010d. 189\/2013 Sb.)<\/li>\r\n\t<li>souvisl\u00e9 ke\u0159ov\u00e9 porosty, pokud jejich celkov\u00e1 souvisle zapojen\u00e1 plocha nep\u0159esahuje 40 m2 (\u00a7 8 odst. 3, z\u00e1kon \u010d. 114\/1992 Sb., \u00a7 3 p\u00edsm. b, vyhl\u00e1\u0161ka \u010d. 189\/2013 Sb.)<\/li>\r\n\t<li>ovocn\u00e9 d\u0159eviny rostouc\u00ed na pozemc\u00edch v&nbsp;zastav\u011bn\u00e9m \u00fazem\u00ed na pozemc\u00edch evidovan\u00fdch v&nbsp;katastru nemovitost\u00ed jako druh pozemku, zahrada,\u00a0 zastav\u011bn\u00e1 plocha a&nbsp;n\u00e1dvo\u0159\u00ed nebo ostatn\u00ed plocha se zp\u016fsobem vyu\u017eit\u00ed pozemku jako zele\u0148 (\u00a7 8 odst. 3, z\u00e1kon \u010d. 114\/1992 Sb., \u00a7 3 p\u00edsm. d, vyhl\u00e1\u0161ka \u010d. 189\/2013 Sb.)<\/li>\r\n\t<li>d\u0159eviny p\u011bstovan\u00e9 na pozemc\u00edch veden\u00fdch v&nbsp;katastru nemovitost\u00ed jako plant\u00e1\u017e d\u0159evin (\u00a7 8 odst. 3, z\u00e1kon \u010d. 114\/1992 Sb., \u00a7 3 p\u00edsm. c, vyhl\u00e1\u0161ka \u010d. 189\/2013 Sb.)<\/li>\r\n\t<li>z d\u016fvod\u016f p\u011bstebn\u00edch, kv\u016fli obnov\u011b porost\u016f nebo v\u00fdchovn\u00e9 prob\u00edrce porost\u016f a&nbsp;z&nbsp;d\u016fvod\u016f zdravotn\u00edch nebo p\u0159i \u00fakonech dle zvl\u00e1\u0161tn\u00edch p\u0159edpis\u016f. K\u00e1cen\u00ed z&nbsp;t\u011bchto d\u016fvod\u016f mus\u00ed b\u00fdt ozn\u00e1meno p\u00edsemn\u011b nejm\u00e9n\u011b 15 dn\u016f p\u0159edem odboru \u017eivotn\u00edho prost\u0159ed\u00ed, kter\u00fd jej m\u016f\u017ee pozastavit, omezit nebo zak\u00e1zat, pokud odporuje po\u017eadavk\u016fm na ochranu d\u0159evin nebo rozsahu zvl\u00e1\u0161tn\u00edho opr\u00e1vn\u011bn\u00ed (\u00a7 8 odst. 2, z\u00e1kon \u010d.114\/1992 Sb.)<\/li>\r\n\t<li>d\u0159eviny v&nbsp;takov\u00e9m stavu, \u017ee z\u0159ejm\u011b bezprost\u0159edn\u011b ohro\u017euj\u00ed \u017eivot \u010di zdrav\u00ed nebo mohou zp\u016fsobit \u0161kodu zna\u010dn\u00e9ho rozsahu. Pokud takov\u00e9 d\u0159eviny pok\u00e1c\u00edte, je t\u0159eba to ozn\u00e1mit org\u00e1nu ochrany p\u0159\u00edrody do 15 dn\u016f od k\u00e1cen\u00ed (\u00a7 8 odst. 4, z\u00e1kon \u010d. 114\/1992 Sb.).<\/li>\r\n\t<li>k\u00e1cen\u00ed d\u0159evin se prov\u00e1d\u00ed zpravidla v\u00a0obdob\u00ed jejich vegeta\u010dn\u00edho klidu. Obdob\u00edm vegeta\u010dn\u00edho klidu se rozum\u00ed obdob\u00ed p\u0159irozen\u00e9ho \u00fatlumu fyziologick\u00fdch a\u00a0ekologick\u00fdch funkc\u00ed d\u0159eviny (vyhl\u00e1\u0161ka \u010d. 189\/2013 Sb.).<\/li>\r\n<\/ul>\r\n<h4>N\u00e1hradn\u00ed v\u00fdsadba<\/h4>\r\n<p>Podle \u00a7 9 z\u00e1kona m\u016f\u017ee b\u00fdt \u017eadateli ulo\u017eena p\u0159im\u011b\u0159en\u00e1 n\u00e1hradn\u00ed v\u00fdsadba ke kompenzaci ekologick\u00e9 \u00fajmy vznikl\u00e9 pok\u00e1cen\u00edm d\u0159evin. Sou\u010dasn\u011b m\u016f\u017ee b\u00fdt \u017eadateli ulo\u017eena tak\u00e9 n\u00e1hradn\u00ed p\u00e9\u010de po nezbytn\u011b nutnou dobu, nejv\u00fd\u0161e v\u0161ak na dobu p\u011bti let.<\/p>\r\n<hr \/>\r\n<h4>Sankce v&nbsp;p\u0159\u00edpad\u011b nedodr\u017een\u00ed p\u0159edepsan\u00fdch povinnost\u00ed<\/h4>\r\n<ul>\r\n\t<li>ulo\u017een\u00ed pokuty fyzick\u00e9 osob\u011b a\u017e do v\u00fd\u0161e 10&nbsp;000&nbsp;K\u010d za nespln\u011bn\u00ed ohla\u0161ovac\u00ed povinnosti (\u00a7 87 odst. 1 p\u00edsm. e z\u00e1kona \u010d. 114\/1992 Sb.)<\/li>\r\n\t<li>ulo\u017een\u00ed pokuty fyzick\u00e9 osob\u011b a\u017e do v\u00fd\u0161e 20&nbsp;000&nbsp;K\u010d za pok\u00e1cen\u00ed bez povolen\u00ed nebo po\u0161kozen\u00ed d\u0159eviny rostouc\u00ed mimo les (\u00a7 87 odst. 2 p\u00edsm. e z\u00e1kona \u010d. 114\/1992 Sb.)<\/li>\r\n\t<li>ulo\u017een\u00ed pokuty fyzick\u00e9 osob\u011b a\u017e do v\u00fd\u0161e 100&nbsp;000&nbsp;K\u010d za pok\u00e1cen\u00ed bez povolen\u00ed nebo z\u00e1va\u017en\u00e9 po\u0161kozen\u00ed skupiny d\u0159evin rostouc\u00edch mimo les (\u00a7 87 odst. 3 p\u00edsm. d z\u00e1kona \u010d. 114\/1992 Sb.)<\/li>\r\n\t<li>ulo\u017een\u00ed pokuty pr\u00e1vnick\u00e9 a&nbsp;fyzick\u00e9 osob\u011b opr\u00e1vn\u011bn\u00e9 k&nbsp;podnik\u00e1n\u00ed p\u0159i v\u00fdkonu podnikatelsk\u00e9 \u010dinnosti a\u017e do v\u00fd\u0161e 1&nbsp;000&nbsp;000&nbsp;K\u010d za po\u0161kozen\u00ed nebo nepovolen\u00e9 pok\u00e1cen\u00ed d\u0159evin rostouc\u00edch mimo les (dle \u00a7 88 odst. 1 p\u00edsm. c z\u00e1kona \u010d. 114\/1992 Sb.), za nespln\u011bn\u00ed ohla\u0161ovac\u00ed povinnosti nebo nespln\u011bn\u00ed povinnosti n\u00e1hradn\u00ed v\u00fdsadby (\u00a7 88 odst. 1 p\u00edsm. h z\u00e1kona \u010d. 114\/1992 Sb.)<\/li>\r\n\t<li>ulo\u017een\u00ed pokuty fyzick\u00e9 osob\u011b a\u017e do v\u00fd\u0161e 10&nbsp;000&nbsp;K\u010d za to, \u017ee neprovede ulo\u017eenou n\u00e1hradn\u00ed v\u00fdsadbu d\u0159evin podle \u00a7 9 (\u00a7 87 odst. 1 p\u00edsm. g z\u00e1kona \u010d. 114\/1992 Sb.)<\/li>\r\n\t<li>ulo\u017een\u00ed pokuty pr\u00e1vnick\u00e9 osob\u011b nebo fyzick\u00e9 podnikaj\u00edc\u00ed osob\u011b a\u017e do v\u00fd\u0161e 1\u00a0000\u00a0000\u00a0K\u010d za to, \u017ee neprovede ulo\u017eenou n\u00e1hradn\u00ed v\u00fdsadbu d\u0159evin podle \u00a7 9 (\u00a7 88 odst. 1 p\u00edsm. h z\u00e1kona \u010d. 114\/1992 Sb.)<\/li>\r\n<\/ul>\r\n        <div class=\"collapse-block\">\r\n            <div class=\"card-header\" role=\"tab\" id=\"heading054988445fd7773afe2444c4a4c1245c1169052b\">\r\n                                    <h3 class=\"mb-0\">\r\n                        <a data-toggle=\"collapse\" href=\"#collapse054988445fd7773afe2444c4a4c1245c1169052b\" aria-controls=\"collapse054988445fd7773afe2444c4a4c1245c1169052b\">\r\n                            Pr\u00e1vn\u00ed p\u0159edpisy                            <i class=\"fa fa-2x fa-angle-down\" aria-hidden=\"true\"><\/i>\r\n                        <\/a>\r\n                    <\/h3>\r\n                                \r\n            <\/div>\r\n\r\n            <div id=\"collapse054988445fd7773afe2444c4a4c1245c1169052b\" class=\"collapse\" data-id=\"054988445fd7773afe2444c4a4c1245c1169052b\" role=\"tabpanel\" aria-labelledby=\"heading054988445fd7773afe2444c4a4c1245c1169052b\">\r\n                <div class=\"card-block\">\r\n    \r\n<p>Dal\u0161\u00edmi \u00fa\u010dastn\u00edky \u0159\u00edzen\u00ed v\u00a0p\u0159\u00edpad\u011b k\u00e1cen\u00ed d\u0159evin (\u00a7 70 z\u00e1kona \u010d. 114\/1992 Sb.) mohou b\u00fdt neziskov\u00e9 organizace (spolky, \u00fastavy nebo obecn\u011b prosp\u011b\u0161n\u00e9 spole\u010dnosti), jejich\u017e hlavn\u00ed posl\u00e1n\u00edm podle stanov je ochrana p\u0159\u00edrody a\u00a0krajiny. Tyto organizace mohou u\u00a0p\u0159\u00edslu\u0161n\u00fdch org\u00e1n\u016f st\u00e1tn\u00ed spr\u00e1vy po\u017eadovat, aby byly p\u0159edem informov\u00e1ni o\u00a0v\u0161ech z\u00e1saz\u00edch a\u00a0zahajovac\u00edch \u0159\u00edzen\u00edch, u\u00a0nich\u017e mohou b\u00fdt dot\u010deny z\u00e1jmy ochrany p\u0159\u00edrody a\u00a0krajiny. \u017d\u00e1dat mohou prost\u0159ednictv\u00edm podan\u00e9 \u017e\u00e1dosti, kter\u00e1 plat\u00ed 1 rok ode dne pod\u00e1n\u00ed (tj. doru\u010den\u00ed p\u0159\u00edslu\u0161n\u00e9mu org\u00e1nu st\u00e1tn\u00ed spr\u00e1vy). Neziskov\u00e9 organizace se mohou \u0159\u00edzen\u00ed \u00fa\u010dastnit, pokud ozn\u00e1m\u00ed svou \u00fa\u010dast do 8\u00a0dn\u00ed ode dne, kdy bylo p\u0159\u00edslu\u0161n\u00fdm org\u00e1nem zah\u00e1jen\u00ed \u0159\u00edzen\u00ed ozn\u00e1meno (lh\u016fta se po\u010d\u00edt\u00e1 ode dne doru\u010den\u00ed \u010di prvn\u00ed den zve\u0159ejn\u011bn\u00ed na \u00fa\u0159edn\u00ed desce).\u00a0\u00a0<\/p>\r\n                <\/div>\r\n            <\/div>\r\n        <\/div>\r\n    \r\n<div class=\"shortcode-container container-fluid no-bottom-padding division-detail  \">    \n    <div class=\"row\">\n\t\t <div class=\"row div-dept\">\n            <div class=\"col-xs-12 col-md-12 contact-info\">\n                <h4>Kontakt<\/h4>\n                <span>                   \n                    \u00da\u0159ad m\u011bstsk\u00e9 \u010d\u00e1sti Praha 7                   \n                <\/span><br>\n                <span>\n                    Odbor \u017eivotn\u00edho prost\u0159ed\u00ed\n                <\/span><br>\n                    <span>\n                        U Pr\u016fhonu 1338\/38\n                    <\/span><br>\n                \n                \n\n            <\/div>\n        <\/div>\n    <\/div>\n<\/div>\r\n\n<div class=\"shortcode-container no-bottom-padding  \">    \n\t<div class=\"row\">\n\t\t<div class=\"col-xs-12 col-md-7\">\n\t\t\t<h3>\u00da\u0159edn\u00ed hodiny \u00da\u0159adu M\u010c Praha 7<\/h3>\n\t\t<\/div>\n\t<\/div>\n\t\t<div class=\"row\">\n\t\t\t<div class=\"col-xs-12 col-sm-4 col-md-3\">\n\t\t\t\t<span>pond\u011bl\u00ed a st\u0159eda<\/span>\n\t\t\t<\/div>\n\t\t\t\t<div class=\"col-xs-6 col-sm-4 col-md-3\">\n\t\t\t\t\t<span>7.30\u201312.00<\/span>\n\t\t\t\t<\/div>\n\t\t\t\t\t<div class=\"col-xs-6 col-sm-4 col-md-3\">\n\t\t\t\t\t\t<span>13.00\u201318.00<\/span>\n\t\t\t\t\t<\/div>\n\t\t<\/div>\n\t\t<div class=\"row\">\n\t\t\t<div class=\"col-xs-12 col-sm-4 col-md-3\">\n\t\t\t\t<span>\u00fater\u00fd, \u010dtvrtek a p\u00e1tek<\/span>\n\t\t\t<\/div>\n\t\t\t\t<div class=\"col-xs-12 col-sm-8 col-md-9\">\n\t\t\t\t\t<span>po p\u0159edchoz\u00ed domluv\u011b \/ po objedn\u00e1n\u00ed<\/span>\n\t\t\t\t<\/div>\n\t\t<\/div>\n\t<div class=\"row\">\n\t\t<div class=\"col-xs-12 col-md-12 office_hours_info\">\n\t\t\t\n\t\t<\/div>\t\n\t<\/div>\n<\/div>\r\n<div class=\"shortcode-container container-fluid no-bottom-padding \">\n\t<div class=\"row shortcode-row no-bottom-border\">\n\t\t <div class=\"row contact-item\">\n\t\t\t<div class=\"col-xs-8 col-md-7 contact-info\">\n\t\t\t\t<h3>Bittnerov\u00e1 Marie, Ing.<\/h3>\n\t\t\t\t<span>odborn\u00e1 referentka<\/span><br>\n\t\t\t\t<span>dve\u0159e 4.05<\/span><br>\n\t\t\t\t<span>tel. <a>+420220144152<\/a><\/span><br>\n                <span>gsm. <a href=\"tel:+420605385373\">+420605385373<\/a><\/span><br>\n\t\t\t\t<a href=\"mailto:bittnerovam@praha7.cz\">bittnerovam@praha7.cz<\/a><br>\n\t\t\t<\/div>\n\t\t<\/div>\n\t<\/div>\n<\/div>\r\n<h4><span style=\"color: #0000ff;\">FORMUL\u00c1\u0158E<\/span><\/h4>\r\n<p><a href=\"https:\/\/www.praha7.cz\/wp-content\/uploads\/2023\/11\/Zadost_o_povoleni_kaceni_drevin.doc\" target=\"_blank\" rel=\"noopener\">\u017d\u00e1dost o&nbsp;povolen\u00ed k\u00e1cen\u00ed d\u0159evin rostouc\u00edch mimo les<\/a><br \/>\r\n<a href=\"https:\/\/www.praha7.cz\/wp-content\/uploads\/2023\/11\/Oznameni-o_kaceni_drevin.doc\" target=\"_blank\" rel=\"noopener\">Ozn\u00e1men\u00ed o&nbsp;k\u00e1cen\u00ed d\u0159evin<\/a><\/p>\r\n<hr \/>","protected":false},"excerpt":{"rendered":"[perex] O&nbsp;povolen\u00ed ke k\u00e1cen\u00ed d\u0159evin rostouc\u00edch mimo les \u017e\u00e1d\u00e1 vlastn\u00edk \u010di n\u00e1jemce pozemku se souhlasem vlastn\u00edka p\u0159\u00edslu\u0161n\u00fd org\u00e1n ochrany p\u0159\u00edrody. Povolen\u00ed lze vydat ze z\u00e1va\u017en\u00fdch d\u016fvod\u016f po vyhodnocen\u00ed funk\u010dn\u00edho a&nbsp;estetick\u00e9ho v\u00fdznamu d\u0159evin. Povolen\u00ed je tak\u00e9 sou\u010d\u00e1st\u00ed \u017e\u00e1dosti o&nbsp;vyd\u00e1n\u00ed \u00fazemn\u00edho rozhodnut\u00ed. [\/perex] Z\u00e1vazn\u00e9 stanovisko Odboru \u017eivotn\u00edho prost\u0159ed\u00ed ke k\u00e1cen\u00ed d\u0159evin je nezbytn\u00e9 pro \u00fa\u010dely stavebn\u00edho [&hellip;]","protected":false},"author":2,"featured_media":0,"parent":1652,"menu_order":7,"comment_status":"closed","ping_status":"closed","template":"","meta":[],"_links":{"self":[{"href":"https:\/\/www.praha7.cz\/api\/wp\/v2\/pages\/1658"}],"collection":[{"href":"https:\/\/www.praha7.cz\/api\/wp\/v2\/pages"}],"about":[{"href":"https:\/\/www.praha7.cz\/api\/wp\/v2\/types\/page"}],"author":[{"embeddable":true,"href":"https:\/\/www.praha7.cz\/api\/wp\/v2\/users\/2"}],"replies":[{"embeddable":true,"href":"https:\/\/www.praha7.cz\/api\/wp\/v2\/comments?post=1658"}],"version-history":[{"count":42,"href":"https:\/\/www.praha7.cz\/api\/wp\/v2\/pages\/1658\/revisions"}],"predecessor-version":[{"id":84945,"href":"https:\/\/www.praha7.cz\/api\/wp\/v2\/pages\/1658\/revisions\/84945"}],"up":[{"embeddable":true,"href":"https:\/\/www.praha7.cz\/api\/wp\/v2\/pages\/1652"}],"wp:attachment":[{"href":"https:\/\/www.praha7.cz\/api\/wp\/v2\/media?parent=1658"}],"curies":[{"name":"wp","href":"https:\/\/api.w.org\/{rel}","templated":true}]}}