    
{"id":16043,"date":"2018-04-25T14:32:14","date_gmt":"2018-04-25T12:32:14","guid":{"rendered":"https:\/\/www.praha7.cz\/?page_id=16043"},"modified":"2026-04-20T10:55:29","modified_gmt":"2026-04-20T08:55:29","slug":"prazdninovy-provoz-materskych-skol-zrizenych-mc-praha-7","status":"publish","type":"page","link":"https:\/\/www.praha7.cz\/potrebuji-zaridit\/skolstvi\/materske-skoly\/prazdninovy-provoz-materskych-skol-zrizenych-mc-praha-7\/","title":{"rendered":"Pr\u00e1zdninov\u00fd provoz M\u0160"},"content":{"rendered":"<p><strong>Pr\u00e1zdninov\u00fd provoz<\/strong> <strong>v\u00a0M\u0160 v\u00a0l\u00e9t\u011b 2026<\/strong>: V\u00a0Obdob\u00ed od 1.\u00a07.\u00a0do 17.\u00a07.\u00a0budou v\u00a0provozu v\u0161echny mate\u0159sk\u00e9 \u0161koly (hlavn\u00ed budovy). Od 20.\u00a07.\u00a0do konce letn\u00edch pr\u00e1zdnin budou m\u00edt M\u0160 z\u0159izovan\u00e9 M\u010c Praha\u00a07\u00a0<strong>p\u0159eru\u0161en provoz<\/strong>.<\/p>\r\n<p>Nov\u00fd \u0161koln\u00ed rok bude zah\u00e1jen v\u00a0\u00fater\u00fd 1.\u00a0z\u00e1\u0159\u00ed 2026.<\/p>\r\n<hr \/>\r\n<p><strong>Letn\u00ed \u0161kolka v&nbsp;Praze 7<\/strong>\u00a0prob\u011bhne v\u00a0term\u00ednech:<br \/>\r\n<a href=\"https:\/\/skolatusarova.cz\/materska-skola\/dulezita-sdeleni\/letni-skolka.406\" target=\"_blank\" rel=\"noopener\">Z\u0160 a&nbsp;M\u0160 Tusarova<\/a>: 20.\u201331.&nbsp;7.&nbsp;2026<br \/>\r\n<a href=\"https:\/\/www.zsstross.cz\/menu\/letn%C3%AD-%C5%A1kolka-v-p7\" target=\"_blank\" rel=\"noopener\">Z\u0160 Stross<\/a>: 3.\u201314.&nbsp;8.&nbsp;2026<\/p>\r\n<p><strong>Omlouv\u00e1me se, ale kapacita letn\u00ed \u0161kolky je ji\u017e zapln\u011bna. D\u011bkujeme za pochopen\u00ed.\u00a0<\/strong><\/p>\r\n<p><a href=\"https:\/\/www.praha7.cz\/wp-content\/uploads\/2026\/03\/letni_skolka_2026_A4_na-tisk_page-0001.jpg\"><img loading=\"lazy\" src=\"https:\/\/www.praha7.cz\/wp-content\/uploads\/2026\/03\/letni_skolka_2026_A4_na-tisk_page-0001-285x400.jpg\" alt=\"\" width=\"285\" height=\"400\" class=\"alignnone size-medium wp-image-90394\" srcset=\"https:\/\/www.praha7.cz\/wp-content\/uploads\/2026\/03\/letni_skolka_2026_A4_na-tisk_page-0001-285x400.jpg 285w, https:\/\/www.praha7.cz\/wp-content\/uploads\/2026\/03\/letni_skolka_2026_A4_na-tisk_page-0001-713x1000.jpg 713w, https:\/\/www.praha7.cz\/wp-content\/uploads\/2026\/03\/letni_skolka_2026_A4_na-tisk_page-0001-768x1077.jpg 768w, https:\/\/www.praha7.cz\/wp-content\/uploads\/2026\/03\/letni_skolka_2026_A4_na-tisk_page-0001-1095x1536.jpg 1095w, https:\/\/www.praha7.cz\/wp-content\/uploads\/2026\/03\/letni_skolka_2026_A4_na-tisk_page-0001.jpg 1278w\" sizes=\"(max-width: 285px) 100vw, 285px\" \/><\/a><\/p>","protected":false},"excerpt":{"rendered":"Pr\u00e1zdninov\u00fd provoz v\u00a0M\u0160 v\u00a0l\u00e9t\u011b 2026: V\u00a0Obdob\u00ed od 1.\u00a07.\u00a0do 17.\u00a07.\u00a0budou v\u00a0provozu v\u0161echny mate\u0159sk\u00e9 \u0161koly (hlavn\u00ed budovy). Od 20.\u00a07.\u00a0do konce letn\u00edch pr\u00e1zdnin budou m\u00edt M\u0160 z\u0159izovan\u00e9 M\u010c Praha\u00a07\u00a0p\u0159eru\u0161en provoz. Nov\u00fd \u0161koln\u00ed rok bude zah\u00e1jen v\u00a0\u00fater\u00fd 1.\u00a0z\u00e1\u0159\u00ed 2026. Letn\u00ed \u0161kolka v&nbsp;Praze 7\u00a0prob\u011bhne v\u00a0term\u00ednech: Z\u0160 a&nbsp;M\u0160 Tusarova: 20.\u201331.&nbsp;7.&nbsp;2026 Z\u0160 Stross: 3.\u201314.&nbsp;8.&nbsp;2026 Omlouv\u00e1me se, ale kapacita letn\u00ed \u0161kolky je ji\u017e [&hellip;]","protected":false},"author":14,"featured_media":0,"parent":2161,"menu_order":0,"comment_status":"closed","ping_status":"closed","template":"","meta":[],"_links":{"self":[{"href":"https:\/\/www.praha7.cz\/api\/wp\/v2\/pages\/16043"}],"collection":[{"href":"https:\/\/www.praha7.cz\/api\/wp\/v2\/pages"}],"about":[{"href":"https:\/\/www.praha7.cz\/api\/wp\/v2\/types\/page"}],"author":[{"embeddable":true,"href":"https:\/\/www.praha7.cz\/api\/wp\/v2\/users\/14"}],"replies":[{"embeddable":true,"href":"https:\/\/www.praha7.cz\/api\/wp\/v2\/comments?post=16043"}],"version-history":[{"count":68,"href":"https:\/\/www.praha7.cz\/api\/wp\/v2\/pages\/16043\/revisions"}],"predecessor-version":[{"id":91299,"href":"https:\/\/www.praha7.cz\/api\/wp\/v2\/pages\/16043\/revisions\/91299"}],"up":[{"embeddable":true,"href":"https:\/\/www.praha7.cz\/api\/wp\/v2\/pages\/2161"}],"wp:attachment":[{"href":"https:\/\/www.praha7.cz\/api\/wp\/v2\/media?parent=16043"}],"curies":[{"name":"wp","href":"https:\/\/api.w.org\/{rel}","templated":true}]}}