    
{"id":1426,"date":"2017-08-01T15:35:16","date_gmt":"2017-08-01T13:35:16","guid":{"rendered":"https:\/\/praha7.cz\/?page_id=1426"},"modified":"2026-04-22T18:54:31","modified_gmt":"2026-04-22T16:54:31","slug":"individualni-dotace","status":"publish","type":"page","link":"https:\/\/www.praha7.cz\/potrebuji-zaridit\/dotace\/individualni-dotace\/","title":{"rendered":"Individu\u00e1ln\u00ed dotace"},"content":{"rendered":"<p>[perex]<\/p>\r\n<p>O individu\u00e1ln\u00ed dotaci m\u016f\u017eete po\u017e\u00e1dat v&nbsp;p\u0159\u00edpad\u011b, \u017ee po\u0159\u00e1dan\u00e9 akce a&nbsp;aktivity nem\u016f\u017eete zajistit financov\u00e1n\u00edm z&nbsp;vlastn\u00edch zdroj\u016f a&nbsp;nepokryjete ani nezbytn\u00e9 n\u00e1klady. O&nbsp;individu\u00e1ln\u00ed dotaci m\u016f\u017eete po\u017e\u00e1dat i&nbsp;v&nbsp;p\u0159\u00edpad\u011b, \u017ee jste neusp\u011bli v&nbsp;programov\u00e9m dota\u010dn\u00edm \u0159\u00edzen\u00ed M\u010c Praha&nbsp;7 nebo jste jej nemohli vyu\u017e\u00edt kv\u016fli term\u00ednu a&nbsp;organiza\u010dn\u00edmu zaji\u0161t\u011bn\u00ed akce. \u00da\u010del individu\u00e1ln\u00ed dotace nen\u00ed p\u0159edepsan\u00fd, ur\u010dujete jej vy jako \u017eadatel\/ka. O&nbsp;individu\u00e1ln\u00ed dotaci lze za\u017e\u00e1dat operativn\u011b, v&nbsp;pr\u016fb\u011bhu cel\u00e9ho roku, a&nbsp;informace k&nbsp;jednotliv\u00fdm oblastem v\u00e1m podaj\u00ed p\u0159\u00edmo na dan\u00e9m Odboru.<\/p>\r\n<p>[\/perex]<\/p>\r\n<p><strong>O individu\u00e1ln\u00ed dotaci lze po\u017e\u00e1dat pouze v&nbsp;r\u00e1mci dan\u00e9ho kalend\u00e1\u0159n\u00edho roku.\u00a0<\/strong><\/p>\r\n<p><strong>\u017d\u00e1dosti o\u00a0individu\u00e1ln\u00ed dotace se pod\u00e1vaj\u00ed na z\u00e1klad\u011b usnesen\u00ed \u010d. <a href=\"https:\/\/www.praha7.cz\/wp-content\/uploads\/2019\/01\/Usneseni_R_0018_R_Elektronizace-individualnich-dotaci.pdf\">0018\/19-R<\/a>\u00a0pouze v\u00a0elektronick\u00e9 podob\u011b prost\u0159ednictv\u00edm elektronick\u00e9ho <a href=\"https:\/\/www.praha7.grantys.cz\/login\">dota\u010dn\u00edho port\u00e1lu M\u010c Praha\u00a07 \u2013 Grantys<\/a>. \u017d\u00e1dosti se nepod\u00e1vaj\u00ed v\u00a0listinn\u00e9 podob\u011b.<\/strong> Podrobn\u00e9 informace k\u00a0dota\u010dn\u00edmu \u0159\u00edzen\u00ed naleznete v\u00a0Pravidlech viz n\u00ed\u017ee.<br \/>\r\n<br \/>\r\n<\/p>\r\n<p><strong>Z\u00e1kladn\u00ed postup p\u0159i pod\u00e1n\u00ed \u017e\u00e1dosti<\/strong>:<\/p>\r\n<p>1.\u00a0 \u00a0 Prostudujte si pe\u010dliv\u011b Pravidla pro poskytov\u00e1n\u00ed individu\u00e1ln\u00edch dotac\u00ed.<br \/>\r\n2.\u00a0 \u00a0 Prostudujte si pe\u010dliv\u011b vzorov\u00e9 smlouvy, p\u0159edev\u0161\u00edm ustanoven\u00ed \u010dl\u00e1nku 5 Z\u00e1vazky p\u0159\u00edjemce.<br \/>\r\n3.\u00a0 \u00a0 Pokud jste je\u0161t\u011b nepracovali s\u00a0dota\u010dn\u00edm port\u00e1lem, prostudujte si pe\u010dliv\u011b Manu\u00e1l dota\u010dn\u00edho syst\u00e9mu.<br \/>\r\n4.\u00a0 \u00a0 Zaregistrujte se nebo se p\u0159ihlaste do dota\u010dn\u00edho port\u00e1lu a&nbsp;vypl\u0148te \u017e\u00e1dost o&nbsp;individu\u00e1ln\u00ed dotaci.<br \/>\r\n5.\u00a0 \u00a0 Doporu\u010dujeme pod\u00e1vat \u017e\u00e1dosti o&nbsp;individu\u00e1ln\u00ed dotace v&nbsp;dostate\u010dn\u00e9m p\u0159edstihu p\u0159ed term\u00ednem kon\u00e1n\u00ed projektu\/akce\/\u010dinnosti, min. 1\u20131,5 m\u011bs\u00edce p\u0159edem.\u00a0<\/p>\r\n<p><a href=\"https:\/\/www.praha7.cz\/wp-content\/uploads\/2026\/04\/OKS-01-p02_Grantys_manual-pro-zadatele_AKTUAL_2026.pdf\" target=\"_blank\" rel=\"noopener\">MANU\u00c1L DOTA\u010cN\u00cdHO SYST\u00c9MU pro \u017eadatele a&nbsp;p\u0159\u00edjemce dotace<\/a><br \/>\r\n<br \/>\r\n<a href=\"https:\/\/www.praha7.cz\/wp-content\/uploads\/2025\/12\/OKS-01-p01-Individualni-dotace_Pravidla_2026_R.pdf\" target=\"_blank\" rel=\"noopener\">Pravidla pro poskytov\u00e1n\u00ed individu\u00e1ln\u00edch dotac\u00ed s&nbsp;\u00fa\u010dinnost\u00ed od 1.&nbsp;1.&nbsp;2026<\/a><br \/>\r\n<a href=\"https:\/\/www.praha7.cz\/wp-content\/uploads\/2025\/08\/OKS-01-p01-Pravidla-MC-P7-poskytovani-individualnich-dotaci.pdf\" target=\"_blank\" rel=\"noopener\">Pravidla pro poskytov\u00e1n\u00ed individu\u00e1ln\u00edch dotac\u00ed s&nbsp;\u00fa\u010dinnost\u00ed do 31.&nbsp;12.&nbsp;2025<\/a><br \/>\r\n<br \/>\r\n<a href=\"https:\/\/www.praha7.cz\/wp-content\/uploads\/2026\/01\/OKS-01-f02_Individualni-dotace_Potvrzeni-podani-zadosti_2026-1.pdf\" target=\"_blank\" rel=\"noopener\">Potvrzen\u00ed \u017eadatele o&nbsp;pod\u00e1n\u00ed \u017e\u00e1dosti \u2013\u00a0povinn\u00e1 p\u0159\u00edloha \u017e\u00e1dosti o&nbsp;dotaci<\/a><br \/>\r\n<a href=\"https:\/\/www.praha7.cz\/wp-content\/uploads\/2026\/01\/Evidence-skutecnych-majitelu-PO_navod-stazeni-uplneho-vypisu_2026.pdf\" target=\"_blank\" rel=\"noopener\">Evidence skute\u010dn\u00fdch majitel\u016f<\/a> \u2013 n\u00e1vod ke sta\u017een\u00ed \u00fapln\u00e9ho v\u00fdpisu<br \/>\r\n<a href=\"https:\/\/www.praha7.cz\/wp-content\/uploads\/2025\/12\/OKS-01-f01-Individualni-dotace_Zadost_2026_V.pdf\" target=\"_blank\" rel=\"noopener\">\u017d\u00e1dost o&nbsp;poskytnut\u00ed individu\u00e1ln\u00ed dotace<\/a><br \/>\r\n<a href=\"https:\/\/www.praha7.cz\/wp-content\/uploads\/2025\/12\/OKS-01-f04-Individualni-dotace_Smlouva-do-50-tis_2026_R_V.pdf\" target=\"_blank\" rel=\"noopener\">Vzorov\u00e1 smlouva o&nbsp;poskytnut\u00ed dotace do 50 tis. K\u010d<\/a><br \/>\r\n<a href=\"https:\/\/www.praha7.cz\/wp-content\/uploads\/2025\/12\/OKS-01-f05-Individualni-dotace_Smlouva-od-50-do-250-a-nad-250-tis_2026_R_V-1.pdf\" target=\"_blank\" rel=\"noopener\">Vzorov\u00e1 smlouva o&nbsp;poskytnut\u00ed dotace od 50 do 250 a&nbsp;nad 250 tis. K\u010d<\/a><br \/>\r\n<a href=\"https:\/\/www.praha7.cz\/wp-content\/uploads\/2025\/12\/OKS-01-f03-Financni-vyporadani-dotace_vyuctovani_V.pdf\" target=\"_blank\" rel=\"noopener\">Vzorov\u00fd formul\u00e1\u0159 finan\u010dn\u00edho vypo\u0159\u00e1d\u00e1n\u00ed dotace \u2013 vy\u00fa\u010dtov\u00e1n\u00ed<\/a><\/p>\r\n<p><a href=\"https:\/\/www.praha7.cz\/wp-content\/uploads\/2024\/01\/Zasady-zpracovani-osobnich-udaju_MC_P7_Grantys.pdf\" target=\"_blank\" rel=\"noopener\">Z\u00e1sady zpracov\u00e1n\u00ed osobn\u00edch \u00fadaj\u016f<\/a><\/p>\r\n<hr \/>\r\n<p><span style=\"color: #0000ff;\"><strong>\u017dADATEL<\/strong><\/span><\/p>\r\n<p><strong>1. Opr\u00e1vn\u011bn\u00fd \u017eadatel (\u017e\u00e1dost o&nbsp;dotaci m\u016f\u017ee podat) je:<br \/>\r\n<br \/>\r\na) fyzick\u00e1 osoba nepodnikaj\u00edc\u00ed (rodn\u00e9 \u010d\u00edslo)<\/strong><\/p>\r\n<ul>\r\n\t<li>star\u0161\u00ed 18 let, bez\u00fahonn\u00e1 a&nbsp;pln\u011b sv\u00e9pr\u00e1vn\u00e1, <strong>maj\u00edc\u00ed trval\u00fd pobyt na \u00fazem\u00ed M\u010c Praha&nbsp;7<\/strong><\/li>\r\n<\/ul>\r\n<p><strong>b) fyzick\u00e1 osoba podnikaj\u00edc\u00ed (I\u010cO)<\/strong> dle z\u00e1kona \u010d. 455\/1991 Sb., o&nbsp;\u017eivnostensk\u00e9m podnik\u00e1n\u00ed, ve zn\u011bn\u00ed pozd\u011bj\u0161\u00edch p\u0159edpis\u016f<\/p>\r\n<p><strong>c) pr\u00e1vnick\u00e1 osoba (I\u010cO)<\/strong>, kter\u00e1 vznikla dle z\u00e1kona \u010d. 89\/2012 Sb., ob\u010dansk\u00fd z\u00e1kon\u00edk, ve zn\u011bn\u00ed pozd\u011bj\u0161\u00edch p\u0159edpis\u016f nebo dle z\u00e1kona \u010d. 90\/2012 Sb. o&nbsp;obchodn\u00edch spole\u010dnostech a&nbsp;dru\u017estvech (z\u00e1kon o&nbsp;obchodn\u00edch korporac\u00edch), ve zn\u011bn\u00ed pozd\u011bj\u0161\u00edch p\u0159edpis\u016f nebo jin\u00fdch pr\u00e1vn\u00edch p\u0159edpis\u016f tvo\u0159\u00edc\u00edch pr\u00e1vn\u00ed \u0159\u00e1d \u010cR, a&nbsp;kter\u00e1 je registrov\u00e1na v&nbsp;souladu s&nbsp;pr\u00e1vn\u00edm \u0159\u00e1dem \u010cR a&nbsp;spl\u0148uje v\u0161echny z\u00e1konem p\u0159edepsan\u00e9 podm\u00ednky pro p\u0159\u00edslu\u0161nou \u010dinnost (d\u00e1le t\u00e9\u017e jen jako &#8222;\u017eadatel&#8220;)<\/p>\r\n<p><strong>2. Neopr\u00e1vn\u011bn\u00fd \u017eadatel<\/strong> \u2013 p\u0159\u00edsp\u011bvkov\u00e1 organizace M\u010c Praha&nbsp;7 nen\u00ed opr\u00e1vn\u011bn\u00fdm \u017eadatelem.<\/p>\r\n<p><span style=\"color: #0000ff;\"><strong>VYHOTOVEN\u00cd \u017d\u00c1DOSTI<\/strong><\/span><\/p>\r\n<ol>\r\n\t<li>\u017d\u00e1dost o&nbsp;dotaci se vyhotovuje <span style=\"text-decoration: underline;\">v elektronick\u00e9 podob\u011b<\/span> v&nbsp;<a href=\"https:\/\/www.praha7.grantys.cz\/login\" target=\"_blank\" rel=\"noopener\">dota\u010dn\u00edm port\u00e1lu M\u010c Praha&nbsp;7<\/a>.<\/li>\r\n\t<li>Podrobn\u00e9 informace k&nbsp;registraci do dota\u010dn\u00edho port\u00e1lu M\u010c Praha&nbsp;7 a&nbsp;k&nbsp;technick\u00e9mu vyhotoven\u00ed \u017e\u00e1dosti v&nbsp;dota\u010dn\u00edm port\u00e1lu M\u010c Praha&nbsp;7 naleznete v&nbsp;<strong>Manu\u00e1lu dota\u010dn\u00edho syst\u00e9mu pro \u017eadatele a&nbsp;p\u0159\u00edjemce dotace viz v\u00fd\u0161e.<\/strong><\/li>\r\n<\/ol>\r\n<p><strong>\u017d\u00c1DOST O&nbsp;INDIVIDU\u00c1LN\u00cd DOTACI JE UM\u00cdST\u011aNA V\u00a0DOTA\u010cN\u00cdM PORT\u00c1LU V&nbsp;SEKCI \u201eV\u00ddZVY\u201c (na horn\u00ed li\u0161t\u011b v&nbsp;port\u00e1lu) odkaz pod n\u00e1zvem INDIVIDU\u00c1LN\u00cd DOTACE M\u010c PRAHA&nbsp;7.<\/strong><\/p>\r\n<p><a href=\"https:\/\/www.zakonyprolidi.cz\/cs\/2000-250?text=%C2%A7%2010a%20odst.%203%20p%C3%ADsm.%20f#f5577092\" target=\"_blank\" rel=\"noopener\">\u017d\u00e1dost<\/a>\u00a0mus\u00ed obsahovat:<\/p>\r\n<p><strong>a)\u00a0 kompletn\u011b vypln\u011bn\u00e1 pole \u017e\u00e1dosti<\/strong> (z\u00e1kladn\u00ed a&nbsp;roz\u0161i\u0159uj\u00edc\u00ed informace, rozpo\u010det)<br \/>\r\n<strong>b)\u00a0 povinn\u00e9 p\u0159\u00edlohy:<\/strong><\/p>\r\n<ul>\r\n\t<li>potvrzen\u00ed \u017eadatele o&nbsp;pod\u00e1n\u00ed \u017e\u00e1dosti;<\/li>\r\n\t<li>doklad o&nbsp;pr\u00e1vn\u00ed subjektivit\u011b \u017eadatele;<\/li>\r\n\t<li>doklad o&nbsp;aktu\u00e1ln\u00edm bankovn\u00edm spojen\u00ed \u017eadatele;<\/li>\r\n\t<li>doklad o&nbsp;skute\u010dn\u00e9m majiteli pr\u00e1vnick\u00e9 osoby;<\/li>\r\n\t<li>potvrzen\u00ed o&nbsp;zaji\u0161t\u011bn\u00ed souhlasu s&nbsp;u\u017e\u00edv\u00e1n\u00edm prostoru n\u00e1jmu.<\/li>\r\n<\/ul>\r\n<p><strong>Podrobn\u00e9 informace naleznete v\u00a0dota\u010dn\u00edch pravidlech viz v\u00fd\u0161e, kter\u00e1 si pros\u00edm prostudujte.<\/strong><\/p>\r\n<hr \/>\r\n        <div class=\"collapse-block\">\r\n            <div class=\"card-header\" role=\"tab\" id=\"headingde52da1e6f521efce6dea80ee419be5cb799480c\">\r\n                                    <h3 class=\"mb-0\">\r\n                        <a data-toggle=\"collapse\" href=\"#collapsede52da1e6f521efce6dea80ee419be5cb799480c\" aria-controls=\"collapsede52da1e6f521efce6dea80ee419be5cb799480c\">\r\n                            P\u0159ehled poskytnut\u00fdch individu\u00e1ln\u00edch dotac\u00ed M\u010c P7 v roce 2026                            <i class=\"fa fa-2x fa-angle-down\" aria-hidden=\"true\"><\/i>\r\n                        <\/a>\r\n                    <\/h3>\r\n                                \r\n            <\/div>\r\n\r\n            <div id=\"collapsede52da1e6f521efce6dea80ee419be5cb799480c\" class=\"collapse\" data-id=\"de52da1e6f521efce6dea80ee419be5cb799480c\" role=\"tabpanel\" aria-labelledby=\"headingde52da1e6f521efce6dea80ee419be5cb799480c\">\r\n                <div class=\"card-block\">\r\n    \r\n<p><a href=\"https:\/\/www.praha7.cz\/wp-content\/uploads\/2026\/03\/ID-WEB-CELKOVY-PREHLED-K-17_03_2026.pdf\" target=\"_blank\" rel=\"noopener\">P\u0159ehled poskytnut\u00fdch individu\u00e1ln\u00edch dotac\u00ed M\u010c P7 v&nbsp;roce 2026<\/a><\/p>\r\n                <\/div>\r\n            <\/div>\r\n        <\/div>\r\n    \r\n\n    <div class=\"container-fluid guide-links-list guidelist\">\n        <div class=\"guidelist-container col-xs-12 col-md-6 grey-border-box\">\n            <h3><a href=\"https:\/\/www.praha7.cz\/potrebuji-zaridit\/dotace\/individualni-dotace\/vysledky-oblast-kultury\/\">Oblast kultury<\/a><\/h3>\n            <h3><a href=\"https:\/\/www.praha7.cz\/potrebuji-zaridit\/dotace\/individualni-dotace\/vysledky-oblast-sportu\/\">Oblast sportu<\/a><\/h3>\n            <h3><a href=\"https:\/\/www.praha7.cz\/potrebuji-zaridit\/dotace\/individualni-dotace\/oblast-skolstvi\/\">Oblast \u0161kolstv\u00ed<\/a><\/h3>\n            <h3><a href=\"https:\/\/www.praha7.cz\/potrebuji-zaridit\/dotace\/individualni-dotace\/oblast-socialni-a-zdravotni\/\">Oblast soci\u00e1ln\u00ed a&nbsp;zdravotn\u00ed<\/a><\/h3>\n            <h3><a href=\"https:\/\/www.praha7.cz\/potrebuji-zaridit\/dotace\/individualni-dotace\/oblast-zivotniho-prostredi\/\">Oblast \u017eivotn\u00edho prost\u0159ed\u00ed a&nbsp;p\u00e9\u010de o&nbsp;ve\u0159ejn\u00fd prostor<\/a><\/h3>\n            <h3><a href=\"https:\/\/www.praha7.cz\/potrebuji-zaridit\/dotace\/individualni-dotace\/prevence-kriminality\/\">Prevence kriminality<\/a><\/h3>\n        <\/div>\n    <\/div>   \n\n\r\n        <div class=\"collapse-block\">\r\n            <div class=\"card-header\" role=\"tab\" id=\"heading747f8c1499882f1b731c54c54a5c3b065ebf9f5b\">\r\n                                    <h3 class=\"mb-0\">\r\n                        <a data-toggle=\"collapse\" href=\"#collapse747f8c1499882f1b731c54c54a5c3b065ebf9f5b\" aria-controls=\"collapse747f8c1499882f1b731c54c54a5c3b065ebf9f5b\">\r\n                            P\u0159ehled poskytnut\u00fdch individu\u00e1ln\u00edch dotac\u00ed M\u010c P7 v roce 2025                            <i class=\"fa fa-2x fa-angle-down\" aria-hidden=\"true\"><\/i>\r\n                        <\/a>\r\n                    <\/h3>\r\n                                \r\n            <\/div>\r\n\r\n            <div id=\"collapse747f8c1499882f1b731c54c54a5c3b065ebf9f5b\" class=\"collapse\" data-id=\"747f8c1499882f1b731c54c54a5c3b065ebf9f5b\" role=\"tabpanel\" aria-labelledby=\"heading747f8c1499882f1b731c54c54a5c3b065ebf9f5b\">\r\n                <div class=\"card-block\">\r\n    \r\n<p><a href=\"https:\/\/www.praha7.cz\/wp-content\/uploads\/2025\/12\/ID-WEB-CELKOVY-PREHLED-K-17_12_2025.pdf\" target=\"_blank\" rel=\"noopener\">P\u0159ehled poskytnut\u00fdch individu\u00e1ln\u00edch dotac\u00ed M\u010c P7 v&nbsp;roce 2025<\/a><br \/>\r\n<br \/>\r\nPodrobn\u00fd p\u0159ehled v\u010d. usnesen\u00ed Rady a\u00a0Zastupitelstva M\u010c Praha\u00a07 naleznete v\u00a0z\u00e1lo\u017ek\u00e1ch jednotliv\u00fdch odbor\u016f viz n\u00ed\u017ee.<\/p>\r\n<p>                <\/div>\r\n            <\/div>\r\n        <\/div>\r\n    <em><\/em><\/p>\r\n        <div class=\"collapse-block\">\r\n            <div class=\"card-header\" role=\"tab\" id=\"heading54549f6856e062587f02ca7f3abc3e0b59dfad25\">\r\n                                    <h3 class=\"mb-0\">\r\n                        <a data-toggle=\"collapse\" href=\"#collapse54549f6856e062587f02ca7f3abc3e0b59dfad25\" aria-controls=\"collapse54549f6856e062587f02ca7f3abc3e0b59dfad25\">\r\n                            P\u0159ehled poskytnut\u00fdch individu\u00e1ln\u00edch dotac\u00ed M\u010c P7 v roce 2024                            <i class=\"fa fa-2x fa-angle-down\" aria-hidden=\"true\"><\/i>\r\n                        <\/a>\r\n                    <\/h3>\r\n                                \r\n            <\/div>\r\n\r\n            <div id=\"collapse54549f6856e062587f02ca7f3abc3e0b59dfad25\" class=\"collapse\" data-id=\"54549f6856e062587f02ca7f3abc3e0b59dfad25\" role=\"tabpanel\" aria-labelledby=\"heading54549f6856e062587f02ca7f3abc3e0b59dfad25\">\r\n                <div class=\"card-block\">\r\n    \r\n<p><a href=\"https:\/\/www.praha7.cz\/wp-content\/uploads\/2024\/12\/ID-WEB-CELKOVY-PREHLED-K-09_12_2024.pdf\" target=\"_blank\" rel=\"noopener\">P\u0159ehled poskytnut\u00fdch individu\u00e1ln\u00edch dotac\u00ed M\u010c P7 v\u00a0roce 2024<\/a><\/p>\r\n<p>Podrobn\u00fd p\u0159ehled v\u010d. usnesen\u00ed Rady a\u00a0Zastupitelstva M\u010c Praha\u00a07 naleznete v\u00a0z\u00e1lo\u017ek\u00e1ch jednotliv\u00fdch odbor\u016f viz n\u00ed\u017ee.<\/p>\r\n                <\/div>\r\n            <\/div>\r\n        <\/div>\r\n    \r\n        <div class=\"collapse-block\">\r\n            <div class=\"card-header\" role=\"tab\" id=\"headinga4a8fdbb4f033ee9cc9755eaa00944c50346897c\">\r\n                                    <h3 class=\"mb-0\">\r\n                        <a data-toggle=\"collapse\" href=\"#collapsea4a8fdbb4f033ee9cc9755eaa00944c50346897c\" aria-controls=\"collapsea4a8fdbb4f033ee9cc9755eaa00944c50346897c\">\r\n                            P\u0159ehled poskytnut\u00fdch individu\u00e1ln\u00edch dotac\u00ed M\u010c P7 v roce 2023                            <i class=\"fa fa-2x fa-angle-down\" aria-hidden=\"true\"><\/i>\r\n                        <\/a>\r\n                    <\/h3>\r\n                                \r\n            <\/div>\r\n\r\n            <div id=\"collapsea4a8fdbb4f033ee9cc9755eaa00944c50346897c\" class=\"collapse\" data-id=\"a4a8fdbb4f033ee9cc9755eaa00944c50346897c\" role=\"tabpanel\" aria-labelledby=\"headinga4a8fdbb4f033ee9cc9755eaa00944c50346897c\">\r\n                <div class=\"card-block\">\r\n    \r\n<p><a href=\"https:\/\/www.praha7.cz\/wp-content\/uploads\/2024\/01\/ID-WEB-CELKOVY-PREHLED-K-31_12_2023.pdf\" target=\"_blank\" rel=\"noopener\">P\u0159ehled poskytnut\u00fdch individu\u00e1ln\u00edch dotac\u00ed M\u010c P7 v&nbsp;roce 2023<\/a><\/p>\r\n<p>Podrobn\u00fd p\u0159ehled v\u010d. usnesen\u00ed Rady a\u00a0Zastupitelstva M\u010c Praha\u00a07 naleznete v\u00a0z\u00e1lo\u017ek\u00e1ch jednotliv\u00fdch odbor\u016f viz n\u00ed\u017ee.<\/p>\r\n                <\/div>\r\n            <\/div>\r\n        <\/div>\r\n    \r\n        <div class=\"collapse-block\">\r\n            <div class=\"card-header\" role=\"tab\" id=\"headingfbecacb5a0d4b4a58df95b652758e7d2bc8bb614\">\r\n                                    <h3 class=\"mb-0\">\r\n                        <a data-toggle=\"collapse\" href=\"#collapsefbecacb5a0d4b4a58df95b652758e7d2bc8bb614\" aria-controls=\"collapsefbecacb5a0d4b4a58df95b652758e7d2bc8bb614\">\r\n                            P\u0159ehled poskytnut\u00fdch individu\u00e1ln\u00edch dotac\u00ed M\u010c P7 v roce 2022                            <i class=\"fa fa-2x fa-angle-down\" aria-hidden=\"true\"><\/i>\r\n                        <\/a>\r\n                    <\/h3>\r\n                                \r\n            <\/div>\r\n\r\n            <div id=\"collapsefbecacb5a0d4b4a58df95b652758e7d2bc8bb614\" class=\"collapse\" data-id=\"fbecacb5a0d4b4a58df95b652758e7d2bc8bb614\" role=\"tabpanel\" aria-labelledby=\"headingfbecacb5a0d4b4a58df95b652758e7d2bc8bb614\">\r\n                <div class=\"card-block\">\r\n    \r\n<p><a href=\"https:\/\/www.praha7.cz\/wp-content\/uploads\/2023\/01\/ID-WEB-CELKOVY-PREHLED-K-25_10_2022.pdf\">P\u0159ehled poskytnut\u00fdch individu\u00e1ln\u00edch dotac\u00ed<\/a><\/p>\r\n<p>Podrobn\u00fd p\u0159ehled v\u010d. usnesen\u00ed Rady a\u00a0Zastupitelstva M\u010c Praha\u00a07 naleznete v\u00a0z\u00e1lo\u017ek\u00e1ch jednotliv\u00fdch odbor\u016f viz n\u00ed\u017ee.<\/p>\r\n                <\/div>\r\n            <\/div>\r\n        <\/div>\r\n    \r\n        <div class=\"collapse-block\">\r\n            <div class=\"card-header\" role=\"tab\" id=\"headingdbf5982c943220cea9fab42a5a277dfc474cc5f1\">\r\n                                    <h3 class=\"mb-0\">\r\n                        <a data-toggle=\"collapse\" href=\"#collapsedbf5982c943220cea9fab42a5a277dfc474cc5f1\" aria-controls=\"collapsedbf5982c943220cea9fab42a5a277dfc474cc5f1\">\r\n                            P\u0159ehled poskytnut\u00fdch individu\u00e1ln\u00edch dotac\u00ed M\u010c P7 v roce 2021                            <i class=\"fa fa-2x fa-angle-down\" aria-hidden=\"true\"><\/i>\r\n                        <\/a>\r\n                    <\/h3>\r\n                                \r\n            <\/div>\r\n\r\n            <div id=\"collapsedbf5982c943220cea9fab42a5a277dfc474cc5f1\" class=\"collapse\" data-id=\"dbf5982c943220cea9fab42a5a277dfc474cc5f1\" role=\"tabpanel\" aria-labelledby=\"headingdbf5982c943220cea9fab42a5a277dfc474cc5f1\">\r\n                <div class=\"card-block\">\r\n    \r\n<p><a href=\"https:\/\/www.praha7.cz\/wp-content\/uploads\/2021\/12\/ID-WEB-CELKOVY-PREHLED-K-08_12_2021.pdf\">P\u0159ehled poskytnut\u00fdch individu\u00e1ln\u00edch dotac\u00ed<\/a><\/p>\r\n<p>Podrobn\u00fd p\u0159ehled v\u010d. usnesen\u00ed Rady a\u00a0Zastupitelstva M\u010c Praha\u00a07 naleznete v\u00a0z\u00e1lo\u017ek\u00e1ch jednotliv\u00fdch odbor\u016f.<\/p>\r\n                <\/div>\r\n            <\/div>\r\n        <\/div>\r\n    \r\n        <div class=\"collapse-block\">\r\n            <div class=\"card-header\" role=\"tab\" id=\"headinga103f179599b10e01bcd24ef83f8f8403e35646b\">\r\n                                    <h3 class=\"mb-0\">\r\n                        <a data-toggle=\"collapse\" href=\"#collapsea103f179599b10e01bcd24ef83f8f8403e35646b\" aria-controls=\"collapsea103f179599b10e01bcd24ef83f8f8403e35646b\">\r\n                            P\u0159ehled poskytnut\u00fdch individu\u00e1ln\u00edch dotac\u00ed M\u010c P7 v roce 2020                            <i class=\"fa fa-2x fa-angle-down\" aria-hidden=\"true\"><\/i>\r\n                        <\/a>\r\n                    <\/h3>\r\n                                \r\n            <\/div>\r\n\r\n            <div id=\"collapsea103f179599b10e01bcd24ef83f8f8403e35646b\" class=\"collapse\" data-id=\"a103f179599b10e01bcd24ef83f8f8403e35646b\" role=\"tabpanel\" aria-labelledby=\"headinga103f179599b10e01bcd24ef83f8f8403e35646b\">\r\n                <div class=\"card-block\">\r\n    \r\n<p><a href=\"https:\/\/www.praha7.cz\/wp-content\/uploads\/2020\/12\/ID-WEB-CELKOVY-PREHLED-K-09_12_2020.pdf\">P\u0159ehled poskytnut\u00fdch individu\u00e1ln\u00edch dotac\u00ed<\/a><\/p>\r\n<p>Podrobn\u00fd p\u0159ehled v\u010d. usnesen\u00ed Rady a\u00a0Zastupitelstva M\u010c Praha\u00a07 naleznete v\u00a0z\u00e1lo\u017ek\u00e1ch jednotliv\u00fdch odbor\u016f.<\/p>\r\n                <\/div>\r\n            <\/div>\r\n        <\/div>\r\n    \r\n        <div class=\"collapse-block\">\r\n            <div class=\"card-header\" role=\"tab\" id=\"headingb8778271b23e3c80ba9b1be71a1822cccf2abee6\">\r\n                                    <h3 class=\"mb-0\">\r\n                        <a data-toggle=\"collapse\" href=\"#collapseb8778271b23e3c80ba9b1be71a1822cccf2abee6\" aria-controls=\"collapseb8778271b23e3c80ba9b1be71a1822cccf2abee6\">\r\n                            P\u0159ehled poskytnut\u00fdch individu\u00e1ln\u00edch dotac\u00ed M\u010c P7 v roce 2019                            <i class=\"fa fa-2x fa-angle-down\" aria-hidden=\"true\"><\/i>\r\n                        <\/a>\r\n                    <\/h3>\r\n                                \r\n            <\/div>\r\n\r\n            <div id=\"collapseb8778271b23e3c80ba9b1be71a1822cccf2abee6\" class=\"collapse\" data-id=\"b8778271b23e3c80ba9b1be71a1822cccf2abee6\" role=\"tabpanel\" aria-labelledby=\"headingb8778271b23e3c80ba9b1be71a1822cccf2abee6\">\r\n                <div class=\"card-block\">\r\n    \r\n<p><a href=\"https:\/\/www.praha7.cz\/wp-content\/uploads\/2023\/02\/ID-WEB-CELKOVY-PREHLED-K-09_02_2023.pdf\">P\u0159ehled poskytnut\u00fdch individu\u00e1ln\u00edch dotac\u00ed<\/a><\/p>\r\n<p>Podrobn\u00fd p\u0159ehled v\u010d. usnesen\u00ed Rady a&nbsp;Zastupitelstva M\u010c Praha&nbsp;7 naleznete v\u00a0z\u00e1lo\u017ek\u00e1ch jednotliv\u00fdch odbor\u016f.<\/p>\r\n                <\/div>\r\n            <\/div>\r\n        <\/div>\r\n    \r\n        <div class=\"collapse-block\">\r\n            <div class=\"card-header\" role=\"tab\" id=\"heading38d8fca82883602bb52ef31ece7ec7f19756933e\">\r\n                                    <h3 class=\"mb-0\">\r\n                        <a data-toggle=\"collapse\" href=\"#collapse38d8fca82883602bb52ef31ece7ec7f19756933e\" aria-controls=\"collapse38d8fca82883602bb52ef31ece7ec7f19756933e\">\r\n                            Proces \u0159\u00edzen\u00ed o individu\u00e1ln\u00edch dotac\u00edch do 21. 1. 2019                            <i class=\"fa fa-2x fa-angle-down\" aria-hidden=\"true\"><\/i>\r\n                        <\/a>\r\n                    <\/h3>\r\n                                \r\n            <\/div>\r\n\r\n            <div id=\"collapse38d8fca82883602bb52ef31ece7ec7f19756933e\" class=\"collapse\" data-id=\"38d8fca82883602bb52ef31ece7ec7f19756933e\" role=\"tabpanel\" aria-labelledby=\"heading38d8fca82883602bb52ef31ece7ec7f19756933e\">\r\n                <div class=\"card-block\">\r\n    \r\n<p>Pro\u010dt\u011bte si pros\u00edm pe\u010dliv\u011b <a href=\"https:\/\/www.praha7.cz\/wp-content\/uploads\/2020\/07\/Pravidla_pro_poskytovani_individualni_dotace_MC_Praha_7_GRANTYS.pdf\" target=\"_blank\" rel=\"noopener\">Pravidla pro poskytov\u00e1n\u00ed individu\u00e1ln\u00ed dotace<\/a>\u00a0a v\u011bnujte pros\u00edm mimo\u0159\u00e1dnou pozornost <strong>bodu III. Pod\u00e1n\u00ed a&nbsp;p\u0159\u00edjem \u017e\u00e1dosti<\/strong> \u2013 a&nbsp;p\u0159edev\u0161\u00edm tomu, kdo je opr\u00e1vn\u011bn\u00fdm \u017eadatelem. Pe\u010dliv\u011b vypl\u0148te \u017e\u00e1dost a&nbsp;p\u0159ilo\u017ete povinn\u00e9 p\u0159\u00edlohy. Proces \u0159\u00edzen\u00ed o&nbsp;poskytnut\u00ed dotace trv\u00e1 cca 1\u20131,5 m\u011bs\u00edce od pod\u00e1n\u00ed \u017e\u00e1dosti po rozhodnut\u00ed Rady M\u010c Praha&nbsp;7 \u010di Zastupitelstva M\u010c Praha&nbsp;7. Doporu\u010dujeme pod\u00e1vat \u017e\u00e1dosti o&nbsp;individu\u00e1ln\u00ed dotace v&nbsp;dostate\u010dn\u00e9m p\u0159edstihu p\u0159ed term\u00ednem kon\u00e1n\u00ed akce.<\/p>\r\n<h3>Formul\u00e1\u0159e ke sta\u017een\u00ed<\/h3>\r\n<ul>\r\n\t<li><a href=\"https:\/\/www.praha7.cz\/wp-content\/uploads\/2020\/07\/Pravidla_pro_poskytovani_individualni_dotace_MC_Praha_7_GRANTYS.pdf\" target=\"_blank\" rel=\"noopener\">Pravidla m\u011bstsk\u00e9 \u010d\u00e1sti Praha&nbsp;7 pro poskytov\u00e1n\u00ed individu\u00e1ln\u00ed dotace<\/a><\/li>\r\n\t<li><a href=\"https:\/\/www.praha7.cz\/wp-content\/uploads\/2018\/08\/Zadost-o-poskytnuti-individualni-dotace.doc\" rel=\"noopener\">\u017d\u00e1dost o&nbsp;poskytnut\u00ed individu\u00e1ln\u00ed dotace<\/a><\/li>\r\n\t<li><a href=\"https:\/\/www.praha7.cz\/wp-content\/uploads\/2018\/06\/Polozkovy_rozpocet_dotace.xls\" rel=\"noopener\">Polo\u017ekov\u00fd rozpo\u010det dotace<\/a><\/li>\r\n\t<li><a href=\"https:\/\/praha7.cz\/wp-content\/uploads\/2017\/08\/Cestne_prohlaseni_zadatele.doc\">\u010cestn\u00e9 prohl\u00e1\u0161en\u00ed \u017eadatele o&nbsp;podporu v&nbsp;re\u017eimu de minimis<\/a><\/li>\r\n\t<li><a href=\"https:\/\/www.praha7.cz\/wp-content\/uploads\/2018\/08\/Financni_vyporadani_dotace_vyuctovani.xls\" rel=\"noopener\">Finan\u010dn\u00ed vypo\u0159\u00e1d\u00e1n\u00ed dotace &#8211; vy\u00fa\u010dtov\u00e1n\u00ed<\/a><\/li>\r\n\t<li><a href=\"https:\/\/www.praha7.cz\/wp-content\/uploads\/2018\/08\/Usneseni_0645_18_R.pdf\" target=\"_blank\" rel=\"noopener\">Usnesen\u00ed Rady M\u010c Praha&nbsp;7 \u010d. 0645\/18-R z&nbsp;jedn\u00e1n\u00ed \u010d. 58, ze dne 23.&nbsp;8.&nbsp;2018<\/a><a href=\"https:\/\/praha7.cz\/wp-content\/uploads\/2017\/08\/0582_17_R.pdf\"><\/a><\/li>\r\n\t<li><a href=\"https:\/\/www.praha7.cz\/wp-content\/uploads\/2022\/01\/Vzorova_smlouva_ID_do_50_tis_aktual_04_01_2022_ze-systemu_R.pdf\">Vzorov\u00e1 smlouva o&nbsp;poskytnut\u00ed individu\u00e1ln\u00ed dotace do 50 tis\u00edc K\u010d<\/a><\/li>\r\n\t<li><a href=\"https:\/\/www.praha7.cz\/wp-content\/uploads\/2022\/01\/Vzorova_smlouva_ID_nad_50_tis_aktual_04_01_2022_ze-systemu_R.pdf\">Vzorov\u00e1 smlouva o&nbsp;poskytnut\u00ed individu\u00e1ln\u00ed dotace nad 50 tis\u00edc K\u010d<\/a><\/li>\r\n<\/ul>\r\n                <\/div>\r\n            <\/div>\r\n        <\/div>\r\n    \r\n<div class=\"shortcode-container container-fluid no-bottom-padding division-detail  \">    \n    <div class=\"row\">\n\t\t <div class=\"row div-dept\">\n            <div class=\"col-xs-12 col-md-12 contact-info\">\n                <h4>Kontakt<\/h4>\n                <span>                   \n                    \u00da\u0159ad m\u011bstsk\u00e9 \u010d\u00e1sti Praha 7                   \n                <\/span><br>\n                <span>\n                    Odbor kancel\u00e1\u0159 starosty a tajemn\u00edka\n                <\/span><br>\n                    <span>\n                        U Pr\u016fhonu 1338\/38\n                    <\/span><br>\n                    <span>\n                        Praha 7\n                    <\/span><br>\n                \n                \n\n            <\/div>\n        <\/div>\n    <\/div>\n<\/div>\r\n\n<div class=\"shortcode-container no-bottom-padding  \">    \n\t<div class=\"row\">\n\t\t<div class=\"col-xs-12 col-md-7\">\n\t\t\t<h3>\u00da\u0159edn\u00ed hodiny \u00da\u0159adu M\u010c Praha 7<\/h3>\n\t\t<\/div>\n\t<\/div>\n\t\t<div class=\"row\">\n\t\t\t<div class=\"col-xs-12 col-sm-4 col-md-3\">\n\t\t\t\t<span>pond\u011bl\u00ed a st\u0159eda<\/span>\n\t\t\t<\/div>\n\t\t\t\t<div class=\"col-xs-6 col-sm-4 col-md-3\">\n\t\t\t\t\t<span>7.30\u201312.00<\/span>\n\t\t\t\t<\/div>\n\t\t\t\t\t<div class=\"col-xs-6 col-sm-4 col-md-3\">\n\t\t\t\t\t\t<span>13.00\u201318.00<\/span>\n\t\t\t\t\t<\/div>\n\t\t<\/div>\n\t\t<div class=\"row\">\n\t\t\t<div class=\"col-xs-12 col-sm-4 col-md-3\">\n\t\t\t\t<span>\u00fater\u00fd, \u010dtvrtek a p\u00e1tek<\/span>\n\t\t\t<\/div>\n\t\t\t\t<div class=\"col-xs-12 col-sm-8 col-md-9\">\n\t\t\t\t\t<span>po p\u0159edchoz\u00ed domluv\u011b \/ po objedn\u00e1n\u00ed<\/span>\n\t\t\t\t<\/div>\n\t\t<\/div>\n\t<div class=\"row\">\n\t\t<div class=\"col-xs-12 col-md-12 office_hours_info\">\n\t\t\t\n\t\t<\/div>\t\n\t<\/div>\n<\/div>","protected":false},"excerpt":{"rendered":"[perex] O&nbsp;individu\u00e1ln\u00ed dotaci m\u016f\u017eete po\u017e\u00e1dat v&nbsp;p\u0159\u00edpad\u011b, \u017ee po\u0159\u00e1dan\u00e9 akce a&nbsp;aktivity nem\u016f\u017eete zajistit financov\u00e1n\u00edm z&nbsp;vlastn\u00edch zdroj\u016f a&nbsp;nepokryjete ani nezbytn\u00e9 n\u00e1klady. O&nbsp;individu\u00e1ln\u00ed dotaci m\u016f\u017eete po\u017e\u00e1dat i&nbsp;v&nbsp;p\u0159\u00edpad\u011b, \u017ee jste neusp\u011bli v&nbsp;programov\u00e9m dota\u010dn\u00edm \u0159\u00edzen\u00ed M\u010c Praha&nbsp;7 nebo jste jej nemohli vyu\u017e\u00edt kv\u016fli term\u00ednu a&nbsp;organiza\u010dn\u00edmu zaji\u0161t\u011bn\u00ed akce. \u00da\u010del individu\u00e1ln\u00ed dotace nen\u00ed p\u0159edepsan\u00fd, ur\u010dujete jej vy jako \u017eadatel\/ka. O&nbsp;individu\u00e1ln\u00ed dotaci [&hellip;]","protected":false},"author":2,"featured_media":0,"parent":1317,"menu_order":0,"comment_status":"closed","ping_status":"closed","template":"","meta":[],"_links":{"self":[{"href":"https:\/\/www.praha7.cz\/api\/wp\/v2\/pages\/1426"}],"collection":[{"href":"https:\/\/www.praha7.cz\/api\/wp\/v2\/pages"}],"about":[{"href":"https:\/\/www.praha7.cz\/api\/wp\/v2\/types\/page"}],"author":[{"embeddable":true,"href":"https:\/\/www.praha7.cz\/api\/wp\/v2\/users\/2"}],"replies":[{"embeddable":true,"href":"https:\/\/www.praha7.cz\/api\/wp\/v2\/comments?post=1426"}],"version-history":[{"count":209,"href":"https:\/\/www.praha7.cz\/api\/wp\/v2\/pages\/1426\/revisions"}],"predecessor-version":[{"id":91413,"href":"https:\/\/www.praha7.cz\/api\/wp\/v2\/pages\/1426\/revisions\/91413"}],"up":[{"embeddable":true,"href":"https:\/\/www.praha7.cz\/api\/wp\/v2\/pages\/1317"}],"wp:attachment":[{"href":"https:\/\/www.praha7.cz\/api\/wp\/v2\/media?parent=1426"}],"curies":[{"name":"wp","href":"https:\/\/api.w.org\/{rel}","templated":true}]}}