    
{"id":1325,"date":"2017-07-31T14:09:56","date_gmt":"2017-07-31T12:09:56","guid":{"rendered":"https:\/\/praha7.cz\/?page_id=1325"},"modified":"2024-04-17T10:14:14","modified_gmt":"2024-04-17T08:14:14","slug":"zastity","status":"publish","type":"page","link":"https:\/\/www.praha7.cz\/potrebuji-zaridit\/poradani-akci\/zastity\/","title":{"rendered":"Z\u00e1\u0161tita"},"content":{"rendered":"<p>[perex]<\/p>\r\n<p>Z\u00e1\u0161titou m\u011bstsk\u00e1 \u010d\u00e1st Praha&nbsp;7 vyjad\u0159uje mor\u00e1ln\u00ed podporu po\u0159\u00e1dan\u00e9 akci. Akce po\u0159\u00e1dan\u00e1 pod touto z\u00e1\u0161titou m\u00e1 p\u0159isp\u00edvat k&nbsp;rozvoji spole\u010densk\u00e9ho \u017eivota v&nbsp;m\u011bstsk\u00e9 \u010d\u00e1sti a&nbsp;ke zv\u00fd\u0161en\u00ed propagace aktivit v&nbsp;r\u00e1mci m\u011bstsk\u00e9 \u010d\u00e1sti Praha&nbsp;7.\u00a0<\/p>\r\n<p>[\/perex]<\/p>\r\n<p>Poskytnut\u00ed z\u00e1\u0161tity je \u010destnou z\u00e1le\u017eitost\u00ed, z&nbsp;n\u00ed\u017e nevypl\u00fdv\u00e1 n\u00e1rok na finan\u010dn\u00ed \u010di jin\u00e9 zaji\u0161t\u011bn\u00ed akce, pokud nen\u00ed kompetentn\u00edm org\u00e1nem rozhodnuto jinak. S&nbsp;ud\u011blen\u00edm z\u00e1\u0161tity se automaticky nepoj\u00ed osobn\u00ed \u00fa\u010dast z\u00e1stupce M\u010c Praha&nbsp;7 na po\u0159\u00e1dan\u00e9 akci nebo podpo\u0159en\u00e9m projektu, ani nevznik\u00e1 n\u00e1rok na \u00falevu od m\u00edstn\u00edho poplatku.<\/p>\r\n<p><span style=\"color: #0000ff;\"><strong><br \/>\r\nPOVINNOSTI PO\u0158ADATELE AKCE<\/strong><\/span><\/p>\r\n<p>Ka\u017ed\u00fd po\u0159adatel akce (fyzick\u00e1 nebo pr\u00e1vnick\u00e1 osoba) je povinen po\u010d\u00ednat si p\u0159i sv\u00e9m kon\u00e1n\u00ed tak, aby nedo\u0161lo k&nbsp;neod\u016fvodn\u011bn\u00e9 \u00fajm\u011b na svobod\u011b, \u017eivot\u011b, zdrav\u00ed nebo na vlastnictv\u00ed jin\u00e9ho.<\/p>\r\n<p>Ka\u017ed\u00fd po\u0159adatel je povinen dodr\u017eovat pr\u00e1vn\u00ed p\u0159edpisy vztahuj\u00edc\u00ed se na danou aktivitu v&nbsp;dan\u00e9 lokalit\u011b.<\/p>\r\n<p><span style=\"color: #0000ff;\"><strong><br \/>\r\nCO JE NUTN\u00c9 ZA\u0158\u00cdDIT<\/strong><\/span><\/p>\r\n<p>Vypl\u0148te pros\u00edm elektronick\u00fd formul\u00e1\u0159 \u017e\u00e1dosti o&nbsp;z\u00e1\u0161titu<\/p>\r\n<p><strong><a href=\"https:\/\/forms.office.com\/e\/f5d0G2sQy1\">\u017d\u00e1dost o&nbsp;z\u00e1\u0161titu M\u010c Praha&nbsp;7<\/a>\u00a0<br \/>\r\n<\/strong><\/p>\r\n<hr \/>\r\n<p>Pro\u010dt\u011bte si pros\u00edm <a href=\"https:\/\/www.praha7.cz\/wp-content\/uploads\/2019\/03\/Pravidla_pro_udelovani_zastit.pdf\">Pravidla pro ud\u011blov\u00e1n\u00ed z\u00e1\u0161tit<\/a>.<\/p>\r\n<hr \/>\r\n<p>O z\u00e1\u0161titu m\u016f\u017eete po\u017e\u00e1dat p\u0159\u00edmo pana starostu nebo jednotliv\u00e9 \u010dleny Rady M\u010c Praha&nbsp;7 dle kompeten\u010dn\u00ed oblasti (kultura, sport, \u017eivotn\u00ed prost\u0159ed\u00ed, podpora podnik\u00e1n\u00ed, soci\u00e1ln\u00ed a&nbsp;zdravotn\u00ed atd.).<\/p>\r\n<p><a href=\"https:\/\/www.praha7.cz\/radnice\/voleni-zastupci-mistni-samospravy\/rada-mc-praha-7\/clenove-rady\/\">Slo\u017een\u00ed Rady M\u010c Praha&nbsp;7\u00a0<\/a><\/p>\r\n<p><span style=\"color: #0000ff;\"><strong><br \/>\r\nCO UD\u011aLAT PO UD\u011aLEN\u00cd Z\u00c1\u0160TITY<\/strong><\/span><\/p>\r\n<p>Po ud\u011blen\u00ed z\u00e1\u0161tity ohlaste akci Odboru kultury a&nbsp;sportu \u00daM\u010c Praha&nbsp;7, kter\u00fd informuje Policii \u010cR, MP, HZS. Ohl\u00e1\u0161en\u00ed oznamte nejm\u00e9n\u011b t\u00fdden p\u0159ed kon\u00e1n\u00edm akce (v&nbsp;p\u0159\u00edpad\u011b pravideln\u011b se opakuj\u00edc\u00edch akc\u00ed t\u00fdden p\u0159ed kon\u00e1n\u00edm prvn\u00ed akce). Formul\u00e1\u0159 m\u016f\u017eete podat v&nbsp;listinn\u00e9 form\u011b na podatelnu \u00daM\u010c Praha&nbsp;7 nebo zaslat v&nbsp;elektronick\u00e9 podob\u011b ve form\u011b skenu podepsan\u00e9ho formul\u00e1\u0159e na e-mail: <a href=\"mailto:podatelna@praha7.cz\">podatelna@praha7.cz<\/a>. Zde najdete obecn\u00e9 informace k&nbsp;<a href=\"https:\/\/praha7.cz\/potrebuji-zaridit\/poradani-akci\/ohlaseni-akce\/\" target=\"_blank\" rel=\"noopener\">ohl\u00e1\u0161en\u00ed akc\u00ed<\/a>.<\/p>\r\n<div class=\"shortcode-container container-fluid no-bottom-padding division-detail  \">    \n    <div class=\"row\">\n\t\t <div class=\"row div-dept\">\n            <div class=\"col-xs-12 col-md-12 contact-info\">\n                <h4>Kontakt<\/h4>\n                <span>                   \n                    \u00da\u0159ad m\u011bstsk\u00e9 \u010d\u00e1sti Praha 7                   \n                <\/span><br>\n                <span>\n                    Odbor kancel\u00e1\u0159 starosty a tajemn\u00edka\n                <\/span><br>\n                    <span>\n                        U Pr\u016fhonu 1338\/38\n                    <\/span><br>\n                    <span>\n                        Praha 7\n                    <\/span><br>\n                \n                \n\n            <\/div>\n        <\/div>\n    <\/div>\n<\/div>\r\n\n<div class=\"shortcode-container no-bottom-padding  \">    \n\t<div class=\"row\">\n\t\t<div class=\"col-xs-12 col-md-7\">\n\t\t\t<h3>\u00da\u0159edn\u00ed hodiny \u00da\u0159adu M\u010c Praha 7<\/h3>\n\t\t<\/div>\n\t<\/div>\n\t\t<div class=\"row\">\n\t\t\t<div class=\"col-xs-12 col-sm-4 col-md-3\">\n\t\t\t\t<span>pond\u011bl\u00ed a st\u0159eda<\/span>\n\t\t\t<\/div>\n\t\t\t\t<div class=\"col-xs-6 col-sm-4 col-md-3\">\n\t\t\t\t\t<span>7.30\u201312.00<\/span>\n\t\t\t\t<\/div>\n\t\t\t\t\t<div class=\"col-xs-6 col-sm-4 col-md-3\">\n\t\t\t\t\t\t<span>13.00\u201318.00<\/span>\n\t\t\t\t\t<\/div>\n\t\t<\/div>\n\t\t<div class=\"row\">\n\t\t\t<div class=\"col-xs-12 col-sm-4 col-md-3\">\n\t\t\t\t<span>\u00fater\u00fd, \u010dtvrtek a p\u00e1tek<\/span>\n\t\t\t<\/div>\n\t\t\t\t<div class=\"col-xs-12 col-sm-8 col-md-9\">\n\t\t\t\t\t<span>po p\u0159edchoz\u00ed domluv\u011b \/ po objedn\u00e1n\u00ed<\/span>\n\t\t\t\t<\/div>\n\t\t<\/div>\n\t<div class=\"row\">\n\t\t<div class=\"col-xs-12 col-md-12 office_hours_info\">\n\t\t\t\n\t\t<\/div>\t\n\t<\/div>\n<\/div>\r\n<div class=\"shortcode-container container-fluid no-bottom-padding \">\n\t<div class=\"row shortcode-row no-bottom-border\">\n\t\t <div class=\"row contact-item\">\n\t\t\t<div class=\"col-xs-4 col-md-2 contact-photo\">\t\t\n\t\t\t\t<img src=\"https:\/\/www.praha7.cz\/wp-content\/uploads\/2023\/09\/Freund-Lima-400x400.jpg\" alt=\"placeholder\">\n\t\t\t<\/div>\n\t\t\t<div class=\"col-xs-8 col-md-5 contact-info\">\n\t\t\t\t<h3>Freund Lima Vratislav, Bc.<\/h3>\n\t\t\t\t<span>vedouc\u00ed odd\u011blen\u00ed a asistent starosty J. \u010ci\u017einsk\u00e9ho a radn\u00edho M. Tom\u00e1nka<\/span><br>\n\t\t\t\t<span>dve\u0159e 5.12<\/span><br>\n\t\t\t\t<span>tel. <a>+420220144001<\/a><\/span><br>\n                <span>gsm. <a href=\"tel:+420608383876\">+420608383876<\/a><\/span><br>\n\t\t\t\t<a href=\"mailto:freundv@praha7.cz\">freundv@praha7.cz<\/a><br>\n\t\t\t<\/div>\n\t\t<\/div>\n\t<\/div>\n<\/div>","protected":false},"excerpt":{"rendered":"[perex] Z\u00e1\u0161titou m\u011bstsk\u00e1 \u010d\u00e1st Praha&nbsp;7 vyjad\u0159uje mor\u00e1ln\u00ed podporu po\u0159\u00e1dan\u00e9 akci. Akce po\u0159\u00e1dan\u00e1 pod touto z\u00e1\u0161titou m\u00e1 p\u0159isp\u00edvat k&nbsp;rozvoji spole\u010densk\u00e9ho \u017eivota v&nbsp;m\u011bstsk\u00e9 \u010d\u00e1sti a&nbsp;ke zv\u00fd\u0161en\u00ed propagace aktivit v&nbsp;r\u00e1mci m\u011bstsk\u00e9 \u010d\u00e1sti Praha&nbsp;7.\u00a0 [\/perex] Poskytnut\u00ed z\u00e1\u0161tity je \u010destnou z\u00e1le\u017eitost\u00ed, z&nbsp;n\u00ed\u017e nevypl\u00fdv\u00e1 n\u00e1rok na finan\u010dn\u00ed \u010di jin\u00e9 zaji\u0161t\u011bn\u00ed akce, pokud nen\u00ed kompetentn\u00edm org\u00e1nem rozhodnuto jinak. S&nbsp;ud\u011blen\u00edm z\u00e1\u0161tity se automaticky [&hellip;]","protected":false},"author":2,"featured_media":0,"parent":5936,"menu_order":0,"comment_status":"closed","ping_status":"closed","template":"","meta":[],"_links":{"self":[{"href":"https:\/\/www.praha7.cz\/api\/wp\/v2\/pages\/1325"}],"collection":[{"href":"https:\/\/www.praha7.cz\/api\/wp\/v2\/pages"}],"about":[{"href":"https:\/\/www.praha7.cz\/api\/wp\/v2\/types\/page"}],"author":[{"embeddable":true,"href":"https:\/\/www.praha7.cz\/api\/wp\/v2\/users\/2"}],"replies":[{"embeddable":true,"href":"https:\/\/www.praha7.cz\/api\/wp\/v2\/comments?post=1325"}],"version-history":[{"count":49,"href":"https:\/\/www.praha7.cz\/api\/wp\/v2\/pages\/1325\/revisions"}],"predecessor-version":[{"id":75305,"href":"https:\/\/www.praha7.cz\/api\/wp\/v2\/pages\/1325\/revisions\/75305"}],"up":[{"embeddable":true,"href":"https:\/\/www.praha7.cz\/api\/wp\/v2\/pages\/5936"}],"wp:attachment":[{"href":"https:\/\/www.praha7.cz\/api\/wp\/v2\/media?parent=1325"}],"curies":[{"name":"wp","href":"https:\/\/api.w.org\/{rel}","templated":true}]}}