    
{"id":1259,"date":"2017-07-27T17:47:39","date_gmt":"2017-07-27T15:47:39","guid":{"rendered":"https:\/\/praha7.cz\/?page_id=1259"},"modified":"2026-01-06T18:57:39","modified_gmt":"2026-01-06T17:57:39","slug":"vykopy","status":"publish","type":"page","link":"https:\/\/www.praha7.cz\/potrebuji-zaridit\/doprava\/zvlastni-uzivani-komunikace\/vykopy\/","title":{"rendered":"V\u00fdkopy"},"content":{"rendered":"<p style=\"text-align: justify;\">[perex]<\/p>\r\n<p>Jestli\u017ee chcete pod povrchem ulice \u010di chodn\u00edku ulo\u017eit poduli\u010dn\u00ed in\u017een\u00fdrsk\u00e9 s\u00edt\u011b (potrub\u00ed spla\u0161kov\u00e9 \u010di de\u0161\u0165ov\u00e9 kanalizace), mus\u00edte jako vlastn\u00edk \u010di spr\u00e1vce t\u011bchto s\u00edt\u00ed (p\u0159\u00edpadn\u011b zplnomocn\u011bn\u00e1 osoba) p\u0159edlo\u017eit \u017e\u00e1dost o&nbsp;jejich ulo\u017een\u00ed. \u017d\u00e1dost m\u016f\u017ee podat i&nbsp;zhotovitel.<\/p>\r\n<p style=\"text-align: justify;\">[\/perex]<\/p>\r\n        <div class=\"collapse-block\">\r\n            <div class=\"card-header\" role=\"tab\" id=\"heading7fe6a16905d3ee3d6b0808a6a011e760cd7cb0a8\">\r\n                                    <h3 class=\"mb-0\">\r\n                        <a data-toggle=\"collapse\" href=\"#collapse7fe6a16905d3ee3d6b0808a6a011e760cd7cb0a8\" aria-controls=\"collapse7fe6a16905d3ee3d6b0808a6a011e760cd7cb0a8\">\r\n                            Aktu\u00e1ln\u00ed v\u00fdkopy                            <i class=\"fa fa-2x fa-angle-down\" aria-hidden=\"true\"><\/i>\r\n                        <\/a>\r\n                    <\/h3>\r\n                                \r\n            <\/div>\r\n\r\n            <div id=\"collapse7fe6a16905d3ee3d6b0808a6a011e760cd7cb0a8\" class=\"collapse\" data-id=\"7fe6a16905d3ee3d6b0808a6a011e760cd7cb0a8\" role=\"tabpanel\" aria-labelledby=\"heading7fe6a16905d3ee3d6b0808a6a011e760cd7cb0a8\">\r\n                <div class=\"card-block\">\r\n    \r\n<table style=\"width: 1313px;\">\r\n<tbody>\r\n<tr style=\"height: 24px;\">\r\n<td style=\"width: 534.797px; height: 24px; text-align: left;\"><\/td>\r\n<td style=\"width: 304.203px; height: 24px; text-align: left;\"><\/td>\r\n<td style=\"width: 630px; height: 24px; text-align: left;\"><\/td>\r\n<\/tr>\r\n<tr style=\"height: 24px;\">\r\n<td style=\"width: 534.797px; height: 24px; text-align: left;\">Milady Hor\u00e1kov\u00e9 \u2013 zast\u00e1vka Letensk\u00e9 n\u00e1m\u011bst\u00ed; sm\u011br Kamenick\u00e1<\/td>\r\n<td style=\"width: 304.203px; height: 24px; text-align: left;\">od 1.&nbsp;12.&nbsp;2024 na dobu neur\u010ditou<\/td>\r\n<td style=\"width: 630px; height: 24px; text-align: left;\">odjezdov\u00fd panel na sloupku<\/td>\r\n<\/tr>\r\n<tr style=\"height: 24px;\">\r\n<td style=\"width: 534.797px; height: 24px; text-align: left;\">komunikace I. a&nbsp;II. t\u0159\u00eddy na \u00fazem\u00ed M\u010c P7<\/td>\r\n<td style=\"width: 304.203px; height: 24px; text-align: left;\">1.&nbsp;1. \u2013 31.&nbsp;12.&nbsp;2026<\/td>\r\n<td style=\"width: 630px; height: 24px; text-align: left;\">celoro\u010dn\u00ed \u00fadr\u017eba komunikac\u00ed<\/td>\r\n<\/tr>\r\n<tr style=\"height: 24px;\">\r\n<td style=\"width: 534.797px; height: 24px; text-align: left;\">Argentinsk\u00e1, p\u0159ed k\u0159i\u017eovatkou s\u00a0ul.<\/td>\r\n<td style=\"width: 304.203px; height: 24px; text-align: left;\">\r\n<p>1.&nbsp;11.&nbsp;2025 \u2013 31.&nbsp;3.&nbsp;2026<\/p>\r\n<\/td>\r\n<td style=\"width: 630px; height: 24px; text-align: left;\">p\u0159\u00edpojka plynovodu<\/td>\r\n<\/tr>\r\n<tr style=\"height: 24px;\">\r\n<td style=\"width: 534.797px; height: 24px; text-align: left;\">Oveneck\u00e1, v&nbsp;\u00faseku Dobrovsk\u00e9ho \u00d7 Letohradsk\u00e1<\/td>\r\n<td style=\"width: 304.203px; height: 24px; text-align: left;\">\r\n<p>12.&nbsp;1. \u2013 31.&nbsp;3.&nbsp;2026<\/p>\r\n<\/td>\r\n<td style=\"width: 630px; height: 24px; text-align: left;\">rekonstrukce kanalizace a&nbsp;vody<\/td>\r\n<\/tr>\r\n<tr style=\"height: 24px;\">\r\n<td style=\"width: 534.797px; height: 24px; text-align: left;\">Jankovcova, N\u00e1dra\u017e\u00ed Hole\u0161ovice<\/td>\r\n<td style=\"width: 304.203px; height: 24px; text-align: left;\">9.\u201320.&nbsp;4.&nbsp;2026<\/td>\r\n<td style=\"width: 630px; height: 24px; text-align: left;\">pokra\u010dov\u00e1n\u00ed \u2013 v\u00fdkopov\u00e9 pr\u00e1ce<\/td>\r\n<\/tr>\r\n<\/tbody>\r\n<\/table>\r\n                <\/div>\r\n            <\/div>\r\n        <\/div>\r\n    \r\n<h2 style=\"text-align: justify;\"><\/h2>\r\n<p style=\"text-align: justify;\"><div class=\"shortcode-container container-fluid no-bottom-padding division-detail  \"> \n    <div class=\"row\">\n\t\t <div class=\"row div-dept\">\n            <div class=\"col-xs-12 col-md-12 contact-info\">\n                <h4>Kontakt<\/h4>\n                <span>\n                    \u00da\u0159ad m\u011bstsk\u00e9 \u010d\u00e1sti Praha 7\n                <\/span><br>\n                <span>\n                    Odbor dopravy - odd\u011blen\u00ed silni\u010dn\u00edho spr\u00e1vn\u00edho \u00fa\u0159adu\n                <\/span><br>\n                    <span>\n                        U Pr\u016fhonu 1338\/38\n                    <\/span><br>\n                    <span>\n                        Praha 7\n                    <\/span><br>\n                \n                \n            <\/div>\n        <\/div>\n    <\/div>\n<\/div><\/p>\r\n<p style=\"text-align: justify;\">\n<div class=\"shortcode-container no-bottom-padding  \">    \n\t<div class=\"row\">\n\t\t<div class=\"col-xs-12 col-md-7\">\n\t\t\t<h3>\u00da\u0159edn\u00ed hodiny \u00da\u0159adu M\u010c Praha 7<\/h3>\n\t\t<\/div>\n\t<\/div>\n\t\t<div class=\"row\">\n\t\t\t<div class=\"col-xs-12 col-sm-4 col-md-3\">\n\t\t\t\t<span>pond\u011bl\u00ed a st\u0159eda<\/span>\n\t\t\t<\/div>\n\t\t\t\t<div class=\"col-xs-6 col-sm-4 col-md-3\">\n\t\t\t\t\t<span>7.30\u201312.00<\/span>\n\t\t\t\t<\/div>\n\t\t\t\t\t<div class=\"col-xs-6 col-sm-4 col-md-3\">\n\t\t\t\t\t\t<span>13.00\u201318.00<\/span>\n\t\t\t\t\t<\/div>\n\t\t<\/div>\n\t\t<div class=\"row\">\n\t\t\t<div class=\"col-xs-12 col-sm-4 col-md-3\">\n\t\t\t\t<span>\u00fater\u00fd, \u010dtvrtek a p\u00e1tek<\/span>\n\t\t\t<\/div>\n\t\t\t\t<div class=\"col-xs-12 col-sm-8 col-md-9\">\n\t\t\t\t\t<span>po p\u0159edchoz\u00ed domluv\u011b \/ po objedn\u00e1n\u00ed<\/span>\n\t\t\t\t<\/div>\n\t\t<\/div>\n\t<div class=\"row\">\n\t\t<div class=\"col-xs-12 col-md-12 office_hours_info\">\n\t\t\t\n\t\t<\/div>\t\n\t<\/div>\n<\/div><\/p>\r\n<div class=\"shortcode-container container-fluid no-bottom-padding \">\n\t<div class=\"row shortcode-row no-bottom-border\">\n\t\t <div class=\"row contact-item\">\n\t\t\t<div class=\"col-xs-4 col-md-2 contact-photo\">\t\t\n\t\t\t\t<img src=\"https:\/\/www.praha7.cz\/wp-content\/uploads\/2018\/01\/IMG_7980-zdenka-fialova-600x400.jpg\" alt=\"placeholder\">\n\t\t\t<\/div>\n\t\t\t<div class=\"col-xs-8 col-md-5 contact-info\">\n\t\t\t\t<h3>Fialov\u00e1 Zde\u0148ka<\/h3>\n\t\t\t\t<span>vedouc\u00ed odd\u011blen\u00ed<\/span><br>\n\t\t\t\t<span>dve\u0159e 4.14<\/span><br>\n\t\t\t\t<span>tel. <a>+420220144027<\/a><\/span><br>\n                <span>gsm. <a href=\"tel:+420732867247\">+420732867247<\/a><\/span><br>\n\t\t\t\t<a href=\"mailto:fialovaz@praha7.cz\">fialovaz@praha7.cz<\/a><br>\n\t\t\t<\/div>\n\t\t<\/div>\n\t<\/div>\n<\/div>\r\n<p style=\"text-align: justify;\"><\/p>\r\n<p style=\"text-align: justify;\"><span style=\"color: #0000ff;\"><strong>CO JE NUTN\u00c9 P\u0158ILO\u017dIT K&nbsp;\u017d\u00c1DOSTI<\/strong><\/span><\/p>\r\n<ul style=\"text-align: justify;\">\r\n\t<li>\r\n<p>kopii v\u00fdpisu z&nbsp;obchodn\u00edho rejst\u0159\u00edku\/\u017eivnostensk\u00e9ho listu \u017eadatele, ne star\u0161\u00ed 3 m\u011bs\u00edce<\/p>\r\n<\/li>\r\n\t<li>\r\n<p>smlouvu o&nbsp;uzav\u0159en\u00ed budouc\u00ed smlouvy podle \u00a7 289 a&nbsp;n\u00e1sl. obch. z\u00e1k. s&nbsp;TSK hl. m. Prahy, <a href=\"https:\/\/www.google.cz\/maps\/place\/Veletr%C5%BEn%C3%AD+1623,+170+00+Praha+7-Hole%C5%A1ovice\/@50.1012133,14.4257838,17z\/data=!3m1!4b1!4m5!3m4!1s0x470b94cf610a7ac1:0xe7ebcdd5886a38b9!8m2!3d50.1012133!4d14.4279725\" target=\"_blank\" rel=\"noopener\">Veletr\u017en\u00ed 1623\/24, Praha&nbsp;7-Hole\u0161ovice<\/a><\/p>\r\n<\/li>\r\n\t<li>\r\n<p>plnou moc (v&nbsp;p\u0159\u00edpad\u011b, \u017ee rozhodnut\u00ed nebude p\u0159eb\u00edrat statut\u00e1rn\u00ed z\u00e1stupce firmy). V&nbsp;textu je nutn\u00e9 z\u00e1v\u011brem uv\u00e9st:\u00a0 \u201e&#8230; a&nbsp;to v\u010detn\u011b p\u0159evzet\u00ed rozhodnut\u00ed a&nbsp;vzd\u00e1n\u00ed se pr\u00e1va opravn\u00fdch prost\u0159edk\u016f a&nbsp;p\u00edsemn\u00e9ho doru\u010den\u00ed\u201c a&nbsp;je nutn\u00e9 p\u0159ilo\u017eit v\u00fdpis z&nbsp;obchodn\u00edho rejst\u0159\u00edku, jestli ten, v&nbsp;jeho\u017e z\u00e1jmu jedn\u00e1, je pov\u011b\u0159en zodpov\u011bdnou \u00a0osobou, kter\u00e1 plnou moc sm\u00ed napsat<\/p>\r\n<\/li>\r\n\t<li>\r\n<p>p\u0159i povolen\u00ed z\u00e1boru se hrad\u00ed spr\u00e1vn\u00ed poplatek dle d\u00e9lky akce \u2013\u00a0do 10 dn\u016f 100 K\u010d, do 6 m\u011bs\u00edc\u016f 500 K\u010d, do 12 m\u011bs\u00edc\u016f 1&nbsp;000\u00a0K\u010d, v\u00a0hotovosti p\u0159i vyd\u00e1n\u00ed rozhodnut\u00ed p\u0159\u00edmo Odboru dopravy.<\/p>\r\n<\/li>\r\n<\/ul>\r\n<p style=\"text-align: justify;\">\u017d\u00e1dost bude vy\u0159\u00edzena do 30 dn\u016f od pod\u00e1n\u00ed, slo\u017eit\u011bj\u0161\u00ed p\u0159\u00edpady do 60 dn\u016f.<\/p>\r\n<p><span style=\"color: #0000ff;\"><strong><br \/>\r\nFORMUL\u00c1\u0158E<\/strong><\/span><\/p>\r\n<p><a href=\"https:\/\/www.praha7.cz\/wp-content\/uploads\/2021\/12\/\u017d\u00e1dost_o_v\u00fdkopy_v\u00fdkopovov\u00e9_povolen\u00ed.doc\">\u017d\u00e1dost o\u00a0v\u00fdkopy (v\u00fdkopov\u00e9 povolen\u00ed)<\/a><\/p>\r\n<hr \/>\r\n<p style=\"text-align: justify;\"><em>Kompetence:\u00a0<\/em><br \/>\r\nvlastn\u00edk dot\u010den\u00e9 komunikace<br \/>\r\nPolicie \u010cR<br \/>\r\nprovozovatel dr\u00e1hy, jde-li o&nbsp;pozemn\u00ed komunikaci na n\u00ed\u017e je um\u00edst\u011bna dr\u00e1ha<\/p>","protected":false},"excerpt":{"rendered":"[perex] Jestli\u017ee chcete pod povrchem ulice \u010di chodn\u00edku ulo\u017eit poduli\u010dn\u00ed in\u017een\u00fdrsk\u00e9 s\u00edt\u011b (potrub\u00ed spla\u0161kov\u00e9 \u010di de\u0161\u0165ov\u00e9 kanalizace), mus\u00edte jako vlastn\u00edk \u010di spr\u00e1vce t\u011bchto s\u00edt\u00ed (p\u0159\u00edpadn\u011b zplnomocn\u011bn\u00e1 osoba) p\u0159edlo\u017eit \u017e\u00e1dost o&nbsp;jejich ulo\u017een\u00ed. \u017d\u00e1dost m\u016f\u017ee podat i&nbsp;zhotovitel. [\/perex] Milady Hor\u00e1kov\u00e9 \u2013 zast\u00e1vka Letensk\u00e9 n\u00e1m\u011bst\u00ed; sm\u011br Kamenick\u00e1 od 1.&nbsp;12.&nbsp;2024 na dobu neur\u010ditou odjezdov\u00fd panel na sloupku komunikace I. [&hellip;]","protected":false},"author":2,"featured_media":0,"parent":1233,"menu_order":0,"comment_status":"closed","ping_status":"closed","template":"","meta":[],"_links":{"self":[{"href":"https:\/\/www.praha7.cz\/api\/wp\/v2\/pages\/1259"}],"collection":[{"href":"https:\/\/www.praha7.cz\/api\/wp\/v2\/pages"}],"about":[{"href":"https:\/\/www.praha7.cz\/api\/wp\/v2\/types\/page"}],"author":[{"embeddable":true,"href":"https:\/\/www.praha7.cz\/api\/wp\/v2\/users\/2"}],"replies":[{"embeddable":true,"href":"https:\/\/www.praha7.cz\/api\/wp\/v2\/comments?post=1259"}],"version-history":[{"count":177,"href":"https:\/\/www.praha7.cz\/api\/wp\/v2\/pages\/1259\/revisions"}],"predecessor-version":[{"id":88865,"href":"https:\/\/www.praha7.cz\/api\/wp\/v2\/pages\/1259\/revisions\/88865"}],"up":[{"embeddable":true,"href":"https:\/\/www.praha7.cz\/api\/wp\/v2\/pages\/1233"}],"wp:attachment":[{"href":"https:\/\/www.praha7.cz\/api\/wp\/v2\/media?parent=1259"}],"curies":[{"name":"wp","href":"https:\/\/api.w.org\/{rel}","templated":true}]}}