    
{"id":12370,"date":"2018-01-16T10:38:42","date_gmt":"2018-01-16T09:38:42","guid":{"rendered":"https:\/\/praha7.cz\/?page_id=12370"},"modified":"2024-10-11T11:55:25","modified_gmt":"2024-10-11T09:55:25","slug":"prechod-najmu","status":"publish","type":"page","link":"https:\/\/www.praha7.cz\/potrebuji-zaridit\/byty\/stavajici-najemci\/prechod-najmu\/","title":{"rendered":"P\u0159echod n\u00e1jmu"},"content":{"rendered":"<p>[perex]<\/p>\r\n<p>O p\u0159echod n\u00e1jmu na jinou osobu se jedn\u00e1 v&nbsp;p\u0159\u00edpad\u011b, \u017ee p\u0159edchoz\u00ed n\u00e1jemce bytu zem\u0159el. Nejde-li o&nbsp;spole\u010dn\u00fd n\u00e1jem bytu, p\u0159ejdou pr\u00e1va a&nbsp;povinnosti z&nbsp;n\u00e1jmu na osobu, kter\u00e1 \u017eila v&nbsp;byt\u011b s&nbsp;n\u00e1jemcem ke dni jeho smrti ve spole\u010dn\u00e9 dom\u00e1cnosti a&nbsp;nem\u00e1 vlastn\u00ed byt. Obvykle n\u00e1jem na tuto osobu p\u0159ech\u00e1z\u00ed na dobu 2 let.<\/p>\r\n<p>V p\u0159\u00edpad\u011b, \u017ee se v\u00a0dan\u00e9 situaci ocitnete, co nejd\u0159\u00edve n\u00e1s kontaktujte.<br \/>\r\n<br \/>\r\n<div class=\"shortcode-container container-fluid no-bottom-padding \">\n\t<div class=\"row shortcode-row no-bottom-border\">\n\t\t <div class=\"row contact-item\">\n\t\t\t<div class=\"col-xs-4 col-md-2 contact-photo\">\t\t\n\t\t\t\t<img src=\"https:\/\/www.praha7.cz\/wp-content\/uploads\/2021\/02\/novotna-barbora-400x400.jpg\" alt=\"placeholder\">\n\t\t\t<\/div>\n\t\t\t<div class=\"col-xs-8 col-md-5 contact-info\">\n\t\t\t\t<h3>Christov\u00e1 Barbora, Bc.<\/h3>\n\t\t\t\t<span>vedouc\u00ed odd\u011blen\u00ed pron\u00e1jm\u016f<\/span><br>\n\t\t\t\t<span>dve\u0159e 4.09<\/span><br>\n\t\t\t\t<span>tel. <a>+420220144232<\/a><\/span><br>\n                <span>gsm. <a href=\"tel:+420731283996\">+420731283996<\/a><\/span><br>\n\t\t\t\t<a href=\"mailto:christovab@praha7.cz\">christovab@praha7.cz<\/a><br>\n\t\t\t<\/div>\n\t\t<\/div>\n\t<\/div>\n<\/div><\/p>\r\n<p>[\/perex]<\/p>\r\n<p><span style=\"text-decoration: underline;\"><strong>Nej\u010dast\u011bj\u0161\u00ed ot\u00e1zky a&nbsp;odpov\u011bdi pro poz\u016fstal\u00e9 p\u0159i p\u0159echodu n\u00e1jmu bytu<\/strong><\/span><\/p>\r\n<p><strong><span style=\"color: #0000ff;\">N\u00e1jemce bytu, se kter\u00fdm jsem \u017eil, zem\u0159el, co m\u00e1m nyn\u00ed d\u011blat?\u00a0\u00a0\u00a0<\/span>\u00a0\u00a0<\/strong>\u00a0\u00a0\u00a0\u00a0\u00a0 <br \/>\r\n<strong>Nejprve n\u00e1s ihned kontaktujte<\/strong> \u2013 odd. pron\u00e1jm\u016f, tel.: +420&nbsp;737&nbsp;283&nbsp;996, <a href=\"mailto:novotnab@praha7.cz\">christovab@praha7.cz<\/a> .<\/p>\r\n<p>Pokud se jedn\u00e1 o&nbsp;spole\u010dn\u00fd n\u00e1jem bytu, tedy jste osobou uvedenou v\u00a0z\u00e1hlav\u00ed n\u00e1jemn\u00ed smlouvy, \u010di jin\u00e9ho dokumentu, oprav\u0148uj\u00edc\u00edho k\u00a0u\u017e\u00edv\u00e1n\u00ed bytu, jste tedy opr\u00e1vn\u011bn\u00fdm n\u00e1jemcem a&nbsp;m\u016f\u017eete pokra\u010dovat v\u00a0n\u00e1jmu, dle podm\u00ednek n\u00e1jemn\u00ed smlouvy.<\/p>\r\n<p>Upozor\u0148ujeme na povinnost v\u010das nahl\u00e1sit zm\u011bnu v&nbsp;po\u010dtu osob hl\u00e1\u0161en\u00fdch na slu\u017eby spojen\u00e9 s&nbsp;u\u017e\u00edv\u00e1n\u00edm bytu spr\u00e1vn\u00ed firm\u011b 7U s.r.o., I\u010cO: 267&nbsp;18&nbsp;274, Komunard\u016f 46, Praha&nbsp;7, tel.: +420&nbsp;770&nbsp;129&nbsp;213,\u00a0<a href=\"mailto:sprava@7usro.cz\">sprava@7usro.cz<\/a>.<\/p>\r\n<hr \/>\r\n<p><span style=\"color: #0000ff;\"><strong>Se zem\u0159elou osobou jsem nebyl ve spole\u010dn\u00e9m n\u00e1jmu, ale v\u00a0byt\u011b jsem bydlel, co\u00a0m\u00e1m nyn\u00ed d\u011blat?<\/strong><\/span><\/p>\r\n<p><strong>Nejprve n\u00e1s ihned kontaktujte<\/strong> \u2013 odd. pron\u00e1jm\u016f, tel.: +420&nbsp;737&nbsp;283&nbsp;996, <a href=\"mailto:novotnab@praha7.cz\">christovab@praha7.cz<\/a> .<\/p>\r\n<p>Za ur\u010dit\u00fdch podm\u00ednek je mo\u017en\u00e9, aby na V\u00e1s p\u0159e\u0161el n\u00e1jem:<\/p>\r\n<p>jste n\u00e1jemc\u016fv man\u017eel, partner, rodi\u010d, sourozenec, ze\u0165, snacha, d\u00edt\u011b nebo vnuk (nutn\u00e9 \u0159\u00e1dn\u011b dolo\u017eit);<br \/>\r\nv\u00a0byt\u011b jste bydlel a&nbsp;tuto skute\u010dnost m\u016f\u017eete dolo\u017eit (nap\u0159. eviden\u010dn\u00ed list k\u00a0n\u00e1jemn\u00ed smlouv\u011b);<br \/>\r\nnevlastn\u00edte \u017e\u00e1dnou nemovitost ur\u010denou k\u00a0bydlen\u00ed.<\/p>\r\n<hr \/>\r\n<p><span style=\"color: #0000ff;\"><strong>Co kdy\u017e nespl\u0148uji jednu z\u00a0uveden\u00fdch podm\u00ednek?<\/strong><\/span><\/p>\r\n<p>Bohu\u017eel v&nbsp;tomto p\u0159\u00edpad\u011b nespl\u0148ujete z\u00e1konn\u00e9 podm\u00ednky pro p\u0159echod bytu a&nbsp;mus\u00edte jej tedy co nejd\u0159\u00edve opustit a&nbsp;p\u0159edat spr\u00e1vn\u00ed firm\u011b 7U s.r.o., I\u010cO: 267&nbsp;18&nbsp;274, Komunard\u016f 46, Praha&nbsp;7, tel.: +420&nbsp;770&nbsp;129\u00a0213, <a href=\"mailto:sprava@7usro.cz\">sprava@7usro.cz<\/a>.<\/p>\r\n<hr \/>\r\n<p><span style=\"color: #0000ff;\"><strong>Aktu\u00e1ln\u011b nem\u00e1m kde bydlet, je mo\u017en\u00e9 od M\u010c Praha&nbsp;7 z\u00edskat do pron\u00e1jmu byt?<\/strong><\/span><\/p>\r\n<p>M\u010c Praha&nbsp;7 v&nbsp;sou\u010dasn\u00e9 dob\u011b zaji\u0161\u0165uje pouze podporovan\u00e9 bydlen\u00ed. Pokud m\u00e1te z\u00e1jem po\u017e\u00e1dat na \u00da\u0159ad\u011b M\u010c Praha&nbsp;7 o&nbsp;pron\u00e1jem bytu, doporu\u010dujeme, abyste svou situaci nejprve konzultovali v&nbsp;na\u0161em Kontaktn\u00edm m\u00edst\u011b pro bydlen\u00ed <a href=\"https:\/\/www.praha7.cz\/potrebuji-zaridit\/byty\/novi-najemnici\/\">www.praha7.cz\/potrebuji-zaridit\/byty\/novi-najemnici<\/a> . Kontaktn\u00ed m\u00edsto je ur\u010deno pro ka\u017ed\u00e9ho, kdo pot\u0159ebuje pomoc \u010di radu p\u0159i \u0159e\u0161en\u00ed bytov\u00e9 situace.<\/p>\r\n<hr \/>\r\n<p><span style=\"color: #0000ff;\"><strong>Uveden\u00e9 podm\u00ednky pro p\u0159echod n\u00e1jmu spl\u0148uji, co m\u00e1m nyn\u00ed d\u011blat?<\/strong><\/span><\/p>\r\n<p>Na konci t\u00e9to str\u00e1nky naleznete p\u0159\u00edslu\u0161n\u00e9 formul\u00e1\u0159e, kter\u00e9 vypln\u00edte a&nbsp;pod\u00e1te do podatelny \u00da\u0159adu M\u010c Praha&nbsp;7. N\u00e1sledn\u011b V\u00e1s vyrozum\u00edme o&nbsp;v\u00fdsledku. Pros\u00edme, abyste do formul\u00e1\u0159e nezapomn\u011bli uv\u00e9st Va\u0161e kontaktn\u00ed \u00fadaje.<\/p>\r\n<hr \/>\r\n<p><span style=\"color: #0000ff;\"><strong>Podal jsem \u017e\u00e1dost a&nbsp;v\u0161e spl\u0148uji, znamen\u00e1 to tedy, \u017ee na m\u011b p\u0159ech\u00e1z\u00ed n\u00e1jem?<\/strong><\/span><\/p>\r\n<p>N\u00e1jem bytu na V\u00e1s p\u0159ech\u00e1z\u00ed pouze na 2 roky. To neplat\u00ed v&nbsp;p\u0159\u00edpad\u011b, \u017ee osoba, na kterou n\u00e1jem p\u0159e\u0161el, dos\u00e1hla ke dni p\u0159echodu n\u00e1jmu v\u011bku sedmdes\u00e1ti let (v&nbsp;tomto p\u0159\u00edpad\u011b pokra\u010duje n\u00e1jem na dobu neur\u010ditou). Stejn\u011b tak to neplat\u00ed v\u00a0p\u0159\u00edpad\u011b, \u017ee osoba, na kterou n\u00e1jem p\u0159e\u0161el, nedos\u00e1hla ke dni p\u0159echodu n\u00e1jmu v\u011bku osmn\u00e1cti let.<\/p>\r\n<hr \/>\r\n<p><span style=\"color: #0000ff;\"><strong>V\u00a0dom\u00e1cnosti po zem\u0159el\u00e9m n\u00e1s bydlelo v\u00edc a&nbsp;v\u0161ichni spl\u0148ujeme podm\u00ednky, jak\u00a0se to \u0159e\u0161\u00ed?<\/strong><\/span><\/p>\r\n<p>Spl\u0148uje-li v\u00edce \u010dlen\u016f n\u00e1jemcovy dom\u00e1cnosti podm\u00ednky pro p\u0159echod n\u00e1jmu, p\u0159ejdou pr\u00e1va a&nbsp;povinnosti z&nbsp;n\u00e1jmu na\u00a0\u00a0v\u0161echny spole\u010dn\u011b a&nbsp;nerozd\u00edln\u011b. V\u00a0praxi je pro V\u00e1s v\u0161ak zpravidla nejlep\u0161\u00ed, kdy\u017e se spolu domluv\u00edte na koho pr\u00e1va a\u00a0povinnosti z\u00a0n\u00e1jmu bytu p\u0159ejdou a\u00a0tuto dohodu n\u00e1m p\u0159ed\u00e1te.<\/p>\r\n<hr \/>\r\n<p><span style=\"color: #0000ff;\"><strong>Spl\u0148uji podm\u00ednky pro p\u0159echod n\u00e1jmu, ale o&nbsp;byt nem\u00e1m z\u00e1jem, co m\u00e1m nyn\u00ed d\u011blat?<\/strong><\/span><\/p>\r\n<p>Do jednoho m\u011bs\u00edce od smrti n\u00e1jemce n\u00e1m m\u016f\u017eete p\u00edsemn\u011b ozn\u00e1mit, \u017ee v&nbsp;n\u00e1jmu nehodl\u00e1te pokra\u010dovat, p\u0159i\u010dem\u017e dnem doru\u010den\u00ed n\u00e1jem zanik\u00e1.<\/p>\r\n<hr \/>\r\n<p><span style=\"color: #0000ff;\"><strong>Co se stane po vypr\u0161en\u00ed 2 let po p\u0159echodu n\u00e1jmu, m\u016f\u017eu pokra\u010dovat v\u00a0n\u00e1jmu?<\/strong><\/span><\/p>\r\n<p>Pokud m\u00e1te z\u00e1jem o&nbsp;pokra\u010dov\u00e1n\u00ed v\u00a0n\u00e1jmu, je nutn\u00e9 podat \u017e\u00e1dost o&nbsp;prodlou\u017een\u00ed n\u00e1jmu. Pokud bude \u017e\u00e1dosti vyhov\u011bno, bude n\u00e1jemn\u00e9 nav\u00fd\u0161eno minim\u00e1ln\u011b o&nbsp;50&nbsp;% oproti p\u016fvodn\u00ed v\u00fd\u0161i n\u00e1jmu a&nbsp;doba n\u00e1jmu prodlou\u017eena av\u0161ak pouze o\u00a01\u00a0rok a&nbsp;to skute\u010dn\u011b naposledy, abyste m\u011bl dostatek \u010dasu se s\u00a0nastalou situac\u00ed vypo\u0159\u00e1dat. Pokud dolo\u017e\u00edte (na z\u00e1klad\u011b p\u0159\u00edslu\u0161n\u00e9 \u017e\u00e1dosti), \u017ee spl\u0148uje podm\u00ednky tzv. podporovan\u00e9ho bydlen\u00ed, bude v\u00fd\u0161e n\u00e1jemn\u00e9ho stanovena dle aktu\u00e1ln\u00edch pravidel. P\u0159ed pod\u00e1n\u00edm \u017e\u00e1dosti se obra\u0165te na v\u00fd\u0161e uveden\u00e9 <a href=\"https:\/\/www.praha7.cz\/temata\/pomahame\/kontaktni-misto\/\">Kontaktn\u00ed m\u00edsto pro bydlen\u00ed<\/a>.<\/p>\r\n<hr \/>\r\n<p><span style=\"color: #0000ff;\"><strong>Po zem\u0159el\u00e9m n\u00e1jemci z\u016fstalo dlu\u017en\u00e9 n\u00e1jemn\u00e9, m\u00e1m jej uhradit?<\/strong><\/span><\/p>\r\n<p>Pokud jste osobou, na kterou p\u0159ech\u00e1z\u00ed pr\u00e1vo n\u00e1jmu, m\u00e1 se za to, \u017ee jste sd\u00edlel se zem\u0159el\u00fdm spole\u010dnou dom\u00e1cnost, tud\u00ed\u017e je nutn\u00e9, abyste dluhy na n\u00e1jemn\u00e9m, p\u0159\u00edpadn\u011b slu\u017eb\u00e1ch spojen\u00fdch s\u00a0n\u00e1jmem, co nejd\u0159\u00edve uhradil, nebo\u0165 na V\u00e1s takt\u00e9\u017e p\u0159e\u0161ly. V\u00a0opa\u010dn\u00e9m p\u0159\u00edpad\u011b se dluhy vznikl\u00e9 po zem\u0159el\u00e9m st\u00e1vaj\u00ed sou\u010d\u00e1st\u00ed d\u011bdick\u00e9ho \u0159\u00edzen\u00ed, pokud je v\u0161ak zn\u00e1m okruh d\u011bdic\u016f dluhy uhrad\u00edte.<\/p>\r\n<hr \/>\r\n<div class=\"shortcode-container container-fluid no-bottom-padding division-detail  \">    \n    <div class=\"row\">\n\t\t <div class=\"row div-dept\">\n            <div class=\"col-xs-12 col-md-12 contact-info\">\n                <h4>Kontakt<\/h4>\n                <span>                   \n                    \u00da\u0159ad m\u011bstsk\u00e9 \u010d\u00e1sti Praha 7                   \n                <\/span><br>\n                <span>\n                    Odbor majetku\n                <\/span><br>\n                    <span>\n                        U Pr\u016fhonu 1338\/38\n                    <\/span><br>\n                    <span>\n                        Praha 7\n                    <\/span><br>\n                \n                \n\n            <\/div>\n        <\/div>\n    <\/div>\n<\/div>\r\n\n<div class=\"shortcode-container no-bottom-padding  \">    \n\t<div class=\"row\">\n\t\t<div class=\"col-xs-12 col-md-7\">\n\t\t\t<h3><\/h3>\n\t\t<\/div>\n\t<\/div>\n\t<div class=\"row\">\n\t\t<div class=\"col-xs-12 col-md-12 office_hours_info\">\n\t\t\t\n\t\t<\/div>\t\n\t<\/div>\n<\/div>\r\n<div class=\"shortcode-container container-fluid no-bottom-padding \">\n\t<div class=\"row shortcode-row no-bottom-border\">\n\t\t <div class=\"row contact-item\">\n\t\t\t<div class=\"col-xs-8 col-md-7 contact-info\">\n\t\t\t\t<h3><\/h3>\n\t\t\t\t\n\t\t\t\t\n\t\t\t\t\n                \n\t\t\t\t\n\t\t\t<\/div>\n\t\t<\/div>\n\t<\/div>\n<\/div>\r\n<p><span style=\"color: #0000ff;\"><strong>FORMUL\u00c1\u0158E<\/strong><\/span><\/p>\r\n<p><a href=\"https:\/\/www.praha7.cz\/wp-content\/uploads\/2020\/03\/WEB_zadost_osvedceni.pdf\">\u017d\u00e1dost o&nbsp;vyd\u00e1n\u00ed osv\u011bd\u010den\u00ed<\/a><\/p>","protected":false},"excerpt":{"rendered":"[perex] O&nbsp;p\u0159echod n\u00e1jmu na jinou osobu se jedn\u00e1 v&nbsp;p\u0159\u00edpad\u011b, \u017ee p\u0159edchoz\u00ed n\u00e1jemce bytu zem\u0159el. Nejde-li o&nbsp;spole\u010dn\u00fd n\u00e1jem bytu, p\u0159ejdou pr\u00e1va a&nbsp;povinnosti z&nbsp;n\u00e1jmu na osobu, kter\u00e1 \u017eila v&nbsp;byt\u011b s&nbsp;n\u00e1jemcem ke dni jeho smrti ve spole\u010dn\u00e9 dom\u00e1cnosti a&nbsp;nem\u00e1 vlastn\u00ed byt. Obvykle n\u00e1jem na tuto osobu p\u0159ech\u00e1z\u00ed na dobu 2 let. V&nbsp;p\u0159\u00edpad\u011b, \u017ee se v\u00a0dan\u00e9 situaci [&hellip;]","protected":false},"author":4,"featured_media":0,"parent":17924,"menu_order":6,"comment_status":"closed","ping_status":"closed","template":"","meta":[],"_links":{"self":[{"href":"https:\/\/www.praha7.cz\/api\/wp\/v2\/pages\/12370"}],"collection":[{"href":"https:\/\/www.praha7.cz\/api\/wp\/v2\/pages"}],"about":[{"href":"https:\/\/www.praha7.cz\/api\/wp\/v2\/types\/page"}],"author":[{"embeddable":true,"href":"https:\/\/www.praha7.cz\/api\/wp\/v2\/users\/4"}],"replies":[{"embeddable":true,"href":"https:\/\/www.praha7.cz\/api\/wp\/v2\/comments?post=12370"}],"version-history":[{"count":16,"href":"https:\/\/www.praha7.cz\/api\/wp\/v2\/pages\/12370\/revisions"}],"predecessor-version":[{"id":79676,"href":"https:\/\/www.praha7.cz\/api\/wp\/v2\/pages\/12370\/revisions\/79676"}],"up":[{"embeddable":true,"href":"https:\/\/www.praha7.cz\/api\/wp\/v2\/pages\/17924"}],"wp:attachment":[{"href":"https:\/\/www.praha7.cz\/api\/wp\/v2\/media?parent=12370"}],"curies":[{"name":"wp","href":"https:\/\/api.w.org\/{rel}","templated":true}]}}