    
{"id":1213,"date":"2017-07-26T11:12:35","date_gmt":"2017-07-26T09:12:35","guid":{"rendered":"https:\/\/praha7.cz\/?page_id=1213"},"modified":"2024-05-23T12:46:18","modified_gmt":"2024-05-23T10:46:18","slug":"napojeni-objektu-na-komunikaci","status":"publish","type":"page","link":"https:\/\/www.praha7.cz\/potrebuji-zaridit\/doprava\/napojeni-objektu-na-komunikaci\/","title":{"rendered":"Napojen\u00ed na komunikaci"},"content":{"rendered":"<p>[perex]<\/p>\r\n<p>Jestli\u017ee m\u00e1te v&nbsp;\u00famyslu p\u0159ipojit nemovitost (nap\u0159. gar\u00e1\u017e) na pozemn\u00ed komunikaci, je to mo\u017en\u00e9 pouze na z\u00e1klad\u011b povolen\u00ed vydan\u00e9ho silni\u010dn\u00edm spr\u00e1vn\u00edm \u00fa\u0159adem. Tohoto povolen\u00ed, kter\u00e9 je podkladem pro \u00fazemn\u00ed a&nbsp;stavebn\u00ed \u0159\u00edzen\u00ed veden\u00e9 stavebn\u00edm \u00fa\u0159adem, je t\u0159eba rovn\u011b\u017e k&nbsp;\u00faprav\u011b nebo zru\u0161en\u00ed st\u00e1vaj\u00edc\u00edho p\u0159ipojen\u00ed.<\/p>\r\n<p>[\/perex]<\/p>\r\n<div class=\"shortcode-container container-fluid no-bottom-padding division-detail  \"> \n    <div class=\"row\">\n\t\t <div class=\"row div-dept\">\n            <div class=\"col-xs-12 col-md-12 contact-info\">\n                <h4>Kontakt<\/h4>\n                <span>\n                    \u00da\u0159ad m\u011bstsk\u00e9 \u010d\u00e1sti Praha 7\n                <\/span><br>\n                <span>\n                    Odbor dopravy - odd\u011blen\u00ed silni\u010dn\u00edho spr\u00e1vn\u00edho \u00fa\u0159adu\n                <\/span><br>\n                    <span>\n                        U Pr\u016fhonu 1338\/38\n                    <\/span><br>\n                    <span>\n                        Praha 7\n                    <\/span><br>\n                \n                \n            <\/div>\n        <\/div>\n    <\/div>\n<\/div>\r\n\n<div class=\"shortcode-container no-bottom-padding  \">    \n\t<div class=\"row\">\n\t\t<div class=\"col-xs-12 col-md-7\">\n\t\t\t<h3>\u00da\u0159edn\u00ed hodiny \u00da\u0159adu M\u010c Praha 7<\/h3>\n\t\t<\/div>\n\t<\/div>\n\t\t<div class=\"row\">\n\t\t\t<div class=\"col-xs-12 col-sm-4 col-md-3\">\n\t\t\t\t<span>pond\u011bl\u00ed a st\u0159eda<\/span>\n\t\t\t<\/div>\n\t\t\t\t<div class=\"col-xs-6 col-sm-4 col-md-3\">\n\t\t\t\t\t<span>7.30\u201312.00<\/span>\n\t\t\t\t<\/div>\n\t\t\t\t\t<div class=\"col-xs-6 col-sm-4 col-md-3\">\n\t\t\t\t\t\t<span>13.00\u201318.00<\/span>\n\t\t\t\t\t<\/div>\n\t\t<\/div>\n\t\t<div class=\"row\">\n\t\t\t<div class=\"col-xs-12 col-sm-4 col-md-3\">\n\t\t\t\t<span>\u00fater\u00fd, \u010dtvrtek a p\u00e1tek<\/span>\n\t\t\t<\/div>\n\t\t\t\t<div class=\"col-xs-12 col-sm-8 col-md-9\">\n\t\t\t\t\t<span>po p\u0159edchoz\u00ed domluv\u011b \/ po objedn\u00e1n\u00ed<\/span>\n\t\t\t\t<\/div>\n\t\t<\/div>\n\t<div class=\"row\">\n\t\t<div class=\"col-xs-12 col-md-12 office_hours_info\">\n\t\t\t\n\t\t<\/div>\t\n\t<\/div>\n<\/div>\r\n<div class=\"shortcode-container container-fluid no-bottom-padding \">\n\t<div class=\"row shortcode-row no-bottom-border\">\n\t\t <div class=\"row contact-item\">\n\t\t\t<div class=\"col-xs-8 col-md-7 contact-info\">\n\t\t\t\t<h3>Hally Martin, Bc.<\/h3>\n\t\t\t\t<span>referent<\/span><br>\n\t\t\t\t<span>dve\u0159e 4.16<\/span><br>\n\t\t\t\t<span>tel. <a>+420220144029<\/a><\/span><br>\n                <span>gsm. <a href=\"tel:+420732477247\">+420732477247<\/a><\/span><br>\n\t\t\t\t<a href=\"mailto:hallym@praha7.cz\">hallym@praha7.cz<\/a><br>\n\t\t\t<\/div>\n\t\t<\/div>\n\t<\/div>\n<\/div>\r\n<p>\u017d\u00e1dost o&nbsp;povolen\u00ed p\u0159edkl\u00e1d\u00e1 Odboru dopravy investor akce nebo jeho z\u00e1stupce pov\u011b\u0159en\u00fd plnou moc\u00ed. \u017d\u00e1dost m\u016f\u017ee podat i&nbsp;zhotovitel. \u017d\u00e1dost o&nbsp;povolen\u00ed napojen\u00ed se za\u010d\u00edn\u00e1 \u0159e\u0161it a\u017e po p\u0159edlo\u017een\u00ed cel\u00e9 projektov\u00e9 dokumentace stavby a&nbsp;vyplyne z&nbsp;projedn\u00e1n\u00ed projektov\u00e9 dokumentace pro \u00fazemn\u00ed nebo stavebn\u00ed \u0159\u00edzen\u00ed. Pokud \u017eadatel dolo\u017e\u00ed po\u017eadovan\u00e9 doklady, b\u011b\u017e\u00ed lh\u016fta podle spr\u00e1vn\u00edho \u0159\u00e1du 30 a\u017e 60&nbsp;dn\u00ed. Upozor\u0148ujeme, \u017ee vyj\u00e1d\u0159en\u00ed na Technick\u00e9 spr\u00e1v\u011b komunikac\u00ed hl. m. Prahy a&nbsp;svodn\u00e9 komisi TSK si m\u00e1 vy\u017e\u00e1dat odbor dopravy, ale pokud chce \u017eadatel urychlit vy\u0159\u00edzen\u00ed, \u017e\u00e1d\u00e1 na t\u011bchto instituc\u00edch s\u00e1m.<\/p>\r\n<p><span style=\"color: #0000ff;\"><strong><br \/>\r\nCO JE NUTN\u00c9 P\u0158ILO\u017dIT K&nbsp;\u017d\u00c1DOSTI<\/strong><\/span><\/p>\r\n<ul>\r\n\t<li>projektovou dokumentaci s&nbsp;ok\u00f3tovan\u00fdm pl\u00e1nkem pl\u00e1novan\u00e9ho napojen\u00ed<\/li>\r\n\t<li>\u0161ir\u0161\u00ed dopravn\u00ed vztahy<\/li>\r\n\t<li>vyj\u00e1d\u0159en\u00ed Policie \u010cR \u2013 Krajsk\u00e9 \u0159editelstv\u00ed policie HMP, <a target=\"_blank\" href=\"http:\/\/www.policie.cz\/clanek\/odbor-sluzby-dopravni-policie-669494.aspx\" rel=\"noopener\">Odbor slu\u017eby dopravn\u00ed policie, Kongresov\u00e1 2, Praha 4<\/a>, tel. 974&nbsp;821\u00a0259<\/li>\r\n\t<li>vyj\u00e1d\u0159en\u00ed svodn\u00e9 komise Technick\u00e9 spr\u00e1vy komunikac\u00ed hl. m. Prahy, <a href=\"https:\/\/www.google.cz\/maps\/place\/Veletr%C5%BEn%C3%AD+1623,+170+00+Praha+7-Hole%C5%A1ovice\/@50.1012133,14.4257838,17z\/data=!3m1!4b1!4m5!3m4!1s0x470b94cf610a7ac1:0xe7ebcdd5886a38b9!8m2!3d50.1012133!4d14.4279725\" target=\"_blank\" rel=\"noopener\">Veletr\u017en\u00ed 1623\/24, Praha&nbsp;7-Hole\u0161ovice<\/a>, tel. 257&nbsp;015&nbsp;111, a&nbsp;vyj\u00e1d\u0159en\u00ed Technick\u00e9 spr\u00e1vy komunikac\u00ed, <a href=\"https:\/\/www.google.cz\/maps\/search\/Technick%C3%A1+spr%C3%A1va+komunikac%C3%AD+hl.+m.+Prahy,+Bubene%C4%8Dsk%C3%A1+15,+Praha+6+Technick%C3%A1+spr%C3%A1va+komunikac%C3%AD+hl.+m.+Prahy\/@50.0944696,14.4071537,15z\" target=\"_blank\" rel=\"noopener\">Bubene\u010dsk\u00e1 15, Praha 6<\/a>, tel. 257&nbsp;015&nbsp;111<\/li>\r\n\t<li>v\u00fdpis z&nbsp;katastru nemovitost\u00ed<\/li>\r\n\t<li>plnou moc (v&nbsp;p\u0159\u00edpad\u011b, \u017ee rozhodnut\u00ed nebude p\u0159eb\u00edrat statut\u00e1rn\u00ed z\u00e1stupce firmy) \u2013 v&nbsp;textu je nutn\u00e9 z\u00e1v\u011brem uv\u00e9st:\u00a0 \u201e&#8230; a&nbsp;to v\u010detn\u011b p\u0159evzet\u00ed rozhodnut\u00ed a&nbsp;vzd\u00e1n\u00ed se pr\u00e1va opravn\u00fdch prost\u0159edk\u016f a&nbsp;p\u00edsemn\u00e9ho doru\u010den\u00ed\u201c a&nbsp;je nutn\u00e9 p\u0159ilo\u017eit v\u00fdpis z&nbsp;obchodn\u00edho rejst\u0159\u00edku, jestli zmocn\u011bnec je pov\u011b\u0159en zodpov\u011bdnou osobou, kter\u00e1 plnou moc sm\u00ed napsat<\/li>\r\n<\/ul>\r\n<p>\u017d\u00e1dost o&nbsp;povolen\u00ed napojen\u00ed je p\u0159edlo\u017eena po p\u0159edlo\u017een\u00ed cel\u00e9 projektov\u00e9 dokumentace stavby a&nbsp;vyplyne z&nbsp;projedn\u00e1n\u00ed projektov\u00e9 dokumentace pro \u00fazemn\u00ed nebo stavebn\u00ed \u0159\u00edzen\u00ed.<\/p>\r\n<p><br \/>\r\n<span style=\"color: #0000ff;\"><strong>SPR\u00c1VN\u00cd POPLATEK<\/strong><\/span><\/p>\r\n<p>V\u00fd\u0161e spr\u00e1vn\u00edho poplatku je <strong>500&nbsp;K\u010d<\/strong>.<\/p>\r\n<p><span style=\"color: #0000ff;\"><strong><br \/>\r\nLH\u016eTY PRO VY\u0158\u00cdZEN\u00cd<\/strong><\/span><\/p>\r\n<p>Pokud \u017eadatel p\u0159edlo\u017e\u00ed po\u017eadovan\u00e9 doklady, b\u011b\u017e\u00ed lh\u016fta podle spr\u00e1vn\u00edho \u0159\u00e1du 30 a\u017e 60&nbsp;dn\u00ed. Upozor\u0148ujeme na skute\u010dnost, \u017ee odbor dopravy si m\u00e1 vyj\u00e1d\u0159en\u00ed na Technick\u00e9 spr\u00e1v\u011b komunikac\u00ed hl. m. Prahy a&nbsp;svodn\u00e9 komisi TSK vy\u017e\u00e1dat s\u00e1m, ale pokud chce \u017eadatel vy\u0159\u00edzen\u00ed urychlit, pod\u00e1 \u017e\u00e1dost on.<\/p>\r\n<p><span style=\"color: #0000ff;\"><strong><br \/>\r\nKDO SE NA POSTUPU D\u00c1LE POD\u00cdL\u00cd<\/strong><\/span><\/p>\r\n<ul>\r\n\t<li>Technick\u00e1 spr\u00e1va komunikac\u00ed, hl. m. Prahy<\/li>\r\n\t<li>Policie \u010cR \u2013 Krajsk\u00e9 \u0159editelstv\u00ed policie hlavn\u00edho m\u011bsta Prahy (K\u0158P HMP), Odbor slu\u017eby dopravn\u00ed policie (OSDP)<br \/>\r\nOdbor spr\u00e1vy majetku Magistr\u00e1tu hlavn\u00edho m\u011bsta Prahy (MHMP)<\/li>\r\n<\/ul>\r\n        <div class=\"collapse-block\">\r\n            <div class=\"card-header\" role=\"tab\" id=\"headingd9240963380d2fda50a9a7db90167eb0f287d2e7\">\r\n                                    <h3 class=\"mb-0\">\r\n                        <a data-toggle=\"collapse\" href=\"#collapsed9240963380d2fda50a9a7db90167eb0f287d2e7\" aria-controls=\"collapsed9240963380d2fda50a9a7db90167eb0f287d2e7\">\r\n                            Pr\u00e1vn\u00ed p\u0159edpisy                            <i class=\"fa fa-2x fa-angle-down\" aria-hidden=\"true\"><\/i>\r\n                        <\/a>\r\n                    <\/h3>\r\n                                \r\n            <\/div>\r\n\r\n            <div id=\"collapsed9240963380d2fda50a9a7db90167eb0f287d2e7\" class=\"collapse\" data-id=\"d9240963380d2fda50a9a7db90167eb0f287d2e7\" role=\"tabpanel\" aria-labelledby=\"headingd9240963380d2fda50a9a7db90167eb0f287d2e7\">\r\n                <div class=\"card-block\">\r\n    \r\n<p><a href=\"https:\/\/www.zakonyprolidi.cz\/cs\/1997-13\" target=\"_blank\" rel=\"noopener\">Z\u00e1kon \u010d. 13\/1997 Sb. \u00a7 10<\/a><br \/>\r\n<a href=\"http:\/\/Vyhl\u00e1\u0161ka \u010d. 104\/1997 Sb.\" target=\"_blank\" rel=\"noopener\">Vyhl\u00e1\u0161ka \u010d. 104\/1997 Sb.<\/a>, kterou se prov\u00e1d\u00ed z\u00e1kon o&nbsp;pozemn\u00edch komunikac\u00edch ve zn\u011bn\u00ed pozd\u011bj\u0161\u00edch p\u0159edpis\u016f<br \/>\r\n<a href=\"https:\/\/www.zakonyprolidi.cz\/cs\/2004-634\" target=\"_blank\" rel=\"noopener\">Z\u00e1kon \u010d. 634\/2004 Sb.<\/a>, o&nbsp;spr\u00e1vn\u00edch poplatc\u00edch<br \/>\r\n<a href=\"https:\/\/www.zakonyprolidi.cz\/cs\/2004-500\" target=\"_blank\" rel=\"noopener\">Z\u00e1kon \u010d. 500\/2004 Sb.<\/a>, Spr\u00e1vn\u00ed \u0159\u00e1d<\/p>\r\n<p><strong>Souvisej\u00edc\u00ed p\u0159edpisy<\/strong><\/p>\r\n<p><a href=\"https:\/\/www.zakonyprolidi.cz\/cs\/2000-361\" target=\"_blank\" rel=\"noopener\">Z\u00e1kon \u010d. 361\/2000 Sb.<\/a> o&nbsp;silni\u010dn\u00edm provozu<br \/>\r\n<a href=\"https:\/\/www.zakonyprolidi.cz\/cs\/2015-294\" target=\"_blank\" rel=\"noopener\">Vyhl\u00e1\u0161ka \u010d. 30\/2001<\/a>, kterou se prov\u00e1d\u011bj\u00ed pravidla provozu na pozemn\u00edch komunikac\u00edch a&nbsp;\u00faprava a&nbsp;\u0159\u00edzen\u00ed provozu na pozemn\u00edch komunikac\u00edch, ve zn\u011bn\u00ed pozd\u011bj\u0161\u00edch p\u0159edpis\u016f<\/p>\r\n                <\/div>\r\n            <\/div>\r\n        <\/div>\r\n    \r\n<p><span style=\"color: #0000ff;\"><strong><br \/>\r\nJAK\u00c9 JSOU OPRAVN\u00c9 PROST\u0158EDKY A&nbsp;JAK SE UPLAT\u0147UJ\u00cd<\/strong><\/span><\/p>\r\n<p>Odvol\u00e1n\u00ed ve smyslu spr\u00e1vn\u00edho \u0159\u00e1du cestou odboru dopravy \u00daM\u010c Praha&nbsp;7 podan\u00e9 k&nbsp;Odboru dopravn\u00edch agend MHMP.<\/p>\r\n<p><br \/>\r\n<span style=\"color: #0000ff;\"><strong>FORMUL\u00c1\u0158E<\/strong><\/span><\/p>\r\n<p><a href=\"https:\/\/www.praha7.cz\/wp-content\/uploads\/2024\/05\/Zadost-_napojeni.doc\" target=\"_blank\" rel=\"noopener\">\u017d\u00e1dost o&nbsp;napojen\u00ed<\/a><\/p>","protected":false},"excerpt":{"rendered":"[perex] Jestli\u017ee m\u00e1te v&nbsp;\u00famyslu p\u0159ipojit nemovitost (nap\u0159. gar\u00e1\u017e) na pozemn\u00ed komunikaci, je to mo\u017en\u00e9 pouze na z\u00e1klad\u011b povolen\u00ed vydan\u00e9ho silni\u010dn\u00edm spr\u00e1vn\u00edm \u00fa\u0159adem. Tohoto povolen\u00ed, kter\u00e9 je podkladem pro \u00fazemn\u00ed a&nbsp;stavebn\u00ed \u0159\u00edzen\u00ed veden\u00e9 stavebn\u00edm \u00fa\u0159adem, je t\u0159eba rovn\u011b\u017e k&nbsp;\u00faprav\u011b nebo zru\u0161en\u00ed st\u00e1vaj\u00edc\u00edho p\u0159ipojen\u00ed. [\/perex] \u017d\u00e1dost o&nbsp;povolen\u00ed p\u0159edkl\u00e1d\u00e1 Odboru dopravy investor akce nebo jeho z\u00e1stupce pov\u011b\u0159en\u00fd plnou [&hellip;]","protected":false},"author":2,"featured_media":0,"parent":1221,"menu_order":0,"comment_status":"closed","ping_status":"closed","template":"","meta":[],"_links":{"self":[{"href":"https:\/\/www.praha7.cz\/api\/wp\/v2\/pages\/1213"}],"collection":[{"href":"https:\/\/www.praha7.cz\/api\/wp\/v2\/pages"}],"about":[{"href":"https:\/\/www.praha7.cz\/api\/wp\/v2\/types\/page"}],"author":[{"embeddable":true,"href":"https:\/\/www.praha7.cz\/api\/wp\/v2\/users\/2"}],"replies":[{"embeddable":true,"href":"https:\/\/www.praha7.cz\/api\/wp\/v2\/comments?post=1213"}],"version-history":[{"count":38,"href":"https:\/\/www.praha7.cz\/api\/wp\/v2\/pages\/1213\/revisions"}],"predecessor-version":[{"id":76205,"href":"https:\/\/www.praha7.cz\/api\/wp\/v2\/pages\/1213\/revisions\/76205"}],"up":[{"embeddable":true,"href":"https:\/\/www.praha7.cz\/api\/wp\/v2\/pages\/1221"}],"wp:attachment":[{"href":"https:\/\/www.praha7.cz\/api\/wp\/v2\/media?parent=1213"}],"curies":[{"name":"wp","href":"https:\/\/api.w.org\/{rel}","templated":true}]}}