    
{"id":11218,"date":"2017-12-20T19:11:02","date_gmt":"2017-12-20T18:11:02","guid":{"rendered":"https:\/\/praha7.cz\/?page_id=11218"},"modified":"2023-10-20T11:51:05","modified_gmt":"2023-10-20T09:51:05","slug":"ohlaseni-tyrani-ci-opusteni-zvirete","status":"publish","type":"page","link":"https:\/\/www.praha7.cz\/potrebuji-zaridit\/zivotni-prostredi\/ochrana-zvirat\/ohlaseni-tyrani-ci-opusteni-zvirete\/","title":{"rendered":"Ohl\u00e1\u0161en\u00ed t\u00fdr\u00e1n\u00ed \u010di opu\u0161t\u011bn\u00ed zv\u00ed\u0159ete"},"content":{"rendered":"<p>[perex]<\/p>\r\n<p>Z\u00e1kon na ochranu zv\u00ed\u0159at definuje utrpen\u00ed jako stav zv\u00ed\u0159ete, kter\u00fd je zp\u016fsoben\u00fd jak\u00fdmkoliv podn\u011btem nebo z\u00e1krokem, kter\u00e9ho se zv\u00ed\u0159e nem\u016f\u017ee samo zbavit a&nbsp;kter\u00fd u&nbsp;zv\u00ed\u0159ete zp\u016fsobuje bolest, zran\u011bn\u00ed, zdravotn\u00ed poruchu anebo smrt. Zv\u00ed\u0159e tak\u00e9 nesm\u00ed nikdo bez d\u016fvodu usmrtit.<\/p>\r\n<p>[\/perex]<\/p>\r\n<p>Za t\u00fdr\u00e1n\u00ed zv\u00ed\u0159ete se mimo jin\u00e9 pova\u017euje:<\/p>\r\n<ul>\r\n\t<li>nucen\u00ed k&nbsp;fyzick\u00fdm v\u00fdkon\u016fm, kter\u00e9 prokazateln\u011b p\u0159ekra\u010duj\u00ed jeho fyzick\u00e9 a&nbsp;biologick\u00e9 mo\u017enosti<\/li>\r\n\t<li>podroben\u00ed v\u00fdcviku nebo ve\u0159ejn\u00e9mu vystoupen\u00ed, kter\u00e9 je spojeno s&nbsp;bolest\u00ed, zran\u011bn\u00edm nebo utrpen\u00edm zv\u00ed\u0159ete<\/li>\r\n\t<li>omezov\u00e1n\u00ed v\u00fd\u017eivy a&nbsp;nap\u00e1jen\u00ed vyjma zdravotn\u00edch d\u016fvod\u016f<\/li>\r\n\t<li>prov\u00e1d\u011bn\u00ed chirurgick\u00fdch z\u00e1krok\u016f za \u00fa\u010delem zm\u011bny vzhledu zv\u00ed\u0159ete<\/li>\r\n\t<li>chov zv\u00ed\u0159ete v&nbsp;nevhodn\u00fdch podm\u00ednk\u00e1ch<\/li>\r\n\t<li>p\u0159epravov\u00e1n\u00ed, poh\u00e1n\u011bn\u00ed a&nbsp;zach\u00e1zen\u00ed se zv\u00ed\u0159etem zp\u016fsobem, kter\u00fd zp\u016fsobuje bolest \u010di vede k&nbsp;fyzick\u00e9mu vy\u010derp\u00e1n\u00ed zv\u00ed\u0159ete<\/li>\r\n\t<li>omezov\u00e1n\u00ed pohybu za pomoci prost\u0159edk\u016f, kter\u00e9 jsou nep\u0159im\u011b\u0159en\u00e9 a&nbsp;vedou k&nbsp;bolesti, utrpen\u00ed a&nbsp;p\u0159\u00edpadn\u011b zdravotn\u00edmu po\u0161kozen\u00ed zv\u00ed\u0159ete<\/li>\r\n\t<li>opu\u0161t\u011bn\u00ed zv\u00ed\u0159ete s&nbsp;\u00famyslem se ho zbavit nebo zv\u00ed\u0159e vyhnat<\/li>\r\n<\/ul>\r\n<p>Podle z\u00e1kona na ochranu zv\u00ed\u0159at proti t\u00fdr\u00e1n\u00ed je t\u00e9\u017e zak\u00e1z\u00e1no lovit zv\u00ed\u0159ata pomoc\u00ed \u017eelez, ok, s\u00edt\u00ed a&nbsp;dal\u0161\u00edch pom\u016fcek k&nbsp;odchytu, jedovat\u00fdch n\u00e1vnad a&nbsp;jed\u016f apod.<\/p>\r\n<p>Podez\u0159en\u00ed na t\u00fdr\u00e1n\u00ed je t\u0159eba neprodlen\u011b nahl\u00e1sit policii \u010cR, m\u011bstsk\u00e9 policii \u010di p\u0159\u00edslu\u0161n\u00e9mu \u00fa\u0159adu m\u011bstsk\u00e9 \u010d\u00e1sti, na jeho\u017e \u00fazem\u00ed k&nbsp;t\u00fdr\u00e1n\u00ed nebo k&nbsp;v\u00fdskytu opu\u0161t\u011bn\u00e9ho zv\u00ed\u0159ete doch\u00e1z\u00ed, p\u0159\u00edpadn\u011b jinou organizaci zab\u00fdvaj\u00edc\u00ed se ochranou zv\u00ed\u0159at.<\/p>\r\n<div class=\"shortcode-container container-fluid no-bottom-padding division-detail  \">    \n    <div class=\"row\">\n\t\t <div class=\"row div-dept\">\n            <div class=\"col-xs-12 col-md-12 contact-info\">\n                <h4>Kontakt<\/h4>\n                <span>                   \n                    \u00da\u0159ad m\u011bstsk\u00e9 \u010d\u00e1sti Praha 7                   \n                <\/span><br>\n                <span>\n                    Odbor \u017eivotn\u00edho prost\u0159ed\u00ed\n                <\/span><br>\n                    <span>\n                        U Pr\u016fhonu 1338\/38\n                    <\/span><br>\n                \n                \n\n            <\/div>\n        <\/div>\n    <\/div>\n<\/div>\r\n\n<div class=\"shortcode-container no-bottom-padding  \">    \n\t<div class=\"row\">\n\t\t<div class=\"col-xs-12 col-md-7\">\n\t\t\t<h3>\u00da\u0159edn\u00ed hodiny \u00da\u0159adu M\u010c Praha 7<\/h3>\n\t\t<\/div>\n\t<\/div>\n\t\t<div class=\"row\">\n\t\t\t<div class=\"col-xs-12 col-sm-4 col-md-3\">\n\t\t\t\t<span>pond\u011bl\u00ed a st\u0159eda<\/span>\n\t\t\t<\/div>\n\t\t\t\t<div class=\"col-xs-6 col-sm-4 col-md-3\">\n\t\t\t\t\t<span>7.30\u201312.00<\/span>\n\t\t\t\t<\/div>\n\t\t\t\t\t<div class=\"col-xs-6 col-sm-4 col-md-3\">\n\t\t\t\t\t\t<span>13.00\u201318.00<\/span>\n\t\t\t\t\t<\/div>\n\t\t<\/div>\n\t\t<div class=\"row\">\n\t\t\t<div class=\"col-xs-12 col-sm-4 col-md-3\">\n\t\t\t\t<span>\u00fater\u00fd, \u010dtvrtek a p\u00e1tek<\/span>\n\t\t\t<\/div>\n\t\t\t\t<div class=\"col-xs-12 col-sm-8 col-md-9\">\n\t\t\t\t\t<span>po p\u0159edchoz\u00ed domluv\u011b \/ po objedn\u00e1n\u00ed<\/span>\n\t\t\t\t<\/div>\n\t\t<\/div>\n\t<div class=\"row\">\n\t\t<div class=\"col-xs-12 col-md-12 office_hours_info\">\n\t\t\t\n\t\t<\/div>\t\n\t<\/div>\n<\/div>\r\n<div class=\"shortcode-container container-fluid no-bottom-padding \">\n\t<div class=\"row shortcode-row no-bottom-border\">\n\t\t <div class=\"row contact-item\">\n\t\t\t<div class=\"col-xs-4 col-md-2 contact-photo\">\t\t\n\t\t\t\t<img src=\"https:\/\/www.praha7.cz\/wp-content\/uploads\/2017\/11\/horska.png\" alt=\"placeholder\">\n\t\t\t<\/div>\n\t\t\t<div class=\"col-xs-8 col-md-5 contact-info\">\n\t\t\t\t<h3>Horsk\u00e1 Hana, Ing.<\/h3>\n\t\t\t\t<span>vedouc\u00ed odboru<\/span><br>\n\t\t\t\t<span>dve\u0159e 4.04<\/span><br>\n\t\t\t\t<span>tel. <a>+420220144151<\/a><\/span><br>\n                <span>gsm. <a href=\"tel:+420603380520\">+420603380520<\/a><\/span><br>\n\t\t\t\t<a href=\"mailto:horskah@praha7.cz\">horskah@praha7.cz<\/a><br>\n\t\t\t<\/div>\n\t\t<\/div>\n\t<\/div>\n<\/div>","protected":false},"excerpt":{"rendered":"[perex] Z\u00e1kon na ochranu zv\u00ed\u0159at definuje utrpen\u00ed jako stav zv\u00ed\u0159ete, kter\u00fd je zp\u016fsoben\u00fd jak\u00fdmkoliv podn\u011btem nebo z\u00e1krokem, kter\u00e9ho se zv\u00ed\u0159e nem\u016f\u017ee samo zbavit a&nbsp;kter\u00fd u&nbsp;zv\u00ed\u0159ete zp\u016fsobuje bolest, zran\u011bn\u00ed, zdravotn\u00ed poruchu anebo smrt. Zv\u00ed\u0159e tak\u00e9 nesm\u00ed nikdo bez d\u016fvodu usmrtit. [\/perex] Za t\u00fdr\u00e1n\u00ed zv\u00ed\u0159ete se mimo jin\u00e9 pova\u017euje: nucen\u00ed k&nbsp;fyzick\u00fdm v\u00fdkon\u016fm, kter\u00e9 prokazateln\u011b p\u0159ekra\u010duj\u00ed jeho fyzick\u00e9 [&hellip;]","protected":false},"author":17,"featured_media":0,"parent":11209,"menu_order":0,"comment_status":"closed","ping_status":"closed","template":"","meta":[],"_links":{"self":[{"href":"https:\/\/www.praha7.cz\/api\/wp\/v2\/pages\/11218"}],"collection":[{"href":"https:\/\/www.praha7.cz\/api\/wp\/v2\/pages"}],"about":[{"href":"https:\/\/www.praha7.cz\/api\/wp\/v2\/types\/page"}],"author":[{"embeddable":true,"href":"https:\/\/www.praha7.cz\/api\/wp\/v2\/users\/17"}],"replies":[{"embeddable":true,"href":"https:\/\/www.praha7.cz\/api\/wp\/v2\/comments?post=11218"}],"version-history":[{"count":5,"href":"https:\/\/www.praha7.cz\/api\/wp\/v2\/pages\/11218\/revisions"}],"predecessor-version":[{"id":37701,"href":"https:\/\/www.praha7.cz\/api\/wp\/v2\/pages\/11218\/revisions\/37701"}],"up":[{"embeddable":true,"href":"https:\/\/www.praha7.cz\/api\/wp\/v2\/pages\/11209"}],"wp:attachment":[{"href":"https:\/\/www.praha7.cz\/api\/wp\/v2\/media?parent=11218"}],"curies":[{"name":"wp","href":"https:\/\/api.w.org\/{rel}","templated":true}]}}