    
{"id":10774,"date":"2017-12-09T16:50:22","date_gmt":"2017-12-09T15:50:22","guid":{"rendered":"https:\/\/praha7.cz\/?page_id=10774"},"modified":"2017-12-27T19:21:46","modified_gmt":"2017-12-27T18:21:46","slug":"mapa-serveru","status":"publish","type":"page","link":"https:\/\/www.praha7.cz\/mapa-serveru\/","title":{"rendered":"Mapa serveru"},"content":{"rendered":"<ul class=\"simple-sitemap-page\"><li class=\"page_item page-item-1598\"><a href=\"https:\/\/www.praha7.cz\/aktuality-archiv\/\">Archiv aktualit<\/a><\/li><li class=\"page_item page-item-1600\"><a href=\"https:\/\/www.praha7.cz\/hlavni-zpravy-archiv\/\">Archiv hlavn\u00edch zpr\u00e1v<\/a><\/li><li class=\"page_item page-item-9450\"><a href=\"https:\/\/www.praha7.cz\/cookie-policy\/\">Cookie Policy<\/a><\/li><li class=\"page_item page-item-88189\"><a href=\"https:\/\/www.praha7.cz\/denni-stacionar-a-odlehcovaci-centrum\/\">Denn\u00ed stacion\u00e1\u0159 a&nbsp;odleh\u010dovac\u00ed centrum<\/a><\/li><li class=\"page_item page-item-13\"><a href=\"https:\/\/www.praha7.cz\/forum\/\">Diskusn\u00ed f\u00f3rum<\/a><\/li><li class=\"page_item page-item-43335\"><a href=\"https:\/\/www.praha7.cz\/gdpr\/\">GDPR<\/a><\/li><li class=\"page_item page-item-14446 page_item_has_children\"><a href=\"https:\/\/www.praha7.cz\/hobulet\/\">Hobulet<\/a><ul class='children'><li class=\"page_item page-item-1161 page_item_has_children\"><a href=\"https:\/\/www.praha7.cz\/hobulet\/archiv-hobuletu\/\">Archiv Hobuletu<\/a><ul class='children'><li class=\"page_item page-item-1163\"><a href=\"https:\/\/www.praha7.cz\/hobulet\/archiv-hobuletu\/detail\/\">Detail<\/a><\/li><\/ul><\/li><li class=\"page_item page-item-14458\"><a href=\"https:\/\/www.praha7.cz\/hobulet\/inzerce-v-hobuletu\/\">Inzerce v&nbsp;Hobuletu<\/a><\/li><li class=\"page_item page-item-22037\"><a href=\"https:\/\/www.praha7.cz\/hobulet\/redakcni-rada-2\/\">Redak\u010dn\u00ed rada<\/a><\/li><li class=\"page_item page-item-15987\"><a href=\"https:\/\/www.praha7.cz\/hobulet\/redakcni-rada\/\">Redak\u010dn\u00ed rada (2014-2018)<\/a><\/li><\/ul><\/li><li class=\"page_item page-item-123\"><a href=\"https:\/\/www.praha7.cz\/kalendar\/\">Kalend\u00e1\u0159<\/a><\/li><li class=\"page_item page-item-25538 page_item_has_children\"><a href=\"https:\/\/www.praha7.cz\/kiosk\/\">Kiosk<\/a><ul class='children'><li class=\"page_item page-item-25893\"><a href=\"https:\/\/www.praha7.cz\/kiosk\/dokument\/\">Kiosk dokument<\/a><\/li><li class=\"page_item page-item-25540\"><a href=\"https:\/\/www.praha7.cz\/kiosk\/oznameni\/\">Kiosk ozn\u00e1men\u00ed<\/a><\/li><\/ul><\/li><li class=\"page_item page-item-10774\"><a href=\"https:\/\/www.praha7.cz\/mapa-serveru\/\">Mapa serveru<\/a><\/li><li class=\"page_item page-item-561\"><a href=\"https:\/\/www.praha7.cz\/nahlasit-problem\/\">Nahl\u00e1sit probl\u00e9m<\/a><\/li><li class=\"page_item page-item-125\"><a href=\"https:\/\/www.praha7.cz\/obcan\/\">Ob\u010dan<\/a><\/li><li class=\"page_item page-item-5348\"><a href=\"https:\/\/www.praha7.cz\/objednat-online\/\">Objednat se online<\/a><\/li><li class=\"page_item page-item-127\"><a href=\"https:\/\/www.praha7.cz\/organizace\/\">Organizace<\/a><\/li><li class=\"page_item page-item-42182\"><a href=\"https:\/\/www.praha7.cz\/otazky-a-odpovedi-pro-pecujici\/\">Ot\u00e1zky a&nbsp;odpov\u011bdi pro pe\u010duj\u00edc\u00ed<\/a><\/li><li class=\"page_item page-item-131\"><a href=\"https:\/\/www.praha7.cz\/oznameni\/\">Ozn\u00e1men\u00ed<\/a><\/li><li class=\"page_item page-item-14562\"><a href=\"https:\/\/www.praha7.cz\/podminky-uziti-portalu\/\">Podm\u00ednky u\u017eit\u00ed port\u00e1lu<\/a><\/li><li class=\"page_item page-item-42180\"><a href=\"https:\/\/www.praha7.cz\/postupne-kroky-pro-pecujici-o-blizkou-osobu-z-prahy-7\/\">Postupn\u00e9 kroky pro pe\u010duj\u00edc\u00ed o&nbsp;bl\u00edzkou osobu z&nbsp;Prahy&nbsp;7<\/a><\/li><li class=\"page_item page-item-133 page_item_has_children\"><a href=\"https:\/\/www.praha7.cz\/potrebuji-zaridit\/\">Pot\u0159ebuji za\u0159\u00eddit<\/a><ul class='children'><li class=\"page_item page-item-2221 page_item_has_children\"><a href=\"https:\/\/www.praha7.cz\/potrebuji-zaridit\/byty\/\">Byty, nebytov\u00e9 prostory a&nbsp;majetek<\/a><ul class='children'><li class=\"page_item page-item-66479\"><a href=\"https:\/\/www.praha7.cz\/potrebuji-zaridit\/byty\/anketa-o-vyuziti-nbp\/\">Anketa o&nbsp;vyu\u017eit\u00ed NBP<\/a><\/li><li class=\"page_item page-item-91110 page_item_has_children\"><a href=\"https:\/\/www.praha7.cz\/potrebuji-zaridit\/byty\/uspory\/\">Jak u\u0161et\u0159it na energi\u00edch<\/a><ul class='children'><li class=\"page_item page-item-91112\"><a href=\"https:\/\/www.praha7.cz\/potrebuji-zaridit\/byty\/uspory\/uspory-vody\/\">\u00daspory vody<\/a><\/li><\/ul><\/li><li class=\"page_item page-item-17924 page_item_has_children\"><a href=\"https:\/\/www.praha7.cz\/potrebuji-zaridit\/byty\/stavajici-najemci\/\">Jsem st\u00e1vaj\u00edc\u00edm n\u00e1jemcem M\u010c Praha&nbsp;7<\/a><ul class='children'><li class=\"page_item page-item-79579\"><a href=\"https:\/\/www.praha7.cz\/potrebuji-zaridit\/byty\/stavajici-najemci\/chci-predcasne-ukoncit-najem\/\">Chci p\u0159ed\u010dasn\u011b ukon\u010dit n\u00e1jem<\/a><\/li><li class=\"page_item page-item-79565\"><a href=\"https:\/\/www.praha7.cz\/potrebuji-zaridit\/byty\/stavajici-najemci\/jsem-najemcem-bytu\/\">Jsem n\u00e1jemcem bytu<\/a><\/li><li class=\"page_item page-item-79572\"><a href=\"https:\/\/www.praha7.cz\/potrebuji-zaridit\/byty\/stavajici-najemci\/jsem-najemcem-nebytoveho-prostoru\/\">Jsem n\u00e1jemcem nebytov\u00e9ho prostoru<\/a><\/li><li class=\"page_item page-item-2227\"><a href=\"https:\/\/www.praha7.cz\/potrebuji-zaridit\/byty\/stavajici-najemci\/konci-mi-najemni-smlouva\/\">Kon\u010d\u00ed mi n\u00e1jemn\u00ed smlouva<\/a><\/li><li class=\"page_item page-item-12370\"><a href=\"https:\/\/www.praha7.cz\/potrebuji-zaridit\/byty\/stavajici-najemci\/prechod-najmu\/\">P\u0159echod n\u00e1jmu<\/a><\/li><\/ul><\/li><li class=\"page_item page-item-79581\"><a href=\"https:\/\/www.praha7.cz\/potrebuji-zaridit\/byty\/kratkodobe-uzivani\/\">Kr\u00e1tkodob\u00e9 u\u017e\u00edv\u00e1n\u00ed<\/a><\/li><li class=\"page_item page-item-17928 page_item_has_children\"><a href=\"https:\/\/www.praha7.cz\/potrebuji-zaridit\/byty\/novi-najemnici\/\">M\u00e1m z\u00e1jem o&nbsp;byt<\/a><ul class='children'><li class=\"page_item page-item-28936\"><a href=\"https:\/\/www.praha7.cz\/potrebuji-zaridit\/byty\/novi-najemnici\/byty-zvlastniho-urceni\/\">Byty zvl\u00e1\u0161tn\u00edho ur\u010den\u00ed<\/a><\/li><li class=\"page_item page-item-80839\"><a href=\"https:\/\/www.praha7.cz\/potrebuji-zaridit\/byty\/novi-najemnici\/komercni-pronajem\/\">Komer\u010dn\u00ed pron\u00e1jem<\/a><\/li><li class=\"page_item page-item-2231\"><a href=\"https:\/\/www.praha7.cz\/potrebuji-zaridit\/byty\/novi-najemnici\/podporovane-bydleni\/\">Podporovan\u00e9 bydlen\u00ed<\/a><\/li><li class=\"page_item page-item-2229\"><a href=\"https:\/\/www.praha7.cz\/potrebuji-zaridit\/byty\/novi-najemnici\/sluzebni-byty\/\">Slu\u017eebn\u00ed byty<\/a><\/li><\/ul><\/li><li class=\"page_item page-item-2223 page_item_has_children\"><a href=\"https:\/\/www.praha7.cz\/potrebuji-zaridit\/byty\/nebytove-prostory\/\">M\u00e1m z\u00e1jem o&nbsp;nebytov\u00fd prostor<\/a><ul class='children'><li class=\"page_item page-item-52679\"><a href=\"https:\/\/www.praha7.cz\/potrebuji-zaridit\/byty\/nebytove-prostory\/prodlouzeni-nbp\/\">Kon\u010d\u00ed mi n\u00e1jemn\u00ed smlouva<\/a><\/li><li class=\"page_item page-item-2316\"><a href=\"https:\/\/www.praha7.cz\/potrebuji-zaridit\/byty\/nebytove-prostory\/kontroly\/\">Kontroly<\/a><\/li><li class=\"page_item page-item-2310\"><a href=\"https:\/\/www.praha7.cz\/potrebuji-zaridit\/byty\/nebytove-prostory\/pronajmy\/\">Nab\u00eddka voln\u00fdch prostor<\/a><\/li><li class=\"page_item page-item-2314\"><a href=\"https:\/\/www.praha7.cz\/potrebuji-zaridit\/byty\/nebytove-prostory\/opravy\/\">Opravy<\/a><\/li><li class=\"page_item page-item-2312\"><a href=\"https:\/\/www.praha7.cz\/potrebuji-zaridit\/byty\/nebytove-prostory\/prodej\/\">Prodej<\/a><\/li><li class=\"page_item page-item-6298\"><a href=\"https:\/\/www.praha7.cz\/potrebuji-zaridit\/byty\/nebytove-prostory\/startovaci-ateliery\/\">Startovac\u00ed ateli\u00e9ry<\/a><\/li><li class=\"page_item page-item-8763\"><a href=\"https:\/\/www.praha7.cz\/potrebuji-zaridit\/byty\/nebytove-prostory\/vyberove-rizeni\/\">V\u00fdb\u011brov\u00e9 \u0159\u00edzen\u00ed<\/a><\/li><\/ul><\/li><li class=\"page_item page-item-8199\"><a href=\"https:\/\/www.praha7.cz\/potrebuji-zaridit\/byty\/samoopravy\/\">Samoopravy<\/a><\/li><\/ul><\/li><li class=\"page_item page-item-1317 page_item_has_children\"><a href=\"https:\/\/www.praha7.cz\/potrebuji-zaridit\/dotace\/\">Dotace<\/a><ul class='children'><li class=\"page_item page-item-1426 page_item_has_children\"><a href=\"https:\/\/www.praha7.cz\/potrebuji-zaridit\/dotace\/individualni-dotace\/\">Individu\u00e1ln\u00ed dotace<\/a><ul class='children'><li class=\"page_item page-item-6063 page_item_has_children\"><a href=\"https:\/\/www.praha7.cz\/potrebuji-zaridit\/dotace\/individualni-dotace\/vysledky-oblast-kultury\/\">Oblast kultury<\/a><ul class='children'><li class=\"page_item page-item-6502\"><a href=\"https:\/\/www.praha7.cz\/potrebuji-zaridit\/dotace\/individualni-dotace\/vysledky-oblast-kultury\/usneseni-rady-afroportal-o-s\/\">Usnesen\u00ed Rady Afroport\u00e1l, o. s.<\/a><\/li><li class=\"page_item page-item-6513\"><a href=\"https:\/\/www.praha7.cz\/potrebuji-zaridit\/dotace\/individualni-dotace\/vysledky-oblast-kultury\/usneseni-rady-narodni-galerie-v-praze\/\">Usnesen\u00ed Rady N\u00e1rodn\u00ed galerie v&nbsp;Praze<\/a><\/li><li class=\"page_item page-item-6525\"><a href=\"https:\/\/www.praha7.cz\/potrebuji-zaridit\/dotace\/individualni-dotace\/vysledky-oblast-kultury\/usneseni-zastupitelstva-gaspard\/\">Usnesen\u00ed zastupitelstva GASPARD<\/a><\/li><\/ul><\/li><li class=\"page_item page-item-6441\"><a href=\"https:\/\/www.praha7.cz\/potrebuji-zaridit\/dotace\/individualni-dotace\/oblast-skolstvi\/\">Oblast \u0161kolstv\u00ed<\/a><\/li><li class=\"page_item page-item-6447\"><a href=\"https:\/\/www.praha7.cz\/potrebuji-zaridit\/dotace\/individualni-dotace\/oblast-socialni-a-zdravotni\/\">Oblast soci\u00e1ln\u00ed a&nbsp;zdravotn\u00ed<\/a><\/li><li class=\"page_item page-item-6400 page_item_has_children\"><a href=\"https:\/\/www.praha7.cz\/potrebuji-zaridit\/dotace\/individualni-dotace\/vysledky-oblast-sportu\/\">Oblast sportu<\/a><ul class='children'><li class=\"page_item page-item-6606\"><a href=\"https:\/\/www.praha7.cz\/potrebuji-zaridit\/dotace\/individualni-dotace\/vysledky-oblast-sportu\/usneseni-rady-sua-sdruzeni-umelcu-a-architektu\/\">Usnesen\u00ed Rady &#8211; SUA &#8211; Sdru\u017een\u00ed um\u011blc\u016f a&nbsp;architekt\u016f<\/a><\/li><li class=\"page_item page-item-6552\"><a href=\"https:\/\/www.praha7.cz\/potrebuji-zaridit\/dotace\/individualni-dotace\/vysledky-oblast-sportu\/usneseni-rady-centrum-pomoci-vojakum-v-tisni\/\">Usnesen\u00ed Rady Centrum pomoci voj\u00e1k\u016fm v&nbsp;t\u00edsni<\/a><\/li><li class=\"page_item page-item-6539\"><a href=\"https:\/\/www.praha7.cz\/potrebuji-zaridit\/dotace\/individualni-dotace\/vysledky-oblast-sportu\/usneseni-rady-ctirad-veverka-letenske-bodlo\/\">Usnesen\u00ed Rady Ctirad Veverka &#8211; Letensk\u00e9 bodlo<\/a><\/li><li class=\"page_item page-item-6584\"><a href=\"https:\/\/www.praha7.cz\/potrebuji-zaridit\/dotace\/individualni-dotace\/vysledky-oblast-sportu\/usneseni-rady-jan-ackermann-gyuris\/\">Usnesen\u00ed Rady Jan Ackermann Gyuris<\/a><\/li><li class=\"page_item page-item-6547\"><a href=\"https:\/\/www.praha7.cz\/potrebuji-zaridit\/dotace\/individualni-dotace\/vysledky-oblast-sportu\/usneseni-rady-jan-hodac-prazska-sedmicka\/\">Usnesen\u00ed Rady Jan Hoda\u010d &#8211; Pra\u017esk\u00e1 sedmi\u010dka<\/a><\/li><li class=\"page_item page-item-6598\"><a href=\"https:\/\/www.praha7.cz\/potrebuji-zaridit\/dotace\/individualni-dotace\/vysledky-oblast-sportu\/usneseni-rady-senior-fitnes\/\">Usnesen\u00ed Rady Senior fitnes<\/a><\/li><li class=\"page_item page-item-6591\"><a href=\"https:\/\/www.praha7.cz\/potrebuji-zaridit\/dotace\/individualni-dotace\/vysledky-oblast-sportu\/usneseni-rady-spolecnost-pro-podporu-lidi-s-mentalnim-postizenim\/\">Usnesen\u00ed Rady Spole\u010dnost pro podporu lid\u00ed s&nbsp;ment\u00e1ln\u00edm posti\u017een\u00edm<\/a><\/li><li class=\"page_item page-item-6563\"><a href=\"https:\/\/www.praha7.cz\/potrebuji-zaridit\/dotace\/individualni-dotace\/vysledky-oblast-sportu\/usneseni-zastupitelstva-hc-sparta-praha\/\">Usnesen\u00ed zastupitelstva HC Sparta Praha<\/a><\/li><\/ul><\/li><li class=\"page_item page-item-10444\"><a href=\"https:\/\/www.praha7.cz\/potrebuji-zaridit\/dotace\/individualni-dotace\/oblast-zivotniho-prostredi\/\">Oblast \u017eivotn\u00edho prost\u0159ed\u00ed a&nbsp;p\u00e9\u010de o&nbsp;ve\u0159ejn\u00fd prostor<\/a><\/li><li class=\"page_item page-item-11378\"><a href=\"https:\/\/www.praha7.cz\/potrebuji-zaridit\/dotace\/individualni-dotace\/prevence-kriminality\/\">Prevence kriminality<\/a><\/li><\/ul><\/li><li class=\"page_item page-item-12211 page_item_has_children\"><a href=\"https:\/\/www.praha7.cz\/potrebuji-zaridit\/dotace\/programove-dotace\/\">Programov\u00e9 dotace<\/a><ul class='children'><li class=\"page_item page-item-87659\"><a href=\"https:\/\/www.praha7.cz\/potrebuji-zaridit\/dotace\/programove-dotace\/antigraffiti\/\">Antigraffiti<\/a><\/li><li class=\"page_item page-item-9664\"><a href=\"https:\/\/www.praha7.cz\/potrebuji-zaridit\/dotace\/programove-dotace\/obecne-programove-dotace\/\">Obecn\u00e9 dotace<\/a><\/li><li class=\"page_item page-item-33551\"><a href=\"https:\/\/www.praha7.cz\/potrebuji-zaridit\/dotace\/programove-dotace\/paliativni-pece\/\">Paliativn\u00ed p\u00e9\u010de<\/a><\/li><li class=\"page_item page-item-6485 page_item_has_children\"><a href=\"https:\/\/www.praha7.cz\/potrebuji-zaridit\/dotace\/programove-dotace\/programove-dotace-na-podporu-sportovni-cinnosti\/\">Sportovn\u00ed \u010dinnost<\/a><ul class='children'><li class=\"page_item page-item-10361\"><a href=\"https:\/\/www.praha7.cz\/potrebuji-zaridit\/dotace\/programove-dotace\/programove-dotace-na-podporu-sportovni-cinnosti\/dotace-na-podporu-sportovni-cinnosti-pro-rok-2014\/\">Dotace na podporu sportovn\u00ed \u010dinnosti pro rok 2014<\/a><\/li><li class=\"page_item page-item-10352\"><a href=\"https:\/\/www.praha7.cz\/potrebuji-zaridit\/dotace\/programove-dotace\/programove-dotace-na-podporu-sportovni-cinnosti\/dotace-na-podporu-sportovni-cinnosti-pro-rok-2015\/\">Dotace na podporu sportovn\u00ed \u010dinnosti pro rok 2015<\/a><\/li><li class=\"page_item page-item-10347\"><a href=\"https:\/\/www.praha7.cz\/potrebuji-zaridit\/dotace\/programove-dotace\/programove-dotace-na-podporu-sportovni-cinnosti\/dotace-na-podporu-sportovni-cinnosti-pro-rok-2016\/\">Dotace na podporu sportovn\u00ed \u010dinnosti pro rok 2016<\/a><\/li><\/ul><\/li><\/ul><\/li><li class=\"page_item page-item-10321\"><a href=\"https:\/\/www.praha7.cz\/potrebuji-zaridit\/dotace\/programove-dotace-pro-rok-2015\/\">Programov\u00e9 dotace pro rok 2015<\/a><\/li><li class=\"page_item page-item-10312\"><a href=\"https:\/\/www.praha7.cz\/potrebuji-zaridit\/dotace\/programove-dotace-pro-rok-2016\/\">Programov\u00e9 dotace pro rok 2016<\/a><\/li><li class=\"page_item page-item-10296\"><a href=\"https:\/\/www.praha7.cz\/potrebuji-zaridit\/dotace\/programove-dotace-pro-rok-2017\/\">Programov\u00e9 dotace pro rok 2017<\/a><\/li><li class=\"page_item page-item-18840\"><a href=\"https:\/\/www.praha7.cz\/potrebuji-zaridit\/dotace\/programove-dotace-pro-rok-2018\/\">Programov\u00e9 dotace pro rok 2018<\/a><\/li><li class=\"page_item page-item-41175\"><a href=\"https:\/\/www.praha7.cz\/potrebuji-zaridit\/dotace\/verejna-podpora-a-podpora-de-minimis\/\">Ve\u0159ejn\u00e1 podpora a&nbsp;podpora De minimis<\/a><\/li><\/ul><\/li><li class=\"page_item page-item-2393 page_item_has_children\"><a href=\"https:\/\/www.praha7.cz\/potrebuji-zaridit\/krizove-situace\/\">Krizov\u00e9 situace<\/a><ul class='children'><li class=\"page_item page-item-5547\"><a href=\"https:\/\/www.praha7.cz\/potrebuji-zaridit\/krizove-situace\/epidemie\/\">Epidemie<\/a><\/li><li class=\"page_item page-item-5834\"><a href=\"https:\/\/www.praha7.cz\/potrebuji-zaridit\/krizove-situace\/havarie\/\">Hav\u00e1rie<\/a><\/li><li class=\"page_item page-item-2401\"><a href=\"https:\/\/www.praha7.cz\/potrebuji-zaridit\/krizove-situace\/mestsky-kamerovy-system\/\">M\u011bstsk\u00fd kamerov\u00fd syst\u00e9m<\/a><\/li><li class=\"page_item page-item-2390 page_item_has_children\"><a href=\"https:\/\/www.praha7.cz\/potrebuji-zaridit\/krizove-situace\/ochrana-obyvatelstva\/\">Ochrana obyvatelstva<\/a><ul class='children'><li class=\"page_item page-item-2407\"><a href=\"https:\/\/www.praha7.cz\/potrebuji-zaridit\/krizove-situace\/ochrana-obyvatelstva\/2407-2\/\">Evakuace<\/a><\/li><li class=\"page_item page-item-61009\"><a href=\"https:\/\/www.praha7.cz\/potrebuji-zaridit\/krizove-situace\/ochrana-obyvatelstva\/seznam-ukrytu\/\">\u00dakryty Prahy&nbsp;7<\/a><\/li><li class=\"page_item page-item-2410\"><a href=\"https:\/\/www.praha7.cz\/potrebuji-zaridit\/krizove-situace\/ochrana-obyvatelstva\/varovani\/\">Varov\u00e1n\u00ed<\/a><\/li><\/ul><\/li><li class=\"page_item page-item-7189\"><a href=\"https:\/\/www.praha7.cz\/potrebuji-zaridit\/krizove-situace\/pomoc-pri-vytopeni\/\">Pomoc p\u0159i vytopen\u00ed<\/a><\/li><li class=\"page_item page-item-5543\"><a href=\"https:\/\/www.praha7.cz\/potrebuji-zaridit\/krizove-situace\/povodne\/\">Povodn\u011b<\/a><\/li><li class=\"page_item page-item-5509\"><a href=\"https:\/\/www.praha7.cz\/potrebuji-zaridit\/krizove-situace\/povodnove-plany\/\">Povod\u0148ov\u00e9 pl\u00e1ny<\/a><\/li><li class=\"page_item page-item-5552\"><a href=\"https:\/\/www.praha7.cz\/potrebuji-zaridit\/krizove-situace\/preruseni-dodavek-vody\/\">P\u0159eru\u0161en\u00ed dod\u00e1vek vody<\/a><\/li><li class=\"page_item page-item-5754\"><a href=\"https:\/\/www.praha7.cz\/potrebuji-zaridit\/krizove-situace\/prirodni-zivly\/\">P\u0159\u00edrodn\u00ed \u017eivly<\/a><\/li><li class=\"page_item page-item-2395\"><a href=\"https:\/\/www.praha7.cz\/potrebuji-zaridit\/krizove-situace\/protipovodnova-ochrana-mc-praha-7\/\">Protipovod\u0148ov\u00e1 ochrana M\u010c Praha&nbsp;7<\/a><\/li><li class=\"page_item page-item-5827\"><a href=\"https:\/\/www.praha7.cz\/potrebuji-zaridit\/krizove-situace\/smogova-situace\/\">Smogov\u00e1 situace<\/a><\/li><\/ul><\/li><li class=\"page_item page-item-579 page_item_has_children\"><a href=\"https:\/\/www.praha7.cz\/potrebuji-zaridit\/matrika\/\">Matrika a&nbsp;st\u00e1tn\u00ed ob\u010danstv\u00ed<\/a><ul class='children'><li class=\"page_item page-item-5725 page_item_has_children\"><a href=\"https:\/\/www.praha7.cz\/potrebuji-zaridit\/matrika\/jmeno-a-prijmeni\/\">Jm\u00e9no a&nbsp;p\u0159\u00edjmen\u00ed<\/a><ul class='children'><li class=\"page_item page-item-1305\"><a href=\"https:\/\/www.praha7.cz\/potrebuji-zaridit\/matrika\/jmeno-a-prijmeni\/volba-druheho-jmena\/\">Prohl\u00e1\u0161en\u00ed o&nbsp;volb\u011b druh\u00e9ho jm\u00e9na<\/a><\/li><li class=\"page_item page-item-643\"><a href=\"https:\/\/www.praha7.cz\/potrebuji-zaridit\/matrika\/jmeno-a-prijmeni\/prijmeni-po-rozvodu\/\">Vr\u00e1cen\u00ed p\u0159\u00edjmen\u00ed po rozvodu<\/a><\/li><li class=\"page_item page-item-429\"><a href=\"https:\/\/www.praha7.cz\/potrebuji-zaridit\/matrika\/jmeno-a-prijmeni\/zenska-prijmeni\/\">\u017densk\u00e1 p\u0159\u00edjmen\u00ed<\/a><\/li><li class=\"page_item page-item-599\"><a href=\"https:\/\/www.praha7.cz\/potrebuji-zaridit\/matrika\/jmeno-a-prijmeni\/zmena-jmena\/\">Zm\u011bna jm\u00e9na a&nbsp;p\u0159\u00edjmen\u00ed<\/a><\/li><\/ul><\/li><li class=\"page_item page-item-414\"><a href=\"https:\/\/www.praha7.cz\/potrebuji-zaridit\/matrika\/nahlizeni-do-knih\/\">Nahl\u00ed\u017een\u00ed do matri\u010dn\u00edch knih<\/a><\/li><li class=\"page_item page-item-418\"><a href=\"https:\/\/www.praha7.cz\/potrebuji-zaridit\/matrika\/rodny-list\/\">Rodn\u00fd list<\/a><\/li><li class=\"page_item page-item-5722 page_item_has_children\"><a href=\"https:\/\/www.praha7.cz\/potrebuji-zaridit\/matrika\/statni-obcanstvi\/\">St\u00e1tn\u00ed ob\u010danstv\u00ed<\/a><ul class='children'><li class=\"page_item page-item-412\"><a href=\"https:\/\/www.praha7.cz\/potrebuji-zaridit\/matrika\/statni-obcanstvi\/udalosti-v-cizine-zvlastni-matrika\/\">Narozen\u00ed, s\u0148atky nebo \u00famrt\u00ed ob\u010dan\u016f \u010cR v&nbsp;cizin\u011b<\/a><\/li><li class=\"page_item page-item-303\"><a href=\"https:\/\/www.praha7.cz\/potrebuji-zaridit\/matrika\/statni-obcanstvi\/osvedceni-potvrzeni-obcanstvi\/\">Osv\u011bd\u010den\u00ed a&nbsp;potvrzen\u00ed o&nbsp;st\u00e1tn\u00edm ob\u010danstv\u00ed<\/a><\/li><li class=\"page_item page-item-1432\"><a href=\"https:\/\/www.praha7.cz\/potrebuji-zaridit\/matrika\/statni-obcanstvi\/udeleni-obcanstvi\/\">Ud\u011blen\u00ed st\u00e1tn\u00edho ob\u010danstv\u00ed<\/a><\/li><\/ul><\/li><li class=\"page_item page-item-5718 page_item_has_children\"><a href=\"https:\/\/www.praha7.cz\/potrebuji-zaridit\/matrika\/svatby\/\">Svatby<\/a><ul class='children'><li class=\"page_item page-item-371\"><a href=\"https:\/\/www.praha7.cz\/potrebuji-zaridit\/matrika\/svatby\/uzavreni-manzelstvi\/\">Uzav\u0159en\u00ed man\u017eelstv\u00ed<\/a><\/li><li class=\"page_item page-item-432\"><a href=\"https:\/\/www.praha7.cz\/potrebuji-zaridit\/matrika\/svatby\/vysvedceni-zpusobilosti-manzelstvi\/\">Vysv\u011bd\u010den\u00ed o&nbsp;pr\u00e1vn\u00ed zp\u016fsobilosti k&nbsp;uzav\u0159en\u00ed man\u017eelstv\u00ed<\/a><\/li><\/ul><\/li><li class=\"page_item page-item-472\"><a href=\"https:\/\/www.praha7.cz\/potrebuji-zaridit\/matrika\/umrtni-list\/\">Vyd\u00e1n\u00ed \u00famrtn\u00edho listu<\/a><\/li><\/ul><\/li><li class=\"page_item page-item-818 page_item_has_children\"><a href=\"https:\/\/www.praha7.cz\/potrebuji-zaridit\/mistni-poplatky\/\">M\u00edstn\u00ed poplatky<\/a><ul class='children'><li class=\"page_item page-item-33231\"><a href=\"https:\/\/www.praha7.cz\/potrebuji-zaridit\/mistni-poplatky\/mistni-poplatek-z-pobytu\/\">M\u00edstn\u00ed poplatek z&nbsp;pobytu<\/a><\/li><li class=\"page_item page-item-76695\"><a href=\"https:\/\/www.praha7.cz\/potrebuji-zaridit\/mistni-poplatky\/mistni-poplatek-za-odkladani-komunalniho-odpadu-z-nemovite-veci\/\">M\u00edstn\u00ed poplatek za odkl\u00e1d\u00e1n\u00ed komun\u00e1ln\u00edho odpadu z&nbsp;nemovit\u00e9 v\u011bci<\/a><\/li><li class=\"page_item page-item-1026\"><a href=\"https:\/\/www.praha7.cz\/potrebuji-zaridit\/mistni-poplatky\/uzivani-verejneho-prostranstvi\/\">M\u00edstn\u00ed poplatek za u\u017e\u00edv\u00e1n\u00ed ve\u0159ejn\u00e9ho prostranstv\u00ed<\/a><\/li><li class=\"page_item page-item-1049\"><a href=\"https:\/\/www.praha7.cz\/potrebuji-zaridit\/mistni-poplatky\/ze-psu\/\">M\u00edstn\u00ed poplatek ze ps\u016f<\/a><\/li><li class=\"page_item page-item-999\"><a href=\"https:\/\/www.praha7.cz\/potrebuji-zaridit\/mistni-poplatky\/ze-vstupneho\/\">M\u00edstn\u00ed poplatek ze vstupn\u00e9ho<\/a><\/li><\/ul><\/li><li class=\"page_item page-item-236 page_item_has_children\"><a href=\"https:\/\/www.praha7.cz\/potrebuji-zaridit\/doklady\/\">Osobn\u00ed doklady<\/a><ul class='children'><li class=\"page_item page-item-356 page_item_has_children\"><a href=\"https:\/\/www.praha7.cz\/potrebuji-zaridit\/doklady\/cestovni-pas\/\">Cestovn\u00ed pas<\/a><ul class='children'><li class=\"page_item page-item-492\"><a href=\"https:\/\/www.praha7.cz\/potrebuji-zaridit\/doklady\/cestovni-pas\/pro-dite-do-15-let\/\">Cestovn\u00ed pas pro d\u00edt\u011b do 15 let<\/a><\/li><li class=\"page_item page-item-496\"><a href=\"https:\/\/www.praha7.cz\/potrebuji-zaridit\/doklady\/cestovni-pas\/pro-obcana-starsiho-15-let\/\">Cestovn\u00ed pas pro ob\u010dana star\u0161\u00edho 15 let<\/a><\/li><li class=\"page_item page-item-498\"><a href=\"https:\/\/www.praha7.cz\/potrebuji-zaridit\/doklady\/cestovni-pas\/zadost-u-zastupitelskeho-uradu-v-zahranici\/\">Cestovn\u00ed pas u&nbsp;zastupitelsk\u00e9ho \u00fa\u0159adu v&nbsp;zahrani\u010d\u00ed<\/a><\/li><li class=\"page_item page-item-494\"><a href=\"https:\/\/www.praha7.cz\/potrebuji-zaridit\/doklady\/cestovni-pas\/vydani-ve-zkracene-lhute\/\">Cestovn\u00ed pas ve zkr\u00e1cen\u00e9 lh\u016ft\u011b<\/a><\/li><\/ul><\/li><li class=\"page_item page-item-238 page_item_has_children\"><a href=\"https:\/\/www.praha7.cz\/potrebuji-zaridit\/doklady\/obcansky-prukaz\/\">Ob\u010dansk\u00fd pr\u016fkaz<\/a><ul class='children'><li class=\"page_item page-item-242\"><a href=\"https:\/\/www.praha7.cz\/potrebuji-zaridit\/doklady\/obcansky-prukaz\/ostatni\/\">Dal\u0161\u00ed d\u016fvody vyd\u00e1n\u00ed OP<\/a><\/li><li class=\"page_item page-item-487\"><a href=\"https:\/\/www.praha7.cz\/potrebuji-zaridit\/doklady\/obcansky-prukaz\/doklad-o-statnim-obcanstvi\/\">Doklady o&nbsp;st\u00e1tn\u00edm ob\u010danstv\u00ed<\/a><\/li><li class=\"page_item page-item-460\"><a href=\"https:\/\/www.praha7.cz\/potrebuji-zaridit\/doklady\/obcansky-prukaz\/jak-probiha-zadost\/\">Jak prob\u00edh\u00e1 \u017e\u00e1dost o&nbsp;ob\u010dansk\u00fd pr\u016fkaz<\/a><\/li><li class=\"page_item page-item-259\"><a href=\"https:\/\/www.praha7.cz\/potrebuji-zaridit\/doklady\/obcansky-prukaz\/konec-platnosti-obcanskeho-prukazu\/\">Konec platnosti ob\u010dansk\u00e9ho pr\u016fkazu<\/a><\/li><li class=\"page_item page-item-282\"><a href=\"https:\/\/www.praha7.cz\/potrebuji-zaridit\/doklady\/obcansky-prukaz\/konec-platnosti-pri-pobytu-v-cizine\/\">Konec platnosti ob\u010dansk\u00e9ho pr\u016fkazu p\u0159i dlouhodob\u00e9m pobytu v&nbsp;cizin\u011b<\/a><\/li><li class=\"page_item page-item-484\"><a href=\"https:\/\/www.praha7.cz\/potrebuji-zaridit\/doklady\/obcansky-prukaz\/kratkodoby-bez-strojove-citelnych-udaju\/\">Kr\u00e1tkodob\u00fd ob\u010dansk\u00fd pr\u016fkaz bez strojov\u011b \u010diteln\u00fdch \u00fadaj\u016f<\/a><\/li><li class=\"page_item page-item-286\"><a href=\"https:\/\/www.praha7.cz\/potrebuji-zaridit\/doklady\/obcansky-prukaz\/obcane-s-omezenou-svepravnosti\/\">Ob\u010dan\u00e9 s&nbsp;omezenou sv\u00e9pr\u00e1vnost\u00ed<\/a><\/li><li class=\"page_item page-item-250\"><a href=\"https:\/\/www.praha7.cz\/potrebuji-zaridit\/doklady\/obcansky-prukaz\/pro-dite\/\">Ob\u010dansk\u00fd pr\u016fkaz pro d\u00edt\u011b<\/a><\/li><li class=\"page_item page-item-279\"><a href=\"https:\/\/www.praha7.cz\/potrebuji-zaridit\/doklady\/obcansky-prukaz\/prvni-obcansky-prukaz-bez-trvaleho-pobytu-v-cr-nebo-po-navratu-z-ciziny\/\">Prvn\u00ed ob\u010dansk\u00fd pr\u016fkaz bez trval\u00e9ho pobytu v&nbsp;\u010cR nebo po n\u00e1vratu z&nbsp;ciziny<\/a><\/li><li class=\"page_item page-item-277\"><a href=\"https:\/\/www.praha7.cz\/potrebuji-zaridit\/doklady\/obcansky-prukaz\/po-ziskani-statniho-obcanstvi\/\">Prvn\u00ed ob\u010dansk\u00fd pr\u016fkaz po z\u00edsk\u00e1n\u00ed st\u00e1tn\u00edho ob\u010danstv\u00ed<\/a><\/li><li class=\"page_item page-item-254\"><a href=\"https:\/\/www.praha7.cz\/potrebuji-zaridit\/doklady\/obcansky-prukaz\/prvni-obcansky-prukaz-v-15-letech\/\">Prvn\u00ed ob\u010dansk\u00fd pr\u016fkaz v&nbsp;15 letech<\/a><\/li><li class=\"page_item page-item-271\"><a href=\"https:\/\/www.praha7.cz\/potrebuji-zaridit\/doklady\/obcansky-prukaz\/zmena-osobni-duvod\/\">Zm\u011bna ob\u010dansk\u00e9ho pr\u016fkazu z&nbsp;osobn\u00edho d\u016fvodu<\/a><\/li><li class=\"page_item page-item-261 page_item_has_children\"><a href=\"https:\/\/www.praha7.cz\/potrebuji-zaridit\/doklady\/obcansky-prukaz\/zmena-udaju\/\">Zm\u011bna \u00fadaj\u016f v&nbsp;ob\u010dansk\u00e9m pr\u016fkazu<\/a><ul class='children'><li class=\"page_item page-item-267\"><a href=\"https:\/\/www.praha7.cz\/potrebuji-zaridit\/doklady\/obcansky-prukaz\/zmena-udaju\/jmeno-rodne-cislo\/\">Zm\u011bna jm\u00e9na, p\u0159\u00edjmen\u00ed nebo rodn\u00e9ho \u010d\u00edsla<\/a><\/li><li class=\"page_item page-item-263\"><a href=\"https:\/\/www.praha7.cz\/potrebuji-zaridit\/doklady\/obcansky-prukaz\/zmena-udaju\/trvaly-pobyt\/\">Zm\u011bna nebo zru\u0161en\u00ed m\u00edsta trval\u00e9ho pobytu<\/a><\/li><li class=\"page_item page-item-265\"><a href=\"https:\/\/www.praha7.cz\/potrebuji-zaridit\/doklady\/obcansky-prukaz\/zmena-udaju\/rodinny-stav\/\">Zm\u011bna rodinn\u00e9ho stavu nebo registrovan\u00e9ho partnerstv\u00ed<\/a><\/li><\/ul><\/li><li class=\"page_item page-item-17166\"><a href=\"https:\/\/www.praha7.cz\/potrebuji-zaridit\/doklady\/obcansky-prukaz\/zrychlene-vydani\/\">Zrychlen\u00e9 vyd\u00e1n\u00ed<\/a><\/li><li class=\"page_item page-item-240 page_item_has_children\"><a href=\"https:\/\/www.praha7.cz\/potrebuji-zaridit\/doklady\/obcansky-prukaz\/ztrata-kradez-nebo-poskozeni\/\">Ztr\u00e1ta, kr\u00e1de\u017e, zni\u010den\u00ed nebo po\u0161kozen\u00ed ob\u010dansk\u00e9ho pr\u016fkazu<\/a><ul class='children'><li class=\"page_item page-item-294\"><a href=\"https:\/\/www.praha7.cz\/potrebuji-zaridit\/doklady\/obcansky-prukaz\/ztrata-kradez-nebo-poskozeni\/v-zahranici\/\">Ztr\u00e1ta, kr\u00e1de\u017e nebo po\u0161kozen\u00ed ob\u010dansk\u00e9ho pr\u016fkazu v&nbsp;zahrani\u010d\u00ed<\/a><\/li><\/ul><\/li><\/ul><\/li><li class=\"page_item page-item-457 page_item_has_children\"><a href=\"https:\/\/www.praha7.cz\/potrebuji-zaridit\/doklady\/trvaly-pobyt\/\">Trval\u00fd pobyt<\/a><ul class='children'><li class=\"page_item page-item-395\"><a href=\"https:\/\/www.praha7.cz\/potrebuji-zaridit\/doklady\/trvaly-pobyt\/dorucovaci-adresa\/\">Doru\u010dovac\u00ed adresa<\/a><\/li><li class=\"page_item page-item-382\"><a href=\"https:\/\/www.praha7.cz\/potrebuji-zaridit\/doklady\/trvaly-pobyt\/obcan-nad-15-let\/\">Hl\u00e1\u0161en\u00ed trval\u00e9ho pobytu ob\u010dana star\u0161\u00edho 15 let<\/a><\/li><li class=\"page_item page-item-386\"><a href=\"https:\/\/www.praha7.cz\/potrebuji-zaridit\/doklady\/trvaly-pobyt\/ohlaseni-zmeny\/\">Ohl\u00e1\u0161en\u00ed zm\u011bny m\u00edsta trval\u00e9ho pobytu ob\u010dana star\u0161\u00edho 15 let<\/a><\/li><li class=\"page_item page-item-389\"><a href=\"https:\/\/www.praha7.cz\/potrebuji-zaridit\/doklady\/trvaly-pobyt\/prihlaseni-deti\/\">P\u0159ihl\u00e1\u0161en\u00ed d\u00edt\u011bte do\u00a015 let<\/a><\/li><li class=\"page_item page-item-393\"><a href=\"https:\/\/www.praha7.cz\/potrebuji-zaridit\/doklady\/trvaly-pobyt\/ukonceni-trvaleho-pobytu-v-cr\/\">Ukon\u010den\u00ed trval\u00e9ho pobytu v&nbsp;\u010cR<\/a><\/li><\/ul><\/li><li class=\"page_item page-item-380\"><a href=\"https:\/\/www.praha7.cz\/potrebuji-zaridit\/doklady\/evidence-obyvatel\/\">V\u00fddej dat z&nbsp;evidence obyvatel<\/a><\/li><\/ul><\/li><li class=\"page_item page-item-1221 page_item_has_children\"><a href=\"https:\/\/www.praha7.cz\/potrebuji-zaridit\/doprava\/\">Parkov\u00e1n\u00ed a&nbsp;doprava<\/a><ul class='children'><li class=\"page_item page-item-50284\"><a href=\"https:\/\/www.praha7.cz\/potrebuji-zaridit\/doprava\/chodnik-neni-parkoviste\/\">Chodn\u00edk nen\u00ed parkovi\u0161t\u011b<\/a><\/li><li class=\"page_item page-item-3276\"><a href=\"https:\/\/www.praha7.cz\/potrebuji-zaridit\/doprava\/druhy-zon\/\">Druhy z\u00f3n<\/a><\/li><li class=\"page_item page-item-1213\"><a href=\"https:\/\/www.praha7.cz\/potrebuji-zaridit\/doprava\/napojeni-objektu-na-komunikaci\/\">Napojen\u00ed na komunikaci<\/a><\/li><li class=\"page_item page-item-3465 page_item_has_children\"><a href=\"https:\/\/www.praha7.cz\/potrebuji-zaridit\/doprava\/parkovani\/\">Parkov\u00e1n\u00ed<\/a><ul class='children'><li class=\"page_item page-item-24704\"><a href=\"https:\/\/www.praha7.cz\/potrebuji-zaridit\/doprava\/parkovani\/dalsi-moznosti-placeneho-parkovani\/\">Dal\u0161\u00ed mo\u017enosti placen\u00e9ho parkov\u00e1n\u00ed (mapa)<\/a><\/li><li class=\"page_item page-item-1175\"><a href=\"https:\/\/www.praha7.cz\/potrebuji-zaridit\/doprava\/parkovani\/parkovaci-karty\/\">Parkovac\u00ed opr\u00e1vn\u011bn\u00ed<\/a><\/li><li class=\"page_item page-item-1197\"><a href=\"https:\/\/www.praha7.cz\/potrebuji-zaridit\/doprava\/parkovani\/parkovaci-mista-pro-invalidy\/\">Parkov\u00e1n\u00ed pro invalidy<\/a><\/li><li class=\"page_item page-item-64514\"><a href=\"https:\/\/www.praha7.cz\/potrebuji-zaridit\/doprava\/parkovani\/parkovani-letna\/\">Parkov\u00e1n\u00ed v&nbsp;gar\u00e1\u017e\u00edch Letn\u00e1<\/a><\/li><li class=\"page_item page-item-72535\"><a href=\"https:\/\/www.praha7.cz\/potrebuji-zaridit\/doprava\/parkovani\/parkoviste-jankovcova-u-metra-nadrazi-holesovice\/\">Parkovi\u0161t\u011b Jankovcova (u&nbsp;metra N\u00e1dra\u017e\u00ed Hole\u0161ovice)<\/a><\/li><li class=\"page_item page-item-53958\"><a href=\"https:\/\/www.praha7.cz\/potrebuji-zaridit\/doprava\/parkovani\/rezidentske-parkovani-v-oc-stromovka\/\">Rezidentsk\u00e9 parkov\u00e1n\u00ed v&nbsp;Centru Stromovka<\/a><\/li><li class=\"page_item page-item-16247\"><a href=\"https:\/\/www.praha7.cz\/potrebuji-zaridit\/doprava\/parkovani\/parkovani-pro-rezidenty-na-vystavisti\/\">Ve\u010dern\u00ed parkov\u00e1n\u00ed na V\u00fdstavi\u0161ti zdarma<\/a><\/li><li class=\"page_item page-item-3234\"><a href=\"https:\/\/www.praha7.cz\/potrebuji-zaridit\/doprava\/parkovani\/projekt-zony-placeneho-stani\/\">Z\u00f3na placen\u00e9ho st\u00e1n\u00ed<\/a><\/li><li class=\"page_item page-item-70013\"><a href=\"https:\/\/www.praha7.cz\/potrebuji-zaridit\/doprava\/parkovani\/zvyhodnene-parkovani-pro-rezidenty-v-garazich-the-fizz\/\">Zv\u00fdhodn\u011bn\u00e9 parkov\u00e1n\u00ed pro rezidenty v&nbsp;gar\u00e1\u017e\u00edch The Fizz<\/a><\/li><\/ul><\/li><li class=\"page_item page-item-1392\"><a href=\"https:\/\/www.praha7.cz\/potrebuji-zaridit\/doprava\/povoleni-vjezdu\/\">Povolen\u00ed vjezdu<\/a><\/li><li class=\"page_item page-item-3301\"><a href=\"https:\/\/www.praha7.cz\/potrebuji-zaridit\/doprava\/seznamy-zasobovacich-a-invalidnich-stani\/\">Seznamy z\u00e1sobovac\u00edch a&nbsp;invalidn\u00edch st\u00e1n\u00ed<\/a><\/li><li class=\"page_item page-item-3294\"><a href=\"https:\/\/www.praha7.cz\/potrebuji-zaridit\/doprava\/smisena-zona\/\">Sm\u00ed\u0161en\u00e1 z\u00f3na<\/a><\/li><li class=\"page_item page-item-3263\"><a href=\"https:\/\/www.praha7.cz\/potrebuji-zaridit\/doprava\/stiraci-parkovaci-karty\/\">St\u00edrac\u00ed parkovac\u00ed karty<\/a><\/li><li class=\"page_item page-item-1233 page_item_has_children\"><a href=\"https:\/\/www.praha7.cz\/potrebuji-zaridit\/doprava\/zvlastni-uzivani-komunikace\/\">Zvl\u00e1\u0161tn\u00ed u\u017e\u00edv\u00e1n\u00ed komunikac\u00ed<\/a><ul class='children'><li class=\"page_item page-item-1189\"><a href=\"https:\/\/www.praha7.cz\/potrebuji-zaridit\/doprava\/zvlastni-uzivani-komunikace\/zabory-ulic\/\">Filma\u0159i, kulturn\u00ed a&nbsp;sportovn\u00ed akce<\/a><\/li><li class=\"page_item page-item-1193 page_item_has_children\"><a href=\"https:\/\/www.praha7.cz\/potrebuji-zaridit\/doprava\/zvlastni-uzivani-komunikace\/predzahradky\/\">P\u0159edzahr\u00e1dky<\/a><ul class='children'><li class=\"page_item page-item-83172\"><a href=\"https:\/\/www.praha7.cz\/potrebuji-zaridit\/doprava\/zvlastni-uzivani-komunikace\/predzahradky\/parklet\/\">Parklet<\/a><\/li><\/ul><\/li><li class=\"page_item page-item-1204\"><a href=\"https:\/\/www.praha7.cz\/potrebuji-zaridit\/doprava\/zvlastni-uzivani-komunikace\/zabory-pro-stanky\/\">Prodejn\u00ed st\u00e1nky<\/a><\/li><li class=\"page_item page-item-1277 page_item_has_children\"><a href=\"https:\/\/www.praha7.cz\/potrebuji-zaridit\/doprava\/zvlastni-uzivani-komunikace\/zabory-pro-reklamni-stojany\/\">Reklamn\u00ed stojky<\/a><ul class='children'><li class=\"page_item page-item-1209\"><a href=\"https:\/\/www.praha7.cz\/potrebuji-zaridit\/doprava\/zvlastni-uzivani-komunikace\/zabory-pro-reklamni-stojany\/umisteni-reklamy\/\">Um\u00edst\u011bn\u00ed reklamy<\/a><\/li><\/ul><\/li><li class=\"page_item page-item-1238\"><a href=\"https:\/\/www.praha7.cz\/potrebuji-zaridit\/doprava\/zvlastni-uzivani-komunikace\/stavebni-zabor\/\">Stavebn\u00ed z\u00e1bory<\/a><\/li><li class=\"page_item page-item-1259\"><a href=\"https:\/\/www.praha7.cz\/potrebuji-zaridit\/doprava\/zvlastni-uzivani-komunikace\/vykopy\/\">V\u00fdkopy<\/a><\/li><\/ul><\/li><\/ul><\/li><li class=\"page_item page-item-5996\"><a href=\"https:\/\/www.praha7.cz\/potrebuji-zaridit\/petice\/\">Petice<\/a><\/li><li class=\"page_item page-item-37223 page_item_has_children\"><a href=\"https:\/\/www.praha7.cz\/potrebuji-zaridit\/planujte-sedmicku-s-nami\/\">Pl\u00e1nujte Sedmi\u010dku s&nbsp;n\u00e1mi<\/a><ul class='children'><li class=\"page_item page-item-83150\"><a href=\"https:\/\/www.praha7.cz\/potrebuji-zaridit\/planujte-sedmicku-s-nami\/hrava-tusarka\/\">Hrav\u00e1 Tusarka<\/a><\/li><li class=\"page_item page-item-74724 page_item_has_children\"><a href=\"https:\/\/www.praha7.cz\/potrebuji-zaridit\/planujte-sedmicku-s-nami\/hriste-pro-deti\/\">H\u0159i\u0161t\u011b pro d\u011bti<\/a><ul class='children'><li class=\"page_item page-item-75798\"><a href=\"https:\/\/www.praha7.cz\/potrebuji-zaridit\/planujte-sedmicku-s-nami\/hriste-pro-deti\/hriste-umelecka\/\">H\u0159i\u0161t\u011b Um\u011bleck\u00e1<\/a><\/li><\/ul><\/li><li class=\"page_item page-item-66375\"><a href=\"https:\/\/www.praha7.cz\/potrebuji-zaridit\/planujte-sedmicku-s-nami\/hriste-sedmikraska\/\">H\u0159i\u0161t\u011b Sedmikr\u00e1ska<\/a><\/li><li class=\"page_item page-item-63407\"><a href=\"https:\/\/www.praha7.cz\/potrebuji-zaridit\/planujte-sedmicku-s-nami\/okoli-fzs-umelecka\/\">Okol\u00ed FZ\u0160 Um\u011bleck\u00e1<\/a><\/li><li class=\"page_item page-item-37225 page_item_has_children\"><a href=\"https:\/\/www.praha7.cz\/potrebuji-zaridit\/planujte-sedmicku-s-nami\/park-u-vody\/\">Park U&nbsp;Vody<\/a><ul class='children'><li class=\"page_item page-item-50012\"><a href=\"https:\/\/www.praha7.cz\/potrebuji-zaridit\/planujte-sedmicku-s-nami\/park-u-vody\/anotace-a-vystupy-projektu-park-u-vody\/\">Anotace a&nbsp;v\u00fdstupy projektu Park U&nbsp;Vody<\/a><\/li><li class=\"page_item page-item-55561\"><a href=\"https:\/\/www.praha7.cz\/potrebuji-zaridit\/planujte-sedmicku-s-nami\/park-u-vody\/den-pro-trojskou-kotlinu-2022\/\">Den pro Trojskou kotlinu 2022<\/a><\/li><li class=\"page_item page-item-40621\"><a href=\"https:\/\/www.praha7.cz\/potrebuji-zaridit\/planujte-sedmicku-s-nami\/park-u-vody\/dotaznik-podoba-parku\/\">Dotazn\u00edk \u2013 budouc\u00ed podoba parku<\/a><\/li><li class=\"page_item page-item-55467\"><a href=\"https:\/\/www.praha7.cz\/potrebuji-zaridit\/planujte-sedmicku-s-nami\/park-u-vody\/mesto-a-reka\/\">Mezin\u00e1rodn\u00ed konference M\u011bsto a&nbsp;\u0159eka<\/a><\/li><li class=\"page_item page-item-40653\"><a href=\"https:\/\/www.praha7.cz\/potrebuji-zaridit\/planujte-sedmicku-s-nami\/park-u-vody\/nove-jmeno-parku\/\">Nov\u00e9 jm\u00e9no parku<\/a><\/li><li class=\"page_item page-item-40631\"><a href=\"https:\/\/www.praha7.cz\/potrebuji-zaridit\/planujte-sedmicku-s-nami\/park-u-vody\/o-novem-parku-na-nabrezi\/\">O nov\u00e9m parku na n\u00e1b\u0159e\u017e\u00ed<\/a><\/li><li class=\"page_item page-item-57228\"><a href=\"https:\/\/www.praha7.cz\/potrebuji-zaridit\/planujte-sedmicku-s-nami\/park-u-vody\/u-vody-park-eng\/\">U Vody Park (eng)<\/a><\/li><\/ul><\/li><li class=\"page_item page-item-47700 page_item_has_children\"><a href=\"https:\/\/www.praha7.cz\/potrebuji-zaridit\/planujte-sedmicku-s-nami\/revitalizace-verejnych-prostranstvi\/\">Revitalizace ve\u0159ejn\u00fdch prostranstv\u00ed<\/a><ul class='children'><li class=\"page_item page-item-47729\"><a href=\"https:\/\/www.praha7.cz\/potrebuji-zaridit\/planujte-sedmicku-s-nami\/revitalizace-verejnych-prostranstvi\/frantiska-krizka\/\">Franti\u0161ka K\u0159\u00ed\u017eka<\/a><\/li><li class=\"page_item page-item-47716\"><a href=\"https:\/\/www.praha7.cz\/potrebuji-zaridit\/planujte-sedmicku-s-nami\/revitalizace-verejnych-prostranstvi\/janovskeho\/\">Janovsk\u00e9ho<\/a><\/li><li class=\"page_item page-item-47702\"><a href=\"https:\/\/www.praha7.cz\/potrebuji-zaridit\/planujte-sedmicku-s-nami\/revitalizace-verejnych-prostranstvi\/letensky-kriz\/\">Letensk\u00fd k\u0159\u00ed\u017e<\/a><\/li><li class=\"page_item page-item-44358 page_item_has_children\"><a href=\"https:\/\/www.praha7.cz\/potrebuji-zaridit\/planujte-sedmicku-s-nami\/revitalizace-verejnych-prostranstvi\/letensky-muzejni-distrikt\/\">Letensk\u00fd muzejn\u00ed distrikt<\/a><ul class='children'><li class=\"page_item page-item-47336\"><a href=\"https:\/\/www.praha7.cz\/potrebuji-zaridit\/planujte-sedmicku-s-nami\/revitalizace-verejnych-prostranstvi\/letensky-muzejni-distrikt\/spolecne-po-letne-vysledky-ankety\/\">Spole\u010dn\u011b po Letn\u00e9 \u2013 v\u00fdsledky ankety<\/a><\/li><\/ul><\/li><li class=\"page_item page-item-47734\"><a href=\"https:\/\/www.praha7.cz\/potrebuji-zaridit\/planujte-sedmicku-s-nami\/revitalizace-verejnych-prostranstvi\/ovenecka\/\">Oveneck\u00e1<\/a><\/li><li class=\"page_item page-item-64007\"><a href=\"https:\/\/www.praha7.cz\/potrebuji-zaridit\/planujte-sedmicku-s-nami\/revitalizace-verejnych-prostranstvi\/privozni\/\">P\u0159\u00edvozn\u00ed<\/a><\/li><li class=\"page_item page-item-54591\"><a href=\"https:\/\/www.praha7.cz\/potrebuji-zaridit\/planujte-sedmicku-s-nami\/revitalizace-verejnych-prostranstvi\/studie-korunovacni\/\">Studie Korunova\u010dn\u00ed<\/a><\/li><\/ul><\/li><li class=\"page_item page-item-91340\"><a href=\"https:\/\/www.praha7.cz\/potrebuji-zaridit\/planujte-sedmicku-s-nami\/spot\/\">Spot Hole\u0161ovice<\/a><\/li><li class=\"page_item page-item-74362\"><a href=\"https:\/\/www.praha7.cz\/potrebuji-zaridit\/planujte-sedmicku-s-nami\/vnitroblok-u-uranie\/\">Vnitroblok U&nbsp;Uranie<\/a><\/li><li class=\"page_item page-item-26740 page_item_has_children\"><a href=\"https:\/\/www.praha7.cz\/potrebuji-zaridit\/planujte-sedmicku-s-nami\/vnitrobloky\/\">Vnitrobloky<\/a><ul class='children'><li class=\"page_item page-item-26758\"><a href=\"https:\/\/www.praha7.cz\/potrebuji-zaridit\/planujte-sedmicku-s-nami\/vnitrobloky\/budoucnost-vnitrobloku-vysledky-dotazniku\/\">Budoucnost vnitrobloku \u2013 v\u00fdsledky dotazn\u00edku<\/a><\/li><\/ul><\/li><li class=\"page_item page-item-45738\"><a href=\"https:\/\/www.praha7.cz\/potrebuji-zaridit\/planujte-sedmicku-s-nami\/zakladni-skola-jana-vodnanskeho\/\">Z\u00e1kladn\u00ed \u0161kola Jana Vod\u0148ansk\u00e9ho<\/a><\/li><\/ul><\/li><li class=\"page_item page-item-6329 page_item_has_children\"><a href=\"https:\/\/www.praha7.cz\/potrebuji-zaridit\/podnikani\/\">Podnik\u00e1n\u00ed<\/a><ul class='children'><li class=\"page_item page-item-6374\"><a href=\"https:\/\/www.praha7.cz\/potrebuji-zaridit\/podnikani\/jednotne-kontaktni-misto\/\">Jednotn\u00e9 kontaktn\u00ed m\u00edsto<\/a><\/li><li class=\"page_item page-item-13028\"><a href=\"https:\/\/www.praha7.cz\/potrebuji-zaridit\/podnikani\/souvisejici-pravni-predpisy\/\">Souvisej\u00edc\u00ed pr\u00e1vn\u00ed p\u0159edpisy<\/a><\/li><li class=\"page_item page-item-11962\"><a href=\"https:\/\/www.praha7.cz\/potrebuji-zaridit\/podnikani\/uzitecne-odkazy\/\">U\u017eite\u010dn\u00e9 odkazy<\/a><\/li><li class=\"page_item page-item-6361 page_item_has_children\"><a href=\"https:\/\/www.praha7.cz\/potrebuji-zaridit\/podnikani\/zemedelske-podnikani\/\">Zem\u011bd\u011blsk\u00e9 podnik\u00e1n\u00ed<\/a><ul class='children'><li class=\"page_item page-item-6367\"><a href=\"https:\/\/www.praha7.cz\/potrebuji-zaridit\/podnikani\/zemedelske-podnikani\/preruseni-a-pokracovani-v-provozovani-zemedelske-vyroby\/\">P\u0159eru\u0161en\u00ed a&nbsp;pokra\u010dov\u00e1n\u00ed v&nbsp;provozov\u00e1n\u00ed zem\u011bd\u011blsk\u00e9 v\u00fdroby<\/a><\/li><li class=\"page_item page-item-6372\"><a href=\"https:\/\/www.praha7.cz\/potrebuji-zaridit\/podnikani\/zemedelske-podnikani\/vypis-z-evidence-zemedelskeho-podnikatele\/\">V\u00fdpis z&nbsp;evidence zem\u011bd\u011blsk\u00e9ho podnikatele<\/a><\/li><li class=\"page_item page-item-6369\"><a href=\"https:\/\/www.praha7.cz\/potrebuji-zaridit\/podnikani\/zemedelske-podnikani\/vyrazeni-z-evidence-zemedelskeho-podnikatele\/\">Vy\u0159azen\u00ed z&nbsp;evidence zem\u011bd\u011blsk\u00e9ho podnikatele<\/a><\/li><li class=\"page_item page-item-6363\"><a href=\"https:\/\/www.praha7.cz\/potrebuji-zaridit\/podnikani\/zemedelske-podnikani\/zapis-do-evidence-zemedelskeho-podnikatele\/\">Z\u00e1pis do evidence zem\u011bd\u011blsk\u00e9ho podnikatele<\/a><\/li><li class=\"page_item page-item-6365\"><a href=\"https:\/\/www.praha7.cz\/potrebuji-zaridit\/podnikani\/zemedelske-podnikani\/zmeny-udaju-zapisovanych-do-evidence-zemedelskeho-podnikatele\/\">Zm\u011bny \u00fadaj\u016f zapisovan\u00fdch do evidence zem\u011bd\u011blsk\u00e9ho podnikatele<\/a><\/li><\/ul><\/li><li class=\"page_item page-item-4720 page_item_has_children\"><a href=\"https:\/\/www.praha7.cz\/potrebuji-zaridit\/podnikani\/zivnostenske-podnikani\/\">\u017divnostensk\u00e9 podnik\u00e1n\u00ed<\/a><ul class='children'><li class=\"page_item page-item-48112\"><a href=\"https:\/\/www.praha7.cz\/potrebuji-zaridit\/podnikani\/zivnostenske-podnikani\/novely-v-zivnostenskem-zakone\/\">Novely v&nbsp;\u017eivnostensk\u00e9m z\u00e1kon\u011b<\/a><\/li><\/ul><\/li><\/ul><\/li><li class=\"page_item page-item-5936 page_item_has_children\"><a href=\"https:\/\/www.praha7.cz\/potrebuji-zaridit\/poradani-akci\/\">Po\u0159\u00e1d\u00e1n\u00ed akc\u00ed<\/a><ul class='children'><li class=\"page_item page-item-61091\"><a href=\"https:\/\/www.praha7.cz\/potrebuji-zaridit\/poradani-akci\/hazardni-hry-tombola-a-turnaj-maleho-rozsahu\/\">Hazardn\u00ed hry &#8211; tombola a&nbsp;turnaj mal\u00e9ho rozsahu<\/a><\/li><li class=\"page_item page-item-71613 page_item_has_children\"><a href=\"https:\/\/www.praha7.cz\/potrebuji-zaridit\/poradani-akci\/kde-se-akce-uskutecni\/\">Kde se akce uskute\u010dn\u00ed<\/a><ul class='children'><li class=\"page_item page-item-5771\"><a href=\"https:\/\/www.praha7.cz\/potrebuji-zaridit\/poradani-akci\/kde-se-akce-uskutecni\/poradani-akci-na-letenske-plani-u-metronomu-a-na-stvanici\/\">Letensk\u00e1 pl\u00e1\u0148, Metronom, ostrov \u0160tvanice<\/a><\/li><li class=\"page_item page-item-5767\"><a href=\"https:\/\/www.praha7.cz\/potrebuji-zaridit\/poradani-akci\/kde-se-akce-uskutecni\/poradani-akci-v-letenskych-sadech-a-ve-stromovce\/\">Letensk\u00e9 sady a&nbsp;Stromovka<\/a><\/li><li class=\"page_item page-item-5773\"><a href=\"https:\/\/www.praha7.cz\/potrebuji-zaridit\/poradani-akci\/kde-se-akce-uskutecni\/poradani-akci-na-rezacove-nam-ortenove-nam-v-parku-tusarova-i-v-jinych-lokalitach\/\">\u0158ez\u00e1\u010dovo n\u00e1m., Ortenovo n\u00e1m., park Tusarova a&nbsp;p\u011b\u0161\u00ed z\u00f3na p\u0159ed kostelem sv. Anton\u00edna na Strossmayerov\u011b n\u00e1m., podchody pod Hl\u00e1vkov\u00fdm mostem<\/a><\/li><li class=\"page_item page-item-71891\"><a href=\"https:\/\/www.praha7.cz\/potrebuji-zaridit\/poradani-akci\/kde-se-akce-uskutecni\/slechtova-restaurace\/\">\u0160lechtova restaurace<\/a><\/li><li class=\"page_item page-item-5775\"><a href=\"https:\/\/www.praha7.cz\/potrebuji-zaridit\/poradani-akci\/kde-se-akce-uskutecni\/poradani-akci-ve-verejnem-prostranstvi-na-pozemnich-komunikacich\/\">Ve\u0159ejn\u00e9 prostranstv\u00ed na pozemn\u00edch komunikac\u00edch<\/a><\/li><\/ul><\/li><li class=\"page_item page-item-1315\"><a href=\"https:\/\/www.praha7.cz\/potrebuji-zaridit\/poradani-akci\/ohlaseni-akce\/\">Ohl\u00e1\u0161en\u00ed akc\u00ed<\/a><\/li><li class=\"page_item page-item-9670\"><a href=\"https:\/\/www.praha7.cz\/potrebuji-zaridit\/poradani-akci\/ohnostroj\/\">Oh\u0148ostroj<\/a><\/li><li class=\"page_item page-item-38691\"><a href=\"https:\/\/www.praha7.cz\/potrebuji-zaridit\/poradani-akci\/poradani-pikniku\/\">Po\u0159\u00e1d\u00e1n\u00ed pikniku<\/a><\/li><li class=\"page_item page-item-45919\"><a href=\"https:\/\/www.praha7.cz\/potrebuji-zaridit\/poradani-akci\/poulicni-umelecke-verejne-produkce-busking\/\">Pouli\u010dn\u00ed um\u011bleck\u00e9 ve\u0159ejn\u00e9 produkce \u2013 busking<\/a><\/li><li class=\"page_item page-item-90542\"><a href=\"https:\/\/www.praha7.cz\/potrebuji-zaridit\/poradani-akci\/usneseni-ke-stanovisku-mc-praha-7-ke-konani-akci-a-koncertu-na-letenske-plani\/\">Usnesen\u00ed ke stanovisku M\u010c Praha&nbsp;7 ke kon\u00e1n\u00ed akc\u00ed a&nbsp;koncert\u016f na Letensk\u00e9 pl\u00e1ni<\/a><\/li><li class=\"page_item page-item-90536\"><a href=\"https:\/\/www.praha7.cz\/potrebuji-zaridit\/poradani-akci\/usneseni-ke-stanovisku-mc-praha-7-ke-konani-akci-na-ostrove-stvanice\/\">Usnesen\u00ed ke stanovisku M\u010c Praha&nbsp;7 ke kon\u00e1n\u00ed akc\u00ed na ostrov\u011b \u0160tvanice<\/a><\/li><li class=\"page_item page-item-90696\"><a href=\"https:\/\/www.praha7.cz\/potrebuji-zaridit\/poradani-akci\/zabezpeceni-pozarni-ochrany-pri-akcich-a-paleni-carodejnic\/\">Zabezpe\u010den\u00ed po\u017e\u00e1rn\u00ed ochrany p\u0159i akc\u00edch a&nbsp;p\u00e1len\u00ed \u010darod\u011bjnic<\/a><\/li><li class=\"page_item page-item-1325\"><a href=\"https:\/\/www.praha7.cz\/potrebuji-zaridit\/poradani-akci\/zastity\/\">Z\u00e1\u0161tita<\/a><\/li><\/ul><\/li><li class=\"page_item page-item-5416 page_item_has_children\"><a href=\"https:\/\/www.praha7.cz\/potrebuji-zaridit\/poskytovani-informaci\/\">Poskytov\u00e1n\u00ed informac\u00ed<\/a><ul class='children'><li class=\"page_item page-item-51854\"><a href=\"https:\/\/www.praha7.cz\/potrebuji-zaridit\/poskytovani-informaci\/munipolis\/\">Munipolis<\/a><\/li><li class=\"page_item page-item-5459\"><a href=\"https:\/\/www.praha7.cz\/potrebuji-zaridit\/poskytovani-informaci\/nahlizeni-do-spisu-ulozenych-v-archivu\/\">Nahl\u00ed\u017een\u00ed do spis\u016f ulo\u017een\u00fdch ve spisov\u00e9m odd\u011blen\u00ed<\/a><\/li><li class=\"page_item page-item-6032\"><a href=\"https:\/\/www.praha7.cz\/potrebuji-zaridit\/poskytovani-informaci\/vypis-z-zivnostenskeho-rejstriku\/\">V\u00fdpis z&nbsp;\u017eivnostensk\u00e9ho rejst\u0159\u00edku<\/a><\/li><li class=\"page_item page-item-5419\"><a href=\"https:\/\/www.praha7.cz\/potrebuji-zaridit\/poskytovani-informaci\/zadost-o-poskytnuti-informace\/\">\u017d\u00e1dost o&nbsp;poskytnut\u00ed informace<\/a><\/li><\/ul><\/li><li class=\"page_item page-item-6005\"><a href=\"https:\/\/www.praha7.cz\/potrebuji-zaridit\/prisedici-u-obvodniho-soudu\/\">P\u0159\u00edsed\u00edc\u00ed u&nbsp;Obvodn\u00edho soudu<\/a><\/li><li class=\"page_item page-item-2147 page_item_has_children\"><a href=\"https:\/\/www.praha7.cz\/potrebuji-zaridit\/skolstvi\/\">\u0160kolsk\u00e1 za\u0159\u00edzen\u00ed<\/a><ul class='children'><li class=\"page_item page-item-18245\"><a href=\"https:\/\/www.praha7.cz\/potrebuji-zaridit\/skolstvi\/4-rocnik-letni-skolky-prahy-7\/\">4.&nbsp;ro\u010dn\u00edk Letn\u00ed \u0161kolky Prahy&nbsp;7<\/a><\/li><li class=\"page_item page-item-31224\"><a href=\"https:\/\/www.praha7.cz\/potrebuji-zaridit\/skolstvi\/aktuality\/\">Aktuality ze \u0161kolstv\u00ed<\/a><\/li><li class=\"page_item page-item-29638 page_item_has_children\"><a href=\"https:\/\/www.praha7.cz\/potrebuji-zaridit\/skolstvi\/detske-skupiny\/\">D\u011btsk\u00e9 skupiny<\/a><ul class='children'><li class=\"page_item page-item-77084\"><a href=\"https:\/\/www.praha7.cz\/potrebuji-zaridit\/skolstvi\/detske-skupiny\/prazdninovy-provoz-ds\/\">Pr\u00e1zdninov\u00fd provoz DS<\/a><\/li><li class=\"page_item page-item-76400\"><a href=\"https:\/\/www.praha7.cz\/potrebuji-zaridit\/skolstvi\/detske-skupiny\/seznam-detskych-skupin\/\">Seznam d\u011btsk\u00fdch skupin<\/a><\/li><li class=\"page_item page-item-75969\"><a href=\"https:\/\/www.praha7.cz\/potrebuji-zaridit\/skolstvi\/detske-skupiny\/terminy-zapisu-do-detskych-skupin-na-skolni-rok-2024-2025\/\">Term\u00edny z\u00e1pis\u016f do d\u011btsk\u00fdch skupin na \u0161koln\u00ed rok 2024\/2025<\/a><\/li><li class=\"page_item page-item-76403\"><a href=\"https:\/\/www.praha7.cz\/potrebuji-zaridit\/skolstvi\/detske-skupiny\/zapisy-do-detskych-skupin\/\">Z\u00e1pisy do d\u011btsk\u00fdch skupin<\/a><\/li><\/ul><\/li><li class=\"page_item page-item-73257\"><a href=\"https:\/\/www.praha7.cz\/potrebuji-zaridit\/skolstvi\/dny-otevrenych-dveri-na-ms-a-zs\/\">Dny otev\u0159en\u00fdch dve\u0159\u00ed na M\u0160 a&nbsp;Z\u0160<\/a><\/li><li class=\"page_item page-item-76337\"><a href=\"https:\/\/www.praha7.cz\/potrebuji-zaridit\/skolstvi\/information-for-foreigners\/\">Information for foreigners<\/a><\/li><li class=\"page_item page-item-2212\"><a href=\"https:\/\/www.praha7.cz\/potrebuji-zaridit\/skolstvi\/mapa-skol-na-uzemi-mestske-casti-prahy-7\/\">Mapa \u0161kol na \u00fazem\u00ed m\u011bstsk\u00e9 \u010d\u00e1sti Prahy&nbsp;7<\/a><\/li><li class=\"page_item page-item-2161 page_item_has_children\"><a href=\"https:\/\/www.praha7.cz\/potrebuji-zaridit\/skolstvi\/materske-skoly\/\">Mate\u0159sk\u00e9 \u0161koly<\/a><ul class='children'><li class=\"page_item page-item-16043\"><a href=\"https:\/\/www.praha7.cz\/potrebuji-zaridit\/skolstvi\/materske-skoly\/prazdninovy-provoz-materskych-skol-zrizenych-mc-praha-7\/\">Pr\u00e1zdninov\u00fd provoz M\u0160<\/a><\/li><li class=\"page_item page-item-4806\"><a href=\"https:\/\/www.praha7.cz\/potrebuji-zaridit\/skolstvi\/materske-skoly\/prehled-materskych-skol\/\">P\u0159ehled mate\u0159sk\u00fdch \u0161kol<\/a><\/li><li class=\"page_item page-item-30794\"><a href=\"https:\/\/www.praha7.cz\/potrebuji-zaridit\/skolstvi\/materske-skoly\/vanocni-provoz-materskych-skol\/\">V\u00e1no\u010dn\u00ed provoz mate\u0159sk\u00fdch \u0161kol z\u0159\u00edzen\u00fdch M\u010c Praha&nbsp;7<\/a><\/li><li class=\"page_item page-item-2149\"><a href=\"https:\/\/www.praha7.cz\/potrebuji-zaridit\/skolstvi\/materske-skoly\/zapis-do-materske-skoly\/\">Z\u00e1pis do mate\u0159sk\u00e9 \u0161koly<\/a><\/li><li class=\"page_item page-item-57693\"><a href=\"https:\/\/www.praha7.cz\/potrebuji-zaridit\/skolstvi\/materske-skoly\/zapis-pro-deti-z-ukr-%d0%b4%d0%bb%d1%8f-%d0%b4%d1%96%d1%82%d0%b5%d0%b9-%d0%b7-%d1%83%d0%ba%d1%80%d0%b0%d1%97%d0%bd%d0%b8\/\">\u0434\u043b\u044f \u0434\u0456\u0442\u0435\u0439 \u0437 \u0423\u043a\u0440\u0430\u0457\u043d\u0438<\/a><\/li><\/ul><\/li><li class=\"page_item page-item-17980\"><a href=\"https:\/\/www.praha7.cz\/potrebuji-zaridit\/skolstvi\/organizace-skolniho-roku\/\">Organizace \u0161koln\u00edho roku 2025\/2026<\/a><\/li><li class=\"page_item page-item-66750\"><a href=\"https:\/\/www.praha7.cz\/potrebuji-zaridit\/skolstvi\/verejne-pronajmy-skolnich-prostor\/\">Ve\u0159ejn\u00e9 pron\u00e1jmy \u0161koln\u00edch prostor<\/a><\/li><li class=\"page_item page-item-2159 page_item_has_children\"><a href=\"https:\/\/www.praha7.cz\/potrebuji-zaridit\/skolstvi\/zakladni-skoly\/\">Z\u00e1kladn\u00ed \u0161koly<\/a><ul class='children'><li class=\"page_item page-item-46113\"><a href=\"https:\/\/www.praha7.cz\/potrebuji-zaridit\/skolstvi\/zakladni-skoly\/konta-solidarity-zs\/\">Konta solidarity Z\u0160<\/a><\/li><li class=\"page_item page-item-3332\"><a href=\"https:\/\/www.praha7.cz\/potrebuji-zaridit\/skolstvi\/zakladni-skoly\/prehled-zakladnich-skol\/\">P\u0159ehled z\u00e1kladn\u00edch \u0161kol<\/a><\/li><li class=\"page_item page-item-2157\"><a href=\"https:\/\/www.praha7.cz\/potrebuji-zaridit\/skolstvi\/zakladni-skoly\/pripravne-tridy-pri-zakladnich-skolach\/\">P\u0159\u00edpravn\u00e9 t\u0159\u00eddy p\u0159i z\u00e1kladn\u00edch \u0161kol\u00e1ch<\/a><\/li><li class=\"page_item page-item-2153\"><a href=\"https:\/\/www.praha7.cz\/potrebuji-zaridit\/skolstvi\/zakladni-skoly\/zapis-do-zakladni-skoly\/\">Z\u00e1pis do z\u00e1kladn\u00ed \u0161koly<\/a><\/li><li class=\"page_item page-item-57708\"><a href=\"https:\/\/www.praha7.cz\/potrebuji-zaridit\/skolstvi\/zakladni-skoly\/%d0%b4%d0%bb%d1%8f-%d0%b4%d1%96%d1%82%d0%b5%d0%b9-%d0%b7-%d1%83%d0%ba%d1%80%d0%b0%d1%97%d0%bd%d0%b8\/\">\u0434\u043b\u044f \u0434\u0456\u0442\u0435\u0439 \u0437 \u0423\u043a\u0440\u0430\u0457\u043d\u0438 \/ \u041f\u043e\u0447\u0430\u0442\u043a\u043e\u0432\u0430 \u0448\u043a\u043e\u043b\u0430<\/a><\/li><\/ul><\/li><\/ul><\/li><li class=\"page_item page-item-1062 page_item_has_children\"><a href=\"https:\/\/www.praha7.cz\/potrebuji-zaridit\/sluzby-obcanum\/\">Slu\u017eby ob\u010dan\u016fm a&nbsp;Czech POINT<\/a><ul class='children'><li class=\"page_item page-item-420\"><a href=\"https:\/\/www.praha7.cz\/potrebuji-zaridit\/sluzby-obcanum\/czech-point\/\">Czech POINT<\/a><\/li><li class=\"page_item page-item-68448\"><a href=\"https:\/\/www.praha7.cz\/potrebuji-zaridit\/sluzby-obcanum\/online-vypisy\/\">Online v\u00fdpisy<\/a><\/li><li class=\"page_item page-item-299\"><a href=\"https:\/\/www.praha7.cz\/potrebuji-zaridit\/sluzby-obcanum\/overovani-podpisu-a-kopii\/\">Ov\u011b\u0159ov\u00e1n\u00ed pravosti podpisu a&nbsp;shody kopie nebo opisu s&nbsp;listinou<\/a><\/li><li class=\"page_item page-item-409\"><a href=\"https:\/\/www.praha7.cz\/potrebuji-zaridit\/sluzby-obcanum\/reprograficke-sluzby\/\">Reprografick\u00e9 slu\u017eby<\/a><\/li><li class=\"page_item page-item-416\"><a href=\"https:\/\/www.praha7.cz\/potrebuji-zaridit\/sluzby-obcanum\/overovani-podpisu-imobilnim-obcanum\/\">Slu\u017eby pro imobiln\u00ed osoby<\/a><\/li><\/ul><\/li><li class=\"page_item page-item-1728 page_item_has_children\"><a href=\"https:\/\/www.praha7.cz\/potrebuji-zaridit\/socialni-oblast\/\">Soci\u00e1ln\u00ed oblast<\/a><ul class='children'><li class=\"page_item page-item-77410\"><a href=\"https:\/\/www.praha7.cz\/potrebuji-zaridit\/socialni-oblast\/s-postizenim\/\">Bydlen\u00ed pro lidi s&nbsp;posti\u017een\u00edm<\/a><\/li><li class=\"page_item page-item-2233\"><a href=\"https:\/\/www.praha7.cz\/potrebuji-zaridit\/socialni-oblast\/davky-na-bydleni\/\">D\u00e1vky na bydlen\u00ed<\/a><\/li><li class=\"page_item page-item-1730 page_item_has_children\"><a href=\"https:\/\/www.praha7.cz\/potrebuji-zaridit\/socialni-oblast\/jsem-senior-ka\/\">Jsem senior\/ka a&nbsp;pot\u0159ebuji poradit<\/a><ul class='children'><li class=\"page_item page-item-77395\"><a href=\"https:\/\/www.praha7.cz\/potrebuji-zaridit\/socialni-oblast\/jsem-senior-ka\/bps\/\">Bydlen\u00ed pro seniory<\/a><\/li><li class=\"page_item page-item-77150\"><a href=\"https:\/\/www.praha7.cz\/potrebuji-zaridit\/socialni-oblast\/jsem-senior-ka\/duchody\/\">D\u016fchody<\/a><\/li><li class=\"page_item page-item-89839\"><a href=\"https:\/\/www.praha7.cz\/potrebuji-zaridit\/socialni-oblast\/jsem-senior-ka\/jidelna-pro-seniory-v-tusarce\/\">J\u00eddelna pro seniory v&nbsp;Tusarce<\/a><\/li><li class=\"page_item page-item-77143\"><a href=\"https:\/\/www.praha7.cz\/potrebuji-zaridit\/socialni-oblast\/jsem-senior-ka\/pecuji-o-seniora\/\">Pe\u010duji o&nbsp;seniora<\/a><\/li><li class=\"page_item page-item-77138\"><a href=\"https:\/\/www.praha7.cz\/potrebuji-zaridit\/socialni-oblast\/jsem-senior-ka\/pomoc-pri-padu-tisnova-pece\/\">Pomoc p\u0159i p\u00e1du \u2013 T\u00eds\u0148ov\u00e1 p\u00e9\u010de<\/a><\/li><li class=\"page_item page-item-77120\"><a href=\"https:\/\/www.praha7.cz\/potrebuji-zaridit\/socialni-oblast\/jsem-senior-ka\/pomoc-s-domacnosti-a-pri-osobni-hygiene\/\">Pomoc s&nbsp;dom\u00e1cnost\u00ed a&nbsp;p\u0159i osobn\u00ed hygien\u011b<\/a><\/li><li class=\"page_item page-item-77129\"><a href=\"https:\/\/www.praha7.cz\/potrebuji-zaridit\/socialni-oblast\/jsem-senior-ka\/preprava\/\">P\u0159eprava<\/a><\/li><li class=\"page_item page-item-77125\"><a href=\"https:\/\/www.praha7.cz\/potrebuji-zaridit\/socialni-oblast\/jsem-senior-ka\/zajisteni-spolecnosti\/\">Zaji\u0161t\u011bn\u00ed spole\u010dnosti<\/a><\/li><li class=\"page_item page-item-77134\"><a href=\"https:\/\/www.praha7.cz\/potrebuji-zaridit\/socialni-oblast\/jsem-senior-ka\/zdravotni-osetreni-doma\/\">Zdravotn\u00ed o\u0161et\u0159en\u00ed doma<\/a><\/li><li class=\"page_item page-item-77136\"><a href=\"https:\/\/www.praha7.cz\/potrebuji-zaridit\/socialni-oblast\/jsem-senior-ka\/zdravotni-pomucky-pro-seniory\/\">Zdravotn\u00ed pom\u016fcky pro seniory<\/a><\/li><\/ul><\/li><li class=\"page_item page-item-1732 page_item_has_children\"><a href=\"https:\/\/www.praha7.cz\/potrebuji-zaridit\/socialni-oblast\/mam-zdravotni-handicap\/\">M\u00e1m zdravotn\u00ed handicap<\/a><ul class='children'><li class=\"page_item page-item-27961\"><a href=\"https:\/\/www.praha7.cz\/potrebuji-zaridit\/socialni-oblast\/mam-zdravotni-handicap\/formular\/\">Formul\u00e1\u0159 datab\u00e1ze neform\u00e1ln\u00edch pe\u010duj\u00edc\u00edch v&nbsp;Praze 7<\/a><\/li><li class=\"page_item page-item-77239\"><a href=\"https:\/\/www.praha7.cz\/potrebuji-zaridit\/socialni-oblast\/mam-zdravotni-handicap\/pecuji-o-zdravotne-postizeneho\/\">Pe\u010duji o&nbsp;zdravotn\u011b posti\u017een\u00e9ho<\/a><\/li><\/ul><\/li><li class=\"page_item page-item-10244\"><a href=\"https:\/\/www.praha7.cz\/potrebuji-zaridit\/socialni-oblast\/opatrovnictvi\/\">Opatrovnictv\u00ed<\/a><\/li><li class=\"page_item page-item-73485\"><a href=\"https:\/\/www.praha7.cz\/potrebuji-zaridit\/socialni-oblast\/osoby-ohrozene-domacim-nasilim\/\">Osoby ohro\u017een\u00e9 dom\u00e1c\u00edm n\u00e1sil\u00edm<\/a><\/li><li class=\"page_item page-item-73474\"><a href=\"https:\/\/www.praha7.cz\/potrebuji-zaridit\/socialni-oblast\/osoby-ohrozene-zavislostmi\/\">Osoby ohro\u017een\u00e9 z\u00e1vislostmi<\/a><\/li><li class=\"page_item page-item-73466 page_item_has_children\"><a href=\"https:\/\/www.praha7.cz\/potrebuji-zaridit\/socialni-oblast\/osoby-v-bytove-nouzi-a-bez-pristresi\/\">Osoby v&nbsp;bytov\u00e9 nouzi a&nbsp;bez p\u0159\u00edst\u0159e\u0161\u00ed<\/a><ul class='children'><li class=\"page_item page-item-1738\"><a href=\"https:\/\/www.praha7.cz\/potrebuji-zaridit\/socialni-oblast\/osoby-v-bytove-nouzi-a-bez-pristresi\/bytova-nouze\/\">Bytov\u00e1 nouze<\/a><\/li><\/ul><\/li><li class=\"page_item page-item-73471\"><a href=\"https:\/\/www.praha7.cz\/potrebuji-zaridit\/socialni-oblast\/osoby-v-socialni-a-financni-tisni\/\">Osoby v&nbsp;soci\u00e1ln\u00ed a&nbsp;finan\u010dn\u00ed t\u00edsni<\/a><\/li><li class=\"page_item page-item-64158\"><a href=\"https:\/\/www.praha7.cz\/potrebuji-zaridit\/socialni-oblast\/podpora-pro-rodiny\/\">Podpora pro rodiny<\/a><\/li><li class=\"page_item page-item-1736\"><a href=\"https:\/\/www.praha7.cz\/potrebuji-zaridit\/socialni-oblast\/pomoc-obcanum-ve-vykonu-trestu-a-jejich-rodinam\/\">Pomoc odsouzen\u00fdm ob\u010dan\u016fm, ob\u010dan\u016fm ve v\u00fdkonu trestu, propu\u0161t\u011bn\u00fdm z&nbsp;v\u00fdkonu trestu a&nbsp;jejich rodin\u00e1m<\/a><\/li><li class=\"page_item page-item-73460 page_item_has_children\"><a href=\"https:\/\/www.praha7.cz\/potrebuji-zaridit\/socialni-oblast\/rodiny-a-deti\/\">Rodiny a&nbsp;d\u011bti<\/a><ul class='children'><li class=\"page_item page-item-76162\"><a href=\"https:\/\/www.praha7.cz\/potrebuji-zaridit\/socialni-oblast\/rodiny-a-deti\/co-delat-ve-volnem-case\/\">Co d\u011blat ve voln\u00e9m \u010dase<\/a><\/li><li class=\"page_item page-item-3165 page_item_has_children\"><a href=\"https:\/\/www.praha7.cz\/potrebuji-zaridit\/socialni-oblast\/rodiny-a-deti\/socialne-pravni-ochrana-deti\/\">Soci\u00e1ln\u011b-pr\u00e1vn\u00ed ochrana d\u011bt\u00ed<\/a><ul class='children'><li class=\"page_item page-item-3183\"><a href=\"https:\/\/www.praha7.cz\/potrebuji-zaridit\/socialni-oblast\/rodiny-a-deti\/socialne-pravni-ochrana-deti\/mam-dite-ve-sve-peci\/\">M\u00e1m d\u00edt\u011b ve sv\u00e9 p\u00e9\u010di<\/a><\/li><li class=\"page_item page-item-3185\"><a href=\"https:\/\/www.praha7.cz\/potrebuji-zaridit\/socialni-oblast\/rodiny-a-deti\/socialne-pravni-ochrana-deti\/nemam-dite-ve-sve-peci\/\">Nem\u00e1m d\u00edt\u011b ve sv\u00e9 p\u00e9\u010di<\/a><\/li><li class=\"page_item page-item-3187\"><a href=\"https:\/\/www.praha7.cz\/potrebuji-zaridit\/socialni-oblast\/rodiny-a-deti\/socialne-pravni-ochrana-deti\/pestounska-pece\/\">P\u011bstounsk\u00e1 p\u00e9\u010de<\/a><\/li><\/ul><\/li><\/ul><\/li><li class=\"page_item page-item-73490\"><a href=\"https:\/\/www.praha7.cz\/potrebuji-zaridit\/socialni-oblast\/samozivitele\/\">Samo\u017eivitel\u00e9<\/a><\/li><li class=\"page_item page-item-6981 page_item_has_children\"><a href=\"https:\/\/www.praha7.cz\/potrebuji-zaridit\/socialni-oblast\/socialni-davky\/\">Soci\u00e1ln\u00ed d\u00e1vky a&nbsp;d\u016fchody<\/a><ul class='children'><li class=\"page_item page-item-7940\"><a href=\"https:\/\/www.praha7.cz\/potrebuji-zaridit\/socialni-oblast\/socialni-davky\/socialni-davky-podpora\/\">Soci\u00e1ln\u00ed d\u00e1vky, podpora<\/a><\/li><\/ul><\/li><li class=\"page_item page-item-71143 page_item_has_children\"><a href=\"https:\/\/www.praha7.cz\/potrebuji-zaridit\/socialni-oblast\/socialni-sluzby-a-podpora\/\">Soci\u00e1ln\u00ed slu\u017eby a&nbsp;podpora<\/a><ul class='children'><li class=\"page_item page-item-1734\"><a href=\"https:\/\/www.praha7.cz\/potrebuji-zaridit\/socialni-oblast\/socialni-sluzby-a-podpora\/nezamestnani\/\">Jsem nezam\u011bstnan\u00fd\/\u00e1<\/a><\/li><li class=\"page_item page-item-61717\"><a href=\"https:\/\/www.praha7.cz\/potrebuji-zaridit\/socialni-oblast\/socialni-sluzby-a-podpora\/potravinova-banka\/\">Potravinov\u00e1 banka<\/a><\/li><\/ul><\/li><li class=\"page_item page-item-71146\"><a href=\"https:\/\/www.praha7.cz\/potrebuji-zaridit\/socialni-oblast\/zivotni-situace\/\">\u017divotn\u00ed situace<\/a><\/li><li class=\"page_item page-item-7942\"><a href=\"https:\/\/www.praha7.cz\/potrebuji-zaridit\/socialni-oblast\/zvlastni-prijemce-duchodu\/\">Zvl\u00e1\u0161tn\u00ed p\u0159\u00edjemce d\u016fchodu<\/a><\/li><\/ul><\/li><li class=\"page_item page-item-6638 page_item_has_children\"><a href=\"https:\/\/www.praha7.cz\/potrebuji-zaridit\/stavba-rekonstrukce\/\">Stavba, rekonstrukce<\/a><ul class='children'><li class=\"page_item page-item-41805\"><a href=\"https:\/\/www.praha7.cz\/potrebuji-zaridit\/stavba-rekonstrukce\/pece-o-valecne-hroby\/\">P\u00e9\u010de o&nbsp;v\u00e1le\u010dn\u00e9 hroby<\/a><\/li><li class=\"page_item page-item-6640 page_item_has_children\"><a href=\"https:\/\/www.praha7.cz\/potrebuji-zaridit\/stavba-rekonstrukce\/planovani-stavby\/\">Pl\u00e1nov\u00e1n\u00ed stavby<\/a><ul class='children'><li class=\"page_item page-item-15813\"><a href=\"https:\/\/www.praha7.cz\/potrebuji-zaridit\/stavba-rekonstrukce\/planovani-stavby\/financni-spoluucast-investora-na-rozvoji-mc-praha-7\/\">Finan\u010dn\u00ed spolu\u00fa\u010dast investora na rozvoji M\u010c Praha&nbsp;7<\/a><\/li><li class=\"page_item page-item-6647\"><a href=\"https:\/\/www.praha7.cz\/potrebuji-zaridit\/stavba-rekonstrukce\/planovani-stavby\/predbezne-stanovisko\/\">P\u0159edb\u011b\u017en\u00e9 stanovisko m\u011bstsk\u00e9 \u010d\u00e1sti<\/a><\/li><li class=\"page_item page-item-6649\"><a href=\"https:\/\/www.praha7.cz\/potrebuji-zaridit\/stavba-rekonstrukce\/planovani-stavby\/projednani-v-komisi\/\">Projedn\u00e1n\u00ed v&nbsp;komisi<\/a><\/li><li class=\"page_item page-item-6655\"><a href=\"https:\/\/www.praha7.cz\/potrebuji-zaridit\/stavba-rekonstrukce\/planovani-stavby\/pudni-vestavby-a-nastavby\/\">P\u016fdn\u00ed vestavby a&nbsp;n\u00e1stavby<\/a><\/li><li class=\"page_item page-item-6680\"><a href=\"https:\/\/www.praha7.cz\/potrebuji-zaridit\/stavba-rekonstrukce\/planovani-stavby\/soulad-s-povodnovym-planem\/\">Soulad s\u00a0povod\u0148ov\u00fdm pl\u00e1nem<\/a><\/li><li class=\"page_item page-item-6653\"><a href=\"https:\/\/www.praha7.cz\/potrebuji-zaridit\/stavba-rekonstrukce\/planovani-stavby\/vyjimka-ze-stavebni-uzavery\/\">V\u00fdjimka ze stavebn\u00ed uz\u00e1v\u011bry<\/a><\/li><li class=\"page_item page-item-22397\"><a href=\"https:\/\/www.praha7.cz\/potrebuji-zaridit\/stavba-rekonstrukce\/planovani-stavby\/zarizeni-a-stavby-reklamni-a-informacni-povahy\/\">Za\u0159\u00edzen\u00ed a&nbsp;stavby reklamn\u00ed a&nbsp;informa\u010dn\u00ed povahy<\/a><\/li><\/ul><\/li><li class=\"page_item page-item-6642 page_item_has_children\"><a href=\"https:\/\/www.praha7.cz\/potrebuji-zaridit\/stavba-rekonstrukce\/povoleni-stavby\/\">Povolen\u00ed stavby<\/a><ul class='children'><li class=\"page_item page-item-66418\"><a href=\"https:\/\/www.praha7.cz\/potrebuji-zaridit\/stavba-rekonstrukce\/povoleni-stavby\/odstranovani-nesouladu-v-k-u-troja\/\">Nesoulad stavby v&nbsp;Katastru nemovitost\u00ed<\/a><\/li><li class=\"page_item page-item-10483\"><a href=\"https:\/\/www.praha7.cz\/potrebuji-zaridit\/stavba-rekonstrukce\/povoleni-stavby\/prakticke-informace-pro-obcany-a-drobne-stavebniky\/\">Praktick\u00e9 informace pro ob\u010dany a&nbsp;stavebn\u00edky<\/a><\/li><li class=\"page_item page-item-7880\"><a href=\"https:\/\/www.praha7.cz\/potrebuji-zaridit\/stavba-rekonstrukce\/povoleni-stavby\/uzemni-rozhodnuti\/\">\u00dazemn\u00ed rozhodnut\u00ed<\/a><\/li><li class=\"page_item page-item-10478\"><a href=\"https:\/\/www.praha7.cz\/potrebuji-zaridit\/stavba-rekonstrukce\/povoleni-stavby\/zakladni-informace-o-stavebnim-uradu\/\">Z\u00e1kladn\u00ed informace o&nbsp;stavebn\u00edm \u00fa\u0159adu<\/a><\/li><\/ul><\/li><\/ul><\/li><li class=\"page_item page-item-5990\"><a href=\"https:\/\/www.praha7.cz\/potrebuji-zaridit\/stiznosti\/\">St\u00ed\u017enosti<\/a><\/li><li class=\"page_item page-item-4722\"><a href=\"https:\/\/www.praha7.cz\/potrebuji-zaridit\/vyhlasene-verejne-zakazky\/\">Ve\u0159ejn\u00e9 zak\u00e1zky<\/a><\/li><li class=\"page_item page-item-6574 page_item_has_children\"><a href=\"https:\/\/www.praha7.cz\/potrebuji-zaridit\/volby\/\">Volby<\/a><ul class='children'><li class=\"page_item page-item-74414\"><a href=\"https:\/\/www.praha7.cz\/potrebuji-zaridit\/volby\/volby-do-evropskeho-parlamentu-2024\/\">Volby do Evropsk\u00e9ho parlamentu 2024<\/a><\/li><li class=\"page_item page-item-84997\"><a href=\"https:\/\/www.praha7.cz\/potrebuji-zaridit\/volby\/volby-do-poslanecke-snemovny-parlamentu-ceske-republiky-v-roce-2025\/\">Volby do Poslaneck\u00e9 sn\u011bmovny Parlamentu \u010cesk\u00e9 republiky v&nbsp;roce 2025<\/a><\/li><li class=\"page_item page-item-5575\"><a href=\"https:\/\/www.praha7.cz\/potrebuji-zaridit\/volby\/volebni-okrsky\/\">Volebn\u00ed okrsky<\/a><\/li><\/ul><\/li><li class=\"page_item page-item-4677\"><a href=\"https:\/\/www.praha7.cz\/potrebuji-zaridit\/volna-pracovni-mista\/\">Voln\u00e1 pracovn\u00ed m\u00edsta<\/a><\/li><li class=\"page_item page-item-2494 page_item_has_children\"><a href=\"https:\/\/www.praha7.cz\/potrebuji-zaridit\/zdravotnictvi\/\">Zdravotnictv\u00ed<\/a><ul class='children'><li class=\"page_item page-item-42136\"><a href=\"https:\/\/www.praha7.cz\/potrebuji-zaridit\/zdravotnictvi\/adresar-poraden-a-sluzeb-paliativni-pece\/\">Adres\u00e1\u0159 poraden a&nbsp;slu\u017eeb paliativn\u00ed p\u00e9\u010de<\/a><\/li><li class=\"page_item page-item-69199\"><a href=\"https:\/\/www.praha7.cz\/potrebuji-zaridit\/zdravotnictvi\/seznam-odbornych-lekaru-na-uzemi-prahy-7\/\">Seznam odborn\u00fdch l\u00e9ka\u0159\u016f na \u00fazem\u00ed Prahy&nbsp;7<\/a><\/li><\/ul><\/li><li class=\"page_item page-item-1652 page_item_has_children\"><a href=\"https:\/\/www.praha7.cz\/potrebuji-zaridit\/zivotni-prostredi\/\">\u017divotn\u00ed prost\u0159ed\u00ed<\/a><ul class='children'><li class=\"page_item page-item-6213\"><a href=\"https:\/\/www.praha7.cz\/potrebuji-zaridit\/zivotni-prostredi\/chov-vcel\/\">Chov v\u010del<\/a><\/li><li class=\"page_item page-item-39489\"><a href=\"https:\/\/www.praha7.cz\/potrebuji-zaridit\/zivotni-prostredi\/zavazna-stanoviska-a-vyjadreni-ozp-pro-potreby-spravnich-rizeni\/\">Jednotn\u00e9 environment\u00e1ln\u00ed stanovisko<\/a><\/li><li class=\"page_item page-item-1658\"><a href=\"https:\/\/www.praha7.cz\/potrebuji-zaridit\/zivotni-prostredi\/kaceni-drevin-rostoucich-mimo-les\/\">K\u00e1cen\u00ed d\u0159evin rostouc\u00edch mimo les<\/a><\/li><li class=\"page_item page-item-1672\"><a href=\"https:\/\/www.praha7.cz\/potrebuji-zaridit\/zivotni-prostredi\/lesy\/\">Lesy<\/a><\/li><li class=\"page_item page-item-1654\"><a href=\"https:\/\/www.praha7.cz\/potrebuji-zaridit\/zivotni-prostredi\/lovecky-listek\/\">Loveck\u00fd l\u00edstek<\/a><\/li><li class=\"page_item page-item-1675\"><a href=\"https:\/\/www.praha7.cz\/potrebuji-zaridit\/zivotni-prostredi\/ochrana-ovzdusi\/\">Ochrana ovzdu\u0161\u00ed<\/a><\/li><li class=\"page_item page-item-1670\"><a href=\"https:\/\/www.praha7.cz\/potrebuji-zaridit\/zivotni-prostredi\/ochrana-prirody-a-krajiny\/\">Ochrana p\u0159\u00edrody a&nbsp;krajiny<\/a><\/li><li class=\"page_item page-item-1686\"><a href=\"https:\/\/www.praha7.cz\/potrebuji-zaridit\/zivotni-prostredi\/ochrana-rostlinstva-a-zivocisstva\/\">Ochrana rostlinstva a&nbsp;\u017eivo\u010di\u0161stva<\/a><\/li><li class=\"page_item page-item-1678\"><a href=\"https:\/\/www.praha7.cz\/potrebuji-zaridit\/zivotni-prostredi\/ochrana-zemedelske-pudy\/\">Ochrana zem\u011bd\u011blsk\u00e9 p\u016fdy<\/a><\/li><li class=\"page_item page-item-11209 page_item_has_children\"><a href=\"https:\/\/www.praha7.cz\/potrebuji-zaridit\/zivotni-prostredi\/ochrana-zvirat\/\">Ochrana zv\u00ed\u0159at<\/a><ul class='children'><li class=\"page_item page-item-11214\"><a href=\"https:\/\/www.praha7.cz\/potrebuji-zaridit\/zivotni-prostredi\/ochrana-zvirat\/nalez-mladete-ci-zraneneho-zivocicha\/\">N\u00e1lez ml\u00e1d\u011bte \u010di zran\u011bn\u00e9ho \u017eivo\u010dicha<\/a><\/li><li class=\"page_item page-item-11216\"><a href=\"https:\/\/www.praha7.cz\/potrebuji-zaridit\/zivotni-prostredi\/ochrana-zvirat\/nalez-uhynuleho-zivocicha\/\">N\u00e1lez uhynul\u00e9ho \u017eivo\u010dicha<\/a><\/li><li class=\"page_item page-item-11218\"><a href=\"https:\/\/www.praha7.cz\/potrebuji-zaridit\/zivotni-prostredi\/ochrana-zvirat\/ohlaseni-tyrani-ci-opusteni-zvirete\/\">Ohl\u00e1\u0161en\u00ed t\u00fdr\u00e1n\u00ed \u010di opu\u0161t\u011bn\u00ed zv\u00ed\u0159ete<\/a><\/li><li class=\"page_item page-item-11212\"><a href=\"https:\/\/www.praha7.cz\/potrebuji-zaridit\/zivotni-prostredi\/ochrana-zvirat\/oznacovani-psu-a-evidence-chovatelu-psu\/\">Ozna\u010dov\u00e1n\u00ed ps\u016f a&nbsp;evidence chovatel\u016f ps\u016f<\/a><\/li><li class=\"page_item page-item-6210\"><a href=\"https:\/\/www.praha7.cz\/potrebuji-zaridit\/zivotni-prostredi\/ochrana-zvirat\/verejne-vystoupeni-zvirat\/\">Ve\u0159ejn\u00e9 vystoupen\u00ed zv\u00ed\u0159at<\/a><\/li><\/ul><\/li><li class=\"page_item page-item-10394 page_item_has_children\"><a href=\"https:\/\/www.praha7.cz\/potrebuji-zaridit\/zivotni-prostredi\/ovzdusi\/\">Ovzdu\u0161\u00ed<\/a><ul class='children'><li class=\"page_item page-item-63951\"><a href=\"https:\/\/www.praha7.cz\/potrebuji-zaridit\/zivotni-prostredi\/ovzdusi\/opatreni-ke-zlepseni-ovzdusi-na-uzemi-hl-mesta-prahy\/\">Opat\u0159en\u00ed ke zlep\u0161ov\u00e1n\u00ed ovzdu\u0161\u00ed na \u00fazem\u00ed hl. m\u011bsta Prahy<\/a><\/li><li class=\"page_item page-item-64483\"><a href=\"https:\/\/www.praha7.cz\/potrebuji-zaridit\/zivotni-prostredi\/ovzdusi\/zavazna-stanoviska-ke-stavbam-s-ohledem-na-cistotu-ovzdusi\/\">Z\u00e1vazn\u00e1 stanoviska ke stavb\u00e1m s&nbsp;ohledem na \u010distotu ovzdu\u0161\u00ed\u00a0<\/a><\/li><\/ul><\/li><li class=\"page_item page-item-1718\"><a href=\"https:\/\/www.praha7.cz\/potrebuji-zaridit\/zivotni-prostredi\/prestupky\/\">P\u0159estupky<\/a><\/li><li class=\"page_item page-item-89216\"><a href=\"https:\/\/www.praha7.cz\/potrebuji-zaridit\/zivotni-prostredi\/regulace-pajasanu-zlaznateho\/\">Regulace pajasanu \u017el\u00e1znat\u00e9ho<\/a><\/li><li class=\"page_item page-item-1644\"><a href=\"https:\/\/www.praha7.cz\/potrebuji-zaridit\/zivotni-prostredi\/rybarsky-listek\/\">Ryb\u00e1\u0159sk\u00fd l\u00edstek<\/a><\/li><\/ul><\/li><\/ul><\/li><li class=\"page_item page-item-11508\"><a href=\"https:\/\/www.praha7.cz\/prihlasit-pres-mojeid\/\">P\u0159ihl\u00e1sit p\u0159es mojeID<\/a><\/li><li class=\"page_item page-item-10470\"><a href=\"https:\/\/www.praha7.cz\/prohlaseni-o-pristupnosti\/\">Prohl\u00e1\u0161en\u00ed o&nbsp;p\u0159\u00edstupnosti<\/a><\/li><li class=\"page_item page-item-135 page_item_has_children\"><a href=\"https:\/\/www.praha7.cz\/radnice\/\">Radnice M\u010c Praha&nbsp;7<\/a><ul class='children'><li class=\"page_item page-item-20620\"><a href=\"https:\/\/www.praha7.cz\/radnice\/komise-a-vybory\/\">Komise a&nbsp;v\u00fdbory Praha&nbsp;7<\/a><\/li><li class=\"page_item page-item-72951\"><a href=\"https:\/\/www.praha7.cz\/radnice\/ocenili-nas\/\">Ocenili n\u00e1s<\/a><\/li><li class=\"page_item page-item-129 page_item_has_children\"><a href=\"https:\/\/www.praha7.cz\/radnice\/organizacni-struktura\/\">Odbory a&nbsp;odd\u011blen\u00ed<\/a><ul class='children'><li class=\"page_item page-item-1870 page_item_has_children\"><a href=\"https:\/\/www.praha7.cz\/radnice\/organizacni-struktura\/odbor-dopravy\/\">Odbor dopravy<\/a><ul class='children'><li class=\"page_item page-item-85086\"><a href=\"https:\/\/www.praha7.cz\/radnice\/organizacni-struktura\/odbor-dopravy\/oddeleni-dopravnich-prestupku-spravni-rizeni\/\">odd\u011blen\u00ed dopravn\u00edch p\u0159estupk\u016f<\/a><\/li><li class=\"page_item page-item-1874\"><a href=\"https:\/\/www.praha7.cz\/radnice\/organizacni-struktura\/odbor-dopravy\/oddeleni-dopravnich-prestupku\/\">odd\u011blen\u00ed dopravn\u00edch p\u0159estupk\u016f &#8211; z\u00f3na placen\u00e9ho st\u00e1n\u00ed &#8211; ZPS<\/a><\/li><li class=\"page_item page-item-1872\"><a href=\"https:\/\/www.praha7.cz\/radnice\/organizacni-struktura\/odbor-dopravy\/oddeleni-silnicniho-spravniho-radu\/\">odd\u011blen\u00ed silni\u010dn\u00edho spr\u00e1vn\u00edho \u00fa\u0159adu<\/a><\/li><\/ul><\/li><li class=\"page_item page-item-1877 page_item_has_children\"><a href=\"https:\/\/www.praha7.cz\/radnice\/organizacni-struktura\/odbor-ekonomicky\/\">Odbor ekonomick\u00fd<\/a><ul class='children'><li class=\"page_item page-item-11731\"><a href=\"https:\/\/www.praha7.cz\/radnice\/organizacni-struktura\/odbor-ekonomicky\/oddeleni-financovani-majetku-a-zdanovane-cinnosti\/\">odd\u011blen\u00ed financov\u00e1n\u00ed majetku a&nbsp;zda\u0148ovan\u00e9 \u010dinnosti<\/a><\/li><li class=\"page_item page-item-1879\"><a href=\"https:\/\/www.praha7.cz\/radnice\/organizacni-struktura\/odbor-ekonomicky\/oddeleni-mistnich-poplatku\/\">odd\u011blen\u00ed m\u00edstn\u00edch poplatk\u016f<\/a><\/li><li class=\"page_item page-item-1881\"><a href=\"https:\/\/www.praha7.cz\/radnice\/organizacni-struktura\/odbor-ekonomicky\/oddeleni-rozpoctu\/\">odd\u011blen\u00ed rozpo\u010dtu<\/a><\/li><li class=\"page_item page-item-1883\"><a href=\"https:\/\/www.praha7.cz\/radnice\/organizacni-struktura\/odbor-ekonomicky\/oddeleni-ucetnictvi-rozpoctove-cinnosti\/\">odd\u011blen\u00ed \u00fa\u010detnictv\u00ed rozpo\u010dtov\u00e9 \u010dinnosti<\/a><\/li><li class=\"page_item page-item-32476\"><a href=\"https:\/\/www.praha7.cz\/radnice\/organizacni-struktura\/odbor-ekonomicky\/oddeleni-ucetnictvi-zdanovane-cinnosti\/\">odd\u011blen\u00ed \u00fa\u010detnictv\u00ed zda\u0148ovan\u00e9 \u010dinnosti<\/a><\/li><li class=\"page_item page-item-7823\"><a href=\"https:\/\/www.praha7.cz\/radnice\/organizacni-struktura\/odbor-ekonomicky\/oddeleni-pokladna\/\">pokladna<\/a><\/li><\/ul><\/li><li class=\"page_item page-item-1771\"><a href=\"https:\/\/www.praha7.cz\/radnice\/organizacni-struktura\/odbor-informacnich-technologii\/\">Odbor informa\u010dn\u00edch technologi\u00ed<\/a><\/li><li class=\"page_item page-item-1885 page_item_has_children\"><a href=\"https:\/\/www.praha7.cz\/radnice\/organizacni-struktura\/odbor-investic-a-verejnych-zakazek\/\">Odbor investic a&nbsp;ve\u0159ejn\u00fdch zak\u00e1zek<\/a><ul class='children'><li class=\"page_item page-item-11692\"><a href=\"https:\/\/www.praha7.cz\/radnice\/organizacni-struktura\/odbor-investic-a-verejnych-zakazek\/oddeleni-investic\/\">Odd\u011blen\u00ed investic<\/a><\/li><li class=\"page_item page-item-11697\"><a href=\"https:\/\/www.praha7.cz\/radnice\/organizacni-struktura\/odbor-investic-a-verejnych-zakazek\/oddeleni-verejnych-zakazek\/\">odd\u011blen\u00ed ve\u0159ejn\u00fdch zak\u00e1zek<\/a><\/li><\/ul><\/li><li class=\"page_item page-item-1814 page_item_has_children\"><a href=\"https:\/\/www.praha7.cz\/radnice\/organizacni-struktura\/odbor-kancelar-starosty-a-tajemnika\/\">Odbor kancel\u00e1\u0159 starosty a&nbsp;tajemn\u00edka<\/a><ul class='children'><li class=\"page_item page-item-1843\"><a href=\"https:\/\/www.praha7.cz\/radnice\/organizacni-struktura\/odbor-kancelar-starosty-a-tajemnika\/oddeleni-komunikace\/\">odd\u011blen\u00ed komunikace<\/a><\/li><li class=\"page_item page-item-1855\"><a href=\"https:\/\/www.praha7.cz\/radnice\/organizacni-struktura\/odbor-kancelar-starosty-a-tajemnika\/oddeleni-krizoveho-rizeni\/\">odd\u011blen\u00ed krizov\u00e9ho \u0159\u00edzen\u00ed<\/a><\/li><li class=\"page_item page-item-1857\"><a href=\"https:\/\/www.praha7.cz\/radnice\/organizacni-struktura\/odbor-kancelar-starosty-a-tajemnika\/oddeleni-organizacni\/\">odd\u011blen\u00ed organiza\u010dn\u00ed<\/a><\/li><li class=\"page_item page-item-1866\"><a href=\"https:\/\/www.praha7.cz\/radnice\/organizacni-struktura\/odbor-kancelar-starosty-a-tajemnika\/oddeleni-sekretariatu\/\">odd\u011blen\u00ed organiza\u010dn\u00ed a&nbsp;sekretari\u00e1t\u016f<\/a><\/li><li class=\"page_item page-item-1864\"><a href=\"https:\/\/www.praha7.cz\/radnice\/organizacni-struktura\/odbor-kancelar-starosty-a-tajemnika\/oddeleni-provozni\/\">odd\u011blen\u00ed provozn\u00ed<\/a><\/li><li class=\"page_item page-item-1860\"><a href=\"https:\/\/www.praha7.cz\/radnice\/organizacni-struktura\/odbor-kancelar-starosty-a-tajemnika\/oddeleni-podatelna\/\">odd\u011blen\u00ed spisov\u00e9 slu\u017eby<\/a><\/li><\/ul><\/li><li class=\"page_item page-item-7071\"><a href=\"https:\/\/www.praha7.cz\/radnice\/organizacni-struktura\/odbor-kultury\/\">Odbor kultury a&nbsp;sportu<\/a><\/li><li class=\"page_item page-item-2219 page_item_has_children\"><a href=\"https:\/\/www.praha7.cz\/radnice\/organizacni-struktura\/odbor-majetku\/\">Odbor majetku<\/a><ul class='children'><li class=\"page_item page-item-71215\"><a href=\"https:\/\/www.praha7.cz\/radnice\/organizacni-struktura\/odbor-majetku\/prosba-o-spolupraci-mc-praha-7-jako-clen-spolecenstvi-vlastniku\/\">Jsem \u010dlenem spole\u010denstv\u00ed vlastn\u00edk\u016f<\/a><\/li><li class=\"page_item page-item-7826\"><a href=\"https:\/\/www.praha7.cz\/radnice\/organizacni-struktura\/odbor-majetku\/oddeleni-ekonomicke\/\">odd\u011blen\u00ed ekonomick\u00e9<\/a><\/li><li class=\"page_item page-item-17727\"><a href=\"https:\/\/www.praha7.cz\/radnice\/organizacni-struktura\/odbor-majetku\/oddeleni-hospodareni-s-majetkem\/\">odd\u011blen\u00ed hospoda\u0159en\u00ed s&nbsp;majetkem<\/a><\/li><li class=\"page_item page-item-7828\"><a href=\"https:\/\/www.praha7.cz\/radnice\/organizacni-struktura\/odbor-majetku\/oddeleni-pronajmu\/\">odd\u011blen\u00ed pron\u00e1jm\u016f<\/a><\/li><li class=\"page_item page-item-7830\"><a href=\"https:\/\/www.praha7.cz\/radnice\/organizacni-struktura\/odbor-majetku\/oddeleni-staveb-a-facility-managementu\/\">odd\u011blen\u00ed staveb a&nbsp;facility managementu<\/a><\/li><li class=\"page_item page-item-10278\"><a href=\"https:\/\/www.praha7.cz\/radnice\/organizacni-struktura\/odbor-majetku\/seznam-majetku-mc-praha-7\/\">Seznam majetku M\u010c Praha&nbsp;7<\/a><\/li><\/ul><\/li><li class=\"page_item page-item-7108\"><a href=\"https:\/\/www.praha7.cz\/radnice\/organizacni-struktura\/odbor-personalnich-cinnosti\/\">Odbor person\u00e1ln\u00edch \u010dinnost\u00ed<\/a><\/li><li class=\"page_item page-item-7075\"><a href=\"https:\/\/www.praha7.cz\/radnice\/organizacni-struktura\/odbor-pravni\/\">Odbor pr\u00e1vn\u00ed<\/a><\/li><li class=\"page_item page-item-7079 page_item_has_children\"><a href=\"https:\/\/www.praha7.cz\/radnice\/organizacni-struktura\/odbor-rozvoje-a-pece-o-verejny-prostor\/\">Odbor rozvoje a&nbsp;p\u00e9\u010de o&nbsp;ve\u0159ejn\u00fd prostor<\/a><ul class='children'><li class=\"page_item page-item-7112\"><a href=\"https:\/\/www.praha7.cz\/radnice\/organizacni-struktura\/odbor-rozvoje-a-pece-o-verejny-prostor\/oddeleni-pece-o-verejny-prostor\/\">odd\u011blen\u00ed p\u00e9\u010de o&nbsp;ve\u0159ejn\u00fd prostor<\/a><\/li><li class=\"page_item page-item-68119\"><a href=\"https:\/\/www.praha7.cz\/radnice\/organizacni-struktura\/odbor-rozvoje-a-pece-o-verejny-prostor\/oddeleni-rozvoje-urbanismu-architektury-a-verejneho-prostoru\/\">odd\u011blen\u00ed rozvoje urbanismu, architektury a&nbsp;ve\u0159ejn\u00e9ho prostoru<\/a><\/li><\/ul><\/li><li class=\"page_item page-item-7090 page_item_has_children\"><a href=\"https:\/\/www.praha7.cz\/radnice\/organizacni-struktura\/odbor-socialnich-veci\/\">Odbor soci\u00e1ln\u00edch v\u011bc\u00ed<\/a><ul class='children'><li class=\"page_item page-item-27787\"><a href=\"https:\/\/www.praha7.cz\/radnice\/organizacni-struktura\/odbor-socialnich-veci\/bariery-k-vyuzivani-volnocasovych-aktivit\/\">Bari\u00e9ry k&nbsp;vyu\u017e\u00edv\u00e1n\u00ed volno\u010dasov\u00fdch aktivit<\/a><\/li><li class=\"page_item page-item-22480\"><a href=\"https:\/\/www.praha7.cz\/radnice\/organizacni-struktura\/odbor-socialnich-veci\/kontaktni-formular\/\">Kontaktn\u00ed formul\u00e1\u0159<\/a><\/li><li class=\"page_item page-item-7845\"><a href=\"https:\/\/www.praha7.cz\/radnice\/organizacni-struktura\/odbor-socialnich-veci\/oddeleni-socialni-prace\/\">Odd\u011blen\u00ed soci\u00e1ln\u00ed pr\u00e1ce<\/a><\/li><li class=\"page_item page-item-7843\"><a href=\"https:\/\/www.praha7.cz\/radnice\/organizacni-struktura\/odbor-socialnich-veci\/ospod\/\">OSPOD<\/a><\/li><\/ul><\/li><li class=\"page_item page-item-1868 page_item_has_children\"><a href=\"https:\/\/www.praha7.cz\/radnice\/organizacni-struktura\/odbor-socialniho-zaclenovani\/\">Odbor soci\u00e1ln\u00edho za\u010dle\u0148ov\u00e1n\u00ed<\/a><ul class='children'><li class=\"page_item page-item-88768\"><a href=\"https:\/\/www.praha7.cz\/radnice\/organizacni-struktura\/odbor-socialniho-zaclenovani\/oddeleni-podpory-bydleni\/\">Odd\u011blen\u00ed podpory bydlen\u00ed<\/a><\/li><\/ul><\/li><li class=\"page_item page-item-7082 page_item_has_children\"><a href=\"https:\/\/www.praha7.cz\/radnice\/organizacni-struktura\/odbor-spravnich-agend\/\">Odbor spr\u00e1vn\u00edch agend<\/a><ul class='children'><li class=\"page_item page-item-11817\"><a href=\"https:\/\/www.praha7.cz\/radnice\/organizacni-struktura\/odbor-spravnich-agend\/oddeleni-dokladu-a-evidence-obyvatel\/\">Odd\u011blen\u00ed doklad\u016f a&nbsp;evidence obyvatel<\/a><\/li><li class=\"page_item page-item-7839\"><a href=\"https:\/\/www.praha7.cz\/radnice\/organizacni-struktura\/odbor-spravnich-agend\/oddeleni-dokladu-a-evidence-obyvatel-2\/\">odd\u011blen\u00ed doklad\u016f a&nbsp;evidence obyvatel<\/a><\/li><li class=\"page_item page-item-7841\"><a href=\"https:\/\/www.praha7.cz\/radnice\/organizacni-struktura\/odbor-spravnich-agend\/oddeleni-matrik\/\">odd\u011blen\u00ed matrik<\/a><\/li><li class=\"page_item page-item-7166\"><a href=\"https:\/\/www.praha7.cz\/radnice\/organizacni-struktura\/odbor-spravnich-agend\/oddeleni-prestupku\/\">odd\u011blen\u00ed p\u0159estupk\u016f<\/a><\/li><li class=\"page_item page-item-68475 page_item_has_children\"><a href=\"https:\/\/www.praha7.cz\/radnice\/organizacni-struktura\/odbor-spravnich-agend\/oddeleni-sluzeb-obcanum\/\">odd\u011blen\u00ed slu\u017eeb ob\u010dan\u016fm<\/a><ul class='children'><li class=\"page_item page-item-7837\"><a href=\"https:\/\/www.praha7.cz\/radnice\/organizacni-struktura\/odbor-spravnich-agend\/oddeleni-sluzeb-obcanum\/pracoviste-informacniho-centra-milady-horakove\/\">pracovi\u0161t\u011b Milady Hor\u00e1kov\u00e9 2<\/a><\/li><li class=\"page_item page-item-68146\"><a href=\"https:\/\/www.praha7.cz\/radnice\/organizacni-struktura\/odbor-spravnich-agend\/oddeleni-sluzeb-obcanum\/pracoviste-ic-u-pruhonu-38\/\">pracovi\u0161t\u011b U&nbsp;Pr\u016fhonu 38<\/a><\/li><\/ul><\/li><\/ul><\/li><li class=\"page_item page-item-7086 page_item_has_children\"><a href=\"https:\/\/www.praha7.cz\/radnice\/organizacni-struktura\/odbor-vzdelavani-a-projektoveho-rizeni\/\">Odbor vzd\u011bl\u00e1v\u00e1n\u00ed a&nbsp;projektov\u00e9ho \u0159\u00edzen\u00ed<\/a><ul class='children'><li class=\"page_item page-item-77661\"><a href=\"https:\/\/www.praha7.cz\/radnice\/organizacni-struktura\/odbor-vzdelavani-a-projektoveho-rizeni\/oddeleni-podpory-socialni-pedagogiky\/\">odd\u011blen\u00ed podpory soci\u00e1ln\u00ed pedagogiky<\/a><\/li><li class=\"page_item page-item-1862\"><a href=\"https:\/\/www.praha7.cz\/radnice\/organizacni-struktura\/odbor-vzdelavani-a-projektoveho-rizeni\/oddeleni-projektoveho-rizeni\/\">odd\u011blen\u00ed projektov\u00e9ho \u0159\u00edzen\u00ed<\/a><\/li><li class=\"page_item page-item-68129\"><a href=\"https:\/\/www.praha7.cz\/radnice\/organizacni-struktura\/odbor-vzdelavani-a-projektoveho-rizeni\/oddeleni-strategickeho-rizeni\/\">odd\u011blen\u00ed strategick\u00e9ho \u0159\u00edzen\u00ed<\/a><\/li><li class=\"page_item page-item-28443\"><a href=\"https:\/\/www.praha7.cz\/radnice\/organizacni-struktura\/odbor-vzdelavani-a-projektoveho-rizeni\/oddeleni-vzdelavani\/\">odd\u011blen\u00ed vzd\u011bl\u00e1v\u00e1n\u00ed<\/a><\/li><\/ul><\/li><li class=\"page_item page-item-7096 page_item_has_children\"><a href=\"https:\/\/www.praha7.cz\/radnice\/organizacni-struktura\/odbor-zivnostensky\/\">Odbor \u017eivnostensk\u00fd<\/a><ul class='children'><li class=\"page_item page-item-7851\"><a href=\"https:\/\/www.praha7.cz\/radnice\/organizacni-struktura\/odbor-zivnostensky\/oddeleni-jednotne-kontaktni-misto\/\">Jednotn\u00e9 kontaktn\u00ed m\u00edsto<\/a><\/li><li class=\"page_item page-item-17733\"><a href=\"https:\/\/www.praha7.cz\/radnice\/organizacni-struktura\/odbor-zivnostensky\/oddeleni-administrativne-spravni\/\">odd\u011blen\u00ed administrativn\u011b spr\u00e1vn\u00ed<\/a><\/li><li class=\"page_item page-item-7847\"><a href=\"https:\/\/www.praha7.cz\/radnice\/organizacni-struktura\/odbor-zivnostensky\/oddeleni-kontrolni\/\">odd\u011blen\u00ed kontroln\u00ed<\/a><\/li><li class=\"page_item page-item-7849\"><a href=\"https:\/\/www.praha7.cz\/radnice\/organizacni-struktura\/odbor-zivnostensky\/oddeleni-registracni\/\">odd\u011blen\u00ed registra\u010dn\u00ed<\/a><\/li><\/ul><\/li><li class=\"page_item page-item-7092\"><a href=\"https:\/\/www.praha7.cz\/radnice\/organizacni-struktura\/odbor-zivotniho-prostredi\/\">Odbor \u017eivotn\u00edho prost\u0159ed\u00ed<\/a><\/li><li class=\"page_item page-item-13517\"><a href=\"https:\/\/www.praha7.cz\/radnice\/organizacni-struktura\/radomir-spok\/\">Radom\u00edr \u0160pok<\/a><\/li><li class=\"page_item page-item-2201 page_item_has_children\"><a href=\"https:\/\/www.praha7.cz\/radnice\/organizacni-struktura\/stavebni-urad\/\">Stavebn\u00ed \u00fa\u0159ad<\/a><ul class='children'><li class=\"page_item page-item-7853\"><a href=\"https:\/\/www.praha7.cz\/radnice\/organizacni-struktura\/stavebni-urad\/oddeleni-administrativne-pravni\/\">odd\u011blen\u00ed administrativn\u011b pr\u00e1vn\u00ed<\/a><\/li><li class=\"page_item page-item-7857\"><a href=\"https:\/\/www.praha7.cz\/radnice\/organizacni-struktura\/stavebni-urad\/oddeleni-dopravnich-staveb\/\">odd\u011blen\u00ed dopravn\u00edch staveb<\/a><\/li><li class=\"page_item page-item-7855\"><a href=\"https:\/\/www.praha7.cz\/radnice\/organizacni-struktura\/stavebni-urad\/oddeleni-stavebni\/\">odd\u011blen\u00ed stavebn\u00ed<\/a><\/li><li class=\"page_item page-item-7859\"><a href=\"https:\/\/www.praha7.cz\/radnice\/organizacni-struktura\/stavebni-urad\/oddeleni-vodopravni\/\">odd\u011blen\u00ed vodopr\u00e1vn\u00ed<\/a><\/li><\/ul><\/li><li class=\"page_item page-item-7104\"><a href=\"https:\/\/www.praha7.cz\/radnice\/organizacni-struktura\/utvar-interniho-auditu\/\">\u00datvar intern\u00edho auditu<\/a><\/li><li class=\"page_item page-item-7106\"><a href=\"https:\/\/www.praha7.cz\/radnice\/organizacni-struktura\/utvar-kontroly-a-stiznosti\/\">\u00datvar kontroly, auditu a&nbsp;st\u00ed\u017enost\u00ed<\/a><\/li><\/ul><\/li><li class=\"page_item page-item-23789\"><a href=\"https:\/\/www.praha7.cz\/radnice\/plan-radnice-umc-praha-7\/\">Pl\u00e1nek radnice \u00daM\u010c Praha&nbsp;7<\/a><\/li><li class=\"page_item page-item-9544 page_item_has_children\"><a href=\"https:\/\/www.praha7.cz\/radnice\/povinne-zverejnovane-informace\/\">Povinn\u011b zve\u0159ej\u0148ovan\u00e9 informace<\/a><ul class='children'><li class=\"page_item page-item-9736\"><a href=\"https:\/\/www.praha7.cz\/radnice\/povinne-zverejnovane-informace\/informace-poskytnute-mc-praha-7\/\">Informace poskytnut\u00e9 M\u010c Praha&nbsp;7<\/a><\/li><li class=\"page_item page-item-66549\"><a href=\"https:\/\/www.praha7.cz\/radnice\/povinne-zverejnovane-informace\/informace-poskytnute-mc-praha-7-archiv-2016-2020\/\">Informace poskytnut\u00e9 M\u010c Praha&nbsp;7 &#8211; archiv 2016-2020<\/a><\/li><li class=\"page_item page-item-9614\"><a href=\"https:\/\/www.praha7.cz\/radnice\/povinne-zverejnovane-informace\/prehled-prispevkovych-organizaci-zrizovanych-mestskou-casti-praha-7\/\">Organizace z\u0159izovan\u00e9 M\u010c Praha&nbsp;7<\/a><\/li><li class=\"page_item page-item-9571\"><a href=\"https:\/\/www.praha7.cz\/radnice\/povinne-zverejnovane-informace\/rady-mc-praha-7-a-uradu-mc-praha-7\/\">\u0158\u00e1dy M\u010c Praha&nbsp;7 a&nbsp;\u00da\u0159adu M\u010c Praha&nbsp;7<\/a><\/li><li class=\"page_item page-item-9607\"><a href=\"https:\/\/www.praha7.cz\/radnice\/povinne-zverejnovane-informace\/uredni-hodiny\/\">\u00da\u0159edn\u00ed hodiny<\/a><\/li><\/ul><\/li><li class=\"page_item page-item-8817\"><a href=\"https:\/\/www.praha7.cz\/radnice\/pro-media\/\">Pro m\u00e9dia a&nbsp;ke sta\u017een\u00ed<\/a><\/li><li class=\"page_item page-item-13244\"><a href=\"https:\/\/www.praha7.cz\/radnice\/telefonni-seznam\/\">Telefonn\u00ed seznam<\/a><\/li><li class=\"page_item page-item-14556 page_item_has_children\"><a href=\"https:\/\/www.praha7.cz\/radnice\/voleni-zastupci-mistni-samospravy\/\">Volen\u00ed z\u00e1stupci m\u00edstn\u00ed samospr\u00e1vy<\/a><ul class='children'><li class=\"page_item page-item-13435\"><a href=\"https:\/\/www.praha7.cz\/radnice\/voleni-zastupci-mistni-samospravy\/odmeny-volenych-zastupcu\/\">Odm\u011bny volen\u00fdch z\u00e1stupc\u016f<\/a><\/li><li class=\"page_item page-item-8822 page_item_has_children\"><a href=\"https:\/\/www.praha7.cz\/radnice\/voleni-zastupci-mistni-samospravy\/rada-mc-praha-7\/\">Rada M\u010c Praha&nbsp;7<\/a><ul class='children'><li class=\"page_item page-item-21166 page_item_has_children\"><a href=\"https:\/\/www.praha7.cz\/radnice\/voleni-zastupci-mistni-samospravy\/rada-mc-praha-7\/archiv-komisi-a-vyboru-2014-2018\/\">Archiv komis\u00ed<\/a><ul class='children'><li class=\"page_item page-item-4023\"><a href=\"https:\/\/www.praha7.cz\/radnice\/voleni-zastupci-mistni-samospravy\/rada-mc-praha-7\/archiv-komisi-a-vyboru-2014-2018\/bytova-komise-rady-mc-praha-7\/\">Bytov\u00e1 komise Rady M\u010c Praha&nbsp;7 (2014-2018)<\/a><\/li><li class=\"page_item page-item-2950\"><a href=\"https:\/\/www.praha7.cz\/radnice\/voleni-zastupci-mistni-samospravy\/rada-mc-praha-7\/archiv-komisi-a-vyboru-2014-2018\/2950-2\/\">Dopravn\u00ed komise Rady M\u010c Praha&nbsp;7 (2014-2018)<\/a><\/li><li class=\"page_item page-item-3960\"><a href=\"https:\/\/www.praha7.cz\/radnice\/voleni-zastupci-mistni-samospravy\/rada-mc-praha-7\/archiv-komisi-a-vyboru-2014-2018\/komise-prevence-kriminality-a-socialne-patologickych-jevu-rady-mc-praha-7\/\">Komise prevence kriminality a&nbsp;soci\u00e1ln\u011b patologick\u00fdch jev\u016f Rady M\u010c Praha&nbsp;7 (2014-2018)<\/a><\/li><li class=\"page_item page-item-2318\"><a href=\"https:\/\/www.praha7.cz\/radnice\/voleni-zastupci-mistni-samospravy\/rada-mc-praha-7\/archiv-komisi-a-vyboru-2014-2018\/komise-pro-majetek-bytove-a-nebytove-prostory-rady-mc-prahy-7-2014\/\">Komise pro majetek, bytov\u00e9 a&nbsp;nebytov\u00e9 prostory Rady M\u010c Prahy&nbsp;7 (2014-2018)<\/a><\/li><li class=\"page_item page-item-4140\"><a href=\"https:\/\/www.praha7.cz\/radnice\/voleni-zastupci-mistni-samospravy\/rada-mc-praha-7\/archiv-komisi-a-vyboru-2014-2018\/komise-pro-otevrenou-radnici-rady-mc-praha-7\/\">Komise pro otev\u0159enou radnici Rady M\u010c Praha&nbsp;7 (2014-2018)<\/a><\/li><li class=\"page_item page-item-4148\"><a href=\"https:\/\/www.praha7.cz\/radnice\/voleni-zastupci-mistni-samospravy\/rada-mc-praha-7\/archiv-komisi-a-vyboru-2014-2018\/komise-pro-vyber-sidla-uradu-mc-praha-7-rady-mc-praha-7\/\">Komise pro v\u00fdb\u011br s\u00eddla \u00da\u0159adu M\u010c Praha&nbsp;7 Rady M\u010c Praha&nbsp;7 (2014-2018)<\/a><\/li><li class=\"page_item page-item-4081\"><a href=\"https:\/\/www.praha7.cz\/radnice\/voleni-zastupci-mistni-samospravy\/rada-mc-praha-7\/archiv-komisi-a-vyboru-2014-2018\/4081-2\/\">Komise rozvoje urbanismu, architektury a&nbsp;ve\u0159ejn\u00e9ho prostoru (2014-2018)<\/a><\/li><li class=\"page_item page-item-3151\"><a href=\"https:\/\/www.praha7.cz\/radnice\/voleni-zastupci-mistni-samospravy\/rada-mc-praha-7\/archiv-komisi-a-vyboru-2014-2018\/komise-zdraveho-mesta-a-ma-21-rady-mc-praha-7\/\">Komise zdrav\u00e9ho m\u011bsta a&nbsp;MA 21 Rady M\u010c Praha&nbsp;7 (2014-2018)<\/a><\/li><li class=\"page_item page-item-3103\"><a href=\"https:\/\/www.praha7.cz\/radnice\/voleni-zastupci-mistni-samospravy\/rada-mc-praha-7\/archiv-komisi-a-vyboru-2014-2018\/komise-zivotniho-prostredi-rady-mc-praha-7\/\">Komise \u017eivotn\u00edho prost\u0159ed\u00ed Rady M\u010c Praha&nbsp;7 (2014-2018)<\/a><\/li><li class=\"page_item page-item-3000\"><a href=\"https:\/\/www.praha7.cz\/radnice\/voleni-zastupci-mistni-samospravy\/rada-mc-praha-7\/archiv-komisi-a-vyboru-2014-2018\/kulturni-komise-rady-mc-praha-7\/\">Kulturn\u00ed komise Rady M\u010c Praha&nbsp;7 (2014-2018)<\/a><\/li><li class=\"page_item page-item-4165\"><a href=\"https:\/\/www.praha7.cz\/radnice\/voleni-zastupci-mistni-samospravy\/rada-mc-praha-7\/archiv-komisi-a-vyboru-2014-2018\/4165-2\/\">Likvida\u010dn\u00ed komise Rady M\u010c Praha&nbsp;7 (2014-2018)<\/a><\/li><li class=\"page_item page-item-4054\"><a href=\"https:\/\/www.praha7.cz\/radnice\/voleni-zastupci-mistni-samospravy\/rada-mc-praha-7\/archiv-komisi-a-vyboru-2014-2018\/socialne-zdravotni-komise-rady-mc-praha-7\/\">Soci\u00e1ln\u011b-zdravotn\u00ed komise Rady M\u010c Praha&nbsp;7 (2014-2018)<\/a><\/li><\/ul><\/li><li class=\"page_item page-item-8825 page_item_has_children\"><a href=\"https:\/\/www.praha7.cz\/radnice\/voleni-zastupci-mistni-samospravy\/rada-mc-praha-7\/clenove-rady\/\">\u010clenov\u00e9 rady<\/a><ul class='children'><li class=\"page_item page-item-21173\"><a href=\"https:\/\/www.praha7.cz\/radnice\/voleni-zastupci-mistni-samospravy\/rada-mc-praha-7\/clenove-rady\/hana-siskova\/\">Hana \u0160i\u0161kov\u00e1<\/a><\/li><li class=\"page_item page-item-13495\"><a href=\"https:\/\/www.praha7.cz\/radnice\/voleni-zastupci-mistni-samospravy\/rada-mc-praha-7\/clenove-rady\/hana-trestikova\/\">Hana T\u0159e\u0161t\u00edkov\u00e1<\/a><\/li><li class=\"page_item page-item-13499\"><a href=\"https:\/\/www.praha7.cz\/radnice\/voleni-zastupci-mistni-samospravy\/rada-mc-praha-7\/clenove-rady\/jakob-hurrle\/\">Jakob Hurrle<\/a><\/li><li class=\"page_item page-item-13491\"><a href=\"https:\/\/www.praha7.cz\/radnice\/voleni-zastupci-mistni-samospravy\/rada-mc-praha-7\/clenove-rady\/jan-cizinsky\/\">Jan \u010ci\u017einsk\u00fd<\/a><\/li><li class=\"page_item page-item-21195\"><a href=\"https:\/\/www.praha7.cz\/radnice\/voleni-zastupci-mistni-samospravy\/rada-mc-praha-7\/clenove-rady\/jiri-knitl\/\">Ji\u0159\u00ed Knitl<\/a><\/li><li class=\"page_item page-item-13480\"><a href=\"https:\/\/www.praha7.cz\/radnice\/voleni-zastupci-mistni-samospravy\/rada-mc-praha-7\/clenove-rady\/kamil-vavrinec-mares\/\">Kamil Vav\u0159inec Mare\u0161<\/a><\/li><li class=\"page_item page-item-13497\"><a href=\"https:\/\/www.praha7.cz\/radnice\/voleni-zastupci-mistni-samospravy\/rada-mc-praha-7\/clenove-rady\/lenka-burgerova\/\">Lenka Burgerov\u00e1<\/a><\/li><li class=\"page_item page-item-65981\"><a href=\"https:\/\/www.praha7.cz\/radnice\/voleni-zastupci-mistni-samospravy\/rada-mc-praha-7\/clenove-rady\/martin-tomanek\/\">Martin Tom\u00e1nek<\/a><\/li><li class=\"page_item page-item-13493\"><a href=\"https:\/\/www.praha7.cz\/radnice\/voleni-zastupci-mistni-samospravy\/rada-mc-praha-7\/clenove-rady\/pavel-vyhnanek\/\">Pavel Vyhn\u00e1nek<\/a><\/li><li class=\"page_item page-item-13501\"><a href=\"https:\/\/www.praha7.cz\/radnice\/voleni-zastupci-mistni-samospravy\/rada-mc-praha-7\/clenove-rady\/pavel-zelenka\/\">Pavel Zelenka<\/a><\/li><\/ul><\/li><li class=\"page_item page-item-15269\"><a href=\"https:\/\/www.praha7.cz\/radnice\/voleni-zastupci-mistni-samospravy\/rada-mc-praha-7\/jednaci-rad-rady-mc\/\">Jednac\u00ed \u0159\u00e1d Rady M\u010c<\/a><\/li><li class=\"page_item page-item-21292 page_item_has_children\"><a href=\"https:\/\/www.praha7.cz\/radnice\/voleni-zastupci-mistni-samospravy\/rada-mc-praha-7\/komise\/\">Komise<\/a><ul class='children'><li class=\"page_item page-item-21404\"><a href=\"https:\/\/www.praha7.cz\/radnice\/voleni-zastupci-mistni-samospravy\/rada-mc-praha-7\/komise\/bytova-komise-rady-mc-praha-7\/\">Bytov\u00e1 komise Rady M\u010c Praha&nbsp;7<\/a><\/li><li class=\"page_item page-item-21784\"><a href=\"https:\/\/www.praha7.cz\/radnice\/voleni-zastupci-mistni-samospravy\/rada-mc-praha-7\/komise\/dopravni-komise-rady-mc-praha-7\/\">Dopravn\u00ed komise Rady M\u010c Praha&nbsp;7<\/a><\/li><li class=\"page_item page-item-22932\"><a href=\"https:\/\/www.praha7.cz\/radnice\/voleni-zastupci-mistni-samospravy\/rada-mc-praha-7\/komise\/komise-bezpecnosti-a-prevence-kriminality-rady-mc-praha-7\/\">Komise bezpe\u010dnosti a&nbsp;prevence kriminality Rady M\u010c Praha&nbsp;7<\/a><\/li><li class=\"page_item page-item-64761\"><a href=\"https:\/\/www.praha7.cz\/radnice\/voleni-zastupci-mistni-samospravy\/rada-mc-praha-7\/komise\/komise-pro-bezbarierovost-rady-mc-praha-7\/\">Komise pro bezbari\u00e9rovost Rady M\u010c Praha&nbsp;7<\/a><\/li><li class=\"page_item page-item-74014\"><a href=\"https:\/\/www.praha7.cz\/radnice\/voleni-zastupci-mistni-samospravy\/rada-mc-praha-7\/komise\/komise-pro-zivotni-prostredi-a-problematiku-klimatu-rady-mc-praha-7\/\">Komise pro \u017eivotn\u00ed prost\u0159ed\u00ed a&nbsp;problematiku klimatu Rady M\u010c Praha&nbsp;7<\/a><\/li><li class=\"page_item page-item-21204\"><a href=\"https:\/\/www.praha7.cz\/radnice\/voleni-zastupci-mistni-samospravy\/rada-mc-praha-7\/komise\/komise-rozvoje-urbanismu-architektury-a-verejneho-prostoru-rady-mc-praha-7\/\">Komise rozvoje urbanismu, architektury a&nbsp;ve\u0159ejn\u00e9ho prostoru Rady M\u010c Praha&nbsp;7<\/a><\/li><li class=\"page_item page-item-21585\"><a href=\"https:\/\/www.praha7.cz\/radnice\/voleni-zastupci-mistni-samospravy\/rada-mc-praha-7\/komise\/kulturni-komise-rady-mc-praha-7\/\">Kulturn\u00ed komise Rady M\u010c Praha&nbsp;7<\/a><\/li><li class=\"page_item page-item-21153\"><a href=\"https:\/\/www.praha7.cz\/radnice\/voleni-zastupci-mistni-samospravy\/rada-mc-praha-7\/komise\/likvidacni-komise-rady-mc-praha-7\/\">Likvida\u010dn\u00ed komise Rady M\u010c Praha&nbsp;7<\/a><\/li><li class=\"page_item page-item-21406\"><a href=\"https:\/\/www.praha7.cz\/radnice\/voleni-zastupci-mistni-samospravy\/rada-mc-praha-7\/komise\/majetkova-komise-rady-mc-praha-7\/\">Majetkov\u00e1 komise Rady M\u010c Praha&nbsp;7<\/a><\/li><li class=\"page_item page-item-21582\"><a href=\"https:\/\/www.praha7.cz\/radnice\/voleni-zastupci-mistni-samospravy\/rada-mc-praha-7\/komise\/sportovni-komise-rady-mc-praha-7\/\">Sportovn\u00ed komise Rady M\u010c Praha&nbsp;7<\/a><\/li><\/ul><\/li><li class=\"page_item page-item-4173 page_item_has_children\"><a href=\"https:\/\/www.praha7.cz\/radnice\/voleni-zastupci-mistni-samospravy\/rada-mc-praha-7\/komise-praha-7\/\">Komise a&nbsp;v\u00fdbory<\/a><ul class='children'><li class=\"page_item page-item-21792 page_item_has_children\"><a href=\"https:\/\/www.praha7.cz\/radnice\/voleni-zastupci-mistni-samospravy\/rada-mc-praha-7\/komise-praha-7\/archiv-vyboru-2014-2018\/\">Archiv v\u00fdbor\u016f (2014-2018)<\/a><ul class='children'><li class=\"page_item page-item-5176\"><a href=\"https:\/\/www.praha7.cz\/radnice\/voleni-zastupci-mistni-samospravy\/rada-mc-praha-7\/komise-praha-7\/archiv-vyboru-2014-2018\/financni-vybor-zastupitelstva-mc-praha-7\/\">Finan\u010dn\u00ed v\u00fdbor Zastupitelstva M\u010c Praha&nbsp;7 (2014-2018)<\/a><\/li><li class=\"page_item page-item-5140\"><a href=\"https:\/\/www.praha7.cz\/radnice\/voleni-zastupci-mistni-samospravy\/rada-mc-praha-7\/komise-praha-7\/archiv-vyboru-2014-2018\/kontrolni-vybor-zastupitelstva-mc-praha-7\/\">V\u00fdbor kontroln\u00ed Zastupitelstva M\u010c Praha&nbsp;7 (2014-2018)<\/a><\/li><li class=\"page_item page-item-5260\"><a href=\"https:\/\/www.praha7.cz\/radnice\/voleni-zastupci-mistni-samospravy\/rada-mc-praha-7\/komise-praha-7\/archiv-vyboru-2014-2018\/vybor-pro-vychovu-a-vzdelavani-zastupitelstva-mc-praha-7\/\">V\u00fdbor pro v\u00fdchovu a&nbsp;vzd\u011bl\u00e1v\u00e1n\u00ed Zastupitelstva M\u010c Praha&nbsp;7 (2014-2018)<\/a><\/li><\/ul><\/li><li class=\"page_item page-item-25012\"><a href=\"https:\/\/www.praha7.cz\/radnice\/voleni-zastupci-mistni-samospravy\/rada-mc-praha-7\/komise-praha-7\/komise-ma21\/\">Komise MA21 Rady M\u010c Praha&nbsp;7<\/a><\/li><li class=\"page_item page-item-3058\"><a href=\"https:\/\/www.praha7.cz\/radnice\/voleni-zastupci-mistni-samospravy\/rada-mc-praha-7\/komise-praha-7\/sportovni-komise-rady-mc-praha-7\/\">Sportovn\u00ed komise Rady M\u010c Praha&nbsp;7 (2014-2018)<\/a><\/li><\/ul><\/li><li class=\"page_item page-item-8251\"><a href=\"https:\/\/www.praha7.cz\/radnice\/voleni-zastupci-mistni-samospravy\/rada-mc-praha-7\/programove-prohlaseni-rady-mestske-casti-praha-7\/\">Programov\u00e9 prohl\u00e1\u0161en\u00ed Rady M\u010c Praha&nbsp;7 pro obdob\u00ed 2022-2026<\/a><\/li><li class=\"page_item page-item-8215\"><a href=\"https:\/\/www.praha7.cz\/radnice\/voleni-zastupci-mistni-samospravy\/rada-mc-praha-7\/terminy-zasedani\/\">Term\u00edny jedn\u00e1n\u00ed Rady<\/a><\/li><\/ul><\/li><li class=\"page_item page-item-7146 page_item_has_children\"><a href=\"https:\/\/www.praha7.cz\/radnice\/voleni-zastupci-mistni-samospravy\/zastupitelstvo\/\">Zastupitelstvo M\u010c Praha&nbsp;7<\/a><ul class='children'><li class=\"page_item page-item-8208\"><a href=\"https:\/\/www.praha7.cz\/radnice\/voleni-zastupci-mistni-samospravy\/zastupitelstvo\/clenove-zastupitelstva-2014-2018\/\">\u010clenov\u00e9 zastupitelstva 2014\u20132018<\/a><\/li><li class=\"page_item page-item-60765\"><a href=\"https:\/\/www.praha7.cz\/radnice\/voleni-zastupci-mistni-samospravy\/zastupitelstvo\/clenove-zastupitelstva-2018-2022\/\">\u010clenov\u00e9 zastupitelstva 2018\u20132022<\/a><\/li><li class=\"page_item page-item-62494\"><a href=\"https:\/\/www.praha7.cz\/radnice\/voleni-zastupci-mistni-samospravy\/zastupitelstvo\/eticky-kodex-zastupitele\/\">Etick\u00fd kodex zastupitele<\/a><\/li><li class=\"page_item page-item-62496\"><a href=\"https:\/\/www.praha7.cz\/radnice\/voleni-zastupci-mistni-samospravy\/zastupitelstvo\/jednaci-rad-zastupitelstva\/\">Jednac\u00ed \u0159\u00e1d zastupitelstva<\/a><\/li><li class=\"page_item page-item-7115 page_item_has_children\"><a href=\"https:\/\/www.praha7.cz\/radnice\/voleni-zastupci-mistni-samospravy\/zastupitelstvo\/vybory\/\">V\u00fdbory<\/a><ul class='children'><li class=\"page_item page-item-21133\"><a href=\"https:\/\/www.praha7.cz\/radnice\/voleni-zastupci-mistni-samospravy\/zastupitelstvo\/vybory\/financni-vybor-zastupitelstva-mc-praha-7-2\/\">Finan\u010dn\u00ed v\u00fdbor Zastupitelstva M\u010c Praha&nbsp;7<\/a><\/li><li class=\"page_item page-item-21146\"><a href=\"https:\/\/www.praha7.cz\/radnice\/voleni-zastupci-mistni-samospravy\/zastupitelstvo\/vybory\/kontrolni-vybor-zastupitelstva-mc-praha-7-2\/\">Kontroln\u00ed v\u00fdbor Zastupitelstva M\u010c Praha&nbsp;7<\/a><\/li><li class=\"page_item page-item-21139\"><a href=\"https:\/\/www.praha7.cz\/radnice\/voleni-zastupci-mistni-samospravy\/zastupitelstvo\/vybory\/vybor-pro-vzdelavani-socialni-politiku-a-zdravotnictvi-zastupitelstva-mc-praha-7\/\">V\u00fdbor pro vzd\u011bl\u00e1v\u00e1n\u00ed, soci\u00e1ln\u00ed politiku a&nbsp;zdravotnictv\u00ed Zastupitelstva M\u010c Praha&nbsp;7<\/a><\/li><\/ul><\/li><\/ul><\/li><\/ul><\/li><\/ul><\/li><li class=\"page_item page-item-16787\"><a href=\"https:\/\/www.praha7.cz\/nastaveni-newsletteru\/\">Registrace k&nbsp;odb\u011bru informac\u00ed a&nbsp;aktualit<\/a><\/li><li class=\"page_item page-item-4798 page_item_has_children\"><a href=\"https:\/\/www.praha7.cz\/temata\/\">T\u00e9mata<\/a><ul class='children'><li class=\"page_item page-item-5491 page_item_has_children\"><a href=\"https:\/\/www.praha7.cz\/temata\/art-district-7\/\">Art District 7<\/a><ul class='children'><li class=\"page_item page-item-81754\"><a href=\"https:\/\/www.praha7.cz\/temata\/art-district-7\/architektonicky-manual-prahy-7\/\">Architektonick\u00fd manu\u00e1l Prahy&nbsp;7<\/a><\/li><li class=\"page_item page-item-48067\"><a href=\"https:\/\/www.praha7.cz\/temata\/art-district-7\/festival-mame-otevreno\/\">Festival M\u00e1me otev\u0159eno<\/a><\/li><li class=\"page_item page-item-44392\"><a href=\"https:\/\/www.praha7.cz\/temata\/art-district-7\/galerie-na-milade\/\">Galerie na Milad\u011b<\/a><\/li><li class=\"page_item page-item-48420\"><a href=\"https:\/\/www.praha7.cz\/temata\/art-district-7\/letni-scena-na-strossu\/\">Letn\u00ed sc\u00e9na na Strossu<\/a><\/li><li class=\"page_item page-item-85367\"><a href=\"https:\/\/www.praha7.cz\/temata\/art-district-7\/po-skole-na-kolotoc\/\">Po \u0161kole na Koloto\u010d!<\/a><\/li><li class=\"page_item page-item-90646\"><a href=\"https:\/\/www.praha7.cz\/temata\/art-district-7\/stross-zije\/\">Stross \u017eije: 10 let \u017eidl\u00ed a&nbsp;stolk\u016f<\/a><\/li><li class=\"page_item page-item-43852\"><a href=\"https:\/\/www.praha7.cz\/temata\/art-district-7\/umeni-ve-verejnem-prostoru\/\">Um\u011bn\u00ed ve ve\u0159ejn\u00e9m prostoru<\/a><\/li><\/ul><\/li><li class=\"page_item page-item-5290 page_item_has_children\"><a href=\"https:\/\/www.praha7.cz\/temata\/bezpecnost\/\">Bezpe\u010dnost<\/a><ul class='children'><li class=\"page_item page-item-81882\"><a href=\"https:\/\/www.praha7.cz\/temata\/bezpecnost\/bezpecnostni-rada\/\">Bezpe\u010dnostn\u00ed rada<\/a><\/li><li class=\"page_item page-item-2569\"><a href=\"https:\/\/www.praha7.cz\/temata\/bezpecnost\/mestska-policie\/\">M\u011bstsk\u00e1 policie<\/a><\/li><li class=\"page_item page-item-8332\"><a href=\"https:\/\/www.praha7.cz\/temata\/bezpecnost\/neziskove-organizace\/\">Neziskov\u00e9 organizace<\/a><\/li><li class=\"page_item page-item-5330 page_item_has_children\"><a href=\"https:\/\/www.praha7.cz\/temata\/bezpecnost\/prevence\/\">Prevence<\/a><ul class='children'><li class=\"page_item page-item-2607 page_item_has_children\"><a href=\"https:\/\/www.praha7.cz\/temata\/bezpecnost\/prevence\/bezpecna-praha-7\/\">Bezpe\u010dn\u00e1 Praha&nbsp;7<\/a><ul class='children'><li class=\"page_item page-item-2637\"><a href=\"https:\/\/www.praha7.cz\/temata\/bezpecnost\/prevence\/bezpecna-praha-7\/prehled-sluzeben-slozek-izs-na-uzemi-mc-praha-7\/\">P\u0159ehled slu\u017eeben slo\u017eek Integrovan\u00e9ho z\u00e1chrann\u00e9ho syst\u00e9mu na \u00fazem\u00ed M\u010c Praha&nbsp;7<\/a><\/li><\/ul><\/li><li class=\"page_item page-item-8324\"><a href=\"https:\/\/www.praha7.cz\/temata\/bezpecnost\/prevence\/kriminalita\/\">Kriminalita<\/a><\/li><li class=\"page_item page-item-8322\"><a href=\"https:\/\/www.praha7.cz\/temata\/bezpecnost\/prevence\/navykove-latky\/\">N\u00e1vykov\u00e9 l\u00e1tky<\/a><\/li><li class=\"page_item page-item-5332 page_item_has_children\"><a href=\"https:\/\/www.praha7.cz\/temata\/bezpecnost\/prevence\/on-line-bezpecnost\/\">On-line bezpe\u010dnost<\/a><ul class='children'><li class=\"page_item page-item-5344\"><a href=\"https:\/\/www.praha7.cz\/temata\/bezpecnost\/prevence\/on-line-bezpecnost\/falesne-zpravy\/\">Fale\u0161n\u00e9 zpr\u00e1vy<\/a><\/li><li class=\"page_item page-item-5338\"><a href=\"https:\/\/www.praha7.cz\/temata\/bezpecnost\/prevence\/on-line-bezpecnost\/fotografie-na-webu\/\">Fotografie na webu<\/a><\/li><li class=\"page_item page-item-5340\"><a href=\"https:\/\/www.praha7.cz\/temata\/bezpecnost\/prevence\/on-line-bezpecnost\/phishing\/\">Phishing<\/a><\/li><li class=\"page_item page-item-5334\"><a href=\"https:\/\/www.praha7.cz\/temata\/bezpecnost\/prevence\/on-line-bezpecnost\/seniori-na-internetu\/\">Senio\u0159i na internetu<\/a><\/li><li class=\"page_item page-item-5342\"><a href=\"https:\/\/www.praha7.cz\/temata\/bezpecnost\/prevence\/on-line-bezpecnost\/surfovani-na-wifi\/\">Surfov\u00e1n\u00ed na WIFI<\/a><\/li><li class=\"page_item page-item-5346\"><a href=\"https:\/\/www.praha7.cz\/temata\/bezpecnost\/prevence\/on-line-bezpecnost\/vyderacsky-software\/\">Vyd\u011bra\u010dsk\u00fd software<\/a><\/li><\/ul><\/li><\/ul><\/li><\/ul><\/li><li class=\"page_item page-item-5295 page_item_has_children\"><a href=\"https:\/\/www.praha7.cz\/temata\/cizinci-a-narodnostni-mensiny\/\">Cizinci a&nbsp;men\u0161iny<\/a><ul class='children'><li class=\"page_item page-item-5292\"><a href=\"https:\/\/www.praha7.cz\/temata\/cizinci-a-narodnostni-mensiny\/kurzy-cestiny\/\">Kurzy \u010de\u0161tiny<\/a><\/li><li class=\"page_item page-item-15517\"><a href=\"https:\/\/www.praha7.cz\/temata\/cizinci-a-narodnostni-mensiny\/useful-information-for-foreigners-in-prague-7\/\">Useful information for foreigners in Prague 7<\/a><\/li><\/ul><\/li><li class=\"page_item page-item-7931 page_item_has_children\"><a href=\"https:\/\/www.praha7.cz\/temata\/doprava-v-praze-7\/\">Doprava v&nbsp;Praze 7<\/a><ul class='children'><li class=\"page_item page-item-8092 page_item_has_children\"><a href=\"https:\/\/www.praha7.cz\/temata\/doprava-v-praze-7\/cyklodoprava\/\">Cyklodoprava a&nbsp;cyklostezky<\/a><ul class='children'><li class=\"page_item page-item-18266\"><a href=\"https:\/\/www.praha7.cz\/temata\/doprava-v-praze-7\/cyklodoprava\/cyklista-v-prazskem-provozu-kudy-ma-spravne-projizdet-vozovkou\/\">Cyklista v&nbsp;pra\u017esk\u00e9m provozu: kudy m\u00e1 spr\u00e1vn\u011b proj\u00ed\u017ed\u011bt vozovkou?<\/a><\/li><li class=\"page_item page-item-18269\"><a href=\"https:\/\/www.praha7.cz\/temata\/doprava-v-praze-7\/cyklodoprava\/muze-jet-cyklista-po-prechodu-pro-chodce\/\">M\u016f\u017ee jet cyklista po p\u0159echodu pro chodce?<\/a><\/li><li class=\"page_item page-item-18263\"><a href=\"https:\/\/www.praha7.cz\/temata\/doprava-v-praze-7\/cyklodoprava\/prakticke-nformace-pro-cyklisty\/\">Praktick\u00e9 informace pro cyklisty<\/a><\/li><\/ul><\/li><li class=\"page_item page-item-7936\"><a href=\"https:\/\/www.praha7.cz\/temata\/doprava-v-praze-7\/mestska-hromadna-doprava\/\">M\u011bstsk\u00e1 hromadn\u00e1 doprava<\/a><\/li><li class=\"page_item page-item-70427\"><a href=\"https:\/\/www.praha7.cz\/temata\/doprava-v-praze-7\/skolni-ulice\/\">\u0160koln\u00ed ulice<\/a><\/li><\/ul><\/li><li class=\"page_item page-item-84147\"><a href=\"https:\/\/www.praha7.cz\/temata\/klimaticka-nouze\/\">Klimatick\u00e1 nouze<\/a><\/li><li class=\"page_item page-item-8410 page_item_has_children\"><a href=\"https:\/\/www.praha7.cz\/temata\/mistni-agenda-ma21\/\">M\u00edstn\u00ed agenda MA21<\/a><ul class='children'><li class=\"page_item page-item-40384\"><a href=\"https:\/\/www.praha7.cz\/temata\/mistni-agenda-ma21\/odpovedna-7\/\">Odpov\u011bdn\u00e1 7<\/a><\/li><li class=\"page_item page-item-18552\"><a href=\"https:\/\/www.praha7.cz\/temata\/mistni-agenda-ma21\/sedmicka-ji-zdrave\/\">Sedmi\u010dka j\u00ed zdrav\u011b<\/a><\/li><li class=\"page_item page-item-3528\"><a href=\"https:\/\/www.praha7.cz\/temata\/mistni-agenda-ma21\/v-praze-7-probehlo-forum-mistni-agendy-21\/\">V Praze 7 prob\u011bhlo F\u00f3rum m\u00edstn\u00ed agendy 21<\/a><\/li><\/ul><\/li><li class=\"page_item page-item-3310 page_item_has_children\"><a href=\"https:\/\/www.praha7.cz\/temata\/odpad\/\">Odpad<\/a><ul class='children'><li class=\"page_item page-item-2877\"><a href=\"https:\/\/www.praha7.cz\/temata\/odpad\/odvoz-bioodpadu\/\">Bioodpad<\/a><\/li><li class=\"page_item page-item-2849\"><a href=\"https:\/\/www.praha7.cz\/temata\/odpad\/kontejnery-na-drobne-elektrozarizeni-a-baterie\/\">Kontejnery na drobn\u00e9 elektroza\u0159\u00edzen\u00ed a&nbsp;baterie<\/a><\/li><li class=\"page_item page-item-2863\"><a href=\"https:\/\/www.praha7.cz\/temata\/odpad\/kontejnery-na-kovove-obaly-v-p7\/\">Kontejnery na kovov\u00e9 obaly<\/a><\/li><li class=\"page_item page-item-35560\"><a href=\"https:\/\/www.praha7.cz\/temata\/odpad\/kontejnery-na-oleje-a-tuky\/\">Kontejnery na oleje a&nbsp;tuky<\/a><\/li><li class=\"page_item page-item-8098\"><a href=\"https:\/\/www.praha7.cz\/temata\/odpad\/kontejnery-na-textil\/\">Kontejnery na textil<\/a><\/li><li class=\"page_item page-item-45053\"><a href=\"https:\/\/www.praha7.cz\/temata\/odpad\/nabytkova-banka\/\">N\u00e1bytkov\u00e1 banka<\/a><\/li><li class=\"page_item page-item-2765\"><a href=\"https:\/\/www.praha7.cz\/temata\/odpad\/nakladani-s-odpadem-v-hl-m-praze\/\">Nakl\u00e1d\u00e1n\u00ed s\u00a0odpadem v\u00a0hl. m. Praze<\/a><\/li><li class=\"page_item page-item-8094\"><a href=\"https:\/\/www.praha7.cz\/temata\/odpad\/kose-na-psi-exkrementy\/\">Odpadkov\u00e9 ko\u0161e v&nbsp;ulic\u00edch<\/a><\/li><li class=\"page_item page-item-53831\"><a href=\"https:\/\/www.praha7.cz\/temata\/odpad\/ohlasovani-komunalniho-odpadu\/\">Ohla\u0161ov\u00e1n\u00ed komun\u00e1ln\u00edho odpadu<\/a><\/li><li class=\"page_item page-item-2904\"><a href=\"https:\/\/www.praha7.cz\/temata\/odpad\/sber-pouzitych-rostlinnych-oleju-a-tuku\/\">Sb\u011br nebezpe\u010dn\u00fdch odpad\u016f a&nbsp;jedl\u00fdch olej\u016f<\/a><\/li><li class=\"page_item page-item-72408\"><a href=\"https:\/\/www.praha7.cz\/temata\/odpad\/sberne-dvory\/\">Sb\u011brn\u00e9 dvory<\/a><\/li><li class=\"page_item page-item-8201 page_item_has_children\"><a href=\"https:\/\/www.praha7.cz\/temata\/odpad\/trideny-odpad\/\">T\u0159\u00edd\u011bn\u00fd odpad<\/a><ul class='children'><li class=\"page_item page-item-7921\"><a href=\"https:\/\/www.praha7.cz\/temata\/odpad\/trideny-odpad\/kontejnery-do-domu\/\">Kontejnery do domu<\/a><\/li><li class=\"page_item page-item-2801\"><a href=\"https:\/\/www.praha7.cz\/temata\/odpad\/trideny-odpad\/system-trideni-slozek-komunalniho-odpadu\/\">Syst\u00e9m t\u0159\u00edd\u011bn\u00ed slo\u017eek komun\u00e1ln\u00edho odpadu<\/a><\/li><\/ul><\/li><li class=\"page_item page-item-2926\"><a href=\"https:\/\/www.praha7.cz\/temata\/odpad\/velkoobjemove-kontejnery\/\">Velkoobjemov\u00e9 kontejnery (VOKy)<\/a><\/li><li class=\"page_item page-item-82797\"><a href=\"https:\/\/www.praha7.cz\/temata\/odpad\/velkoobjemove-kontejnery-pro-bioodpad\/\">Velkoobjemov\u00e9 kontejnery pro bioodpad<\/a><\/li><li class=\"page_item page-item-58779\"><a href=\"https:\/\/www.praha7.cz\/temata\/odpad\/zakladni-povinnosti-pravnickych-a-podnikajicich-fyzickych-osob-v-odpadovem-hospodarstvi\/\">Z\u00e1kladn\u00ed povinnosti pr\u00e1vnick\u00fdch a&nbsp;podnikaj\u00edc\u00edch fyzick\u00fdch osob v&nbsp;odpadov\u00e9m hospod\u00e1\u0159stv\u00ed<\/a><\/li><\/ul><\/li><li class=\"page_item page-item-2467 page_item_has_children\"><a href=\"https:\/\/www.praha7.cz\/temata\/otevrena-radnice\/\">Otev\u0159en\u00e1 radnice<\/a><ul class='children'><li class=\"page_item page-item-15609\"><a href=\"https:\/\/www.praha7.cz\/temata\/otevrena-radnice\/cityvizor\/\">CityVizor<\/a><\/li><li class=\"page_item page-item-67539\"><a href=\"https:\/\/www.praha7.cz\/temata\/otevrena-radnice\/ochrana-oznamovatelu\/\">Ochrana oznamovatel\u016f<\/a><\/li><li class=\"page_item page-item-8425 page_item_has_children\"><a href=\"https:\/\/www.praha7.cz\/temata\/otevrena-radnice\/faktury-proplacene-radnici\/\">Proplacen\u00e9 faktury<\/a><ul class='children'><li class=\"page_item page-item-15343\"><a href=\"https:\/\/www.praha7.cz\/temata\/otevrena-radnice\/faktury-proplacene-radnici\/prehled-proplacenych-faktur-2010\/\">P\u0159ehled proplacen\u00fdch faktur (2010)<\/a><\/li><li class=\"page_item page-item-15486\"><a href=\"https:\/\/www.praha7.cz\/temata\/otevrena-radnice\/faktury-proplacene-radnici\/prehled-proplacenych-faktur-2011\/\">P\u0159ehled proplacen\u00fdch faktur (2011)<\/a><\/li><li class=\"page_item page-item-15491\"><a href=\"https:\/\/www.praha7.cz\/temata\/otevrena-radnice\/faktury-proplacene-radnici\/prehled-proplacenych-faktur-2012\/\">P\u0159ehled proplacen\u00fdch faktur (2012)<\/a><\/li><li class=\"page_item page-item-15492\"><a href=\"https:\/\/www.praha7.cz\/temata\/otevrena-radnice\/faktury-proplacene-radnici\/prehled-proplacenych-faktur-2013\/\">P\u0159ehled proplacen\u00fdch faktur (2013)<\/a><\/li><li class=\"page_item page-item-15493\"><a href=\"https:\/\/www.praha7.cz\/temata\/otevrena-radnice\/faktury-proplacene-radnici\/prehled-proplacenych-faktur-2014\/\">P\u0159ehled proplacen\u00fdch faktur (2014)<\/a><\/li><li class=\"page_item page-item-15494\"><a href=\"https:\/\/www.praha7.cz\/temata\/otevrena-radnice\/faktury-proplacene-radnici\/prehled-proplacenych-faktur-2015\/\">P\u0159ehled proplacen\u00fdch faktur (2015)<\/a><\/li><li class=\"page_item page-item-15495\"><a href=\"https:\/\/www.praha7.cz\/temata\/otevrena-radnice\/faktury-proplacene-radnici\/prehled-proplacenych-faktur-2016\/\">P\u0159ehled proplacen\u00fdch faktur (2016)<\/a><\/li><li class=\"page_item page-item-15496\"><a href=\"https:\/\/www.praha7.cz\/temata\/otevrena-radnice\/faktury-proplacene-radnici\/prehled-proplacenych-faktur-2017\/\">P\u0159ehled proplacen\u00fdch faktur (2017)<\/a><\/li><\/ul><\/li><li class=\"page_item page-item-8427 page_item_has_children\"><a href=\"https:\/\/www.praha7.cz\/temata\/otevrena-radnice\/rozpocet\/\">Rozpo\u010det<\/a><ul class='children'><li class=\"page_item page-item-10686\"><a href=\"https:\/\/www.praha7.cz\/temata\/otevrena-radnice\/rozpocet\/rozpocet-2010\/\">Rozpo\u010det 2010<\/a><\/li><li class=\"page_item page-item-10647\"><a href=\"https:\/\/www.praha7.cz\/temata\/otevrena-radnice\/rozpocet\/rozpocet-2011\/\">Rozpo\u010det 2011<\/a><\/li><li class=\"page_item page-item-10666\"><a href=\"https:\/\/www.praha7.cz\/temata\/otevrena-radnice\/rozpocet\/rozpocet-2012\/\">Rozpo\u010det 2012<\/a><\/li><li class=\"page_item page-item-10627\"><a href=\"https:\/\/www.praha7.cz\/temata\/otevrena-radnice\/rozpocet\/rozpocet-2013\/\">Rozpo\u010det 2013<\/a><\/li><li class=\"page_item page-item-10609\"><a href=\"https:\/\/www.praha7.cz\/temata\/otevrena-radnice\/rozpocet\/rozpocet-2014\/\">Rozpo\u010det 2014<\/a><\/li><li class=\"page_item page-item-10592\"><a href=\"https:\/\/www.praha7.cz\/temata\/otevrena-radnice\/rozpocet\/rozpocet-2015\/\">Rozpo\u010det 2015<\/a><\/li><li class=\"page_item page-item-10579\"><a href=\"https:\/\/www.praha7.cz\/temata\/otevrena-radnice\/rozpocet\/rozpocet-2016\/\">Rozpo\u010det 2016<\/a><\/li><li class=\"page_item page-item-10563\"><a href=\"https:\/\/www.praha7.cz\/temata\/otevrena-radnice\/rozpocet\/rozpocet-2017\/\">Rozpo\u010det 2017<\/a><\/li><li class=\"page_item page-item-13801\"><a href=\"https:\/\/www.praha7.cz\/temata\/otevrena-radnice\/rozpocet\/temata-otevrena-radnice-rozpocet-rozpocet-2018\/\">Rozpo\u010det 2018<\/a><\/li><li class=\"page_item page-item-23633\"><a href=\"https:\/\/www.praha7.cz\/temata\/otevrena-radnice\/rozpocet\/rozpocet-2019\/\">Rozpo\u010det 2019<\/a><\/li><\/ul><\/li><\/ul><\/li><li class=\"page_item page-item-8421 page_item_has_children\"><a href=\"https:\/\/www.praha7.cz\/temata\/participace\/\">Participace<\/a><ul class='children'><li class=\"page_item page-item-40327\"><a href=\"https:\/\/www.praha7.cz\/temata\/participace\/zastupitelstvo-mladych\/\">Zastupitelstvo mlad\u00fdch<\/a><\/li><\/ul><\/li><li class=\"page_item page-item-6041 page_item_has_children\"><a href=\"https:\/\/www.praha7.cz\/temata\/pomahame\/\">Pom\u00e1h\u00e1me<\/a><ul class='children'><li class=\"page_item page-item-6053\"><a href=\"https:\/\/www.praha7.cz\/temata\/pomahame\/fondy-solidarity\/\">Humanitn\u00ed fond<\/a><\/li><li class=\"page_item page-item-8765\"><a href=\"https:\/\/www.praha7.cz\/temata\/pomahame\/kontaktni-misto\/\">Kontaktn\u00ed m\u00edsto pro bydlen\u00ed<\/a><\/li><li class=\"page_item page-item-5403\"><a href=\"https:\/\/www.praha7.cz\/temata\/pomahame\/pohrby-osamelych-osob\/\">Poh\u0159by osam\u011bl\u00fdch osob<\/a><\/li><li class=\"page_item page-item-51135\"><a href=\"https:\/\/www.praha7.cz\/temata\/pomahame\/pravni-poradna\/\">Pr\u00e1vn\u00ed poradna<\/a><\/li><li class=\"page_item page-item-57344\"><a href=\"https:\/\/www.praha7.cz\/temata\/pomahame\/sos-wc-dostupne-verejne-toalety-zdarma\/\">SOS WC: Dostupn\u00e9 ve\u0159ejn\u00e9 toalety zdarma<\/a><\/li><li class=\"page_item page-item-53711\"><a href=\"https:\/\/www.praha7.cz\/temata\/pomahame\/taxikmaxik\/\">Tax\u00edk Max\u00edk<\/a><\/li><li class=\"page_item page-item-6029 page_item_has_children\"><a href=\"https:\/\/www.praha7.cz\/temata\/pomahame\/verejne-sbirky\/\">Ve\u0159ejn\u00e9 sb\u00edrky<\/a><ul class='children'><li class=\"page_item page-item-5298\"><a href=\"https:\/\/www.praha7.cz\/temata\/pomahame\/verejne-sbirky\/sbirka-letensky-kolotoc\/\">Letensk\u00fd koloto\u010d<\/a><\/li><li class=\"page_item page-item-5306\"><a href=\"https:\/\/www.praha7.cz\/temata\/pomahame\/verejne-sbirky\/obedove-konto\/\">Ob\u011bdov\u00e9 konto<\/a><\/li><li class=\"page_item page-item-38773\"><a href=\"https:\/\/www.praha7.cz\/temata\/pomahame\/verejne-sbirky\/sosp7\/\">Solidarita od soused\u016f<\/a><\/li><\/ul><\/li><\/ul><\/li><li class=\"page_item page-item-6116 page_item_has_children\"><a href=\"https:\/\/www.praha7.cz\/temata\/programy-eu\/\">Programy EU<\/a><ul class='children'><li class=\"page_item page-item-30840\"><a href=\"https:\/\/www.praha7.cz\/temata\/programy-eu\/detska-skupina-jeslicky\/\">D\u011btsk\u00e1 skupina Jesli\u010dky<\/a><\/li><li class=\"page_item page-item-56983\"><a href=\"https:\/\/www.praha7.cz\/temata\/programy-eu\/detska-skupina-jeslicky-ii\/\">D\u011btsk\u00e1 skupina Jesli\u010dky II<\/a><\/li><li class=\"page_item page-item-84264\"><a href=\"https:\/\/www.praha7.cz\/temata\/programy-eu\/detska-skupina-ortenovo-namesti-praha-7\/\">D\u011btsk\u00e1 skupina Ortenovo n\u00e1m\u011bst\u00ed, Praha&nbsp;7<\/a><\/li><li class=\"page_item page-item-25957\"><a href=\"https:\/\/www.praha7.cz\/temata\/programy-eu\/detska-skupina-panorama\/\">D\u011btsk\u00e1 skupina Panorama<\/a><\/li><li class=\"page_item page-item-56987\"><a href=\"https:\/\/www.praha7.cz\/temata\/programy-eu\/detska-skupina-panorama-ii\/\">D\u011btsk\u00e1 skupina Panorama II<\/a><\/li><li class=\"page_item page-item-77970\"><a href=\"https:\/\/www.praha7.cz\/temata\/programy-eu\/irop-2021-2027\/\">IROP (2021\u20132027)<\/a><\/li><li class=\"page_item page-item-45934\"><a href=\"https:\/\/www.praha7.cz\/temata\/programy-eu\/komunitni-praha-7\/\">Komunitn\u00ed Praha&nbsp;7<\/a><\/li><li class=\"page_item page-item-77102\"><a href=\"https:\/\/www.praha7.cz\/temata\/programy-eu\/map-iv\/\">MAP IV<\/a><\/li><li class=\"page_item page-item-2274\"><a href=\"https:\/\/www.praha7.cz\/temata\/programy-eu\/mistni-akcni-plany-rozvoje-vzdelavani\/\">M\u00edstn\u00ed ak\u010dn\u00ed pl\u00e1ny rozvoje vzd\u011bl\u00e1v\u00e1n\u00ed &#8211; spr\u00e1vn\u00ed obvod Praha&nbsp;7<\/a><\/li><li class=\"page_item page-item-5594\"><a href=\"https:\/\/www.praha7.cz\/temata\/programy-eu\/navyseni-kapacity-predskolniho-vzdelavani-pri-ms-na-vysinach\/\">Nav\u00fd\u0161en\u00ed kapacity p\u0159ed\u0161koln\u00edho vzd\u011bl\u00e1v\u00e1n\u00ed p\u0159i M\u0160 Na V\u00fd\u0161in\u00e1ch<\/a><\/li><li class=\"page_item page-item-2340\"><a href=\"https:\/\/www.praha7.cz\/temata\/programy-eu\/navyseni-kapacity-predskolniho-vzdelavani-pri-ms-u-uranie\/\">Nav\u00fd\u0161en\u00ed kapacity p\u0159ed\u0161koln\u00edho vzd\u011bl\u00e1v\u00e1n\u00ed p\u0159i M\u0160 U&nbsp;Uranie<\/a><\/li><li class=\"page_item page-item-37046\"><a href=\"https:\/\/www.praha7.cz\/temata\/programy-eu\/navyseni-kapacity-zakladniho-vzdelavani-pri-zs-tgm-v-praze-7\/\">Nav\u00fd\u0161en\u00ed kapacity z\u00e1kladn\u00edho vzd\u011bl\u00e1v\u00e1n\u00ed p\u0159i Z\u0160 TGM v&nbsp;Praze 7<\/a><\/li><li class=\"page_item page-item-6127\"><a href=\"https:\/\/www.praha7.cz\/temata\/programy-eu\/pol-rustu\/\">OP Praha \u2013 p\u00f3l r\u016fstu \u010cR<\/a><\/li><li class=\"page_item page-item-6118\"><a href=\"https:\/\/www.praha7.cz\/temata\/programy-eu\/operacni-program-zamestnanost\/\">OP Zam\u011bstnanost<\/a><\/li><li class=\"page_item page-item-84270\"><a href=\"https:\/\/www.praha7.cz\/temata\/programy-eu\/pecovatelske-centrum-ortenovo-namesti-praha-7\/\">Pe\u010dovatelsk\u00e9 centrum Ortenovo n\u00e1m\u011bst\u00ed, Praha&nbsp;7<\/a><\/li><li class=\"page_item page-item-58071\"><a href=\"https:\/\/www.praha7.cz\/temata\/programy-eu\/pilotni-overeni-implementace-systemu-socialniho-bydleni-na-lokalni-urovni-v-mc-p7\/\">Pilotn\u00ed ov\u011b\u0159en\u00ed implementace syst\u00e9mu soci\u00e1ln\u00edho bydlen\u00ed na lok\u00e1ln\u00ed \u00farovni v&nbsp;M\u010c P7<\/a><\/li><li class=\"page_item page-item-89706\"><a href=\"https:\/\/www.praha7.cz\/temata\/programy-eu\/podpora-bydleni-v-uzemi-mc-praha-7\/\">Podpora bydlen\u00ed v&nbsp;\u00fazem\u00ed M\u010c Praha&nbsp;7<\/a><\/li><li class=\"page_item page-item-14604\"><a href=\"https:\/\/www.praha7.cz\/temata\/programy-eu\/podpora-socialniho-bydleni-v-praze-7\/\">Podpora soci\u00e1ln\u00edho bydlen\u00ed v&nbsp;Praze 7<\/a><\/li><li class=\"page_item page-item-46105\"><a href=\"https:\/\/www.praha7.cz\/temata\/programy-eu\/renovace-socialniho-bytu-jankovcova\/\">Renovace soci\u00e1ln\u00edho bytu Jankovcova<\/a><\/li><li class=\"page_item page-item-51573\"><a href=\"https:\/\/www.praha7.cz\/temata\/programy-eu\/renovace-socialniho-bytu-osadni\/\">Renovace soci\u00e1ln\u00edho bytu Osadn\u00ed<\/a><\/li><li class=\"page_item page-item-50719\"><a href=\"https:\/\/www.praha7.cz\/temata\/programy-eu\/renovace-socialniho-bytu-u-pruhonu\/\">Renovace soci\u00e1ln\u00edho bytu U&nbsp;Pr\u016fhonu<\/a><\/li><li class=\"page_item page-item-63848\"><a href=\"https:\/\/www.praha7.cz\/temata\/programy-eu\/rozvoj-udrzitelne-mestske-dopravy-mestska-cast-praha-7\/\">Rozvoj udr\u017eiteln\u00e9 m\u011bstsk\u00e9 dopravy &#8211; m\u011bstsk\u00e1 \u010d\u00e1st Praha&nbsp;7<\/a><\/li><li class=\"page_item page-item-5589\"><a href=\"https:\/\/www.praha7.cz\/temata\/programy-eu\/lidske-zdroje-a-zamestnanost\/\">Syst\u00e9mov\u00e9 nastaven\u00ed \u0159\u00edzen\u00ed lidsk\u00fdch zdroj\u016f na \u00da\u0159ad\u011b m\u011bstsk\u00e9 \u010d\u00e1sti Praha&nbsp;7<\/a><\/li><li class=\"page_item page-item-9539\"><a href=\"https:\/\/www.praha7.cz\/temata\/programy-eu\/ukoncene-projekty\/\">Ukon\u010den\u00e9 projekty<\/a><\/li><li class=\"page_item page-item-65883\"><a href=\"https:\/\/www.praha7.cz\/temata\/programy-eu\/zamestnanost-plus\/\">Zam\u011bstnanost plus<\/a><\/li><li class=\"page_item page-item-58074\"><a href=\"https:\/\/www.praha7.cz\/temata\/programy-eu\/zavedeni-systemu-managementu-rizeni-kvality-v-umc-praha-7\/\">Zaveden\u00ed syst\u00e9mu managementu \u0159\u00edzen\u00ed kvality v&nbsp;\u00daM\u010c Praha&nbsp;7<\/a><\/li><\/ul><\/li><li class=\"page_item page-item-13444 page_item_has_children\"><a href=\"https:\/\/www.praha7.cz\/temata\/referendum\/\">Referendum<\/a><ul class='children'><li class=\"page_item page-item-13448\"><a href=\"https:\/\/www.praha7.cz\/temata\/referendum\/vysledky-hlasovani-v-referendu-o-omezeni-hazardu\/\">V\u00fdsledky hlasov\u00e1n\u00ed v\u00a0referendu o&nbsp;omezen\u00ed hazardu<\/a><\/li><li class=\"page_item page-item-13458\"><a href=\"https:\/\/www.praha7.cz\/temata\/referendum\/vysledky-hlasovani-v-referendu-vyhlaseneho-zastupitelstvem-mc-praha-7\/\">V\u00fdsledky hlasov\u00e1n\u00ed v\u00a0referendu vyhl\u00e1\u0161en\u00e9ho Zastupitelstvem M\u010c Praha&nbsp;7<\/a><\/li><li class=\"page_item page-item-13454\"><a href=\"https:\/\/www.praha7.cz\/temata\/referendum\/vysledky-hlasovani-v-referendu-za-nepredrazenou-radnici\/\">V\u00fdsledky hlasov\u00e1n\u00ed v\u00a0referendu za nep\u0159edra\u017eenou radnici<\/a><\/li><\/ul><\/li><li class=\"page_item page-item-6469 page_item_has_children\"><a href=\"https:\/\/www.praha7.cz\/temata\/strategicky-plan\/\">Strategick\u00fd pl\u00e1n<\/a><ul class='children'><li class=\"page_item page-item-12920\"><a href=\"https:\/\/www.praha7.cz\/temata\/strategicky-plan\/akcni-plan\/\">Ak\u010dn\u00ed pl\u00e1n<\/a><\/li><li class=\"page_item page-item-51878\"><a href=\"https:\/\/www.praha7.cz\/temata\/strategicky-plan\/strategicky-plan-2016-2022\/\">Strategick\u00fd pl\u00e1n 2016\u20132022<\/a><\/li><li class=\"page_item page-item-51880\"><a href=\"https:\/\/www.praha7.cz\/temata\/strategicky-plan\/strategie-2030\/\">Strategie Prahy&nbsp;7<\/a><\/li><\/ul><\/li><li class=\"page_item page-item-6199 page_item_has_children\"><a href=\"https:\/\/www.praha7.cz\/temata\/uklid-v-praze-7\/\">\u00daklid v&nbsp;Praze 7<\/a><ul class='children'><li class=\"page_item page-item-6096\"><a href=\"https:\/\/www.praha7.cz\/temata\/uklid-v-praze-7\/blokove-cisteni\/\">Blokov\u00e9 \u010di\u0161t\u011bn\u00ed<\/a><\/li><li class=\"page_item page-item-6203\"><a href=\"https:\/\/www.praha7.cz\/temata\/uklid-v-praze-7\/uklid-verejneho-prostranstvi\/\">\u00daklid ve\u0159ejn\u00e9ho prostranstv\u00ed<\/a><\/li><li class=\"page_item page-item-62308\"><a href=\"https:\/\/www.praha7.cz\/temata\/uklid-v-praze-7\/zimni-udrzba\/\">Zimn\u00ed \u00fadr\u017eba<\/a><\/li><\/ul><\/li><li class=\"page_item page-item-6190 page_item_has_children\"><a href=\"https:\/\/www.praha7.cz\/temata\/verejny-prostor\/\">Ve\u0159ejn\u00fd prostor<\/a><ul class='children'><li class=\"page_item page-item-16574\"><a href=\"https:\/\/www.praha7.cz\/temata\/verejny-prostor\/bubny-zatory\/\">Bubny-Z\u00e1tory<\/a><\/li><li class=\"page_item page-item-84845\"><a href=\"https:\/\/www.praha7.cz\/temata\/verejny-prostor\/estakada-strojnicka\/\">Estak\u00e1da v&nbsp;ulici Strojnick\u00e1<\/a><\/li><li class=\"page_item page-item-16398\"><a href=\"https:\/\/www.praha7.cz\/temata\/verejny-prostor\/metropolitni-plan\/\">Metropolitn\u00ed pl\u00e1n<\/a><\/li><li class=\"page_item page-item-8320\"><a href=\"https:\/\/www.praha7.cz\/temata\/verejny-prostor\/parky-a-zelen\/\">Parky a&nbsp;zele\u0148<\/a><\/li><li class=\"page_item page-item-5520\"><a href=\"https:\/\/www.praha7.cz\/temata\/verejny-prostor\/pohyb-psu\/\">Pohyb ps\u016f<\/a><\/li><li class=\"page_item page-item-41449 page_item_has_children\"><a href=\"https:\/\/www.praha7.cz\/temata\/verejny-prostor\/spolecne-pro-trojskou-kotlinu\/\">Stezka Trojsk\u00e9 kotliny<\/a><ul class='children'><li class=\"page_item page-item-41469\"><a href=\"https:\/\/www.praha7.cz\/temata\/verejny-prostor\/spolecne-pro-trojskou-kotlinu\/cesta-krajiny-a-infrastruktury\/\">Cesta krajiny a&nbsp;infrastruktury<\/a><\/li><li class=\"page_item page-item-41487\"><a href=\"https:\/\/www.praha7.cz\/temata\/verejny-prostor\/spolecne-pro-trojskou-kotlinu\/divoka-vltava\/\">Divok\u00e1 Vltava<\/a><\/li><li class=\"page_item page-item-41479\"><a href=\"https:\/\/www.praha7.cz\/temata\/verejny-prostor\/spolecne-pro-trojskou-kotlinu\/iniciacni-opatreni\/\">Inicia\u010dn\u00ed opat\u0159en\u00ed<\/a><\/li><li class=\"page_item page-item-41465\"><a href=\"https:\/\/www.praha7.cz\/temata\/verejny-prostor\/spolecne-pro-trojskou-kotlinu\/nabrezi-stromovky\/\">N\u00e1b\u0159e\u017e\u00ed Stromovky<\/a><\/li><li class=\"page_item page-item-41477\"><a href=\"https:\/\/www.praha7.cz\/temata\/verejny-prostor\/spolecne-pro-trojskou-kotlinu\/naplnovani-koncepce-cisarskeho-ostrova-zasady-koncepce-projekty-akcniho-planu\/\">Napl\u0148ov\u00e1n\u00ed koncepce C\u00edsa\u0159sk\u00e9ho ostrova, Z\u00e1sady Koncepce, Projekty Ak\u010dn\u00edho pl\u00e1nu<\/a><\/li><li class=\"page_item page-item-41493\"><a href=\"https:\/\/www.praha7.cz\/temata\/verejny-prostor\/spolecne-pro-trojskou-kotlinu\/nejstarsi-zastavba-a-nazev\/\">Nejstar\u0161\u00ed z\u00e1stavba a&nbsp;n\u00e1zev<\/a><\/li><li class=\"page_item page-item-41451\"><a href=\"https:\/\/www.praha7.cz\/temata\/verejny-prostor\/spolecne-pro-trojskou-kotlinu\/novy-park\/\">Nov\u00fd park<\/a><\/li><li class=\"page_item page-item-41490\"><a href=\"https:\/\/www.praha7.cz\/temata\/verejny-prostor\/spolecne-pro-trojskou-kotlinu\/obnova-souziti-s-rekou-krajina-reky\/\">Obnova Sou\u017eit\u00ed s&nbsp;\u0159ekou, Krajina \u0159eky<\/a><\/li><li class=\"page_item page-item-41457\"><a href=\"https:\/\/www.praha7.cz\/temata\/verejny-prostor\/spolecne-pro-trojskou-kotlinu\/obziva\/\">Ob\u017eiva<\/a><\/li><li class=\"page_item page-item-41473\"><a href=\"https:\/\/www.praha7.cz\/temata\/verejny-prostor\/spolecne-pro-trojskou-kotlinu\/park-vodnich-sportu\/\">Park vodn\u00edch sport\u016f<\/a><\/li><li class=\"page_item page-item-41461\"><a href=\"https:\/\/www.praha7.cz\/temata\/verejny-prostor\/spolecne-pro-trojskou-kotlinu\/povodne\/\">Povodn\u011b<\/a><\/li><li class=\"page_item page-item-41455\"><a href=\"https:\/\/www.praha7.cz\/temata\/verejny-prostor\/spolecne-pro-trojskou-kotlinu\/pravek-i\/\">Prav\u011bk I.<\/a><\/li><li class=\"page_item page-item-41453\"><a href=\"https:\/\/www.praha7.cz\/temata\/verejny-prostor\/spolecne-pro-trojskou-kotlinu\/pravek-ii\/\">Prav\u011bk II.<\/a><\/li><li class=\"page_item page-item-52116\"><a href=\"https:\/\/www.praha7.cz\/temata\/verejny-prostor\/spolecne-pro-trojskou-kotlinu\/predprostor-zamku-troja\/\">P\u0159edprostor Z\u00e1mku Troja<\/a><\/li><li class=\"page_item page-item-41475\"><a href=\"https:\/\/www.praha7.cz\/temata\/verejny-prostor\/spolecne-pro-trojskou-kotlinu\/primestsky-park-trojska-kotlina-priority-mestskych-casti\/\">P\u0159\u00edm\u011bstsk\u00fd park Trojsk\u00e1 kotlina, priority m\u011bstsk\u00fdch \u010d\u00e1st\u00ed<\/a><\/li><li class=\"page_item page-item-41463\"><a href=\"https:\/\/www.praha7.cz\/temata\/verejny-prostor\/spolecne-pro-trojskou-kotlinu\/privozy\/\">P\u0159\u00edvozy<\/a><\/li><li class=\"page_item page-item-41467\"><a href=\"https:\/\/www.praha7.cz\/temata\/verejny-prostor\/spolecne-pro-trojskou-kotlinu\/propojeni-podbaba-cisarsky-ostrov-troja\/\">Propojen\u00ed Podbaba &#8211; C\u00edsa\u0159sk\u00fd ostrov &#8211; Troja<\/a><\/li><li class=\"page_item page-item-41485\"><a href=\"https:\/\/www.praha7.cz\/temata\/verejny-prostor\/spolecne-pro-trojskou-kotlinu\/protipovodnova-ochrana-trojske-kotliny\/\">Protipovod\u0148ov\u00e1 ochrana Trojsk\u00e9 kotliny<\/a><\/li><li class=\"page_item page-item-41483\"><a href=\"https:\/\/www.praha7.cz\/temata\/verejny-prostor\/spolecne-pro-trojskou-kotlinu\/sirsi-kontext\/\">\u0160ir\u0161\u00ed kontext<\/a><\/li><li class=\"page_item page-item-41459\"><a href=\"https:\/\/www.praha7.cz\/temata\/verejny-prostor\/spolecne-pro-trojskou-kotlinu\/stare-holesovice\/\">Star\u00e9 Hole\u0161ovice<\/a><\/li><li class=\"page_item page-item-41471\"><a href=\"https:\/\/www.praha7.cz\/temata\/verejny-prostor\/spolecne-pro-trojskou-kotlinu\/trojske-nabrezi\/\">Trojsk\u00e9 n\u00e1b\u0159e\u017e\u00ed<\/a><\/li><li class=\"page_item page-item-41500\"><a href=\"https:\/\/www.praha7.cz\/temata\/verejny-prostor\/spolecne-pro-trojskou-kotlinu\/vinice\/\">Vinice<\/a><\/li><li class=\"page_item page-item-41495\"><a href=\"https:\/\/www.praha7.cz\/temata\/verejny-prostor\/spolecne-pro-trojskou-kotlinu\/zamek-troja\/\">Z\u00e1mek Troja<\/a><\/li><li class=\"page_item page-item-41497\"><a href=\"https:\/\/www.praha7.cz\/temata\/verejny-prostor\/spolecne-pro-trojskou-kotlinu\/zoo\/\">ZOO<\/a><\/li><\/ul><\/li><li class=\"page_item page-item-5506\"><a href=\"https:\/\/www.praha7.cz\/temata\/verejny-prostor\/vodni-prvky-na-praze-7\/\">Vodn\u00ed prvky Prahy&nbsp;7<\/a><\/li><li class=\"page_item page-item-61318\"><a href=\"https:\/\/www.praha7.cz\/temata\/verejny-prostor\/zeleznice-na-letiste\/\">\u017deleznice na leti\u0161t\u011b<\/a><\/li><li class=\"page_item page-item-2216\"><a href=\"https:\/\/www.praha7.cz\/temata\/verejny-prostor\/zmena-uzemniho-planu\/\">Zm\u011bna \u00fazemn\u00edho pl\u00e1nu<\/a><\/li><\/ul><\/li><\/ul><\/li><li class=\"page_item page-item-137\"><a href=\"https:\/\/www.praha7.cz\/event\/\">Ud\u00e1lost<\/a><\/li><li class=\"page_item page-item-5559\"><a href=\"https:\/\/www.praha7.cz\/uredni-deska\/\">\u00da\u0159edn\u00ed deska<\/a><\/li><li class=\"page_item page-item-1239\"><a href=\"https:\/\/www.praha7.cz\/usneseni\/\">Usnesen\u00ed<\/a><\/li><li class=\"page_item page-item-10785\"><a href=\"https:\/\/www.praha7.cz\/usneseni-archiv\/\">Usnesen\u00ed rady a&nbsp;zastupitelstva (do roku 2022)<\/a><\/li><li class=\"page_item page-item-142 page_item_has_children\"><a href=\"https:\/\/www.praha7.cz\/volny-cas-hp\/\">Voln\u00fd \u010das<\/a><ul class='children'><li class=\"page_item page-item-91256\"><a href=\"https:\/\/www.praha7.cz\/volny-cas-hp\/studanka\/\">Stud\u00e1nka \u2013 komunitn\u00ed prostor na Letn\u00e9<\/a><\/li><\/ul><\/li><li class=\"page_item page-item-4815 page_item_has_children\"><a href=\"https:\/\/www.praha7.cz\/volny-cas-prehled\/\">Voln\u00fd \u010das<\/a><ul class='children'><li class=\"page_item page-item-5984 page_item_has_children\"><a href=\"https:\/\/www.praha7.cz\/volny-cas-prehled\/deti\/\">D\u011bti<\/a><ul class='children'><li class=\"page_item page-item-2653\"><a href=\"https:\/\/www.praha7.cz\/volny-cas-prehled\/deti\/detska-hriste\/\">D\u011btsk\u00e1 h\u0159i\u0161t\u011b<\/a><\/li><li class=\"page_item page-item-2780\"><a href=\"https:\/\/www.praha7.cz\/volny-cas-prehled\/deti\/materska-centra-a-kluby-pro-deti\/\">Mate\u0159sk\u00e1 centra a&nbsp;kluby pro d\u011bti<\/a><\/li><li class=\"page_item page-item-6171\"><a href=\"https:\/\/www.praha7.cz\/volny-cas-prehled\/deti\/primestske-tabory\/\">P\u0159\u00edm\u011bstsk\u00e9 t\u00e1bory<\/a><\/li><li class=\"page_item page-item-27200\"><a href=\"https:\/\/www.praha7.cz\/volny-cas-prehled\/deti\/prispevek-na-krouzky\/\">P\u0159\u00edsp\u011bvek na krou\u017eky<\/a><\/li><li class=\"page_item page-item-1329\"><a href=\"https:\/\/www.praha7.cz\/volny-cas-prehled\/deti\/vitani-obcanku\/\">V\u00edt\u00e1n\u00ed ob\u010d\u00e1nk\u016f<\/a><\/li><\/ul><\/li><li class=\"page_item page-item-23220\"><a href=\"https:\/\/www.praha7.cz\/volny-cas-prehled\/dobrovolnictvi\/\">Dobrovolnictv\u00ed<\/a><\/li><li class=\"page_item page-item-1313 page_item_has_children\"><a href=\"https:\/\/www.praha7.cz\/volny-cas-prehled\/kultura\/\">Kultura<\/a><ul class='children'><li class=\"page_item page-item-76261 page_item_has_children\"><a href=\"https:\/\/www.praha7.cz\/volny-cas-prehled\/kultura\/140let\/\">140 let Prahy&nbsp;7<\/a><ul class='children'><li class=\"page_item page-item-79974\"><a href=\"https:\/\/www.praha7.cz\/volny-cas-prehled\/kultura\/140let\/kniha\/\">Kniha 140 let Prahy&nbsp;7<\/a><\/li><li class=\"page_item page-item-76267\"><a href=\"https:\/\/www.praha7.cz\/volny-cas-prehled\/kultura\/140let\/kultura140let\/\">Kulturn\u00ed akce ke 140.&nbsp;v\u00fdro\u010d\u00ed<\/a><\/li><li class=\"page_item page-item-76272\"><a href=\"https:\/\/www.praha7.cz\/volny-cas-prehled\/kultura\/140let\/skoly-slavi-140-vyroci\/\">\u0160koly slav\u00ed 140.&nbsp;v\u00fdro\u010d\u00ed<\/a><\/li><\/ul><\/li><li class=\"page_item page-item-4533\"><a href=\"https:\/\/www.praha7.cz\/volny-cas-prehled\/kultura\/kulturni-instituce\/\">Kulturn\u00ed akt\u00e9\u0159i<\/a><\/li><li class=\"page_item page-item-78608\"><a href=\"https:\/\/www.praha7.cz\/volny-cas-prehled\/kultura\/kulturni-dotace-jinych-subjektu\/\">Kulturn\u00ed dotace jin\u00fdch subjekt\u016f<\/a><\/li><li class=\"page_item page-item-5493\"><a href=\"https:\/\/www.praha7.cz\/volny-cas-prehled\/kultura\/pamatkova-pece\/\">Pam\u00e1tkov\u00e1 p\u00e9\u010de<\/a><\/li><li class=\"page_item page-item-1469\"><a href=\"https:\/\/www.praha7.cz\/volny-cas-prehled\/kultura\/pro-rodice\/\">Pro rodi\u010de<\/a><\/li><li class=\"page_item page-item-1467\"><a href=\"https:\/\/www.praha7.cz\/volny-cas-prehled\/kultura\/pro-seniory\/\">Pro seniory<\/a><\/li><\/ul><\/li><li class=\"page_item page-item-59095\"><a href=\"https:\/\/www.praha7.cz\/volny-cas-prehled\/letensky-kolotoc\/\">Letensk\u00fd koloto\u010d<\/a><\/li><li class=\"page_item page-item-6113 page_item_has_children\"><a href=\"https:\/\/www.praha7.cz\/volny-cas-prehled\/o-praze-7\/\">O Praze 7<\/a><ul class='children'><li class=\"page_item page-item-6737\"><a href=\"https:\/\/www.praha7.cz\/volny-cas-prehled\/o-praze-7\/cestni-obcane\/\">\u010cestn\u00ed ob\u010dan\u00e9<\/a><\/li><li class=\"page_item page-item-6318\"><a href=\"https:\/\/www.praha7.cz\/volny-cas-prehled\/o-praze-7\/historie-prahy-7\/\">Historie Prahy&nbsp;7<\/a><\/li><li class=\"page_item page-item-6388\"><a href=\"https:\/\/www.praha7.cz\/volny-cas-prehled\/o-praze-7\/oceneni\/\">Ocen\u011bn\u00ed<\/a><\/li><li class=\"page_item page-item-6690\"><a href=\"https:\/\/www.praha7.cz\/volny-cas-prehled\/o-praze-7\/pamatky\/\">Pam\u00e1tky<\/a><\/li><li class=\"page_item page-item-59361\"><a href=\"https:\/\/www.praha7.cz\/volny-cas-prehled\/o-praze-7\/pametni-desky-a-pomniky\/\">Pam\u011btn\u00ed desky a&nbsp;pomn\u00edky<\/a><\/li><\/ul><\/li><li class=\"page_item page-item-5872 page_item_has_children\"><a href=\"https:\/\/www.praha7.cz\/volny-cas-prehled\/seniori\/\">Senio\u0159i<\/a><ul class='children'><li class=\"page_item page-item-1320\"><a href=\"https:\/\/www.praha7.cz\/volny-cas-prehled\/seniori\/babicka-ze-sousedstvi\/\">Babi\u010dka a&nbsp;d\u011bde\u010dek ze sousedstv\u00ed<\/a><\/li><li class=\"page_item page-item-61016\"><a href=\"https:\/\/www.praha7.cz\/volny-cas-prehled\/seniori\/dobro-na-sedmicce\/\">Dobro na Sedmi\u010dce<\/a><\/li><li class=\"page_item page-item-5907\"><a href=\"https:\/\/www.praha7.cz\/volny-cas-prehled\/seniori\/jubilejni-snatky\/\">Jubilejn\u00ed s\u0148atky<\/a><\/li><li class=\"page_item page-item-5867 page_item_has_children\"><a href=\"https:\/\/www.praha7.cz\/volny-cas-prehled\/seniori\/klub-senioru\/\">Klub senior\u016f<\/a><ul class='children'><li class=\"page_item page-item-5946\"><a href=\"https:\/\/www.praha7.cz\/volny-cas-prehled\/seniori\/klub-senioru\/partneri-klubu-senioru\/\">Partne\u0159i klubu senior\u016f<\/a><\/li><li class=\"page_item page-item-4875\"><a href=\"https:\/\/www.praha7.cz\/volny-cas-prehled\/seniori\/klub-senioru\/tanecni-odpoledne\/\">Tane\u010dn\u00ed odpoledne pro seniory<\/a><\/li><\/ul><\/li><li class=\"page_item page-item-6139\"><a href=\"https:\/\/www.praha7.cz\/volny-cas-prehled\/seniori\/komunitni-organizace\/\">Komunitn\u00ed a&nbsp;vzd\u011bl\u00e1vac\u00ed centra<\/a><\/li><li class=\"page_item page-item-7011\"><a href=\"https:\/\/www.praha7.cz\/volny-cas-prehled\/seniori\/kurzy-pro-seniory-v-pristavu-7\/\">Kurzy pro seniory v&nbsp;P\u0159\u00edstavu 7<\/a><\/li><li class=\"page_item page-item-12229\"><a href=\"https:\/\/www.praha7.cz\/volny-cas-prehled\/seniori\/pohybove-aktivity\/\">Pohybov\u00e9 aktivity<\/a><\/li><li class=\"page_item page-item-1327\"><a href=\"https:\/\/www.praha7.cz\/volny-cas-prehled\/seniori\/jubilea\/\">P\u0159\u00e1n\u00ed jubilant\u016fm<\/a><\/li><li class=\"page_item page-item-73506\"><a href=\"https:\/\/www.praha7.cz\/volny-cas-prehled\/seniori\/prednasky-pro-seniory\/\">P\u0159edn\u00e1\u0161ky pro seniory z&nbsp;Prahy&nbsp;7<\/a><\/li><\/ul><\/li><li class=\"page_item page-item-35089\"><a href=\"https:\/\/www.praha7.cz\/volny-cas-prehled\/sousedskespolkyprahy7\/\">Sousedsk\u00e9 spolky Prahy&nbsp;7<\/a><\/li><li class=\"page_item page-item-5069 page_item_has_children\"><a href=\"https:\/\/www.praha7.cz\/volny-cas-prehled\/sport\/\">Sport<\/a><ul class='children'><li class=\"page_item page-item-79972\"><a href=\"https:\/\/www.praha7.cz\/volny-cas-prehled\/sport\/brusleni\/\">Bruslen\u00ed na Letensk\u00e9 pl\u00e1ni<\/a><\/li><li class=\"page_item page-item-43892\"><a href=\"https:\/\/www.praha7.cz\/volny-cas-prehled\/sport\/plan-rozvoje-sportu-mc-praha-7\/\">Pl\u00e1n rozvoje sportu M\u010c Praha&nbsp;7<\/a><\/li><li class=\"page_item page-item-44123\"><a href=\"https:\/\/www.praha7.cz\/volny-cas-prehled\/sport\/praha-sportovni\/\">Praha sportovn\u00ed<\/a><\/li><li class=\"page_item page-item-5367\"><a href=\"https:\/\/www.praha7.cz\/volny-cas-prehled\/sport\/sportoviste\/\">Sportovi\u0161t\u011b<\/a><\/li><li class=\"page_item page-item-44125\"><a href=\"https:\/\/www.praha7.cz\/volny-cas-prehled\/sport\/sportovni-dotace-jinych-subjektu\/\">Sportovn\u00ed dotace jin\u00fdch subjekt\u016f<\/a><\/li><li class=\"page_item page-item-4892\"><a href=\"https:\/\/www.praha7.cz\/volny-cas-prehled\/sport\/sportovni-organizace\/\">Sportovn\u00ed organizace<\/a><\/li><\/ul><\/li><li class=\"page_item page-item-2782\"><a href=\"https:\/\/www.praha7.cz\/volny-cas-prehled\/zajmove-kurzy\/\">Z\u00e1jmov\u00e9 kurzy<\/a><\/li><\/ul><\/li><li class=\"page_item page-item-16596\"><a href=\"https:\/\/www.praha7.cz\/zeptat-se-uradu\/\">Zeptat se \u00fa\u0159adu<\/a><\/li><li class=\"page_item page-item-88105\"><a href=\"https:\/\/www.praha7.cz\/zona-zakazu-stani\/\">Z\u00f3na z\u00e1kazu st\u00e1n\u00ed<\/a><\/li><li class=\"page_item page-item-31241\"><a href=\"https:\/\/www.praha7.cz\/temata\/programy-eu\/op-vyzkum-vyvoj-a-vzdelavani\/odborni-garanti\/\">Odborn\u00ed garanti<\/a><\/li><li class=\"page_item page-item-31162\"><a href=\"https:\/\/www.praha7.cz\/temata\/programy-eu\/op-vyzkum-vyvoj-a-vzdelavani\/sedmicka-vzdelavaci-a-komunitni\/\">Sedmi\u010dka vzd\u011bl\u00e1vac\u00ed a&nbsp;komunitn\u00ed<\/a><\/li><li class=\"page_item page-item-31253\"><a href=\"https:\/\/www.praha7.cz\/temata\/programy-eu\/op-vyzkum-vyvoj-a-vzdelavani\/vystupy-z-projektu\/\">V\u00fdstupy z&nbsp;projektu<\/a><\/li><li class=\"page_item page-item-31245\"><a href=\"https:\/\/www.praha7.cz\/temata\/programy-eu\/op-vyzkum-vyvoj-a-vzdelavani\/zapojeni-verejnosti-do-pripravy\/\">Zapojen\u00ed ve\u0159ejnosti<\/a><\/li><\/ul>","protected":false},"excerpt":{"rendered":"","protected":false},"author":1,"featured_media":0,"parent":0,"menu_order":16,"comment_status":"closed","ping_status":"closed","template":"","meta":[],"_links":{"self":[{"href":"https:\/\/www.praha7.cz\/api\/wp\/v2\/pages\/10774"}],"collection":[{"href":"https:\/\/www.praha7.cz\/api\/wp\/v2\/pages"}],"about":[{"href":"https:\/\/www.praha7.cz\/api\/wp\/v2\/types\/page"}],"author":[{"embeddable":true,"href":"https:\/\/www.praha7.cz\/api\/wp\/v2\/users\/1"}],"replies":[{"embeddable":true,"href":"https:\/\/www.praha7.cz\/api\/wp\/v2\/comments?post=10774"}],"version-history":[{"count":2,"href":"https:\/\/www.praha7.cz\/api\/wp\/v2\/pages\/10774\/revisions"}],"predecessor-version":[{"id":11495,"href":"https:\/\/www.praha7.cz\/api\/wp\/v2\/pages\/10774\/revisions\/11495"}],"wp:attachment":[{"href":"https:\/\/www.praha7.cz\/api\/wp\/v2\/media?parent=10774"}],"curies":[{"name":"wp","href":"https:\/\/api.w.org\/{rel}","templated":true}]}}