    
{"id":10592,"date":"2017-12-05T22:14:50","date_gmt":"2017-12-05T21:14:50","guid":{"rendered":"https:\/\/praha7.cz\/?page_id=10592"},"modified":"2017-12-05T23:29:23","modified_gmt":"2017-12-05T22:29:23","slug":"rozpocet-2015","status":"publish","type":"page","link":"https:\/\/www.praha7.cz\/temata\/otevrena-radnice\/rozpocet\/rozpocet-2015\/","title":{"rendered":"Rozpo\u010det 2015"},"content":{"rendered":"<h3 style=\"text-align: center;\">Usnesen\u00ed rady M\u010c Praha&nbsp;7<\/h3>\r\n<p style=\"text-align: center;\"><strong>N\u00e1vrh k&nbsp;rozpo\u010dtu M\u010c Praha&nbsp;7 na rok 2015 &#8211; hlavn\u00ed \u010dinnost<\/strong><br \/>\r\n<strong>\u010d. 0188\/15<\/strong><\/p>\r\n<p style=\"text-align: center;\"><strong>Ze dne 06.03.2015<\/strong><\/p>\r\n<hr \/>\r\n<p>Rada M\u010c P7 po projedn\u00e1n\u00ed<\/p>\r\n<ol>\r\n\t<li>Bere na v\u011bdom\u00ed\r\n\r\n<ol>\r\n\t<li>N\u00e1vrh k&nbsp;rozpo\u010dtu M\u010c Praha&nbsp;7 na rok 2015 &#8211; hlavn\u00ed \u010dinnost<\/li>\r\n<\/ol>\r\n<\/li>\r\n\t<li>\u00a0Souhlas\u00ed\r\n\r\n<ol>\r\n\t<li>s n\u00e1vrhem rozpo\u010dtu M\u010c Praha&nbsp;7 na rok 2015, s&nbsp;objemem p\u0159\u00edjm\u016f 231&nbsp;059 tis. K\u010d, s&nbsp;objemem v\u00fddaj\u016f 328&nbsp;518,4 tis.K\u010d, s&nbsp;pl\u00e1novan\u00fdm rozd\u00edlem ve v\u00fd\u0161i 97&nbsp;459,4 tis. K\u010d, kter\u00fd je kryt t\u0159. 8 &#8211; Financov\u00e1n\u00ed &#8211; \u00faspory z&nbsp;hospoda\u0159en\u00ed <br \/>\r\nminul\u00fdch let dle p\u0159\u00edlohy \u010d. 3<br \/>\r\n<br \/>\r\n<\/li>\r\n\t<li>s n\u00e1vrhem rozpo\u010dtov\u00e9ho v\u00fdhledu M\u010c Praha&nbsp;7 do roku 2020 viz pr\u00edloha 10<br \/>\r\n<br \/>\r\n<\/li>\r\n<\/ol>\r\n<\/li>\r\n\t<li>\u00a0Ukl\u00e1d\u00e1\r\n\r\n<ol>\r\n\t<li>Ur\u010den:\u00a0VED OFI Pelka Petr Ing.<br \/>\r\n1.1 \u00dakol:\u00a0p\u0159ipravit informaci k&nbsp;n\u00e1vrhu rozpo\u010dtu M\u010c Praha&nbsp;7 na rok 2015 &#8211; hlavn\u00ed \u010dinnost ke zve\u0159ejn\u011bn\u00ed na \u00fa\u0159edn\u00ed desce (z\u00e1kon \u010d. 250\/2000 Sb., o&nbsp;rozpo\u010dtov\u00fdch pravidlech \u00fazemn\u00edch rozpo\u010dt\u016f);<br \/>\r\n1.2 Term\u00edn:\u00a006.03.2015<br \/>\r\n\u00a0<\/li>\r\n\t<li>Ur\u010den:\u00a0ZAS STA Vyhn\u00e1nek Pavel M.A.<br \/>\r\n2.1 \u00dakol:\u00a0p\u0159edlo\u017eit n\u00e1vrh rozpo\u010dtu M\u010c Praha&nbsp;7 na rok 2015 &#8211; hlavn\u00ed \u010dinnost k&nbsp;projedn\u00e1n\u00ed na b\u0159eznov\u00e9 zased\u00e1n\u00ed Zastupitelstva M\u010c Praha&nbsp;7<br \/>\r\n2.2 Term\u00edn:\u00a011.03.2015<\/li>\r\n<\/ol>\r\n<\/li>\r\n<\/ol>\r\n<p>starosta M\u011bstsk\u00e9 \u010d\u00e1sti Praha&nbsp;7: Mgr. Jan \u010ci\u017einsk\u00fd<br \/>\r\nz\u00e1stupce starosty M\u011bstsk\u00e9 \u010d\u00e1sti Praha&nbsp;7: Mgr. Ond\u0159ej Mirovsk\u00fd M.EM<\/p>\r\n<hr \/>\r\n<p>P\u0159\u00edlohy:<\/p>\r\n<ul>\r\n\t<li><a href=\"https:\/\/praha7.cz\/wp-content\/uploads\/2017\/12\/12-15-p1_-_d\u016fvodov\u00e1_zpr\u00e1va_-_sr_2015.doc\">1. D\u016fvodov\u00e1 zpr\u00e1va<\/a><\/li>\r\n\t<li><a href=\"https:\/\/praha7.cz\/wp-content\/uploads\/2017\/12\/12-15-p20001.pdf\">2. Rozpis dota\u010dn\u00edch vztah\u016f Hl. m\u011bsta Prahy k&nbsp;M\u010c a&nbsp;rozpis dotac\u00ed ze st\u00e1tn\u00edho rozpo\u010dtu M\u010c (z&nbsp;usnesen\u00ed Z&nbsp;HMP \u010d. 4\/3 z&nbsp;19,2.2015)<\/a><\/li>\r\n\t<li><a href=\"https:\/\/praha7.cz\/wp-content\/uploads\/2017\/12\/12-15-p3.xlsx\">3. Bilance p\u0159\u00edjm\u016f a&nbsp;v\u00fddaj\u016f na rok 2015<\/a><\/li>\r\n\t<li><a href=\"https:\/\/praha7.cz\/wp-content\/uploads\/2017\/12\/12-15-p4.xlsx\">4. Celkov\u00e9 v\u00fddaje dle ORJ na rok 2015<\/a><\/li>\r\n\t<li><a href=\"https:\/\/praha7.cz\/wp-content\/uploads\/2017\/12\/12-15-p5.xlsx\">5. Podrobn\u00e9 \u010dlen\u011bn\u00ed vlastn\u00edch p\u0159\u00edjm\u016f<\/a><\/li>\r\n\t<li><a href=\"https:\/\/praha7.cz\/wp-content\/uploads\/2017\/12\/12-15-p6.xlsx\">6. Neinvesti\u010dn\u00ed p\u0159\u00edsp\u011bvky pr\u00e1vn\u00edm subjekt\u016fm (p\u0159\u00edsp\u011bvkov\u00fdm organizac\u00edm) na rok 2015 &#8211; z\u00e1vazn\u00e9 ukazatele<\/a><\/li>\r\n\t<li><a href=\"https:\/\/praha7.cz\/wp-content\/uploads\/2017\/12\/12-15-p7.xlsx\">7. P\u0159evody prost\u0159edk\u016f ze zda\u0148ovan\u00e9 \u010dinnosti do rozpo\u010dtu do SR roku 2015 &#8211; zapojen\u00ed v\u00fdnos\u016f z&nbsp;vedlej\u0161\u00ed \u010dinnosti, \u00fa\u010dtu doprivatizace a&nbsp;Fondu bydlen\u00ed<\/a><\/li>\r\n\t<li><a href=\"https:\/\/praha7.cz\/wp-content\/uploads\/2017\/12\/12-15-p8_-__fondy_m\u010d_p7__2015.doc\">8. Fondy M\u010c Praha&nbsp;7 na rok 2015<\/a><\/li>\r\n\t<li><a href=\"https:\/\/praha7.cz\/wp-content\/uploads\/2017\/12\/12-15-p9.xlsx\">9. V\u00fd\u0161e prost\u0159edk\u016f vynakl\u00e1dan\u00fdch na platy a&nbsp;odm\u011bny v&nbsp;\u00da\u0159adu M\u010c Praha&nbsp;7, v&nbsp;PO Pe\u010dovatelsk\u00e9 centrum Praha&nbsp;7 a&nbsp;v&nbsp;PO Sdru\u017een\u00e9 ambulantn\u00ed za\u0159\u00edzen\u00ed Praha&nbsp;7 v&nbsp;roce 2015<\/a><\/li>\r\n\t<li><a href=\"https:\/\/praha7.cz\/wp-content\/uploads\/2017\/12\/12-15-p10.xlsx\">10. Rozpo\u010dtov\u00fd v\u00fdhled M\u010c Praha&nbsp;7 do roku 2020<\/a><\/li>\r\n\t<li><a href=\"https:\/\/praha7.cz\/wp-content\/uploads\/2017\/12\/12-15-zmc6.doc\">11. N\u00e1vrh usnesen\u00ed Z&nbsp;M\u010c na zased\u00e1n\u00ed 23.3.2015<\/a><\/li>\r\n<\/ul>","protected":false},"excerpt":{"rendered":"Usnesen\u00ed rady M\u010c Praha&nbsp;7 N\u00e1vrh k&nbsp;rozpo\u010dtu M\u010c Praha&nbsp;7 na rok 2015 &#8211; hlavn\u00ed \u010dinnost \u010d. 0188\/15 Ze dne 06.03.2015 Rada M\u010c P7 po projedn\u00e1n\u00ed Bere na v\u011bdom\u00ed N\u00e1vrh k&nbsp;rozpo\u010dtu M\u010c Praha&nbsp;7 na rok 2015 &#8211; hlavn\u00ed \u010dinnost \u00a0Souhlas\u00ed s&nbsp;n\u00e1vrhem rozpo\u010dtu M\u010c Praha&nbsp;7 na rok 2015, s&nbsp;objemem p\u0159\u00edjm\u016f 231&nbsp;059 tis. K\u010d, s&nbsp;objemem v\u00fddaj\u016f 328&nbsp;518,4 tis.K\u010d, [&hellip;]","protected":false},"author":17,"featured_media":0,"parent":8427,"menu_order":0,"comment_status":"closed","ping_status":"closed","template":"","meta":[],"_links":{"self":[{"href":"https:\/\/www.praha7.cz\/api\/wp\/v2\/pages\/10592"}],"collection":[{"href":"https:\/\/www.praha7.cz\/api\/wp\/v2\/pages"}],"about":[{"href":"https:\/\/www.praha7.cz\/api\/wp\/v2\/types\/page"}],"author":[{"embeddable":true,"href":"https:\/\/www.praha7.cz\/api\/wp\/v2\/users\/17"}],"replies":[{"embeddable":true,"href":"https:\/\/www.praha7.cz\/api\/wp\/v2\/comments?post=10592"}],"version-history":[{"count":3,"href":"https:\/\/www.praha7.cz\/api\/wp\/v2\/pages\/10592\/revisions"}],"predecessor-version":[{"id":10625,"href":"https:\/\/www.praha7.cz\/api\/wp\/v2\/pages\/10592\/revisions\/10625"}],"up":[{"embeddable":true,"href":"https:\/\/www.praha7.cz\/api\/wp\/v2\/pages\/8427"}],"wp:attachment":[{"href":"https:\/\/www.praha7.cz\/api\/wp\/v2\/media?parent=10592"}],"curies":[{"name":"wp","href":"https:\/\/api.w.org\/{rel}","templated":true}]}}