    
{"id":10579,"date":"2017-12-05T22:02:05","date_gmt":"2017-12-05T21:02:05","guid":{"rendered":"https:\/\/praha7.cz\/?page_id=10579"},"modified":"2017-12-05T22:09:17","modified_gmt":"2017-12-05T21:09:17","slug":"rozpocet-2016","status":"publish","type":"page","link":"https:\/\/www.praha7.cz\/temata\/otevrena-radnice\/rozpocet\/rozpocet-2016\/","title":{"rendered":"Rozpo\u010det 2016"},"content":{"rendered":"<h3 style=\"text-align: center;\">Usnesen\u00ed rady M\u010c Praha&nbsp;7<\/h3>\r\n<p style=\"text-align: center;\"><strong>N\u00e1vrh rozpo\u010dtu hlavn\u00ed \u010dinnosti M\u010c Praha&nbsp;7 na rok 2016 a&nbsp;rozpo\u010dtov\u00e9ho v\u00fdhledu do roku 2021<\/strong><br \/>\r\n <strong>\u010d. 0003\/16<\/strong><\/p>\r\n<p style=\"text-align: center;\"><strong>Ze dne 04.01.2016<\/strong><\/p>\r\n<hr \/>\r\n<p>Rada m\u011bstsk\u00e9 \u010d\u00e1sti Praha&nbsp;7<\/p>\r\n<p>&nbsp;<\/p>\r\n<ol>\r\n\t<li>Bere na v\u011bdom\u00ed\u00a0\r\n\r\n<ol>\r\n\t<li>N\u00e1vrh rozpo\u010dtu hlavn\u00ed \u010dinnosti M\u010c Praha&nbsp;7 pro rok 2016.<br \/>\r\n \u00a0<\/li>\r\n\t<li>N\u00e1vrh rozpo\u010dtov\u00e9ho v\u00fdhledu M\u010c Praha&nbsp;7 pro obdob\u00ed 2016 &#8211; 2021 dle p\u0159\u00edlohy \u010d. 3 usnesen\u00ed.<br \/>\r\n <\/li>\r\n<\/ol>\r\n<\/li>\r\n\t<li>\u00a0Konstatuje\u00a0\u00a0\r\n\r\n<ol>\r\n\t<li>\u017ee rozpo\u010det hlavn\u00ed \u010dinnosti M\u010c Praha&nbsp;7 pro rok 2016 je navrhov\u00e1n s&nbsp;objemem p\u0159\u00edjm\u016f ve v\u00fd\u0161i 225&nbsp;612 tis.K\u010d a&nbsp;s&nbsp;objemem v\u00fddaj\u016f ve v\u00fd\u0161i 440&nbsp;365,9 tis.K\u010d. Rozd\u00edl mezi p\u0159\u00edjmy a&nbsp;v\u00fddaji p\u0159edstavuje objem finan\u010dn\u00edch prost\u0159edk\u016f ve v\u00fd\u0161i 214&nbsp;753,9 tis.K\u010d. Tento rozd\u00edl je kryt polo\u017ekou t\u0159. 8 &#8211; Financov\u00e1n\u00ed (\u00faspory z&nbsp;hospoda\u0159en\u00ed minul\u00fdch let). Z\u00e1vazn\u00e9 ukazatele rozpo\u010dtu jsou vyj\u00e1d\u0159eny v&nbsp;p\u0159\u00edloze \u010d. 2 usnesen\u00ed (tabulky n\u00e1vrhu rozpo\u010dtu &#8211; ukazatele rozpo\u010dtu).<br \/>\r\n <br \/>\r\n <\/li>\r\n<\/ol>\r\n<\/li>\r\n\t<li>\u00a0Souhlas\u00ed\u00a0\u00a0\r\n\r\n<ol>\r\n\t<li>s n\u00e1vrhem rozpo\u010dtu hlavn\u00ed \u010dinnosti M\u010c Praha&nbsp;7 pro rok 2016 a&nbsp;to dle p\u0159\u00edlohy \u010d. 2 usnesen\u00ed, kter\u00fd je navrhov\u00e1n s&nbsp;objemem p\u0159\u00edjm\u016f ve v\u00fd\u0161i 225&nbsp;612 tis.K\u010d a&nbsp;s&nbsp;objemem v\u00fddaj\u016f ve v\u00fd\u0161i 440&nbsp;365,9 tis.K\u010d. Rozd\u00edl mezi p\u0159\u00edjmy a&nbsp;v\u00fddaji p\u0159edstavuje objem finan\u010dn\u00edch prost\u0159edk\u016f ve v\u00fd\u0161i 214&nbsp;753,9 tis.K\u010d. Tento rozd\u00edl je kryt polo\u017ekou t\u0159. 8 &#8211; Financov\u00e1n\u00ed (\u00faspory z&nbsp;hospoda\u0159en\u00ed minul\u00fdch let). Zapojen\u00edm Financov\u00e1n\u00ed bude dosa\u017eeno vyrovnan\u00e9ho rozpo\u010dtu. <br \/>\r\n <\/li>\r\n\t<li>s n\u00e1vrhem rozpo\u010dtov\u00e9ho v\u00fdhledu M\u010c Praha&nbsp;7 pro obdob\u00ed 2016 &#8211; 2021\u00a0<br \/>\r\n <\/li>\r\n\t<li>n\u00e1vrhem usnesen\u00ed Z&nbsp;M\u010c Praha&nbsp;7 ke schv\u00e1len\u00ed rozpo\u010dtu hlavn\u00ed \u010dinnosti M\u010c Praha&nbsp;7 pro ro 2016 a&nbsp;rozpo\u010dtov\u00e9ho v\u00fdhledu pro obdob\u00ed 2016 &#8211; 2021.<\/li>\r\n<\/ol>\r\n<\/li>\r\n\t<li>\u00a0Ukl\u00e1d\u00e1\u00a0<br \/>\r\n<ol>\r\n\t<li>Ur\u010den:\u00a0ZAS STA Pavel Vyhn\u00e1nek, M.A<br \/>\r\n 1.1 \u00dakol:\u00a0Prost\u0159ednictv\u00edm OFI realizovat zve\u0159ejn\u011bn\u00ed n\u00e1vrhu rozpo\u010dtu pro rok 2016 na \u00fa\u0159edn\u00ed desce \u00daM\u010c Praha&nbsp;7.\u00a0<br \/>\r\n 1.2 Term\u00edn:\u00a04.1.2016\u00a0<br \/>\r\n <\/li>\r\n\t<li>Ur\u010den:\u00a0ZAS STA Pavel Vyhn\u00e1nek, M.A<br \/>\r\n 2.1 \u00dakol:\u00a0P\u0159edlo\u017eit k&nbsp;projedn\u00e1n\u00ed na Z&nbsp;M\u010c Praha&nbsp;7 n\u00e1vrh rozpo\u010dtu hlavn\u00ed \u010dinnosti M\u010c praha&nbsp;7 pro rok 2016 a&nbsp;rozpo\u010dtov\u00e9ho v\u00fdhledu pro obdob\u00ed 2016 &#8211; 2021. <br \/>\r\n 2.2. Term\u00edn:\u00a018.1.2016<\/li>\r\n<\/ol>\r\n<\/li>\r\n<\/ol>\r\n<p>&nbsp;<\/p>\r\n<hr \/>\r\n<p>P\u0159\u00edlohy:<\/p>\r\n<ul>\r\n\t<li><a href=\"https:\/\/praha7.cz\/wp-content\/uploads\/2017\/12\/003_16_pril1.pdf\">\u010d.1 &#8211; D\u016fvodov\u00e1 zpr\u00e1va\u00a0\u00a0<\/a><br \/>\r\n <a href=\"https:\/\/praha7.cz\/wp-content\/uploads\/2017\/12\/003_16_pril2.xlsx\"><\/a><\/li>\r\n\t<li><a href=\"https:\/\/praha7.cz\/wp-content\/uploads\/2017\/12\/003_16_pril2.xlsx\">\u010d.2 &#8211; ukazatele rozpo\u010dtu\u00a0<\/a><br \/>\r\n <a href=\"https:\/\/praha7.cz\/wp-content\/uploads\/2017\/12\/003_16_pril3.xlsx\"><\/a><\/li>\r\n\t<li><a href=\"https:\/\/praha7.cz\/wp-content\/uploads\/2017\/12\/003_16_pril3.xlsx\">\u010d.3 &#8211; Rozpo\u010dtov\u00fd v\u00fdhled\u00a0<\/a><br \/>\r\n <a href=\"https:\/\/praha7.cz\/wp-content\/uploads\/2017\/12\/003_16_pril4.xlsx\"><\/a><\/li>\r\n\t<li><a href=\"https:\/\/praha7.cz\/wp-content\/uploads\/2017\/12\/003_16_pril4.xlsx\">\u010d.4 &#8211; B\u011b\u017en\u00e9 v\u00fddaje\u00a0<\/a><br \/>\r\n <a href=\"https:\/\/praha7.cz\/wp-content\/uploads\/2017\/12\/003_16_pril5.xlsx\"><\/a><\/li>\r\n\t<li><a href=\"https:\/\/praha7.cz\/wp-content\/uploads\/2017\/12\/003_16_pril5.xlsx\">\u010d.5 &#8211; Investice &#8211; nov\u00e9 po\u017eadavky\u00a0<\/a><br \/>\r\n <a href=\"https:\/\/praha7.cz\/wp-content\/uploads\/2017\/12\/003_16_pril6.xlsx\"><\/a><\/li>\r\n\t<li><a href=\"https:\/\/praha7.cz\/wp-content\/uploads\/2017\/12\/003_16_pril6.xlsx\">\u010d.6 &#8211; Investice &#8211; p\u0159evody\u00a0<\/a><br \/>\r\n <a href=\"https:\/\/praha7.cz\/wp-content\/uploads\/2017\/12\/003_16_pril7.xlsx\"><\/a><\/li>\r\n\t<li><a href=\"https:\/\/praha7.cz\/wp-content\/uploads\/2017\/12\/003_16_pril7.xlsx\">\u010d.7 &#8211; Bilance\u00a0<\/a><br \/>\r\n <a href=\"https:\/\/praha7.cz\/wp-content\/uploads\/2017\/12\/003_16_pril8.xlsx\"><\/a><\/li>\r\n\t<li><a href=\"https:\/\/praha7.cz\/wp-content\/uploads\/2017\/12\/003_16_pril8.xlsx\">\u010d.8 &#8211; P\u0159evody z&nbsp;VH\u010c\u00a0<\/a><br \/>\r\n <a href=\"https:\/\/praha7.cz\/wp-content\/uploads\/2017\/12\/003_16_pril9.pdf\"><\/a><\/li>\r\n\t<li><a href=\"https:\/\/praha7.cz\/wp-content\/uploads\/2017\/12\/003_16_pril9.pdf\">\u010d. 9 &#8211; Usnesen\u00ed Z&nbsp;HMP \u010d. 12\/1 ze dne 17.12.2015<\/a><\/li>\r\n<\/ul>\r\n<p>&nbsp;<\/p>","protected":false},"excerpt":{"rendered":"Usnesen\u00ed rady M\u010c Praha&nbsp;7 N\u00e1vrh rozpo\u010dtu hlavn\u00ed \u010dinnosti M\u010c Praha&nbsp;7 na rok 2016 a&nbsp;rozpo\u010dtov\u00e9ho v\u00fdhledu do roku 2021 \u010d. 0003\/16 Ze dne 04.01.2016 Rada m\u011bstsk\u00e9 \u010d\u00e1sti Praha&nbsp;7 &nbsp; Bere na v\u011bdom\u00ed\u00a0 N\u00e1vrh rozpo\u010dtu hlavn\u00ed \u010dinnosti M\u010c Praha&nbsp;7 pro rok 2016. \u00a0 N\u00e1vrh rozpo\u010dtov\u00e9ho v\u00fdhledu M\u010c Praha&nbsp;7 pro obdob\u00ed 2016 &#8211; 2021 dle p\u0159\u00edlohy \u010d. 3 [&hellip;]","protected":false},"author":17,"featured_media":0,"parent":8427,"menu_order":0,"comment_status":"closed","ping_status":"closed","template":"","meta":[],"_links":{"self":[{"href":"https:\/\/www.praha7.cz\/api\/wp\/v2\/pages\/10579"}],"collection":[{"href":"https:\/\/www.praha7.cz\/api\/wp\/v2\/pages"}],"about":[{"href":"https:\/\/www.praha7.cz\/api\/wp\/v2\/types\/page"}],"author":[{"embeddable":true,"href":"https:\/\/www.praha7.cz\/api\/wp\/v2\/users\/17"}],"replies":[{"embeddable":true,"href":"https:\/\/www.praha7.cz\/api\/wp\/v2\/comments?post=10579"}],"version-history":[{"count":2,"href":"https:\/\/www.praha7.cz\/api\/wp\/v2\/pages\/10579\/revisions"}],"predecessor-version":[{"id":10594,"href":"https:\/\/www.praha7.cz\/api\/wp\/v2\/pages\/10579\/revisions\/10594"}],"up":[{"embeddable":true,"href":"https:\/\/www.praha7.cz\/api\/wp\/v2\/pages\/8427"}],"wp:attachment":[{"href":"https:\/\/www.praha7.cz\/api\/wp\/v2\/media?parent=10579"}],"curies":[{"name":"wp","href":"https:\/\/api.w.org\/{rel}","templated":true}]}}